{"id":132,"date":"2022-10-04T14:32:10","date_gmt":"2022-10-04T17:32:10","guid":{"rendered":"https:\/\/www.ufsm.br\/laboratorios\/labfala\/?page_id=132"},"modified":"2023-04-28T15:25:24","modified_gmt":"2023-04-28T18:25:24","slug":"palestras-labfala","status":"publish","type":"page","link":"https:\/\/www.ufsm.br\/laboratorios\/labfala\/palestras-labfala","title":{"rendered":"Palestras LabFala"},"content":{"rendered":"\t\t<div data-elementor-type=\"wp-page\" data-elementor-id=\"132\" class=\"elementor elementor-132\">\n\t\t\t\t\t\t<section class=\"elementor-section elementor-top-section elementor-element elementor-element-785328b elementor-section-boxed elementor-section-height-default elementor-section-height-default\" data-id=\"785328b\" data-element_type=\"section\">\n\t\t\t\t\t\t<div class=\"elementor-container elementor-column-gap-default\">\n\t\t\t\t\t<div class=\"elementor-column elementor-col-100 elementor-top-column elementor-element elementor-element-39e5a04\" data-id=\"39e5a04\" data-element_type=\"column\">\n\t\t\t<div class=\"elementor-widget-wrap elementor-element-populated\">\n\t\t\t\t\t\t<div class=\"elementor-element elementor-element-4f60066 elementor-widget elementor-widget-heading\" data-id=\"4f60066\" data-element_type=\"widget\" data-widget_type=\"heading.default\">\n\t\t\t\t<div class=\"elementor-widget-container\">\n\t\t\t<h2 class=\"elementor-heading-title elementor-size-default\">Palestra LabFala - \"Atraso motor de fala''<\/h2>\t\t<\/div>\n\t\t\t\t<\/div>\n\t\t\t\t\t<\/div>\n\t\t<\/div>\n\t\t\t\t\t<\/div>\n\t\t<\/section>\n\t\t\t\t<section class=\"elementor-section elementor-top-section elementor-element elementor-element-0f093bb elementor-section-boxed elementor-section-height-default elementor-section-height-default\" data-id=\"0f093bb\" data-element_type=\"section\">\n\t\t\t\t\t\t<div class=\"elementor-container elementor-column-gap-default\">\n\t\t\t\t\t<div class=\"elementor-column elementor-col-50 elementor-top-column elementor-element elementor-element-94d099a\" data-id=\"94d099a\" data-element_type=\"column\">\n\t\t\t<div class=\"elementor-widget-wrap elementor-element-populated\">\n\t\t\t\t\t\t<div class=\"elementor-element elementor-element-009f202 elementor-widget elementor-widget-image\" data-id=\"009f202\" data-element_type=\"widget\" data-widget_type=\"image.default\">\n\t\t\t\t<div class=\"elementor-widget-container\">\n\t\t\t\t\t\t\t\t\t\t\t\t\t<img fetchpriority=\"high\" decoding=\"async\" width=\"300\" height=\"300\" src=\"https:\/\/www.ufsm.br\/app\/uploads\/sites\/847\/2023\/04\/WhatsApp-Image-2023-04-28-at-14.22.39-1-300x300.jpeg\" class=\"attachment-medium size-medium wp-image-158\" alt=\"\" srcset=\"https:\/\/www.ufsm.br\/app\/uploads\/sites\/847\/2023\/04\/WhatsApp-Image-2023-04-28-at-14.22.39-1-300x300.jpeg 300w, https:\/\/www.ufsm.br\/app\/uploads\/sites\/847\/2023\/04\/WhatsApp-Image-2023-04-28-at-14.22.39-1-150x150.jpeg 150w, https:\/\/www.ufsm.br\/app\/uploads\/sites\/847\/2023\/04\/WhatsApp-Image-2023-04-28-at-14.22.39-1-768x768.jpeg 768w, https:\/\/www.ufsm.br\/app\/uploads\/sites\/847\/2023\/04\/WhatsApp-Image-2023-04-28-at-14.22.39-1.jpeg 1024w\" sizes=\"(max-width: 300px) 100vw, 300px\" \/>\t\t\t\t\t\t\t\t\t\t\t\t\t<\/div>\n\t\t\t\t<\/div>\n\t\t\t\t<section class=\"elementor-section elementor-inner-section elementor-element elementor-element-dafc1f5 elementor-section-boxed elementor-section-height-default elementor-section-height-default\" data-id=\"dafc1f5\" data-element_type=\"section\">\n\t\t\t\t\t\t<div class=\"elementor-container elementor-column-gap-default\">\n\t\t\t\t\t<div class=\"elementor-column elementor-col-100 elementor-inner-column elementor-element elementor-element-b4670a4\" data-id=\"b4670a4\" data-element_type=\"column\">\n\t\t\t<div class=\"elementor-widget-wrap elementor-element-populated\">\n\t\t\t\t\t\t<div class=\"elementor-element elementor-element-a54edb8 elementor-widget elementor-widget-text-editor\" data-id=\"a54edb8\" data-element_type=\"widget\" data-widget_type=\"text-editor.default\">\n\t\t\t\t<div class=\"elementor-widget-container\">\n\t\t\t\t\t\t\t<p>Palestrante <strong>Ana Carolina Bucci<\/strong>. Formada pela Universidade de S\u00e3o Paulo, mestranda na Universidade Federal de Santa Catarina e especialista em Motricidade Orofacial. Atende por meio da cl\u00ednica Reabilit\u00e1 na cidade de Florian\u00f3polis &#8211; SC.<\/p><p><strong>Data de realiza\u00e7\u00e3o:\u00a0<\/strong>26\/09\/2022<\/p>\t\t\t\t\t\t<\/div>\n\t\t\t\t<\/div>\n\t\t\t\t\t<\/div>\n\t\t<\/div>\n\t\t\t\t\t<\/div>\n\t\t<\/section>\n\t\t\t\t\t<\/div>\n\t\t<\/div>\n\t\t\t\t<div class=\"elementor-column elementor-col-50 elementor-top-column elementor-element elementor-element-7f23469\" data-id=\"7f23469\" data-element_type=\"column\">\n\t\t\t<div class=\"elementor-widget-wrap elementor-element-populated\">\n\t\t\t\t\t\t<div class=\"elementor-element elementor-element-985c4f7 elementor-widget elementor-widget-video\" data-id=\"985c4f7\" data-element_type=\"widget\" data-settings=\"{&quot;youtube_url&quot;:&quot;https:\\\/\\\/www.youtube.com\\\/watch?v=BQw-s5OIDf0&quot;,&quot;video_type&quot;:&quot;youtube&quot;,&quot;controls&quot;:&quot;yes&quot;}\" data-widget_type=\"video.default\">\n\t\t\t\t<div class=\"elementor-widget-container\">\n\t\t\t\t\t<div class=\"elementor-wrapper elementor-open-inline\">\n\t\t\t<div class=\"elementor-video\"><\/div>\t\t<\/div>\n\t\t\t\t<\/div>\n\t\t\t\t<\/div>\n\t\t\t\t\t<\/div>\n\t\t<\/div>\n\t\t\t\t\t<\/div>\n\t\t<\/section>\n\t\t\t\t<section class=\"elementor-section elementor-top-section elementor-element elementor-element-a854d1c elementor-section-boxed elementor-section-height-default elementor-section-height-default\" data-id=\"a854d1c\" data-element_type=\"section\">\n\t\t\t\t\t\t<div class=\"elementor-container elementor-column-gap-default\">\n\t\t\t\t\t<div class=\"elementor-column elementor-col-100 elementor-top-column elementor-element elementor-element-71836bf\" data-id=\"71836bf\" data-element_type=\"column\">\n\t\t\t<div class=\"elementor-widget-wrap elementor-element-populated\">\n\t\t\t\t\t\t<div class=\"elementor-element elementor-element-0b7d3fa elementor-widget elementor-widget-heading\" data-id=\"0b7d3fa\" data-element_type=\"widget\" data-widget_type=\"heading.default\">\n\t\t\t\t<div class=\"elementor-widget-container\">\n\t\t\t<h2 class=\"elementor-heading-title elementor-size-default\">Palestra LabFala: \"Atendimento Remoto em Fala na inf\u00e2ncia''<\/h2>\t\t<\/div>\n\t\t\t\t<\/div>\n\t\t\t\t\t<\/div>\n\t\t<\/div>\n\t\t\t\t\t<\/div>\n\t\t<\/section>\n\t\t\t\t<section class=\"elementor-section elementor-top-section elementor-element elementor-element-f6ade74 elementor-section-boxed elementor-section-height-default elementor-section-height-default\" data-id=\"f6ade74\" data-element_type=\"section\">\n\t\t\t\t\t\t<div class=\"elementor-container elementor-column-gap-default\">\n\t\t\t\t\t<div class=\"elementor-column elementor-col-50 elementor-top-column elementor-element elementor-element-394360e\" data-id=\"394360e\" data-element_type=\"column\">\n\t\t\t<div class=\"elementor-widget-wrap elementor-element-populated\">\n\t\t\t\t\t\t<div class=\"elementor-element elementor-element-ee2f156 elementor-widget elementor-widget-image\" data-id=\"ee2f156\" data-element_type=\"widget\" data-widget_type=\"image.default\">\n\t\t\t\t<div class=\"elementor-widget-container\">\n\t\t\t\t\t\t\t\t\t\t\t\t\t<img decoding=\"async\" width=\"300\" height=\"300\" src=\"https:\/\/www.ufsm.br\/app\/uploads\/sites\/847\/2023\/04\/WhatsApp-Image-2023-04-28-at-14.22.39-300x300.jpeg\" class=\"attachment-medium size-medium wp-image-157\" alt=\"\" srcset=\"https:\/\/www.ufsm.br\/app\/uploads\/sites\/847\/2023\/04\/WhatsApp-Image-2023-04-28-at-14.22.39-300x300.jpeg 300w, https:\/\/www.ufsm.br\/app\/uploads\/sites\/847\/2023\/04\/WhatsApp-Image-2023-04-28-at-14.22.39-150x150.jpeg 150w, https:\/\/www.ufsm.br\/app\/uploads\/sites\/847\/2023\/04\/WhatsApp-Image-2023-04-28-at-14.22.39-768x768.jpeg 768w, https:\/\/www.ufsm.br\/app\/uploads\/sites\/847\/2023\/04\/WhatsApp-Image-2023-04-28-at-14.22.39.jpeg 1024w\" sizes=\"(max-width: 300px) 100vw, 300px\" \/>\t\t\t\t\t\t\t\t\t\t\t\t\t<\/div>\n\t\t\t\t<\/div>\n\t\t\t\t<section class=\"elementor-section elementor-inner-section elementor-element elementor-element-e5fb5e0 elementor-section-boxed elementor-section-height-default elementor-section-height-default\" data-id=\"e5fb5e0\" data-element_type=\"section\">\n\t\t\t\t\t\t<div class=\"elementor-container elementor-column-gap-default\">\n\t\t\t\t\t<div class=\"elementor-column elementor-col-100 elementor-inner-column elementor-element elementor-element-63a506e\" data-id=\"63a506e\" data-element_type=\"column\">\n\t\t\t<div class=\"elementor-widget-wrap elementor-element-populated\">\n\t\t\t\t\t\t<div class=\"elementor-element elementor-element-c3c17ac elementor-widget elementor-widget-text-editor\" data-id=\"c3c17ac\" data-element_type=\"widget\" data-widget_type=\"text-editor.default\">\n\t\t\t\t<div class=\"elementor-widget-container\">\n\t\t\t\t\t\t\t<p>Palestrante <strong>Isadora Strassburg.<\/strong> F<span style=\"background-color: var(--bs-body-bg);color: #000000;font-size: 1rem\">ormada em fonoaudiologia pela Universidade Federal de Santa Maria e especialista em linguagem infantil, atua de modo online e tamb\u00e9m presencial na cidade Novo Hamburgo &#8211; RS.<\/span><\/p><p><strong>Data de realiza\u00e7\u00e3o:\u00a0<\/strong>08\/08\/2022\u00a0<\/p>\t\t\t\t\t\t<\/div>\n\t\t\t\t<\/div>\n\t\t\t\t\t<\/div>\n\t\t<\/div>\n\t\t\t\t\t<\/div>\n\t\t<\/section>\n\t\t\t\t\t<\/div>\n\t\t<\/div>\n\t\t\t\t<div class=\"elementor-column elementor-col-50 elementor-top-column elementor-element elementor-element-7fcc016\" data-id=\"7fcc016\" data-element_type=\"column\">\n\t\t\t<div class=\"elementor-widget-wrap elementor-element-populated\">\n\t\t\t\t\t\t<div class=\"elementor-element elementor-element-be99f33 elementor-widget elementor-widget-video\" data-id=\"be99f33\" data-element_type=\"widget\" data-settings=\"{&quot;youtube_url&quot;:&quot;https:\\\/\\\/www.youtube.com\\\/watch?v=NHAGqF1J7KY&quot;,&quot;video_type&quot;:&quot;youtube&quot;,&quot;controls&quot;:&quot;yes&quot;}\" data-widget_type=\"video.default\">\n\t\t\t\t<div class=\"elementor-widget-container\">\n\t\t\t\t\t<div class=\"elementor-wrapper elementor-open-inline\">\n\t\t\t<div class=\"elementor-video\"><\/div>\t\t<\/div>\n\t\t\t\t<\/div>\n\t\t\t\t<\/div>\n\t\t\t\t\t<\/div>\n\t\t<\/div>\n\t\t\t\t\t<\/div>\n\t\t<\/section>\n\t\t\t\t<section class=\"elementor-section elementor-top-section elementor-element elementor-element-4813beb elementor-section-boxed elementor-section-height-default elementor-section-height-default\" data-id=\"4813beb\" data-element_type=\"section\">\n\t\t\t\t\t\t<div class=\"elementor-container elementor-column-gap-default\">\n\t\t\t\t\t<div class=\"elementor-column elementor-col-100 elementor-top-column elementor-element elementor-element-99b2b03\" data-id=\"99b2b03\" data-element_type=\"column\">\n\t\t\t<div class=\"elementor-widget-wrap elementor-element-populated\">\n\t\t\t\t\t\t<div class=\"elementor-element elementor-element-512a54d elementor-widget elementor-widget-heading\" data-id=\"512a54d\" data-element_type=\"widget\" data-widget_type=\"heading.default\">\n\t\t\t\t<div class=\"elementor-widget-container\">\n\t\t\t<h2 class=\"elementor-heading-title elementor-size-default\">Palestra LabFala - \"Abordagem Multissensorial nos Transtornos Fonol\u00f3gicos\" <\/h2>\t\t<\/div>\n\t\t\t\t<\/div>\n\t\t\t\t\t<\/div>\n\t\t<\/div>\n\t\t\t\t\t<\/div>\n\t\t<\/section>\n\t\t\t\t<section class=\"elementor-section elementor-top-section elementor-element elementor-element-d0a014b elementor-section-boxed elementor-section-height-default elementor-section-height-default\" data-id=\"d0a014b\" data-element_type=\"section\">\n\t\t\t\t\t\t<div class=\"elementor-container elementor-column-gap-default\">\n\t\t\t\t\t<div class=\"elementor-column elementor-col-50 elementor-top-column elementor-element elementor-element-963e8b8\" data-id=\"963e8b8\" data-element_type=\"column\">\n\t\t\t<div class=\"elementor-widget-wrap elementor-element-populated\">\n\t\t\t\t\t\t<div class=\"elementor-element elementor-element-e18944e elementor-widget elementor-widget-image\" data-id=\"e18944e\" data-element_type=\"widget\" data-widget_type=\"image.default\">\n\t\t\t\t<div class=\"elementor-widget-container\">\n\t\t\t\t\t\t\t\t\t\t\t\t\t<img decoding=\"async\" width=\"300\" height=\"292\" src=\"https:\/\/www.ufsm.br\/app\/uploads\/sites\/847\/2023\/04\/WhatsApp-Image-2023-04-28-at-14.39.02-300x292.jpeg\" class=\"attachment-medium size-medium wp-image-156\" alt=\"\" srcset=\"https:\/\/www.ufsm.br\/app\/uploads\/sites\/847\/2023\/04\/WhatsApp-Image-2023-04-28-at-14.39.02-300x292.jpeg 300w, https:\/\/www.ufsm.br\/app\/uploads\/sites\/847\/2023\/04\/WhatsApp-Image-2023-04-28-at-14.39.02.jpeg 489w\" sizes=\"(max-width: 300px) 100vw, 300px\" \/>\t\t\t\t\t\t\t\t\t\t\t\t\t<\/div>\n\t\t\t\t<\/div>\n\t\t\t\t<section class=\"elementor-section elementor-inner-section elementor-element elementor-element-065714d elementor-section-boxed elementor-section-height-default elementor-section-height-default\" data-id=\"065714d\" data-element_type=\"section\">\n\t\t\t\t\t\t<div class=\"elementor-container elementor-column-gap-default\">\n\t\t\t\t\t<div class=\"elementor-column elementor-col-100 elementor-inner-column elementor-element elementor-element-16b7edf\" data-id=\"16b7edf\" data-element_type=\"column\">\n\t\t\t<div class=\"elementor-widget-wrap elementor-element-populated\">\n\t\t\t\t\t\t<div class=\"elementor-element elementor-element-e90dfcd elementor-widget elementor-widget-text-editor\" data-id=\"e90dfcd\" data-element_type=\"widget\" data-widget_type=\"text-editor.default\">\n\t\t\t\t<div class=\"elementor-widget-container\">\n\t\t\t\t\t\t\t<p>Palestrante <strong>Marieli Barichello<\/strong> <strong>Gubiani<\/strong>. Formada em fonoaudiologia pela Universidade Federal de Santa Maria e mestra na \u00e1rea de dist\u00farbios da comunica\u00e7\u00e3o humana. Atende na \u00e1rea da fonoaudiologia infantil na cidade de Santa Maria &#8211; RS.<\/p>\n<p><strong>Data de realiza\u00e7\u00e3o:<\/strong> 18\/07\/22<\/p>\t\t\t\t\t\t<\/div>\n\t\t\t\t<\/div>\n\t\t\t\t\t<\/div>\n\t\t<\/div>\n\t\t\t\t\t<\/div>\n\t\t<\/section>\n\t\t\t\t\t<\/div>\n\t\t<\/div>\n\t\t\t\t<div class=\"elementor-column elementor-col-50 elementor-top-column elementor-element elementor-element-ddee553\" data-id=\"ddee553\" data-element_type=\"column\">\n\t\t\t<div class=\"elementor-widget-wrap elementor-element-populated\">\n\t\t\t\t\t\t<div class=\"elementor-element elementor-element-9f64169 elementor-widget elementor-widget-video\" data-id=\"9f64169\" data-element_type=\"widget\" data-settings=\"{&quot;youtube_url&quot;:&quot;https:\\\/\\\/www.youtube.com\\\/watch?v=z2inBXOo5WI&quot;,&quot;video_type&quot;:&quot;youtube&quot;,&quot;controls&quot;:&quot;yes&quot;}\" data-widget_type=\"video.default\">\n\t\t\t\t<div class=\"elementor-widget-container\">\n\t\t\t\t\t<div class=\"elementor-wrapper elementor-open-inline\">\n\t\t\t<div class=\"elementor-video\"><\/div>\t\t<\/div>\n\t\t\t\t<\/div>\n\t\t\t\t<\/div>\n\t\t\t\t\t<\/div>\n\t\t<\/div>\n\t\t\t\t\t<\/div>\n\t\t<\/section>\n\t\t\t\t<section class=\"elementor-section elementor-top-section elementor-element elementor-element-123b9ba elementor-section-boxed elementor-section-height-default elementor-section-height-default\" data-id=\"123b9ba\" data-element_type=\"section\">\n\t\t\t\t\t\t<div class=\"elementor-container elementor-column-gap-default\">\n\t\t\t\t\t<div class=\"elementor-column elementor-col-100 elementor-top-column elementor-element elementor-element-ac3c638\" data-id=\"ac3c638\" data-element_type=\"column\">\n\t\t\t<div class=\"elementor-widget-wrap elementor-element-populated\">\n\t\t\t\t\t\t<div class=\"elementor-element elementor-element-5db3ea0 elementor-widget elementor-widget-spacer\" data-id=\"5db3ea0\" data-element_type=\"widget\" data-widget_type=\"spacer.default\">\n\t\t\t\t<div class=\"elementor-widget-container\">\n\t\t\t\t\t<div class=\"elementor-spacer\">\n\t\t\t<div class=\"elementor-spacer-inner\"><\/div>\n\t\t<\/div>\n\t\t\t\t<\/div>\n\t\t\t\t<\/div>\n\t\t\t\t<div class=\"elementor-element elementor-element-a5a1cef elementor-widget elementor-widget-spacer\" data-id=\"a5a1cef\" data-element_type=\"widget\" data-widget_type=\"spacer.default\">\n\t\t\t\t<div class=\"elementor-widget-container\">\n\t\t\t\t\t<div class=\"elementor-spacer\">\n\t\t\t<div class=\"elementor-spacer-inner\"><\/div>\n\t\t<\/div>\n\t\t\t\t<\/div>\n\t\t\t\t<\/div>\n\t\t\t\t<div class=\"elementor-element elementor-element-6bcf1e9 elementor-widget elementor-widget-heading\" data-id=\"6bcf1e9\" data-element_type=\"widget\" data-widget_type=\"heading.default\">\n\t\t\t\t<div class=\"elementor-widget-container\">\n\t\t\t<h2 class=\"elementor-heading-title elementor-size-default\">Palestra Labfala - \"Pr\u00e1tica baseada em evid\u00eancia nas interven\u00e7\u00f5es TSF\"<\/h2>\t\t<\/div>\n\t\t\t\t<\/div>\n\t\t\t\t\t<\/div>\n\t\t<\/div>\n\t\t\t\t\t<\/div>\n\t\t<\/section>\n\t\t\t\t<section class=\"elementor-section elementor-top-section elementor-element elementor-element-fb1731c elementor-section-boxed elementor-section-height-default elementor-section-height-default\" data-id=\"fb1731c\" data-element_type=\"section\">\n\t\t\t\t\t\t<div class=\"elementor-container elementor-column-gap-default\">\n\t\t\t\t\t<div class=\"elementor-column elementor-col-33 elementor-top-column elementor-element elementor-element-480076a\" data-id=\"480076a\" data-element_type=\"column\">\n\t\t\t<div class=\"elementor-widget-wrap elementor-element-populated\">\n\t\t\t\t\t\t<div class=\"elementor-element elementor-element-afc2cca elementor-widget elementor-widget-image\" data-id=\"afc2cca\" data-element_type=\"widget\" data-widget_type=\"image.default\">\n\t\t\t\t<div class=\"elementor-widget-container\">\n\t\t\t\t\t\t\t\t\t\t\t\t\t<img loading=\"lazy\" decoding=\"async\" width=\"847\" height=\"844\" src=\"https:\/\/www.ufsm.br\/app\/uploads\/sites\/847\/2023\/04\/Captura-de-tela-2023-04-28-152127.jpg\" class=\"attachment-large size-large wp-image-162\" alt=\"\" srcset=\"https:\/\/www.ufsm.br\/app\/uploads\/sites\/847\/2023\/04\/Captura-de-tela-2023-04-28-152127.jpg 847w, https:\/\/www.ufsm.br\/app\/uploads\/sites\/847\/2023\/04\/Captura-de-tela-2023-04-28-152127-300x300.jpg 300w, https:\/\/www.ufsm.br\/app\/uploads\/sites\/847\/2023\/04\/Captura-de-tela-2023-04-28-152127-150x150.jpg 150w, https:\/\/www.ufsm.br\/app\/uploads\/sites\/847\/2023\/04\/Captura-de-tela-2023-04-28-152127-768x765.jpg 768w\" sizes=\"(max-width: 847px) 100vw, 847px\" \/>\t\t\t\t\t\t\t\t\t\t\t\t\t<\/div>\n\t\t\t\t<\/div>\n\t\t\t\t<div class=\"elementor-element elementor-element-90dd975 elementor-widget elementor-widget-text-editor\" data-id=\"90dd975\" data-element_type=\"widget\" data-widget_type=\"text-editor.default\">\n\t\t\t\t<div class=\"elementor-widget-container\">\n\t\t\t\t\t\t\t<p>Palestrante <strong>Camilla Guarnieri,<\/strong> fonoaudi\u00f3loga formada pela Faculdade de Odontologia de Bauru da Universidade de S\u00e3o Paulo. Mestre e Doutora em Fonoaudiologia pela Faculdade de Odontologia de Bauru. Atende em consult\u00f3rio em S\u00e3o Paulo e por teleconsulta<\/p><p><b>Data de realiza\u00e7\u00e3o: <\/b>24\/10\/22<\/p>\t\t\t\t\t\t<\/div>\n\t\t\t\t<\/div>\n\t\t\t\t\t<\/div>\n\t\t<\/div>\n\t\t\t\t<div class=\"elementor-column elementor-col-66 elementor-top-column elementor-element elementor-element-f302ae2\" data-id=\"f302ae2\" data-element_type=\"column\">\n\t\t\t<div class=\"elementor-widget-wrap elementor-element-populated\">\n\t\t\t\t\t\t<div class=\"elementor-element elementor-element-ba7f26f elementor-widget elementor-widget-video\" data-id=\"ba7f26f\" data-element_type=\"widget\" data-settings=\"{&quot;youtube_url&quot;:&quot;https:\\\/\\\/www.youtube.com\\\/watch?v=9HQXnkvuM-k&quot;,&quot;video_type&quot;:&quot;youtube&quot;,&quot;controls&quot;:&quot;yes&quot;}\" data-widget_type=\"video.default\">\n\t\t\t\t<div class=\"elementor-widget-container\">\n\t\t\t\t\t<div class=\"elementor-wrapper elementor-open-inline\">\n\t\t\t<div class=\"elementor-video\"><\/div>\t\t<\/div>\n\t\t\t\t<\/div>\n\t\t\t\t<\/div>\n\t\t\t\t\t<\/div>\n\t\t<\/div>\n\t\t\t\t\t<\/div>\n\t\t<\/section>\n\t\t\t\t<section class=\"elementor-section elementor-top-section elementor-element elementor-element-5811d98 elementor-section-boxed elementor-section-height-default elementor-section-height-default\" data-id=\"5811d98\" data-element_type=\"section\">\n\t\t\t\t\t\t<div class=\"elementor-container elementor-column-gap-default\">\n\t\t\t\t\t<div class=\"elementor-column elementor-col-100 elementor-top-column elementor-element elementor-element-b9ed812\" data-id=\"b9ed812\" data-element_type=\"column\">\n\t\t\t<div class=\"elementor-widget-wrap elementor-element-populated\">\n\t\t\t\t\t\t<div class=\"elementor-element elementor-element-a42d908 elementor-widget elementor-widget-spacer\" data-id=\"a42d908\" data-element_type=\"widget\" data-widget_type=\"spacer.default\">\n\t\t\t\t<div class=\"elementor-widget-container\">\n\t\t\t\t\t<div class=\"elementor-spacer\">\n\t\t\t<div class=\"elementor-spacer-inner\"><\/div>\n\t\t<\/div>\n\t\t\t\t<\/div>\n\t\t\t\t<\/div>\n\t\t\t\t<div class=\"elementor-element elementor-element-0b68b7f elementor-widget elementor-widget-spacer\" data-id=\"0b68b7f\" data-element_type=\"widget\" data-widget_type=\"spacer.default\">\n\t\t\t\t<div class=\"elementor-widget-container\">\n\t\t\t\t\t<div class=\"elementor-spacer\">\n\t\t\t<div class=\"elementor-spacer-inner\"><\/div>\n\t\t<\/div>\n\t\t\t\t<\/div>\n\t\t\t\t<\/div>\n\t\t\t\t<div class=\"elementor-element elementor-element-b069090 elementor-widget elementor-widget-heading\" data-id=\"b069090\" data-element_type=\"widget\" data-widget_type=\"heading.default\">\n\t\t\t\t<div class=\"elementor-widget-container\">\n\t\t\t<h2 class=\"elementor-heading-title elementor-size-default\">\n\n\nPalestra LabFala - \" Classifica\u00e7\u00e3o dos atrasos motores de fala\"<\/h2>\t\t<\/div>\n\t\t\t\t<\/div>\n\t\t\t\t<section class=\"elementor-section elementor-inner-section elementor-element elementor-element-dd73584 elementor-section-boxed elementor-section-height-default elementor-section-height-default\" data-id=\"dd73584\" data-element_type=\"section\">\n\t\t\t\t\t\t<div class=\"elementor-container elementor-column-gap-default\">\n\t\t\t\t\t<div class=\"elementor-column elementor-col-50 elementor-inner-column elementor-element elementor-element-82d3ec3\" data-id=\"82d3ec3\" data-element_type=\"column\">\n\t\t\t<div class=\"elementor-widget-wrap elementor-element-populated\">\n\t\t\t\t\t\t<div class=\"elementor-element elementor-element-c214096 elementor-widget elementor-widget-image\" data-id=\"c214096\" data-element_type=\"widget\" data-widget_type=\"image.default\">\n\t\t\t\t<div class=\"elementor-widget-container\">\n\t\t\t\t\t\t\t\t\t\t\t\t\t<img loading=\"lazy\" decoding=\"async\" width=\"1024\" height=\"1024\" src=\"https:\/\/www.ufsm.br\/app\/uploads\/sites\/847\/2023\/04\/WhatsApp-Image-2023-04-28-at-14.22.40.jpeg\" class=\"attachment-large size-large wp-image-159\" alt=\"\" srcset=\"https:\/\/www.ufsm.br\/app\/uploads\/sites\/847\/2023\/04\/WhatsApp-Image-2023-04-28-at-14.22.40.jpeg 1024w, https:\/\/www.ufsm.br\/app\/uploads\/sites\/847\/2023\/04\/WhatsApp-Image-2023-04-28-at-14.22.40-300x300.jpeg 300w, https:\/\/www.ufsm.br\/app\/uploads\/sites\/847\/2023\/04\/WhatsApp-Image-2023-04-28-at-14.22.40-150x150.jpeg 150w, https:\/\/www.ufsm.br\/app\/uploads\/sites\/847\/2023\/04\/WhatsApp-Image-2023-04-28-at-14.22.40-768x768.jpeg 768w\" sizes=\"(max-width: 1024px) 100vw, 1024px\" \/>\t\t\t\t\t\t\t\t\t\t\t\t\t<\/div>\n\t\t\t\t<\/div>\n\t\t\t\t<div class=\"elementor-element elementor-element-83bf794 elementor-widget elementor-widget-text-editor\" data-id=\"83bf794\" data-element_type=\"widget\" data-widget_type=\"text-editor.default\">\n\t\t\t\t<div class=\"elementor-widget-container\">\n\t\t\t\t\t\t\t<p>Palestrante <strong>Marileda Gubiani, <\/strong>fonoaudi\u00f3loga Cl\u00ednica atuando na \u00e1rea de fala e linguagem, na Policl\u00ednica Bem Viver &#8211; Santa Maria\/ RS. Possui gradua\u00e7\u00e3o em Fonoaudiologia pela Universidade Federal de Santa Maria (2008), mestrado em Dist\u00farbios da Comunica\u00e7\u00e3o Humana pela Universidade Federal de Santa Maria (2011) e doutorado em Dist\u00farbios da Comunica\u00e7\u00e3o Humana pela Universidade Federal de Santa Maria (2016).<\/p><p><strong>Data de realiza\u00e7\u00e3o:<\/strong> 16\/01\/22<\/p>\t\t\t\t\t\t<\/div>\n\t\t\t\t<\/div>\n\t\t\t\t\t<\/div>\n\t\t<\/div>\n\t\t\t\t<div class=\"elementor-column elementor-col-50 elementor-inner-column elementor-element elementor-element-5dadadd\" data-id=\"5dadadd\" data-element_type=\"column\">\n\t\t\t<div class=\"elementor-widget-wrap elementor-element-populated\">\n\t\t\t\t\t\t<div class=\"elementor-element elementor-element-b865963 elementor-widget elementor-widget-video\" data-id=\"b865963\" data-element_type=\"widget\" data-settings=\"{&quot;youtube_url&quot;:&quot;https:\\\/\\\/www.youtube.com\\\/watch?v=MZkEix9W-xM&quot;,&quot;video_type&quot;:&quot;youtube&quot;,&quot;controls&quot;:&quot;yes&quot;}\" data-widget_type=\"video.default\">\n\t\t\t\t<div class=\"elementor-widget-container\">\n\t\t\t\t\t<div class=\"elementor-wrapper elementor-open-inline\">\n\t\t\t<div class=\"elementor-video\"><\/div>\t\t<\/div>\n\t\t\t\t<\/div>\n\t\t\t\t<\/div>\n\t\t\t\t\t<\/div>\n\t\t<\/div>\n\t\t\t\t\t<\/div>\n\t\t<\/section>\n\t\t\t\t<div class=\"elementor-element elementor-element-d9734e2 elementor-widget elementor-widget-spacer\" data-id=\"d9734e2\" data-element_type=\"widget\" data-widget_type=\"spacer.default\">\n\t\t\t\t<div class=\"elementor-widget-container\">\n\t\t\t\t\t<div class=\"elementor-spacer\">\n\t\t\t<div class=\"elementor-spacer-inner\"><\/div>\n\t\t<\/div>\n\t\t\t\t<\/div>\n\t\t\t\t<\/div>\n\t\t\t\t\t<\/div>\n\t\t<\/div>\n\t\t\t\t\t<\/div>\n\t\t<\/section>\n\t\t\t\t<section class=\"elementor-section elementor-top-section elementor-element elementor-element-09f58e1 elementor-section-boxed elementor-section-height-default elementor-section-height-default\" data-id=\"09f58e1\" data-element_type=\"section\">\n\t\t\t\t\t\t<div class=\"elementor-container elementor-column-gap-default\">\n\t\t\t\t\t<div class=\"elementor-column elementor-col-100 elementor-top-column elementor-element elementor-element-4a098d3\" data-id=\"4a098d3\" data-element_type=\"column\">\n\t\t\t<div class=\"elementor-widget-wrap elementor-element-populated\">\n\t\t\t\t\t\t<div class=\"elementor-element elementor-element-4d349c0 elementor-widget elementor-widget-heading\" data-id=\"4d349c0\" data-element_type=\"widget\" data-widget_type=\"heading.default\">\n\t\t\t\t<div class=\"elementor-widget-container\">\n\t\t\t<h2 class=\"elementor-heading-title elementor-size-default\">Palestra LabFala - \"Rapid Syllable Transition Treatment (REST)\"<\/h2>\t\t<\/div>\n\t\t\t\t<\/div>\n\t\t\t\t<section class=\"elementor-section elementor-inner-section elementor-element elementor-element-fdd7615 elementor-section-boxed elementor-section-height-default elementor-section-height-default\" data-id=\"fdd7615\" data-element_type=\"section\">\n\t\t\t\t\t\t<div class=\"elementor-container elementor-column-gap-default\">\n\t\t\t\t\t<div class=\"elementor-column elementor-col-50 elementor-inner-column elementor-element elementor-element-d063a86\" data-id=\"d063a86\" data-element_type=\"column\">\n\t\t\t<div class=\"elementor-widget-wrap elementor-element-populated\">\n\t\t\t\t\t\t<div class=\"elementor-element elementor-element-76b5051 elementor-widget elementor-widget-image\" data-id=\"76b5051\" data-element_type=\"widget\" data-widget_type=\"image.default\">\n\t\t\t\t<div class=\"elementor-widget-container\">\n\t\t\t\t\t\t\t\t\t\t\t\t\t<img loading=\"lazy\" decoding=\"async\" width=\"1024\" height=\"1024\" src=\"https:\/\/www.ufsm.br\/app\/uploads\/sites\/847\/2023\/04\/WhatsApp-Image-2023-04-28-at-14.22.39-2.jpeg\" class=\"attachment-large size-large wp-image-160\" alt=\"\" srcset=\"https:\/\/www.ufsm.br\/app\/uploads\/sites\/847\/2023\/04\/WhatsApp-Image-2023-04-28-at-14.22.39-2.jpeg 1024w, https:\/\/www.ufsm.br\/app\/uploads\/sites\/847\/2023\/04\/WhatsApp-Image-2023-04-28-at-14.22.39-2-300x300.jpeg 300w, https:\/\/www.ufsm.br\/app\/uploads\/sites\/847\/2023\/04\/WhatsApp-Image-2023-04-28-at-14.22.39-2-150x150.jpeg 150w, https:\/\/www.ufsm.br\/app\/uploads\/sites\/847\/2023\/04\/WhatsApp-Image-2023-04-28-at-14.22.39-2-768x768.jpeg 768w\" sizes=\"(max-width: 1024px) 100vw, 1024px\" \/>\t\t\t\t\t\t\t\t\t\t\t\t\t<\/div>\n\t\t\t\t<\/div>\n\t\t\t\t<div class=\"elementor-element elementor-element-6e768d0 elementor-widget elementor-widget-text-editor\" data-id=\"6e768d0\" data-element_type=\"widget\" data-widget_type=\"text-editor.default\">\n\t\t\t\t<div class=\"elementor-widget-container\">\n\t\t\t\t\t\t\t<p>Palestrante <strong>Aline Mara Vassoler, <\/strong>professora Adjunta I no departamento de Fonoaudiologia da Universidade Federal de Santa Catarina. Doutorado em Estudos Lingu\u00edsticos pela Universidade Estadual Paulista J\u00falio de Mesquita Filho (UNESP &#8211; C\u00e2mpus de S\u00e3o Jos\u00e9 do Rio Preto, 2016), Mestrado em Ling\u00fc\u00edstica pela Universidade de S\u00e3o Paulo (USP &#8211; S\u00e3o Paulo, 2011) e Gradua\u00e7\u00e3o em Fonoaudiologia pela Universidade Estadual de Campinas (UNICAMP, 2006).<\/p><p><strong>Data de realiza\u00e7\u00e3o:<\/strong> 30\/11\/2022<\/p>\t\t\t\t\t\t<\/div>\n\t\t\t\t<\/div>\n\t\t\t\t\t<\/div>\n\t\t<\/div>\n\t\t\t\t<div class=\"elementor-column elementor-col-50 elementor-inner-column elementor-element elementor-element-22fa794\" data-id=\"22fa794\" data-element_type=\"column\">\n\t\t\t<div class=\"elementor-widget-wrap elementor-element-populated\">\n\t\t\t\t\t\t<div class=\"elementor-element elementor-element-9e1ca95 elementor-widget elementor-widget-video\" data-id=\"9e1ca95\" data-element_type=\"widget\" data-settings=\"{&quot;youtube_url&quot;:&quot;https:\\\/\\\/www.youtube.com\\\/watch?v=bWhK4ajSlfE&amp;list=PLrDnBqECvfW9hBfResIgjABNJ7c5H2GhL&amp;index=6&quot;,&quot;video_type&quot;:&quot;youtube&quot;,&quot;controls&quot;:&quot;yes&quot;}\" data-widget_type=\"video.default\">\n\t\t\t\t<div class=\"elementor-widget-container\">\n\t\t\t\t\t<div class=\"elementor-wrapper elementor-open-inline\">\n\t\t\t<div class=\"elementor-video\"><\/div>\t\t<\/div>\n\t\t\t\t<\/div>\n\t\t\t\t<\/div>\n\t\t\t\t\t<\/div>\n\t\t<\/div>\n\t\t\t\t\t<\/div>\n\t\t<\/section>\n\t\t\t\t<div class=\"elementor-element elementor-element-fa61cb2 elementor-widget elementor-widget-spacer\" data-id=\"fa61cb2\" data-element_type=\"widget\" data-widget_type=\"spacer.default\">\n\t\t\t\t<div class=\"elementor-widget-container\">\n\t\t\t\t\t<div class=\"elementor-spacer\">\n\t\t\t<div class=\"elementor-spacer-inner\"><\/div>\n\t\t<\/div>\n\t\t\t\t<\/div>\n\t\t\t\t<\/div>\n\t\t\t\t<div class=\"elementor-element elementor-element-cd5d12d elementor-widget elementor-widget-heading\" data-id=\"cd5d12d\" data-element_type=\"widget\" data-widget_type=\"heading.default\">\n\t\t\t\t<div class=\"elementor-widget-container\">\n\t\t\t<h2 class=\"elementor-heading-title elementor-size-default\">Palestra LabFala - \"Atualiza\u00e7\u00f5es em terapia de gagueira infantil\"<\/h2>\t\t<\/div>\n\t\t\t\t<\/div>\n\t\t\t\t\t<\/div>\n\t\t<\/div>\n\t\t\t\t\t<\/div>\n\t\t<\/section>\n\t\t\t\t<section class=\"elementor-section elementor-top-section elementor-element elementor-element-d7fd04f elementor-section-boxed elementor-section-height-default elementor-section-height-default\" data-id=\"d7fd04f\" data-element_type=\"section\">\n\t\t\t\t\t\t<div class=\"elementor-container elementor-column-gap-default\">\n\t\t\t\t\t<div class=\"elementor-column elementor-col-33 elementor-top-column elementor-element elementor-element-5f49aa0\" data-id=\"5f49aa0\" data-element_type=\"column\">\n\t\t\t<div class=\"elementor-widget-wrap elementor-element-populated\">\n\t\t\t\t\t\t<div class=\"elementor-element elementor-element-aa0ca79 elementor-widget elementor-widget-image\" data-id=\"aa0ca79\" data-element_type=\"widget\" data-widget_type=\"image.default\">\n\t\t\t\t<div class=\"elementor-widget-container\">\n\t\t\t\t\t\t\t\t\t\t\t\t\t<img loading=\"lazy\" decoding=\"async\" width=\"1024\" height=\"1024\" src=\"https:\/\/www.ufsm.br\/app\/uploads\/sites\/847\/2023\/04\/WhatsApp-Image-2023-04-28-at-14.22.40-1.jpeg\" class=\"attachment-large size-large wp-image-161\" alt=\"\" srcset=\"https:\/\/www.ufsm.br\/app\/uploads\/sites\/847\/2023\/04\/WhatsApp-Image-2023-04-28-at-14.22.40-1.jpeg 1024w, https:\/\/www.ufsm.br\/app\/uploads\/sites\/847\/2023\/04\/WhatsApp-Image-2023-04-28-at-14.22.40-1-300x300.jpeg 300w, https:\/\/www.ufsm.br\/app\/uploads\/sites\/847\/2023\/04\/WhatsApp-Image-2023-04-28-at-14.22.40-1-150x150.jpeg 150w, https:\/\/www.ufsm.br\/app\/uploads\/sites\/847\/2023\/04\/WhatsApp-Image-2023-04-28-at-14.22.40-1-768x768.jpeg 768w\" sizes=\"(max-width: 1024px) 100vw, 1024px\" \/>\t\t\t\t\t\t\t\t\t\t\t\t\t<\/div>\n\t\t\t\t<\/div>\n\t\t\t\t<div class=\"elementor-element elementor-element-7e243a1 elementor-widget elementor-widget-text-editor\" data-id=\"7e243a1\" data-element_type=\"widget\" data-widget_type=\"text-editor.default\">\n\t\t\t\t<div class=\"elementor-widget-container\">\n\t\t\t\t\t\t\t<p>Palestrante <strong>Ma\u00edsa Casarin, <\/strong>fonoaudi\u00f3loga cl\u00ednica, graduada em Fonoaudiologia pela Universidade Federal de Santa Maria (1997) e Mestre em Dist\u00farbios da Comunica\u00e7\u00e3o Humana (2006). Especialista em Linguagem pelo Conselho Federal de Fonoaudiologia (CFFa). Atua\u00e7\u00e3o nas \u00e1reas de Linguagem Oral e Escrita, Flu\u00eancia e Motricidade orofacial. Membro da Sociedade Brasileira de Fonoaudiologia.<\/p><p><strong>Data de realiza\u00e7\u00e3o:<\/strong> 12\/12\/22<\/p>\t\t\t\t\t\t<\/div>\n\t\t\t\t<\/div>\n\t\t\t\t\t<\/div>\n\t\t<\/div>\n\t\t\t\t<div class=\"elementor-column elementor-col-66 elementor-top-column elementor-element elementor-element-c3e8088\" data-id=\"c3e8088\" data-element_type=\"column\">\n\t\t\t<div class=\"elementor-widget-wrap elementor-element-populated\">\n\t\t\t\t\t\t<div class=\"elementor-element elementor-element-54d4415 elementor-widget elementor-widget-video\" data-id=\"54d4415\" data-element_type=\"widget\" data-settings=\"{&quot;youtube_url&quot;:&quot;https:\\\/\\\/www.youtube.com\\\/watch?v=DimOZGV_P7E&quot;,&quot;video_type&quot;:&quot;youtube&quot;,&quot;controls&quot;:&quot;yes&quot;}\" data-widget_type=\"video.default\">\n\t\t\t\t<div class=\"elementor-widget-container\">\n\t\t\t\t\t<div class=\"elementor-wrapper elementor-open-inline\">\n\t\t\t<div class=\"elementor-video\"><\/div>\t\t<\/div>\n\t\t\t\t<\/div>\n\t\t\t\t<\/div>\n\t\t\t\t\t<\/div>\n\t\t<\/div>\n\t\t\t\t\t<\/div>\n\t\t<\/section>\n\t\t\t\t<section class=\"elementor-section elementor-top-section elementor-element elementor-element-3292a1e elementor-section-boxed elementor-section-height-default elementor-section-height-default\" data-id=\"3292a1e\" data-element_type=\"section\">\n\t\t\t\t\t\t<div class=\"elementor-container elementor-column-gap-default\">\n\t\t\t\t\t<div class=\"elementor-column elementor-col-100 elementor-top-column elementor-element elementor-element-9e1a991\" data-id=\"9e1a991\" data-element_type=\"column\">\n\t\t\t<div class=\"elementor-widget-wrap elementor-element-populated\">\n\t\t\t\t\t\t<div class=\"elementor-element elementor-element-b2b94a8 elementor-align-center elementor-widget elementor-widget-button\" data-id=\"b2b94a8\" data-element_type=\"widget\" data-widget_type=\"button.default\">\n\t\t\t\t<div class=\"elementor-widget-container\">\n\t\t\t\t\t\t\t<div class=\"elementor-button-wrapper\">\n\t\t\t\t\t<a class=\"elementor-button elementor-button-link elementor-size-xl\" href=\"https:\/\/www.youtube.com\/playlist?list=PLrDnBqECvfW9hBfResIgjABNJ7c5H2GhL\">\n\t\t\t\t\t\t<span class=\"elementor-button-content-wrapper\">\n\t\t\t\t\t\t<span class=\"elementor-button-icon\">\n\t\t\t\t<i aria-hidden=\"true\" class=\"fab fa-youtube\"><\/i>\t\t\t<\/span>\n\t\t\t\t\t\t\t\t\t<span class=\"elementor-button-text\">Canal LabFala <\/span>\n\t\t\t\t\t<\/span>\n\t\t\t\t\t<\/a>\n\t\t\t\t<\/div>\n\t\t\t\t\t\t<\/div>\n\t\t\t\t<\/div>\n\t\t\t\t\t<\/div>\n\t\t<\/div>\n\t\t\t\t\t<\/div>\n\t\t<\/section>\n\t\t\t\t<\/div>\n\t\t","protected":false},"excerpt":{"rendered":"<p>Palestra LabFala &#8211; &#8220;Atraso motor de fala&#8221; Palestrante Ana Carolina Bucci. Formada pela Universidade de S\u00e3o Paulo, mestranda na Universidade Federal de Santa Catarina e especialista em Motricidade Orofacial. Atende por meio da cl\u00ednica Reabilit\u00e1 na cidade de Florian\u00f3polis &#8211; SC. Data de realiza\u00e7\u00e3o:\u00a026\/09\/2022 https:\/\/www.youtube.com\/watch?v=BQw-s5OIDf0 Palestra LabFala: &#8220;Atendimento Remoto em Fala na inf\u00e2ncia&#8221; Palestrante Isadora [&hellip;]<\/p>\n","protected":false},"author":1697,"featured_media":0,"parent":0,"menu_order":0,"comment_status":"closed","ping_status":"closed","template":"","meta":{"footnotes":""},"categories":[],"tags":[25,26,24,27],"class_list":["post-132","page","type-page","status-publish","hentry","tag-fonoaudiologia","tag-labfala","tag-palestra","tag-servico-de-fonoaudiologia"],"acf":[],"_links":{"self":[{"href":"https:\/\/www.ufsm.br\/laboratorios\/labfala\/wp-json\/wp\/v2\/pages\/132","targetHints":{"allow":["GET"]}}],"collection":[{"href":"https:\/\/www.ufsm.br\/laboratorios\/labfala\/wp-json\/wp\/v2\/pages"}],"about":[{"href":"https:\/\/www.ufsm.br\/laboratorios\/labfala\/wp-json\/wp\/v2\/types\/page"}],"author":[{"embeddable":true,"href":"https:\/\/www.ufsm.br\/laboratorios\/labfala\/wp-json\/wp\/v2\/users\/1697"}],"replies":[{"embeddable":true,"href":"https:\/\/www.ufsm.br\/laboratorios\/labfala\/wp-json\/wp\/v2\/comments?post=132"}],"version-history":[{"count":0,"href":"https:\/\/www.ufsm.br\/laboratorios\/labfala\/wp-json\/wp\/v2\/pages\/132\/revisions"}],"wp:attachment":[{"href":"https:\/\/www.ufsm.br\/laboratorios\/labfala\/wp-json\/wp\/v2\/media?parent=132"}],"wp:term":[{"taxonomy":"category","embeddable":true,"href":"https:\/\/www.ufsm.br\/laboratorios\/labfala\/wp-json\/wp\/v2\/categories?post=132"},{"taxonomy":"post_tag","embeddable":true,"href":"https:\/\/www.ufsm.br\/laboratorios\/labfala\/wp-json\/wp\/v2\/tags?post=132"}],"curies":[{"name":"wp","href":"https:\/\/api.w.org\/{rel}","templated":true}]}}