{"id":2,"date":"2019-05-14T15:59:30","date_gmt":"2019-05-14T18:59:30","guid":{"rendered":"https:\/\/www.ufsm.br\/laboratorios-larp\/?page_id=2"},"modified":"2025-11-13T14:00:31","modified_gmt":"2025-11-13T17:00:31","slug":"pagina-inicial","status":"publish","type":"page","link":"https:\/\/www.ufsm.br\/laboratorios\/labgeotec\/","title":{"rendered":"P\u00e1gina inicial"},"content":{"rendered":"\t\t<div data-elementor-type=\"wp-post\" data-elementor-id=\"2\" class=\"elementor elementor-2\">\n\t\t\t\t\t\t<section class=\"elementor-section elementor-top-section elementor-element elementor-element-6e6b627 elementor-section-boxed elementor-section-height-default elementor-section-height-default\" data-id=\"6e6b627\" data-element_type=\"section\">\n\t\t\t\t\t\t<div class=\"elementor-container elementor-column-gap-default\">\n\t\t\t\t\t<div class=\"elementor-column elementor-col-100 elementor-top-column elementor-element elementor-element-e6a3f8d\" data-id=\"e6a3f8d\" data-element_type=\"column\">\n\t\t\t<div class=\"elementor-widget-wrap elementor-element-populated\">\n\t\t\t\t\t\t<div class=\"elementor-element elementor-element-e48e5ed elementor-widget elementor-widget-wp-widget-ufsm_noticias_widget\" data-id=\"e48e5ed\" data-element_type=\"widget\" data-widget_type=\"wp-widget-ufsm_noticias_widget.default\">\n\t\t\t\t<div class=\"elementor-widget-container\">\n\t\t\t<div id='ufsm-carousel-1777290257-927161215' class='carousel slide carousel-ufsm' data-bs-ride='carousel' aria-hidden='true'>\n    <div class='carousel-inner'>\n                    \n\n            <div class='carousel-item active' data-bs-interval='4000'>\n                                    <!-- Slider Image -->\n                    <img class='w-100'  style='max-height:250px; object-fit:cover;' alt=\"O Laborat\u00f3rio de Geotecnologias (LABGEOTEC) parabeniza a integrante Camila Reigota pela aprova\u00e7\u00e3o em sua defesa de Trabalho de Conclus\u00e3o de Curso (TCC), realizada em 5 de dezembro de 2025, no curso de Geografia \u2013 Bacharelado da Universidade Federal de Santa&hellip;\" srcset=\"https:\/\/www.ufsm.br\/app\/uploads\/sites\/676\/2026\/01\/59b0ea02-b15e-4f94-93c0-4c9e73179023-e1767875721431-300x143.jpg 300w, https:\/\/www.ufsm.br\/app\/uploads\/sites\/676\/2026\/01\/59b0ea02-b15e-4f94-93c0-4c9e73179023-e1767875721431-1024x487.jpg 1024w, https:\/\/www.ufsm.br\/app\/uploads\/sites\/676\/2026\/01\/59b0ea02-b15e-4f94-93c0-4c9e73179023-e1767875721431-768x365.jpg 768w, https:\/\/www.ufsm.br\/app\/uploads\/sites\/676\/2026\/01\/59b0ea02-b15e-4f94-93c0-4c9e73179023-e1767875721431.jpg 1076w\">\n                \n                \n                                                                    <!-- Slider IntroText -->\n                    <div class='text-muted p-2'> O Laborat\u00f3rio de Geotecnologias (LABGEOTEC) parabeniza a integrante Camila Reigota pela aprova\u00e7\u00e3o em sua defesa de Trabalho de Conclus\u00e3o de Curso (TCC), realizada em 5 de dezembro de 2025, no curso de Geografia \u2013 Bacharelado da Universidade Federal de Santa&hellip;<\/div>\n                            <\/div>\n                    \n\n            <div class='carousel-item ' data-bs-interval='4000'>\n                                    <!-- Slider Image -->\n                    <img class='w-100'  style='max-height:250px; object-fit:cover;' alt=\"O Laborat\u00f3rio de Geotecnologias celebra a aprova\u00e7\u00e3o da mestranda Greisi Aline de Azeredo, que defendeu com \u00eaxito, ontem, sua disserta\u00e7\u00e3o de mestrado, sendo aprovada pela banca examinadora. Intitulada \u201cMOVIMENTOS DE MASSA NO RIO GRANDE DO SUL EM 2024: Estudo de&hellip;\" srcset=\"https:\/\/www.ufsm.br\/app\/uploads\/sites\/676\/2026\/01\/88789c00-c4bf-44ac-a09a-4044892bc090-300x225.jpg 300w, https:\/\/www.ufsm.br\/app\/uploads\/sites\/676\/2026\/01\/88789c00-c4bf-44ac-a09a-4044892bc090-1024x768.jpg 1024w, https:\/\/www.ufsm.br\/app\/uploads\/sites\/676\/2026\/01\/88789c00-c4bf-44ac-a09a-4044892bc090-768x576.jpg 768w, https:\/\/www.ufsm.br\/app\/uploads\/sites\/676\/2026\/01\/88789c00-c4bf-44ac-a09a-4044892bc090-1536x1152.jpg 1536w, https:\/\/www.ufsm.br\/app\/uploads\/sites\/676\/2026\/01\/88789c00-c4bf-44ac-a09a-4044892bc090.jpg 1600w\">\n                \n                \n                                                                    <!-- Slider IntroText -->\n                    <div class='text-muted p-2'> O Laborat\u00f3rio de Geotecnologias celebra a aprova\u00e7\u00e3o da mestranda Greisi Aline de Azeredo, que defendeu com \u00eaxito, ontem, sua disserta\u00e7\u00e3o de mestrado, sendo aprovada pela banca examinadora. Intitulada \u201cMOVIMENTOS DE MASSA NO RIO GRANDE DO SUL EM 2024: Estudo de&hellip;<\/div>\n                            <\/div>\n                    \n\n            <div class='carousel-item ' data-bs-interval='4000'>\n                                    <!-- Slider Image -->\n                    <img class='w-100'  style='max-height:250px; object-fit:cover;' alt=\"O LABGEOTEC tem a satisfa\u00e7\u00e3o de anunciar a defesa do Trabalho de Conclus\u00e3o de Curso de Emily Maurer da Costa, integrante do laborat\u00f3rio e aluna orientada pelo Prof. Dr. Waterloo Pereira Filho e coorientada por Rafael Zini Ouriques. A apresenta\u00e7\u00e3o&hellip;\" srcset=\"https:\/\/www.ufsm.br\/app\/uploads\/sites\/676\/2025\/12\/634a0b33-be0d-42f0-9305-fe25581198fe-225x300.jpg 225w, https:\/\/www.ufsm.br\/app\/uploads\/sites\/676\/2025\/12\/634a0b33-be0d-42f0-9305-fe25581198fe-768x1024.jpg 768w, https:\/\/www.ufsm.br\/app\/uploads\/sites\/676\/2025\/12\/634a0b33-be0d-42f0-9305-fe25581198fe-1152x1536.jpg 1152w, https:\/\/www.ufsm.br\/app\/uploads\/sites\/676\/2025\/12\/634a0b33-be0d-42f0-9305-fe25581198fe.jpg 1200w\">\n                \n                \n                                                                    <!-- Slider IntroText -->\n                    <div class='text-muted p-2'> O LABGEOTEC tem a satisfa\u00e7\u00e3o de anunciar a defesa do Trabalho de Conclus\u00e3o de Curso de Emily Maurer da Costa, integrante do laborat\u00f3rio e aluna orientada pelo Prof. Dr. Waterloo Pereira Filho e coorientada por Rafael Zini Ouriques. A apresenta\u00e7\u00e3o&hellip;<\/div>\n                            <\/div>\n                    \n\n            <div class='carousel-item ' data-bs-interval='4000'>\n                                    <!-- Slider Image -->\n                    <img class='w-100'  style='max-height:250px; object-fit:cover;' alt=\"No dia 21 de outubro, o Laborat\u00f3rio de Geotecnologias (LABGEOTEC) recebeu estudantes do 6\u00ba ao 9\u00ba ano da Escola Municipal de Ensino Fundamental Professora Rejane Garcia Gervini, sob supervis\u00e3o da Prof.\u00aa Dr.\u00aa Gisieli Kramer, para uma primeira aproxima\u00e7\u00e3o ao universo&hellip;\" srcset=\"https:\/\/www.ufsm.br\/app\/uploads\/sites\/676\/2025\/11\/WhatsApp-Image-2025-11-13-at-13.55.08-e1763053453214-300x134.jpeg 300w, https:\/\/www.ufsm.br\/app\/uploads\/sites\/676\/2025\/11\/WhatsApp-Image-2025-11-13-at-13.55.08-e1763053453214-1024x457.jpeg 1024w, https:\/\/www.ufsm.br\/app\/uploads\/sites\/676\/2025\/11\/WhatsApp-Image-2025-11-13-at-13.55.08-e1763053453214-768x343.jpeg 768w, https:\/\/www.ufsm.br\/app\/uploads\/sites\/676\/2025\/11\/WhatsApp-Image-2025-11-13-at-13.55.08-e1763053453214-1536x686.jpeg 1536w, https:\/\/www.ufsm.br\/app\/uploads\/sites\/676\/2025\/11\/WhatsApp-Image-2025-11-13-at-13.55.08-e1763053453214.jpeg 1568w\">\n                \n                \n                                                                    <!-- Slider IntroText -->\n                    <div class='text-muted p-2'> No dia 21 de outubro, o Laborat\u00f3rio de Geotecnologias (LABGEOTEC) recebeu estudantes do 6\u00ba ao 9\u00ba ano da Escola Municipal de Ensino Fundamental Professora Rejane Garcia Gervini, sob supervis\u00e3o da Prof.\u00aa Dr.\u00aa Gisieli Kramer, para uma primeira aproxima\u00e7\u00e3o ao universo&hellip;<\/div>\n                            <\/div>\n                    \n\n            <div class='carousel-item ' data-bs-interval='4000'>\n                                    <!-- Slider Image -->\n                    <img class='w-100'  style='max-height:250px; object-fit:cover;' alt=\"Nos dias 27 a 29 de agosto de 2025, os pesquisadores Rafael Zini Ouriques (p\u00f3s-doutorando\/PPGEO-UFSM) e Greisi Azeredo (mestranda\/PPGEO-UFSM), integrantes do Labgeotec,\u00a0estiveram no reservat\u00f3rio da Usina Hidrel\u00e9trica de Balbina, em Presidente Figueiredo (AM), para a realiza\u00e7\u00e3o de atividades de campo&hellip;\" srcset=\"https:\/\/www.ufsm.br\/app\/uploads\/sites\/676\/2025\/09\/WhatsApp-Image-2025-09-08-at-16.58.15-300x225.jpeg 300w, https:\/\/www.ufsm.br\/app\/uploads\/sites\/676\/2025\/09\/WhatsApp-Image-2025-09-08-at-16.58.15-1024x768.jpeg 1024w, https:\/\/www.ufsm.br\/app\/uploads\/sites\/676\/2025\/09\/WhatsApp-Image-2025-09-08-at-16.58.15-768x576.jpeg 768w, https:\/\/www.ufsm.br\/app\/uploads\/sites\/676\/2025\/09\/WhatsApp-Image-2025-09-08-at-16.58.15-1536x1152.jpeg 1536w, https:\/\/www.ufsm.br\/app\/uploads\/sites\/676\/2025\/09\/WhatsApp-Image-2025-09-08-at-16.58.15.jpeg 1600w\">\n                \n                \n                                                                    <!-- Slider IntroText -->\n                    <div class='text-muted p-2'> Nos dias 27 a 29 de agosto de 2025, os pesquisadores Rafael Zini Ouriques (p\u00f3s-doutorando\/PPGEO-UFSM) e Greisi Azeredo (mestranda\/PPGEO-UFSM), integrantes do Labgeotec,\u00a0estiveram no reservat\u00f3rio da Usina Hidrel\u00e9trica de Balbina, em Presidente Figueiredo (AM), para a realiza\u00e7\u00e3o de atividades de campo&hellip;<\/div>\n                            <\/div>\n                    <!-- Exibi Indicadores -->\n                    <ol class='carousel-indicators carousel-indicators-numbers d-none d-md-flex align-self-end m-0'>\n                <li data-bs-target='#ufsm-carousel-1777290257-927161215' data-bs-slide-to='0' class='d-flex rounded-circle active'><span class='m-auto fw-bold'>1<\/span><\/li><li data-bs-target='#ufsm-carousel-1777290257-927161215' data-bs-slide-to='1' class='d-flex rounded-circle '><span class='m-auto fw-bold'>2<\/span><\/li><li data-bs-target='#ufsm-carousel-1777290257-927161215' data-bs-slide-to='2' class='d-flex rounded-circle '><span class='m-auto fw-bold'>3<\/span><\/li><li data-bs-target='#ufsm-carousel-1777290257-927161215' data-bs-slide-to='3' class='d-flex rounded-circle '><span class='m-auto fw-bold'>4<\/span><\/li><li data-bs-target='#ufsm-carousel-1777290257-927161215' data-bs-slide-to='4' class='d-flex rounded-circle '><span class='m-auto fw-bold'>5<\/span><\/li>            <\/ol>\n            <a class='carousel-control-prev' href='#ufsm-carousel-1777290257-927161215' role='button' data-bs-slide='prev'>\n                <span class='carousel-control-prev-icon' aria-hidden='true'><\/span>\n                <span class='visually-hidden'>Previous<\/span>\n            <\/a>\n            <a class='carousel-control-next' href='#ufsm-carousel-1777290257-927161215' role='button' data-bs-slide='next'>\n                <span class='carousel-control-next-icon' aria-hidden='true'><\/span>\n                <span class='visually-hidden'>Next<\/span>\n            <\/a>\n            <\/div>\n<\/div>\n<!-- Acessibilidade, apenas leitor de tela -->\n<ul class='visually-hidden'>\n    <li><a href='https:\/\/www.ufsm.br\/laboratorios\/labgeotec\/2026\/01\/08\/integrante-do-labgeotec-camila-reigota-e-aprovada-em-defesa-de-tcc-em-geografia'>Integrante do LABGEOTEC, Camila Reigota \u00e9 aprovada em defesa de TCC em Geografia<\/a><\/li><li><a href='https:\/\/www.ufsm.br\/laboratorios\/labgeotec\/2026\/01\/08\/integrante-do-labgeotec-greisi-aline-de-azeredo-e-aprovada-em-defesa-de-dissertacao-de-mestrado'>Integrante do LABGEOTEC, Greisi Aline de Azeredo \u00e9 aprovada em defesa de disserta\u00e7\u00e3o de mestrado<\/a><\/li><li><a href='https:\/\/www.ufsm.br\/laboratorios\/labgeotec\/2025\/12\/04\/elementor-402'>Estudo investiga rela\u00e7\u00e3o entre vegeta\u00e7\u00e3o e temperatura de superf\u00edcie na Bacia do Paran\u00e1 III (2017\u20132024)<\/a><\/li><li><a href='https:\/\/www.ufsm.br\/laboratorios\/labgeotec\/2025\/11\/13\/labgeotec-recebe-alunos-da-emef-professora-rejane-garcia-gervini-em-visita-de-aproximacao-as-geotecnologias'>LABGEOTEC recebe alunos da EMEF Professora Rejane Garcia Gervini em visita de aproxima\u00e7\u00e3o \u00e0s geotecnologias<\/a><\/li><li><a href='https:\/\/www.ufsm.br\/laboratorios\/labgeotec\/2025\/09\/29\/equipe-do-labgeotec-realiza-campanha-de-campo-no-reservatorio-de-balbina-am'>Equipe do Labgeotec realiza campanha de campo no reservat\u00f3rio de Balbina (AM)<\/a><\/li><\/ul>\n\t\t<\/div>\n\t\t\t\t<\/div>\n\t\t\t\t\t<\/div>\n\t\t<\/div>\n\t\t\t\t\t<\/div>\n\t\t<\/section>\n\t\t\t\t<section class=\"elementor-section elementor-top-section elementor-element elementor-element-31fda3f1 elementor-section-boxed elementor-section-height-default elementor-section-height-default\" data-id=\"31fda3f1\" data-element_type=\"section\">\n\t\t\t\t\t\t<div class=\"elementor-container elementor-column-gap-default\">\n\t\t\t\t\t<div class=\"elementor-column elementor-col-100 elementor-top-column elementor-element elementor-element-7c1b024\" data-id=\"7c1b024\" data-element_type=\"column\">\n\t\t\t<div class=\"elementor-widget-wrap elementor-element-populated\">\n\t\t\t\t\t\t<div class=\"elementor-element elementor-element-8d9b83a elementor-widget elementor-widget-heading\" data-id=\"8d9b83a\" data-element_type=\"widget\" data-widget_type=\"heading.default\">\n\t\t\t\t<div class=\"elementor-widget-container\">\n\t\t\t<h5 class=\"elementor-heading-title elementor-size-default\">Apresenta\u00e7\u00e3o<\/h5>\t\t<\/div>\n\t\t\t\t<\/div>\n\t\t\t\t<div class=\"elementor-element elementor-element-c8da605 elementor-widget elementor-widget-text-editor\" data-id=\"c8da605\" data-element_type=\"widget\" data-widget_type=\"text-editor.default\">\n\t\t\t\t<div class=\"elementor-widget-container\">\n\t\t\t\t\t\t\t<p>O Laborat\u00f3rio de Geotecnologias (LABGEOTEC) da Universidade Federal de Santa Maria (UFSM) constitui um espa\u00e7o interdisciplinar voltado ao desenvolvimento de atividades de ensino, pesquisa e extens\u00e3o, com \u00eanfase na aplica\u00e7\u00e3o de geotecnologias no campo da Geografia F\u00edsica.<\/p><p>As atividades desenvolvidas no laborat\u00f3rio envolvem o uso de Sensoriamento Remoto e Sistemas de Informa\u00e7\u00f5es Geogr\u00e1ficas (SIG) para a an\u00e1lise espa\u00e7o-temporal de indicadores ambientais. As linhas de pesquisa concentram-se em tem\u00e1ticas ambientais com foco na an\u00e1lise de bacias hidrogr\u00e1ficas, com \u00eanfase na caracteriza\u00e7\u00e3o f\u00edsico-geogr\u00e1fica e suas intera\u00e7\u00f5es com os sistemas aqu\u00e1ticos. Dentre os estudos desenvolvidos, destacam-se:<\/p><ul><li>A utiliza\u00e7\u00e3o de imagens orbitais para avaliar a reflect\u00e2ncia espectral da \u00e1gua e a presen\u00e7a de constituintes opticamente ativos em reservat\u00f3rios e cursos d\u2019\u00e1gua, o que favorece o monitoramento ambiental e a gest\u00e3o de recursos h\u00eddricos.;<\/li><li>identifica\u00e7\u00e3o de \u00e1reas suscet\u00edveis a movimentos de massa por meio de t\u00e9cnicas de sensoriamento remoto e modelagens espaciais;<\/li><li>an\u00e1lise da temperatura da superf\u00edcie terrestre (LST) com o objetivo de compreender padr\u00f5es t\u00e9rmicos urbanos e rurais em diferentes escalas temporais;<\/li><li>e estudos sobre uso e cobertura da terra (LULC), com foco nas din\u00e2micas territoriais.<\/li><\/ul><p>No campo do ensino, o LABGEOTEC promove iniciativas que utilizam ferramentas de an\u00e1lise espacial como recursos pedag\u00f3gicos, com destaque para o uso de dados orbitais em atividades educacionais desde o ensino b\u00e1sico at\u00e9 o superior.<\/p><p>Para subsidiar essas pesquisas, o LABGEOTEC conta com infraestrutura equipada para o processamento e an\u00e1lise de dados geoespaciais, al\u00e9m de instrumentos voltados \u00e0 coleta de vari\u00e1veis limnol\u00f3gicas e espectrais em campo.<\/p><p>O laborat\u00f3rio mant\u00e9m projetos financiados por ag\u00eancias de fomento em n\u00edvel estadual e federal, que promove a integra\u00e7\u00e3o de cursos de gradua\u00e7\u00e3o e programas de p\u00f3s-gradua\u00e7\u00e3o. Ainda, conta com a colabora\u00e7\u00e3o de pesquisadores vinculados a diferentes institui\u00e7\u00f5es nacionais e internacionais.<\/p>\t\t\t\t\t\t<\/div>\n\t\t\t\t<\/div>\n\t\t\t\t\t<\/div>\n\t\t<\/div>\n\t\t\t\t\t<\/div>\n\t\t<\/section>\n\t\t\t\t<section class=\"elementor-section elementor-top-section elementor-element elementor-element-7416eee elementor-section-boxed elementor-section-height-default elementor-section-height-default\" data-id=\"7416eee\" data-element_type=\"section\">\n\t\t\t\t\t\t<div class=\"elementor-container elementor-column-gap-default\">\n\t\t\t\t\t<div class=\"elementor-column elementor-col-100 elementor-top-column elementor-element elementor-element-fff47c8\" data-id=\"fff47c8\" data-element_type=\"column\">\n\t\t\t<div class=\"elementor-widget-wrap elementor-element-populated\">\n\t\t\t\t\t\t<div class=\"elementor-element elementor-element-203a095 elementor-widget elementor-widget-wp-widget-ufsm_utilidades\" data-id=\"203a095\" data-element_type=\"widget\" data-widget_type=\"wp-widget-ufsm_utilidades.default\">\n\t\t\t\t<div class=\"elementor-widget-container\">\n\t\t\t\t\t<h5 class=\"card-title titulo-conteudos\">Utilidades<\/h5>\n\t\t\t\t\n\t\t<div class=\"row d-flex justify-content-around\">\n\t\t\t\t\t\t\t<div class=\"col-12 col-sm-6 col-md-2 mt-4 text-center\">\n\t\t\t\t\t\t\t\t\t\t\t<a href=\"https:\/\/www.ufsm.br\/laboratorios\/labgeotec\/equipe\" class=\"item-utilidades d-block\">\n\t\t\t\t\t\t\t\t\t\t<i class=\"fa fa-group animation-pulse\" aria-hidden=\"true\"><\/i><b>Equipe<\/b><\/a>\n\t\t\t\t<\/div>\n\t\t\t\t\t\t\t<div class=\"col-12 col-sm-6 col-md-2 mt-4 text-center\">\n\t\t\t\t\t\t\t\t\t\t\t<a href=\"https:\/\/www.ufsm.br\/laboratorios\/labgeotec\/producao-cientifica\" class=\"item-utilidades d-block\">\n\t\t\t\t\t\t\t\t\t\t<i class=\"fa fa-quote-right animation-pulse\" aria-hidden=\"true\"><\/i><b>Produ\u00e7\u00e3o Cient\u00edfica<\/b><\/a>\n\t\t\t\t<\/div>\n\t\t\t\t\t\t\t<div class=\"col-12 col-sm-6 col-md-2 mt-4 text-center\">\n\t\t\t\t\t\t\t\t\t\t\t<a href=\"https:\/\/www.ufsm.br\/laboratorios\/labgeotec\/projetos\" class=\"item-utilidades d-block\">\n\t\t\t\t\t\t\t\t\t\t<i class=\"fa fa-thumb-tack animation-pulse\" aria-hidden=\"true\"><\/i><b>Projetos<\/b><\/a>\n\t\t\t\t<\/div>\n\t\t\t\t\t\t\t<div class=\"col-12 col-sm-6 col-md-2 mt-4 text-center\">\n\t\t\t\t\t\t\t\t\t\t\t<a href=\"https:\/\/www.ufsm.br\/laboratorios\/labgeotec\/infraestrutura\" class=\"item-utilidades d-block\">\n\t\t\t\t\t\t\t\t\t\t<i class=\"fa fa-university animation-pulse\" aria-hidden=\"true\"><\/i><b>Infraestrutura<\/b><\/a>\n\t\t\t\t<\/div>\n\t\t\t\t\t<\/div>\n\t\t\t\t<\/div>\n\t\t\t\t<\/div>\n\t\t\t\t\t<\/div>\n\t\t<\/div>\n\t\t\t\t\t<\/div>\n\t\t<\/section>\n\t\t\t\t<section class=\"elementor-section elementor-top-section elementor-element elementor-element-399195b elementor-section-boxed elementor-section-height-default elementor-section-height-default\" data-id=\"399195b\" data-element_type=\"section\">\n\t\t\t\t\t\t<div class=\"elementor-container elementor-column-gap-default\">\n\t\t\t\t\t<div class=\"elementor-column elementor-col-100 elementor-top-column elementor-element elementor-element-8759219\" data-id=\"8759219\" data-element_type=\"column\">\n\t\t\t<div class=\"elementor-widget-wrap elementor-element-populated\">\n\t\t\t\t\t\t<div class=\"elementor-element elementor-element-b327021 elementor-widget elementor-widget-wp-widget-ufsm_noticias_widget\" data-id=\"b327021\" data-element_type=\"widget\" data-widget_type=\"wp-widget-ufsm_noticias_widget.default\">\n\t\t\t\t<div class=\"elementor-widget-container\">\n\t\t\t<h5 class='titulo-conteudos'>Not\u00edcias<\/h5><div class='widget-noticias-inside'>\n                        <div class=\"row\">\n                                    <div class=\"col-12 col-lg-12 pb-4\">\n                                        \n                                        \n                    \n                    <a class=\"noticias-widget-title d-block \"  title=\"Integrante do LABGEOTEC, Camila Reigota \u00e9 aprovada em defesa de TCC em Geografia\" href=\"https:\/\/www.ufsm.br\/laboratorios\/labgeotec\/2026\/01\/08\/integrante-do-labgeotec-camila-reigota-e-aprovada-em-defesa-de-tcc-em-geografia\">\n                                                Integrante do LABGEOTEC, Camila Reigota \u00e9 aprovada em defesa de TCC em Geografia                    <\/a>\n                    \n                                            <div class=\"noticias-widget-introtext\">\n                            O Laborat\u00f3rio de Geotecnologias (LABGEOTEC) parabeniza a integrante Camila Reigota pela aprova\u00e7\u00e3o em sua defesa de Trabalho de Conclus\u00e3o de Curso (TCC), realizada em 5 de dezembro de 2025, no curso de Geografia \u2013 Bacharelado da Universidade Federal de Santa&hellip;                        <\/div>\n                    \n                                        \n                                        \n                                            \n                                                    <div title=\"Publicado em 08\/01\/2026 \" class=\"data-publicacao-widget\">\n                                <i  class=\"far fa-clock\"><\/i>\n                                08\/01\/2026                             <\/div>\n                                                                <\/div>\n                            <\/div>\n                    <div class=\"row\">\n                                    <div class=\"col-12 col-lg-12 pb-4\">\n                                        \n                                        \n                    \n                    <a class=\"noticias-widget-title d-block \"  title=\"Integrante do LABGEOTEC, Greisi Aline de Azeredo \u00e9 aprovada em defesa de disserta\u00e7\u00e3o de mestrado\" href=\"https:\/\/www.ufsm.br\/laboratorios\/labgeotec\/2026\/01\/08\/integrante-do-labgeotec-greisi-aline-de-azeredo-e-aprovada-em-defesa-de-dissertacao-de-mestrado\">\n                                                Integrante do LABGEOTEC, Greisi Aline de Azeredo \u00e9 aprovada em defesa de disserta\u00e7\u00e3o de mestrado                    <\/a>\n                    \n                                            <div class=\"noticias-widget-introtext\">\n                            O Laborat\u00f3rio de Geotecnologias celebra a aprova\u00e7\u00e3o da mestranda Greisi Aline de Azeredo, que defendeu com \u00eaxito, ontem, sua disserta\u00e7\u00e3o de mestrado, sendo aprovada pela banca examinadora. Intitulada \u201cMOVIMENTOS DE MASSA NO RIO GRANDE DO SUL EM 2024: Estudo de&hellip;                        <\/div>\n                    \n                                        \n                                        \n                                            \n                                                    <div title=\"Publicado em 08\/01\/2026 \" class=\"data-publicacao-widget\">\n                                <i  class=\"far fa-clock\"><\/i>\n                                08\/01\/2026                             <\/div>\n                                                                <\/div>\n                            <\/div>\n                    <div class=\"row\">\n                                    <div class=\"col-12 col-lg-12 pb-4\">\n                                        \n                                        \n                    \n                    <a class=\"noticias-widget-title d-block \"  title=\"Estudo investiga rela\u00e7\u00e3o entre vegeta\u00e7\u00e3o e temperatura de superf\u00edcie na Bacia do Paran\u00e1 III (2017\u20132024)\" href=\"https:\/\/www.ufsm.br\/laboratorios\/labgeotec\/2025\/12\/04\/elementor-402\">\n                                                Estudo investiga rela\u00e7\u00e3o entre vegeta\u00e7\u00e3o e temperatura de superf\u00edcie na Bacia do Paran\u00e1 III (2017\u20132024)                    <\/a>\n                    \n                                            <div class=\"noticias-widget-introtext\">\n                            O LABGEOTEC tem a satisfa\u00e7\u00e3o de anunciar a defesa do Trabalho de Conclus\u00e3o de Curso de Emily Maurer da Costa, integrante do laborat\u00f3rio e aluna orientada pelo Prof. Dr. Waterloo Pereira Filho e coorientada por Rafael Zini Ouriques. A apresenta\u00e7\u00e3o&hellip;                        <\/div>\n                    \n                                        \n                                        \n                                            \n                                                    <div title=\"Publicado em 04\/12\/2025 \" class=\"data-publicacao-widget\">\n                                <i  class=\"far fa-clock\"><\/i>\n                                04\/12\/2025                             <\/div>\n                                                                <\/div>\n                            <\/div>\n                    <div class=\"row\">\n                                    <div class=\"col-12 col-lg-12 pb-4\">\n                                        \n                                        \n                    \n                    <a class=\"noticias-widget-title d-block \"  title=\"LABGEOTEC recebe alunos da EMEF Professora Rejane Garcia Gervini em visita de aproxima\u00e7\u00e3o \u00e0s geotecnologias\" href=\"https:\/\/www.ufsm.br\/laboratorios\/labgeotec\/2025\/11\/13\/labgeotec-recebe-alunos-da-emef-professora-rejane-garcia-gervini-em-visita-de-aproximacao-as-geotecnologias\">\n                                                LABGEOTEC recebe alunos da EMEF Professora Rejane Garcia Gervini em visita de aproxima\u00e7\u00e3o \u00e0s geotecnologias                    <\/a>\n                    \n                                            <div class=\"noticias-widget-introtext\">\n                            No dia 21 de outubro, o Laborat\u00f3rio de Geotecnologias (LABGEOTEC) recebeu estudantes do 6\u00ba ao 9\u00ba ano da Escola Municipal de Ensino Fundamental Professora Rejane Garcia Gervini, sob supervis\u00e3o da Prof.\u00aa Dr.\u00aa Gisieli Kramer, para uma primeira aproxima\u00e7\u00e3o ao universo&hellip;                        <\/div>\n                    \n                                        \n                                        \n                                            \n                                                    <div title=\"Publicado em 13\/11\/2025 \" class=\"data-publicacao-widget\">\n                                <i  class=\"far fa-clock\"><\/i>\n                                13\/11\/2025                             <\/div>\n                                                                <\/div>\n                            <\/div>\n                    <div class=\"row\">\n                                    <div class=\"col-12 col-lg-12 pb-4\">\n                                        \n                                        \n                    \n                    <a class=\"noticias-widget-title d-block \"  title=\"Equipe do Labgeotec realiza campanha de campo no reservat\u00f3rio de Balbina (AM)\" href=\"https:\/\/www.ufsm.br\/laboratorios\/labgeotec\/2025\/09\/29\/equipe-do-labgeotec-realiza-campanha-de-campo-no-reservatorio-de-balbina-am\">\n                                                Equipe do Labgeotec realiza campanha de campo no reservat\u00f3rio de Balbina (AM)                    <\/a>\n                    \n                                            <div class=\"noticias-widget-introtext\">\n                            Nos dias 27 a 29 de agosto de 2025, os pesquisadores Rafael Zini Ouriques (p\u00f3s-doutorando\/PPGEO-UFSM) e Greisi Azeredo (mestranda\/PPGEO-UFSM), integrantes do Labgeotec,\u00a0estiveram no reservat\u00f3rio da Usina Hidrel\u00e9trica de Balbina, em Presidente Figueiredo (AM), para a realiza\u00e7\u00e3o de atividades de campo&hellip;                        <\/div>\n                    \n                                        \n                                        \n                                            \n                                                    <div title=\"Publicado em 29\/09\/2025 \" class=\"data-publicacao-widget\">\n                                <i  class=\"far fa-clock\"><\/i>\n                                29\/09\/2025                             <\/div>\n                                                                <\/div>\n                            <\/div>\n            <\/div>\n<div class=\"leia-mais p-1\">\n                <a href=\"https:\/\/www.ufsm.br\/laboratorios\/labgeotec\/busca\/?q=&area=post&orderby=date&sites%5B%5D=676\">\n            LEIA MAIS            <span class=\"icon-box\">\n                <span class=\"bg-ufsm-widget-icon\">\n                    <i class=\"fas fa-chevron-right\" aria-hidden=\"true\"><\/i>\n                <\/span>\n            <\/span>\n        <\/a>\n    <\/div>\n\t\t<\/div>\n\t\t\t\t<\/div>\n\t\t\t\t\t<\/div>\n\t\t<\/div>\n\t\t\t\t\t<\/div>\n\t\t<\/section>\n\t\t\t\t<\/div>\n\t\t","protected":false},"excerpt":{"rendered":"<p>Apresenta\u00e7\u00e3o O Laborat\u00f3rio de Geotecnologias (LABGEOTEC) da Universidade Federal de Santa Maria (UFSM) constitui um espa\u00e7o interdisciplinar voltado ao desenvolvimento de atividades de ensino, pesquisa e extens\u00e3o, com \u00eanfase na aplica\u00e7\u00e3o de geotecnologias no campo da Geografia F\u00edsica. As atividades desenvolvidas no laborat\u00f3rio envolvem o uso de Sensoriamento Remoto e Sistemas de Informa\u00e7\u00f5es Geogr\u00e1ficas (SIG) [&hellip;]<\/p>\n","protected":false},"author":26,"featured_media":0,"parent":0,"menu_order":0,"comment_status":"closed","ping_status":"open","template":"","meta":{"footnotes":""},"categories":[],"tags":[],"class_list":["post-2","page","type-page","status-publish","hentry"],"acf":[],"_links":{"self":[{"href":"https:\/\/www.ufsm.br\/laboratorios\/labgeotec\/wp-json\/wp\/v2\/pages\/2","targetHints":{"allow":["GET"]}}],"collection":[{"href":"https:\/\/www.ufsm.br\/laboratorios\/labgeotec\/wp-json\/wp\/v2\/pages"}],"about":[{"href":"https:\/\/www.ufsm.br\/laboratorios\/labgeotec\/wp-json\/wp\/v2\/types\/page"}],"author":[{"embeddable":true,"href":"https:\/\/www.ufsm.br\/laboratorios\/labgeotec\/wp-json\/wp\/v2\/users\/26"}],"replies":[{"embeddable":true,"href":"https:\/\/www.ufsm.br\/laboratorios\/labgeotec\/wp-json\/wp\/v2\/comments?post=2"}],"version-history":[{"count":0,"href":"https:\/\/www.ufsm.br\/laboratorios\/labgeotec\/wp-json\/wp\/v2\/pages\/2\/revisions"}],"wp:attachment":[{"href":"https:\/\/www.ufsm.br\/laboratorios\/labgeotec\/wp-json\/wp\/v2\/media?parent=2"}],"wp:term":[{"taxonomy":"category","embeddable":true,"href":"https:\/\/www.ufsm.br\/laboratorios\/labgeotec\/wp-json\/wp\/v2\/categories?post=2"},{"taxonomy":"post_tag","embeddable":true,"href":"https:\/\/www.ufsm.br\/laboratorios\/labgeotec\/wp-json\/wp\/v2\/tags?post=2"}],"curies":[{"name":"wp","href":"https:\/\/api.w.org\/{rel}","templated":true}]}}