{"id":23,"date":"2019-05-14T17:02:03","date_gmt":"2019-05-14T20:02:03","guid":{"rendered":"https:\/\/www.ufsm.br\/template-laboratprio\/?page_id=23"},"modified":"2025-08-06T14:09:27","modified_gmt":"2025-08-06T17:09:27","slug":"equipe","status":"publish","type":"page","link":"https:\/\/www.ufsm.br\/laboratorios\/labgeotec\/equipe","title":{"rendered":"Equipe"},"content":{"rendered":"\t\t<div data-elementor-type=\"wp-page\" data-elementor-id=\"23\" class=\"elementor elementor-23\">\n\t\t\t\t\t\t<section class=\"elementor-section elementor-top-section elementor-element elementor-element-ce0c681 elementor-section-boxed elementor-section-height-default elementor-section-height-default\" data-id=\"ce0c681\" data-element_type=\"section\">\n\t\t\t\t\t\t<div class=\"elementor-container elementor-column-gap-default\">\n\t\t\t\t\t<div class=\"elementor-column elementor-col-100 elementor-top-column elementor-element elementor-element-2292a61\" data-id=\"2292a61\" data-element_type=\"column\">\n\t\t\t<div class=\"elementor-widget-wrap elementor-element-populated\">\n\t\t\t\t\t\t<div class=\"elementor-element elementor-element-1a4bfda elementor-widget elementor-widget-heading\" data-id=\"1a4bfda\" data-element_type=\"widget\" data-widget_type=\"heading.default\">\n\t\t\t\t<div class=\"elementor-widget-container\">\n\t\t\t<h2 class=\"elementor-heading-title elementor-size-default\">Coordenador<\/h2>\t\t<\/div>\n\t\t\t\t<\/div>\n\t\t\t\t<div class=\"elementor-element elementor-element-e859e23 elementor-widget elementor-widget-text-editor\" data-id=\"e859e23\" data-element_type=\"widget\" data-widget_type=\"text-editor.default\">\n\t\t\t\t<div class=\"elementor-widget-container\">\n\t\t\t\t\t\t\t<p><span style=\"font-size: 14pt\">O Laborat\u00f3rio de Geotecnologias (LABGEOTEC) \u00e9 coordenado h\u00e1 34 anos pelo Professor Doutor <strong><span style=\"color: #3366ff\"><a style=\"color: #3366ff\" href=\"http:\/\/lattes.cnpq.br\/0357112879415627\">Waterloo Pereira Filho <\/a><\/span><\/strong>&#8211; Ge\u00f3grafo pela Universidade Federal de Santa Maria (UFSM), Mestre em sensoriamento remoto pelo Instituto Nacional de Pesquisas Espaciais (INPE), Doutor em geografia pela Universidade de S\u00e3o Paulo (USP) e P\u00f3s-Doutor pela University of Victoria &#8211; Canad\u00e1 (UVIC). Atualmente \u00e9 professor Titular na Universidade Federal de Santa Maria. Tem experi\u00eancia na \u00e1rea de Geoci\u00eancias, com \u00eanfase em Sensoriamento Remoto, Limnologia, Uso da Terra e Geotecnologias. Professor na gradua\u00e7\u00e3o e no Programa de P\u00f3s-Gradua\u00e7\u00e3o em Geografia da UFSM. Implementou o Programa de P\u00f3s-Gradua\u00e7\u00e3o em Geografia na UFSM em n\u00edvel Strictu Sensu; coordena\/coordenou diversos projetos financiados por institui\u00e7\u00f5es p\u00fablicas e privadas.\u00a0<\/span><\/p>\t\t\t\t\t\t<\/div>\n\t\t\t\t<\/div>\n\t\t\t\t<div class=\"elementor-element elementor-element-6793c48 elementor-widget elementor-widget-spacer\" data-id=\"6793c48\" data-element_type=\"widget\" data-widget_type=\"spacer.default\">\n\t\t\t\t<div class=\"elementor-widget-container\">\n\t\t\t\t\t<div class=\"elementor-spacer\">\n\t\t\t<div class=\"elementor-spacer-inner\"><\/div>\n\t\t<\/div>\n\t\t\t\t<\/div>\n\t\t\t\t<\/div>\n\t\t\t\t<div class=\"elementor-element elementor-element-6988ab3 elementor-widget elementor-widget-heading\" data-id=\"6988ab3\" data-element_type=\"widget\" data-widget_type=\"heading.default\">\n\t\t\t\t<div class=\"elementor-widget-container\">\n\t\t\t<h2 class=\"elementor-heading-title elementor-size-default\">Membros da equipe<\/h2>\t\t<\/div>\n\t\t\t\t<\/div>\n\t\t\t\t<div class=\"elementor-element elementor-element-dfc20a6 elementor-widget elementor-widget-spacer\" data-id=\"dfc20a6\" data-element_type=\"widget\" data-widget_type=\"spacer.default\">\n\t\t\t\t<div class=\"elementor-widget-container\">\n\t\t\t\t\t<div class=\"elementor-spacer\">\n\t\t\t<div class=\"elementor-spacer-inner\"><\/div>\n\t\t<\/div>\n\t\t\t\t<\/div>\n\t\t\t\t<\/div>\n\t\t\t\t<div class=\"elementor-element elementor-element-2659aee elementor-widget elementor-widget-text-editor\" data-id=\"2659aee\" data-element_type=\"widget\" data-widget_type=\"text-editor.default\">\n\t\t\t\t<div class=\"elementor-widget-container\">\n\t\t\t\t\t\t\t<h4><span style=\"font-size: 12pt\"><strong>P\u00f3s-Doutorandos<\/strong><\/span><\/h4>\t\t\t\t\t\t<\/div>\n\t\t\t\t<\/div>\n\t\t\t\t<div class=\"elementor-element elementor-element-0c95565 elementor-widget elementor-widget-text-editor\" data-id=\"0c95565\" data-element_type=\"widget\" data-widget_type=\"text-editor.default\">\n\t\t\t\t<div class=\"elementor-widget-container\">\n\t\t\t\t\t\t\t<p><a href=\"http:\/\/lattes.cnpq.br\/1915320890044206\">Gisieli Kramer<\/a><\/p><p><a href=\"http:\/\/lattes.cnpq.br\/2601145709593266\">Rafael Zini Ouriques<\/a><\/p><p><a href=\"http:\/\/lattes.cnpq.br\/2357265208364784\">Ot\u00e1vio Cristiano Montanher<\/a><\/p><p><span style=\"font-size: 12pt;font-family: Arial,sans-serif;color: #000000;background-color: transparent;font-weight: 400;font-style: normal;font-variant: normal;text-decoration: none;vertical-align: baseline\">Adenilson Farias Zanini<\/span><\/p>\t\t\t\t\t\t<\/div>\n\t\t\t\t<\/div>\n\t\t\t\t<div class=\"elementor-element elementor-element-3b63f9c elementor-widget elementor-widget-text-editor\" data-id=\"3b63f9c\" data-element_type=\"widget\" data-widget_type=\"text-editor.default\">\n\t\t\t\t<div class=\"elementor-widget-container\">\n\t\t\t\t\t\t\t<h4><strong>Doutorandos<\/strong><\/h4>\t\t\t\t\t\t<\/div>\n\t\t\t\t<\/div>\n\t\t\t\t<div class=\"elementor-element elementor-element-32222c6 elementor-widget elementor-widget-text-editor\" data-id=\"32222c6\" data-element_type=\"widget\" data-widget_type=\"text-editor.default\">\n\t\t\t\t<div class=\"elementor-widget-container\">\n\t\t\t\t\t\t\t<p><a href=\"http:\/\/lattes.cnpq.br\/6822929841659986\">Rafael Dezordi\u00a0<\/a><\/p>\n<p><a href=\"http:\/\/lattes.cnpq.br\/7211736762667467\">Daniel Pereyron\u00a0<\/a><\/p>\n<p><a href=\"\/\/lattes.cnpq.br\/3190511550456160\">Edimar Pereira dos Santos Junior<\/a><\/p>\n<p><a href=\"http:\/\/lattes.cnpq.br\/2812901246354210\">Caroline Lorenci Mallmann<\/a><\/p>\n<p><a href=\"http:\/\/lattes.cnpq.br\/9297886237642650\">Higor Machado de Freitas<\/a><\/p>\n<p><a href=\"http:\/\/lattes.cnpq.br\/7131337038255934\">Diego Dal Pozzolo dos Santos<\/a><\/p>\t\t\t\t\t\t<\/div>\n\t\t\t\t<\/div>\n\t\t\t\t<div class=\"elementor-element elementor-element-638e3a7 elementor-widget elementor-widget-text-editor\" data-id=\"638e3a7\" data-element_type=\"widget\" data-widget_type=\"text-editor.default\">\n\t\t\t\t<div class=\"elementor-widget-container\">\n\t\t\t\t\t\t\t<h4><strong>Mestrandos<\/strong><\/h4>\t\t\t\t\t\t<\/div>\n\t\t\t\t<\/div>\n\t\t\t\t<div class=\"elementor-element elementor-element-e5f242b elementor-widget elementor-widget-text-editor\" data-id=\"e5f242b\" data-element_type=\"widget\" data-widget_type=\"text-editor.default\">\n\t\t\t\t<div class=\"elementor-widget-container\">\n\t\t\t\t\t\t\t<p><a href=\"http:\/\/lattes.cnpq.br\/5070238026553574\">Greisi Aline de Azeredo<\/a><\/p><p><a href=\"http:\/\/lattes.cnpq.br\/1793178751458668\">Daniel Lucas Balin<\/a><\/p>\t\t\t\t\t\t<\/div>\n\t\t\t\t<\/div>\n\t\t\t\t<div class=\"elementor-element elementor-element-fea68e2 elementor-widget elementor-widget-text-editor\" data-id=\"fea68e2\" data-element_type=\"widget\" data-widget_type=\"text-editor.default\">\n\t\t\t\t<div class=\"elementor-widget-container\">\n\t\t\t\t\t\t\t<h4><strong>Alunos de Gradua\u00e7\u00e3o &#8211; Inicia\u00e7\u00e3o cient\u00edfica<\/strong><\/h4>\t\t\t\t\t\t<\/div>\n\t\t\t\t<\/div>\n\t\t\t\t<div class=\"elementor-element elementor-element-e88ae78 elementor-widget elementor-widget-text-editor\" data-id=\"e88ae78\" data-element_type=\"widget\" data-widget_type=\"text-editor.default\">\n\t\t\t\t<div class=\"elementor-widget-container\">\n\t\t\t\t\t\t\t<p><a href=\"http:\/\/lattes.cnpq.br\/2474293298555634\">Missaela dos Santos Soares<\/a><\/p><p><a href=\"http:\/\/lattes.cnpq.br\/4221327709063433\">Camila Reigota Ferreira<\/a><\/p><p><a href=\"http:\/\/lattes.cnpq.br\/6435582399318590\">Leonardo Goya Pierry<\/a><\/p><p><a href=\"http:\/\/lattes.cnpq.br\/4262842032054363\">Emily Maurer da Costa<\/a><\/p>\t\t\t\t\t\t<\/div>\n\t\t\t\t<\/div>\n\t\t\t\t<div class=\"elementor-element elementor-element-0340722 elementor-widget elementor-widget-text-editor\" data-id=\"0340722\" data-element_type=\"widget\" data-widget_type=\"text-editor.default\">\n\t\t\t\t<div class=\"elementor-widget-container\">\n\t\t\t\t\t\t\t<h4><strong>Egressos<\/strong><\/h4>\t\t\t\t\t\t<\/div>\n\t\t\t\t<\/div>\n\t\t\t\t<div class=\"elementor-element elementor-element-bac9611 elementor-widget elementor-widget-text-editor\" data-id=\"bac9611\" data-element_type=\"widget\" data-widget_type=\"text-editor.default\">\n\t\t\t\t<div class=\"elementor-widget-container\">\n\t\t\t\t\t\t\t<p dir=\"ltr\" style=\"line-height: 1.38;background-color: #ffffff;margin-top: 0pt;margin-bottom: 0pt\"><span style=\"font-size: 12pt;font-family: Arial,sans-serif;color: #000000;background-color: transparent;font-weight: 400;font-style: normal;font-variant: normal;text-decoration: none;vertical-align: baseline\">Ademir de Cassio Machado Peransoni<\/span><span style=\"font-size: 12pt;font-family: Arial,sans-serif;color: #000000;background-color: transparent;font-weight: 400;font-style: normal;font-variant: normal;text-decoration: none;vertical-align: baseline\"><br \/><\/span><span style=\"font-size: 12pt;font-family: Arial,sans-serif;color: #000000;background-color: transparent;font-weight: 400;font-style: normal;font-variant: normal;text-decoration: none;vertical-align: baseline\">Aline Batista Ferreira<\/span><span style=\"font-size: 12pt;font-family: Arial,sans-serif;color: #000000;background-color: transparent;font-weight: 400;font-style: normal;font-variant: normal;text-decoration: none;vertical-align: baseline\"><br \/><\/span><span style=\"font-size: 12pt;font-family: Arial,sans-serif;color: #000000;background-color: transparent;font-weight: 400;font-style: normal;font-variant: normal;text-decoration: none;vertical-align: baseline\">Andr\u00e9 Domingues<\/span><span style=\"font-size: 12pt;font-family: Arial,sans-serif;color: #000000;background-color: transparent;font-weight: 400;font-style: normal;font-variant: normal;text-decoration: none;vertical-align: baseline\"><br \/><\/span><span style=\"font-size: 12pt;font-family: Arial,sans-serif;color: #000000;background-color: transparent;font-weight: 400;font-style: normal;font-variant: normal;text-decoration: none;vertical-align: baseline\">Ana Vestena Cassol<\/span><\/p><p dir=\"ltr\" style=\"line-height: 1.38;background-color: #ffffff;margin-top: 0pt;margin-bottom: 0pt\"><span style=\"font-size: 12pt;font-family: Arial,sans-serif;color: #000000;background-color: transparent;font-weight: 400;font-style: normal;font-variant: normal;text-decoration: none;vertical-align: baseline\"><a style=\"color: #204c90;font-size: 16px\" href=\"http:\/\/lattes.cnpq.br\/7321838079740546\">Caroline Zimmermann Rodrigues<\/a><\/span><\/p><p dir=\"ltr\" style=\"line-height: 1.38;background-color: #ffffff;margin-top: 0pt;margin-bottom: 0pt\"><span style=\"font-size: 12pt;font-family: Arial,sans-serif;color: #000000;background-color: transparent;font-weight: 400;font-style: normal;font-variant: normal;text-decoration: none;vertical-align: baseline\">Cleonir Martins Carpes<\/span><span style=\"font-size: 12pt;font-family: Arial,sans-serif;color: #000000;background-color: transparent;font-weight: 400;font-style: normal;font-variant: normal;text-decoration: none;vertical-align: baseline\"><br \/><\/span><span style=\"font-size: 12pt;font-family: Arial,sans-serif;color: #000000;background-color: transparent;font-weight: 400;font-style: normal;font-variant: normal;text-decoration: none;vertical-align: baseline\">Cristiano R. Niederauer<\/span><span style=\"font-size: 12pt;font-family: Arial,sans-serif;color: #000000;background-color: transparent;font-weight: 400;font-style: normal;font-variant: normal;text-decoration: none;vertical-align: baseline\"><br \/><\/span><span style=\"font-size: 12pt;font-family: Arial,sans-serif;color: #000000;background-color: transparent;font-weight: 400;font-style: normal;font-variant: normal;text-decoration: none;vertical-align: baseline\">Cristina Otsuschi<\/span><span style=\"font-size: 12pt;font-family: Arial,sans-serif;color: #000000;background-color: transparent;font-weight: 400;font-style: normal;font-variant: normal;text-decoration: none;vertical-align: baseline\"><br \/><\/span><span style=\"font-size: 12pt;font-family: Arial,sans-serif;color: #000000;background-color: transparent;font-weight: 400;font-style: normal;font-variant: normal;text-decoration: none;vertical-align: baseline\">Daniela Wancura Barbieri<\/span><span style=\"font-size: 12pt;font-family: Arial,sans-serif;color: #000000;background-color: transparent;font-weight: 400;font-style: normal;font-variant: normal;text-decoration: none;vertical-align: baseline\"><br \/><\/span><span style=\"font-size: 12pt;font-family: Arial,sans-serif;color: #000000;background-color: transparent;font-weight: 400;font-style: normal;font-variant: normal;text-decoration: none;vertical-align: baseline\">Denise Berwanger<\/span><span style=\"font-size: 12pt;font-family: Arial,sans-serif;color: #000000;background-color: transparent;font-weight: 400;font-style: normal;font-variant: normal;text-decoration: none;vertical-align: baseline\"><br \/><\/span><span style=\"font-size: 12pt;font-family: Arial,sans-serif;color: #000000;background-color: transparent;font-weight: 400;font-style: normal;font-variant: normal;text-decoration: none;vertical-align: baseline\">Diego Almeida Prado<\/span><span style=\"font-size: 12pt;font-family: Arial,sans-serif;color: #000000;background-color: transparent;font-weight: 400;font-style: normal;font-variant: normal;text-decoration: none;vertical-align: baseline\"><br \/><\/span><span style=\"font-size: 12pt;font-family: Arial,sans-serif;color: #000000;background-color: transparent;font-weight: 400;font-style: normal;font-variant: normal;text-decoration: none;vertical-align: baseline\">Dioni Rossi Farias<\/span><span style=\"font-size: 12pt;font-family: Arial,sans-serif;color: #000000;background-color: transparent;font-weight: 400;font-style: normal;font-variant: normal;text-decoration: none;vertical-align: baseline\"><br \/><\/span><span style=\"font-size: 12pt;font-family: Arial,sans-serif;color: #000000;background-color: transparent;font-weight: 400;font-style: normal;font-variant: normal;text-decoration: none;vertical-align: baseline\">Douglas Stefanello Facco<\/span><span style=\"font-size: 12pt;font-family: Arial,sans-serif;color: #000000;background-color: transparent;font-weight: 400;font-style: normal;font-variant: normal;text-decoration: none;vertical-align: baseline\"><br \/><\/span><span style=\"font-size: 12pt;font-family: Arial,sans-serif;color: #000000;background-color: transparent;font-weight: 400;font-style: normal;font-variant: normal;text-decoration: none;vertical-align: baseline\">Edison Antonio Alberti<\/span><span style=\"font-size: 12pt;font-family: Arial,sans-serif;color: #000000;background-color: transparent;font-weight: 400;font-style: normal;font-variant: normal;text-decoration: none;vertical-align: baseline\"><br \/><\/span><span style=\"font-size: 12pt;font-family: Arial,sans-serif;color: #000000;background-color: transparent;font-weight: 400;font-style: normal;font-variant: normal;text-decoration: none;vertical-align: baseline\">Eduardo Kaiser<\/span><\/p><p dir=\"ltr\" style=\"line-height: 1.38;background-color: #ffffff;margin-top: 0pt;margin-bottom: 0pt\"><span style=\"font-size: 12pt;font-family: Arial,sans-serif;color: #000000;background-color: transparent;font-weight: 400;font-style: normal;font-variant: normal;text-decoration: none;vertical-align: baseline\">Eliane Munhoz de Munhoz<\/span><span style=\"font-size: 12pt;font-family: Arial,sans-serif;color: #000000;background-color: transparent;font-weight: 400;font-style: normal;font-variant: normal;text-decoration: none;vertical-align: baseline\"><br \/><\/span><span style=\"font-size: 12pt;font-family: Arial,sans-serif;color: #000000;background-color: transparent;font-weight: 400;font-style: normal;font-variant: normal;text-decoration: none;vertical-align: baseline\">Eliege Cassiele Buffon<\/span><span style=\"font-size: 12pt;font-family: Arial,sans-serif;color: #000000;background-color: transparent;font-weight: 400;font-style: normal;font-variant: normal;text-decoration: none;vertical-align: baseline\"><br \/><\/span><span style=\"font-size: 12pt;font-family: Arial,sans-serif;color: #000000;background-color: transparent;font-weight: 400;font-style: normal;font-variant: normal;text-decoration: none;vertical-align: baseline\">Felipe Correa dos Santos<\/span><span style=\"font-size: 12pt;font-family: Arial,sans-serif;color: #000000;background-color: transparent;font-weight: 400;font-style: normal;font-variant: normal;text-decoration: none;vertical-align: baseline\"><br \/><\/span><span style=\"font-size: 12pt;font-family: Arial,sans-serif;color: #000000;background-color: transparent;font-weight: 400;font-style: normal;font-variant: normal;text-decoration: none;vertical-align: baseline\">Fl\u00e1vio Wachholz<\/span><span style=\"font-size: 12pt;font-family: Arial,sans-serif;color: #000000;background-color: transparent;font-weight: 400;font-style: normal;font-variant: normal;text-decoration: none;vertical-align: baseline\"><br \/><\/span><span style=\"font-size: 12pt;font-family: Arial,sans-serif;color: #000000;background-color: transparent;font-weight: 400;font-style: normal;font-variant: normal;text-decoration: none;vertical-align: baseline\">Francieli de Lima Sarmento<\/span><span style=\"font-size: 12pt;font-family: Arial,sans-serif;color: #000000;background-color: transparent;font-weight: 400;font-style: normal;font-variant: normal;text-decoration: none;vertical-align: baseline\"><br \/><\/span><span style=\"font-size: 12pt;font-family: Arial,sans-serif;color: #000000;background-color: transparent;font-weight: 400;font-style: normal;font-variant: normal;text-decoration: none;vertical-align: baseline\">Gl\u00eanio Antonio da Luz<\/span><span style=\"font-size: 12pt;font-family: Arial,sans-serif;color: #000000;background-color: transparent;font-weight: 400;font-style: normal;font-variant: normal;text-decoration: none;vertical-align: baseline\"><br \/><\/span><span style=\"font-size: 12pt;font-family: Arial,sans-serif;color: #000000;background-color: transparent;font-weight: 400;font-style: normal;font-variant: normal;text-decoration: none;vertical-align: baseline\">Gloria Yamileth Bol\u00edvar Dur\u00e1n<\/span><span style=\"font-size: 12pt;font-family: Arial,sans-serif;color: #000000;background-color: transparent;font-weight: 400;font-style: normal;font-variant: normal;text-decoration: none;vertical-align: baseline\"><br \/><\/span><span style=\"font-size: 12pt;font-family: Arial,sans-serif;color: #000000;background-color: transparent;font-weight: 400;font-style: normal;font-variant: normal;text-decoration: none;vertical-align: baseline\">Greice Vieira Silveira<\/span><span style=\"font-size: 12pt;font-family: Arial,sans-serif;color: #000000;background-color: transparent;font-weight: 400;font-style: normal;font-variant: normal;text-decoration: none;vertical-align: baseline\"><br \/><\/span><span style=\"font-size: 12pt;font-family: Arial,sans-serif;color: #000000;background-color: transparent;font-weight: 400;font-style: normal;font-variant: normal;text-decoration: none;vertical-align: baseline\">Gustavo Toniolo<\/span><span style=\"font-size: 12pt;font-family: Arial,sans-serif;color: #000000;background-color: transparent;font-weight: 400;font-style: normal;font-variant: normal;text-decoration: none;vertical-align: baseline\"><br \/><\/span><span style=\"font-size: 12pt;font-family: Arial,sans-serif;color: #000000;background-color: transparent;font-weight: 400;font-style: normal;font-variant: normal;text-decoration: none;vertical-align: baseline\">Illa de Andrade Bicca<\/span><span style=\"font-size: 12pt;font-family: Arial,sans-serif;color: #000000;background-color: transparent;font-weight: 400;font-style: normal;font-variant: normal;text-decoration: none;vertical-align: baseline\"><br \/><\/span><span style=\"font-size: 12pt;font-family: Arial,sans-serif;color: #000000;background-color: transparent;font-weight: 400;font-style: normal;font-variant: normal;text-decoration: none;vertical-align: baseline\">Janderlei Dal Osto<\/span><span style=\"font-size: 12pt;font-family: Arial,sans-serif;color: #000000;background-color: transparent;font-weight: 400;font-style: normal;font-variant: normal;text-decoration: none;vertical-align: baseline\"><br \/><\/span><span style=\"font-size: 12pt;font-family: Arial,sans-serif;color: #000000;background-color: transparent;font-weight: 400;font-style: normal;font-variant: normal;text-decoration: none;vertical-align: baseline\">Ligia Manara Miletto Marcuz<\/span><span style=\"font-size: 12pt;font-family: Arial,sans-serif;color: #000000;background-color: transparent;font-weight: 400;font-style: normal;font-variant: normal;text-decoration: none;vertical-align: baseline\"><br \/><\/span><span style=\"font-size: 12pt;font-family: Arial,sans-serif;color: #000000;background-color: transparent;font-weight: 400;font-style: normal;font-variant: normal;text-decoration: none;vertical-align: baseline\">Luciane Strassburger<\/span><span style=\"font-size: 12pt;font-family: Arial,sans-serif;color: #000000;background-color: transparent;font-weight: 400;font-style: normal;font-variant: normal;text-decoration: none;vertical-align: baseline\"><br \/><\/span><span style=\"font-size: 12pt;font-family: Arial,sans-serif;color: #000000;background-color: transparent;font-weight: 400;font-style: normal;font-variant: normal;text-decoration: none;vertical-align: baseline\">Makele Rosa de Paula<\/span><span style=\"font-size: 12pt;font-family: Arial,sans-serif;color: #000000;background-color: transparent;font-weight: 400;font-style: normal;font-variant: normal;text-decoration: none;vertical-align: baseline\"><br \/><\/span><span style=\"font-size: 12pt;font-family: Arial,sans-serif;color: #000000;background-color: transparent;font-weight: 400;font-style: normal;font-variant: normal;text-decoration: none;vertical-align: baseline\">Marcos A. Gomes dos Santos<\/span><span style=\"font-size: 12pt;font-family: Arial,sans-serif;color: #000000;background-color: transparent;font-weight: 400;font-style: normal;font-variant: normal;text-decoration: none;vertical-align: baseline\"><br \/><\/span><span style=\"font-size: 12pt;font-family: Arial,sans-serif;color: #000000;background-color: transparent;font-weight: 400;font-style: normal;font-variant: normal;text-decoration: none;vertical-align: baseline\">Patricia Michele Pereira\u00a0<\/span><span style=\"font-size: 12pt;font-family: Arial,sans-serif;color: #000000;background-color: transparent;font-weight: 400;font-style: normal;font-variant: normal;text-decoration: none;vertical-align: baseline\"> Trindade<\/span><span style=\"font-size: 12pt;font-family: Arial,sans-serif;color: #000000;background-color: transparent;font-weight: 400;font-style: normal;font-variant: normal;text-decoration: none;vertical-align: baseline\"><br \/><\/span><span style=\"font-size: 12pt;font-family: Arial,sans-serif;color: #000000;background-color: transparent;font-weight: 400;font-style: normal;font-variant: normal;text-decoration: none;vertical-align: baseline\">Paulo Henrique Gomes<\/span><span style=\"font-size: 12pt;font-family: Arial,sans-serif;color: #000000;background-color: transparent;font-weight: 400;font-style: normal;font-variant: normal;text-decoration: none;vertical-align: baseline\"><br \/><\/span><span style=\"font-size: 12pt;font-family: Arial,sans-serif;color: #000000;background-color: transparent;font-weight: 400;font-style: normal;font-variant: normal;text-decoration: none;vertical-align: baseline\">Rodrigo Diniz Marques<\/span><span style=\"font-size: 12pt;font-family: Arial,sans-serif;color: #000000;background-color: transparent;font-weight: 400;font-style: normal;font-variant: normal;text-decoration: none;vertical-align: baseline\"><br \/><\/span><span style=\"font-size: 12pt;font-family: Arial,sans-serif;color: #000000;background-color: transparent;font-weight: 400;font-style: normal;font-variant: normal;text-decoration: none;vertical-align: baseline\">Rosana Corazza<\/span><span style=\"font-size: 12pt;font-family: Arial,sans-serif;color: #000000;background-color: transparent;font-weight: 400;font-style: normal;font-variant: normal;text-decoration: none;vertical-align: baseline\"><br \/><\/span><span style=\"font-size: 12pt;font-family: Arial,sans-serif;color: #000000;background-color: transparent;font-weight: 400;font-style: normal;font-variant: normal;text-decoration: none;vertical-align: baseline\">Sergio Sartor<\/span><\/p><p dir=\"ltr\" style=\"line-height: 1.38;background-color: #ffffff;margin-top: 0pt;margin-bottom: 0pt\"><span style=\"font-size: 12pt;font-family: Arial,sans-serif;color: #000000;background-color: transparent;font-weight: 400;font-style: normal;font-variant: normal;text-decoration: none;vertical-align: baseline\">Tiago Maciel de Paula<\/span><\/p><p dir=\"ltr\" style=\"line-height: 1.38;background-color: #ffffff;margin-top: 0pt;margin-bottom: 0pt\"><span style=\"font-size: 12pt;font-family: Arial,sans-serif;color: #000000;background-color: transparent;font-weight: 400;font-style: normal;font-variant: normal;text-decoration: none;vertical-align: baseline\">Wiliam Gaida<\/span><\/p><p style=\"font-size: 16px\"><span id=\"docs-internal-guid-7a9fe0bb-7fff-1c1f-2aea-cda4092b0712\">\u00a0<\/span><\/p>\t\t\t\t\t\t<\/div>\n\t\t\t\t<\/div>\n\t\t\t\t\t<\/div>\n\t\t<\/div>\n\t\t\t\t\t<\/div>\n\t\t<\/section>\n\t\t\t\t<section class=\"elementor-section elementor-top-section elementor-element elementor-element-45c01de elementor-section-boxed elementor-section-height-default elementor-section-height-default\" data-id=\"45c01de\" data-element_type=\"section\">\n\t\t\t\t\t\t<div class=\"elementor-container elementor-column-gap-default\">\n\t\t\t\t\t<div class=\"elementor-column elementor-col-100 elementor-top-column elementor-element elementor-element-1fc8fa0\" data-id=\"1fc8fa0\" data-element_type=\"column\">\n\t\t\t<div class=\"elementor-widget-wrap elementor-element-populated\">\n\t\t\t\t\t\t<div class=\"elementor-element elementor-element-7e572bb elementor-widget elementor-widget-spacer\" data-id=\"7e572bb\" data-element_type=\"widget\" data-widget_type=\"spacer.default\">\n\t\t\t\t<div class=\"elementor-widget-container\">\n\t\t\t\t\t<div class=\"elementor-spacer\">\n\t\t\t<div class=\"elementor-spacer-inner\"><\/div>\n\t\t<\/div>\n\t\t\t\t<\/div>\n\t\t\t\t<\/div>\n\t\t\t\t\t<\/div>\n\t\t<\/div>\n\t\t\t\t\t<\/div>\n\t\t<\/section>\n\t\t\t\t<\/div>\n\t\t","protected":false},"excerpt":{"rendered":"<p>Coordenador O Laborat\u00f3rio de Geotecnologias (LABGEOTEC) \u00e9 coordenado h\u00e1 34 anos pelo Professor Doutor Waterloo Pereira Filho &#8211; Ge\u00f3grafo pela Universidade Federal de Santa Maria (UFSM), Mestre em sensoriamento remoto pelo Instituto Nacional de Pesquisas Espaciais (INPE), Doutor em geografia pela Universidade de S\u00e3o Paulo (USP) e P\u00f3s-Doutor pela University of Victoria &#8211; Canad\u00e1 (UVIC). [&hellip;]<\/p>\n","protected":false},"author":124,"featured_media":0,"parent":0,"menu_order":0,"comment_status":"closed","ping_status":"closed","template":"","meta":{"footnotes":""},"categories":[],"tags":[],"class_list":["post-23","page","type-page","status-publish","hentry"],"acf":[],"_links":{"self":[{"href":"https:\/\/www.ufsm.br\/laboratorios\/labgeotec\/wp-json\/wp\/v2\/pages\/23","targetHints":{"allow":["GET"]}}],"collection":[{"href":"https:\/\/www.ufsm.br\/laboratorios\/labgeotec\/wp-json\/wp\/v2\/pages"}],"about":[{"href":"https:\/\/www.ufsm.br\/laboratorios\/labgeotec\/wp-json\/wp\/v2\/types\/page"}],"author":[{"embeddable":true,"href":"https:\/\/www.ufsm.br\/laboratorios\/labgeotec\/wp-json\/wp\/v2\/users\/124"}],"replies":[{"embeddable":true,"href":"https:\/\/www.ufsm.br\/laboratorios\/labgeotec\/wp-json\/wp\/v2\/comments?post=23"}],"version-history":[{"count":0,"href":"https:\/\/www.ufsm.br\/laboratorios\/labgeotec\/wp-json\/wp\/v2\/pages\/23\/revisions"}],"wp:attachment":[{"href":"https:\/\/www.ufsm.br\/laboratorios\/labgeotec\/wp-json\/wp\/v2\/media?parent=23"}],"wp:term":[{"taxonomy":"category","embeddable":true,"href":"https:\/\/www.ufsm.br\/laboratorios\/labgeotec\/wp-json\/wp\/v2\/categories?post=23"},{"taxonomy":"post_tag","embeddable":true,"href":"https:\/\/www.ufsm.br\/laboratorios\/labgeotec\/wp-json\/wp\/v2\/tags?post=23"}],"curies":[{"name":"wp","href":"https:\/\/api.w.org\/{rel}","templated":true}]}}