{"id":276,"date":"2020-06-21T18:11:16","date_gmt":"2020-06-21T21:11:16","guid":{"rendered":"https:\/\/www.ufsm.br\/laboratorios\/labinter\/?page_id=276"},"modified":"2024-03-21T16:27:38","modified_gmt":"2024-03-21T19:27:38","slug":"capitulos-de-livros","status":"publish","type":"page","link":"https:\/\/www.ufsm.br\/laboratorios\/labinter\/producao-cientifica\/capitulos-de-livros","title":{"rendered":"Cap\u00edtulos de Livros"},"content":{"rendered":"\t\t<div data-elementor-type=\"wp-page\" data-elementor-id=\"276\" class=\"elementor elementor-276\">\n\t\t\t\t\t\t<section class=\"elementor-section elementor-top-section elementor-element elementor-element-5e8ebd3 elementor-section-boxed elementor-section-height-default elementor-section-height-default\" data-id=\"5e8ebd3\" data-element_type=\"section\">\n\t\t\t\t\t\t<div class=\"elementor-container elementor-column-gap-default\">\n\t\t\t\t\t<div class=\"elementor-column elementor-col-100 elementor-top-column elementor-element elementor-element-c1e8295\" data-id=\"c1e8295\" data-element_type=\"column\">\n\t\t\t<div class=\"elementor-widget-wrap elementor-element-populated\">\n\t\t\t\t\t\t<div class=\"elementor-element elementor-element-326ffb5 elementor-widget__width-initial elementor-widget elementor-widget-text-editor\" data-id=\"326ffb5\" data-element_type=\"widget\" data-widget_type=\"text-editor.default\">\n\t\t\t\t<div class=\"elementor-widget-container\">\n\t\t\t\t\t\t\t<p style=\"color: #000000;font-size: 16px\"><span style=\"font-family: Tahoma, Geneva, sans-serif;font-size: 11px;text-align: left\">HILDEBRAND, H. R. ;\u00a0<\/span><span style=\"font-family: Tahoma, Geneva, sans-serif;font-size: 11px;background-image: none;background-position: 0px 0px;background-size: initial;background-attachment: scroll;border: 0px none;margin: 0px;padding: 0px;vertical-align: baseline;text-align: left\">OLIV<\/span><span style=\"font-family: Tahoma, Geneva, sans-serif;font-size: 11px;background-image: none;background-position: 0px 0px;background-size: initial;background-attachment: scroll;border: 0px none;margin: 0px;padding: 0px;vertical-align: baseline;text-align: left\">EIRA, Andr<\/span><span style=\"font-family: Tahoma, Geneva, sans-serif;font-size: 11px;background-image: none;background-position: 0px 0px;background-size: initial;background-attachment: scroll;border: 0px none;margin: 0px;padding: 0px;vertical-align: baseline;text-align: left\">\u00e9ia Machado<\/span><br style=\"color: #000000;font-size: 16px\" \/><a href=\"https:\/\/www.hrenatoh.net\/curso\/procria\/conexoessistemicasnasredes.pdf\"><strong><span style=\"font-family: Tahoma, Geneva, sans-serif;font-size: 11px;background-image: none;background-position: 0px 0px;background-size: initial;background-attachment: scroll;border: 0px none;margin: 0px;padding: 0px;vertical-align: baseline;text-align: left\"><span style=\"font-family: Tahoma, Geneva, sans-serif;font-size: 11px\">CONEX\u00d5ES SIST\u00caMICAS NAS REDES: APROXIMA\u00c7\u00d5ES entre arte e matem\u00e1tica. In: Christine Mello. (Org.). Extremidades: experimentos cr\u00edticos 2. 1ed.S\u00e3o Paulo: Ed. dos Autores, 2023, v. 1, p. 198-237.<\/span><\/span><\/strong><\/a><span style=\"font-size: 1rem\"><span style=\"font-weight: bold\"><br \/><\/span><\/span><\/p><p style=\"color: #000000;font-size: 16px\"><span style=\"font-family: Tahoma, Geneva, sans-serif;font-size: 11px;background-image: none;background-position: 0px 0px;background-size: initial;background-attachment: scroll;border: 0px none;margin: 0px;padding: 0px;vertical-align: baseline;text-align: left\"><span style=\"font-family: Tahoma, Geneva, sans-serif;font-size: 11px;background-image: none;background-position: 0px 0px;background-size: initial;background-attachment: scroll;border: 0px none;margin: 0px;padding: 0px;vertical-align: baseline\">OLIVEIRA, Andreia Machado<\/span><\/span><span style=\"font-family: Tahoma, Geneva, sans-serif;font-size: 11px;font-weight: bold;background-image: none;background-position: 0px 0px;background-size: initial;background-attachment: scroll;border: 0px none;margin: 0px;padding: 0px;vertical-align: baseline;text-align: left\"><br style=\"color: #000000;font-size: 16px;font-weight: 400;text-align: justify\" \/><a href=\"https:\/\/repositorio.sis.puc-campinas.edu.br\/handle\/123456789\/16990\"><span style=\"font-family: Tahoma, Geneva, sans-serif;font-size: 11px\">Produ\u00e7\u00e3o de imagens na cultura t\u00e9cnica. In: Tarcisio Torres Silva (Organizador), Juliana Doretto (Organizadora), Jo\u00e3o Paulo Hergesel (Organizador). (Org.). Redes digitais e culturas ativistas 1: arte, cidades e ativismo. 1ed.S\u00e3o Paulo: CLEA Editorial, 2022, v. 1, p. 95-112.<\/span><\/a><span style=\"font-family: Tahoma, Geneva, sans-serif;font-size: 11px;font-weight: 400\"><br \/><\/span><\/span><\/p><p style=\"color: #000000;font-size: 16px\"><span style=\"font-family: Tahoma, Geneva, sans-serif;font-size: 11px;background-image: none;background-position: 0px 0px;background-size: initial;background-attachment: scroll;border: 0px none;margin: 0px;padding: 0px;vertical-align: baseline;text-align: left\"><span style=\"font-family: Tahoma, Geneva, sans-serif;font-size: 11px;background-image: none;background-position: 0px 0px;background-size: initial;background-attachment: scroll;border: 0px none;margin: 0px;padding: 0px;vertical-align: baseline\">OLIVEIRA, Andr\u00e9ia Machado<\/span><\/span><span style=\"font-family: Tahoma, Geneva, sans-serif;font-size: 11px;font-weight: bold;background-image: none;background-position: 0px 0px;background-size: initial;background-attachment: scroll;border: 0px none;margin: 0px;padding: 0px;vertical-align: baseline;text-align: left\"><br style=\"color: #000000;font-size: 16px;font-weight: 400;text-align: justify\" \/><a href=\"https:\/\/labfront.weebly.com\/relaccedilotildees-entre-arte-ciecircncia-e-tecnologia.html\"><span style=\"font-family: Tahoma, Geneva, sans-serif;font-size: 11px\">MEM\u00d3RIA BIOL\u00d3GICA, PS\u00cdQUICA E COLETIVA EM ARTE E TECNOLOGIA. In: Pablo Gobira , Ra\u00fal Ni\u00f1o Bernal. (Org.). Rela\u00e7\u00f5es entre arte, ci\u00eancia e tecnologia : tend\u00eancias criativas contempor\u00e2neas. 1ed.Belo Horizonte: LPF ? EDITORA DO LABORAT\u00d3RIO DE PO\u00c9TICAS FRONTEIRI\u00c7AS, 2021, v. 1, p. 223-236.<\/span><\/a><span style=\"font-family: Tahoma, Geneva, sans-serif;font-size: 11px;font-weight: 400\"><br \/><\/span><\/span><\/p><p style=\"color: #000000;font-size: 16px\"><span style=\"font-family: Tahoma, Geneva, sans-serif;font-size: 11px;background-image: none;background-position: 0px 0px;background-size: initial;background-attachment: scroll;border: 0px none;margin: 0px;padding: 0px;vertical-align: baseline;text-align: left\"><span style=\"font-family: Tahoma, Geneva, sans-serif;font-size: 11px;background-image: none;background-position: 0px 0px;background-size: initial;background-attachment: scroll;border: 0px none;margin: 0px;padding: 0px;vertical-align: baseline\">OLIVEIRA, Andreia Machado<\/span><\/span><span style=\"font-family: Tahoma, Geneva, sans-serif;font-size: 11px;font-weight: bold;background-image: none;background-position: 0px 0px;background-size: initial;background-attachment: scroll;border: 0px none;margin: 0px;padding: 0px;vertical-align: baseline;text-align: left\"><span style=\"font-family: Tahoma, Geneva, sans-serif;font-size: 11px;font-weight: 400\">. <a href=\"https:\/\/anpap.org.br\/wp-content\/uploads\/2023\/05\/Livro-dispersoes-com-creditos.pdf\"><strong>ASPECTOS BIOL\u00d3GICOS E TECNOL\u00d3GICOS DAS IMAGENS EM PR\u00c1TICAS ART\u00cdSTICAS. In: Manoela dos Anjos Afonso Rodrigues , Cleomar de Sousa Rocha. (Org.). Dispers\u00f5es. 1ed.Goiania: Associa\u00e7\u00e3o Nacional de Pesquisadores em Artes Pl\u00e1sticas &#8211; ANPAP : Universidade Federal de Goi\u00e1s (UFG, 2021, v. 1, p. 358-368.<\/strong><\/a><\/span><span style=\"font-family: Tahoma, Geneva, sans-serif;font-size: 11px;font-weight: 400\"><br \/><\/span><\/span><\/p><p style=\"color: #000000;font-size: 16px\"><span style=\"font-family: Tahoma, Geneva, sans-serif;font-size: 11px;background-image: none;background-position: 0px 0px;background-size: initial;background-attachment: scroll;border: 0px none;margin: 0px;padding: 0px;vertical-align: baseline;text-align: left\"><span style=\"font-family: Tahoma, Geneva, sans-serif;font-size: 11px;background-image: none;background-position: 0px 0px;background-size: initial;background-attachment: scroll;border: 0px none;margin: 0px;padding: 0px;vertical-align: baseline\">OLIVEIRA, Andreia<\/span><\/span><span style=\"font-family: Tahoma, Geneva, sans-serif;font-size: 11px;background-image: none;background-position: 0px 0px;background-size: initial;background-attachment: scroll;border: 0px none;margin: 0px;padding: 0px;vertical-align: baseline;text-align: left\"><span style=\"font-family: Tahoma, Geneva, sans-serif;font-size: 11px;background-image: none;background-position: 0px 0px;background-size: initial;background-attachment: scroll;border: 0px none;margin: 0px;padding: 0px;vertical-align: baseline\"> Machado<\/span><\/span><span style=\"font-family: Tahoma, Geneva, sans-serif;font-size: 11px;background-image: none;background-position: 0px 0px;background-size: initial;background-attachment: scroll;border: 0px none;margin: 0px;padding: 0px;vertical-align: baseline;text-align: left\"><span style=\"font-family: Tahoma, Geneva, sans-serif;font-size: 11px;font-weight: 400\">;<\/span><\/span><span style=\"font-family: Tahoma, Geneva, sans-serif;font-size: 11px;font-weight: bold;background-image: none;background-position: 0px 0px;background-size: initial;background-attachment: scroll;border: 0px none;margin: 0px;padding: 0px;vertical-align: baseline;text-align: left\"><span style=\"font-family: Tahoma, Geneva, sans-serif;font-size: 11px;font-weight: 400\"> FARRA, Ricardo Dal ; CAMARGO, M. M. S. .<a href=\"https:\/\/www.livrosabertos.abcd.usp.br\/portaldelivrosUSP\/catalog\/download\/735\/653\/2420?inline=1\"> <strong>PR\u00c1TICAS ENTRE PLANET\u00c1RIOS E LABORAT\u00d3RIOS DE ARTE E TECNOLOGIA COM PROJE\u00c7\u00d5ES FULLDOME: PROJETOS COLABORATIVOS E REDES DE SOCIABILIDADE ENTRE BRASIL E ARGENTINA .. In: J\u00falio C\u00e9sar Suzuki; Maria Margarida Cintra Nepomuceno; Gilvan Charles Cerqueira de Ara\u00fajo. (Org.). A dimens\u00e3o cultural nos processos de integra\u00e7\u00e3o entre pa\u00edses da Am\u00e9rica Latina. 1ed.S\u00e3o Paulo: FFLCH\/USP, PROLAM\/USP, 2021, v. 1, p. 50-74.<\/strong><\/a><\/span><span style=\"font-family: Tahoma, Geneva, sans-serif;font-size: 11px;font-weight: 400\"><br \/><\/span><\/span><\/p><p style=\"color: #000000;font-size: 16px\"><span style=\"font-family: Tahoma, Geneva, sans-serif;font-size: 11px;font-weight: bold;background-image: none;background-position: 0px 0px;background-size: initial;background-attachment: scroll;border: 0px none;margin: 0px;padding: 0px;vertical-align: baseline;text-align: left\"><span style=\"font-family: Tahoma, Geneva, sans-serif;font-size: 11px;font-weight: 400\">HILDEBRAND, Hermes Renato ;\u00a0<\/span><\/span><span style=\"font-family: Tahoma, Geneva, sans-serif;font-size: 11px;background-image: none;background-position: 0px 0px;background-size: initial;background-attachment: scroll;border: 0px none;margin: 0px;padding: 0px;vertical-align: baseline;text-align: left\"><span style=\"font-family: Tahoma, Geneva, sans-serif;font-size: 11px;background-image: none;background-position: 0px 0px;background-size: initial;background-attachment: scroll;border: 0px none;margin: 0px;padding: 0px;vertical-align: baseline\">OLIVEIRA, Andreia Machado<\/span><\/span><span style=\"font-family: Tahoma, Geneva, sans-serif;font-size: 11px;font-weight: bold;background-image: none;background-position: 0px 0px;background-size: initial;background-attachment: scroll;border: 0px none;margin: 0px;padding: 0px;vertical-align: baseline;text-align: left\"><span style=\"font-family: Tahoma, Geneva, sans-serif;font-size: 11px;font-weight: 400\">\u00a0. <a href=\"https:\/\/www.hrenatoh.net\/curso\/procria\/conexoessistemicasnasredes.pdf\"><strong>CONEX\u00d5ES SIST\u00caMICAS NAS REDES: APROXIMA\u00c7\u00d5ES ENTRE ARTE E MATEM\u00c1TICA. In: Christine Mello. (Org.). Extremidades: experimentos cr\u00edticos 2. 1ed.S\u00e3o Paulo: Esta\u00e7\u00e3o das Letras e Cores, 2021, v. 1, p. 1-25.<\/strong><\/a><\/span><\/span><\/p><p><span style=\"font-family: Tahoma, Geneva, sans-serif;font-size: 11px;text-align: left\">PALAZUELOS, Felix Rebolledo ;<strong>\u00a0<\/strong><\/span><span style=\"font-family: Tahoma, Geneva, sans-serif;font-size: 11px;text-align: left;background-image: none;background-position: 0px 0px;background-size: initial;background-attachment: scroll;border: 0px none;margin: 0px;padding: 0px;vertical-align: baseline\">OLIVEIRA, Andr\u00e9ia Machado<\/span><span style=\"font-family: Tahoma, Geneva, sans-serif;font-size: 11px;text-align: left\">\u00a0. <strong>Imagistic Projection as Relational Becoming. In: Gabriel Menotti; Virginia Crisp. (Org.). Practices of Projection. 1ed.New York, NY: Oxford University Press, 2020, v. 1, p. 263-282.<\/strong><\/span><\/p><p><span style=\"font-family: Tahoma, Geneva, sans-serif;font-size: 11px;text-align: left\">ROSA, R. ;\u00a0<\/span>OLIVEIRA, Andreia Machado<span style=\"font-family: Tahoma, Geneva, sans-serif;font-size: 11px;text-align: left\">\u00a0; SINGO, F. ; SANVECA, L. . <a href=\"https:\/\/csgamestidd.files.wordpress.com\/2020\/09\/estetica-do-jogo-first.pdf\"><strong>Contribui\u00e7\u00f5es entre Brasil e Mo\u00e7ambique: pesquisas interculturais e educomunicativas. In: Rosane Rosa; Andreia Machado Oliveira; Felix Singo; Leonilda Sanveca. (Org.). Media\u00e7\u00f5es educomunicativas e interculturais entre Brasil e Mo\u00e7ambique. 1ed.Porot Alegre\/Maputo: FI\/Educar, 2020, v. 1, p. 11-19.<\/strong><\/a><\/span><span style=\"font-family: Tahoma, Geneva, sans-serif;font-size: 11px;text-align: left\"><br \/><\/span><\/p><p>OLIVEIRA, Andr\u00e9ia Machado<b><br \/><span style=\"font-size: 1rem\">Escritas D&#8217;agua &#8211; Ensaio Visual In: Encontro Internacional Pure Print.1 ed.Porto Alegre: Marcavisual, 2019, v.1, p. 35-40.<\/span><\/b><\/p><p>OLIVEIRA, Andr\u00e9ia Machado<br \/><span style=\"font-size: 1rem\"><b>LATI &#8211; LABINTER\/UFSM In: LATI &#8211; Rede de Laborat\u00f3rios de Arte, Tecnologia e Inova\u00e7\u00e3o (2016).1 ed.GOIANIA: MediaLab &#8211; UFC, 2019, v.1, p. 28-70.<\/b><\/span><\/p><p>MALLMANN, K.; OLIVEIRA, Andr\u00e9ia Machado; GOTTLIEB, B.; BALDUINO, E.; LIMA, G.; HILDEBRAND, H. R.; SALES, J. S.<br \/><a href=\"https:\/\/csgamestidd.files.wordpress.com\/2020\/09\/estetica-do-jogo-first.pdf\"><span style=\"font-size: 1rem\"><b>Modos de cria\u00e7\u00e3o e compartilhamentos: jogo colaborativo em comunidade Kaing\u00e1ng In: Est\u00e9tica do jogo: arte, mec\u00e2nica e narrativa.1 ed.S\u00e3o Paulo: C0D3S, 2019, v.1, p. 45-53.<\/b><\/span><\/a><\/p><p>LINCK, J. O.; OLIVEIRA, Andr\u00e9ia Machado<br \/><a href=\"https:\/\/www.ufsm.br\/app\/uploads\/sites\/391\/2019\/10\/Tecnologias-Educacionais-em-Rede-Produtos-e-pr%C3%A1ticas-inovadoras.pdf\"><span style=\"font-size: 1rem\"><b>Narrativas digitais na educa\u00e7\u00e3o: rela\u00e7\u00f5es e agenciamentos a partir de dispositivos m\u00f3veis In: Tecnologias educacionais em rede : produtos e pr\u00e1ticas inovadoras.1 ed.Santa Maria: FACOS\/UFSM, 2019, v.1, p. 17-34.<\/b><\/span><\/a><\/p><p>SANTOS, N. C.; OLIVEIRA, Andr\u00e9ia Machado<br \/><a href=\"https:\/\/www.ufsm.br\/app\/uploads\/sites\/740\/2018\/12\/ebook_10anos_ppgart_2018.pdf\"><span style=\"font-size: 1rem\"><b>Apresenta\u00e7\u00e3o In: PPGART 2007-2017: hist\u00f3rico e percurso.1 ed.Santa Maria: Editora do PPGART, 2018, v.1, p. 07-10.<\/b><\/span><\/a><\/p><p>SANTOS, N. C.; OLIVEIRA, Andr\u00e9ia Machado; DOKHORN, G.; GRASSI, L. C.; MOMBELI, N.; BORBA, M.; TREULIEB, L.; DONADUZZI, C.; PARABONI, M.<b><br \/><\/b><a href=\"https:\/\/www.ufsm.br\/app\/uploads\/sites\/740\/2019\/01\/ebook-arte-cinema-e-audiovisual-2018.pdf\"><span style=\"font-size: 1rem\"><b>Arte, Cinema e Audiovisual: Cen\u00e1rio de Santa Maria para um Curso de Gradua\u00e7\u00e3o na \u00c1rea In: Arte, Cinema e Audiovisual.1 ed.Santa Maria: Editora PPGART, 2018, v.1, p. 175-191<\/b>.<\/span><\/a><\/p><p>OLIVEIRA, Andr\u00e9ia Machado<b><br \/><span style=\"font-size: 1rem\">LABINTER: PESQUISA E CRIA\u00c7\u00c3O EM ARTE, CI\u00caNCIA E TECNOLOGIA In: PPGART 2007-2017: hist\u00f3rico e percurso.1 ed.Santa Maria: Editora do PPAGRT, 2018, v.1, p. 131-142.<\/span><\/b><\/p><p>LINCK, J. O.; OLIVEIRA, Andreia Machado<b><br \/><span style=\"font-size: 1rem\">Apresenta\u00e7\u00e3o In: Hiperlinks da ciberliteratura.1 ed.Rio de Janeiro: Mares, 2017, v.1, p. 9-14.<\/span><\/b><\/p><p>DUARTE, F.; OLIVEIRA, Andreia Machado<br \/><a href=\"https:\/\/www.ufsm.br\/app\/uploads\/sites\/391\/2019\/04\/livro-ppgter-1.pdf\"><span style=\"font-size: 1rem\"><b>CINEMA, EDUCA\u00c7\u00c3O E TECNOLOGIAS DIGITAIS NO PROGRAMA MAIS EDUCA\u00c7\u00c3O In: Tecnologias educacionais em rede : produtos e pr\u00e1ticas inovadoras.1 ed.Santa Maria: pE.com UFSM, 2017, v.1, p. 139-154.<\/b><\/span><\/a><\/p><p>GONCALVES, J.; OLIVEIRA, Andreia Machado<br \/><a href=\"https:\/\/www.ufsm.br\/app\/uploads\/sites\/391\/2019\/10\/Tecnologias-Educacionais-em-Rede-Produtos-e-pr%C3%A1ticas-inovadoras.pdf\"><span style=\"font-size: 1rem\"><b>EDUCA\u00c7\u00c3O MUSICAL INTERATIVA (EMI) E TECNOLOGIAS EDUCACIONAIS APLICADAS AO ENSINO DE M\u00daSICA In: Tecnologias educacionais em rede : produtos e pr\u00e1ticas inovadoras.1 ed.Santa Maria: pE.com UFSM, 2017, v.1, p. 181-202.<\/b><\/span><\/a><\/p><p>OLIVEIRA, Andreia Machado; Hermes Renato Hildebrand<br \/><span style=\"font-size: 1rem\"><b>Igni\u00e7\u00f5es &#8211; modos operacionais dinamizando o processo criativo In: Igni\u00e7\u00f5es.1 ed.Goi\u00e2nia: Gr\u00e1fica UFG, 2017, v.1, p. 171-190.<\/b><\/span><\/p><p>LINCK, J. O.; OLIVEIRA, Andreia Machado<br \/><span style=\"font-size: 1rem\"><b>NARRATIVAS DIGITAIS NA EDUCA\u00c7\u00c3O: RELA\u00c7\u00d5ES E AGENCIAMENTOS A PARTIR DE DISPOSITIVOS M\u00d3VEIS In: Hiperlinks da ciberliteratura.1 ed.Rio de Janeiro: Mares, 2017, v.1, p. 15-43.<\/b><\/span><\/p><p>OLIVEIRA, Andreia Machado<br \/><a href=\"https:\/\/www.academia.edu\/34715510\/Design_arte_ci%C3%AAncia_tecnologia_conex%C3%B5es_te%C3%B3rico_pr%C3%A1ticas\"><span style=\"font-size: 1rem\"><b>TECNOLOGIAS DE PROJE\u00c7\u00c3O E SUAS M\u00daLTIPLAS SUPERF\u00cdCIES DE INTERA\u00c7\u00c3O In: Conex\u00f5es do Design com Arte, Ci\u00eancia e Tecnologia: Projeta\u00e7\u00f5es Ativistas.1 ed.Santa Maria: Editora do PPGART, 2017, v.1, p. 43-53.<\/b><\/span><\/a><\/p><p>RADAELLI, M.; OLIVEIRA, Andreia Machado<br \/><a href=\"https:\/\/repositorio.ufsm.br\/handle\/1\/18759\"><span style=\"font-size: 1rem\"><b>TECNOLOGIAS EDUCACIONAIS EM REDE, INOVA\u00c7\u00c3O E DEMOCRATIZA\u00c7\u00c3O: DESAFIOS PARA A ESCOLA P\u00daBLICA In: Tecnologias educacionais em rede : produtos e pr\u00e1ticas inovadoras.1 ed.Santa Maria: pE.com UFSM, 2017, v.1, p. 219-234.<\/b><\/span><\/a><\/p><p>OLIVEIRA, Andreia Machado; PALAZUELOS, F. R.<br \/><a href=\"https:\/\/www.academia.edu\/37373310\/The_Dark_Precursor_Deleuze_and_Artistic_Research_vol_2_\"><span style=\"font-size: 1rem\"><b>The Image as a Process of Invention within Artistic Research In: The Dark Precursor: Deleuze and Artistic Research &#8211; Volume II The Dark Precursor in Image, Space, and Politics.1 ed.Leuven (Belgium): Leuven University Press, 2017, v.II, p. 395-400.<\/b><\/span><\/a><\/p><p>OLIVEIRA, Andreia Machado; Fonseca, Tania Mara Galli; MOEHLECKE, Vilene<b><br \/><a href=\"https:\/\/www.redalyc.org\/pdf\/3172\/317228456009.pdf\"><span style=\"font-size: 1rem\">Corpos que (se) trabalham: rela\u00e7\u00f5es \u00e9ticas na constru\u00e7\u00e3o de si e do coletivo In: Cl\u00ednicas do Trabalho e Paradigma Est\u00e9tica.1 ed.Porto Alegre: UFGS, 2016, v.1, p. 113-128.<\/span><\/a><\/b><\/p><p>OLIVEIRA, Andreia Machado<br \/><span style=\"font-size: 1rem\"><b>Incorpora\u00e7\u00f5es Tecnol\u00f3gicas em Sistemas Inventivos In: Hiperorg\u00e2nicos. Resson\u00e2ncias. Arte, Hibrida\u00e7\u00e3o e Biotelem\u00e1tica..1 ed.Rio de Janeiro: Rio Books, 2016, v.1, p. 74-89.<\/b><\/span><\/p><p>OLIVEIRA, Andreia Machado<b><br \/><a href=\"https:\/\/www.researchgate.net\/publication\/275833166_O_rinoceronte_de_Durer_e_suas_licoes_para_a_historiografia_da_ciencia\"><span style=\"font-size: 1rem\">Rinocerontes Tecnol\u00f3gicos no Percurso da Gravura In: Rhinocerus: Gravura, Palavra, Imagin\u00e1rio.1 ed.Porto Alegre: Libretos, 2016, v.1, p. 142-153.<\/span><\/a><\/b><\/p><p>SANTOS, N. C.; CARVALHO, A. M. A.; RAMOS, P. V.; OLIVEIRA, Andreia Machado<br \/><span style=\"font-size: 1rem\"><b>Apresenta\u00e7\u00e3o In: Compartilhamentos na Arte: redes e conex\u00f5es.1 ed.Santa Maria: FACOS, 2015, v.1, p. 7-7.<\/b><\/span><\/p><p>OLIVEIRA, Andr\u00e9ia Machado<b><br \/><span style=\"font-size: 1rem\">Aproxima\u00e7\u00f5es entre Arte e Tecnologias de Informa\u00e7\u00e3o e Comunica\u00e7\u00e3o a partir de paradigma \u00e9tico-est\u00e9tico na Educa\u00e7\u00e3o In: Educa\u00e7\u00e3o e Comunica\u00e7\u00e3o para os Direitos Humanos.1 ed.Iju\u00ed: Cole\u00e7\u00e3o Direitos Humanos e Democracia &#8211; Editora Uniju\u00ed., 2015, v.1, p. 1-250.<\/span><\/b><\/p><p>OLIVEIRA, Andr\u00e9ia Machado; OUTROS,<b><br \/><a href=\"https:\/\/www.academia.edu\/7883254\/Arte_ci%C3%AAncia_tecnologia_o_sistema_da_arte_em_perspectiva\"><span style=\"font-size: 1rem\">Conversa com Andr\u00e9ia Oliveira In: Arte-Ci\u00eancia-Tecnologia: o sistema da arte em perspectiva.1 ed.Silveira Martins: Lab Piloto, 2014, v.1, p. 170-183.<\/span><\/a><\/b><\/p><p>OLIVEIRA, Andr\u00e9ia Machado; PALAZUELOS, F. R.<b><br \/><\/b><span style=\"font-size: 1rem\"><b>Produ\u00e7\u0101o de Document\u00e1rios com Dispositivos M\u00f3veis: dois projetos em comunidades do Brasil In: Avanca \/ Cinema 2014.1 ed.Avanca: Cine Clube de Avanca, 2014, v.1, p. 1272-1276<\/b>.<\/span><\/p><p>OLIVEIRA, Andreia Machado; ROSA, R.<br \/><span style=\"font-size: 1rem\"><b>Apresenta\u00e7\u00e3o In: Tic aplicadas \u00e0 educa\u00e7\u00e3o: usos, apropria\u00e7\u00f5es e converg\u00eancias.1 ed.Santa Maria: FACOS, 2013, v.1, p. 7-10.<\/b><\/span><\/p><p>GUTIERREZ, F. L. G.; OLIVEIRA, Andreia Machado; GOMES, M. T. S.<br \/><span style=\"font-size: 1rem\"><b>Apresenta\u00e7\u00e3o In: Tecnologia, Cultura y Sociedad en el contexto latinoamericano.1 ed.Medellin: Fondo Editorial del ITM, 2013, v.1, p. 1-3<\/b>.<\/span><\/p><p>OLIVEIRA, Andr\u00e9ia Machado; BRAGA, A. F.<br \/><a href=\"https:\/\/repositorio.ufsm.br\/handle\/1\/1259\"><span style=\"font-size: 1rem\"><b>O uso de jogos educativos digitais no processo de ensino-aprendizagem de l\u00edngua estrangeira In: Tic aplicadas \u00e0 educa\u00e7\u00e3o: usos, apropria\u00e7\u00f5es e converg\u00eancias.1 ed.Santa Maria: FACOS, 2013, v.1, p. 377-398.<\/b><\/span><\/a><\/p><p>OLIVEIRA, Andr\u00e9ia Machado; REBOLLEDO, F.<br \/><a href=\"https:\/\/repositorio.itm.edu.co\/bitstream\/handle\/20.500.12622\/1929\/TECNOLOGIA%2C%20CULTURA%20Y%20SOCIEDAD%20EN%20EL%20CONTEXTO%20LATINOAMERICANO.pdf?sequence=1&amp;isAllowed=y\"><span style=\"font-size: 1rem\"><b>(Re)constru\u00e7\u00f5es urbanas a partir de uma filosofia das m\u00e1quinas In: Tecnologia, Cultura y Sociedad en el contexto latinoamericano.1 ed.Medelin: Fondo Editorial del ITM, 2013, v.1, p. 19-31.<\/b><\/span><\/a><\/p><p>FONSECA, T. M. G.; AMADOR, F. S.; OLIVEIRA, Andr\u00e9ia Machado<br \/><span style=\"font-size: 1rem\"><b>Imagem e Literalidade &#8211; o figural do mundo In: Imagens no Pesquisador: Experimenta\u00e7\u00f5es.1 ed.Porto Alegre: Dom Quixote, 2011, v.1, p. 73-97.<\/b><\/span><\/p>\t\t\t\t\t\t<\/div>\n\t\t\t\t<\/div>\n\t\t\t\t\t<\/div>\n\t\t<\/div>\n\t\t\t\t\t<\/div>\n\t\t<\/section>\n\t\t\t\t<\/div>\n\t\t","protected":false},"excerpt":{"rendered":"<p>HILDEBRAND, H. R. ;\u00a0OLIVEIRA, Andr\u00e9ia MachadoCONEX\u00d5ES SIST\u00caMICAS NAS REDES: APROXIMA\u00c7\u00d5ES entre arte e matem\u00e1tica. In: Christine Mello. (Org.). Extremidades: experimentos cr\u00edticos 2. 1ed.S\u00e3o Paulo: Ed. dos Autores, 2023, v. 1, p. 198-237. OLIVEIRA, Andreia MachadoProdu\u00e7\u00e3o de imagens na cultura t\u00e9cnica. In: Tarcisio Torres Silva (Organizador), Juliana Doretto (Organizadora), Jo\u00e3o Paulo Hergesel (Organizador). (Org.). Redes digitais [&hellip;]<\/p>\n","protected":false},"author":2498,"featured_media":0,"parent":33,"menu_order":0,"comment_status":"closed","ping_status":"closed","template":"","meta":{"footnotes":""},"categories":[133],"tags":[],"class_list":["post-276","page","type-page","status-publish","hentry","category-producao-cientifica"],"acf":[],"_links":{"self":[{"href":"https:\/\/www.ufsm.br\/laboratorios\/labinter\/wp-json\/wp\/v2\/pages\/276","targetHints":{"allow":["GET"]}}],"collection":[{"href":"https:\/\/www.ufsm.br\/laboratorios\/labinter\/wp-json\/wp\/v2\/pages"}],"about":[{"href":"https:\/\/www.ufsm.br\/laboratorios\/labinter\/wp-json\/wp\/v2\/types\/page"}],"author":[{"embeddable":true,"href":"https:\/\/www.ufsm.br\/laboratorios\/labinter\/wp-json\/wp\/v2\/users\/2498"}],"replies":[{"embeddable":true,"href":"https:\/\/www.ufsm.br\/laboratorios\/labinter\/wp-json\/wp\/v2\/comments?post=276"}],"version-history":[{"count":0,"href":"https:\/\/www.ufsm.br\/laboratorios\/labinter\/wp-json\/wp\/v2\/pages\/276\/revisions"}],"up":[{"embeddable":true,"href":"https:\/\/www.ufsm.br\/laboratorios\/labinter\/wp-json\/wp\/v2\/pages\/33"}],"wp:attachment":[{"href":"https:\/\/www.ufsm.br\/laboratorios\/labinter\/wp-json\/wp\/v2\/media?parent=276"}],"wp:term":[{"taxonomy":"category","embeddable":true,"href":"https:\/\/www.ufsm.br\/laboratorios\/labinter\/wp-json\/wp\/v2\/categories?post=276"},{"taxonomy":"post_tag","embeddable":true,"href":"https:\/\/www.ufsm.br\/laboratorios\/labinter\/wp-json\/wp\/v2\/tags?post=276"}],"curies":[{"name":"wp","href":"https:\/\/api.w.org\/{rel}","templated":true}]}}