{"id":280,"date":"2020-06-21T19:19:12","date_gmt":"2020-06-21T22:19:12","guid":{"rendered":"https:\/\/www.ufsm.br\/laboratorios\/labinter\/?page_id=280"},"modified":"2026-01-21T13:54:58","modified_gmt":"2026-01-21T16:54:58","slug":"artigos-em-anais-e-proceedings","status":"publish","type":"page","link":"https:\/\/www.ufsm.br\/laboratorios\/labinter\/producao-cientifica\/artigos-em-anais-e-proceedings","title":{"rendered":"Artigos em Anais e Proceedings"},"content":{"rendered":"\t\t<div data-elementor-type=\"wp-page\" data-elementor-id=\"280\" class=\"elementor elementor-280\">\n\t\t\t\t\t\t<section class=\"elementor-section elementor-top-section elementor-element elementor-element-cd4567a elementor-section-boxed elementor-section-height-default elementor-section-height-default\" data-id=\"cd4567a\" data-element_type=\"section\">\n\t\t\t\t\t\t<div class=\"elementor-container elementor-column-gap-default\">\n\t\t\t\t\t<div class=\"elementor-column elementor-col-100 elementor-top-column elementor-element elementor-element-65a40c9\" data-id=\"65a40c9\" data-element_type=\"column\">\n\t\t\t<div class=\"elementor-widget-wrap elementor-element-populated\">\n\t\t\t\t\t\t<div class=\"elementor-element elementor-element-f90b24a elementor-widget elementor-widget-text-editor\" data-id=\"f90b24a\" data-element_type=\"widget\" data-widget_type=\"text-editor.default\">\n\t\t\t\t<div class=\"elementor-widget-container\">\n\t\t\t\t\t\t\t<p>DOS SANTOS, CAMILA ;\u00a0MACHADO OLIVEIRA, ANDREIA\u00a0. ENTRE FRONTEIRAS TECNOPO\u00c9TICAS, UM SISTEMA TRANSDUTIVO: NOTAS SOBRE CORPO, SOM, IMAGEM E ELETROMAGNETISMO. In: 32\u00ba Encontro Nacional da ANPAP Formas de vida, 2024, Fortaleza. Formas de Vida &#8211; <a href=\"https:\/\/www.even3.com.br\/anais\/32anpap2023\/\"><strong>Anais do 32\u00ba Encontro Nacional da ANPAP. Fortaleza: Even3, 2023. v. 1.<\/strong><\/a><\/p><p>DOS SANTOS, CAMILA ; CAMARGO, MATHEUS MORENO DOS SANTOS ;\u00a0OLIVEIRA, Andr\u00e9ia Machado\u00a0; URQUHART DUARTE, FABIANE ; MALLMANN, KALINKA . AIR: pr\u00e1ticas colaborativas e em rede em ambientes interdisciplinares imersivos interativos. In: 8\u00ba Congresso Internacional de Arte, Ci\u00eancia e Tecnologia e Semin\u00e1rio de Artes Digitais 2023, 2023, Belo Horizonte. <a href=\"https:\/\/seminarioartesdigitais.weebly.com\/ediccedilatildeo-atual.html\"><strong>Anais do 8\u00ba Congresso Internacional de Arte, Ci\u00eancia e Tecnologia e Semin\u00e1rio de Artes Digitais 2023. Labfront\/UEMG, 2023. v. 1. p. 1-12.<\/strong><\/a><\/p><p>OLIVEIRA, Andr\u00e9ia Machado\u00a0. Corpo, imagem, som e eletromagnetismo: uma po\u00e9tica transdutiva entre fronteiras tecnopo\u00e9. In: Corpo, imagem, som e eletromagnetismo: uma po\u00e9tica transdutiva entre fronteiras tecnopo\u00e9ticas, 2023, Belo Horizonte. <a href=\"https:\/\/seminarioartesdigitais.weebly.com\/ediccedilatildeo-atual.html\"><strong>Anais do 8\u00ba Congresso Internacional de Arte, Ci\u00eancia e Tecnologia e Semin\u00e1rio de Artes Digitais 2023.. Belo Horizonte: Labfront\/UEMG, 2023. v. 1. p. 1-5.<\/strong><\/a><\/p><p>OLIVEIRA, Andreia Machado. Interconex\u00f5es entre P\u00f3s-humanismo e Intelig\u00eancia Artificial em Arte Algor\u00edtmica. In: <a href=\"https:\/\/www.academia.edu\/74311929\/20_FESTIVAL_INTERNACIONAL_DE_LA_IMAGEN_INTER_ESPECIES_Primera_edici%C3%B3n_Manizales_febrero_de_2022\"><strong>20 FESTIVAL INTERNACIONAL DE LA IMAGEN INTER\/ESPECIES, 2022, Manizales. 20 FESTIVAL INTERNACIONAL DE LA IMAGEN INTER\/ESPECIES. Manizales: Universidad de Caldas, 2022. v. 1. p. 287-296.<\/strong><\/a><\/p><p>DOS SANTOS, CAMILA ;\u00a0MACHADO OLIVEIRA, ANDREIA\u00a0. ARTE ATIVISMO E MICROPOL\u00cdTICAS DO COTIDIANO: UMA ATUALIZA\u00c7\u00c3O ATRAV\u00c9S DA PO\u00c9TICA DESDOBRADA \u00bfPEDRA NO SAPATO\u00bf. In: 30\u00ba Encontro Nacional da ANPAP (RE)EXIST\u00caNCIAS, 2022, Jo\u00e3o Pessoa. (Re)exist\u00eancias: <a href=\"https:\/\/www.even3.com.br\/anais\/30enanpap2021\/\"><strong>anais do 30\u00ba encontro nacional da ANPAP. Jo\u00e3o Pessoa: Even3, 2021. v<\/strong><\/a><\/p><p>LORENCI MALLMANN, KALINKA ;\u00a0MACHADO OLIVEIRA, ANDREIA\u00a0; RENATO HILDEBRAND, HERMES . ARTE, COLABORA\u00c7\u00c3O E TECNOLOGIA &#8211; O PROJETO DNA AKK E A CRIA\u00c7\u00c3O DE CONTEXTO DE ATIVA\u00c7\u00c3O CULTURAL. In: 30\u00ba Encontro Nacional da ANPAP (RE)EXIST\u00caNCIAS, 2022, Jo\u00e3o Pessoa. (Re)exist\u00eancias: <a href=\"https:\/\/www.even3.com.br\/anais\/30enanpap2021\/\"><strong>anais do 30\u00ba encontro nacional da ANPAP. Jo\u00e3o Pessoa: Even3, 2021. v. 1.<\/strong><\/a><\/p><p>DOS SANTOS, CAMILA ;\u00a0MACHADO OLIVEIRA, ANDREIA\u00a0. ULTRA SONORO: TRANSDU\u00c7\u00d5ES PO\u00c9TICAS DE SOM E IMAGEM ENTRE PAISAGENS, TRANSMISS\u00d5ES RADIOF\u00d4NICAS E STREAMING. In: 31\u00ba Encontro Nacional da ANPAP EXIST\u00caNCIAS, 2022. Exist\u00eancias: <a href=\"https:\/\/www.even3.com.br\/anais\/31enanpap2022\/\"><strong>Anais do 31\u00ba Encontro Nacional da ANPAP, 2022.<\/strong><\/a><\/p><p>LORENCI MALLMANN, KALINKA ;\u00a0MACHADO OLIVEIRA, ANDREIA\u00a0. ARTE, COLABORA\u00c7\u00c3O E TECNODIVERSIDADE PARA SE PENSAR EM M\u00daLTIPLAS EXIST\u00caNCIAS. In: 31\u00ba Encontro Nacional da ANPAP EXIST\u00caNCIAS, 2022, Recife. Exist\u00eancias: <a href=\"https:\/\/www.even3.com.br\/anais\/31enanpap2022\/\"><strong>Anais do 31\u00ba Encontro Nacional da ANPAP. Recife: Even3, 2022. v. 1.<\/strong><\/a><\/p><p>SANTOS, C. ;\u00a0OLIVEIRA, Andreia Machado\u00a0. Entre processamentos e transdu\u00e7\u00f5es, diferentes paisagens: po\u00e9ticas sonoras do FM ao streaming, ao podcast e \u00e0s paisagens f\u00edsicas e digitais. In:<a href=\"https:\/\/drive.google.com\/file\/d\/1POUSHeSZBtZtxSI03qKPkjj5V-2TgP64\/view\"><strong> PO\u00c9TICAS, ES 2022 ? XI Semin\u00e1rio Ibero-americano sobre o Processo de Cria\u00e7\u00e3o nas Artes &#8211; O que se constr\u00f3i nesse saber viver juntos?, 2022, Vit\u00f3ria. Saber ViVer juntos: um dilema da contemporaneidade. Jos\u00e9 Cirillo, Marcela Belo, \u00c2ngela Grando (org.).. Vit\u00f3ria, ES: Proex-Ufes\/ PPGA, 2022. v. 1. p. 509-515.<\/strong><\/a><\/p><p>SANTOS, C. ;\u00a0OLIVEIRA, Andreia Machado\u00a0. Transdu\u00e7\u00f5es abissais: entre a imagem e as ondas eletromagn\u00e9ticas, um corpo transiente. In: IX Simp\u00f3sio Internacional de Inova\u00e7\u00e3o em M\u00eddias Interativas, 2022, Santiago do Chile. <a href=\"http:\/\/medialab.unb.br\/index.php?option=com_sppagebuilder&amp;view=page&amp;id=17\"><strong>Anais do 21o. Encontro Internacional de Arte e Tecnologia. 9th. Balance-Unbalance. ENTROP\u00cdAS 2022.. Goi\u00e1s: Media Lab \/ BR, 2022. v. 1. p. 393-402.<\/strong><\/a><\/p><p>OLIVEIRA, Andreia Machado; MALLMANN, K. ; GOTTLIEB, B. ; BALDUINO, E. ; UZOEGWU, E. N. C. ; SALES, J. S. ; HILDEBRAND, Hermes Renato . A\u00e7\u00f5es colaborativas em arte e tecnologia pela ativa\u00e7\u00e3o dos modos culturais espec\u00edficos da cultura Kaingang. In: Panoramas 2021, 2021, Valencia. <strong>Anais do 20o. Encontro Internacional de Arte e Tecnologia. 8vo. Balance-Unbalance. PANORAMAS 2021. ROCHA, Cleomar; VENTURELLI, Suzete; MARTINEZ, Emilio (Orgs). Val\u00e8ncia, Espanha: Universitat Polit\u00e8cnica de Val\u00e8ncia; Media Lab \/ BR,2021. Valencia: Universitat Polit\u00e8cnica de Val\u00e8ncia, 2021. v. 1. p. 1-13.<\/strong><\/p><p>OLIVEIRA, Andreia Machado; CAMARGO, M. M. S. ; ALMEIDA, B. ; SANTOS, C. ; CARVALHO, D. ; DUARTE, F. ;\u00a0Hermes Renato Hildebrand\u00a0; ZINDELA, L. ; SZAFIR, M. ; SINGH, N. . CONTRAMONUMENTOS EM AMBIENTES IMERSIVOS E EM REDES NEURAIS COM CLASSIFICA\u00c7\u00c3O DE EMO\u00c7\u00d5ES. In: PANORAMAS 2021, 2021, Valencia.<a href=\"https:\/\/siimi.medialab.ufg.br\/\"> <strong>Anais do VIII Simp\u00f3sio Internacional de Inova\u00e7\u00e3o em M\u00eddias Interativas.. Valencia: Universitat Polit\u00e8cnica de Val\u00e8ncia; Media Lab, 2021. v. 1. p. 188-204.<\/strong><\/a><b style=\"background-image: none;background-position: 0px 0px;background-size: initial;background-attachment: scroll;border: 0px none;font-size: 11px;margin: 0px;padding: 0px;vertical-align: baseline;text-align: left;color: #326c99;font-family: Tahoma, Geneva, sans-serif\"><br \/><\/b><\/p><p>OLIVEIRA, Andreia Machado\u00a0. PEDRAS NO MEIO DO CAMINHO &#8211; REFLEX\u00d5ES SOBRE ARTE, ATIVISMO E TECNOLOGIA A PARTIR DA PERFORMANCE PEDRA NO SAPATO. In: IX SPMAV &#8211; Semin\u00e1rio de Pesquisa do Mestrado em Artes Visuais, 2021, PELOTAS. <a href=\"https:\/\/wp.ufpel.edu.br\/ppgartes\/publicacoes\/anais-spmav\/\"><strong>ANAIS DO IX SEMIN\u00c1RIO DE PESQUISA DO MESTRADO EM ARTES VISUAIS. Pelotas: Universidade Federal de Pelotas \/\/ UFPel, 2021. v. 1. p. 342-351.<\/strong><\/a><\/p><p>OLIVEIRA, Andreia Machado. Aspectos BIOL\u00d3GICOS E TECNOL\u00d3GICOS DAS IMAGENS EM PR\u00c1TICAS ART\u00cdSTICAS &#8211;<a href=\"https:\/\/anpap.org.br\/anais\/2020\/\"> <strong>Anais do 29\u00ba ENCONTRO NACIONAL DA ANPAP. In: 29\u00ba ENCONTRO DA ASSOCIA\u00c7\u00c3O NACIONAL DE PESQUISADORES EM ARTES PL\u00c1STICAS, 2020, Goi\u00e2nia. ANAIS DO 29\u00ba ENCONTRO DA ASSOCIA\u00c7\u00c3O NACIONAL DE PESQUISADORES EM ARTES PL\u00c1STICAS. Goi\u00e2nia: Associa\u00e7\u00e3o Nacional de Pesquisadores em Artes Pl\u00e1sticas (Anpap), 2020. v. 1. p. 2374-2381.<\/strong><\/a><\/p><p>OLIVEIRA, Andreia Machado. P\u00f3s-digital e Intelig\u00eancia Artificial: a import\u00e2ncia de um paradigma tecno-\u00e9tico-est\u00e9tico. In: VII Simp\u00f3sio Internacional de Inova\u00e7\u00e3o em M\u00eddias Interativas. HUB Eventos 2020, 2020, Sao Paulo. <a href=\"https:\/\/siimi.medialab.ufg.br\/\"><strong>Anais do VII Simp\u00f3sio Internacional de Inova\u00e7\u00e3o em M\u00eddias Interativas. HUB Eventos 2020. Sao Paulo: Media Lab \/ BR, PUC-SP, 2020. v. 1. p. 78-85.<\/strong><\/a><\/p><p>FREDRICH, V. E.; OLIVEIRA, Andr\u00e9ia Machado<br \/><span style=\"color: black;font-size: 1rem\">Anais do XXVIII Encontro Nacional da Associa\u00e7\u00e3o Nacional de Pesquisadores em Artes Pl\u00e1sticas. In: 28\u00ba ENCONTRO NACIONAL DA ASSOCIA\u00c7\u00c3O NACIONAL DE PESQUISADORES EM ARTES PL\u00c1STICAS, 2019, Cidade de Goiais.<br \/><\/span><b style=\"color: black;font-size: 1rem\">\u00a0 <a href=\"https:\/\/anpap.org.br\/anais\/2020\/\">Anais do XXVIII Encontro Nacional da Associa\u00e7\u00e3o Nacional de Pesquisadores em Artes Pl\u00e1sticas.. Cidade de Goiais: UNIVERSIDADE FEDERAL DE GOI\u00c1S, 2019. v.1. p.2478 &#8211; 2490<\/a><\/b><\/p><p>OLIVEIRA, Andr\u00e9ia Machado; MALLMANN, K.; SALES, J. S.; GOTTLIEB, B.; KAUFMANN, L. S.; CUSTODIO, E. P.; Hermes Renato Hildebrand<br \/><span style=\"color: black;font-size: 1rem\">Collaborative artistic practices in a Kaing\u00e1ng community as a dispositif for cultural development In: xCoAx 2019 7th Conference on Computation, Communication, Aesthetics &amp; X, 2019, Milao.<br \/><\/span><b style=\"color: black;font-size: 1rem\">\u00a0 <a href=\"https:\/\/i2ads.up.pt\/eventos\/xcoax-2019\/\">xCoAx 2019 7th Conference on Computation, Communication, Aesthetics &amp; X. Porto &#8211; Portugal: Universidade do Porto, 2019. v.1. p.180 &#8211; 189<\/a><\/b><\/p><p>FREDRICH, V. E.; OLIVEIRA, Andr\u00e9ia Machado<br \/><span style=\"color: black;font-size: 1rem\">Interatividade em proposi\u00e7\u00f5es do movimento corporal &#8211; SIIMI\/2019 VI Simposio Internacional en Medios Interactivos In: VI Simp\u00f3sio Internacional de Innovaci\u00f3n en Medios Interactivos. Mutaciones., 2019, Buenos Aires.<br \/><\/span><b style=\"color: black;font-size: 1rem\">\u00a0 <a href=\"https:\/\/files.cercomp.ufg.br\/weby\/up\/777\/o\/26_Interatividade_em_proposic%CC%A7o%CC%83es_do_movimento_corporal.pdf\">Anales del VI Simp\u00f3sio Internacional de Innovaci\u00f3n en Medios Interactivos. Mutaciones.. Buenos Aires: Universidad de Buenos Aires, 2019. v.1. p.271 &#8211; 282<\/a><\/b><\/p><p>OLIVEIRA, Andr\u00e9ia Machado; MALLMANN, K.; SALES, J. S.; PALAZUELOS, F. R.; TEPAL, E.<br \/><span style=\"color: black;font-size: 1rem\">Collaborative Artistic Practices within Indigenous Communities In: ISEA Durban 2018, 2018, Durban.<br \/><\/span><span style=\"color: black;font-size: 1rem\"><b>\u00a0 <a href=\"https:\/\/www.isea-archives.org\/docs\/2018\/proceedings\/ISEA2018_Proceedings.pdf\">Proceedings of the 24th International Symposium on Electronic Art.. Durban: Faculty of Arts and Design, Durban University of Technology, 2018. v.1. p.188 &#8211; 192<\/a><\/b><\/span><\/p><p>MALLMANN, K.; OLIVEIRA, Andr\u00e9ia Machado<br \/><span style=\"color: black;font-size: 1rem\">PR\u00c1TICAS ART\u00cdSTICAS COLABORATIVAS EM COMUNIDADE: POR UM DISCURSO POETICO SOCIALMENTE ENGAJADO In: ANAIS DO 27\u00ba ENCONTRO DA ASSOCIA\u00c7\u00c3O NACIONAL DE PESQUISADORES EM ARTES PL\u00c1STICAS, 2018, Sao Paulo.<br \/><\/span><span style=\"color: black;font-size: 1rem\">\u00a0 <a href=\"https:\/\/anpap.org.br\/anais\/2018\/\"><b>ANAIS DO 27\u00ba ENCONTRO DA ASSOCIA\u00c7\u00c3O NACIONAL DE PESQUISADORES EM ARTES PL\u00c1STICAS. Sao Paulo: UNESP, INSTITUTO DE ARTES,, 2018. v.1. p.3391 &#8211; 3402<\/b><\/a><\/span><\/p><p>OLIVEIRA, Andr\u00e9ia Machado; V\udbc0\udc12RLE, L.; BRUNET, K. S.; SMITH, R.; FARRA, R. D.<br \/><span style=\"color: black;font-size: 1rem\">Transdisciplinary Collaborative Practices in Art, Science and Technology In: ISEA Durban 2018, 2018, Durban.<br \/><\/span><span style=\"color: black;font-size: 1rem\"><b>\u00a0<a href=\"https:\/\/isea-archives.siggraph.org\/symposium\/isea2018-24th-international-symposium-on-electronic-art\/\"> Proceedings of the 24th International Symposium on Electronic Art.. Durban: Faculty of Arts and Design, Durban University of Technology, 2018. v.1. p.365 &#8211; 369<\/a><\/b><\/span><\/p><p>OLIVEIRA, Andreia Machado; HILDEBRAND, Hermes Renato; PAZ, Daniel; GUERCHE, T. P.<br \/><span style=\"color: black;font-size: 1rem\">INTERVEN\u00c7\u00d5ES ART\u00cdSTICAS INTERATIVAS E COLABORATIVAS EM REDE In: ENCONTRO NACIONAL DOS PESQUISADORES EM ARTES PL\u00c1STICAS &#8211; ANPAP, 2017, Campinas.<br \/><\/span><span style=\"color: black;font-size: 1rem\"><b>\u00a0 <a href=\"https:\/\/www.even3.com.br\/anais\/32anpap2023\/\">ANAIS DO XXVI ENCONTRO DA ASSOCIA\u00c7\u00c3O NACIONAL DE PESQUISADORES EM ARTES PL\u00c1STICAS: MEM\u00d3RIAS E INVENTA\u00c7\u00d5ES. Campinas: PUC Campinas, 2017. v.1. p.3135 &#8211; 3147<\/a><\/b><\/span><\/p><p>OLIVEIRA, Andreia Machado; PALAZUELOS, F. R.; Hermes Renato Hildebrand; GUERCHE, T. P.<br \/><span style=\"color: black;font-size: 1rem\">Preservation of Material and Immaterial Heritage through Interactive and Collaborative Artistic Interventions In: 23 rd International Symposium on Eletronic Arts &#8211; ISEA Manizales 2017, 2017, Manizales.<br \/><\/span><a href=\"https:\/\/www.isea-archives.org\/docs\/2017\/proceedings\/ISEA2017_Proceedings.pdf\"><span style=\"color: black;font-size: 1rem\"><b>\u00a0 ISEA Manizales 2017 &#8211; Bio-Creation and Peace. Manizales: Departament of Visual Design, 2017. v.1. p.364 &#8211; 371<\/b><\/span><\/a><\/p><p>OLIVEIRA, Andreia Machado; MONTIBELLER, A.; PEREIRA, B.; NASCIMENTO, E.; ALMEIDA, F. G.; CICHELERO, M.; CAMARGO, M. M. S.; PARABONI, M.<br \/><span style=\"color: black;font-size: 1rem\">AI3: Ambientes Interdisciplinares Imersivos Interativos em Realidade Mista In: IV Simp\u00f3sio Internacional de Inova\u00e7\u00e3o em M\u00eddias Interativas, 2016, Goiania.<br \/><\/span><span style=\"color: black;font-size: 1rem\"><b>\u00a0<a href=\"https:\/\/files.cercomp.ufg.br\/weby\/up\/777\/o\/25_sistemas_cineticos_sincronia.pdf\"> Anais do IV Simp\u00f3sio Internacional de Inova\u00e7\u00e3o em M\u00eddias Interativas. Goiania: Media Lab \/ UFG, 2016. v.1. p.79 &#8211; 88<\/a><\/b><\/span><\/p><p>PEREIRA, B.; OLIVEIRA, Andreia Machado<br \/><span style=\"color: black;font-size: 1rem\">Objetos Interativos em Arte e Tecnologia In: 15#ART &#8211; Encontro Internaconal de Arte e Tecnologia, 2016, Brasilia.<br \/><\/span><span style=\"color: black;font-size: 1rem\"><b>\u00a0 <a href=\"https:\/\/art.medialab.ufg.br\/p\/19139-15\">Anais do 15#ART &#8211; Encontro Internaconal de Arte e Tecnologia. Bras\u00edlia: Universidade de Bras\u00edlia, 2016. v.1. p.1 &#8211; 7<\/a><\/b><\/span><\/p><p>OLIVEIRA, Andreia Machado; REBOLLEDO, F.<br \/><span style=\"color: black;font-size: 1rem\">Simondon\u2019s Concept of the Image: At the Junction of the Animal and the Technological In: ISEA 2016 Hong Kong, 2016, Hong Kong.<br \/><\/span><span style=\"color: black;font-size: 1rem\"><b>\u00a0<a href=\"http:\/\/www.isea-archives.org\/docs\/2016\/proceedings\/ISEA2016_proceedings.pdf\"> ISEA 2016 Hong Kong. Hong Kong: School of Creative Media, 2016. v.1. p.101 &#8211; 107<\/a><\/b><\/span><\/p><p>CAMARGO, M. M. S.; OLIVEIRA, Andreia Machado<br \/><span style=\"color: black;font-size: 1rem\">TRANSHABITAT: PO\u00c9TICAS ART\u00cdSTICAS EM AMBIENTES TRANSORG\u00c2NICOS In: 25\u00b0 Encontro Nacional da ANPAP., 2016, Porto Alegre.<br \/><\/span><span style=\"color: black;font-size: 1rem\"><b>\u00a0 <a href=\"https:\/\/anpap.org.br\/anais\/2016\/\">Anais 25\u00b0 Encontro Nacional da ANPAP &#8211; A ARTE : SEUS ESPA\u00c7OS E\/EM NOSSO TEMPO. Santa Maria: PPGART\/UFSM, 2016. v.1. p.1799 &#8211; 1812<\/a><\/b><\/span><\/p><p>OLIVEIRA, Andr\u00e9ia Machado; PALAZUELOS, F. R.<br \/><span style=\"color: black;font-size: 1rem\">A g\u00eanese da imagem em Into the Midst: po\u00e9ticas tecnol\u00f3gicas em ambientes colaborativos In: Encontro da Associa\u00e7\u00e3o Nacional de Pesquisadores em Artes Pl\u00e1sticas, 2015, Santa Maria.<br \/><\/span><a href=\"https:\/\/anpap.org.br\/anais\/2015\/\"><span style=\"color: black;font-size: 1rem\"><b>\u00a0 Anais [recurso eletr\u00f4nico] do 24o Encontro da Associa\u00e7\u00e3o Nacional de Pesquisadores em Artes Pl\u00e1sticas. Santa Maria: UFSM, 2015. v.1. p.1191 &#8211; 1204<\/b><\/span><\/a><\/p><p>CICHELERO, M.; GOMES, . F.; REIS, Susana; Schaf, Frederico; OLIVEIRA, Andr\u00e9ia Machado<br \/><span style=\"color: black;font-size: 1rem\">AI3 NA EDUCA\u00c7\u00c3O: JOGOS S\u00c9RIOS E GAMEARTE NA PRODU\u00c7\u00c3O DE UM JOGO INTERDISCIPLINAR In: Gamepad VII: Semin\u00e1rio de Games e Tecnologia, 2015, Novo Hamburgo.<br \/><\/span><span style=\"color: black;font-size: 1rem\"><b>\u00a0 <a href=\"https:\/\/www.feevale.br\/hotsites\/gamepad\/edicoes-anteriores\/2014\">Anais [do] GamePad VII : o longo caminho da ind\u00fastria de games no Brasil. Novo Hamburgo: FEEVALE, 2015. v.7. p.1 &#8211; 12<\/a><\/b><\/span><\/p><p>BOESSIO, L.; OLIVEIRA, Andreia Machado<br \/><span style=\"color: black;font-size: 1rem\">Atividade G\u00eanero Textual relato de viagem mediada por tecnologia em rede In: VI Congresso Internacional de Educa\u00e7\u00e3o, 2015, Santa Maria.<br \/><\/span><span style=\"color: black;font-size: 1rem\"><b>\u00a0<a href=\"https:\/\/revistas-old.fapas.edu.br\/anaiscongressoie\"> VI Congresso Internacional de Educa\u00e7\u00e3o. Porto Alegre: Entidade Palotina de Educa\u00e7\u00e3o e Cultura, 2015. v.1. p.10 &#8211; 15<\/a><\/b><\/span><\/p><p>OLIVEIRA, Andreia Machado; DUARTE, F.; KOLTON, G.; BOESSIO, L.; RADAELLI, M.; MEIRA, R. R.; GUERCHE, T. P.; HENRIQUE, I. R.<br \/><span style=\"color: black;font-size: 1rem\">CODATA &#8211; Comunidade Colaborativa de Dados In: IV Congresso Brasileiro de Informa\u0301tica na Educac\u0327a\u0303o (CBIE 2015), 2015, Maceio.<br \/><\/span><a href=\"https:\/\/sol.sbc.org.br\/index.php\/cbie\/issue\/view\/787\"><span style=\"color: black;font-size: 1rem\"><b>\u00a0 IV Congresso Brasileiro de Informa\u0301tica na Educac\u0327a\u0303o (CBIE 2015). Porto Alegre: Sociedade Brasileira de Computa\u00e7\u00e3o &#8211; SBC, 2015. v.1. p.357 &#8211; 363<\/b><\/span><\/a><\/p><p>GONCALVES, J.; OLIVEIRA, Andreia Machado<br \/><span style=\"color: black;font-size: 1rem\">Desenvolvimento de uma Proposta de Educa\u00e7\u00e3o Musical Interativa Aplicada ao Ensino de M\u00fasica em Rede In: XVII Semin\u00e1rio Internacional de Educa\u00e7\u00e3o no Mercosul, 2015, Cruz Alta.<br \/><\/span><span style=\"color: black;font-size: 1rem\"><b>\u00a0 <a href=\"https:\/\/home.unicruz.edu.br\/mercosul\/\">XVII Semin\u00e1rio Internacional de Educa\u00e7\u00e3o no Mercosul. , 2015. v.1. p.10 &#8211; 20<\/a><\/b><\/span><\/p><p>GONCALVES, J.; OLIVEIRA, Andreia Machado<br \/><span style=\"color: black;font-size: 1rem\">Educa\u00e7\u00e3o Musical Interativa: recursos interdisciplinares para ensino de m\u00fasica em rede In: CLIOA 2015 &#8211; IX Congresso Latino-Americano Interdisciplinar do Adolescente, 2015, Porto Alegre.<br \/><\/span><a href=\"https:\/\/www.ufpe.br\/mecfluamb\/producoes\/anais-de-congressos\"><span style=\"color: black;font-size: 1rem\"><b>\u00a0 CLIOA 2015 &#8211; IX Congresso Latino-Americano Interdisciplinar do Adolescente. , 2015. v.1. p.10 &#8211; 15<\/b><\/span><\/a><\/p><p>CICHELERO, M.; OLIVEIRA, Andr\u00e9ia Machado<br \/><span style=\"color: black;font-size: 1rem\">\u201cGAME OVER\u201d E AS INTERFACES DE ACOPLAMENTO ENTRE O ESPA\u00c7O F\u00cdSICO E O CIBERESPA\u00c7O In: Encontro da Associa\u00e7\u00e3o Nacional de Pesquisadores em Artes Pl\u00e1sticas, 2015, Santa Maria.<br \/><\/span><span style=\"color: black;font-size: 1rem\"><b>\u00a0 <a href=\"https:\/\/anpap.org.br\/anais\/2015\/\">Anais [recurso eletr\u00f4nico] do 24o Encontro da Associa\u00e7\u00e3o Nacional de Pesquisadores em Artes Pl\u00e1sticas. Santa Maria: UFSM, 2015. v.1. p.2573 &#8211; 2586<\/a><\/b><\/span><\/p><p>OLIVEIRA, Andr\u00e9ia Machado; REIS, Susana; GOMES, . F.; CICHELERO, M.<br \/><span style=\"color: black;font-size: 1rem\">Ambientes Imersivos Interdisciplinares para Jogos na Educa\u00e7\u00e3o In: X Semin\u00e1rio Jogos eletr\u00f4nicos, educa\u00e7\u00e3o e comunica\u00e7\u00e3o., 2014, Salvador.<br \/><\/span><span style=\"color: black;font-size: 1rem\"><b>\u00a0<a href=\"http:\/\/gitsufba.net\/cfp-x-seminario-jogos-eletronicos-educacao-e-comunicacao\/\"> X Semin\u00e1rio Jogos eletr\u00f4nicos, educa\u00e7\u00e3o e comunica\u00e7\u00e3o.. Salvador: UNEB, 2014. v.1. p.10 &#8211; 20<\/a><\/b><\/span><\/p><p>CAMARGO, M. M. S.; OLIVEIRA, Andreia Machado<br \/><span style=\"color: black;font-size: 1rem\">Cidades Transurbanas em Realidade Aumentada In: 13\u00b0 Encontro Internacional de Arte e Tecnologia (#13.ART): arte, pol\u00edtica e singularidade, 2014, Bras\u00edlia.<br \/><\/span><span style=\"color: black;font-size: 1rem\"><b>\u00a0 <a href=\"https:\/\/files.cercomp.ufg.br\/weby\/up\/779\/o\/e-catalogo13ART-final.pdf\">13\u00b0 Encontro Internacional de Arte e Tecnologia (#13.ART): arte, pol\u00edtica e singularidade. Bras\u00edlia: UNB, 2014. v.1. p.1 &#8211; 10<\/a><\/b><\/span><\/p><p>CICHELERO, M.; OLIVEIRA, Andr\u00e9ia Machado<br \/><span style=\"color: black;font-size: 1rem\">Game over e a intera\u00e7ao com o Mundo Virtual In: SIIMI 2014, 2014, Goiania.<br \/><\/span><span style=\"color: black;font-size: 1rem\"><b>\u00a0<a href=\"https:\/\/siimi.medialab.ufg.br\/n\/77935-siimi-2014\"> III Simp\u00f3sio Internacional de Inova\u00e7\u00e3o em M\u00eddias Interativas [ SIIMI \/ 2014 ]. Goiania: UFG, 2014. v.1. p.10 &#8211; 20<\/a><\/b><\/span><\/p><p>OLIVEIRA, Andreia Machado; PALAZUELOS, F. R.<br \/><span style=\"color: black;font-size: 1rem\">Locative Art, Identity and Memory: Production of Participative Hypermedia Documentaries in the Settlements of Landless Rural Workers Movement in Brazil In: ISEA Dubai 2014, 2014, Dubai.<br \/><\/span><a href=\"https:\/\/www.zu.ac.ae\/main\/files\/contents\/docs\/new-catalog-2013-2014-7jan.pdf\"><span style=\"color: black;font-size: 1rem\"><b>\u00a0 ISEA Dubai 2014. Dubai: Zayed University Books, 2014. v.1. p.161 &#8211; 166<\/b><\/span><\/a><\/p><p>COSTA, B. M.; OLIVEIRA, Andr\u00e9ia Machado<br \/><span style=\"color: black;font-size: 1rem\">ESPA\u00c7OS EXPOSITIVOS ALTERNATIVOS DE ARTE: UM MAPEAMENTO NA CIDADE DO PORTO\/PT In: XII SEMIN\u00c1RIO DE HIST\u00d3RIA DA ARTE, 2013, Pelotas.<br \/><\/span><a href=\"https:\/\/periodicos-old.ufpel.edu.br\/ojs2\/index.php\/Arte\"><span style=\"color: black;font-size: 1rem\"><b>\u00a0 XII Semin\u00e1rio de Hist\u00f3ria da Arte. Pelotas: Centro de Artes e Letras, 2013. v.3. p.1 &#8211; 10<\/b><\/span><\/a><\/p><p>CICHELERO, M.; OLIVEIRA, Andreia Machado<br \/><span style=\"color: black;font-size: 1rem\">GAME OVER: O CORPO (EM) DELITO NA ARTE CONTEMPOR\u00c2NEA In: #12ART &#8211; Encontro Internacional de arte e tecnologia, 2013, Bras\u00edlia.<br \/><\/span><span style=\"color: black;font-size: 1rem\"><b>\u00a0<a href=\"https:\/\/art.medialab.ufg.br\/p\/9168-12-art-2013\"> #12ART &#8211; Encontro Internacional de arte e tecnologia. Bras\u00edlia: UNB, 2013. v.1. p.1 &#8211; 10<\/a><\/b><\/span><\/p><p>Oliveira, Andr\u00e9ia; REBOLLEDO, F.<br \/><span style=\"color: black;font-size: 1rem\">Getting it together: Abstract Urban Geographies as Memory Work In: MediaCity 4: MediaCities, 2013, Bufallo.<br \/><\/span><span style=\"color: black;font-size: 1rem\"><b>\u00a0 Mediacities: international Conference, Workshops and Exhibition. Bufallo: Departments of Architecture and media study &#8211; The University at Buffalo, State University of New Yor, 2013. v.1. p.125 &#8211; 130<\/b><\/span><\/p><p>OLIVEIRA, Andr\u00e9ia Machado; REBOLLEDO, F.; HILDEBRAND, Hermes Renato; FOGLIA, Efrain<br \/><span style=\"color: black;font-size: 1rem\">NARRATIVES OF LOCATIVE TECHNOLOGIES AS MEMORY ASSEMBLAGES In: 19th International Symposium of Electronic Art, ISEA2013, Sydney, 2013, Sydney.<br \/><\/span><span style=\"color: black;font-size: 1rem\"><b>\u00a0<a href=\"https:\/\/isea-archives.siggraph.org\/symposium\/isea2013-19th-international-symposium-on-electronic-art\/\"> Proceedings of the 19th International Symposium of Electronic Art, ISEA2013, Sydney. Sydney: ISEA International, the Australian Network for Art &amp; Technology and the University of Sydney, 2013. v.1. p.1 &#8211; 3<\/a><\/b><\/span><\/p><p>OLIVEIRA, Andr\u00e9ia Machado<br \/><span style=\"color: black;font-size: 1rem\">NO\u00c7\u00d5ES DE MEIO ASSOCIADO E INFORMA\u00c7\u00c3O NO SISTEMA OBRA-HUMANO-MEIO In: 22\u00ba Encontro Nacional de Pesquisadores em Artes Pl\u00e1sticas., 2013, Bel\u00e9m.<br \/><\/span><span style=\"color: black;font-size: 1rem\"><b>\u00a0<a href=\"https:\/\/anpap.org.br\/anais\/2013\/\"> ECOSSISTEMAS EST\u00c9TICOS: ANAIS DO 22\u00ba ENCONTRO NACIONAL DA ASSOCIA\u00c7\u00c3O NACIONAL DE PESQUISADORES EM ARTES PL\u00c1STICAS. Bel\u00e9m: ANPAP;PPGARTES\/ICA\/UFPA,, 2013. v.1. p.10 &#8211; 20<\/a><\/b><\/span><\/p><p>HILDEBRAND, Hermes Renato; FOGLIA, Efrain; OLIVEIRA, Andr\u00e9ia Machado<br \/><span style=\"color: black;font-size: 1rem\">AirCity: arte#ocupaSM &#8211; Territ\u00f3rios da Mem\u00f3ria Urbana In: Artech 2012 &#8211; 6th International Conference on Digital Arts, 2012, Algarve.<br \/><\/span><span style=\"color: black;font-size: 1rem\"><b>\u00a0<a href=\"http:\/\/artech-international.org\/Ficheiros\/Proceedings_ARTECH-2012.pdf\"> Proceedings of 6th International Conference on Digital Arts. Faro: Grupo Portugue\u0302s de Computac\u0327a\u0303o Gra\u0301fica and ARTECH International., 2012. v.1. p.25 &#8211; 32<\/a><\/b><\/span><\/p><p>OLIVEIRA, Andr\u00e9ia Machado; REIS, Susana; Schaf, Frederico<br \/><span style=\"color: black;font-size: 1rem\">LABINTER: CONNECTING AND CREATING INTERDISCIPLINARY INTERACTIVE E-LEARNING PROJECTS\u00a0 \u00a0 \u00a0 \u00a0 \u00a0In: IADIS e-Learning 2012 Conference, 2012, Lisboa\/Portugal.<br \/><\/span><a href=\"https:\/\/www.iadisportal.org\/elearning2012\"><span style=\"color: black;font-size: 1rem\"><b>\u00a0 IADIS e-Learning 2012 Conference. Lisboa: , 2012. v.1. p.455 &#8211; 459<\/b><\/span><\/a><\/p><p>OLIVEIRA, Andr\u00e9ia Machado; NEUSCHARANK, A.; BACKES, F.; MATOS, P. V.; NEVES, S. S.<br \/><span style=\"color: black;font-size: 1rem\">APORTES DA ARTE E TECNOLOGIA PARA AS TIC APLICADAS A\u0300 EDUCAC\u0327A\u0303O In: <a href=\"https:\/\/files.cercomp.ufg.br\/weby\/up\/779\/o\/catalogo11art.pdf\">11\u00b0 Encontro internacional de arte e tecnologia (#11.ART): homo aestheticus na era digital, 2012, Bras\u00edlia.<\/a><br \/><\/span><span style=\"color: black;font-size: 1rem\"><b>\u00a0 Homo aestheticus na era digital. Bras\u00edlia: , 2012.\u00a0<\/b><\/span><\/p><p>OLIVEIRA, Andr\u00e9ia Machado; COSTA, M. M.<br \/><span style=\"color: black;font-size: 1rem\">Contribui\u00e7\u00f5es da Web Arte e da Arte Locativa para o Ensino das TIC In: Simp\u00f3sio Hipertexto e Tecnologias na Educa\u00e7\u00e3o, 2012, Recife.<br \/><\/span><a href=\"https:\/\/www.ufpe.br\/laccost\/publicacoes\"><span style=\"color: black;font-size: 1rem\"><b>\u00a0 Anais Eletr\u00f4nicos. Recife: , 2012. v.1. p.1 &#8211; 10<\/b><\/span><\/a><\/p><p>OLIVEIRA, Andr\u00e9ia Machado; REBOLLEDO, Felix<br \/><span style=\"color: black;font-size: 1rem\">CONTRIBUI\u00c7\u00d5ES DE GILBERT SIMONDON: UMA ABORDAGEM SOBRE OS MODOS DE CRIA\u00c7\u00c3O NA CULTURA T\u00c9CNICA In: WCCA 2012 &#8211; V World Congress on Communication and Arts, 2012, Guimar\u00e3es\/Portugual.<br \/><\/span><span style=\"color: black;font-size: 1rem\"><b>\u00a0<a href=\"https:\/\/www.academia.edu\/41443213\/Anais_do_WCCA2012\"> V World Congress on Communication and Arts. Guimar\u00e3es\/Portugual: COPEC Science and Education Research Council, 2012. p.1 &#8211; 10<\/a><\/b><\/span><\/p><p>OLIVEIRA, Andr\u00e9ia Machado<br \/><span style=\"color: black;font-size: 1rem\">Interac\u0327a\u0303o, Fricc\u0327a\u0303o e Afecc\u0327a\u0303o de Corpos Moleculares In: 21\u00ba Encontro da Associa\u00e7\u00e3o Nacional de Pesquisadores em Artes Pl\u00e1sticas, 2012, Rio de Janeiro.<br \/><\/span><span style=\"color: black;font-size: 1rem\"><b>\u00a0<a href=\"https:\/\/www.anpap.org.br\/anais\/2012\/html\/ficha.html\"> Anais do &#8230; Encontro Nacional da ANPAP (Cd-Rom). Rio de Janeiro: ANPAP, 2012. p.185 &#8211; 194<\/a><\/b><\/span><\/p><p>HILDEBRAND, Hermes Renato; OLIVEIRA, Andr\u00e9ia Machado; FOGLIA, Efrain<br \/><span style=\"color: black;font-size: 1rem\">M\u00cdDIAS LOCATIVAS E CARTOGRAFIA URBANA NO PROJETO MEDIACITY In:<a href=\"https:\/\/files.cercomp.ufg.br\/weby\/up\/779\/o\/catalogo11art.pdf\"> 11\u00b0 Encontro internacional de arte e tecnologia (#11.ART): homo aestheticus na era digital, 2012, Brasilia.<\/a><br \/><\/span><span style=\"color: black;font-size: 1rem\"><b>\u00a0 Homo aestheticus na era digital. Bras\u00edlia: , 2012.\u00a0<\/b><\/span><\/p><p>REIS, Susana; Schaf, Frederico; OLIVEIRA, Andr\u00e9ia Machado; GOMES, . F.; SOUZA, . S.<br \/><span style=\"color: black;font-size: 1rem\">O jogo I-AI3: um prot\u00f3tipo em desenvolvimento In: WORKSHOP AMBIENTES IMERSIVOS PARA EDUCA\u00c7\u00c3O (WAIEd) &#8211; CONGRESSO BRASILEIRO DE INFORM\u00c1TICA NA EDUCA\u00c7\u00c3O (CBIE), 2012, Rio de Janeiro.<br \/><\/span><span style=\"color: black;font-size: 1rem\"><b>\u00a0<a href=\"https:\/\/seer.ufrgs.br\/index.php\/renote\/issue\/view\/1788\"> WORKSHOP AMBIENTES IMERSIVOS PARA EDUCA\u00c7\u00c3O (WAIEd). Porto Alegre: UFRGS, 2012. v.1. p.1 &#8211; 10<\/a><\/b><\/span><\/p><p>HILDEBRAND, Hermes Renato; OLIVEIRA, Andr\u00e9ia Machado<br \/><span style=\"color: black;font-size: 1rem\">AFEC\u00c7\u00d5ES DOS SIGNOS NA ARTE: DI\u00c1LOGOS ENTRE CHARLES SANDERS PEIRCE E GILLES DELEUZE In: ANPAP 2011, 2011, Rio de Janeiro.<br \/><\/span><a href=\"https:\/\/www.anpap.org.br\/anais\/2011\/html\/cpa.html\"><span style=\"color: black;font-size: 1rem\"><b>\u00a0 Anais do &#8230; Encontro Nacional da ANPAP (Cd-Rom). , 2011. v.1.\u00a0<\/b><\/span><\/a><\/p><p>OLIVEIRA, Andr\u00e9ia Machado<br \/><span style=\"color: black;font-size: 1rem\">As Novas Tecnologias e os Processos de Subjetiva\u00e7\u00e3o na Produ\u00e7\u00e3o do Contempor\u00e2neo In: I Encuentro de las Ciencias Humanas y Tecnolo\u0301gicas para la integracio\u0301n en el Conosur, 2011, Pelotas.<br \/><\/span><a href=\"https:\/\/www.usergioarboleda.edu.co\/ii-encuentro-de-las-ciencias-humanas-y-tecnologicas-para-la-integracion-en-el-cono-sur\/\"><span style=\"color: black;font-size: 1rem\"><b>\u00a0 I Encuentro de las Ciencias Humanas y Tecnolo\u0301gicas para la integracio\u0301n en el Conosur. , 2011. v.1.\u00a0<\/b><\/span><\/a><\/p><p>OLIVEIRA, Andr\u00e9ia Machado<br \/><span style=\"color: black;font-size: 1rem\">Bodies, Interactivity and Technicity in Media Art In: ISEA Istanbul 2011, 2011, Istambul.<br \/><\/span><span style=\"color: black;font-size: 1rem\"><b>\u00a0<a href=\"https:\/\/www.researchgate.net\/publication\/320188145_ISEA_2011_Istanbul_International_Symposium_on_Electronic_Art\"> ISEA Istanbul 2011. , 2011. v.1.\u00a0<\/a><\/b><\/span><\/p><p>OLIVEIRA, Andr\u00e9ia Machado<br \/><span style=\"color: black;font-size: 1rem\">O n\u00e3o humano na arte: produ\u00e7\u00e3o de corpos-informa\u00e7\u00e3o em sistemas meta-est\u00e1veis In: <a href=\"http:\/\/icts.unb.br\/jspui\/handle\/10482\/32964\">10\u00b0 Encontro Internacional de Arte e Tecnologia (#10.ART): modus operandi universal, 2011, Bras\u00edlia.<\/a><br \/><\/span><span style=\"color: black;font-size: 1rem\"><b>\u00a0 10.art. Brasilia: , 2011. v.1.\u00a0<\/b><\/span><\/p><div>\u00a0<\/div>\t\t\t\t\t\t<\/div>\n\t\t\t\t<\/div>\n\t\t\t\t\t<\/div>\n\t\t<\/div>\n\t\t\t\t\t<\/div>\n\t\t<\/section>\n\t\t\t\t<\/div>\n\t\t","protected":false},"excerpt":{"rendered":"<p>DOS SANTOS, CAMILA ;\u00a0MACHADO OLIVEIRA, ANDREIA\u00a0. ENTRE FRONTEIRAS TECNOPO\u00c9TICAS, UM SISTEMA TRANSDUTIVO: NOTAS SOBRE CORPO, SOM, IMAGEM E ELETROMAGNETISMO. In: 32\u00ba Encontro Nacional da ANPAP Formas de vida, 2024, Fortaleza. Formas de Vida &#8211; Anais do 32\u00ba Encontro Nacional da ANPAP. Fortaleza: Even3, 2023. v. 1. DOS SANTOS, CAMILA ; CAMARGO, MATHEUS MORENO DOS SANTOS [&hellip;]<\/p>\n","protected":false},"author":2498,"featured_media":0,"parent":33,"menu_order":0,"comment_status":"closed","ping_status":"closed","template":"","meta":{"footnotes":""},"categories":[133],"tags":[],"class_list":["post-280","page","type-page","status-publish","hentry","category-producao-cientifica"],"acf":[],"_links":{"self":[{"href":"https:\/\/www.ufsm.br\/laboratorios\/labinter\/wp-json\/wp\/v2\/pages\/280","targetHints":{"allow":["GET"]}}],"collection":[{"href":"https:\/\/www.ufsm.br\/laboratorios\/labinter\/wp-json\/wp\/v2\/pages"}],"about":[{"href":"https:\/\/www.ufsm.br\/laboratorios\/labinter\/wp-json\/wp\/v2\/types\/page"}],"author":[{"embeddable":true,"href":"https:\/\/www.ufsm.br\/laboratorios\/labinter\/wp-json\/wp\/v2\/users\/2498"}],"replies":[{"embeddable":true,"href":"https:\/\/www.ufsm.br\/laboratorios\/labinter\/wp-json\/wp\/v2\/comments?post=280"}],"version-history":[{"count":0,"href":"https:\/\/www.ufsm.br\/laboratorios\/labinter\/wp-json\/wp\/v2\/pages\/280\/revisions"}],"up":[{"embeddable":true,"href":"https:\/\/www.ufsm.br\/laboratorios\/labinter\/wp-json\/wp\/v2\/pages\/33"}],"wp:attachment":[{"href":"https:\/\/www.ufsm.br\/laboratorios\/labinter\/wp-json\/wp\/v2\/media?parent=280"}],"wp:term":[{"taxonomy":"category","embeddable":true,"href":"https:\/\/www.ufsm.br\/laboratorios\/labinter\/wp-json\/wp\/v2\/categories?post=280"},{"taxonomy":"post_tag","embeddable":true,"href":"https:\/\/www.ufsm.br\/laboratorios\/labinter\/wp-json\/wp\/v2\/tags?post=280"}],"curies":[{"name":"wp","href":"https:\/\/api.w.org\/{rel}","templated":true}]}}