{"id":149,"date":"2024-02-06T13:30:37","date_gmt":"2024-02-06T16:30:37","guid":{"rendered":"https:\/\/www.ufsm.br\/laboratorios\/labis\/?page_id=149"},"modified":"2024-02-08T12:33:04","modified_gmt":"2024-02-08T15:33:04","slug":"memorias","status":"publish","type":"page","link":"https:\/\/www.ufsm.br\/laboratorios\/labis\/memorias","title":{"rendered":"Mem\u00f3rias"},"content":{"rendered":"\t\t<div data-elementor-type=\"wp-page\" data-elementor-id=\"149\" class=\"elementor elementor-149\">\n\t\t\t\t\t\t<section class=\"elementor-section elementor-top-section elementor-element elementor-element-f9397fb elementor-section-boxed elementor-section-height-default elementor-section-height-default\" data-id=\"f9397fb\" data-element_type=\"section\">\n\t\t\t\t\t\t<div class=\"elementor-container elementor-column-gap-default\">\n\t\t\t\t\t<div class=\"elementor-column elementor-col-100 elementor-top-column elementor-element elementor-element-24a27f7\" data-id=\"24a27f7\" data-element_type=\"column\">\n\t\t\t<div class=\"elementor-widget-wrap elementor-element-populated\">\n\t\t\t\t\t\t<div class=\"elementor-element elementor-element-9ad7804 elementor-widget elementor-widget-heading\" data-id=\"9ad7804\" data-element_type=\"widget\" data-widget_type=\"heading.default\">\n\t\t\t\t<div class=\"elementor-widget-container\">\n\t\t\t<h2 class=\"elementor-heading-title elementor-size-default\">I Semin\u00e1rio de Sociologia da UFSM (2017)<\/h2>\t\t<\/div>\n\t\t\t\t<\/div>\n\t\t\t\t<section class=\"elementor-section elementor-inner-section elementor-element elementor-element-00639fb elementor-section-boxed elementor-section-height-default elementor-section-height-default\" data-id=\"00639fb\" data-element_type=\"section\">\n\t\t\t\t\t\t<div class=\"elementor-container elementor-column-gap-default\">\n\t\t\t\t\t<div class=\"elementor-column elementor-col-50 elementor-inner-column elementor-element elementor-element-0f6227e\" data-id=\"0f6227e\" data-element_type=\"column\">\n\t\t\t<div class=\"elementor-widget-wrap elementor-element-populated\">\n\t\t\t\t\t\t<div class=\"elementor-element elementor-element-f044bde elementor-widget elementor-widget-image\" data-id=\"f044bde\" data-element_type=\"widget\" data-widget_type=\"image.default\">\n\t\t\t\t<div class=\"elementor-widget-container\">\n\t\t\t\t\t\t\t\t\t\t\t\t\t\t<a href=\"https:\/\/ufsm.br\/r-532-567\">\n\t\t\t\t\t\t\t<img decoding=\"async\" src=\"https:\/\/www.ufsm.br\/app\/uploads\/sites\/683\/elementor\/thumbs\/Site-cards-300x300px-1-qjgnkxou1amhxchi6mwc1qbdhqg3xxquf6lm0w6xfc.jpg\" title=\"Site &#8211; cards (300x300px) (1)\" alt=\"Site - cards (300x300px) (1)\" loading=\"lazy\" \/>\t\t\t\t\t\t\t\t<\/a>\n\t\t\t\t\t\t\t\t\t\t\t\t\t<\/div>\n\t\t\t\t<\/div>\n\t\t\t\t\t<\/div>\n\t\t<\/div>\n\t\t\t\t<div class=\"elementor-column elementor-col-50 elementor-inner-column elementor-element elementor-element-6b03fa1\" data-id=\"6b03fa1\" data-element_type=\"column\">\n\t\t\t<div class=\"elementor-widget-wrap elementor-element-populated\">\n\t\t\t\t\t\t<div class=\"elementor-element elementor-element-f308107 elementor-widget elementor-widget-text-editor\" data-id=\"f308107\" data-element_type=\"widget\" data-widget_type=\"text-editor.default\">\n\t\t\t\t<div class=\"elementor-widget-container\">\n\t\t\t\t\t\t\t<p><span style=\"color: #000080\"><a style=\"color: #000080\" href=\"https:\/\/ufsm.br\/r-532-567\">O Semin\u00e1rio abordou desafios sociais e pol\u00edticos contempor\u00e2neos sob diferentes perspectivas sociol\u00f3gicas, promovendo debates sobre quest\u00f5es locais, nacionais e internacionais. Tanto problemas emergentes quanto antigos foram discutidos, incentivando reflex\u00f5es profundas e debates entre os participantes.<\/a><\/span><br \/><span style=\"color: #000080\"><a style=\"color: #000080\" href=\"https:\/\/ufsm.br\/r-532-567\">A mesa de abertura (08\/06) abordou a tem\u00e1tica: &#8220;<strong>Desigualdade e ideologias do desenvolvimento<\/strong>&#8220;, conduzida pelos professores Dr. Antonio David Cattani (UFRGS),\u00a0Dr\u00aa. Elaine Leite (UFPel),\u00a0Dr\u00aa. Mari Cleise Sandalowski (UFSM).\u00a0<\/a><\/span><\/p>\t\t\t\t\t\t<\/div>\n\t\t\t\t<\/div>\n\t\t\t\t\t<\/div>\n\t\t<\/div>\n\t\t\t\t\t<\/div>\n\t\t<\/section>\n\t\t\t\t<div class=\"elementor-element elementor-element-89d6396 elementor-widget elementor-widget-spacer\" data-id=\"89d6396\" data-element_type=\"widget\" data-widget_type=\"spacer.default\">\n\t\t\t\t<div class=\"elementor-widget-container\">\n\t\t\t\t\t<div class=\"elementor-spacer\">\n\t\t\t<div class=\"elementor-spacer-inner\"><\/div>\n\t\t<\/div>\n\t\t\t\t<\/div>\n\t\t\t\t<\/div>\n\t\t\t\t<div class=\"elementor-element elementor-element-135e12d elementor-widget elementor-widget-heading\" data-id=\"135e12d\" data-element_type=\"widget\" data-widget_type=\"heading.default\">\n\t\t\t\t<div class=\"elementor-widget-container\">\n\t\t\t<h2 class=\"elementor-heading-title elementor-size-default\">Semin\u00e1rio: \"100 anos da Revolu\u00e7\u00e3o Russa: an\u00e1lises e perspectivas\" (2017)<\/h2>\t\t<\/div>\n\t\t\t\t<\/div>\n\t\t\t\t<section class=\"elementor-section elementor-inner-section elementor-element elementor-element-a7d54fa elementor-section-boxed elementor-section-height-default elementor-section-height-default\" data-id=\"a7d54fa\" data-element_type=\"section\">\n\t\t\t\t\t\t<div class=\"elementor-container elementor-column-gap-default\">\n\t\t\t\t\t<div class=\"elementor-column elementor-col-50 elementor-inner-column elementor-element elementor-element-483b665\" data-id=\"483b665\" data-element_type=\"column\">\n\t\t\t<div class=\"elementor-widget-wrap elementor-element-populated\">\n\t\t\t\t\t\t<div class=\"elementor-element elementor-element-90c18e3 elementor-widget elementor-widget-image\" data-id=\"90c18e3\" data-element_type=\"widget\" data-widget_type=\"image.default\">\n\t\t\t\t<div class=\"elementor-widget-container\">\n\t\t\t\t\t\t\t\t\t\t\t\t\t\t<a href=\"https:\/\/ufsm.br\/r-510-588\">\n\t\t\t\t\t\t\t<img decoding=\"async\" src=\"https:\/\/www.ufsm.br\/app\/uploads\/sites\/683\/elementor\/thumbs\/Site-cards-300x300px-2-qjgoy5ilvzzzuaztses33t7991uzze4visbvnh7tmg.jpg\" title=\"Site &#8211; cards (300x300px) (2)\" alt=\"Site - cards (300x300px) (2)\" loading=\"lazy\" \/>\t\t\t\t\t\t\t\t<\/a>\n\t\t\t\t\t\t\t\t\t\t\t\t\t<\/div>\n\t\t\t\t<\/div>\n\t\t\t\t\t<\/div>\n\t\t<\/div>\n\t\t\t\t<div class=\"elementor-column elementor-col-50 elementor-inner-column elementor-element elementor-element-4bc84d4\" data-id=\"4bc84d4\" data-element_type=\"column\">\n\t\t\t<div class=\"elementor-widget-wrap elementor-element-populated\">\n\t\t\t\t\t\t<div class=\"elementor-element elementor-element-e0443c8 elementor-widget__width-initial elementor-widget elementor-widget-text-editor\" data-id=\"e0443c8\" data-element_type=\"widget\" data-widget_type=\"text-editor.default\">\n\t\t\t\t<div class=\"elementor-widget-container\">\n\t\t\t\t\t\t\t<p><span style=\"color: #000080\"><a style=\"color: #000080\" href=\"https:\/\/ufsm.br\/r-510-588\">O evento abordou diversas tem\u00e1ticas relacionadas ao evento hist\u00f3rico. Com mesas redondas, confer\u00eancias e lan\u00e7amento de livro, foram discutidos os mundos do trabalho e o impacto da Revolu\u00e7\u00e3o Russa no mundo contempor\u00e2neo, seu significado hist\u00f3rico e suas conex\u00f5es com as lutas de emancipa\u00e7\u00e3o do s\u00e9culo XX.\u00a0<\/a><\/span><br \/><span style=\"color: #000080\"><a style=\"color: #000080\" href=\"https:\/\/ufsm.br\/r-510-588\">A mesa de abertura teve como assunto \u201c<strong>Mundos do Trabalho e Revolu\u00e7\u00e3o Russa<\/strong>\u201d, com Dr\u00aa. Glaucia Vieira Ramos Konrad, Dr\u00aa. Laura Senna Ferreira, Dr\u00aa. Maria Beatriz Oliveira, Dr. Diorge Alceno Konrad, Dr. S\u00e9rgio Prieb e Dr. Eduardo Cardoso.<\/a><\/span><\/p>\t\t\t\t\t\t<\/div>\n\t\t\t\t<\/div>\n\t\t\t\t\t<\/div>\n\t\t<\/div>\n\t\t\t\t\t<\/div>\n\t\t<\/section>\n\t\t\t\t<div class=\"elementor-element elementor-element-38916c1 elementor-widget elementor-widget-spacer\" data-id=\"38916c1\" data-element_type=\"widget\" data-widget_type=\"spacer.default\">\n\t\t\t\t<div class=\"elementor-widget-container\">\n\t\t\t\t\t<div class=\"elementor-spacer\">\n\t\t\t<div class=\"elementor-spacer-inner\"><\/div>\n\t\t<\/div>\n\t\t\t\t<\/div>\n\t\t\t\t<\/div>\n\t\t\t\t<div class=\"elementor-element elementor-element-2eca9ba elementor-widget elementor-widget-heading\" data-id=\"2eca9ba\" data-element_type=\"widget\" data-widget_type=\"heading.default\">\n\t\t\t\t<div class=\"elementor-widget-container\">\n\t\t\t<h2 class=\"elementor-heading-title elementor-size-default\">Semin\u00e1rio: \"Consumo, pol\u00edtica e engajamento: uma an\u00e1lise sociol\u00f3gica do consumo contestat\u00f3rio vegano no Brasil e Canad\u00e1\" (2018)<\/h2>\t\t<\/div>\n\t\t\t\t<\/div>\n\t\t\t\t<section class=\"elementor-section elementor-inner-section elementor-element elementor-element-122a118 elementor-section-boxed elementor-section-height-default elementor-section-height-default\" data-id=\"122a118\" data-element_type=\"section\">\n\t\t\t\t\t\t<div class=\"elementor-container elementor-column-gap-default\">\n\t\t\t\t\t<div class=\"elementor-column elementor-col-50 elementor-inner-column elementor-element elementor-element-39977f6\" data-id=\"39977f6\" data-element_type=\"column\">\n\t\t\t<div class=\"elementor-widget-wrap elementor-element-populated\">\n\t\t\t\t\t\t<div class=\"elementor-element elementor-element-5282f1c elementor-widget elementor-widget-image\" data-id=\"5282f1c\" data-element_type=\"widget\" data-widget_type=\"image.default\">\n\t\t\t\t<div class=\"elementor-widget-container\">\n\t\t\t\t\t\t\t\t\t\t\t\t\t\t<a href=\"https:\/\/ufsm.br\/r-372-1108\">\n\t\t\t\t\t\t\t<img decoding=\"async\" src=\"https:\/\/www.ufsm.br\/app\/uploads\/sites\/683\/elementor\/thumbs\/Site-cards-300x300px-4-qjgpj1hhrglducnjtftmijg0hawn1925268bku8vco.jpg\" title=\"Site &#8211; cards (300x300px) (4)\" alt=\"Site - cards (300x300px) (4)\" loading=\"lazy\" \/>\t\t\t\t\t\t\t\t<\/a>\n\t\t\t\t\t\t\t\t\t\t\t\t\t<\/div>\n\t\t\t\t<\/div>\n\t\t\t\t\t<\/div>\n\t\t<\/div>\n\t\t\t\t<div class=\"elementor-column elementor-col-50 elementor-inner-column elementor-element elementor-element-b177873\" data-id=\"b177873\" data-element_type=\"column\">\n\t\t\t<div class=\"elementor-widget-wrap elementor-element-populated\">\n\t\t\t\t\t\t<div class=\"elementor-element elementor-element-435ca6b elementor-widget elementor-widget-spacer\" data-id=\"435ca6b\" data-element_type=\"widget\" data-widget_type=\"spacer.default\">\n\t\t\t\t<div class=\"elementor-widget-container\">\n\t\t\t\t\t<div class=\"elementor-spacer\">\n\t\t\t<div class=\"elementor-spacer-inner\"><\/div>\n\t\t<\/div>\n\t\t\t\t<\/div>\n\t\t\t\t<\/div>\n\t\t\t\t<div class=\"elementor-element elementor-element-0da21db elementor-widget elementor-widget-text-editor\" data-id=\"0da21db\" data-element_type=\"widget\" data-widget_type=\"text-editor.default\">\n\t\t\t\t<div class=\"elementor-widget-container\">\n\t\t\t\t\t\t\t<p><a href=\"https:\/\/ufsm.br\/r-372-1108\">O evento foi promovido no dia 10\/04, tratando a discuss\u00e3o sobre \u201c<strong>Consumo, pol\u00edtica e engajamento: uma an\u00e1lise sociol\u00f3gica do consumo contestat\u00f3rio vegano no Brasil e no Canad\u00e1<\/strong>\u201d. Ocorreu \u00e0s 17h30min, na sala 2243 do pr\u00e9dio 74A, Campus, sendo conduzido por Dr. Felipe da Luz Colom\u00e9.<\/a><\/p>\t\t\t\t\t\t<\/div>\n\t\t\t\t<\/div>\n\t\t\t\t\t<\/div>\n\t\t<\/div>\n\t\t\t\t\t<\/div>\n\t\t<\/section>\n\t\t\t\t<div class=\"elementor-element elementor-element-56e7b7a elementor-widget elementor-widget-spacer\" data-id=\"56e7b7a\" data-element_type=\"widget\" data-widget_type=\"spacer.default\">\n\t\t\t\t<div class=\"elementor-widget-container\">\n\t\t\t\t\t<div class=\"elementor-spacer\">\n\t\t\t<div class=\"elementor-spacer-inner\"><\/div>\n\t\t<\/div>\n\t\t\t\t<\/div>\n\t\t\t\t<\/div>\n\t\t\t\t<div class=\"elementor-element elementor-element-998e789 elementor-widget elementor-widget-heading\" data-id=\"998e789\" data-element_type=\"widget\" data-widget_type=\"heading.default\">\n\t\t\t\t<div class=\"elementor-widget-container\">\n\t\t\t<h2 class=\"elementor-heading-title elementor-size-default\">Semin\u00e1rio: \"Charles Taylor e a pol\u00edtica do reconhecimento: reflex\u00f5es sobre contribui\u00e7\u00f5es e cr\u00edticas 25 anos depois\" (2018)<\/h2>\t\t<\/div>\n\t\t\t\t<\/div>\n\t\t\t\t<section class=\"elementor-section elementor-inner-section elementor-element elementor-element-8b191cf elementor-section-boxed elementor-section-height-default elementor-section-height-default\" data-id=\"8b191cf\" data-element_type=\"section\">\n\t\t\t\t\t\t<div class=\"elementor-container elementor-column-gap-default\">\n\t\t\t\t\t<div class=\"elementor-column elementor-col-50 elementor-inner-column elementor-element elementor-element-877ce89\" data-id=\"877ce89\" data-element_type=\"column\">\n\t\t\t<div class=\"elementor-widget-wrap elementor-element-populated\">\n\t\t\t\t\t\t<div class=\"elementor-element elementor-element-5d31323 elementor-widget elementor-widget-image\" data-id=\"5d31323\" data-element_type=\"widget\" data-widget_type=\"image.default\">\n\t\t\t\t<div class=\"elementor-widget-container\">\n\t\t\t\t\t\t\t\t\t\t\t\t\t\t<a href=\"https:\/\/ufsm.br\/r-372-1119\">\n\t\t\t\t\t\t\t<img decoding=\"async\" src=\"https:\/\/www.ufsm.br\/app\/uploads\/sites\/683\/elementor\/thumbs\/Site-cards-300x300px-10-qjgrqfwp2nackjbj69e3n04qy1ju8t9vn63vzainqw.jpg\" title=\"Site &#8211; cards (300x300px) (10)\" alt=\"Site - cards (300x300px) (10)\" loading=\"lazy\" \/>\t\t\t\t\t\t\t\t<\/a>\n\t\t\t\t\t\t\t\t\t\t\t\t\t<\/div>\n\t\t\t\t<\/div>\n\t\t\t\t\t<\/div>\n\t\t<\/div>\n\t\t\t\t<div class=\"elementor-column elementor-col-50 elementor-inner-column elementor-element elementor-element-08c3020\" data-id=\"08c3020\" data-element_type=\"column\">\n\t\t\t<div class=\"elementor-widget-wrap elementor-element-populated\">\n\t\t\t\t\t\t<div class=\"elementor-element elementor-element-b9ad764 elementor-widget elementor-widget-spacer\" data-id=\"b9ad764\" data-element_type=\"widget\" data-widget_type=\"spacer.default\">\n\t\t\t\t<div class=\"elementor-widget-container\">\n\t\t\t\t\t<div class=\"elementor-spacer\">\n\t\t\t<div class=\"elementor-spacer-inner\"><\/div>\n\t\t<\/div>\n\t\t\t\t<\/div>\n\t\t\t\t<\/div>\n\t\t\t\t<div class=\"elementor-element elementor-element-77c9611 elementor-widget elementor-widget-text-editor\" data-id=\"77c9611\" data-element_type=\"widget\" data-widget_type=\"text-editor.default\">\n\t\t\t\t<div class=\"elementor-widget-container\">\n\t\t\t\t\t\t\t<p><span style=\"color: #000080\"><a style=\"color: #000080\" href=\"https:\/\/ufsm.br\/r-372-1119\"><span style=\"font-size: 1rem;font-weight: var( --e-global-typography-text-font-weight );text-align: var(--bs-body-text-align)\">No semin\u00e1rio, conduzido pela Dr\u00aa. Jana\u00edna Xavier do Nascimento, foram discutidas as contribui\u00e7\u00f5es e cr\u00edticas relacionadas \u00e0s ideias de <strong>Charles Taylor e a pol\u00edtica do reconhecimento<\/strong>. O evento promoveu uma reflex\u00e3o sobre o legado e relev\u00e2ncia dessas ideias ap\u00f3s 25 anos de sua elabora\u00e7\u00e3o, proporcionando um debate acad\u00eamico sobre a influ\u00eancia do pensador na teoria sociol\u00f3gica contempor\u00e2nea.<\/span><\/a><\/span><\/p>\t\t\t\t\t\t<\/div>\n\t\t\t\t<\/div>\n\t\t\t\t\t<\/div>\n\t\t<\/div>\n\t\t\t\t\t<\/div>\n\t\t<\/section>\n\t\t\t\t<div class=\"elementor-element elementor-element-e1da50a elementor-widget elementor-widget-heading\" data-id=\"e1da50a\" data-element_type=\"widget\" data-widget_type=\"heading.default\">\n\t\t\t\t<div class=\"elementor-widget-container\">\n\t\t\t<h2 class=\"elementor-heading-title elementor-size-default\">Semin\u00e1rio: \"A Reforma Trabalhista na Esfera Legislativa Brasileira: Contribui\u00e7\u00f5es \u00e0 An\u00e1lise da Coaliz\u00e3o de Defesa do Setor Empresarial\" (2018)<\/h2>\t\t<\/div>\n\t\t\t\t<\/div>\n\t\t\t\t<section class=\"elementor-section elementor-inner-section elementor-element elementor-element-adef497 elementor-section-boxed elementor-section-height-default elementor-section-height-default\" data-id=\"adef497\" data-element_type=\"section\">\n\t\t\t\t\t\t<div class=\"elementor-container elementor-column-gap-default\">\n\t\t\t\t\t<div class=\"elementor-column elementor-col-50 elementor-inner-column elementor-element elementor-element-8425162\" data-id=\"8425162\" data-element_type=\"column\">\n\t\t\t<div class=\"elementor-widget-wrap elementor-element-populated\">\n\t\t\t\t\t\t<div class=\"elementor-element elementor-element-9a15e96 elementor-widget elementor-widget-image\" data-id=\"9a15e96\" data-element_type=\"widget\" data-widget_type=\"image.default\">\n\t\t\t\t<div class=\"elementor-widget-container\">\n\t\t\t\t\t\t\t\t\t\t\t\t\t\t<a href=\"https:\/\/ufsm.br\/r-1-41133\">\n\t\t\t\t\t\t\t<img decoding=\"async\" src=\"https:\/\/www.ufsm.br\/app\/uploads\/sites\/683\/elementor\/thumbs\/Site-cards-300x300px-14-qjgs9ebiwd8ipfsahgd8x7xe7s4bh2j08zqee6eu9k.jpg\" title=\"Site &#8211; cards (300x300px) (14)\" alt=\"Site - cards (300x300px) (14)\" loading=\"lazy\" \/>\t\t\t\t\t\t\t\t<\/a>\n\t\t\t\t\t\t\t\t\t\t\t\t\t<\/div>\n\t\t\t\t<\/div>\n\t\t\t\t\t<\/div>\n\t\t<\/div>\n\t\t\t\t<div class=\"elementor-column elementor-col-50 elementor-inner-column elementor-element elementor-element-a13abd7\" data-id=\"a13abd7\" data-element_type=\"column\">\n\t\t\t<div class=\"elementor-widget-wrap elementor-element-populated\">\n\t\t\t\t\t\t<div class=\"elementor-element elementor-element-f025601 elementor-widget elementor-widget-spacer\" data-id=\"f025601\" data-element_type=\"widget\" data-widget_type=\"spacer.default\">\n\t\t\t\t<div class=\"elementor-widget-container\">\n\t\t\t\t\t<div class=\"elementor-spacer\">\n\t\t\t<div class=\"elementor-spacer-inner\"><\/div>\n\t\t<\/div>\n\t\t\t\t<\/div>\n\t\t\t\t<\/div>\n\t\t\t\t<div class=\"elementor-element elementor-element-0eac586 elementor-widget elementor-widget-text-editor\" data-id=\"0eac586\" data-element_type=\"widget\" data-widget_type=\"text-editor.default\">\n\t\t\t\t<div class=\"elementor-widget-container\">\n\t\t\t\t\t\t\t<p><span style=\"color: #000080\"><a style=\"color: #000080\" href=\"https:\/\/ufsm.br\/r-1-41133\">No evento foram discutidas as <b>din\u00e2micas legislativas relacionadas \u00e0 reforma trabalhista no Brasil<\/b>, ministrado pelo Dr. Vinicius Foletto Bevilaqua. O palestrante analisou a coaliz\u00e3o de defesa do setor empresarial, oferecendo insights sobre os processos legislativos e as implica\u00e7\u00f5es da reforma. O semin\u00e1rio foi aberto \u00e0 comunidade acad\u00eamica e ao p\u00fablico em geral, com certificado de participa\u00e7\u00e3o.<\/a><\/span><\/p>\t\t\t\t\t\t<\/div>\n\t\t\t\t<\/div>\n\t\t\t\t\t<\/div>\n\t\t<\/div>\n\t\t\t\t\t<\/div>\n\t\t<\/section>\n\t\t\t\t<div class=\"elementor-element elementor-element-ebdcb01 elementor-widget elementor-widget-heading\" data-id=\"ebdcb01\" data-element_type=\"widget\" data-widget_type=\"heading.default\">\n\t\t\t\t<div class=\"elementor-widget-container\">\n\t\t\t<h2 class=\"elementor-heading-title elementor-size-default\">Semin\u00e1rio: \"Pirataria e informalidade da China ao Brasil\" (2018)<\/h2>\t\t<\/div>\n\t\t\t\t<\/div>\n\t\t\t\t<section class=\"elementor-section elementor-inner-section elementor-element elementor-element-e328a0a elementor-section-boxed elementor-section-height-default elementor-section-height-default\" data-id=\"e328a0a\" data-element_type=\"section\">\n\t\t\t\t\t\t<div class=\"elementor-container elementor-column-gap-default\">\n\t\t\t\t\t<div class=\"elementor-column elementor-col-50 elementor-inner-column elementor-element elementor-element-1f8982d\" data-id=\"1f8982d\" data-element_type=\"column\">\n\t\t\t<div class=\"elementor-widget-wrap elementor-element-populated\">\n\t\t\t\t\t\t<div class=\"elementor-element elementor-element-be643c8 elementor-widget elementor-widget-image\" data-id=\"be643c8\" data-element_type=\"widget\" data-widget_type=\"image.default\">\n\t\t\t\t<div class=\"elementor-widget-container\">\n\t\t\t\t\t\t\t\t\t\t\t\t\t\t<a href=\"https:\/\/ufsm.br\/r-1-42685\">\n\t\t\t\t\t\t\t<img decoding=\"async\" src=\"https:\/\/www.ufsm.br\/app\/uploads\/sites\/683\/elementor\/thumbs\/Site-cards-300x300px-16-qjgsbo3heycgrihi7xpsg5ahwax92qjnk8hn591l88.jpg\" title=\"Site &#8211; cards (300x300px) (16)\" alt=\"Site - cards (300x300px) (16)\" loading=\"lazy\" \/>\t\t\t\t\t\t\t\t<\/a>\n\t\t\t\t\t\t\t\t\t\t\t\t\t<\/div>\n\t\t\t\t<\/div>\n\t\t\t\t\t<\/div>\n\t\t<\/div>\n\t\t\t\t<div class=\"elementor-column elementor-col-50 elementor-inner-column elementor-element elementor-element-b9971c3\" data-id=\"b9971c3\" data-element_type=\"column\">\n\t\t\t<div class=\"elementor-widget-wrap elementor-element-populated\">\n\t\t\t\t\t\t<div class=\"elementor-element elementor-element-2e590a5 elementor-widget elementor-widget-spacer\" data-id=\"2e590a5\" data-element_type=\"widget\" data-widget_type=\"spacer.default\">\n\t\t\t\t<div class=\"elementor-widget-container\">\n\t\t\t\t\t<div class=\"elementor-spacer\">\n\t\t\t<div class=\"elementor-spacer-inner\"><\/div>\n\t\t<\/div>\n\t\t\t\t<\/div>\n\t\t\t\t<\/div>\n\t\t\t\t<div class=\"elementor-element elementor-element-d26b448 elementor-widget elementor-widget-text-editor\" data-id=\"d26b448\" data-element_type=\"widget\" data-widget_type=\"text-editor.default\">\n\t\t\t\t<div class=\"elementor-widget-container\">\n\t\t\t\t\t\t\t<p><span style=\"color: #000080\"><a style=\"color: #000080\" href=\"https:\/\/ufsm.br\/r-1-42685\">No semin\u00e1rio &#8220;<b>Pirataria e informalidade da China ao Brasil<\/b>&#8220;, conduzido pela professora Dr\u00aa. Rosana Pinheiro Machado, foram discutidas as din\u00e2micas relacionadas \u00e0 pirataria e informalidade, com foco nas intera\u00e7\u00f5es entre China e Brasil. Temas como os impactos econ\u00f4micos, sociais e culturais desses fen\u00f4menos foram explorados, oferecendo uma an\u00e1lise das manifesta\u00e7\u00f5es e consequ\u00eancias em diferentes contextos.<\/a><\/span><\/p>\t\t\t\t\t\t<\/div>\n\t\t\t\t<\/div>\n\t\t\t\t\t<\/div>\n\t\t<\/div>\n\t\t\t\t\t<\/div>\n\t\t<\/section>\n\t\t\t\t<div class=\"elementor-element elementor-element-668e8c3 elementor-widget elementor-widget-heading\" data-id=\"668e8c3\" data-element_type=\"widget\" data-widget_type=\"heading.default\">\n\t\t\t\t<div class=\"elementor-widget-container\">\n\t\t\t<h2 class=\"elementor-heading-title elementor-size-default\">Evento: Brasil: Terra Ind\u00edgena \u2013 522 anos de resist\u00eancia (2022)<\/h2>\t\t<\/div>\n\t\t\t\t<\/div>\n\t\t\t\t<section class=\"elementor-section elementor-inner-section elementor-element elementor-element-25434dd elementor-section-boxed elementor-section-height-default elementor-section-height-default\" data-id=\"25434dd\" data-element_type=\"section\">\n\t\t\t\t\t\t<div class=\"elementor-container elementor-column-gap-default\">\n\t\t\t\t\t<div class=\"elementor-column elementor-col-50 elementor-inner-column elementor-element elementor-element-a2c9226\" data-id=\"a2c9226\" data-element_type=\"column\">\n\t\t\t<div class=\"elementor-widget-wrap elementor-element-populated\">\n\t\t\t\t\t\t<div class=\"elementor-element elementor-element-7aabddf elementor-widget elementor-widget-image\" data-id=\"7aabddf\" data-element_type=\"widget\" data-widget_type=\"image.default\">\n\t\t\t\t<div class=\"elementor-widget-container\">\n\t\t\t\t\t\t\t\t\t\t\t\t\t\t<a href=\"https:\/\/ufsm.br\/r-342-19761\">\n\t\t\t\t\t\t\t<img decoding=\"async\" src=\"https:\/\/www.ufsm.br\/app\/uploads\/sites\/683\/elementor\/thumbs\/Site-cards-300x300px-12-qjgrqb7i4h3wyhicxpcysjbfz4706br7yiugkwpmm0.jpg\" title=\"Site &#8211; cards (300x300px) (12)\" alt=\"Site - cards (300x300px) (12)\" loading=\"lazy\" \/>\t\t\t\t\t\t\t\t<\/a>\n\t\t\t\t\t\t\t\t\t\t\t\t\t<\/div>\n\t\t\t\t<\/div>\n\t\t\t\t\t<\/div>\n\t\t<\/div>\n\t\t\t\t<div class=\"elementor-column elementor-col-50 elementor-inner-column elementor-element elementor-element-5af6490\" data-id=\"5af6490\" data-element_type=\"column\">\n\t\t\t<div class=\"elementor-widget-wrap elementor-element-populated\">\n\t\t\t\t\t\t<div class=\"elementor-element elementor-element-bfb1d73 elementor-widget elementor-widget-text-editor\" data-id=\"bfb1d73\" data-element_type=\"widget\" data-widget_type=\"text-editor.default\">\n\t\t\t\t<div class=\"elementor-widget-container\">\n\t\t\t\t\t\t\t<p><span style=\"color: #000080\"><a style=\"color: #000080\" href=\"https:\/\/ufsm.br\/r-342-19761\">A Universidade Federal de Santa Maria promoveu, nos dias de 07 a 10 de novembro, a primeira edi\u00e7\u00e3o do evento &#8220;Brasil: Terra Ind\u00edgena&#8221;. A programa\u00e7\u00e3o contou com a participa\u00e7\u00e3o de <strong>Davi Kopenawa Yanomami<\/strong>, autor, roteirista, produtor cultural, Doutor Honoris Causa (UFRR e Unifesp), xam\u00e3 e l\u00edder pol\u00edtico do povo Yanomami.<\/a><\/span><br \/><span style=\"color: #000080\"><a style=\"color: #000080\" href=\"https:\/\/ufsm.br\/r-342-19761\">O evento foi apoiado pelo Observat\u00f3rio de Direitos Humanos (ODH\/UFSM), pelo Programa de Educa\u00e7\u00e3o Tutorial (PET) Ind\u00edgena da UFSM, pela Jornada Acad\u00eamica Integrada (JAI) da UFSM, pelo Centro de Ci\u00eancias Sociais e Humanas (CCSH) da UFSM e pelas Pr\u00f3-Reitorias de Extens\u00e3o (PRE), de Gradua\u00e7\u00e3o (PROGRAD) e de P\u00f3s-Gradua\u00e7\u00e3o e Pesquisa (PRPGP) da UFSM.<\/a><\/span><\/p>\t\t\t\t\t\t<\/div>\n\t\t\t\t<\/div>\n\t\t\t\t\t<\/div>\n\t\t<\/div>\n\t\t\t\t\t<\/div>\n\t\t<\/section>\n\t\t\t\t<div class=\"elementor-element elementor-element-1ecb0f3 elementor-widget elementor-widget-heading\" data-id=\"1ecb0f3\" data-element_type=\"widget\" data-widget_type=\"heading.default\">\n\t\t\t\t<div class=\"elementor-widget-container\">\n\t\t\t<h2 class=\"elementor-heading-title elementor-size-default\">Palestra: O Novo Ensino M\u00e9dio: da proposta \u00e0 execu\u00e7\u00e3o (2023)<\/h2>\t\t<\/div>\n\t\t\t\t<\/div>\n\t\t\t\t<section class=\"elementor-section elementor-inner-section elementor-element elementor-element-d73ae96 elementor-section-boxed elementor-section-height-default elementor-section-height-default\" data-id=\"d73ae96\" data-element_type=\"section\">\n\t\t\t\t\t\t<div class=\"elementor-container elementor-column-gap-default\">\n\t\t\t\t\t<div class=\"elementor-column elementor-col-50 elementor-inner-column elementor-element elementor-element-66668c7\" data-id=\"66668c7\" data-element_type=\"column\">\n\t\t\t<div class=\"elementor-widget-wrap elementor-element-populated\">\n\t\t\t\t\t\t<div class=\"elementor-element elementor-element-88aa027 elementor-widget elementor-widget-image\" data-id=\"88aa027\" data-element_type=\"widget\" data-widget_type=\"image.default\">\n\t\t\t\t<div class=\"elementor-widget-container\">\n\t\t\t\t\t\t\t\t\t\t\t\t\t\t<a href=\"https:\/\/www.instagram.com\/p\/Cq6BJ1YOmAF\/?utm_source=ig_web_copy_link&#038;igsh=MzRlODBiNWFlZA==\">\n\t\t\t\t\t\t\t<img decoding=\"async\" src=\"https:\/\/www.ufsm.br\/app\/uploads\/sites\/683\/elementor\/thumbs\/Site-cards-300x300px-6-qjgqd90rery4z6ruezwz5f0bs40bf1zkvp13tzgddk.jpg\" title=\"Site &#8211; cards (300x300px) (6)\" alt=\"Site - cards (300x300px) (6)\" loading=\"lazy\" \/>\t\t\t\t\t\t\t\t<\/a>\n\t\t\t\t\t\t\t\t\t\t\t\t\t<\/div>\n\t\t\t\t<\/div>\n\t\t\t\t\t<\/div>\n\t\t<\/div>\n\t\t\t\t<div class=\"elementor-column elementor-col-50 elementor-inner-column elementor-element elementor-element-0d4427c\" data-id=\"0d4427c\" data-element_type=\"column\">\n\t\t\t<div class=\"elementor-widget-wrap elementor-element-populated\">\n\t\t\t\t\t\t<div class=\"elementor-element elementor-element-142b36b elementor-widget elementor-widget-spacer\" data-id=\"142b36b\" data-element_type=\"widget\" data-widget_type=\"spacer.default\">\n\t\t\t\t<div class=\"elementor-widget-container\">\n\t\t\t\t\t<div class=\"elementor-spacer\">\n\t\t\t<div class=\"elementor-spacer-inner\"><\/div>\n\t\t<\/div>\n\t\t\t\t<\/div>\n\t\t\t\t<\/div>\n\t\t\t\t<div class=\"elementor-element elementor-element-e6ec92c elementor-widget elementor-widget-text-editor\" data-id=\"e6ec92c\" data-element_type=\"widget\" data-widget_type=\"text-editor.default\">\n\t\t\t\t<div class=\"elementor-widget-container\">\n\t\t\t\t\t\t\t<p><span style=\"color: #000080\"><a style=\"color: #000080\" href=\"https:\/\/www.instagram.com\/p\/Cq6BJ1YOmAF\/?utm_source=ig_web_copy_link&amp;amp;igsh=MzRlODBiNWFlZA==\">A palestra foi ministrada por Me. Iago Gomes,<span style=\"font-size: 1rem;font-weight: var( --e-global-typography-text-font-weight );text-align: var(--bs-body-text-align)\">\u00a0professor da rede p\u00fablica da Bahia e ativista da educa\u00e7\u00e3o,\u00a0<\/span><span style=\"text-align: var(--bs-body-text-align)\">onde foram abordadas quest\u00f5es relacionadas \u00e0 <strong>reforma do ensino m\u00e9dio no Brasil<\/strong>, incluindo an\u00e1lises cr\u00edticas da proposta, desafios na implementa\u00e7\u00e3o das mudan\u00e7as curriculares, impactos nas escolas e na comunidade escolar, considera\u00e7\u00f5es sobre inclus\u00e3o e diversidade, desafios da forma\u00e7\u00e3o docente e perspectivas futuras para o ensino m\u00e9dio diante das mudan\u00e7as propostas. O evento foi transmitido pelo canal oficial do LabIS, no YouTube &#8211; acesse aqui.<\/span><\/a><\/span><\/p>\t\t\t\t\t\t<\/div>\n\t\t\t\t<\/div>\n\t\t\t\t\t<\/div>\n\t\t<\/div>\n\t\t\t\t\t<\/div>\n\t\t<\/section>\n\t\t\t\t<div class=\"elementor-element elementor-element-7a9b71d elementor-widget elementor-widget-heading\" data-id=\"7a9b71d\" data-element_type=\"widget\" data-widget_type=\"heading.default\">\n\t\t\t\t<div class=\"elementor-widget-container\">\n\t\t\t<h2 class=\"elementor-heading-title elementor-size-default\">Forma\u00e7\u00e3o: EMEF Aracy Barreto Sacchis - Direitos Humanos e temas contempor\u00e2neos transversais (2023)<\/h2>\t\t<\/div>\n\t\t\t\t<\/div>\n\t\t\t\t<section class=\"elementor-section elementor-inner-section elementor-element elementor-element-e97c253 elementor-section-boxed elementor-section-height-default elementor-section-height-default\" data-id=\"e97c253\" data-element_type=\"section\">\n\t\t\t\t\t\t<div class=\"elementor-container elementor-column-gap-default\">\n\t\t\t\t\t<div class=\"elementor-column elementor-col-50 elementor-inner-column elementor-element elementor-element-bd91090\" data-id=\"bd91090\" data-element_type=\"column\">\n\t\t\t<div class=\"elementor-widget-wrap elementor-element-populated\">\n\t\t\t\t\t\t<div class=\"elementor-element elementor-element-1c00969 elementor-widget elementor-widget-image\" data-id=\"1c00969\" data-element_type=\"widget\" data-widget_type=\"image.default\">\n\t\t\t\t<div class=\"elementor-widget-container\">\n\t\t\t\t\t\t\t\t\t\t\t\t\t\t<a href=\"https:\/\/www.instagram.com\/p\/CsYk5a4uCo9\/?utm_source=ig_web_copy_link&#038;igsh=MzRlODBiNWFlZA==\">\n\t\t\t\t\t\t\t<img decoding=\"async\" src=\"https:\/\/www.ufsm.br\/app\/uploads\/sites\/683\/elementor\/thumbs\/Site-cards-300x300px-8-qjgrct8xz4mo8348rdauhfy4uwq8mt5zrpkfguq5yw.jpg\" title=\"Site &#8211; cards (300x300px) (8)\" alt=\"Site - cards (300x300px) (8)\" loading=\"lazy\" \/>\t\t\t\t\t\t\t\t<\/a>\n\t\t\t\t\t\t\t\t\t\t\t\t\t<\/div>\n\t\t\t\t<\/div>\n\t\t\t\t\t<\/div>\n\t\t<\/div>\n\t\t\t\t<div class=\"elementor-column elementor-col-50 elementor-inner-column elementor-element elementor-element-8e752e5\" data-id=\"8e752e5\" data-element_type=\"column\">\n\t\t\t<div class=\"elementor-widget-wrap elementor-element-populated\">\n\t\t\t\t\t\t<div class=\"elementor-element elementor-element-775f614 elementor-widget elementor-widget-spacer\" data-id=\"775f614\" data-element_type=\"widget\" data-widget_type=\"spacer.default\">\n\t\t\t\t<div class=\"elementor-widget-container\">\n\t\t\t\t\t<div class=\"elementor-spacer\">\n\t\t\t<div class=\"elementor-spacer-inner\"><\/div>\n\t\t<\/div>\n\t\t\t\t<\/div>\n\t\t\t\t<\/div>\n\t\t\t\t<div class=\"elementor-element elementor-element-8892d03 elementor-widget elementor-widget-text-editor\" data-id=\"8892d03\" data-element_type=\"widget\" data-widget_type=\"text-editor.default\">\n\t\t\t\t<div class=\"elementor-widget-container\">\n\t\t\t\t\t\t\t<p><a href=\"https:\/\/www.instagram.com\/p\/CsYk5a4uCo9\/?utm_source=ig_web_copy_link&amp;amp;igsh=MzRlODBiNWFlZA==\">No m\u00eas de maio, a equipe do Laborat\u00f3rio de Investiga\u00e7\u00e3o Sociol\u00f3gica esteve na Escola Municipal de Ensino Fundamental &#8211; Aracy Barreto Sacchis, construindo um espa\u00e7o de debate sobre os <b>Direitos Humanos e temas contempor\u00e2neos transversais<\/b> atrelados ao Ensino B\u00e1sico. Agradecemos a escola pelo espa\u00e7o enriquecedor<\/a><\/p>\t\t\t\t\t\t<\/div>\n\t\t\t\t<\/div>\n\t\t\t\t\t<\/div>\n\t\t<\/div>\n\t\t\t\t\t<\/div>\n\t\t<\/section>\n\t\t\t\t<div class=\"elementor-element elementor-element-94e3526 elementor-widget elementor-widget-heading\" data-id=\"94e3526\" data-element_type=\"widget\" data-widget_type=\"heading.default\">\n\t\t\t\t<div class=\"elementor-widget-container\">\n\t\t\t<h2 class=\"elementor-heading-title elementor-size-default\">Evento: \"Brasil Terra Ind\u00edgena II - O Futuro \u00e9 Ancestral!\" (2023)<\/h2>\t\t<\/div>\n\t\t\t\t<\/div>\n\t\t\t\t<section class=\"elementor-section elementor-inner-section elementor-element elementor-element-df0c92e elementor-section-boxed elementor-section-height-default elementor-section-height-default\" data-id=\"df0c92e\" data-element_type=\"section\">\n\t\t\t\t\t\t<div class=\"elementor-container elementor-column-gap-default\">\n\t\t\t\t\t<div class=\"elementor-column elementor-col-50 elementor-inner-column elementor-element elementor-element-1e87656\" data-id=\"1e87656\" data-element_type=\"column\">\n\t\t\t<div class=\"elementor-widget-wrap elementor-element-populated\">\n\t\t\t\t\t\t<div class=\"elementor-element elementor-element-35c969e elementor-widget elementor-widget-image\" data-id=\"35c969e\" data-element_type=\"widget\" data-widget_type=\"image.default\">\n\t\t\t\t<div class=\"elementor-widget-container\">\n\t\t\t\t\t\t\t\t\t\t\t\t\t\t<a href=\"https:\/\/www.ufsm.br\/eventos\/brasil-terra-indigena\">\n\t\t\t\t\t\t\t<img decoding=\"async\" src=\"https:\/\/www.ufsm.br\/app\/uploads\/sites\/683\/2024\/02\/Anuncio-Vendas-Apple-Watch-5.jpg\" title=\"\" alt=\"\" loading=\"lazy\" \/>\t\t\t\t\t\t\t\t<\/a>\n\t\t\t\t\t\t\t\t\t\t\t\t\t<\/div>\n\t\t\t\t<\/div>\n\t\t\t\t\t<\/div>\n\t\t<\/div>\n\t\t\t\t<div class=\"elementor-column elementor-col-50 elementor-inner-column elementor-element elementor-element-7a10d0a\" data-id=\"7a10d0a\" data-element_type=\"column\">\n\t\t\t<div class=\"elementor-widget-wrap elementor-element-populated\">\n\t\t\t\t\t\t<div class=\"elementor-element elementor-element-84f81d9 elementor-widget elementor-widget-spacer\" data-id=\"84f81d9\" data-element_type=\"widget\" data-widget_type=\"spacer.default\">\n\t\t\t\t<div class=\"elementor-widget-container\">\n\t\t\t\t\t<div class=\"elementor-spacer\">\n\t\t\t<div class=\"elementor-spacer-inner\"><\/div>\n\t\t<\/div>\n\t\t\t\t<\/div>\n\t\t\t\t<\/div>\n\t\t\t\t<div class=\"elementor-element elementor-element-76fb231 elementor-widget elementor-widget-text-editor\" data-id=\"76fb231\" data-element_type=\"widget\" data-widget_type=\"text-editor.default\">\n\t\t\t\t<div class=\"elementor-widget-container\">\n\t\t\t\t\t\t\t<p><a href=\"https:\/\/www.ufsm.br\/eventos\/brasil-terra-indigena\">O evento, com a tem\u00e1tica central &#8220;<strong>O Futuro \u00e9 Ancestral!<\/strong>&#8220;, possibilitou discuss\u00f5es abrangeram a promo\u00e7\u00e3o da cultura ind\u00edgena e a abordagem de quest\u00f5es cr\u00edticas ligadas \u00e0 sa\u00fade, direitos e educa\u00e7\u00e3o ind\u00edgena. O evento representa um movimento decolonial em busca de uma academia que valorize as cosmovis\u00f5es e os ensinamentos ancestrais dos povos ind\u00edgenas, consolidando-se como o maior evento acad\u00eamico do estado do Rio Grande do Sul nesse contexto.<\/a><\/p>\t\t\t\t\t\t<\/div>\n\t\t\t\t<\/div>\n\t\t\t\t\t<\/div>\n\t\t<\/div>\n\t\t\t\t\t<\/div>\n\t\t<\/section>\n\t\t\t\t\t<\/div>\n\t\t<\/div>\n\t\t\t\t\t<\/div>\n\t\t<\/section>\n\t\t\t\t<\/div>\n\t\t","protected":false},"excerpt":{"rendered":"<p>I Semin\u00e1rio de Sociologia da UFSM (2017) O Semin\u00e1rio abordou desafios sociais e pol\u00edticos contempor\u00e2neos sob diferentes perspectivas sociol\u00f3gicas, promovendo debates sobre quest\u00f5es locais, nacionais e internacionais. Tanto problemas emergentes quanto antigos foram discutidos, incentivando reflex\u00f5es profundas e debates entre os participantes.A mesa de abertura (08\/06) abordou a tem\u00e1tica: &#8220;Desigualdade e ideologias do desenvolvimento&#8220;, conduzida [&hellip;]<\/p>\n","protected":false},"author":7582,"featured_media":0,"parent":0,"menu_order":0,"comment_status":"closed","ping_status":"closed","template":"","meta":{"footnotes":""},"categories":[],"tags":[],"class_list":["post-149","page","type-page","status-publish","hentry"],"acf":[],"_links":{"self":[{"href":"https:\/\/www.ufsm.br\/laboratorios\/labis\/wp-json\/wp\/v2\/pages\/149","targetHints":{"allow":["GET"]}}],"collection":[{"href":"https:\/\/www.ufsm.br\/laboratorios\/labis\/wp-json\/wp\/v2\/pages"}],"about":[{"href":"https:\/\/www.ufsm.br\/laboratorios\/labis\/wp-json\/wp\/v2\/types\/page"}],"author":[{"embeddable":true,"href":"https:\/\/www.ufsm.br\/laboratorios\/labis\/wp-json\/wp\/v2\/users\/7582"}],"replies":[{"embeddable":true,"href":"https:\/\/www.ufsm.br\/laboratorios\/labis\/wp-json\/wp\/v2\/comments?post=149"}],"version-history":[{"count":0,"href":"https:\/\/www.ufsm.br\/laboratorios\/labis\/wp-json\/wp\/v2\/pages\/149\/revisions"}],"wp:attachment":[{"href":"https:\/\/www.ufsm.br\/laboratorios\/labis\/wp-json\/wp\/v2\/media?parent=149"}],"wp:term":[{"taxonomy":"category","embeddable":true,"href":"https:\/\/www.ufsm.br\/laboratorios\/labis\/wp-json\/wp\/v2\/categories?post=149"},{"taxonomy":"post_tag","embeddable":true,"href":"https:\/\/www.ufsm.br\/laboratorios\/labis\/wp-json\/wp\/v2\/tags?post=149"}],"curies":[{"name":"wp","href":"https:\/\/api.w.org\/{rel}","templated":true}]}}