{"id":97,"date":"2024-02-05T13:10:51","date_gmt":"2024-02-05T16:10:51","guid":{"rendered":"https:\/\/www.ufsm.br\/laboratorios\/labis\/?page_id=97"},"modified":"2026-03-14T14:56:21","modified_gmt":"2026-03-14T17:56:21","slug":"equipe","status":"publish","type":"page","link":"https:\/\/www.ufsm.br\/laboratorios\/labis\/equipe","title":{"rendered":"Equipe"},"content":{"rendered":"\t\t<div data-elementor-type=\"wp-page\" data-elementor-id=\"97\" class=\"elementor elementor-97\">\n\t\t\t\t\t\t<section class=\"elementor-section elementor-top-section elementor-element elementor-element-2b744a71 elementor-section-boxed elementor-section-height-default elementor-section-height-default\" data-id=\"2b744a71\" data-element_type=\"section\">\n\t\t\t\t\t\t<div class=\"elementor-container elementor-column-gap-default\">\n\t\t\t\t\t<div class=\"elementor-column elementor-col-100 elementor-top-column elementor-element elementor-element-2e3e08ed\" data-id=\"2e3e08ed\" data-element_type=\"column\">\n\t\t\t<div class=\"elementor-widget-wrap elementor-element-populated\">\n\t\t\t\t\t\t<div class=\"elementor-element elementor-element-6699a032 elementor-widget elementor-widget-text-editor\" data-id=\"6699a032\" data-element_type=\"widget\" data-widget_type=\"text-editor.default\">\n\t\t\t\t<div class=\"elementor-widget-container\">\n\t\t\t\t\t\t\t<ul><li><h4><strong>Pesquisadores:<\/strong><\/h4><\/li><\/ul><p><a href=\"http:\/\/lattes.cnpq.br\/5536778224404595\" target=\"_blank\" rel=\"noopener\">Everton Lazzaretti Picolotto<\/a> <strong>(Coordena\u00e7\u00e3o)\u00a0<\/strong>&#8211; everton.picolotto@ufsm.br<br \/>Interesses de pesquisa: sociologia da educa\u00e7\u00e3o; a\u00e7\u00f5es coletivas e movimentos sociais; sindicalismo e trabalho; quest\u00f5es ambientais.<\/p><p><a href=\"http:\/\/lattes.cnpq.br\/8863977290030642\" target=\"_blank\" rel=\"noopener\">Mari Cleise Sandalowski<\/a> <strong>(Coordena\u00e7\u00e3o) <\/strong>&#8211; mari.sandalowski@ufsm.br<br \/>Interesses de pesquisa: sociologia das profiss\u00f5es, educa\u00e7\u00e3o, inova\u00e7\u00e3o e tecnologias; sociologia do direito: viol\u00eancia dom\u00e9stica, fam\u00edlia e sa\u00fade.<\/p><p><a href=\"http:\/\/lattes.cnpq.br\/6081436165456692\" target=\"_blank\" rel=\"noopener\">Jo\u00e3o Gilberto do Nascimento Lima<\/a> (DCS) &#8211; joao.lima@ufsm.br<br \/>Interesses de pesquisa: sociologia do jornalismo; sociologia pol\u00edtica, representa\u00e7\u00e3o e competi\u00e7\u00e3o eleitoral; teoria das elites pol\u00edticas e culturais.<\/p><p><a href=\"http:\/\/lattes.cnpq.br\/0500517652436194\" target=\"_blank\" rel=\"noopener\">Jana\u00edna Xavier do Nascimento<\/a> (PPGCS) &#8211; janainaxn@gmail.com<br \/>Interesses de pesquisa: teoria sociol\u00f3gica; g\u00eanero e pol\u00edticas p\u00fablicas; movimentos sociais e identidades coletivas; comportamento eleitoral.<\/p><p><a href=\"http:\/\/lattes.cnpq.br\/5082040171132147\" target=\"_blank\" rel=\"noopener\">Laura Senna Ferreira<\/a> (PPGCS) &#8211; laurasennafe@hotmail.com<br \/>Interesses de pesquisa: sociologia do trabalho, conflitos e resist\u00eancias laborais; mercado de trabalho; subjetividade e identidade.<\/p><p><a href=\"http:\/\/lattes.cnpq.br\/9817357117889673\" target=\"_blank\" rel=\"noopener\">Matheus M\u00fcller<\/a> (UFPel\/CAPES) &#8211; theusmuller@gmail.com<br \/>Interesses de pesquisa: pol\u00edticas p\u00fablicas; pol\u00edtica municipal; metodologia quantitativa.<\/p><p><a href=\"http:\/\/lattes.cnpq.br\/8290536763719882\" target=\"_blank\" rel=\"noopener\">Ricardo Mayer<\/a>\u00a0 (PPGCS) &#8211; r.mayer@ufsm.br<br \/>Interesses de pesquisa: sociologia pol\u00edtica; movimentos sociais e da a\u00e7\u00e3o coletiva; sociologia do trabalho; teoria social e ideologias pol\u00edticas contempor\u00e2neas.<\/p><p><a href=\"http:\/\/lattes.cnpq.br\/4246619118472777\" target=\"_blank\" rel=\"noopener\">Virg\u00ednia Vecchioli<\/a>\u00a0 (PPGCS) &#8211; vvecchioli@gmail.com\u00a0<br \/>Interesses de pesquisa: antropologia pol\u00edtica, reconhecimento, mem\u00f3ria coletiva e elites pol\u00edticas; antropologia jur\u00eddica, \u00eanfase em direitos humanos, causas humanit\u00e1rias e milit\u00e2ncia.<\/p><p>\u00a0<\/p><ul><li><h4><strong>P\u00f3s-Doutorado:<\/strong><\/h4><\/li><\/ul><p>Vinicius Foletto Bevilaqua (UFSM)<\/p><p>\u00a0<\/p><ul><li><h4><strong>Doutorado:<\/strong><\/h4><\/li><\/ul><p><a href=\"http:\/\/lattes.cnpq.br\/6221054003766671\" target=\"_blank\" rel=\"noopener\">Anderson Souto Neves (UFSM)<\/a><\/p><p><a href=\"http:\/\/lattes.cnpq.br\/6380793657873657\" target=\"_blank\" rel=\"noopener\">Bruna Farias (UFSM)<\/a><\/p><p><a href=\"http:\/\/lattes.cnpq.br\/5216917090735726\" target=\"_blank\" rel=\"noopener\">Brunna Felk do Nascimento (UFRGS\/UFSM)<\/a><\/p><p><a href=\"http:\/\/lattes.cnpq.br\/5942723039387929\" target=\"_blank\" rel=\"noopener\">Fabiani Rodrigues Do Amaral Da Silva <\/a><\/p><p><a href=\"http:\/\/lattes.cnpq.br\/6682898987113208\" target=\"_blank\" rel=\"noopener\">Fernanda Sena Fernandes (UFSM)<\/a> \u00a0\u00a0<\/p><p>Gislaine Ferreira Oliveira (UFSM)<\/p><p><a href=\"http:\/\/lattes.cnpq.br\/1966563824046561\" target=\"_blank\" rel=\"noopener\">Matheus Baldu\u00edno Salkovski Junges (UFSM)<\/a>\u00a0\u00a0<\/p><p><a href=\"http:\/\/lattes.cnpq.br\/5046536733023995\" target=\"_blank\" rel=\"noopener\">Micaela Severo da Fonseca Jessof (UFRGS)<\/a><\/p><p>Renata de Jesus (UFSM)<\/p><p><a href=\"http:\/\/lattes.cnpq.br\/0840160995314435\" target=\"_blank\" rel=\"noopener\">Thain\u00e1 Saciloto Paulon (UFSM)<\/a><\/p><p>\u00a0<\/p><ul><li><h4><strong>Mestrado:<\/strong><\/h4><\/li><\/ul><p>Bibiana Irala Gomes<span style=\"font-weight: 400\"> (UFRGS)<\/span><\/p><p><span style=\"font-weight: 400\"><a href=\"http:\/\/lattes.cnpq.br\/8016265154223904\" target=\"_blank\" rel=\"noopener\">Bruna Lu\u00edsa Vogt Siebeneichler <\/a><\/span><\/p><p>Carolina Zambiasi da Silva (UFSCar)<\/p><p><a href=\"http:\/\/lattes.cnpq.br\/6337391728060746\" target=\"_blank\" rel=\"noopener\">Eric Quevedo Silva (UFRGS)<\/a><\/p><p><span style=\"font-weight: 400\"><a href=\"http:\/\/lattes.cnpq.br\/8013080032475816\" target=\"_blank\" rel=\"noopener\">Fernanda dos Santos Americo<\/a><\/span><\/p><p>Francisco Vogel<\/p><p>Luka Otesbelgue Henes<\/p><p><a href=\"http:\/\/lattes.cnpq.br\/6216053299667530\" target=\"_blank\" rel=\"noopener\">Norberto Quintana Guidotti de Ornelas <\/a><\/p><p><a href=\"http:\/\/lattes.cnpq.br\/1073063617925091\" target=\"_blank\" rel=\"noopener\"><span style=\"font-weight: 400\">Pedro Lucas Gubiani de Oliveira<\/span><\/a><\/p><p>Pedro Nicol\u00e1s Costa Steindorff<\/p><p>Rafaella Munaretto de \u00c1vila<\/p><p><span style=\"font-weight: 400\"><a href=\"http:\/\/lattes.cnpq.br\/4786351332408615\" target=\"_blank\" rel=\"noopener\">Thiago Lopes Pezente<\/a><\/span><\/p><p><a href=\"http:\/\/lattes.cnpq.br\/0255683393977531\" target=\"_blank\" rel=\"noopener\">Yasmim Lima Pinto (UFRGS)<\/a><\/p><p>\u00a0<\/p><ul><li><h4><strong>Gradua\u00e7\u00e3o:<\/strong><\/h4><\/li><\/ul><p>Bianca Machado<\/p><p><a href=\"http:\/\/lattes.cnpq.br\/7100288016034891\" target=\"_blank\" rel=\"noopener\">Jacilene Aguiar Silva<\/a><\/p><p><a href=\"http:\/\/lattes.cnpq.br\/9360637535196643\" target=\"_blank\" rel=\"noopener\">Luiza Stahl Pereira<\/a><\/p><p>Paulo Ricardo Venes Kaus<\/p><p>Pedro Henrique Almeida Rodrigues<\/p><p>Rafaela Borba Da Silva<\/p><p><span style=\"color: #000000;font-size: 1rem\">Raul dos Santos Silva Filho<\/span><\/p><p>Rog\u00e9ria Tavares da Costa<\/p><p>Sofia Cortes de Moraes<\/p><p>Sthephany de Farias Callegaro<\/p><p>Talita Batista Fioravante<\/p><p>\u00a0<\/p><ul><li><h4><strong>Egressos:<\/strong><\/h4><\/li><\/ul><p>Alan Lemos Rhoden &#8211; Bac. em Geografia (UFSM)<\/p><p>Bruno Silva da Silva<\/p><p><a href=\"http:\/\/lattes.cnpq.br\/2526755511700358\" target=\"_blank\" rel=\"noopener\"><strong><span style=\"font-weight: 400\">Laone Roberto dos Santos &#8211; Lic. em Ci\u00eancias Sociais (UFSM)<\/span><\/strong><\/a><\/p><p>Luciana Dimp\u00e9rio<\/p><p><!-- \/wp:tadv\/classic-paragraph --><\/p>\t\t\t\t\t\t<\/div>\n\t\t\t\t<\/div>\n\t\t\t\t\t<\/div>\n\t\t<\/div>\n\t\t\t\t\t<\/div>\n\t\t<\/section>\n\t\t\t\t<\/div>\n\t\t","protected":false},"excerpt":{"rendered":"<p>Pesquisadores: Everton Lazzaretti Picolotto (Coordena\u00e7\u00e3o)\u00a0&#8211; everton.picolotto@ufsm.brInteresses de pesquisa: sociologia da educa\u00e7\u00e3o; a\u00e7\u00f5es coletivas e movimentos sociais; sindicalismo e trabalho; quest\u00f5es ambientais. Mari Cleise Sandalowski (Coordena\u00e7\u00e3o) &#8211; mari.sandalowski@ufsm.brInteresses de pesquisa: sociologia das profiss\u00f5es, educa\u00e7\u00e3o, inova\u00e7\u00e3o e tecnologias; sociologia do direito: viol\u00eancia dom\u00e9stica, fam\u00edlia e sa\u00fade. Jo\u00e3o Gilberto do Nascimento Lima (DCS) &#8211; joao.lima@ufsm.brInteresses de pesquisa: sociologia [&hellip;]<\/p>\n","protected":false},"author":7582,"featured_media":0,"parent":0,"menu_order":0,"comment_status":"closed","ping_status":"closed","template":"","meta":{"footnotes":""},"categories":[],"tags":[],"class_list":["post-97","page","type-page","status-publish","hentry"],"acf":[],"_links":{"self":[{"href":"https:\/\/www.ufsm.br\/laboratorios\/labis\/wp-json\/wp\/v2\/pages\/97","targetHints":{"allow":["GET"]}}],"collection":[{"href":"https:\/\/www.ufsm.br\/laboratorios\/labis\/wp-json\/wp\/v2\/pages"}],"about":[{"href":"https:\/\/www.ufsm.br\/laboratorios\/labis\/wp-json\/wp\/v2\/types\/page"}],"author":[{"embeddable":true,"href":"https:\/\/www.ufsm.br\/laboratorios\/labis\/wp-json\/wp\/v2\/users\/7582"}],"replies":[{"embeddable":true,"href":"https:\/\/www.ufsm.br\/laboratorios\/labis\/wp-json\/wp\/v2\/comments?post=97"}],"version-history":[{"count":0,"href":"https:\/\/www.ufsm.br\/laboratorios\/labis\/wp-json\/wp\/v2\/pages\/97\/revisions"}],"wp:attachment":[{"href":"https:\/\/www.ufsm.br\/laboratorios\/labis\/wp-json\/wp\/v2\/media?parent=97"}],"wp:term":[{"taxonomy":"category","embeddable":true,"href":"https:\/\/www.ufsm.br\/laboratorios\/labis\/wp-json\/wp\/v2\/categories?post=97"},{"taxonomy":"post_tag","embeddable":true,"href":"https:\/\/www.ufsm.br\/laboratorios\/labis\/wp-json\/wp\/v2\/tags?post=97"}],"curies":[{"name":"wp","href":"https:\/\/api.w.org\/{rel}","templated":true}]}}