{"id":101,"date":"2020-01-28T18:03:00","date_gmt":"2020-01-28T21:03:00","guid":{"rendered":"https:\/\/www.ufsm.br\/laboratorios\/labport\/?page_id=101"},"modified":"2023-01-26T11:47:42","modified_gmt":"2023-01-26T14:47:42","slug":"publicacoes","status":"publish","type":"page","link":"https:\/\/www.ufsm.br\/laboratorios\/labport\/publicacoes","title":{"rendered":"Publica\u00e7\u00f5es"},"content":{"rendered":"\n<p>RAD\u00dcNZ, A.; CABRAL, S. R. S. (2022) <a href=\"https:\/\/revistas.unisinos.br\/index.php\/calidoscopio\/article\/view\/24422\/60749346\">\u201cKeep it simple\u201d: the introductions of Veterinary Medicine academic papers.<\/a> Calidosc\u00f3pio. Calidosc\u00f3pio. , v.20, p.154 &#8211; 166.<\/p>\n<p>CABRAL, S. R. S. (2022) <a href=\"https:\/\/sistemas.uft.edu.br\/periodicos\/index.php\/entreletras\/article\/view\/14526\/20513\">O que \u00e9 mesmo encaixamento em Lingu\u00edstica Sist\u00eamico-Funcional<\/a>?. EntreLetras (Online). , v.13, p.1 &#8211; 21.<\/p>\n<p>CABRAL, S. R. S.; VIAN JR., O.; FUZER, C.; ROTTAVA, L.; SANTORUM, K. A. T. (2021) <a href=\"https:\/\/seer.ufrgs.br\/index.php\/organon\/article\/view\/114042\/63554\">Lista de termos da lingu\u00edstica sist\u00eamico-funcional em portugu\u00eas brasileiro: l\u00e9xico-gram\u00e1tica<\/a>. Organon, v.71, p.483 &#8211; 495.<\/p>\n<p>CABRAL, S. R. S.; VIAN JR., O.; FUZER, C.; ROTTAVA, L.; SANTORUM, K. A. T. (2021) <a href=\"https:\/\/seer.ufrgs.br\/index.php\/organon\/article\/view\/117001\/63836\">Apresenta\u00e7\u00e3o<\/a>. Organon, v.71, p.5 &#8211; 15.<\/p>\n<p>MEA, T. D.; CABRAL, S. R. S. (2021) <a href=\"https:\/\/revista.cbtecle.com.br\/index.php\/CBTecLE\/article\/view\/371\">Par\u00e2metros para elabora\u00e7\u00e3o de material did\u00e1tico na perspectiva sist\u00eamico-funcional<\/a>. Revista CBTeCLE, v.2, p.203 &#8211; 221.<\/p>\n<p>FLOREK, C.; CABRAL, S.R.S. (2021).\u00a0<a href=\"https:\/\/www.ufsm.br\/app\/uploads\/sites\/772\/2021\/06\/delta.pdf\">Avaliatividade verbal e visual em textos que divulgam pesquisas de opini\u00e3o p\u00fablica<\/a>. DELTA, v. 37, n. 2, p. 1-31.<\/p>\n<p>FUZER, C<b>.<\/b>; CECHIN, A. (2021). <a href=\"https:\/\/www.ufsm.br\/app\/uploads\/sites\/772\/2021\/06\/Cecchin_Fuzer.pdf\">Desconstru\u00e7\u00e3o e constru\u00e7\u00e3o conjunta de relato biogr\u00e1fico: idea\u00e7\u00e3o e avaliatividade na perspectiva sist\u00eamico-funcional<\/a>. Signo, v. 46, p. 23-41.<\/p>\n<p>SCHMIDT, A. P. C.; FLORENCIO, J. A. (2021). <a href=\"https:\/\/www.ufsm.br\/app\/uploads\/sites\/772\/2021\/06\/Schmidt_Florencio.pdf\">Resenha de Estudos sist\u00eamico-funcionais no \u00e2mbito do Projeto SAL<\/a>. Signo, v. 46, p. 192-196.<\/p>\n<p>FERRAZ DOS SANTOS, M.; DELLA MEA, T.; SCOTTA CABRAL, S. R. (2020). <a href=\"https:\/\/www.ufsm.br\/app\/uploads\/sites\/772\/2020\/11\/2003-7738-3-PB.pdf\">F\u00e1brica de Coringas: estrat\u00e9gias avaliativas na constru\u00e7\u00e3o de sentido no texto jornal\u00edstico.<\/a><\/p>\n<p>FREITAS, J.; CABRAL, S. R. S. (2020). <a href=\"https:\/\/www.ufsm.br\/laboratorios\/labport\/wp-content\/uploads\/sites\/772\/2020\/08\/28412-Texto-do-artigo-79372-1-10-20200801-1.pdf\">Representar, avaliar e imaginar em tempos de elei\u00e7\u00e3o pol\u00edtica<\/a>.<\/p>\n<p>WEBER, S. ;\u00a0FUZER, C. (2020). <a href=\"https:\/\/www.ufsm.br\/app\/uploads\/sites\/772\/2021\/06\/Weber_Fuzer.pdf\">O g\u00eanero de texto relato hist\u00f3rico explicativo em livro did\u00e1tico de Hist\u00f3ria: organiza\u00e7\u00e3o e rela\u00e7\u00e3o de eventos sobre a ditadura civil-militar no Brasil.<\/a> (CON)TEXTOS LINGU\u00cdSTICOS, v. 14, p. 360-378.<\/p>\n<p>CARVALHO, L. O. ; FUZER, C. (2020). <a href=\"https:\/\/www.ufsm.br\/app\/uploads\/sites\/772\/2021\/06\/Carvalho_Fuzer.pdf\">G\u00eaneros de texto da fam\u00edlia das explica\u00e7\u00f5es: um estudo sist\u00eamico-funcional em livros did\u00e1ticos de l\u00edngua portuguesa.<\/a> Letras em Revista, v. 11, p. 77-94.<\/p>\n<p>BARROS, G.B. ; FUZER, C. (2020). <a href=\"https:\/\/www.ufsm.br\/app\/uploads\/sites\/772\/2021\/06\/Barros_Fuzer.pdf\">An\u00e1lise sist\u00eamico-funcional de resenhas em livro did\u00e1tico de l\u00edngua portuguesa.<\/a> Macab\u00e9a- Revista Eletr\u00f4nica do NETLLI, v. 9, p. 399-415.<\/p>\n<p>GERHARDT, C. C.; FUZER, C. (2020).\u00a0<a href=\"https:\/\/www.ufsm.br\/app\/uploads\/sites\/772\/2021\/06\/Gerhardt_Fuzer.pdf\">Prop\u00f3sitos e estruturas de g\u00eanero da perspectiva sist\u00eamico-funcional na leitura de contos dos Irm\u00e3os Grimm<\/a>. Revista Ibero-Americana de Humanidades, Ci\u00eancias e Educa\u00e7\u00e3o, v. 6, p. 57-69.<\/p>\n<p>GERHARDT, C. C.; FUZER, C. (2020). <a href=\"https:\/\/www.scielo.br\/scielo.php?script=sci_arttext&amp;pid=S0103-18132020000100746&amp;tlng=pt\">Toda est\u00f3ria \u00e9 uma narrativa? G\u00eaneros de texto exemplum e epis\u00f3dio em livro did\u00e1tico em l\u00edngua portuguesa<\/a>.<\/p>\n<p>CHAGAS; N. E.; SCHMIDT, A. P. C. (2020). <a href=\"https:\/\/revistadaanpoll.emnuvens.com.br\/revista\/article\/view\/1224\">Representa\u00e7\u00f5es para Professor em Artigos de Opini\u00e3o Jornal\u00edsticos sob a Perspectiva Sist\u00eamico-funcional<\/a><\/p>\n<p>CORREA, E. K. C.; SCHMIDT, A. P. C. (2020). <a href=\"https:\/\/www.ufsm.br\/laboratorios\/labport\/wp-content\/uploads\/sites\/772\/2020\/02\/Dominios_Correa_Schmidt.pdf\">Choque valorativo e provoca\u00e7\u00e3o em tiras da Mafalda.<\/a><\/p>\n<p>BADER KHUN, M. I. ; FUZER, C. (2019) <a href=\"https:\/\/periodicos.ufrn.br\/gelne\/article\/view\/16117\">Reagindo a textos: instancia\u00e7\u00f5es de g\u00eaneros textuais em livros did\u00e1ticos de L\u00edngua Portuguesa.<\/a><\/p>\n<p>BUENO, E. ;\u00a0FUZER, C. (2019). <a href=\"http:\/\/www.fecilcam.br\/revista\/index.php\/educacaoelinguagens\/article\/view\/1828\">Perfil jornal\u00edstico como g\u00eanero textual no contexto escolar: uma an\u00e1lise da linguagem avaliativa.<\/a><\/p>\n<p>GERHARDT, C. C.; PAULA, S. R. (2019).\u00a0<a href=\"http:\/\/sinop.unemat.br\/projetos\/revista\/index.php\/norteamentos\/article\/view\/3570\/2504\">Concep\u00e7\u00f5es de aprendizagem: pr\u00e1ticas de letramento por meio de g\u00eaneros em livro did\u00e1tico.<\/a><\/p>\n<p>KNOLL, G. F.; FUZER, C. (2019). <a href=\"http:\/\/www.scielo.br\/scielo.php?pid=S1981-57942019000300583&amp;script=sci_arttext&amp;tlng=en\">Analysis of infographics of the advertising sphere: multimodality and compositional metafunction.<\/a>\u00a0<\/p>\n<p>SCHMIDT, A. P. C. (2019). <a href=\"http:\/\/revistas.ufcg.edu.br\/ch\/index.php\/RLR\/article\/view\/1363\">Discurso pol\u00edtico sobre educa\u00e7\u00e3o no per\u00edodo pr\u00e9-eleitoral: o que esperar dos candidatos?<\/a><\/p>\n<p>BOER, N. ; CALLEGARO, E. K. ; SANTOS, C. B. (2018). <a href=\"https:\/\/www.iosrjournals.org\/iosr-jrme\/papers\/Vol-8%20Issue-4\/Version-4\/E0804042836.pdf\">Literature, theater and environmental education: perspectives by the transitivity system in the poem Cora Coralina, quem \u00e9 voc\u00ea?<\/a><\/p>\n<p>BOER, N.; CABRAL, S. R. S.; SANTOS, C. B. (2018). <a href=\"https:\/\/revistas.pedagogica.edu.co\/index.php\/TED\/article\/view\/9122\/6845\">A natureza e o meio ambiente no poema o c\u00e2ntico da terra, de cora coralina: uma estrat\u00e9gia para trabalhar educa\u00e7\u00e3o ambiental por meio do teatro-educa\u00e7\u00e3o.<\/a>\u00a0<\/p>\n<p>CABRAL, S. R. S.; BOCHETT, A. C. (2018). <a href=\"https:\/\/periodicos.ufsm.br\/letras\/article\/view\/34347\/pdf_1\">Audi\u00eancias p\u00fablicas: a polissemia do -dever- no discurso do pol\u00edtico.<\/a><\/p>\n<p>CABRAL, S. R. S.; PINTON, F. M. (2018). <a href=\"https:\/\/revistas.unicentro.br\/index.php\/revista_interfaces\/article\/view\/5609\">Vozes n\u00e3o autorais em textos midi\u00e1ticos: an\u00e1lise dos processos verbais e dos verbos introdutores de opini\u00e3o.<\/a>\u00a0<\/p>\n<p>DAMIANI, S.; WINK, D. S.; CABRAL, S. R. S. (2018). <a href=\"https:\/\/periodicos.ufsm.br\/LeC\/article\/view\/34934\">\u201c<em>Corpus<\/em> Lingu\u00edstico UFSM\u201d: Constru\u00e7\u00e3o e etiquetagem.<\/a>\u00a0<\/p>\n<p>DIAS, O. B. ; SCHMIDT, A. P. C. (2018). <a href=\"https:\/\/periodicos.ufsm.br\/LeC\/article\/view\/34536\/pdf\">Material did\u00e1tico visual no ensino de ingl\u00eas como l\u00edngua adicional para estudantes surdos.<\/a>\u00a0<\/p>\n<p>FARENCENA, G. S.; SANTOS, M. F. (2018). <a href=\"https:\/\/periodicos.ufsm.br\/letras\/article\/view\/32094\">A Avalia\u00e7\u00e3o de um discurso do presidente Michel Temer: uma an\u00e1lise a partir dos recursos de grada\u00e7\u00e3o.\u00a0<\/a><\/p>\n<p>FUZER, C. (2018). <a href=\"http:\/\/www.scielo.br\/pdf\/delta\/v34n1\/1678-460X-delta-34-01-269.pdf\">Realiza\u00e7\u00f5es lingu\u00edsticas e instancia\u00e7\u00e3o de g\u00eaneros na perspectiva sist\u00eamico-funcional.<\/a><\/p>\n<p>FUZER, C.; WEBER, S. (2018). <a href=\"https:\/\/periodicos.ufsc.br\/index.php\/forum\/article\/view\/1984-8412.2018v15n3p3210\">Chapeuzinho Vermelho em tr\u00eas vers\u00f5es: an\u00e1lise de g\u00eanero na perspectiva sist\u00eamico-funcional.<\/a><\/p>\n<p>NUNES, G. G.; CABRAL, S. R. S. (2018). <a href=\"http:\/\/www.scielo.br\/scielo.php?pid=S0102-44502018000100149&amp;script=sci_abstract&amp;tlng=pt\">O Estad\u00e3o e a Presidente: o editorial como locus de avalia\u00e7\u00e3o.<\/a><\/p>\n<p>SCHMIDT, A. P. C.; CECCHIN, A. S.; CHAGAS, N. E.; CABRAL, S. R. S. (2018). <a href=\"https:\/\/revistadaanpoll.emnuvens.com.br\/revista\/article\/view\/1111\">O desafio da profiss\u00e3o de professor no Brasil: an\u00e1lise avaliativa da linguagem em um artigo de opini\u00e3o<\/a>.\u00a0<\/p>\n<p>SCHMIDT, A. P. C.; CHAGAS, N. E.; CABRAL, S. R. S. (2018). <a href=\"https:\/\/www.revistas.ufg.br\/lep\/article\/view\/57508\">Encaixamento como recurso de significado lingu\u00edstico em uma carta aberta ao Senhor Governador.\u00a0<\/a><\/p>\n<p>SCHMIDT, A. P. C.; SELBACH, H. V. (2018). <a href=\"https:\/\/periodicos.ufsm.br\/LeC\/article\/view\/29365\">&#8216;Sistema&#8217;: rela\u00e7\u00f5es entre as perspectivas de Saussure e da Gram\u00e1tica Sist\u00eamico-Funcional de Halliday.\u00a0<\/a><\/p>\n<p>BADER KHUN, M. I. ; FUZER, C. (2017). <a href=\"http:\/\/revistas.ufcg.edu.br\/ch\/index.php\/RLR\/article\/view\/862\">Instancia\u00e7\u00f5es de g\u00eaneros em f\u00e1bulas: um estudo na perspectiva sist\u00eamico-funcional.<\/a><\/p>\n<p>BOCHETT, A. C.; CABRAL, S. R. S. (2017). <a href=\"http:\/\/www.periodicos.unir.br\/index.php\/RE-UNIR\/article\/view\/2403\/2083\">Audi\u00eancias p\u00fablicas sobre meio ambiente e desenvolvimento sustent\u00e1vel: uma an\u00e1lise de g\u00eanero segundo a perspectiva sist\u00eamico-funcional.\u00a0<\/a><\/p>\n<p>BOCHETT, A. C.; OLIVEIRA, S. M. N. (2017). <a href=\"https:\/\/periodicos.ufsm.br\/LeC\/article\/view\/24204\/pdf\">A modalidade nas concep\u00e7\u00f5es e princ\u00edpios do documento base do PROEJA agosto\/2007.\u00a0<\/a><\/p>\n<p>CALLEGARO, E. K.; CABRAL, S. R. S.; FREITAS, J. C.; BOCHETT, A. C. (2017). <a href=\"https:\/\/periodicos.ufpa.br\/index.php\/moara\/article\/view\/4229\/4453\">Concep\u00e7\u00f5es de discurso pol\u00edtico: caminhos para uma discuss\u00e3o te\u00f3rica.<\/a>\u00a0<\/p>\n<p>CARGNIN, E. S.; FARENCENA, G. S. (2017).\u00a0<a href=\"https:\/\/periodicos.ufsm.br\/LeC\/article\/view\/f\/pdf\">Realiza\u00e7\u00e3o l\u00f3gica da linguagem em not\u00edcias sobre o <em>impeachment<\/em> da presidente afastada Dilma Rousseff: uma an\u00e1lise de proje\u00e7\u00e3o no complexo oracional.<\/a>\u00a0<\/p>\n<p>GEHRKE, N. A.; CABRAL, S. R. S. (2017). <a href=\"http:\/\/periodicos.uern.br\/index.php\/dialogodasletras\/article\/view\/2405\/1313\">A reescrita e a qualifica\u00e7\u00e3o do processo de produ\u00e7\u00e3o de microcr\u00f4nicas verbo-visuais.\u00a0<\/a><\/p>\n<p>ROSSI, A. M.; FARENCENA, G. S. (2017). <a href=\"http:\/\/www.cadernosdeletras.uff.br\/index.php\/cadernosdeletras\/article\/view\/501\">A estrutura esquem\u00e1tica de g\u00eanero e as rela\u00e7\u00f5es l\u00f3gico-sem\u00e2nticas em um exemplar de g\u00eanero da fam\u00edlia do argumentar.\u00a0<\/a><\/p>\n<p>BORDIM, C. T. ; FARENCENA, G. S. (2016). <a href=\"https:\/\/periodicos.ufsm.br\/LeC\/article\/view\/25543\">Bela, recatada e do lar: an\u00e1lise de um artigo de opini\u00e3o sob o enfoque da perspectiva de g\u00eanero australiana.<\/a><\/p>\n<p>FREITAS, J. C.; CABRAL, S. R. S. (2016). <a href=\"https:\/\/periodicos.ufsm.br\/LeC\/article\/view\/25498\/pdf\">A linguagem na constru\u00e7\u00e3o de representa\u00e7\u00f5es de Deus e democracia em uma vota\u00e7\u00e3o na C\u00e2mara dos Deputados<\/a>.\u00a0<\/p>\n<p>FUZER, C.; GERHARDT, C. C. ; WEBER, S. (2016). <a href=\"https:\/\/seer.ufrgs.br\/cadernosdoil\/article\/view\/67867\">Etapas e fases da narrativa em O Pequeno Polegar: an\u00e1lise de g\u00eanero na perspectiva sist\u00eamico-funcional.<\/a><\/p>\n<p>FUZER, C.; GON\u00c7ALVES, A. (2016). <a href=\"http:\/\/periodicos.ufes.br\/contextoslinguisticos\/article\/view\/14784\">Recursos interpessoais da linguagem em carta aberta na perspectiva sist\u00eamico-funcional.\u00a0<\/a><\/p>\n<p>CABRAL, S. R. S. (2015). <a href=\"https:\/\/periodicos.unb.br\/index.php\/les\/article\/view\/7525\">Transitividade e auto\/representa\u00e7\u00e3o em um debate pol\u00edtico.<\/a>\u00a0<\/p>\n<p>CABRAL, S. R. S.; BARBARA, L. (2015). <a href=\"https:\/\/periodicos.ufsm.br\/letras\/article\/view\/20210\/pdf\">Processos comportamentais na perspectiva da LSF: uma investiga\u00e7\u00e3o inicial.\u00a0<\/a><\/p>\n<p>FUZER, C.; CRUZ, L. S. (2015). <a href=\"https:\/\/www.revistas.ufg.br\/sig\/article\/view\/30875\">Representa\u00e7\u00f5es para v\u00edtimas, familiares e poder p\u00fablico na trag\u00e9dia da boate Kiss sob a perspectiva sist\u00eamico-funcional.<\/a><\/p>\n<p>FUZER, C.; GERHARDT, C. C. ; LIMA, L. O. (2015). <a href=\"https:\/\/periodicos.ufsm.br\/LeC\/article\/view\/r\/14897\">A Reescrita no processo de produ\u00e7\u00e3o textual: respostas a bilhetes orientadores na Educa\u00e7\u00e3o B\u00e1sica.<\/a><\/p>\n<p>SILVA, T. S. ;\u00a0FUZER, C. (2015). <a href=\"https:\/\/periodicos.ufsm.br\/letras\/article\/view\/20206\">Evid\u00eancias l\u00e9xico-gramaticais de representa\u00e7\u00f5es na voz de ativistas e de homossexuais idosos.<\/a><\/p>\n<p>BOCHETT, A. C.; RODRIGUES, D. R.; LIMA, L. O. (2014). <a href=\"http:\/\/periodicos.pucminas.br\/index.php\/contraponto\/article\/view\/9939\/pdf\">A sustentabilidade em foco: significados representacionais \u00e0 luz da Gram\u00e1tica do Design Visual em capas de revista.\u00a0<\/a><\/p>\n<p>BORTOLUZZI, V. I.; NUNES, G. G. (2014). <a href=\"http:\/\/www.portaldeperiodicos.unisul.br\/index.php\/Linguagem_Discurso\/article\/view\/2367\/1668\">A representa\u00e7\u00e3o da pobreza pela m\u00eddia on-line.\u00a0<\/a><\/p>\n<p>CARGNIN, E. S. ; FARENCENA, G. S. ; FUZER, C. (2014). <a href=\"https:\/\/periodicos.ufsm.br\/LeC\/article\/view\/22436\">Representa\u00e7\u00f5es em discursos de paraninfos sobre a profiss\u00e3o de professor nos cursos de ci\u00eancias cont\u00e1beis e fisioterapia.<\/a><\/p>\n<p>CARGNIN, E. S.; ROSSI, A. M. ; FARENCENA, G. S. (2014). <a href=\"https:\/\/wp.ufpel.edu.br\/cadernodeletras\/files\/2014\/02\/Caderno-de-Letras-n%c2%ba-201.pdf\">A hora do paraninfo: representa\u00e7\u00f5es para o professor em discursos de formatura.<\/a>\u00a0<\/p>\n<p>FUZER, C. (2014). <a href=\"https:\/\/revistadaanpoll.emnuvens.com.br\/revista\/article\/view\/772\">Ateli\u00ea de Textos: (re)inven\u00e7\u00e3o e (re)escrita de hist\u00f3rias no Ensino B\u00e1sico.\u00a0<\/a>\u00a0<\/p>\n<p>FUZER, C.;\u00a0BARBARA, L. (2014). <a href=\"http:\/\/www.periodicos.letras.ufmg.br\/index.php\/relin\/article\/view\/6358\/5380\">Estrat\u00e9gias de progress\u00e3o tem\u00e1tica com temas t\u00f3picos n\u00e3o marcados em artigos cient\u00edficos da engenharia civil.<\/a><\/p>\n<p>GEHRKE, N. A.; CABRAL, S. R. S. <a href=\"https:\/\/www.ufsm.br\/laboratorios\/labport\/wp-content\/uploads\/sites\/772\/2020\/02\/O-peso-da-palavra.Nara-e-Sara.UPF_.pdf\">O peso da palavra e a poesia da\u00a0 imagem na produ\u00e7\u00e3o e leitura de microcr\u00f4nicas verbo-visuais.<\/a><\/p>\n<p>LIMA, L. R. (2014). <a href=\"http:\/\/revista.uniabeu.edu.br\/index.php\/RE\/article\/view\/1180\/pdf_210\">\u201cAparecer\u201d e \u201csurgir\u201d &#8211; processos materiais ou existenciais?<\/a>\u00a0<\/p>\n<p>LIMA, L. O; BOCHETT, A. C.; ROSSI, A. M.; RODRIGUES, D. R. (2014). <a href=\"https:\/\/periodicos.ufsm.br\/LeC\/article\/view\/22438\/13302\">Do sagrado ao profano: representa\u00e7\u00f5es visuais para a mulher na capa do livro doidas e santas, de Martha Medeiros.<\/a>\u00a0<\/p>\n<p>RIBEIRO, M. R. (2014). <a href=\"https:\/\/seer.ufrgs.br\/cadernosdoil\/article\/view\/36091\/32791\">A Estrutura Potencial do G\u00eanero do Boletim de Ocorr\u00eancia sobre crimes de linguagem contra a honra.<\/a><\/p>\n<p>RIBEIRO, M. R. (2014). <a href=\"http:\/\/revel.inf.br\/files\/a9fa125170df1aa81ae4d32d535cead4.pdf\">Representa\u00e7\u00f5es para atores sociais em boletins de ocorr\u00eancia de crimes de inj\u00faria.<\/a><\/p>\n<p>RIBEIRO, M. R.; FUZER, C. (2014). <a href=\"http:\/\/ojs.letras.up.pt\/index.php\/LLLD\/article\/view\/2446\">A atitude em boletins de ocorr\u00eancia de crimes de linguagem contra a honra: um estudo da ofensa verbal na perspectiva do sistema de avaliatividade.\u00a0<\/a><\/p>\n<p>ROSSI, A. M. (2014). <a href=\"https:\/\/proxy.furb.br\/ojs\/index.php\/linguagens\/article\/view\/4137\">A imagem de Eva: Representa\u00e7\u00f5es para a mulher sob a perspectiva da gram\u00e1tica visual.<\/a><\/p>\n<p>ROSSI, A. M.; FARENCENA, G. S. (2014). <a href=\"https:\/\/periodicos.ufsc.br\/index.php\/forum\/article\/view\/1984-8412.2014v11n2p150\">Representa\u00e7\u00f5es da mulher em cartas b\u00edblicas analisadas sob a perspectiva sist\u00eamico-funcional.<\/a>\u00a0<\/p>\n<p>SILVA, T. S. (2014). <a href=\"https:\/\/www.revistaglauks.ufv.br\/Glauks\/issue\/view\/9\/V.14%20N.01\">An\u00e1lise l\u00e9xico-gramatical de representa\u00e7\u00f5es sociais: o caso dos indiv\u00edduos com esquizofrenia.<\/a><\/p>\n<p>SILVA, T. S. (2014). <a href=\"https:\/\/wp.ufpel.edu.br\/cadernodeletras\/files\/2014\/02\/Caderno-de-Letras-n%c2%ba-201.pdf\">Pacientes ou discriminados?: an\u00e1lise lexico-gramatical de representa\u00e7\u00f5es sobre indiv\u00edduos com esquizofrenia.<\/a><\/p>\n<p>SILVA, E. A.; CABRAL, S. R. S. (2014). <a href=\"https:\/\/www.ufsm.br\/laboratorios\/labport\/wp-content\/uploads\/sites\/772\/2020\/01\/Monoglossia.Eliseu.Sara_.pdf\">Monoglossia e nominaliza\u00e7\u00e3o no discurso de professores sobre letramento.\u00a0<\/a><\/p>\n<p>BOCHETT, A. C.; CABRAL, S. R. S. (2013). <a href=\"https:\/\/www.revistas.ufg.br\/sig\/article\/view\/25199\/15808\">A realiza\u00e7\u00e3o do sistema de modo em not\u00edcias de sa\u00fade.<\/a><\/p>\n<p>FARENCENA, G. S. (2013).\u00a0<a href=\"https:\/\/online.unisc.br\/seer\/index.php\/signo\/article\/view\/3387\">A imagem do campo: representa\u00e7\u00f5es para o agricultor e a agricultura sob a perspectiva da Gram\u00e1tica Visual.<\/a>\u00a0<\/p>\n<p>FLORENCIO, J. A.; CABRAL, S. R. S. (2013). <a href=\"https:\/\/pdfs.semanticscholar.org\/6425\/4eaf390cd60ab11bc52032aeff68514a1cd8.pdf\">How Obama can use pressure to bring peace?: a favorable stance and positive attitudinal assessment.<\/a><\/p>\n<p>FLORES, B. S. ; CRUZ, L. S. ; FUZER, C. (2013). <a href=\"https:\/\/www.revista.ueg.br\/index.php\/temporisacao\/article\/view\/2017\">Estrutura tem\u00e1tica em textos cient\u00edficos da engenharia civil.\u00a0<\/a><\/p>\n<p>NUNES, G. G.; CABRAL, S. R. S. (2013). <a href=\"https:\/\/seer.uniritter.edu.br\/index.php?journal=nonada&amp;page=article&amp;op=view&amp;path%5B%5D=624&amp;path%5B%5D=410\">Avaliatividade e julgamento: uma an\u00e1lise de texto.<\/a>\u00a0<\/p>\n<p>NUNES, G. G.; CABRAL, S. R. S. (2013). <a href=\"http:\/\/periodicos.ufes.br\/contextoslinguisticos\/article\/view\/4860\">Julgamento como categoria avaliativa: o desempenho de Dilma Rousseff em foco.\u00a0<\/a><\/p>\n<p>RODRIGUES, D. L. (2013). <a href=\"https:\/\/revistas.pucsp.br\/index.php\/revlael\/article\/view\/6392\">Avaliatividade em coluna de opini\u00e3o: assinatura valorativa de Luiz Caversan.\u00a0<\/a><\/p>\n<p>CABRAL, S. R. S.; BARBARA, L. (2012). <a href=\"http:\/\/www.scielo.br\/pdf\/delta\/v28nspe\/a08v28nspe.pdf\">Processos verbais no discurso jornal\u00edstico: frequ\u00eancia e organiza\u00e7\u00e3o da mensagem.<\/a>\u00a0<\/p>\n<p>FACCIN, A. ; FUZER, C. (2012).\u00a0<a href=\"http:\/\/www.revlet.com.br\/artigos\/125.pdf\">Representa\u00e7\u00f5es para a sele\u00e7\u00e3o brasileira de futebol a partir de evid\u00eancias l\u00e9xico-gramaticais.<\/a><\/p>\n<p>\u00a0FARENCENA, G. S.;\u00a0FUZER, C. (2012). <a href=\"https:\/\/periodicos.ufpel.edu.br\/ojs2\/index.php\/rle\/article\/view\/15410\">A caracteriza\u00e7\u00e3o da f\u00e1bula a partir de seu Potencial de Estrutura Genol\u00f3gica (PEG).<\/a><\/p>\n<p>FUZER, C. (2012). <a href=\"https:\/\/periodicos.ufsm.br\/letras\/article\/view\/12198\">Bilhete orientador como instrumento de intera\u00e7\u00e3o no processo ensino-aprendizagem de produ\u00e7\u00e3o textual<\/a>.\u00a0<\/p>\n<p>FUZER, C. (2012). <a href=\"http:\/\/www.scielo.br\/scielo.php?script=sci_arttext&amp;pid=S0102-44502012000300003\">Realiza\u00e7\u00e3o de processos verbais em textos cient\u00edficos da \u00e1rea de engenharia civil.<\/a><\/p>\n<p>FUZER, C. (2012). <a href=\"https:\/\/periodicos.fclar.unesp.br\/alfa\/article\/view\/5532\">V\u00edtimas e vil\u00f5es em <em>reality shows<\/em> no Brasil: representa\u00e7\u00f5es e avalia\u00e7\u00f5es com base em evid\u00eancias l\u00e9xico-gramaticais.<\/a><\/p>\n<p>FUZER, C.; FACCIN, A. ; LIMA, L. O. (2012). <a href=\"https:\/\/seer.ufrgs.br\/cadernosdoil\/article\/view\/28022\">Not\u00edcias esportivas declarativas e atributivas: uma an\u00e1lise sob a perspectiva da Gram\u00e1tica Sist\u00eamico-Funcional.\u00a0<\/a><\/p>\n<p>FUZER, C.; TICKS, L.; CABRAL, S. R. S. (2012). <a href=\"http:\/\/www.scielo.br\/pdf\/rbla\/v12n4\/v12n4a11.pdf\">An\u00e1lise sist\u00eamico-funcional como suporte para a leitura de textos: o caso da Cerveja Devassa.<\/a>\u00a0<\/p>\n<p>LIMA, L. R. (2012). <a href=\"http:\/\/periodicos.unincor.br\/index.php\/memento\/article\/view\/133\/pdf\">An\u00e1lise do valor informacional em imagens de reportagens de capa da revista Superinteressante.<\/a>\u00a0<\/p>\n<p>LIMA, L. R. (2012). <a href=\"http:\/\/www.seer.ufu.br\/index.php\/dominiosdelinguagem\/article\/view\/14725\/9602\">Processos existenciais em reportagens de capa da revista Superinteressante.\u00a0<\/a><\/p>\n<p>LIMA, L. R.; CABRAL, S. R. S. (2012). <a href=\"http:\/\/www.portal.anchieta.br\/revistas-e-livros\/interseccoes\/pdf\/interseccoes_ano_5_numero_1.pdf\">A Grada\u00e7\u00e3o e o grau de comprometimento do autor em reportagem da revista Superinteressante.<\/a><\/p>\n<p>RODRIGUES, D. L.; CABRAL, S. R. S. (2012). <a href=\"http:\/\/www.portal.anchieta.br\/revistas-e-livros\/interseccoes\/pdf\/interseccoes_ano_5_numero_1.pdf\">Grada\u00e7\u00e3o e coluna de opini\u00e3o: investiga\u00e7\u00e3o da categoria de for\u00e7a em textos de Eliane Cantanh\u00eade<\/a>.\u00a0<\/p>\n<div>ROSSI, A. M. ; FUZER, C. (2012). <a href=\"http:\/\/est.uff.br\/wp-content\/uploads\/sites\/428\/2018\/08\/zquerubim_16.pdf\">Representa\u00e7\u00f5es para homens e mulheres em um texto b\u00edblico. <\/a><\/div>\n<p>ALVES, G. S.; CABRAL, S. R. S. (2011). <a href=\"http:\/\/revista.uniabeu.edu.br\/index.php\/RU\/article\/view\/85\">Os negros pelos negros: uma an\u00e1lise a partir da Teoria da Avaliatividade na revista Ra\u00e7a Brasil.\u00a0<\/a><\/p>\n<p>CARGNIN, E. S. ; FUZER, C. (2011). <a href=\"https:\/\/periodicos.ufsm.br\/LeC\/article\/view\/28002\">An\u00e1lise de escolhas l\u00e9xico-gramaticais em um discurso de formatura: representa\u00e7\u00f5es para a profiss\u00e3o de fisioterapeuta.<\/a><\/p>\n<p>CARGNIN, E. S. ; FUZER, C. (2011). <a href=\"https:\/\/revistas.anchieta.br\/index.php\/RevistaInterseccoes\/article\/view\/1077\">An\u00e1lise de escolhas l\u00e9xico-gramaticais em um discurso de formatura: representa\u00e7\u00f5es para a profiss\u00e3o do paraninfo.\u00a0<\/a><\/p>\n<p>CEZAR, L. A. S.; CABRAL, S. R. S. (2011). <a href=\"https:\/\/revista.uniabeu.edu.br\/index.php\/RE\/article\/view\/102\/pdf_53\">Homens com fei\u00e7\u00f5es suaves e DNA de bom pai: as avalia\u00e7\u00f5es do homem contempor\u00e2neo.<\/a>\u00a0<\/p>\n<p>FARENCENA, G. S. (2011).\u00a0<a href=\"https:\/\/periodicos.ufsm.br\/LeC\/article\/view\/28038\">F\u00e1bulas de Esopo e Mill\u00f4r Fernandes: uma an\u00e1lise contextual.<\/a><\/p>\n<p>FUZER, C.; CABRAL, S. R. S.; OLIONI, R. C. (2011). <a href=\"http:\/\/revistas.unisinos.br\/index.php\/calidoscopio\/article\/view\/cld.2011.93.03\">A sele\u00e7\u00e3o brasileira de futebol a servi\u00e7o da cerveja: an\u00e1lise multifuncional de texto na perspectiva da gram\u00e1tica sist\u00eamico-funcional.\u00a0<\/a><\/p>\n<p>NICHELE, A. I.; CABRAL, S. R. S. (2011). <a href=\"http:\/\/periodicos.ufes.br\/percursos\/article\/view\/1699\">O discurso jornal\u00edstico e o engajamento entre as vozes: uma rela\u00e7\u00e3o de negocia\u00e7\u00e3o lingu\u00edstica entre rep\u00f3rter e entrevistado.\u00a0<\/a><\/p>\n<p>TEIXEIRA, T. G. ; FUZER, C. (2011). <a href=\"https:\/\/periodicos.ufsm.br\/LeC\/article\/view\/v1\/pdf\">Uma proposta de an\u00e1lise de editorial como g\u00eanero textual.<\/a><\/p>\n<p>ALBUQUERQUE, M. E. T. ; SELLE, C. N. ;\u00a0LIMA, L. O. (2010). <a href=\"http:\/\/jararaca.ufsm.br\/websites\/l&amp;c\/download\/Artigos10\/ma_camil_let.pdf.pdf\">Avaliatividade em produ\u00e7\u00e3o de textos a partir do g\u00eanero editorial.\u00a0<\/a><\/p>\n<p>FARENCENA, G. S. ; FUZER, C. (2010). <a href=\"http:\/\/revistas.unisinos.br\/index.php\/calidoscopio\/article\/view\/472\">A representa\u00e7\u00e3o dos personagens Lobo e Cordeiro nas f\u00e1bulas de Esopo e Mill\u00f4r Fernandes.\u00a0<\/a><\/p>\n<p>FUZER, C. (2010). <a href=\"https:\/\/periodicos.ufsm.br\/letras\/article\/view\/12147\">Contexto e l\u00e9xico-gram\u00e1tica em intera\u00e7\u00e3o: an\u00e1lise de uma senten\u00e7a condenat\u00f3ria.<\/a><\/p>\n<p>FUZER, C. (2010). <a href=\"https:\/\/revistas.pucsp.br\/esp\/article\/view\/6238\/0\">Formas de representa\u00e7\u00e3o de atores sociais no contexto jur\u00eddico penal.\u00a0<\/a><\/p>\n<p>FUZER, C.; BARROS, N. C. A. (2010). <a href=\"https:\/\/www.ufsm.br\/laboratorios\/labport\/wp-content\/uploads\/sites\/772\/2020\/01\/ArtigoCriseNinaA\u00e7\u00f5esVerbais2010.pdf\">A\u00e7\u00f5es verbais em textos jur\u00eddicos.<\/a>\u00a0<\/p>\n<p>RODRIGUES, D. L.; CABRAL, S. R. S. (2010). <a href=\"http:\/\/revistaseletronicas.pucrs.br\/ojs\/index.php\/letronica\/article\/view\/7341\/5922\">Eu deixo o mundo mais pink &#8211; uma an\u00e1lise das inst\u00e2ncias avaliativas.<\/a><\/p>\n<p>FUZER, C. (2009). <a href=\"http:\/\/jararaca.ufsm.br\/websites\/l&amp;c\/download\/Artigos09\/cristiane.pdf.pdf\">A fun\u00e7\u00e3o experiencial da linguagem no contexto jur\u00eddico.<\/a><\/p>\n<p>OLIVEIRA, N. L. ; BLANK, M. T. ; FUZER, C. (2009). <a href=\"https:\/\/periodicos.ufn.edu.br\/index.php\/disciplinarumALC\/article\/view\/740\">Representa\u00e7\u00e3o de atores sociais em uma reportagem jornal\u00edstica.<\/a><\/p>\n<p>CABRAL, S. R. S. (2008). <a href=\"http:\/\/jararaca.ufsm.br\/websites\/l&amp;c\/download\/artigo08_2\/sara.pdf\">As marcas de interpessoalidade em uma coluna de opini\u00e3o pol\u00edtica.\u00a0<\/a><\/p>\n<p>CABRAL, S. R. S. (2007). <a href=\"https:\/\/www.ufsm.br\/laboratorios\/labport\/wp-content\/uploads\/sites\/772\/2020\/01\/Textura.2007.com-meu-artigo.pdf\">Recursos interpessoais na constru\u00e7\u00e3o de pap\u00e9is gramaticais.<\/a>\u00a0<\/p>\n<p>FUZER, C. (2007). <a href=\"https:\/\/www.ufsm.br\/laboratorios\/labport\/wp-content\/uploads\/sites\/772\/2020\/01\/Linguagem_representacao.pdf\">Linguagem e representa\u00e7\u00e3o da realidade.<\/a>\u00a0<\/p>\n<p>CABRAL, S. R. S. (2005) <a href=\"https:\/\/periodicos.ufsm.br\/LeC\/article\/view\/28527\">Discurso e atua\u00e7\u00e3o profissional: uma an\u00e1lise cr\u00edtica.\u00a0<\/a><\/p>\n","protected":false},"excerpt":{"rendered":"<p>RAD\u00dcNZ, A.; CABRAL, S. R. S. (2022) \u201cKeep it simple\u201d: the introductions of Veterinary Medicine academic papers. Calidosc\u00f3pio. Calidosc\u00f3pio. , v.20, p.154 &#8211; 166. CABRAL, S. R. S. (2022) O que \u00e9 mesmo encaixamento em Lingu\u00edstica Sist\u00eamico-Funcional?. EntreLetras (Online). , v.13, p.1 &#8211; 21. CABRAL, S. R. S.; VIAN JR., O.; FUZER, C.; ROTTAVA, L.; [&hellip;]<\/p>\n","protected":false},"author":1897,"featured_media":0,"parent":0,"menu_order":0,"comment_status":"closed","ping_status":"closed","template":"","meta":{"footnotes":""},"categories":[],"tags":[],"class_list":["post-101","page","type-page","status-publish","hentry"],"acf":[],"_links":{"self":[{"href":"https:\/\/www.ufsm.br\/laboratorios\/labport\/wp-json\/wp\/v2\/pages\/101","targetHints":{"allow":["GET"]}}],"collection":[{"href":"https:\/\/www.ufsm.br\/laboratorios\/labport\/wp-json\/wp\/v2\/pages"}],"about":[{"href":"https:\/\/www.ufsm.br\/laboratorios\/labport\/wp-json\/wp\/v2\/types\/page"}],"author":[{"embeddable":true,"href":"https:\/\/www.ufsm.br\/laboratorios\/labport\/wp-json\/wp\/v2\/users\/1897"}],"replies":[{"embeddable":true,"href":"https:\/\/www.ufsm.br\/laboratorios\/labport\/wp-json\/wp\/v2\/comments?post=101"}],"version-history":[{"count":0,"href":"https:\/\/www.ufsm.br\/laboratorios\/labport\/wp-json\/wp\/v2\/pages\/101\/revisions"}],"wp:attachment":[{"href":"https:\/\/www.ufsm.br\/laboratorios\/labport\/wp-json\/wp\/v2\/media?parent=101"}],"wp:term":[{"taxonomy":"category","embeddable":true,"href":"https:\/\/www.ufsm.br\/laboratorios\/labport\/wp-json\/wp\/v2\/categories?post=101"},{"taxonomy":"post_tag","embeddable":true,"href":"https:\/\/www.ufsm.br\/laboratorios\/labport\/wp-json\/wp\/v2\/tags?post=101"}],"curies":[{"name":"wp","href":"https:\/\/api.w.org\/{rel}","templated":true}]}}