{"id":2,"date":"2019-05-14T15:59:30","date_gmt":"2019-05-14T18:59:30","guid":{"rendered":"https:\/\/www.ufsm.br\/laboratorios-larp\/?page_id=2"},"modified":"2023-01-26T11:49:06","modified_gmt":"2023-01-26T14:49:06","slug":"pagina-inicial","status":"publish","type":"page","link":"https:\/\/www.ufsm.br\/laboratorios\/labport\/","title":{"rendered":"P\u00e1gina inicial"},"content":{"rendered":"\t\t<div data-elementor-type=\"wp-post\" data-elementor-id=\"2\" class=\"elementor elementor-2\">\n\t\t\t\t\t\t<section class=\"elementor-section elementor-top-section elementor-element elementor-element-31fda3f1 elementor-section-boxed elementor-section-height-default elementor-section-height-default\" data-id=\"31fda3f1\" data-element_type=\"section\">\n\t\t\t\t\t\t<div class=\"elementor-container elementor-column-gap-default\">\n\t\t\t\t\t<div class=\"elementor-column elementor-col-100 elementor-top-column elementor-element elementor-element-7c1b024\" data-id=\"7c1b024\" data-element_type=\"column\">\n\t\t\t<div class=\"elementor-widget-wrap elementor-element-populated\">\n\t\t\t\t\t\t<div class=\"elementor-element elementor-element-621e2cc elementor-widget elementor-widget-image\" data-id=\"621e2cc\" data-element_type=\"widget\" data-widget_type=\"image.default\">\n\t\t\t\t<div class=\"elementor-widget-container\">\n\t\t\t\t\t\t\t\t\t\t\t\t\t<img fetchpriority=\"high\" decoding=\"async\" width=\"346\" height=\"342\" src=\"https:\/\/www.ufsm.br\/app\/uploads\/sites\/772\/2023\/01\/Logo.-Labport.-grande.jpeg\" class=\"attachment-large size-large wp-image-225\" alt=\"\" srcset=\"https:\/\/www.ufsm.br\/app\/uploads\/sites\/772\/2023\/01\/Logo.-Labport.-grande.jpeg 346w, https:\/\/www.ufsm.br\/app\/uploads\/sites\/772\/2023\/01\/Logo.-Labport.-grande-300x297.jpeg 300w\" sizes=\"(max-width: 346px) 100vw, 346px\" \/>\t\t\t\t\t\t\t\t\t\t\t\t\t<\/div>\n\t\t\t\t<\/div>\n\t\t\t\t<div class=\"elementor-element elementor-element-8d9b83a elementor-widget elementor-widget-heading\" data-id=\"8d9b83a\" data-element_type=\"widget\" data-widget_type=\"heading.default\">\n\t\t\t\t<div class=\"elementor-widget-container\">\n\t\t\t<h5 class=\"elementor-heading-title elementor-size-default\">Apresenta\u00e7\u00e3o<\/h5>\t\t<\/div>\n\t\t\t\t<\/div>\n\t\t\t\t<div class=\"elementor-element elementor-element-c8da605 elementor-widget elementor-widget-text-editor\" data-id=\"c8da605\" data-element_type=\"widget\" data-widget_type=\"text-editor.default\">\n\t\t\t\t<div class=\"elementor-widget-container\">\n\t\t\t\t\t\t\t<p style=\"text-align: justify\">\u00a0O Laborat\u00f3rio de L\u00edngua Portuguesa (LabPort) \u00e9 vinculado ao curso de Bacharelado em Letras &#8211; Portugu\u00eas da UFSM e consiste em um espa\u00e7o de pesquisa e ensino que integra a\u00e7\u00f5es em prol do trabalho com a l\u00edngua portuguesa. S\u00e3o atendidas as necessidades de um p\u00fablico bem heterog\u00eaneo: acad\u00eamicos da UFSM e de outras universidades de Santa Maria, COPERVES, mestrandos, doutorandos, professores universit\u00e1rios, profissionais envolvidos com a publica\u00e7\u00e3o de material did\u00e1tico ou de pesquisa, pesquisadores em geral. <span style=\"color: #1c1c1c;font-size: 16px\">O LabPort prev\u00ea a ancoragem em diversos projetos\/atividades j\u00e1 em andamento na Universidade Federal de Santa Maria: Ateli\u00ea de Textos, N\u00facleo de Estudos em L\u00edngua Portuguesa, Grupo de Estudos em Discurso Pol\u00edtico (GEDP) e Revista Linguagens e<\/span><span style=\"color: #1c1c1c;font-size: 16px\"> Cidadania (L&amp;C).<\/span><\/p>\t\t\t\t\t\t<\/div>\n\t\t\t\t<\/div>\n\t\t\t\t\t<\/div>\n\t\t<\/div>\n\t\t\t\t\t<\/div>\n\t\t<\/section>\n\t\t\t\t<section class=\"elementor-section elementor-top-section elementor-element elementor-element-7416eee elementor-section-boxed elementor-section-height-default elementor-section-height-default\" data-id=\"7416eee\" data-element_type=\"section\">\n\t\t\t\t\t\t<div class=\"elementor-container elementor-column-gap-default\">\n\t\t\t\t\t<div class=\"elementor-column elementor-col-100 elementor-top-column elementor-element elementor-element-fff47c8\" data-id=\"fff47c8\" data-element_type=\"column\">\n\t\t\t<div class=\"elementor-widget-wrap elementor-element-populated\">\n\t\t\t\t\t\t<div class=\"elementor-element elementor-element-203a095 elementor-widget elementor-widget-wp-widget-ufsm_utilidades\" data-id=\"203a095\" data-element_type=\"widget\" data-widget_type=\"wp-widget-ufsm_utilidades.default\">\n\t\t\t\t<div class=\"elementor-widget-container\">\n\t\t\t\t\t<h5 class=\"card-title titulo-conteudos\">Utilidades<\/h5>\n\t\t\t\t\n\t\t<div class=\"row d-flex justify-content-around\">\n\t\t\t\t\t\t\t<div class=\"col-12 col-sm-6 col-md-2 mt-4 text-center\">\n\t\t\t\t\t\t\t\t\t\t\t<a href=\"https:\/\/www.ufsm.br\/laboratorios\/labport\/equipe\" class=\"item-utilidades d-block\">\n\t\t\t\t\t\t\t\t\t\t<i class=\"fa fa-group animation-pulse\" aria-hidden=\"true\"><\/i><b>Equipe<\/b><\/a>\n\t\t\t\t<\/div>\n\t\t\t\t\t\t\t<div class=\"col-12 col-sm-6 col-md-2 mt-4 text-center\">\n\t\t\t\t\t\t\t\t\t\t\t<a href=\"https:\/\/www.ufsm.br\/laboratorios\/labport\/producao-cientifica\" class=\"item-utilidades d-block\">\n\t\t\t\t\t\t\t\t\t\t<i class=\"fa fa-quote-right animation-pulse\" aria-hidden=\"true\"><\/i><b>Produ\u00e7\u00e3o Cient\u00edfica<\/b><\/a>\n\t\t\t\t<\/div>\n\t\t\t\t\t\t\t<div class=\"col-12 col-sm-6 col-md-2 mt-4 text-center\">\n\t\t\t\t\t\t\t\t\t\t\t<a href=\"https:\/\/www.ufsm.br\/laboratorios\/labport\/projetos\" class=\"item-utilidades d-block\">\n\t\t\t\t\t\t\t\t\t\t<i class=\"fa fa-thumb-tack animation-pulse\" aria-hidden=\"true\"><\/i><b>Projetos<\/b><\/a>\n\t\t\t\t<\/div>\n\t\t\t\t\t\t\t<div class=\"col-12 col-sm-6 col-md-2 mt-4 text-center\">\n\t\t\t\t\t\t\t\t\t\t\t<a href=\"https:\/\/www.ufsm.br\/laboratorios\/labport\/infraestrutura\" class=\"item-utilidades d-block\">\n\t\t\t\t\t\t\t\t\t\t<i class=\"fa fa-university animation-pulse\" aria-hidden=\"true\"><\/i><b>Infraestrutura<\/b><\/a>\n\t\t\t\t<\/div>\n\t\t\t\t\t<\/div>\n\t\t\t\t<\/div>\n\t\t\t\t<\/div>\n\t\t\t\t\t<\/div>\n\t\t<\/div>\n\t\t\t\t\t<\/div>\n\t\t<\/section>\n\t\t\t\t<section class=\"elementor-section elementor-top-section elementor-element elementor-element-399195b elementor-section-boxed elementor-section-height-default elementor-section-height-default\" data-id=\"399195b\" data-element_type=\"section\">\n\t\t\t\t\t\t<div class=\"elementor-container elementor-column-gap-default\">\n\t\t\t\t\t<div class=\"elementor-column elementor-col-100 elementor-top-column elementor-element elementor-element-8759219\" data-id=\"8759219\" data-element_type=\"column\">\n\t\t\t<div class=\"elementor-widget-wrap elementor-element-populated\">\n\t\t\t\t\t\t<div class=\"elementor-element elementor-element-b327021 elementor-widget elementor-widget-wp-widget-ufsm_noticias_widget\" data-id=\"b327021\" data-element_type=\"widget\" data-widget_type=\"wp-widget-ufsm_noticias_widget.default\">\n\t\t\t\t<div class=\"elementor-widget-container\">\n\t\t\t<h5 class='titulo-conteudos'>Not\u00edcias<\/h5><div class='widget-noticias-inside'>\n                        <div class=\"row\">\n                                    <div class=\"col-12 col-lg-12 pb-4\">\n                                        \n                                        \n                    \n                    <a class=\"noticias-widget-title d-block \"  title=\"I E-LADIP \u2013 I Encontro de Lingu\u00edstica Aplicada e Discurso Pol\u00edtico\" href=\"https:\/\/www.ufsm.br\/laboratorios\/labport\/2025\/10\/04\/i-e-ladip-i-encontro-de-linguistica-aplicada-e-discurso-politico\">\n                                                I E-LADIP \u2013 I Encontro de Lingu\u00edstica Aplicada e Discurso Pol\u00edtico                    <\/a>\n                    \n                                            <div class=\"noticias-widget-introtext\">\n                            O Laborat\u00f3rio de L\u00edngua Portuguesa (LabPort) sob a supervis\u00e3o da Profa. Dra. Sara Regina Scotta Cabral tem o prazer de convidar a comunidade acad\u00eamica a participar do \u00a0I E-LADIP \u2013 I Encontro de Lingu\u00edstica Aplicada e Discurso Pol\u00edtico, a ser&hellip;                        <\/div>\n                    \n                                        \n                                        \n                                            \n                                                    <div title=\"Publicado em 04\/10\/2025 \" class=\"data-publicacao-widget\">\n                                <i  class=\"far fa-clock\"><\/i>\n                                04\/10\/2025                             <\/div>\n                                                                <\/div>\n                            <\/div>\n                    <div class=\"row\">\n                                    <div class=\"col-12 col-lg-12 pb-4\">\n                                        \n                                        \n                    \n                    <a class=\"noticias-widget-title d-block \"  title=\"INSCRI\u00c7\u00d5ES ABERTAS PARA O III CICLO DE DEBATES EM LINGU\u00cdSTICA SIST\u00caMICO-FUNCIONAL\" href=\"https:\/\/www.ufsm.br\/laboratorios\/labport\/2023\/05\/16\/inscricoes-abertas-para-o-iii-ciclo-de-debates-em-linguistica-sistemico-funcional\">\n                                                INSCRI\u00c7\u00d5ES ABERTAS PARA O III CICLO DE DEBATES EM LINGU\u00cdSTICA SIST\u00caMICO-FUNCIONAL                    <\/a>\n                    \n                                            <div class=\"noticias-widget-introtext\">\n                            No pr\u00f3ximo dia 18\/05 (dezoito de maio), \u00e0s 18h (dezoito horas), ser\u00e1 transmitida a primeira palestra do III Ciclo de Debates em Lingu\u00edstica Sist\u00eamico-Funcional, promovido pelo Grupo de Pesquisa Sist\u00eamica, Ambientes e Linguagens (SAL) e organizado pelo Laborat\u00f3rio de L\u00edngua&hellip;                        <\/div>\n                    \n                                        \n                                        \n                                            \n                                                    <div title=\"Publicado em 16\/05\/2023 \" class=\"data-publicacao-widget\">\n                                <i  class=\"far fa-clock\"><\/i>\n                                16\/05\/2023                             <\/div>\n                                                                <\/div>\n                            <\/div>\n                    <div class=\"row\">\n                                    <div class=\"col-12 col-lg-12 pb-4\">\n                                        \n                                        \n                    \n                    <a class=\"noticias-widget-title d-block \"  title=\"IV EREF (Encontro Regional de Estudos Funcionalistas)\" href=\"https:\/\/www.ufsm.br\/laboratorios\/labport\/2023\/04\/20\/iv-eref-encontro-regional-de-estudos-funcionalistas\">\n                                                IV EREF (Encontro Regional de Estudos Funcionalistas)                    <\/a>\n                    \n                                            <div class=\"noticias-widget-introtext\">\n                            De 11 a 13\/04 realizou-se o IV EREF (Encontro Regional de Estudos Funcionalistas) na cidade de A\u00e7u, promovido pela Universidade Estadual do Rio Grande do Norte.\u00a0 O evento foi organizado pelo Prof. Wellington Mendes e contou com a presen\u00e7a do&hellip;                        <\/div>\n                    \n                                        \n                                        \n                                            \n                                                    <div title=\"Publicado em 20\/04\/2023 \" class=\"data-publicacao-widget\">\n                                <i  class=\"far fa-clock\"><\/i>\n                                20\/04\/2023                             <\/div>\n                                                                <\/div>\n                            <\/div>\n                    <div class=\"row\">\n                                    <div class=\"col-12 col-lg-12 pb-4\">\n                                        \n                                        \n                    \n                    <a class=\"noticias-widget-title d-block \"  title=\"Aviso importante: mudan\u00e7a de e-mail\" href=\"https:\/\/www.ufsm.br\/laboratorios\/labport\/2022\/07\/26\/aviso-importante-mudanca-de-e-mail\">\n                                                Aviso importante: mudan\u00e7a de e-mail                    <\/a>\n                    \n                                            <div class=\"noticias-widget-introtext\">\n                            Informamos que o Laborat\u00f3rio de L\u00edngua Portuguesa (LABPORT\/UFSM) encontra-se com novo e-mail. Para que possamos atend\u00ea-lo, contate-nos pelo seguinte endere\u00e7o: labport@ufsm.br.                        <\/div>\n                    \n                                        \n                                        \n                                            \n                                                    <div title=\"Publicado em 26\/07\/2022 \" class=\"data-publicacao-widget\">\n                                <i  class=\"far fa-clock\"><\/i>\n                                26\/07\/2022                             <\/div>\n                                                                <\/div>\n                            <\/div>\n                    <div class=\"row\">\n                                    <div class=\"col-12 col-lg-12 pb-4\">\n                                        \n                                        \n                    \n                    <a class=\"noticias-widget-title d-block \"  title=\"Coordenadora do LabPort participa da s\u00e9rie &#8220;Elas na ci\u00eancia&#8221;\" href=\"https:\/\/www.ufsm.br\/laboratorios\/labport\/2022\/02\/21\/coordenadora-do-labport-participa-da-serie-elas-na-ciencia\">\n                                                Coordenadora do LabPort participa da s\u00e9rie &#8220;Elas na ci\u00eancia&#8221;                    <\/a>\n                    \n                                            <div class=\"noticias-widget-introtext\">\n                            Sara Regina Scotta Cabral, professora do Departamento de Letras Vern\u00e1culas e do Programa de P\u00f3s-Gradua\u00e7\u00e3o em Letras da Universidade Federal de Santa Maria e coordenadora do Laborat\u00f3rio de L\u00edngua Portuguesa (LABPORT), participou da terceira temporada da s\u00e9rie Elas na Ci\u00eancia&hellip;                        <\/div>\n                    \n                                        \n                                        \n                                            \n                                                    <div title=\"Publicado em 21\/02\/2022 \" class=\"data-publicacao-widget\">\n                                <i  class=\"far fa-clock\"><\/i>\n                                21\/02\/2022                             <\/div>\n                                                                <\/div>\n                            <\/div>\n            <\/div>\n<div class=\"leia-mais p-1\">\n                <a href=\"https:\/\/www.ufsm.br\/laboratorios\/labport\/busca\/?q=&area=post&orderby=date&sites%5B%5D=772\">\n            LEIA MAIS            <span class=\"icon-box\">\n                <span class=\"bg-ufsm-widget-icon\">\n                    <i class=\"fas fa-chevron-right\" aria-hidden=\"true\"><\/i>\n                <\/span>\n            <\/span>\n        <\/a>\n    <\/div>\n\t\t<\/div>\n\t\t\t\t<\/div>\n\t\t\t\t\t<\/div>\n\t\t<\/div>\n\t\t\t\t\t<\/div>\n\t\t<\/section>\n\t\t\t\t<section class=\"elementor-section elementor-top-section elementor-element elementor-element-86b0016 elementor-section-boxed elementor-section-height-default elementor-section-height-default\" data-id=\"86b0016\" data-element_type=\"section\">\n\t\t\t\t\t\t<div class=\"elementor-container elementor-column-gap-default\">\n\t\t\t\t\t<div class=\"elementor-column elementor-col-100 elementor-top-column elementor-element elementor-element-c35b2eb\" data-id=\"c35b2eb\" data-element_type=\"column\">\n\t\t\t<div class=\"elementor-widget-wrap elementor-element-populated\">\n\t\t\t\t\t\t<div class=\"elementor-element elementor-element-4589380 elementor-widget elementor-widget-google_maps\" data-id=\"4589380\" data-element_type=\"widget\" data-widget_type=\"google_maps.default\">\n\t\t\t\t<div class=\"elementor-widget-container\">\n\t\t\t\t\t<div class=\"elementor-custom-embed\">\n\t\t\t<iframe loading=\"lazy\"\n\t\t\t\t\tsrc=\"https:\/\/maps.google.com\/maps?q=Centro%20de%20Educa%C3%A7%C3%A3o%20UFSM&#038;t=m&#038;z=11&#038;output=embed&#038;iwloc=near\"\n\t\t\t\t\ttitle=\"Centro de Educa\u00e7\u00e3o UFSM\"\n\t\t\t\t\taria-label=\"Centro de Educa\u00e7\u00e3o UFSM\"\n\t\t\t><\/iframe>\n\t\t<\/div>\n\t\t\t\t<\/div>\n\t\t\t\t<\/div>\n\t\t\t\t\t<\/div>\n\t\t<\/div>\n\t\t\t\t\t<\/div>\n\t\t<\/section>\n\t\t\t\t<\/div>\n\t\t","protected":false},"excerpt":{"rendered":"<p>Apresenta\u00e7\u00e3o \u00a0O Laborat\u00f3rio de L\u00edngua Portuguesa (LabPort) \u00e9 vinculado ao curso de Bacharelado em Letras &#8211; Portugu\u00eas da UFSM e consiste em um espa\u00e7o de pesquisa e ensino que integra a\u00e7\u00f5es em prol do trabalho com a l\u00edngua portuguesa. S\u00e3o atendidas as necessidades de um p\u00fablico bem heterog\u00eaneo: acad\u00eamicos da UFSM e de outras universidades [&hellip;]<\/p>\n","protected":false},"author":26,"featured_media":0,"parent":0,"menu_order":0,"comment_status":"closed","ping_status":"open","template":"","meta":{"footnotes":""},"categories":[],"tags":[],"class_list":["post-2","page","type-page","status-publish","hentry"],"acf":[],"_links":{"self":[{"href":"https:\/\/www.ufsm.br\/laboratorios\/labport\/wp-json\/wp\/v2\/pages\/2","targetHints":{"allow":["GET"]}}],"collection":[{"href":"https:\/\/www.ufsm.br\/laboratorios\/labport\/wp-json\/wp\/v2\/pages"}],"about":[{"href":"https:\/\/www.ufsm.br\/laboratorios\/labport\/wp-json\/wp\/v2\/types\/page"}],"author":[{"embeddable":true,"href":"https:\/\/www.ufsm.br\/laboratorios\/labport\/wp-json\/wp\/v2\/users\/26"}],"replies":[{"embeddable":true,"href":"https:\/\/www.ufsm.br\/laboratorios\/labport\/wp-json\/wp\/v2\/comments?post=2"}],"version-history":[{"count":0,"href":"https:\/\/www.ufsm.br\/laboratorios\/labport\/wp-json\/wp\/v2\/pages\/2\/revisions"}],"wp:attachment":[{"href":"https:\/\/www.ufsm.br\/laboratorios\/labport\/wp-json\/wp\/v2\/media?parent=2"}],"wp:term":[{"taxonomy":"category","embeddable":true,"href":"https:\/\/www.ufsm.br\/laboratorios\/labport\/wp-json\/wp\/v2\/categories?post=2"},{"taxonomy":"post_tag","embeddable":true,"href":"https:\/\/www.ufsm.br\/laboratorios\/labport\/wp-json\/wp\/v2\/tags?post=2"}],"curies":[{"name":"wp","href":"https:\/\/api.w.org\/{rel}","templated":true}]}}