{"id":64,"date":"2020-01-28T10:25:14","date_gmt":"2020-01-28T13:25:14","guid":{"rendered":"https:\/\/www.ufsm.br\/laboratorios\/labport\/?page_id=64"},"modified":"2022-02-21T18:58:22","modified_gmt":"2022-02-21T21:58:22","slug":"teses","status":"publish","type":"page","link":"https:\/\/www.ufsm.br\/laboratorios\/labport\/teses","title":{"rendered":"Teses"},"content":{"rendered":"\n<p>\u00a0<\/p>\n<p>SCHIMIDT, A. P. C. (2021). <a href=\"https:\/\/www.ufsm.br\/app\/uploads\/sites\/772\/2022\/02\/Tese_v_final_Ana_completo-1.pdf\" target=\"_blank\" rel=\"noopener\">O Brasil imaginado por candidatos \u00e0 presid\u00eancia: uma abordagem sist\u00eamico-funcional do discurso eleitoral<\/a><\/p>\n<p>CORREA, E. K. C. (2019). <a href=\"https:\/\/www.ufsm.br\/laboratorios\/labport\/wp-content\/uploads\/sites\/772\/2020\/01\/TESE_Erick.pdf\">N\u00e3o \u00e9 n\u00e3o, n\u00e3o? Um estudo sobre o marcador\u00a0 negativo &#8220;n\u00e3o&#8221; em discursos pol\u00edticos de presidentes brasileiros na perspectiva da lingu\u00edstica sist\u00eamico-funcional<\/a><\/p>\n<p>BOCHETT, A. C. (2018). <a href=\"https:\/\/www.ufsm.br\/laboratorios\/labport\/wp-content\/uploads\/sites\/772\/2020\/01\/Tese-Amanda-Canterle-Bochett.pdf\">\u00a0A modalidade pela perspectiva sist\u00eamico-funcional na constru\u00e7\u00e3o da argumenta\u00e7\u00e3o em um inteiro teor de ac\u00f3rd\u00e3o<\/a><\/p>\n<p>FARENCENA, G. <a href=\"https:\/\/www.ufsm.br\/laboratorios\/labport\/wp-content\/uploads\/sites\/772\/2020\/03\/TESE-Gess\u00e9lda-Farencena.pdf\">Artigo de opini\u00e3o como macrog\u00eanero: rela\u00e7\u00f5es l\u00f3gico-sem\u00e2nticas na perspectiva sist\u00eamico-funcional.<\/a><\/p>\n<p>FLOR\u00caNCIO, J. A. (2018). <a href=\"https:\/\/www.ufsm.br\/laboratorios\/labport\/wp-content\/uploads\/sites\/772\/2020\/01\/TES_PPGLETRAS_2018_FLORENCIO_JANE.pdf\">\u00a0Representa\u00e7\u00f5es de Atores Sociais em fontes autorais e n\u00e3o autorais em relat\u00f3rios de est\u00e1gio de um curso t\u00e9cnico em agropecu\u00e1ria integrado: um estudo sist\u00eamico-funcional<\/a><\/p>\n<p>NUNES, G. G. (2018). <a href=\"https:\/\/www.ufsm.br\/laboratorios\/labport\/wp-content\/uploads\/sites\/772\/2020\/01\/Glivia-Guimar\u00e3es-Nunes_Original.-TESE-DE-DOUTORADO.pdf\">\u00a0Rela\u00e7\u00f5es l\u00f3gico-sem\u00e2nticas na organiza\u00e7\u00e3o sequencial da argumenta\u00e7\u00e3o em textos: um estudo sist\u00eamico-funcional<\/a><\/p>\n<p>RIBEIRO, M. R. (2018). <a href=\"https:\/\/www.ufsm.br\/laboratorios\/labport\/wp-content\/uploads\/sites\/772\/2020\/01\/TES_PPGLETRAS_2018_RIBEIRO_MARCOS.pdf\">An\u00e1lise de g\u00eanero e rela\u00e7\u00f5es l\u00f3gico-sem\u00e2nticas em boletins de ocorr\u00eancia de crimes de linguagem contra a honra registrados pela pol\u00edcia civil do estado do Rio Grande do Sul<\/a><\/p>\n<p>LIMA, L. R. (2017). <a href=\"https:\/\/www.ufsm.br\/laboratorios\/labport\/wp-content\/uploads\/sites\/772\/2020\/01\/TESE_LAURO_RAFAEL_LIMA_2017.pdf\">\u00a0Transitividade e ergatividade em processos materiais em l\u00edngua portuguesa na perspectiva da lingu\u00edstica sist\u00eamico-funcional<\/a><\/p>\n<p>NIEDERAUER, A. R. (2017). <a href=\"https:\/\/www.ufsm.br\/laboratorios\/labport\/wp-content\/uploads\/sites\/772\/2020\/01\/Ariane-de-Fatima-Escobar-Rossi-Niederauer_Tese-de-Doutorado.pdf.pdf\">\u00a0O papel do engajamento na constru\u00e7\u00e3o do discurso sobre privatiza\u00e7\u00e3o em not\u00edcias acerca da pol\u00eamica de ades\u00e3o de hospitais universit\u00e1rios federais \u00e0 EBSERH<\/a><\/p>\n<p>OLIVEIRA, S. N. (2017). <a href=\"https:\/\/www.ufsm.br\/laboratorios\/labport\/wp-content\/uploads\/sites\/772\/2020\/01\/TESE-Sandra-13.01.2018-Final.pdf\">\u00a0Relatos autobiogr\u00e1ficos \u00e0 luz da Pedagogia de G\u00eaneros: uma trajet\u00f3ria com interven\u00e7\u00e3o em classe de alunos de Proeja<\/a><\/p>\n<p>RODRIGUES, D. L. (2017). <a href=\"https:\/\/www.ufsm.br\/laboratorios\/labport\/wp-content\/uploads\/sites\/772\/2020\/01\/Daniela-Leite-Rodrigues__Tese-de-Doutorado.pdf\">\u00a0A interpessoalidade nos discursos de posse presidencial do Brasil (1985-2011)<\/a><\/p>\n<p>SILVA, T. S. (2016). <a href=\"https:\/\/www.ufsm.br\/laboratorios\/labport\/wp-content\/uploads\/sites\/772\/2020\/01\/TES_PPGLETRAS_2016_SILVA_THIAGO.pdf\"><em>\u00a0Nos Caminhos da Natureza<\/em>: an\u00e1lise de g\u00eaneros na abordagem sist\u00eamico-funcional em livros did\u00e1ticos de ci\u00eancias naturais<\/a><\/p>\n<p>GEHRKE, N. A. (2015). <a href=\"https:\/\/www.ufsm.br\/laboratorios\/labport\/wp-content\/uploads\/sites\/772\/2020\/01\/GEHRKE-NARA-AUGUSTIN.pdf\">Foto do dia ou microcr\u00f4nica verbo-visual: um g\u00eanero na perspectiva da Escola de Sydney<\/a><\/p>\n<p>CABRAL, S. R. S. (2007). <a href=\"https:\/\/www.ufsm.br\/laboratorios\/labport\/wp-content\/uploads\/sites\/772\/2020\/01\/SARACABRAL.pdf\">A m\u00eddia e o presidente: um julgamento com base na teoria da valora\u00e7\u00e3o<\/a><\/p>\n","protected":false},"excerpt":{"rendered":"<p>\u00a0 SCHIMIDT, A. P. C. (2021). O Brasil imaginado por candidatos \u00e0 presid\u00eancia: uma abordagem sist\u00eamico-funcional do discurso eleitoral CORREA, E. K. C. (2019). N\u00e3o \u00e9 n\u00e3o, n\u00e3o? Um estudo sobre o marcador\u00a0 negativo &#8220;n\u00e3o&#8221; em discursos pol\u00edticos de presidentes brasileiros na perspectiva da lingu\u00edstica sist\u00eamico-funcional BOCHETT, A. C. (2018). \u00a0A modalidade pela perspectiva sist\u00eamico-funcional [&hellip;]<\/p>\n","protected":false},"author":1897,"featured_media":0,"parent":0,"menu_order":0,"comment_status":"closed","ping_status":"closed","template":"","meta":{"footnotes":""},"categories":[],"tags":[],"class_list":["post-64","page","type-page","status-publish","hentry"],"acf":[],"_links":{"self":[{"href":"https:\/\/www.ufsm.br\/laboratorios\/labport\/wp-json\/wp\/v2\/pages\/64","targetHints":{"allow":["GET"]}}],"collection":[{"href":"https:\/\/www.ufsm.br\/laboratorios\/labport\/wp-json\/wp\/v2\/pages"}],"about":[{"href":"https:\/\/www.ufsm.br\/laboratorios\/labport\/wp-json\/wp\/v2\/types\/page"}],"author":[{"embeddable":true,"href":"https:\/\/www.ufsm.br\/laboratorios\/labport\/wp-json\/wp\/v2\/users\/1897"}],"replies":[{"embeddable":true,"href":"https:\/\/www.ufsm.br\/laboratorios\/labport\/wp-json\/wp\/v2\/comments?post=64"}],"version-history":[{"count":0,"href":"https:\/\/www.ufsm.br\/laboratorios\/labport\/wp-json\/wp\/v2\/pages\/64\/revisions"}],"wp:attachment":[{"href":"https:\/\/www.ufsm.br\/laboratorios\/labport\/wp-json\/wp\/v2\/media?parent=64"}],"wp:term":[{"taxonomy":"category","embeddable":true,"href":"https:\/\/www.ufsm.br\/laboratorios\/labport\/wp-json\/wp\/v2\/categories?post=64"},{"taxonomy":"post_tag","embeddable":true,"href":"https:\/\/www.ufsm.br\/laboratorios\/labport\/wp-json\/wp\/v2\/tags?post=64"}],"curies":[{"name":"wp","href":"https:\/\/api.w.org\/{rel}","templated":true}]}}