{"id":33,"date":"2019-05-24T15:38:58","date_gmt":"2019-05-24T18:38:58","guid":{"rendered":"https:\/\/www.ufsm.br\/template-laboratprio\/?page_id=33"},"modified":"2025-11-17T14:40:26","modified_gmt":"2025-11-17T17:40:26","slug":"producao-cientifica","status":"publish","type":"page","link":"https:\/\/www.ufsm.br\/laboratorios\/lageolam\/producao-cientifica","title":{"rendered":"Produ\u00e7\u00e3o Cient\u00edfica"},"content":{"rendered":"\n<p><a href=\"https:\/\/www.ufsm.br\/laboratorios\/lageolam\/relatorios-pmrr-santa-maria-rs\">Relatorios do PMRR &#8211; Santa Maria\/RS<\/a><\/p>\n<p><strong><a style=\"color: #0000ff\" href=\"https:\/\/www.ufsm.br\/laboratorios\/lageolam\/cartilha\/\">S\u00c9RIE ATLAS GEOAMBIENTAL MUNICIPAL<\/a><\/strong><\/p>\n<p><a href=\"https:\/\/www.meridapublishers.com\/dhrs\/\"><strong>Desastres Hidrol\u00f3gicos: Levantamento para o estado do Rio Grande do Sul, Brasil<\/strong><\/a><\/p>\n<p>O livro teve como autores:\u00a0 Lu\u00eds Eduardo Robaina, Romario Trentin, Anderson Volpato Sccoti,\u00a0 Andrea Valli Nummer, Carlos Valdir de Meneses Bateira e Susana Pereira, sendo lan\u00e7ado pela editora <em>M\u00e9rida Publishers.<\/em><\/p>\n<p><img fetchpriority=\"high\" decoding=\"async\" class=\"\" src=\"https:\/\/www.ufsm.br\/app\/uploads\/2024\/06\/ebook-geo-1.jpg\" width=\"260\" height=\"368\" \/><\/p>\n<p><strong style=\"font-size: revert;color: initial\"><a href=\"https:\/\/editoraufsm.com.br\/desastres-naturais-no-rio-grande-do-sul.html\" target=\"_blank\" rel=\"noopener noreferrer\">Desastres Naturais no Rio Grand do Sul<\/a><\/strong><\/p>\n<p>Livro organizado por Lu\u00eds Eduardo de Souza Robaina e Romario Trentin e conta com trabalhos de autores que atuam no LAGEOLAM com a tem\u00e1tica de Desastres Naturais, sendo lan\u00e7ado pela\u00a0<a href=\"https:\/\/editoraufsm.com.br\/desastres-naturais-no-rio-grande-do-sul.html\" target=\"_blank\" rel=\"noopener noreferrer\">Editora da UFSM.<\/a><\/p>\n<p><a href=\"https:\/\/editoraufsm.com.br\/desastres-naturais-no-rio-grande-do-sul.html\" target=\"_blank\" rel=\"noopener noreferrer\"><img decoding=\"async\" src=\"https:\/\/www.ufsm.br\/laboratorios\/lageolam\/wp-content\/uploads\/sites\/649\/2019\/07\/Capa_Simple.jpg\" alt=\"\" width=\"285\" height=\"318\" \/><\/a><\/p>\n<p><a href=\"https:\/\/editoraufsm.com.br\/introducao-a-geologia-de-engenharia.html\" target=\"_blank\" rel=\"noopener noreferrer\"><strong>Introdu\u00e7\u00e3o a Geologia de Engenharia<\/strong><\/a><\/p>\n<p><a href=\"https:\/\/editoraufsm.com.br\/introducao-a-geologia-de-engenharia.html\" target=\"_blank\" rel=\"noopener noreferrer\"><img decoding=\"async\" src=\"https:\/\/www.ufsm.br\/laboratorios\/lageolam\/wp-content\/uploads\/sites\/649\/2020\/06\/Capa-introducao-a-geologia-de-engenharia6946-300x300.jpg\" alt=\"\" width=\"300\" height=\"300\" \/><\/a><\/p>\n<p>\u00a0<\/p>\n<p><a href=\"https:\/\/drive.google.com\/file\/d\/18t0_0RObtQQ_Z-x5qNQgh-pLLXCgzHqA\/view?usp=sharing\" target=\"_blank\" rel=\"noopener noreferrer\"><strong>Descobrindo o Planeta Atrav\u00e9s das Paisagens Ga\u00fachas<\/strong><\/a><\/p>\n<p><a href=\"https:\/\/drive.google.com\/file\/d\/18t0_0RObtQQ_Z-x5qNQgh-pLLXCgzHqA\/view?usp=sharing\" target=\"_blank\" rel=\"noopener noreferrer\"><img loading=\"lazy\" decoding=\"async\" src=\"https:\/\/www.ufsm.br\/laboratorios\/lageolam\/wp-content\/uploads\/sites\/649\/2019\/07\/Pages_from_Paisagens_ga\u00fachas-741x1024.jpg\" alt=\"\" width=\"285\" height=\"394\" \/><\/a><\/p>\n<p>\u00a0<\/p>\n<p><a href=\"https:\/\/drive.google.com\/file\/d\/1vVlk6r922MP5lakfgjuch3KHxFEbQQgS\/view\" target=\"_blank\" rel=\"noopener noreferrer\">MUDAN\u00c7AS NOS SISTEMAS AGR\u00cdCOLAS E TERRIT\u00d3RIOS NO BRASIL<\/a><\/p>\n<p><a href=\"https:\/\/drive.google.com\/file\/d\/1vVlk6r922MP5lakfgjuch3KHxFEbQQgS\/view\" target=\"_blank\" rel=\"noopener noreferrer\"><img loading=\"lazy\" decoding=\"async\" src=\"https:\/\/www.ufsm.br\/laboratorios\/lageolam\/wp-content\/uploads\/sites\/649\/2020\/06\/Capa-Mudan\u00e7as-nos-sistemas-agr\u00edcolas-e-territ\u00f3rios-no-Brasil-229x300.jpg\" alt=\"\" width=\"283\" height=\"371\" \/><\/a><\/p>\n<p><strong>\u00c1reas de risco em ambiente urbano<\/strong><\/p>\n<p>\u2022<a href=\"https:\/\/www.ufsm.br\/laboratorios\/lageolam\/wp-content\/uploads\/sites\/649\/2019\/07\/paula.pdf\">An\u00e1lise de \u00c1reas de Risco Geomorfol\u00f3gico em Santa Maria &#8211; RS: O Caso do Morro Cechela.<\/a>\u00a0<\/p>\n<p>\u2022 <a href=\"https:\/\/www.ufsm.br\/laboratorios\/lageolam\/wp-content\/uploads\/sites\/649\/2019\/07\/Reckziegel_B.pdf\">Hierarquiza\u00e7\u00e3o das Moradias em Situa\u00e7\u00e3o de Risco Geomorfol\u00f3gico associado \u00e0 Din\u00e2mica Fluvial na Vila Url\u00e2ndia, Santa Maria \u2013 Rio Grande do Sul.<\/a><\/p>\n<p>\u00a0<\/p>\n<p><strong>Mapeamento geol\u00f3gico-geomorfol\u00f3gico<\/strong><\/p>\n<p>\u2022 <a href=\"https:\/\/www.ufsm.br\/laboratorios\/lageolam\/wp-content\/uploads\/sites\/649\/2019\/07\/dionara.pdf\">Mapeamento de unidades do Relevo no Oeste do RS: O Caso da Bacia Hidrogr\u00e1fca do Arroio Miracat\u00fa.<\/a><\/p>\n<p>\u2022 <a href=\"https:\/\/www.ufsm.br\/laboratorios\/lageolam\/wp-content\/uploads\/sites\/649\/2019\/07\/romario.pdf\">Metodologia para planejamento Geoambiental no Oeste do Rio Grande do Sul.<\/a><\/p>\n<p>\u2022 <a href=\"https:\/\/www.ufsm.br\/laboratorios\/lageolam\/wp-content\/uploads\/sites\/649\/2019\/07\/rocha.pdf\">Descri\u00e7\u00e3o do Relevo na Bacia Hidrogr\u00e1fica do Arroio S\u00e3o Jo\u00e3o, Nova Esperan\u00e7a do Sul &#8211; RS.<\/a><\/p>\n<p>\u2022 <a href=\"https:\/\/www.ufsm.br\/laboratorios\/lageolam\/wp-content\/uploads\/sites\/649\/2019\/07\/fabio.pdf\">Formas de Relevo da Bacia do Arroio Saic\u00e3 &#8211; RS.<\/a><\/p>\n<p>\u2022 <a href=\"https:\/\/www.ufsm.br\/laboratorios\/lageolam\/wp-content\/uploads\/sites\/649\/2019\/07\/soil_degradation.pdf\">Soil Degradation and Developments of The Sands in Ibicui Basin \u2013 RS.<\/a><\/p>\n<p>\u2022 <a href=\"https:\/\/www.ufsm.br\/laboratorios\/lageolam\/wp-content\/uploads\/sites\/649\/2019\/07\/bazzan.pdf\">Mapeamento de Unidades Geol\u00f3gico-Geomorfol\u00f3gicas da Bacia Hidrogr\u00e1fica do Arroio Curu\u00e7u &#8211; RS.<\/a><\/p>\n<p>\u2022 <a href=\"https:\/\/www.ufsm.br\/laboratorios\/lageolam\/wp-content\/uploads\/sites\/649\/2019\/07\/Robaina.pdf\">Cavernas em Arenito: Oeste do Rio Grande do Sul.<\/a><\/p>\n<p>\u2022 <a href=\"https:\/\/www.ufsm.br\/laboratorios\/lageolam\/wp-content\/uploads\/sites\/649\/2019\/07\/De_Nardin.pdf\">Mapeamento Geomorfol\u00f3gico da Bacia Hidrogr\u00e1fica do Arroio Miracat\u00fa, Oeste o Estado do Rio Grande do Sul.<\/a><\/p>\n<p>\u2022 <a href=\"https:\/\/www.ufsm.br\/laboratorios\/lageolam\/wp-content\/uploads\/sites\/649\/2019\/07\/Trentin.pdf\">Mapeamento Morfolitol\u00f3gico da Bacia Hidrogr\u00e1fica do Rio It\u00fa.<\/a><\/p>\n<p>\u2022 <a href=\"https:\/\/www.ufsm.br\/laboratorios\/lageolam\/wp-content\/uploads\/sites\/649\/2019\/07\/Reckziegel_E.pdf\">Estudo de Par\u00e2metros Morfom\u00e9tricos do Relevo e da Rede de Drenagem da \u00c1rea situada entre os Rios Jaguari e Ibicu\u00ed no Munic\u00edpio de S\u00e3o Vicente do Sul \u2013 RS.<\/a><\/p>\n<p>\u00a0<\/p>\n","protected":false},"excerpt":{"rendered":"<p>Relatorios do PMRR &#8211; Santa Maria\/RS S\u00c9RIE ATLAS GEOAMBIENTAL MUNICIPAL Desastres Hidrol\u00f3gicos: Levantamento para o estado do Rio Grande do Sul, Brasil O livro teve como autores:\u00a0 Lu\u00eds Eduardo Robaina, Romario Trentin, Anderson Volpato Sccoti,\u00a0 Andrea Valli Nummer, Carlos Valdir de Meneses Bateira e Susana Pereira, sendo lan\u00e7ado pela editora M\u00e9rida Publishers. Desastres Naturais no [&hellip;]<\/p>\n","protected":false},"author":25,"featured_media":0,"parent":0,"menu_order":0,"comment_status":"closed","ping_status":"closed","template":"","meta":{"footnotes":""},"categories":[],"tags":[],"class_list":["post-33","page","type-page","status-publish","hentry"],"acf":[],"_links":{"self":[{"href":"https:\/\/www.ufsm.br\/laboratorios\/lageolam\/wp-json\/wp\/v2\/pages\/33","targetHints":{"allow":["GET"]}}],"collection":[{"href":"https:\/\/www.ufsm.br\/laboratorios\/lageolam\/wp-json\/wp\/v2\/pages"}],"about":[{"href":"https:\/\/www.ufsm.br\/laboratorios\/lageolam\/wp-json\/wp\/v2\/types\/page"}],"author":[{"embeddable":true,"href":"https:\/\/www.ufsm.br\/laboratorios\/lageolam\/wp-json\/wp\/v2\/users\/25"}],"replies":[{"embeddable":true,"href":"https:\/\/www.ufsm.br\/laboratorios\/lageolam\/wp-json\/wp\/v2\/comments?post=33"}],"version-history":[{"count":0,"href":"https:\/\/www.ufsm.br\/laboratorios\/lageolam\/wp-json\/wp\/v2\/pages\/33\/revisions"}],"wp:attachment":[{"href":"https:\/\/www.ufsm.br\/laboratorios\/lageolam\/wp-json\/wp\/v2\/media?parent=33"}],"wp:term":[{"taxonomy":"category","embeddable":true,"href":"https:\/\/www.ufsm.br\/laboratorios\/lageolam\/wp-json\/wp\/v2\/categories?post=33"},{"taxonomy":"post_tag","embeddable":true,"href":"https:\/\/www.ufsm.br\/laboratorios\/lageolam\/wp-json\/wp\/v2\/tags?post=33"}],"curies":[{"name":"wp","href":"https:\/\/api.w.org\/{rel}","templated":true}]}}