{"id":23,"date":"2019-05-14T17:02:03","date_gmt":"2019-05-14T20:02:03","guid":{"rendered":"https:\/\/www.ufsm.br\/laboratorios\/larp\/?page_id=23"},"modified":"2026-04-12T13:09:10","modified_gmt":"2026-04-12T16:09:10","slug":"equipe","status":"publish","type":"page","link":"https:\/\/www.ufsm.br\/laboratorios\/larp\/equipe","title":{"rendered":"Equipe"},"content":{"rendered":"\t\t<div data-elementor-type=\"wp-post\" data-elementor-id=\"23\" class=\"elementor elementor-23\">\n\t\t\t\t\t\t<section class=\"elementor-section elementor-top-section elementor-element elementor-element-060d260 elementor-section-boxed elementor-section-height-default elementor-section-height-default\" data-id=\"060d260\" data-element_type=\"section\">\n\t\t\t\t\t\t<div class=\"elementor-container elementor-column-gap-default\">\n\t\t\t\t\t<div class=\"elementor-column elementor-col-100 elementor-top-column elementor-element elementor-element-58bef91\" data-id=\"58bef91\" data-element_type=\"column\">\n\t\t\t<div class=\"elementor-widget-wrap elementor-element-populated\">\n\t\t\t\t\t\t<div class=\"elementor-element elementor-element-e85a73c elementor-widget elementor-widget-heading\" data-id=\"e85a73c\" data-element_type=\"widget\" data-widget_type=\"heading.default\">\n\t\t\t\t<div class=\"elementor-widget-container\">\n\t\t\t<h5 class=\"elementor-heading-title elementor-size-default\">O LARP conta com uma equipe de profissionais altamente qualificados, focada em resultados de qualidade e pronta para novos desafios.<\/h5>\t\t<\/div>\n\t\t\t\t<\/div>\n\t\t\t\t<div class=\"elementor-element elementor-element-4daf463 elementor-widget elementor-widget-image\" data-id=\"4daf463\" data-element_type=\"widget\" data-widget_type=\"image.default\">\n\t\t\t\t<div class=\"elementor-widget-container\">\n\t\t\t\t\t\t\t\t\t\t\t\t\t\t<a href=\"https:\/\/www.ufsm.br\/app\/uploads\/sites\/635\/2024\/03\/IMG-20231220-WA0050.jpg\" data-elementor-open-lightbox=\"yes\" data-elementor-lightbox-title=\"IMG-20231220-WA0050\" data-e-action-hash=\"#elementor-action%3Aaction%3Dlightbox%26settings%3DeyJpZCI6IjM3NiIsInVybCI6Imh0dHBzOlwvXC93d3cudWZzbS5iclwvYXBwXC91cGxvYWRzXC9zaXRlc1wvNjM1XC8yMDI0XC8wM1wvSU1HLTIwMjMxMjIwLVdBMDA1MC5qcGcifQ%3D%3D\">\n\t\t\t\t\t\t\t<img fetchpriority=\"high\" decoding=\"async\" width=\"1024\" height=\"582\" src=\"https:\/\/www.ufsm.br\/app\/uploads\/sites\/635\/2024\/03\/IMG-20231220-WA0050-1024x582.jpg\" class=\"attachment-large size-large wp-image-376\" alt=\"\" srcset=\"https:\/\/www.ufsm.br\/app\/uploads\/sites\/635\/2024\/03\/IMG-20231220-WA0050-1024x582.jpg 1024w, https:\/\/www.ufsm.br\/app\/uploads\/sites\/635\/2024\/03\/IMG-20231220-WA0050-300x170.jpg 300w, https:\/\/www.ufsm.br\/app\/uploads\/sites\/635\/2024\/03\/IMG-20231220-WA0050-768x436.jpg 768w, https:\/\/www.ufsm.br\/app\/uploads\/sites\/635\/2024\/03\/IMG-20231220-WA0050-1536x873.jpg 1536w, https:\/\/www.ufsm.br\/app\/uploads\/sites\/635\/2024\/03\/IMG-20231220-WA0050.jpg 1920w\" sizes=\"(max-width: 1024px) 100vw, 1024px\" \/>\t\t\t\t\t\t\t\t<\/a>\n\t\t\t\t\t\t\t\t\t\t\t\t\t<\/div>\n\t\t\t\t<\/div>\n\t\t\t\t\t<\/div>\n\t\t<\/div>\n\t\t\t\t\t<\/div>\n\t\t<\/section>\n\t\t\t\t<section class=\"elementor-section elementor-top-section elementor-element elementor-element-ea59633 elementor-section-boxed elementor-section-height-default elementor-section-height-default\" data-id=\"ea59633\" data-element_type=\"section\">\n\t\t\t\t\t\t<div class=\"elementor-container elementor-column-gap-default\">\n\t\t\t\t\t<div class=\"elementor-column elementor-col-100 elementor-top-column elementor-element elementor-element-ce10081\" data-id=\"ce10081\" data-element_type=\"column\">\n\t\t\t<div class=\"elementor-widget-wrap elementor-element-populated\">\n\t\t\t\t\t\t<div class=\"elementor-element elementor-element-d453bf7 elementor-widget elementor-widget-text-editor\" data-id=\"d453bf7\" data-element_type=\"widget\" data-widget_type=\"text-editor.default\">\n\t\t\t\t<div class=\"elementor-widget-container\">\n\t\t\t\t\t\t\t<p style=\"text-align: center\"><span style=\"color: #008000\"><strong>Conhe\u00e7a-nos abaixo!<\/strong><\/span><\/p>\t\t\t\t\t\t<\/div>\n\t\t\t\t<\/div>\n\t\t\t\t<div class=\"elementor-element elementor-element-770ff53 elementor-widget elementor-widget-toggle\" data-id=\"770ff53\" data-element_type=\"widget\" data-widget_type=\"toggle.default\">\n\t\t\t\t<div class=\"elementor-widget-container\">\n\t\t\t\t\t<div class=\"elementor-toggle\">\n\t\t\t\t\t\t\t<div class=\"elementor-toggle-item\">\n\t\t\t\t\t<div id=\"elementor-tab-title-1241\" class=\"elementor-tab-title\" data-tab=\"1\" role=\"button\" aria-controls=\"elementor-tab-content-1241\" aria-expanded=\"false\">\n\t\t\t\t\t\t\t\t\t\t\t\t<span class=\"elementor-toggle-icon elementor-toggle-icon-left\" aria-hidden=\"true\">\n\t\t\t\t\t\t\t\t\t\t\t\t\t\t\t<span class=\"elementor-toggle-icon-closed\"><i class=\"fas fa-caret-right\"><\/i><\/span>\n\t\t\t\t\t\t\t\t<span class=\"elementor-toggle-icon-opened\"><i class=\"elementor-toggle-icon-opened fas fa-caret-up\"><\/i><\/span>\n\t\t\t\t\t\t\t\t\t\t\t\t\t<\/span>\n\t\t\t\t\t\t\t\t\t\t\t\t<a class=\"elementor-toggle-title\" tabindex=\"0\">Professores e Coordenadores<\/a>\n\t\t\t\t\t<\/div>\n\n\t\t\t\t\t<div id=\"elementor-tab-content-1241\" class=\"elementor-tab-content elementor-clearfix\" data-tab=\"1\" role=\"region\" aria-labelledby=\"elementor-tab-title-1241\"><table style=\"border-collapse: collapse;width: 100%\"><tbody><tr><td style=\"width: 50%\"><img decoding=\"async\" class=\"wp-image-366 aligncenter\" src=\"https:\/\/www.ufsm.br\/app\/uploads\/sites\/635\/2022\/12\/Renato-2022.jpg\" alt=\"\" width=\"255\" height=\"322\" \/><\/td><td style=\"width: 50%\"><p><strong>Prof. Dr. Renato Zanella<\/strong><br \/>Prof. Titular Coordenador e Respons\u00e1vel T\u00e9cnico do LARP<br \/>Doutor em Qu\u00edmica Anal\u00edtica pela Technische Universit\u00e4t Dortmund (Alemanha, 1994), com p\u00f3s-doutorado na Vrije Universiteit Amsterdam (Holanda)<br \/>\u00c9 l\u00edder do Grupo de Pesquisas em An\u00e1lises Cromatogr\u00e1ficas e pesquisador do CNPq, na \u00e1rea de res\u00edduos e contaminantes em alimentos e amostras ambientais<\/p><p><a href=\"http:\/\/lattes.cnpq.br\/2541865299438479\" target=\"_blank\" rel=\"noopener\">Curr\u00edculo Lattes<\/a><\/p><p>E-mail: renato.zanella@ufsm.br<\/p><\/td><\/tr><tr><td style=\"width: 50%\"><img decoding=\"async\" class=\"wp-image-368  aligncenter\" src=\"https:\/\/www.ufsm.br\/app\/uploads\/sites\/635\/2023\/08\/Martha-e1776010054456.jpg\" alt=\"Martha\" width=\"255\" height=\"306\" srcset=\"https:\/\/www.ufsm.br\/app\/uploads\/sites\/635\/2023\/08\/Martha-e1776010054456.jpg 900w, https:\/\/www.ufsm.br\/app\/uploads\/sites\/635\/2023\/08\/Martha-e1776010054456-250x300.jpg 250w, https:\/\/www.ufsm.br\/app\/uploads\/sites\/635\/2023\/08\/Martha-e1776010054456-853x1024.jpg 853w, https:\/\/www.ufsm.br\/app\/uploads\/sites\/635\/2023\/08\/Martha-e1776010054456-768x922.jpg 768w\" sizes=\"(max-width: 255px) 100vw, 255px\" \/><\/td><td style=\"width: 50%\"><p><strong>Profa. Dra. Martha Bohrer Adaime<\/strong><br \/>Profa. Titular Coordenadora<br \/>Doutora em Qu\u00edmica pela Universidade Estadual de Campinas (Campinas, SP, 1989)<br \/>Tem experi\u00eancia na \u00e1rea de Qu\u00edmica, com \u00eanfase em Separa\u00e7\u00e3o e Qu\u00edmica Anal\u00edtica, atuando principalmente nos seguintes temas: GC-MS\/MS , LC-MS\/MS, pesticidas, drogas veterin\u00e1rias em alimentos e amostras ambientais.<\/p><p><a href=\"http:\/\/lattes.cnpq.br\/4385786922516848\" target=\"_blank\" rel=\"noopener\">Curr\u00edculo Lattes<\/a><\/p><p>E-mail: martha@ufsm.br<\/p><p><strong>\u00a0<\/strong><\/p><\/td><\/tr><tr><td style=\"width: 50%\"><img loading=\"lazy\" decoding=\"async\" class=\"wp-image-366 aligncenter\" src=\"https:\/\/www.ufsm.br\/app\/uploads\/sites\/635\/2020\/07\/osmar-238x300.jpg\" alt=\"\" width=\"255\" height=\"322\" \/><\/td><td style=\"width: 50%\"><p><strong>Prof. Dr. Osmar Damian Prestes<\/strong><br \/>Prof. Adjunto Coordenador e Gerente de Pesquisa do LARP<br \/>Doutor em Qu\u00edmica Anal\u00edtica pela UFSM (2011)<br \/>Atua na \u00e1rea de Qu\u00edmica Anal\u00edtica, com \u00eanfase em desenvolvimento, valida\u00e7\u00e3o e otimiza\u00e7\u00e3o de m\u00e9todos para determina\u00e7\u00e3o multirres\u00edduo de agrot\u00f3xicos e medicamentos veterin\u00e1rios em alimentos e amostras ambientais<\/p><p><a href=\"http:\/\/lattes.cnpq.br\/9632234955509028\" target=\"_blank\" rel=\"noopener\">Curr\u00edculo Lattes<\/a><\/p><p>E-mail: osmar.prestes@ufsm.br<\/p><\/td><\/tr><tr><td style=\"width: 50%\"><img loading=\"lazy\" decoding=\"async\" class=\"wp-image-366 aligncenter\" src=\"https:\/\/www.ufsm.br\/app\/uploads\/sites\/635\/2023\/08\/Foto-2.jpg\" alt=\"\" width=\"255\" height=\"322\" \/><\/td><td style=\"width: 50%\"><p><strong>Profa. Dra. Carla Sirtori<\/strong><br \/>Profa. Associada Coordenadora e Gerente de Pesquisa do LARP<br \/>Doutora em Qu\u00edmica Avan\u00e7ada pela Universidad de Almer\u00eda \u2013 UAL (Espanha, 2010)<br \/>Possui experi\u00eancia na \u00e1rea de Qu\u00edmica, com \u00eanfase em Qu\u00edmica Anal\u00edtica, atuando principalmente nos seguintes temas: contaminantes emergentes, tratamento, degrada\u00e7\u00e3o e processos avan\u00e7ados de oxida\u00e7\u00e3o (fotocat\u00e1lise heterog\u00eanea\/foto-Fenton)<\/p><p><a href=\"http:\/\/lattes.cnpq.br\/4464252707748774\" target=\"_blank\" rel=\"noopener\">Curr\u00edculo Lattes<\/a><\/p><p>E-mail: carla.sirtori@ufsm.br<\/p><\/td><\/tr><\/tbody><\/table><\/div>\n\t\t\t\t<\/div>\n\t\t\t\t\t\t\t<div class=\"elementor-toggle-item\">\n\t\t\t\t\t<div id=\"elementor-tab-title-1242\" class=\"elementor-tab-title\" data-tab=\"2\" role=\"button\" aria-controls=\"elementor-tab-content-1242\" aria-expanded=\"false\">\n\t\t\t\t\t\t\t\t\t\t\t\t<span class=\"elementor-toggle-icon elementor-toggle-icon-left\" aria-hidden=\"true\">\n\t\t\t\t\t\t\t\t\t\t\t\t\t\t\t<span class=\"elementor-toggle-icon-closed\"><i class=\"fas fa-caret-right\"><\/i><\/span>\n\t\t\t\t\t\t\t\t<span class=\"elementor-toggle-icon-opened\"><i class=\"elementor-toggle-icon-opened fas fa-caret-up\"><\/i><\/span>\n\t\t\t\t\t\t\t\t\t\t\t\t\t<\/span>\n\t\t\t\t\t\t\t\t\t\t\t\t<a class=\"elementor-toggle-title\" tabindex=\"0\">T\u00e9cnicos Administrativos<\/a>\n\t\t\t\t\t<\/div>\n\n\t\t\t\t\t<div id=\"elementor-tab-content-1242\" class=\"elementor-tab-content elementor-clearfix\" data-tab=\"2\" role=\"region\" aria-labelledby=\"elementor-tab-title-1242\"><table style=\"border-collapse: collapse;width: 100%;height: 121px\"><tbody><tr><td style=\"width: 50%\"><img loading=\"lazy\" decoding=\"async\" class=\"wp-image-366 aligncenter\" src=\"https:\/\/www.ufsm.br\/app\/uploads\/sites\/635\/2023\/04\/IMG-20230418-WA0016.jpg\" alt=\"\" width=\"255\" height=\"255\" \/><\/td><td style=\"width: 50%\"><p><strong>Adriana Zambenedetti Gehm<\/strong><br \/>Analista III<br \/>Mestra e Doutora em Qu\u00edmica Org\u00e2nica de Produtos Naturais pela UFSM<br \/>Graduada em Qu\u00edmica Industrial pela UFSM<\/p><p><a href=\"http:\/\/lattes.cnpq.br\/9381250136955827\" target=\"_blank\" rel=\"noopener\">Curr\u00edculo Lattes<\/a><\/p><p>E-mail: adrianazambenedetti@gmail.com<\/p><\/td><\/tr><tr><td style=\"width: 50%\"><img loading=\"lazy\" decoding=\"async\" class=\"wp-image-366 aligncenter\" src=\"https:\/\/www.ufsm.br\/app\/uploads\/sites\/635\/2023\/04\/20220927_120034-1.jpg\" alt=\"\" width=\"255\" height=\"297\" \/><\/td><td style=\"width: 50%\"><p><strong>Cleusa Fatima Zanchin<\/strong><br \/>Gerente T\u00e9cnica e Analista III<br \/>Doutoranda em Ci\u00eancias pela UFSM<br \/>Mestra em Qu\u00edmica Anal\u00edtica pela UFSM<br \/>Especialista em Qu\u00edmica Ambiental pela URI<br \/>Licenciada em Qu\u00edmica pela URI<\/p><p><a href=\"http:\/\/lattes.cnpq.br\/3983273832954611\" target=\"_blank\" rel=\"noopener\">Curr\u00edculo Lattes<\/a><\/p><p>e-mail: cleusazanchin@gmail.com<\/p><\/td><\/tr><tr><td style=\"width: 50%\"><img loading=\"lazy\" decoding=\"async\" class=\"wp-image-366 aligncenter\" src=\"https:\/\/www.ufsm.br\/app\/uploads\/sites\/635\/2021\/09\/Screenshot_20210914-115411_Gallery.jpg\" alt=\"\" width=\"255\" height=\"297\" \/><\/td><td style=\"width: 50%\"><p><strong>Jos\u00e9 Dilson <\/strong><strong>Francisco <\/strong><strong>da Silva<\/strong><br \/>Gerente da Qualidade, Secret\u00e1rio Administrativo e Analista III<br \/>Doutor em Ci\u00eancia e Tecnologia dos Alimentos pela UFSM<br \/>Mestre em Ci\u00eancia e Tecnologia de Alimentos pela UFRGS<br \/>Graduado em Qu\u00edmica de Alimentos pela UFPel<\/p><p><a href=\"http:\/\/lattes.cnpq.br\/3527201797350207\" target=\"_blank\" rel=\"noopener\">Curr\u00edculo Lattes<\/a><\/p><p>e-mail: dilson13@gmail.com<\/p><\/td><\/tr><tr><td style=\"width: 50%\"><img loading=\"lazy\" decoding=\"async\" class=\"wp-image-366 aligncenter\" src=\"https:\/\/www.ufsm.br\/app\/uploads\/sites\/635\/2020\/07\/Fernando-300x300.jpg\" alt=\"\" width=\"255\" height=\"255\" \/><\/td><td style=\"width: 50%\"><p><strong>Jos\u00e9 Fernando Corr\u00eaa Rodrigues<\/strong><br \/>Secret\u00e1rio Administrativo<br \/>Mestre em Patrim\u00f4nio Cultural pela UFSM<br \/>Administrador pela URCAMP<\/p><p><a href=\"http:\/\/lattes.cnpq.br\/5532451950518579\" target=\"_blank\" rel=\"noopener\">Curr\u00edculo Lattes<\/a><\/p><p>e-mail: jfernandocorrea@yahoo.com.br<\/p><\/td><\/tr><\/tbody><\/table><\/div>\n\t\t\t\t<\/div>\n\t\t\t\t\t\t\t<div class=\"elementor-toggle-item\">\n\t\t\t\t\t<div id=\"elementor-tab-title-1243\" class=\"elementor-tab-title\" data-tab=\"3\" role=\"button\" aria-controls=\"elementor-tab-content-1243\" aria-expanded=\"false\">\n\t\t\t\t\t\t\t\t\t\t\t\t<span class=\"elementor-toggle-icon elementor-toggle-icon-left\" aria-hidden=\"true\">\n\t\t\t\t\t\t\t\t\t\t\t\t\t\t\t<span class=\"elementor-toggle-icon-closed\"><i class=\"fas fa-caret-right\"><\/i><\/span>\n\t\t\t\t\t\t\t\t<span class=\"elementor-toggle-icon-opened\"><i class=\"elementor-toggle-icon-opened fas fa-caret-up\"><\/i><\/span>\n\t\t\t\t\t\t\t\t\t\t\t\t\t<\/span>\n\t\t\t\t\t\t\t\t\t\t\t\t<a class=\"elementor-toggle-title\" tabindex=\"0\">Est\u00e1gio P\u00f3s-Doutoral<\/a>\n\t\t\t\t\t<\/div>\n\n\t\t\t\t\t<div id=\"elementor-tab-content-1243\" class=\"elementor-tab-content elementor-clearfix\" data-tab=\"3\" role=\"region\" aria-labelledby=\"elementor-tab-title-1243\"><table style=\"border-collapse: collapse;width: 100%;height: 163px\"><tbody><tr style=\"height: 163px\"><td style=\"width: 50%;height: 163px\"><img loading=\"lazy\" decoding=\"async\" class=\"wp-image-439 aligncenter\" src=\"https:\/\/www.ufsm.br\/app\/uploads\/sites\/635\/2026\/03\/WhatsApp-Image-2026-03-20-at-10.01.22-e1774012441265.jpeg\" alt=\"\" width=\"244\" height=\"257\" srcset=\"https:\/\/www.ufsm.br\/app\/uploads\/sites\/635\/2026\/03\/WhatsApp-Image-2026-03-20-at-10.01.22-e1774012441265.jpeg 1200w, https:\/\/www.ufsm.br\/app\/uploads\/sites\/635\/2026\/03\/WhatsApp-Image-2026-03-20-at-10.01.22-e1774012441265-284x300.jpeg 284w, https:\/\/www.ufsm.br\/app\/uploads\/sites\/635\/2026\/03\/WhatsApp-Image-2026-03-20-at-10.01.22-e1774012441265-970x1024.jpeg 970w, https:\/\/www.ufsm.br\/app\/uploads\/sites\/635\/2026\/03\/WhatsApp-Image-2026-03-20-at-10.01.22-e1774012441265-768x811.jpeg 768w\" sizes=\"(max-width: 244px) 100vw, 244px\" \/><\/td><td style=\"width: 50%;height: 163px\"><p><strong>Tiele Medianeira Rizzetti<\/strong><br \/><span style=\"font-size: 16px\">Gerente T\u00e9cnica<\/span><br \/>Doutora em Ci\u00eancias pela UFSM<br \/>Mestra em Qu\u00edmica Anal\u00edtica pela UFSM<br \/>Licenciada em Qu\u00edmica pela UFSM<\/p><p><a href=\"http:\/\/lattes.cnpq.br\/3374616705744809\" target=\"_blank\" rel=\"noopener\">Curr\u00edculo Lattes<\/a><br \/>E-mail: tielemr@gmail.com<\/p><\/td><\/tr><\/tbody><\/table><\/div>\n\t\t\t\t<\/div>\n\t\t\t\t\t\t\t<div class=\"elementor-toggle-item\">\n\t\t\t\t\t<div id=\"elementor-tab-title-1244\" class=\"elementor-tab-title\" data-tab=\"4\" role=\"button\" aria-controls=\"elementor-tab-content-1244\" aria-expanded=\"false\">\n\t\t\t\t\t\t\t\t\t\t\t\t<span class=\"elementor-toggle-icon elementor-toggle-icon-left\" aria-hidden=\"true\">\n\t\t\t\t\t\t\t\t\t\t\t\t\t\t\t<span class=\"elementor-toggle-icon-closed\"><i class=\"fas fa-caret-right\"><\/i><\/span>\n\t\t\t\t\t\t\t\t<span class=\"elementor-toggle-icon-opened\"><i class=\"elementor-toggle-icon-opened fas fa-caret-up\"><\/i><\/span>\n\t\t\t\t\t\t\t\t\t\t\t\t\t<\/span>\n\t\t\t\t\t\t\t\t\t\t\t\t<a class=\"elementor-toggle-title\" tabindex=\"0\">Alunos de Doutorado<\/a>\n\t\t\t\t\t<\/div>\n\n\t\t\t\t\t<div id=\"elementor-tab-content-1244\" class=\"elementor-tab-content elementor-clearfix\" data-tab=\"4\" role=\"region\" aria-labelledby=\"elementor-tab-title-1244\"><table style=\"border-collapse: collapse;width: 102.246%;height: 1380px\"><tbody><tr><td style=\"width: 50.5051%\"><img loading=\"lazy\" decoding=\"async\" class=\"wp-image-366 aligncenter\" src=\"https:\/\/www.ufsm.br\/app\/uploads\/sites\/635\/2023\/08\/Alcides.jpg\" alt=\"\" width=\"300\" height=\"273\" \/><\/td><td style=\"width: 49.4949%\"><strong>Alcides Ferreira Coradini<br \/><\/strong> Analista II<br \/>Mestre em Qu\u00edmica Anal\u00edtica pela UFSM<br \/>Graduado em Qu\u00edmica Industrial pela UFSM<br \/><a href=\"http:\/\/lattes.cnpq.br\/3490969741958622\">Curr\u00edculo Lattes<\/a><br \/>e-mail: alcidesfcoradini@gmail.com<\/td><\/tr><tr><td style=\"width: 50.5051%\"><img loading=\"lazy\" decoding=\"async\" class=\"wp-image-366 aligncenter\" src=\"https:\/\/www.ufsm.br\/app\/uploads\/sites\/635\/2023\/04\/ALA_9915.jpg\" alt=\"\" width=\"255\" height=\"301\" \/><\/td><td style=\"width: 49.4949%\"><strong>Diogo Marchesan<\/strong><br \/>Analista II<br \/>Mestre em Qu\u00edmica Anal\u00edtica pela UFSM<br \/>Licenciado em Qu\u00edmica pela UFSM<br \/><a href=\"http:\/\/lattes.cnpq.br\/8872916567574609\" target=\"_blank\" rel=\"noopener\">Curr\u00edculo Lattes<\/a><br \/>E-mail: diogo.marchesan@acad.ufsm.br<\/td><\/tr><tr><td style=\"width: 50.5051%\"><img loading=\"lazy\" decoding=\"async\" class=\"wp-image-366 aligncenter\" src=\"https:\/\/www.ufsm.br\/app\/uploads\/sites\/635\/2023\/01\/franciele-240x300.jpg\" alt=\"\" width=\"255\" height=\"319\" \/><\/td><td style=\"width: 49.4949%\"><strong>Franciele F\u00e1tima Machado<\/strong><br \/>Analista III<br \/>Mestra em Qu\u00edmica Anal\u00edtica pela UFSM<br \/>Licenciada em Qu\u00edmica pelo IFFar<br \/><a href=\"http:\/\/lattes.cnpq.br\/9849098104972952\" target=\"_blank\" rel=\"noopener\">Curr\u00edculo Lattes<\/a><br \/>E-mail: francimachadote@gmail.com<\/td><\/tr><tr><td style=\"width: 50.5051%\"><img loading=\"lazy\" decoding=\"async\" class=\"wp-image-366 aligncenter\" src=\"https:\/\/www.ufsm.br\/app\/uploads\/sites\/635\/2022\/12\/IMG-20221202-WA0011-223x300.jpg\" alt=\"\" width=\"255\" height=\"344\" \/><\/td><td style=\"width: 49.4949%\"><strong>Gabriel Alexsander Barboza Prates<\/strong><br \/>Assistente T\u00e9cnico I e Analista III<br \/>Mestre em Qu\u00edmica Anal\u00edtica pela UFSM<br \/>Tecn\u00f3logo em Processos Qu\u00edmicos pela UFSM<br \/>Licenciando em Qu\u00edmica pela UFSM<br \/><a href=\"http:\/\/lattes.cnpq.br\/4411955957767509\">Curr\u00edculo Lattes<\/a><br \/>E-mail: gabriel.prates@acad.usfm.br<\/td><\/tr><tr><td style=\"width: 50.5051%\"><img loading=\"lazy\" decoding=\"async\" class=\"wp-image-366 aligncenter\" src=\"https:\/\/www.ufsm.br\/app\/uploads\/sites\/635\/2023\/04\/Igor-Franceschi.jpg\" alt=\"\" width=\"244\" height=\"300\" \/><\/td><td style=\"width: 49.4949%\"><strong>Igor Franceschi de Souza\u00a0<\/strong><br \/>Analista II<br \/>Mestre em Qu\u00edmica Anal\u00edtica pela UFSM<br \/>Licenciado em Qu\u00edmica pelo IFFar<br \/><a href=\"http:\/\/lattes.cnpq.br\/9912750215700422\">Curr\u00edculo Lattes<\/a><br \/>E-mail: igor.souza@acad.ufsm.br<\/td><\/tr><tr><td style=\"width: 50.5051%\"><img loading=\"lazy\" decoding=\"async\" class=\"wp-image-366 aligncenter\" src=\"https:\/\/www.ufsm.br\/app\/uploads\/sites\/635\/2023\/01\/IMG-20221218-WA0081-scaled-e1673434561859-244x300.jpeg\" alt=\"\" width=\"244\" height=\"300\" \/><\/td><td style=\"width: 49.4949%\"><strong>Iuri Robert Cardoso Berni\u00a0<\/strong><br \/>Analista II<br \/>Mestre em Qu\u00edmica Anal\u00edtica pela UFSM<br \/>Graduado em Qu\u00edmica Industrial pela UFSM<br \/><a href=\"http:\/\/lattes.cnpq.br\/7057287470637739\">Curr\u00edculo Lattes<\/a><br \/>E-mail: iurirobert@gmail.com<\/td><\/tr><tr><td style=\"width: 50.5051%\"><img loading=\"lazy\" decoding=\"async\" class=\"wp-image-366 aligncenter\" src=\"https:\/\/www.ufsm.br\/app\/uploads\/sites\/635\/2024\/10\/Julia-Neu-e1729107579760.jpg\" alt=\"\" width=\"254\" height=\"322\" \/><\/td><td style=\"width: 49.4949%\"><strong>J\u00falia Paula Neu<\/strong><br \/>Analista II<br \/>Mestra em Qu\u00edmica Anal\u00edtica pela UFSM<br \/>Licenciada em Qu\u00edmica pela UFSM<br \/>Graduanda em Qu\u00edmica Industrial pela UFSM<br \/><a href=\"https:\/\/lattes.cnpq.br\/9895482437517604\" target=\"_blank\" rel=\"noopener\">Curr\u00edculo Lattes<\/a><br \/>E-mail: neu.julia@acad.ufsm.br<\/td><\/tr><tr><td style=\"width: 50.5051%\"><img loading=\"lazy\" decoding=\"async\" class=\"wp-image-366 aligncenter\" src=\"https:\/\/www.ufsm.br\/app\/uploads\/sites\/635\/2022\/12\/IMG_4632_Original-e1673271125226-266x300.jpeg\" alt=\"\" width=\"257\" height=\"289\" \/><\/td><td style=\"width: 49.4949%\"><p><strong>Juliana Diniz de Barros Kuntz <\/strong><br \/>Analista III<br \/>Mestra em Qu\u00edmica Anal\u00edtica pela UFSM<br \/>Tecn\u00f3loga em Processos Qu\u00edmicos e Licenciada em Qu\u00edmica pela UFSM<br \/><a href=\"http:\/\/lattes.cnpq.br\/3356691243341806\" target=\"_blank\" rel=\"noopener\">Curr\u00edculo Lattes<\/a><br \/>E-mail: juukuntz30@gmail.com<\/p><\/td><\/tr><tr><td style=\"width: 50.5051%\"><img loading=\"lazy\" decoding=\"async\" class=\"wp-image-366 aligncenter\" src=\"https:\/\/www.ufsm.br\/app\/uploads\/sites\/635\/2023\/10\/IMG_5463-2.jpg\" alt=\"\" width=\"300\" height=\"273\" \/><\/td><td style=\"width: 49.4949%\"><strong>Silvestre Lucas Muiambo<\/strong><br \/>Analista I<br \/>Mestre em Qu\u00edmica e Processamento de Recursos Locais pela Universidade Eduardo Mondlane \u2013 UEM (Mo\u00e7ambique)<br \/>Licenciado em Qu\u00edmica pela Universidade Eduardo Mondlane \u2013 UEM (Mo\u00e7ambique)<br \/><a href=\"http:\/\/lattes.cnpq.br\/8216491277365247\">Curr\u00edculo Lattes<\/a><br \/>E-mail: muiambosil82@gmail.com<\/td><\/tr><tr><td style=\"width: 50.5051%\"><img loading=\"lazy\" decoding=\"async\" class=\"wp-image-366 aligncenter\" src=\"https:\/\/www.ufsm.br\/app\/uploads\/sites\/635\/2022\/12\/IMG-20221202-WA0009-300x288.jpg\" alt=\"\" width=\"255\" height=\"245\" \/><\/td><td style=\"width: 49.4949%\"><p><strong>Theo Samborski<br \/><\/strong>Analista II<br \/>Mestre em Qu\u00edmica Anal\u00edtica pela UFSM<br \/>Licenciado em Qu\u00edmica pela UFSM<br \/><a href=\"http:\/\/lattes.cnpq.br\/0415281334631933\">Curr\u00edculo Lattes<\/a><br \/>E-mail: theo.samborski@gmail.com<\/p><\/td><\/tr><\/tbody><\/table><\/div>\n\t\t\t\t<\/div>\n\t\t\t\t\t\t\t<div class=\"elementor-toggle-item\">\n\t\t\t\t\t<div id=\"elementor-tab-title-1245\" class=\"elementor-tab-title\" data-tab=\"5\" role=\"button\" aria-controls=\"elementor-tab-content-1245\" aria-expanded=\"false\">\n\t\t\t\t\t\t\t\t\t\t\t\t<span class=\"elementor-toggle-icon elementor-toggle-icon-left\" aria-hidden=\"true\">\n\t\t\t\t\t\t\t\t\t\t\t\t\t\t\t<span class=\"elementor-toggle-icon-closed\"><i class=\"fas fa-caret-right\"><\/i><\/span>\n\t\t\t\t\t\t\t\t<span class=\"elementor-toggle-icon-opened\"><i class=\"elementor-toggle-icon-opened fas fa-caret-up\"><\/i><\/span>\n\t\t\t\t\t\t\t\t\t\t\t\t\t<\/span>\n\t\t\t\t\t\t\t\t\t\t\t\t<a class=\"elementor-toggle-title\" tabindex=\"0\">Alunos de Mestrado<\/a>\n\t\t\t\t\t<\/div>\n\n\t\t\t\t\t<div id=\"elementor-tab-content-1245\" class=\"elementor-tab-content elementor-clearfix\" data-tab=\"5\" role=\"region\" aria-labelledby=\"elementor-tab-title-1245\"><table style=\"border-collapse: collapse;width: 100%;height: 254px\"><tbody><tr><td style=\"width: 50%\"><img loading=\"lazy\" decoding=\"async\" class=\"wp-image-366 aligncenter\" src=\"https:\/\/www.ufsm.br\/app\/uploads\/sites\/635\/2025\/04\/dani-dal-scaled.jpg\" alt=\"\" width=\"254\" height=\"322\" \/><\/td><td style=\"width: 50%\"><p><strong>Daniela Dall&#8217;Olivo Pereira<\/strong><\/p><p>Gerente da Qualidade, Secret\u00e1ria Administrativa e Analista I<br \/>Graduada em Engenharia Qu\u00edmica pela UNIJU\u00cd<\/p><p><a href=\"http:\/\/lattes.cnpq.br\/2413963023579981\">Curr\u00edculo Lattes<\/a><br \/>E-mail: danieladallolivopereira@hotmail.com<\/p><\/td><\/tr><tr style=\"height: 426px\"><td style=\"width: 50%;height: 426px\"><img loading=\"lazy\" decoding=\"async\" class=\"wp-image-366 aligncenter\" src=\"https:\/\/www.ufsm.br\/app\/uploads\/sites\/635\/2023\/04\/Lara-Santana.jpg\" alt=\"\" width=\"253\" height=\"450\" \/><\/td><td style=\"width: 50%;height: 426px\"><strong>Lara das Dores Santana<\/strong><br \/>Analista I<br \/>Licenciada em Qu\u00edmica pela UFSM<br \/><a href=\"http:\/\/lattes.cnpq.br\/3608602113863557\">Curr\u00edculo Lattes<\/a><br \/>E-mail: lara.santana@acad.ufsm.br<\/td><\/tr><tr><td style=\"width: 50%\"><img loading=\"lazy\" decoding=\"async\" class=\"wp-image-366 aligncenter\" src=\"https:\/\/www.ufsm.br\/app\/uploads\/sites\/635\/2024\/10\/Vagner.jpg\" alt=\"\" width=\"254\" height=\"322\" \/><\/td><td style=\"width: 50%\"><p><strong>Vagner Americo Dutra<\/strong><br \/>Assistente T\u00e9cnico I e Analista I<br \/>Licenciado em Qu\u00edmica pelo IFFar<\/p><p><a href=\"http:\/\/lattes.cnpq.br\/0461584187025188\">Curr\u00edculo Lattes<\/a><br \/>E-mail: vagner.americo1602@gmail.com<\/p><\/td><\/tr><tr><td style=\"width: 50%\"><img loading=\"lazy\" decoding=\"async\" class=\"wp-image-366 aligncenter\" src=\"https:\/\/www.ufsm.br\/app\/uploads\/sites\/635\/2023\/08\/CYMERA_20230810_151424-e1709566181117-807x1024.jpg\" alt=\"\" width=\"254\" height=\"322\" srcset=\"https:\/\/www.ufsm.br\/app\/uploads\/sites\/635\/2023\/08\/CYMERA_20230810_151424-e1709566181117-807x1024.jpg 807w, https:\/\/www.ufsm.br\/app\/uploads\/sites\/635\/2023\/08\/CYMERA_20230810_151424-e1709566181117-236x300.jpg 236w, https:\/\/www.ufsm.br\/app\/uploads\/sites\/635\/2023\/08\/CYMERA_20230810_151424-e1709566181117-768x975.jpg 768w, https:\/\/www.ufsm.br\/app\/uploads\/sites\/635\/2023\/08\/CYMERA_20230810_151424-e1709566181117.jpg 1144w\" sizes=\"(max-width: 254px) 100vw, 254px\" \/><\/td><td style=\"width: 50%\"><p><strong>Vit\u00f3ria Barbosa de Souza<\/strong><br \/>Analista II<br \/>Tecn\u00f3loga em Processos Qu\u00edmicos pela UFSM<\/p><p><a href=\"http:\/\/lattes.cnpq.br\/3621790979871937\">Curr\u00edculo Lattes<\/a><br \/>E-mail: vitoriabarbosadesouza@gmail.com<\/p><\/td><\/tr><\/tbody><\/table><\/div>\n\t\t\t\t<\/div>\n\t\t\t\t\t\t\t<div class=\"elementor-toggle-item\">\n\t\t\t\t\t<div id=\"elementor-tab-title-1246\" class=\"elementor-tab-title\" data-tab=\"6\" role=\"button\" aria-controls=\"elementor-tab-content-1246\" aria-expanded=\"false\">\n\t\t\t\t\t\t\t\t\t\t\t\t<span class=\"elementor-toggle-icon elementor-toggle-icon-left\" aria-hidden=\"true\">\n\t\t\t\t\t\t\t\t\t\t\t\t\t\t\t<span class=\"elementor-toggle-icon-closed\"><i class=\"fas fa-caret-right\"><\/i><\/span>\n\t\t\t\t\t\t\t\t<span class=\"elementor-toggle-icon-opened\"><i class=\"elementor-toggle-icon-opened fas fa-caret-up\"><\/i><\/span>\n\t\t\t\t\t\t\t\t\t\t\t\t\t<\/span>\n\t\t\t\t\t\t\t\t\t\t\t\t<a class=\"elementor-toggle-title\" tabindex=\"0\">Alunos de Inicia\u00e7\u00e3o Cient\u00edfica<\/a>\n\t\t\t\t\t<\/div>\n\n\t\t\t\t\t<div id=\"elementor-tab-content-1246\" class=\"elementor-tab-content elementor-clearfix\" data-tab=\"6\" role=\"region\" aria-labelledby=\"elementor-tab-title-1246\"><table style=\"border-collapse: collapse;width: 100%;height: 2052px\"><tbody><tr style=\"height: 10px\"><td style=\"width: 50%;height: 10px\"><img loading=\"lazy\" decoding=\"async\" class=\"aligncenter wp-image-315\" src=\"https:\/\/www.ufsm.br\/app\/uploads\/sites\/635\/2025\/09\/Adrean-Arruda-Macedo.jpeg\" alt=\"\" width=\"255\" height=\"297\" \/><\/td><td style=\"width: 50%;height: 10px\"><strong>Adrean Arruda Macedo<\/strong><br \/>Analista I<br \/>Graduando em Qu\u00edmica Industrial pela UFSM<br \/><a href=\"http:\/\/lattes.cnpq.br\/5061628894952265\">Curr\u00edculo Lattes <\/a><br \/>E-mail: <span style=\"font-family: inherit;font-size: inherit\">adrean_macedo@hotmail.com<\/span><\/td><\/tr><tr style=\"height: 188px\"><td style=\"width: 50%;height: 188px\"><img loading=\"lazy\" decoding=\"async\" class=\"wp-image-438 aligncenter\" src=\"https:\/\/www.ufsm.br\/app\/uploads\/sites\/635\/2026\/02\/2.-Foto-Ana-Luiza.jpg\" alt=\"\" width=\"251\" height=\"188\" srcset=\"https:\/\/www.ufsm.br\/app\/uploads\/sites\/635\/2026\/02\/2.-Foto-Ana-Luiza.jpg 1920w, https:\/\/www.ufsm.br\/app\/uploads\/sites\/635\/2026\/02\/2.-Foto-Ana-Luiza-300x225.jpg 300w, https:\/\/www.ufsm.br\/app\/uploads\/sites\/635\/2026\/02\/2.-Foto-Ana-Luiza-1024x768.jpg 1024w, https:\/\/www.ufsm.br\/app\/uploads\/sites\/635\/2026\/02\/2.-Foto-Ana-Luiza-768x576.jpg 768w, https:\/\/www.ufsm.br\/app\/uploads\/sites\/635\/2026\/02\/2.-Foto-Ana-Luiza-1536x1152.jpg 1536w\" sizes=\"(max-width: 251px) 100vw, 251px\" \/><\/td><td style=\"width: 50%;height: 188px\"><strong>Ana Luiza Barboza\u00a0<\/strong><br \/>Analista I<br \/>T\u00e9cnica em Qu\u00edmica pelo IFFar<br \/>Graduanda em Farm\u00e1cia pela UFSM<br \/><a href=\"https:\/\/lattes.cnpq.br\/5781661431313928\" target=\"_blank\" rel=\"noopener\">Curr\u00edculo Lattes<\/a><br \/>E-mail: ana.barboza@acad.ufsm.br<\/td><\/tr><tr style=\"height: 338px\"><td style=\"width: 50%;height: 338px\"><img loading=\"lazy\" decoding=\"async\" class=\"wp-image-366 aligncenter\" src=\"https:\/\/www.ufsm.br\/app\/uploads\/sites\/635\/2024\/10\/Daniela-Medeiros.jpeg\" alt=\"\" width=\"254\" height=\"322\" \/><\/td><td style=\"width: 50%;height: 338px\"><p><strong>Daniela Wouters de Medeiros<br \/><\/strong>Analista I<br \/>Graduanda em Qu\u00edmica pela UFSM<br \/>Graduada em Qu\u00edmica Industrial pela UFSM<br \/><a href=\"http:\/\/lattes.cnpq.br\/2352114707572099\">Curr\u00edculo Lattes <\/a><br \/>E-mail: daniwmedeiros@gmail.com<\/p><\/td><\/tr><tr><td style=\"width: 50%\"><img loading=\"lazy\" decoding=\"async\" class=\"wp-image-366 aligncenter\" src=\"https:\/\/www.ufsm.br\/app\/uploads\/sites\/635\/2024\/10\/Lais-e1728490937175.jpeg\" alt=\"\" width=\"254\" height=\"322\" \/><\/td><td style=\"width: 50%\"><strong>La\u00eds Pasinatto Santos<\/strong><br \/>Analista I<br \/>Graduanda em Farm\u00e1cia pela UFSM<br \/><a href=\"http:\/\/lattes.cnpq.br\/1636899554849151\">Curr\u00edculo Lattes<\/a><br \/>E-mail: lais.pasinatto@acad.ufsm.br<\/td><\/tr><tr style=\"height: 10px\"><td style=\"width: 50%;height: 10px\"><img loading=\"lazy\" decoding=\"async\" class=\"aligncenter wp-image-315\" src=\"https:\/\/www.ufsm.br\/app\/uploads\/sites\/635\/2025\/08\/Laudine-Tika.jpeg\" alt=\"\" width=\"255\" height=\"297\" \/><\/td><td style=\"width: 50%;height: 149px\"><strong>Laudine Tika<\/strong><br \/>Analista I<br \/>Graduanda em Tecnologia em Processos Qu\u00edmicos pela UFSM<br \/><a href=\"http:\/\/lattes.cnpq.br\/2155336899278057\">Curr\u00edculo Lattes <\/a><br \/>E-mail: <span style=\"font-family: inherit;font-size: inherit\">tikalaudine@gmail.com<\/span><\/td><\/tr><tr style=\"height: 336px\"><td style=\"width: 50%;height: 336px\"><img loading=\"lazy\" decoding=\"async\" class=\"wp-image-366 aligncenter\" src=\"https:\/\/www.ufsm.br\/app\/uploads\/sites\/635\/2025\/08\/Mayara-Pereira-da-Silveira.jpeg \" alt=\"\" width=\"252\" height=\"336\" \/><\/td><td style=\"width: 50%;height: 336px\"><strong>Mayara Pereira da Silveira<\/strong><br \/>Analista I<br \/>Graduanda em Farm\u00e1cia pela UFSM<br \/><a href=\"http:\/\/lattes.cnpq.br\/9762799412779593\">Curr\u00edculo Lattes <\/a><br \/>E-mail: <span style=\"font-family: inherit;font-size: inherit\">mayarapereiradasilveira118@gmail.com<\/span><\/td><\/tr><tr style=\"height: 10px\"><td style=\"width: 50%;height: 10px\"><img loading=\"lazy\" decoding=\"async\" class=\"aligncenter wp-image-315\" src=\"https:\/\/www.ufsm.br\/app\/uploads\/sites\/635\/2025\/08\/Vitoria-Leticia-de-Avila-Lopes.jpeg\" alt=\"\" width=\"255\" height=\"297\" \/><\/td><td style=\"width: 50%;height: 10px\"><strong>Vit\u00f3ria Let\u00edcia de \u00c1vila Lopes<\/strong><br \/>Analista I<br \/>Graduanda em Qu\u00edmica Industrial pela UFSM<br \/><a href=\"http:\/\/lattes.cnpq.br\/1605952445388143\">Curr\u00edculo Lattes <\/a><br \/>E-mail: <span style=\"font-family: inherit;font-size: inherit\">lopes.vitoria@acad.ufsm.br<\/span><\/td><\/tr><tr style=\"height: 236px\"><td style=\"width: 50%;height: 236px\"><img loading=\"lazy\" decoding=\"async\" class=\"wp-image-366 aligncenter\" src=\"https:\/\/www.ufsm.br\/app\/uploads\/sites\/635\/2025\/04\/Yasmin.jpg\" alt=\"\" width=\"240\" height=\"300\" \/><\/td><td style=\"width: 50%;height: 236px\"><strong>Yasmin Polloni da Costa<\/strong><br \/>Analista I<br \/>Graduanda em Farm\u00e1cia pela UFSM<br \/><a href=\"http:\/\/lattes.cnpq.br\/9440868937631844\">Curr\u00edculo Lattes<\/a><br \/>E-mail: yasmin.polloni2806@gmail.com<\/td><\/tr><\/tbody><\/table><\/div>\n\t\t\t\t<\/div>\n\t\t\t\t\t\t\t<div class=\"elementor-toggle-item\">\n\t\t\t\t\t<div id=\"elementor-tab-title-1247\" class=\"elementor-tab-title\" data-tab=\"7\" role=\"button\" aria-controls=\"elementor-tab-content-1247\" aria-expanded=\"false\">\n\t\t\t\t\t\t\t\t\t\t\t\t<span class=\"elementor-toggle-icon elementor-toggle-icon-left\" aria-hidden=\"true\">\n\t\t\t\t\t\t\t\t\t\t\t\t\t\t\t<span class=\"elementor-toggle-icon-closed\"><i class=\"fas fa-caret-right\"><\/i><\/span>\n\t\t\t\t\t\t\t\t<span class=\"elementor-toggle-icon-opened\"><i class=\"elementor-toggle-icon-opened fas fa-caret-up\"><\/i><\/span>\n\t\t\t\t\t\t\t\t\t\t\t\t\t<\/span>\n\t\t\t\t\t\t\t\t\t\t\t\t<a class=\"elementor-toggle-title\" tabindex=\"0\">Alunos de Extens\u00e3o<\/a>\n\t\t\t\t\t<\/div>\n\n\t\t\t\t\t<div id=\"elementor-tab-content-1247\" class=\"elementor-tab-content elementor-clearfix\" data-tab=\"7\" role=\"region\" aria-labelledby=\"elementor-tab-title-1247\"><table style=\"border-collapse: collapse;width: 100%;height: 1104px\">\n<tbody>\n<tr>\n<td style=\"width: 50%\"><img decoding=\"async\" class=\"wp-image-366 aligncenter\" src=\"https:\/\/www.ufsm.br\/app\/uploads\/sites\/635\/2025\/05\/2.-Foto-Daiane.jpg\" alt=\"\" width=\"70%\"><\/td>\n<td style=\"width: 50%\"><p><strong>Daiane Camila Nunes<\/strong><\/p>\n<p>Graduanda em F\u00e1rmacia pela UFSM<\/p>\n<p><a href=\"http:\/\/lattes.cnpq.br\/4199155526453869\">Curr\u00edculo Lattes<\/a><br>\nE-mail: nunesdaiane22@gmail.com<\/p><\/td>\n<\/tr>\n<tr>\n<td style=\"width: 50%\"><img decoding=\"async\" class=\"wp-image-366 aligncenter\" src=\"https:\/\/www.ufsm.br\/app\/uploads\/sites\/635\/2025\/05\/emily-s.g-e1747836187432.jpg\" alt=\"\" width=\"40%\"><\/td>\n<td style=\"width: 50%\"><p><strong>Emily Santos Gervasio<\/strong><\/p>\n<p>Graduanda em Qu\u00edmica &#8211; Bacharelado pela UFSM<\/p>\n<p>Email: emilydegervasio@gmail.com<\/p><\/td>\n<\/tr>\n<\/tbody>\n<\/table><\/div>\n\t\t\t\t<\/div>\n\t\t\t\t\t\t\t<div class=\"elementor-toggle-item\">\n\t\t\t\t\t<div id=\"elementor-tab-title-1248\" class=\"elementor-tab-title\" data-tab=\"8\" role=\"button\" aria-controls=\"elementor-tab-content-1248\" aria-expanded=\"false\">\n\t\t\t\t\t\t\t\t\t\t\t\t<span class=\"elementor-toggle-icon elementor-toggle-icon-left\" aria-hidden=\"true\">\n\t\t\t\t\t\t\t\t\t\t\t\t\t\t\t<span class=\"elementor-toggle-icon-closed\"><i class=\"fas fa-caret-right\"><\/i><\/span>\n\t\t\t\t\t\t\t\t<span class=\"elementor-toggle-icon-opened\"><i class=\"elementor-toggle-icon-opened fas fa-caret-up\"><\/i><\/span>\n\t\t\t\t\t\t\t\t\t\t\t\t\t<\/span>\n\t\t\t\t\t\t\t\t\t\t\t\t<a class=\"elementor-toggle-title\" tabindex=\"0\">Estagi\u00e1rios<\/a>\n\t\t\t\t\t<\/div>\n\n\t\t\t\t\t<div id=\"elementor-tab-content-1248\" class=\"elementor-tab-content elementor-clearfix\" data-tab=\"8\" role=\"region\" aria-labelledby=\"elementor-tab-title-1248\"><table style=\"border-collapse: collapse;width: 100%;height: 1104px\"><tbody><tr><td style=\"width: 50%\"><img loading=\"lazy\" decoding=\"async\" class=\"wp-image-366 aligncenter\" src=\"https:\/\/www.ufsm.br\/app\/uploads\/sites\/635\/2024\/06\/IMG-20240611-WA0048-225x300.jpg\" alt=\"\" width=\"255\" height=\"297\" \/><\/td><td style=\"width: 50%\"><p><strong>Beatriz Caminha Melo<\/strong><\/p><p>Licencianda em Qu\u00edmica pela UFSM<\/p><p><a href=\"http:\/\/lattes.cnpq.br\/4739295401579771\">Curr\u00edculo Lattes<\/a><br \/>E-mail: beatriz.caminha@acad.ufsm.br<\/p><\/td><\/tr><tr><td style=\"width: 50%\"><img loading=\"lazy\" decoding=\"async\" class=\"wp-image-366 aligncenter\" src=\"https:\/\/www.ufsm.br\/app\/uploads\/sites\/635\/2023\/08\/unnamed6-scaled.jpg\" alt=\"\" width=\"240\" height=\"300\" \/><\/td><td style=\"width: 50%\"><p><strong>J\u00falia Maria Druzian Torri<\/strong><br \/>Assistente T\u00e9cnica I e Analista II<\/p><p>Tecn\u00f3loga em Processos Qu\u00edmicos pela UFSM<\/p><p>Aluna do Programa Especial de Gradua\u00e7\u00e3o de Forma\u00e7\u00e3o de Professores para a Educa\u00e7\u00e3o Profissional<\/p><p><a href=\"http:\/\/lattes.cnpq.br\/6103249118173857\">Curr\u00edculo Lattes<\/a><br \/>E-mail: julia-d.t@hotmail.com<\/p><\/td><\/tr><tr><td style=\"width: 50%\"><img loading=\"lazy\" decoding=\"async\" class=\"wp-image-437 aligncenter\" src=\"https:\/\/www.ufsm.br\/app\/uploads\/sites\/635\/2025\/12\/2.-Foto-Thiago.jpg\" alt=\"\" width=\"253\" height=\"253\" srcset=\"https:\/\/www.ufsm.br\/app\/uploads\/sites\/635\/2025\/12\/2.-Foto-Thiago.jpg 1160w, https:\/\/www.ufsm.br\/app\/uploads\/sites\/635\/2025\/12\/2.-Foto-Thiago-300x300.jpg 300w, https:\/\/www.ufsm.br\/app\/uploads\/sites\/635\/2025\/12\/2.-Foto-Thiago-1024x1024.jpg 1024w, https:\/\/www.ufsm.br\/app\/uploads\/sites\/635\/2025\/12\/2.-Foto-Thiago-150x150.jpg 150w, https:\/\/www.ufsm.br\/app\/uploads\/sites\/635\/2025\/12\/2.-Foto-Thiago-768x768.jpg 768w\" sizes=\"(max-width: 253px) 100vw, 253px\" \/><\/td><td style=\"width: 50%\"><strong>Thiago Mathias Ramos da Silva<br \/><\/strong>Assistente T\u00e9cnico I<br \/>Graduando\u00a0em Redes de Computadores pela UFSM<br \/><a href=\"http:\/\/lattes.cnpq.br\/5097513171654879\" target=\"_blank\" rel=\"noopener\">Curr\u00edculo Lattes<\/a><br \/>E-mail: thramosds@gmail.com<\/td><\/tr><\/tbody><\/table><\/div>\n\t\t\t\t<\/div>\n\t\t\t\t\t\t\t\t<\/div>\n\t\t\t\t<\/div>\n\t\t\t\t<\/div>\n\t\t\t\t\t<\/div>\n\t\t<\/div>\n\t\t\t\t\t<\/div>\n\t\t<\/section>\n\t\t\t\t<section class=\"elementor-section elementor-top-section elementor-element elementor-element-3e593cc elementor-section-boxed elementor-section-height-default elementor-section-height-default\" data-id=\"3e593cc\" data-element_type=\"section\">\n\t\t\t\t\t\t<div class=\"elementor-container elementor-column-gap-default\">\n\t\t\t\t\t<div class=\"elementor-column elementor-col-100 elementor-top-column elementor-element elementor-element-3ec84da\" data-id=\"3ec84da\" data-element_type=\"column\">\n\t\t\t<div class=\"elementor-widget-wrap\">\n\t\t\t\t\t\t\t<\/div>\n\t\t<\/div>\n\t\t\t\t\t<\/div>\n\t\t<\/section>\n\t\t\t\t<\/div>\n\t\t","protected":false},"excerpt":{"rendered":"<p>O LARP conta com uma equipe de profissionais altamente qualificados, focada em resultados de qualidade e pronta para novos desafios. Conhe\u00e7a-nos abaixo! Professores e Coordenadores Prof. Dr. Renato ZanellaProf. Titular Coordenador e Respons\u00e1vel T\u00e9cnico do LARPDoutor em Qu\u00edmica Anal\u00edtica pela Technische Universit\u00e4t Dortmund (Alemanha, 1994), com p\u00f3s-doutorado na Vrije Universiteit Amsterdam (Holanda)\u00c9 l\u00edder do Grupo [&hellip;]<\/p>\n","protected":false},"author":1583,"featured_media":0,"parent":0,"menu_order":0,"comment_status":"closed","ping_status":"closed","template":"","meta":{"footnotes":""},"categories":[],"tags":[],"class_list":["post-23","page","type-page","status-publish","hentry"],"acf":[],"_links":{"self":[{"href":"https:\/\/www.ufsm.br\/laboratorios\/larp\/wp-json\/wp\/v2\/pages\/23","targetHints":{"allow":["GET"]}}],"collection":[{"href":"https:\/\/www.ufsm.br\/laboratorios\/larp\/wp-json\/wp\/v2\/pages"}],"about":[{"href":"https:\/\/www.ufsm.br\/laboratorios\/larp\/wp-json\/wp\/v2\/types\/page"}],"author":[{"embeddable":true,"href":"https:\/\/www.ufsm.br\/laboratorios\/larp\/wp-json\/wp\/v2\/users\/1583"}],"replies":[{"embeddable":true,"href":"https:\/\/www.ufsm.br\/laboratorios\/larp\/wp-json\/wp\/v2\/comments?post=23"}],"version-history":[{"count":0,"href":"https:\/\/www.ufsm.br\/laboratorios\/larp\/wp-json\/wp\/v2\/pages\/23\/revisions"}],"wp:attachment":[{"href":"https:\/\/www.ufsm.br\/laboratorios\/larp\/wp-json\/wp\/v2\/media?parent=23"}],"wp:term":[{"taxonomy":"category","embeddable":true,"href":"https:\/\/www.ufsm.br\/laboratorios\/larp\/wp-json\/wp\/v2\/categories?post=23"},{"taxonomy":"post_tag","embeddable":true,"href":"https:\/\/www.ufsm.br\/laboratorios\/larp\/wp-json\/wp\/v2\/tags?post=23"}],"curies":[{"name":"wp","href":"https:\/\/api.w.org\/{rel}","templated":true}]}}