{"id":163,"date":"2024-07-09T10:25:10","date_gmt":"2024-07-09T13:25:10","guid":{"rendered":"https:\/\/www.ufsm.br\/laboratorios\/lasac\/?page_id=163"},"modified":"2024-07-26T18:37:38","modified_gmt":"2024-07-26T21:37:38","slug":"informacoes-gerais","status":"publish","type":"page","link":"https:\/\/www.ufsm.br\/laboratorios\/lasac\/informacoes-gerais","title":{"rendered":"Sobre"},"content":{"rendered":"\t\t<div data-elementor-type=\"wp-page\" data-elementor-id=\"163\" class=\"elementor elementor-163\">\n\t\t\t\t\t\t<section class=\"elementor-section elementor-top-section elementor-element elementor-element-a23cdac elementor-section-boxed elementor-section-height-default elementor-section-height-default\" data-id=\"a23cdac\" data-element_type=\"section\">\n\t\t\t\t\t\t<div class=\"elementor-container elementor-column-gap-default\">\n\t\t\t\t\t<div class=\"elementor-column elementor-col-100 elementor-top-column elementor-element elementor-element-b2a5e7c\" data-id=\"b2a5e7c\" data-element_type=\"column\">\n\t\t\t<div class=\"elementor-widget-wrap elementor-element-populated\">\n\t\t\t\t\t\t<div class=\"elementor-element elementor-element-522efbc elementor-widget elementor-widget-text-editor\" data-id=\"522efbc\" data-element_type=\"widget\" data-widget_type=\"text-editor.default\">\n\t\t\t\t<div class=\"elementor-widget-container\">\n\t\t\t\t\t\t\t<div id=\"pl-79\" class=\"panel-layout\" style=\"font-size: 16px\"><div id=\"pg-79-0\" class=\"panel-grid panel-no-style\"><div id=\"pgc-79-0-0\" class=\"panel-grid-cell\" data-weight=\"1\"><div id=\"panel-79-0-0-0\" class=\"so-panel widget widget_example_widget UFSM_subpage panel-first-child panel-last-child\" data-index=\"0\" data-style=\"{&quot;background_image_attachment&quot;:false,&quot;background_display&quot;:&quot;tile&quot;}\"><span style=\"font-weight: bold\">Apresenta\u00e7\u00e3o\u00a0<\/span><\/div><div data-index=\"0\" data-style=\"{&quot;background_image_attachment&quot;:false,&quot;background_display&quot;:&quot;tile&quot;}\">O Curso de Arquitetura e Urbanismo da Universidade Federal de Santa Maria foi implantado em 1993 e, desde ent\u00e3o, tem atendido estudantes da regi\u00e3o de influ\u00eancia da UFSM. Quando da funda\u00e7\u00e3o do curso, foi institu\u00eddo o Laborat\u00f3rio de Conforto Ambiental, conforme recomenda\u00e7\u00f5es do Minist\u00e9rio da Educa\u00e7\u00e3o. Desde l\u00e1, o laborat\u00f3rio tem se desenvolvido e se adaptado \u00e0s novas demandas acad\u00eamicas e sociais as quais se destina. Dentre estas transforma\u00e7\u00f5es est\u00e1 a amplia\u00e7\u00e3o de suas atividades para al\u00e9m do atendimento de atividades apenas de ensino. Desde 2010, tem tamb\u00e9m dado suporte \u00e0s atividades de extens\u00e3o e pesquisa desenvolvidas por professores e acad\u00eamicos do Curso de Arquitetura e Urbanismo, do Programa de P\u00f3s-Gradua\u00e7\u00e3o em Engenharia Civil e Ambiental (do Centro de Tecnologia) e do Programa de P\u00f3s-Gradua\u00e7\u00e3o Profissionalizante em Patrim\u00f4nio Cultural (do Centro de Ci\u00eancias Sociais e Humanas), al\u00e9m de profissionais egressos do Curso de Arquitetura e Urbanismo e da comunidade em geral. Tamb\u00e9m os temas abordados em ensino, pesquisa e extens\u00e3o pelos integrantes e benefici\u00e1rios do laborat\u00f3rio moldaram-se \u00e0s novas necessidades cient\u00edficas e sociais, da\u00ed a mudan\u00e7a de seu nome para\u00a0LABORAT\u00d3RIO DE SUSTENTABILIDADE DO AMBIENTE CONSTRU\u00cdDO\u00a0(LASAC), dedicando-se a temas mais abrangentes do que apenas o conforto ambiental, tais como a efici\u00eancia energ\u00e9tica do ambiente constru\u00eddo entre outros ligados \u00e0 sustentabilidade do ambiente constru\u00eddo. Atualmente o LASAC ainda se encontra em fase de fortalecimento e reconhecimento. No entanto, atrav\u00e9s desta p\u00e1gina, busca-se a divulga\u00e7\u00e3o de conhecimentos da \u00e1rea de sustentabilidade do ambiente constru\u00eddo n\u00e3o apenas para os acad\u00eamicos ligados aos cursos atendidos pelo laborat\u00f3rio, mas a todos que tenham interesse ou necessidade de aprender ou aprofundar seus conhecimentos e indo muito al\u00e9m da \u00e1rea de influ\u00eancia da universidade a qual pertence.<\/div><\/div><\/div><\/div><div style=\"font-size: 16px\" data-index=\"0\" data-style=\"{&quot;background_image_attachment&quot;:false,&quot;background_display&quot;:&quot;tile&quot;}\">\u00a0<\/div><div style=\"font-size: 16px\" data-index=\"0\" data-style=\"{&quot;background_image_attachment&quot;:false,&quot;background_display&quot;:&quot;tile&quot;}\"><span style=\"font-weight: bolder\">Introdu\u00e7\u00e3o <\/span><\/div><div style=\"font-size: 16px\" data-index=\"0\" data-style=\"{&quot;background_image_attachment&quot;:false,&quot;background_display&quot;:&quot;tile&quot;}\">O LASAC, com a participa\u00e7\u00e3o de professores da UFSM de v\u00e1rias forma\u00e7\u00f5es, tem desenvolvido projetos de pesquisa, ensino e extens\u00e3o que visam aprimorar conhecimentos e aplic\u00e1-los, buscando o desenvolvimento de uma sociedade mais sustent\u00e1vel com foco no ambiente constru\u00eddo.<\/div><div style=\"font-size: 16px\" data-index=\"0\" data-style=\"{&quot;background_image_attachment&quot;:false,&quot;background_display&quot;:&quot;tile&quot;}\">\u00a0<\/div><div style=\"font-size: 16px\" data-index=\"0\" data-style=\"{&quot;background_image_attachment&quot;:false,&quot;background_display&quot;:&quot;tile&quot;}\"><span style=\"font-weight: bolder\">Justificativa<\/span><\/div><div style=\"font-size: 16px\" data-index=\"0\" data-style=\"{&quot;background_image_attachment&quot;:false,&quot;background_display&quot;:&quot;tile&quot;}\">Ao se disponibilizar recursos de acesso a dist\u00e2ncia de informa\u00e7\u00e3o ao ensino de gradua\u00e7\u00e3o e p\u00f3s-gradua\u00e7\u00e3o e \u00e0 pesquisa e \u00e0 extens\u00e3o, define-se um v\u00ednculo com os estudantes e demais interessados na \u00e1rea que vai al\u00e9m de encontros presenciais, permitindo um contato em tempo integral com os mesmos. Desta forma, divulga-se o conhecimento na \u00e1rea, incentiva-se o uso desses conhecimentos na constru\u00e7\u00e3o de saberes espec\u00edficos, aumenta-se a flexibilidade do processo de ensino e aprendizagem (n\u00e3o mais vinculado apenas ao hor\u00e1rio das aulas), abrange-se um p\u00fablico maior n\u00e3o necessariamente vinculado ao curso ou \u00e0 universidade, consolidando-se o papel de divulgador de conhecimentos a institui\u00e7\u00e3o.<\/div><div style=\"font-size: 16px\" data-index=\"0\" data-style=\"{&quot;background_image_attachment&quot;:false,&quot;background_display&quot;:&quot;tile&quot;}\">\u00a0<\/div><div style=\"font-size: 16px\" data-index=\"0\" data-style=\"{&quot;background_image_attachment&quot;:false,&quot;background_display&quot;:&quot;tile&quot;}\"><span style=\"font-weight: bolder\">Objetivos<\/span><\/div><div style=\"font-size: 16px\" data-index=\"0\" data-style=\"{&quot;background_image_attachment&quot;:false,&quot;background_display&quot;:&quot;tile&quot;}\">Disponibilizar aos acad\u00eamicos do Curso de Arquitetura e Urbanismo, da P\u00f3s-Gradua\u00e7\u00e3o em Engenharia Civil e Ambiental e da P\u00f3s-Gradua\u00e7\u00e3o em Patrim\u00f4nio Cultural material de apoio \u00e0s atividades de ensino e aprendizagem.<\/div><div style=\"font-size: 16px\" data-index=\"0\" data-style=\"{&quot;background_image_attachment&quot;:false,&quot;background_display&quot;:&quot;tile&quot;}\"><p>Divulgar entre profissionais ligados \u00e0 \u00e1rea da constru\u00e7\u00e3o civil e a interessados conhecimentos relativos \u00e0 \u00e1rea.<\/p><p>Disponibilizar um ve\u00edculo de comunica\u00e7\u00e3o que permita um contato mais franco hospedagem wordpress entre a academia (atrav\u00e9s dos colaboradores e respons\u00e1veis pelo laborat\u00f3rio) e o p\u00fablico em geral abrangendo uma \u00e1rea de influ\u00eancia maior que aquela alcan\u00e7ada atrav\u00e9s dos meios tradicionais de divulga\u00e7\u00e3o de conhecimentos.<\/p><p>Disponibilizar, sempre que poss\u00edvel, ferramentas e instrumentos que colaborem para a constru\u00e7\u00e3o de um ambiente constru\u00eddo mais sustent\u00e1vel, tanto do ponto de vista ambiental quanto social.<br \/><span style=\"text-align: var(--bs-body-text-align)\"><br \/><span style=\"font-weight: bolder\">Respons\u00e1vel<br \/><\/span><\/span><span style=\"font-size: 16px;font-weight: var( --e-global-typography-text-font-weight );text-align: var(--bs-body-text-align)\">Profa. Giane de Campos Grigoletti<br \/><\/span><span style=\"font-size: 16px;font-weight: var( --e-global-typography-text-font-weight );text-align: var(--bs-body-text-align)\">Telefone: (55) 99686.8576<br \/><\/span><span style=\"font-size: 16px;font-weight: var( --e-global-typography-text-font-weight );text-align: var(--bs-body-text-align)\">E-mail: giane.c.grigoletti@ufsm.br<br \/><\/span><span style=\"font-size: 16px;font-weight: var( --e-global-typography-text-font-weight );text-align: var(--bs-body-text-align)\">Lattes:\u00a0<\/span><a style=\"font-size: 16px;font-weight: var( --e-global-typography-text-font-weight );text-align: var(--bs-body-text-align)\" href=\"http:\/\/buscatextual.cnpq.br\/buscatextual\/visualizacv.do?id=K4785720U5\">http:\/\/lattes.cnpq.br\/9725292275606192<\/a><\/p><\/div>\t\t\t\t\t\t<\/div>\n\t\t\t\t<\/div>\n\t\t\t\t\t<\/div>\n\t\t<\/div>\n\t\t\t\t\t<\/div>\n\t\t<\/section>\n\t\t\t\t<\/div>\n\t\t","protected":false},"excerpt":{"rendered":"<p>Apresenta\u00e7\u00e3o\u00a0O Curso de Arquitetura e Urbanismo da Universidade Federal de Santa Maria foi implantado em 1993 e, desde ent\u00e3o, tem atendido estudantes da regi\u00e3o de influ\u00eancia da UFSM. Quando da funda\u00e7\u00e3o do curso, foi institu\u00eddo o Laborat\u00f3rio de Conforto Ambiental, conforme recomenda\u00e7\u00f5es do Minist\u00e9rio da Educa\u00e7\u00e3o. Desde l\u00e1, o laborat\u00f3rio tem se desenvolvido e se [&hellip;]<\/p>\n","protected":false},"author":242,"featured_media":0,"parent":0,"menu_order":0,"comment_status":"closed","ping_status":"closed","template":"","meta":{"footnotes":""},"categories":[],"tags":[],"class_list":["post-163","page","type-page","status-publish","hentry"],"acf":[],"_links":{"self":[{"href":"https:\/\/www.ufsm.br\/laboratorios\/lasac\/wp-json\/wp\/v2\/pages\/163","targetHints":{"allow":["GET"]}}],"collection":[{"href":"https:\/\/www.ufsm.br\/laboratorios\/lasac\/wp-json\/wp\/v2\/pages"}],"about":[{"href":"https:\/\/www.ufsm.br\/laboratorios\/lasac\/wp-json\/wp\/v2\/types\/page"}],"author":[{"embeddable":true,"href":"https:\/\/www.ufsm.br\/laboratorios\/lasac\/wp-json\/wp\/v2\/users\/242"}],"replies":[{"embeddable":true,"href":"https:\/\/www.ufsm.br\/laboratorios\/lasac\/wp-json\/wp\/v2\/comments?post=163"}],"version-history":[{"count":0,"href":"https:\/\/www.ufsm.br\/laboratorios\/lasac\/wp-json\/wp\/v2\/pages\/163\/revisions"}],"wp:attachment":[{"href":"https:\/\/www.ufsm.br\/laboratorios\/lasac\/wp-json\/wp\/v2\/media?parent=163"}],"wp:term":[{"taxonomy":"category","embeddable":true,"href":"https:\/\/www.ufsm.br\/laboratorios\/lasac\/wp-json\/wp\/v2\/categories?post=163"},{"taxonomy":"post_tag","embeddable":true,"href":"https:\/\/www.ufsm.br\/laboratorios\/lasac\/wp-json\/wp\/v2\/tags?post=163"}],"curies":[{"name":"wp","href":"https:\/\/api.w.org\/{rel}","templated":true}]}}