{"id":165,"date":"2024-07-09T10:36:22","date_gmt":"2024-07-09T13:36:22","guid":{"rendered":"https:\/\/www.ufsm.br\/laboratorios\/lasac\/?page_id=165"},"modified":"2025-08-12T14:29:30","modified_gmt":"2025-08-12T17:29:30","slug":"equipe","status":"publish","type":"page","link":"https:\/\/www.ufsm.br\/laboratorios\/lasac\/equipe","title":{"rendered":"Equipe"},"content":{"rendered":"\t\t<div data-elementor-type=\"wp-page\" data-elementor-id=\"165\" class=\"elementor elementor-165\">\n\t\t\t\t\t\t<section class=\"elementor-section elementor-top-section elementor-element elementor-element-b1f76ec elementor-section-boxed elementor-section-height-default elementor-section-height-default\" data-id=\"b1f76ec\" data-element_type=\"section\">\n\t\t\t\t\t\t<div class=\"elementor-container elementor-column-gap-default\">\n\t\t\t\t\t<div class=\"elementor-column elementor-col-100 elementor-top-column elementor-element elementor-element-932c7eb\" data-id=\"932c7eb\" data-element_type=\"column\">\n\t\t\t<div class=\"elementor-widget-wrap elementor-element-populated\">\n\t\t\t\t\t\t<div class=\"elementor-element elementor-element-3a8f108 elementor-widget elementor-widget-text-editor\" data-id=\"3a8f108\" data-element_type=\"widget\" data-widget_type=\"text-editor.default\">\n\t\t\t\t<div class=\"elementor-widget-container\">\n\t\t\t\t\t\t\t<p style=\"font-size: 16px\">Coordena\u00e7\u00e3o: Profa Giane de Campos Grigoletti<\/p><p style=\"font-size: 16px\">Professores respons\u00e1veis:<\/p><p style=\"font-size: 16px\">Profa \u00cdsis Portolan dos Santos<\/p><p style=\"font-size: 16px\">Profa\u00a0<span style=\"color: #000000;font-size: 16px\">\u00c9velyn Paniz Possebon<\/span><\/p><p style=\"font-size: 16px\"><span style=\"color: #000000;font-size: 16px\">Profa Vanessa Goulart Dorneles<\/span><\/p><p style=\"font-size: 16px\"><span style=\"font-size: 16px\">Profa D\u00e9bora Bretas<\/span><\/p><p style=\"font-size: 16px\"><span style=\"font-size: 16px\">Profa Viviane Suzey Gomes de Melo<\/span><\/p><p style=\"font-size: 16px\"><b><span style=\"color: #000000;font-size: 16px\">\u00a0<\/span><\/b><\/p><p style=\"font-size: 16px\"><b>Equipe 2023 &#8211; 2025<\/b><\/p><p style=\"font-size: 16px\">Ana Beatriz Pigatto Mezzomo<\/p><p style=\"font-size: 16px\">Ana Kellem Dias de Medeiros<\/p><p style=\"font-size: 16px\">B\u00e1rbara Rabelo<\/p><p style=\"font-size: 16px\">Betina Reinke<\/p><p style=\"font-size: 16px\">Bruna Borges Hegele<\/p><p style=\"font-size: 16px\">Bruna Zambonato<\/p><p style=\"font-size: 16px\"><span style=\"color: #000000;font-size: 16px\">Camila Matheus Behenck<\/span><\/p><p style=\"font-size: 16px\">Daiana Fauro de Oliveira<\/p><p style=\"font-size: 16px\">Diego Rafael Vaz Pereira<\/p><p style=\"font-size: 16px\">Fabiana Dalla Porta de Abreu<\/p><p style=\"font-size: 16px\">Gabriela Meller<\/p><p style=\"font-size: 16px\"><span style=\"color: #000000;font-size: 16px\">Graziane da Silva Brum<\/span><\/p><p style=\"font-size: 16px\"><span style=\"color: #000000;font-size: 16px\">Graziela Cortez Sawitski<\/span><\/p><p style=\"font-size: 16px\"><span style=\"color: #000000;font-size: 16px\">Gustavo Dallepiane Muniz<\/span><\/p><p style=\"font-size: 16px\"><span style=\"color: #000000;font-size: 16px\">Henrique Faccin<\/span><\/p><p style=\"font-size: 16px\"><span style=\"color: #000000;font-size: 16px\">Ingrid Garcia Cortes<\/span><\/p><p style=\"font-size: 16px\"><span style=\"color: #000000;font-size: 16px\">Jamille Brito Borges<\/span><\/p><p style=\"font-size: 16px\"><span style=\"color: #000000;font-size: 16px\">J\u00falia Oliveira Maffini<\/span><\/p><p style=\"font-size: 16px\"><span style=\"color: #000000;font-size: 16px\">J\u00falia Silva de Abreu<\/span><\/p><p style=\"font-size: 16px\"><span style=\"color: #000000;font-size: 16px\">Lauren de Mello Peixoto<\/span><\/p><p style=\"font-size: 16px\"><span style=\"color: #000000;font-size: 16px\">Luana da Silva Fernandes<\/span><\/p><p style=\"font-size: 16px\"><span style=\"color: #000000;font-size: 16px\">Lu\u00edsa Xavier Pair\u00e9<\/span><\/p><p style=\"font-size: 16px\"><span style=\"color: #000000;font-size: 16px\">Matheus Cargnelutti de Souza<\/span><\/p><p style=\"font-size: 16px\"><span style=\"color: #000000;font-size: 16px\">Milena Ta\u00eds Minikel<\/span><\/p><p style=\"font-size: 16px\"><span style=\"color: #000000;font-size: 16px\">Mois\u00e9s dos Santos Canabarro<\/span><\/p><p style=\"font-size: 16px\">Paula Scherer<\/p><p style=\"font-size: 16px\">Talires Quesada Tavares<\/p><p style=\"font-size: 16px\"><strong style=\"font-size: 14pt\">\u00a0<\/strong><\/p><p style=\"font-size: 16px\"><span style=\"font-size: 14pt\"><strong>Equipe 2020 &#8211; 2022<\/strong><\/span><\/p><p style=\"font-size: 16px\"><span style=\"font-weight: bolder\">Coordenadora<br \/><\/span>Profa Giane de Campos Grigoletti<\/p><p style=\"font-size: 16px\"><span style=\"font-weight: bolder\">Vice-coordenadora<br \/><\/span>Profa Isis Portolan dos Santos<\/p><p style=\"font-size: 16px\"><span style=\"font-weight: bolder\">Professores pesquisadores<br \/><\/span>Profa \u00c9velyn Paniz Possebon<br \/>Profa Vanessa Goulart Dorneles<\/p><p style=\"font-size: 16px\"><span style=\"font-weight: bolder\">Colaboradores &#8211; doutorandos<br \/><\/span>Daiana Fauro de Oliveira<br \/>Gabriela Meller<br \/>Matheus Cargnelutti de Souza<\/p><p style=\"font-size: 16px\"><span style=\"font-weight: bolder\">Colaboradores &#8211; mestrandos<br \/><\/span>Gabriela Alexia Winkelmann de Souza<br \/>Graziane da Silva Brum<br \/>Jamile Brito Borges<br \/>J\u00falia Maffini<\/p><p style=\"font-size: 16px\"><span style=\"font-weight: bolder\">Graduandos inicia\u00e7\u00e3o cient\u00edfica e extens\u00e3o<br \/><\/span>Fabiana Dalla Porta de Abreu<br \/>J\u00falia de Abreu<br \/>Lu\u00edsa Xavier Pair\u00e9<br \/>Nicole Aosani de Morais<\/p><p style=\"font-size: 16px\"><span style=\"font-weight: bolder\">Colaboradores externos<br \/><\/span>Betina Reinke &#8211; graduando &#8211; UNIJU\u00cd<br \/>Gustavo Dallepiane Muniz &#8211; graduando &#8211; UNIJU\u00cd<\/p><p style=\"font-size: 16px\"><span style=\"font-weight: bolder;font-size: 14pt\">Anterior a 2014<\/span><\/p><div style=\"font-size: 16px\" align=\"justify\"><span style=\"font-weight: bolder\">Coordenadora<br \/><\/span>Professora Giane de Campos Grigoletti<\/div><div style=\"font-size: 16px\">\u00a0<\/div><div style=\"font-size: 16px\" align=\"justify\"><span style=\"font-weight: bolder\">Monitores<\/span><\/div><div style=\"font-size: 16px\" align=\"justify\">Acad\u00eamica Bruna Zambonato<\/div><div style=\"font-size: 16px\" align=\"justify\">Acad\u00eamica Ta\u00eds Tier Finamor<\/div><div style=\"font-size: 16px\">\u00a0<\/div><div style=\"font-size: 16px\" align=\"justify\"><span style=\"font-weight: bolder\">Colaboradores Docentes<\/span><\/div><div style=\"font-size: 16px\" align=\"justify\">Profa. Am\u00e9lia Sim\u00f5es Schwertner<\/div><div style=\"font-size: 16px\" align=\"justify\">Profa. Anallu Rosa Barbosa<\/div><div style=\"font-size: 16px\" align=\"justify\">Prof. Caryl\u00a0 Jovanovich Lopes<\/div><div style=\"font-size: 16px\" align=\"justify\">Prof. D\u00e9cio Bevilacqua<\/div><div style=\"font-size: 16px\" align=\"justify\">Prof. D\u00edlson Nicoloso Cechin<\/div><div style=\"font-size: 16px\" align=\"justify\">Profa. Is\u00eds Portolan dos Santos<\/div><div style=\"font-size: 16px\" align=\"justify\">Prof. Joaquim Pizzutti dos Santos<\/div><div style=\"font-size: 16px\" align=\"justify\">Profa. Leonora Romano<\/div><div style=\"font-size: 16px\" align=\"justify\">Prof. Stephan Paul<\/div><div style=\"font-size: 16px\" align=\"justify\">\u00a0<\/div><div style=\"font-size: 16px\" align=\"justify\"><div align=\"justify\"><span style=\"font-weight: bolder\">Colaboradores Discentes<\/span><\/div><div align=\"justify\">Auriele Foga\u00e7a Cuti<\/div><div align=\"justify\">Calinca Bar\u00e3o de \u00c1vila<\/div><div align=\"justify\">Cau\u00ea Martins Rios<\/div><div align=\"justify\">Daniela Biasuz Trevisan<\/div><div align=\"justify\">Francisco Cenzi de R\u00e9<\/div><div align=\"justify\">J\u00e9ssica Corsini Vieira<\/div><div align=\"justify\">Li\u00e9ge Garlet<\/div><div align=\"justify\">Marina Simon<\/div><div align=\"justify\">Paula Gabbi Polli<\/div><div align=\"justify\">Rafaela Falc\u00e3o Socoloski<\/div><div align=\"justify\">Raiana Spat Ruviaro<\/div><div align=\"justify\">Raquel Rosado Radaelli<\/div><div align=\"justify\">Renata Serafin de Albernard<\/div><div align=\"justify\">Rita C\u00e1ssia Severo Minuzzi<\/div><\/div><div style=\"font-size: 16px\" align=\"justify\">\u00a0<\/div><div style=\"font-size: 16px\" align=\"justify\"><div align=\"justify\"><span style=\"font-weight: bolder\">Colaboradores Profissionais<\/span><\/div><div align=\"justify\">Arq. Urb. C\u00edntia Dornelles Pereira<\/div><div align=\"justify\">Arq. Urb. Gabriela In\u00eas Linck<\/div><div align=\"justify\">Arq. Urb. Gerusa Lazarotto<\/div><div align=\"justify\">Arq. Urb. Marcos Benedetti Pereira<\/div><div align=\"justify\">Arq. Urb. Matheus Cargnelutti<\/div><div align=\"justify\">Arq. Urb. Michelle Gomes Flores<\/div><div align=\"justify\">Arq. Urb. Nabor Ribeiro<\/div><div align=\"justify\">Arq. Urb. Priscila Giorgi<\/div><div align=\"justify\">Arq. Urb. Raquel Brand\u00e3o Mansilha<\/div><div align=\"justify\">Arq. Urb.\u00a0 Rodrigo Rodrigues<\/div><\/div><div align=\"justify\">\u00a0<\/div><div align=\"justify\">\u00a0<\/div><div style=\"font-size: 16px\" align=\"justify\"><div align=\"justify\"><span style=\"font-weight: bolder;font-size: 14pt\">2014<\/span><\/div><div align=\"justify\">\u00a0<\/div><div align=\"justify\"><span style=\"font-weight: bolder\">Professores<\/span><span style=\"font-weight: bolder\"><br \/><\/span><\/div><\/div><div style=\"font-size: 16px\" align=\"justify\"><div align=\"justify\">D\u00edlson Nicoloso Cechin<\/div><div align=\"justify\">Giane de Campos Grigoletti<\/div><div align=\"justify\">Joaquim Cesar Pizzutti dos Santos<\/div><div align=\"justify\">Josicler Orbem Alberton<\/div><div align=\"justify\">Luis Guilherme Aita Pippi<\/div><div align=\"justify\">Ta\u00eds Peixoto Alves<\/div><div align=\"justify\">\u00a0<\/div><div align=\"justify\"><div align=\"justify\"><span style=\"font-weight: bolder\">Acad\u00eamicos de P\u00f3s-Gradua\u00e7\u00e3o<\/span><\/div><div align=\"justify\">C\u00edntia Dornelles Pereira<\/div><div align=\"justify\">Gabriel Ramos de Queir\u00f3z<\/div><div align=\"justify\">Gerusa Lazarotto<\/div><div align=\"justify\">Marcos Fabr\u00edcio Benedetti Pereira<\/div><div align=\"justify\">Maria de Lourdes A. dos Santos<\/div><div align=\"justify\">Matheus Cargnelutti<\/div><div align=\"justify\">Michelle Gomes Flores<\/div><div align=\"justify\">Nabor Ribeiro<\/div><div align=\"justify\">Priscila Giorgi<\/div><div align=\"justify\">Rodrigo Rodrigues<\/div><\/div><div align=\"justify\">\u00a0<\/div><div align=\"justify\"><div align=\"justify\"><span style=\"font-weight: bolder\">Acad\u00eamicos de gradua\u00e7\u00e3o<\/span><\/div><div align=\"justify\">Bruna Alexandra Genzler<\/div><div align=\"justify\">Bruna Zambonatto<\/div><div align=\"justify\">Carol Wobeto de Oliveira<\/div><div align=\"justify\">Cristiano dos Reis<\/div><div align=\"justify\">Dieiny Ferreira Os\u00f3rio<\/div><div align=\"justify\">Francisco Cenzi de R\u00e9<\/div><div align=\"justify\">Jovana Maculan Zuchetto<\/div><div align=\"justify\">Let\u00edcia de F\u00e1tima Durlo Coutinho<\/div><div align=\"justify\">Li\u00e9ge Garlet<\/div><div align=\"justify\">Luiza Bajotto Adaime<\/div><div align=\"justify\">Paula Maronesi Lehr<\/div><div align=\"justify\">Raiana Spat Ruviaro<\/div><div align=\"justify\">Rita C\u00e1ssio Severo Minuzzi<\/div><div align=\"justify\">Rodrigo Ackermann<\/div><div align=\"justify\">Sabrina Smaniotto Frederich<\/div><div align=\"justify\">Taciane Nicolai<\/div><div align=\"justify\">Tiago Alfredo Paveglio Szinvelski<\/div><\/div><\/div><div style=\"font-size: 16px\" align=\"justify\">\u00a0<\/div><div style=\"font-size: 16px\" align=\"justify\">\u00a0<\/div><div style=\"font-size: 16px\" align=\"justify\"><span style=\"font-weight: bolder;font-size: 14pt\">2015 &#8211; 2016\u00a0<\/span><\/div><div style=\"font-size: 16px\" align=\"justify\">\u00a0<\/div><div style=\"font-size: 16px\" align=\"justify\"><div align=\"justify\"><span style=\"font-weight: bolder\">Professores<\/span><\/div><div align=\"justify\">C\u00e2ndida Ianzer Viedo Alvorcem<\/div><div align=\"justify\">Gabriela Meller<\/div><div align=\"justify\">Giane de Campos Grigoletti<\/div><div align=\"justify\">Isis Portolan dos Santos<\/div><div align=\"justify\">Joaquim C\u00e9sar Pizzutti dos Santos<\/div><div align=\"justify\">Jorge Antonio Farias<\/div><div align=\"justify\">Luis Guilherme Aita Pippi<\/div><div align=\"justify\">Marcos Alberto Oss Vaghetti<\/div><div align=\"justify\">Marina de Alc\u00e2ntara<\/div><div align=\"justify\">Rafaela Falc\u00e3o Socoloski<\/div><div align=\"justify\">Rog\u00e9rio Antocheves de Lima<\/div><div align=\"justify\">\u00a0<\/div><div align=\"justify\"><div align=\"justify\"><span style=\"font-weight: bolder\">Acad\u00eamicos de P\u00f3s-Gradua\u00e7\u00e3o<\/span><\/div><div align=\"justify\">C\u00edntia Dorneles Pereira Tamiosso<\/div><div align=\"justify\">Gabriel Ramos de Queir\u00f3z<\/div><div align=\"justify\">Gerusa Lazarotto<\/div><div align=\"justify\">Liliana Tecchio<\/div><div align=\"justify\">Maria de Lourdes Afonso dos Santos<\/div><div align=\"justify\">Matheus Cargnelutti<\/div><div align=\"justify\">Nabor da Silva Ribeiro<\/div><div align=\"justify\">Priscila Giorgi<\/div><div align=\"justify\">Raiana Spat Ruviaro<\/div><div align=\"justify\">\u00a0<\/div><\/div><div align=\"justify\"><div align=\"justify\"><span style=\"font-weight: bolder\">Acad\u00eamicos de gradua\u00e7\u00e3o<\/span><\/div><div align=\"justify\">Ana Clara Schneider de Oliveira<\/div><div align=\"justify\">Bianca Andreis da Cunha<\/div><div align=\"justify\">Bibiana Graeff Nolasco<\/div><div align=\"justify\">Bruna Zambonato<\/div><div align=\"justify\">Clarissa Squiziani Manske<\/div><div align=\"justify\">Diego Rodrigues Goularte<\/div><div align=\"justify\">Helena Reginato Gabriel<\/div><div align=\"justify\">Hellen Landrino<\/div><div align=\"justify\">Ione Bertoncello<\/div><div align=\"justify\">J\u00e9ssica Manenti<\/div><div align=\"justify\">J\u00falia Xavier Scremin<\/div><div align=\"justify\">Juliane Cardozo Rig\u00e3o<\/div><div align=\"justify\">Marcelo Luiz Funez<\/div><div align=\"justify\">Marini Pippi Martins<\/div><div align=\"justify\">Paula Maronesi Lehr<\/div><\/div><\/div><div style=\"font-size: 16px\" align=\"justify\">\u00a0<\/div><div style=\"font-size: 16px\" align=\"justify\">\u00a0<\/div><div style=\"font-size: 16px\" align=\"justify\"><span style=\"font-weight: bolder;font-size: 14pt\">2017-2019<\/span><\/div><div align=\"justify\">\u00a0<\/div><div style=\"font-size: 16px\" align=\"justify\"><p><span style=\"font-weight: bolder\">Professores<\/span><\/p><p>Bruno Cezar Pozzobon<br \/>Daniel Curvello de Mendon\u00e7a Muller<br \/>Dinara Xavier da Paix\u00e3o<br \/>Gabriela Meller<br \/>Giane de Campos Grigoletti<br \/>Jennifer Godoy Daltrozo<br \/>Joaquim Cezar Pizzutti dos Santos<br \/>Jorge Antonio de Farias<br \/>Lucienne Rossi Lopes Limberger<br \/>Marcos Alberto Oss Vaghetti<br \/>Marina de Alc\u00e2ntra<br \/>Rafaela Falc\u00e3o Socoloski<br \/>Rogerio Cattelan Antocheves de Lima<br \/>Vanessa Goulart Dorn\u00e9les<br \/>Viviane Ache Cancian<br \/>Filipe Bassan Marinho Maciel<\/p><p><span style=\"font-weight: bolder\"><br \/>Alunos da p\u00f3s-gradua\u00e7\u00e3o<\/span><\/p><p>Bruna Zambonato<br \/>Elaise Gabriel<br \/>F\u00e1bio Severo da Rosa<br \/>Gabriel Ramos de Queir\u00f3z<br \/>Gabriela Meller<br \/>Jaqueline Peglow<br \/>Juliane da Silva D\u2019\u00c1vila<br \/>Liliana Martins Techio<br \/>Liliane Bonadiman Buligon<br \/>Matheus Cargnelutti de Souza<br \/>Nabor Silva Ribeiro<br \/>P\u00e2mela Klein<br \/>Raiana Spat Ruviaro<br \/>Franciele Rohr<\/p><p><span style=\"font-weight: bolder\"><br \/>Alunos da gradua\u00e7\u00e3o<\/span><\/p><p>Amanda Mori Tybusch<br \/>Andre Bertoldo Dalla Favera<br \/>Bianca Andreis da Cunha<br \/>Bibiana Graeff Nolasco<br \/>Bruna Zambonato<br \/>Camila Matheus Behenck<br \/>Camila Rosa Dur\u00e3o<br \/>Caroline dos Santos Robinson<br \/>C\u00edntia Maria Fank<br \/>Clarissa Squizani Manske<br \/>Cristiane Franz<br \/>Cynthia Leindeker Visentini<br \/>Diego Rodrigues Goularte<br \/>Fabiana Cremonese Bernardy<br \/>Gabriela Hennig Osmari<br \/>Hellen Spitzer Landrino<br \/>Ione Bertoncello<br \/>Jessica Ribeiro Oliveira<br \/>Jo\u00e3o Paulo Carriconde Llovet da Silva<br \/>J\u00falia Xavier Scremin<br \/>Juliane Cardozo Rig\u00e3o<br \/>Laura Flores Friederich<br \/>Leonardo Machado Felipeto<br \/>Leticia Marion<br \/>Li\u00e9ge Canabarro Soares<br \/>Liliana Martins Techio<br \/>Lucas Roberts de Melo<br \/>Mainara Ridiane Palcikoski<br \/>Marcelo Luiz Funez<br \/>Mariana Alves Maciel Pasa<br \/>Marina Pippi Martins<br \/>Matheus Mendon\u00e7a Medeiros<br \/>Natan Ilha de Mello<br \/>Nicole Alexandra Villacorta Cuadra<br \/>Paula Maronesi Lehr<br \/>Rodrigo Ackermann<br \/>Sabrina Oliveira Ribeiro<br \/>Thiago Rafael Correa de Almeida<br \/>Vitoria Moro Rosso<\/p><p><span style=\"font-weight: bolder\"><br \/>Participantes externos<\/span><\/p><p>G\u00e9ssica Israel da Silva<br \/>Mois\u00e9s dos Santos Canabarro<\/p><p><span style=\"font-weight: bolder\"><br \/>T\u00e9cnico-administrativo em educa\u00e7\u00e3o<\/span><\/p><p>Alessandro Nunes Diesel<\/p><\/div>\t\t\t\t\t\t<\/div>\n\t\t\t\t<\/div>\n\t\t\t\t\t<\/div>\n\t\t<\/div>\n\t\t\t\t\t<\/div>\n\t\t<\/section>\n\t\t\t\t<\/div>\n\t\t","protected":false},"excerpt":{"rendered":"<p>Coordena\u00e7\u00e3o: Profa Giane de Campos Grigoletti Professores respons\u00e1veis: Profa \u00cdsis Portolan dos Santos Profa\u00a0\u00c9velyn Paniz Possebon Profa Vanessa Goulart Dorneles Profa D\u00e9bora Bretas Profa Viviane Suzey Gomes de Melo \u00a0 Equipe 2023 &#8211; 2025 Ana Beatriz Pigatto Mezzomo Ana Kellem Dias de Medeiros B\u00e1rbara Rabelo Betina Reinke Bruna Borges Hegele Bruna Zambonato Camila Matheus Behenck [&hellip;]<\/p>\n","protected":false},"author":242,"featured_media":0,"parent":0,"menu_order":0,"comment_status":"closed","ping_status":"closed","template":"","meta":{"footnotes":""},"categories":[],"tags":[],"class_list":["post-165","page","type-page","status-publish","hentry"],"acf":[],"_links":{"self":[{"href":"https:\/\/www.ufsm.br\/laboratorios\/lasac\/wp-json\/wp\/v2\/pages\/165","targetHints":{"allow":["GET"]}}],"collection":[{"href":"https:\/\/www.ufsm.br\/laboratorios\/lasac\/wp-json\/wp\/v2\/pages"}],"about":[{"href":"https:\/\/www.ufsm.br\/laboratorios\/lasac\/wp-json\/wp\/v2\/types\/page"}],"author":[{"embeddable":true,"href":"https:\/\/www.ufsm.br\/laboratorios\/lasac\/wp-json\/wp\/v2\/users\/242"}],"replies":[{"embeddable":true,"href":"https:\/\/www.ufsm.br\/laboratorios\/lasac\/wp-json\/wp\/v2\/comments?post=165"}],"version-history":[{"count":0,"href":"https:\/\/www.ufsm.br\/laboratorios\/lasac\/wp-json\/wp\/v2\/pages\/165\/revisions"}],"wp:attachment":[{"href":"https:\/\/www.ufsm.br\/laboratorios\/lasac\/wp-json\/wp\/v2\/media?parent=165"}],"wp:term":[{"taxonomy":"category","embeddable":true,"href":"https:\/\/www.ufsm.br\/laboratorios\/lasac\/wp-json\/wp\/v2\/categories?post=165"},{"taxonomy":"post_tag","embeddable":true,"href":"https:\/\/www.ufsm.br\/laboratorios\/lasac\/wp-json\/wp\/v2\/tags?post=165"}],"curies":[{"name":"wp","href":"https:\/\/api.w.org\/{rel}","templated":true}]}}