{"id":22,"date":"2019-05-14T17:01:42","date_gmt":"2019-05-14T20:01:42","guid":{"rendered":"https:\/\/www.ufsm.br\/template-laboratprio\/?page_id=22"},"modified":"2023-12-22T11:30:28","modified_gmt":"2023-12-22T14:30:28","slug":"informacoes-gerais","status":"publish","type":"page","link":"https:\/\/www.ufsm.br\/laboratorios\/lasca\/informacoes-gerais","title":{"rendered":"Sobre"},"content":{"rendered":"\t\t<div data-elementor-type=\"wp-page\" data-elementor-id=\"22\" class=\"elementor elementor-22\">\n\t\t\t\t\t\t<section class=\"elementor-section elementor-top-section elementor-element elementor-element-40d7a8d elementor-section-boxed elementor-section-height-default elementor-section-height-default\" data-id=\"40d7a8d\" data-element_type=\"section\">\n\t\t\t\t\t\t<div class=\"elementor-container elementor-column-gap-default\">\n\t\t\t\t\t<div class=\"elementor-column elementor-col-50 elementor-top-column elementor-element elementor-element-a65459b\" data-id=\"a65459b\" data-element_type=\"column\">\n\t\t\t<div class=\"elementor-widget-wrap elementor-element-populated\">\n\t\t\t\t\t\t<div class=\"elementor-element elementor-element-452924e elementor-widget elementor-widget-text-editor\" data-id=\"452924e\" data-element_type=\"widget\" data-widget_type=\"text-editor.default\">\n\t\t\t\t<div class=\"elementor-widget-container\">\n\t\t\t\t\t\t\t<div style=\"text-align: justify\">As pesquisas arqueol\u00f3gicas come\u00e7aram a ser desenvolvidas na UFSM no ano de 1982, no N\u00facleo de Estudos do Patrim\u00f4nio e Mem\u00f3ria (NEPA), que deu origem ao Laborat\u00f3rio de Estudos e Pesquisas Arqueol\u00f3gicas (LEPA), criado oficialmente em 1985, vinculado ao Departamento de Hist\u00f3ria da UFSM. O primeiro coordenador e fundador do LEPA foi o prof. Victor Hugo Oliveira da Silva, que tamb\u00e9m era o respons\u00e1vel pelos projetos de pesquisa arqueol\u00f3gica realizadas na UFSM, de 1982 at\u00e9 1990. Neste per\u00edodo foram realizadas diversas escava\u00e7\u00f5es em s\u00edtios arqueol\u00f3gicos em Santa Maria e munic\u00edpios vizinhos. Inicialmente o LEPA ocupava duas salas, no terceiro andar do Pr\u00e9dio de Apoio, na Rua Floriano Peixoto, n\u00ba 1750, no centro de Santa Maria\/RS.<\/div>\n<div style=\"text-align: justify\">\u00a0<\/div>\t\t\t\t\t\t<\/div>\n\t\t\t\t<\/div>\n\t\t\t\t\t<\/div>\n\t\t<\/div>\n\t\t\t\t<div class=\"elementor-column elementor-col-50 elementor-top-column elementor-element elementor-element-7977f73\" data-id=\"7977f73\" data-element_type=\"column\">\n\t\t\t<div class=\"elementor-widget-wrap elementor-element-populated\">\n\t\t\t\t\t\t<div class=\"elementor-element elementor-element-072f118 elementor-widget elementor-widget-image\" data-id=\"072f118\" data-element_type=\"widget\" data-widget_type=\"image.default\">\n\t\t\t\t<div class=\"elementor-widget-container\">\n\t\t\t\t\t\t\t\t\t\t\t\t\t<img fetchpriority=\"high\" decoding=\"async\" width=\"1024\" height=\"681\" src=\"https:\/\/www.ufsm.br\/app\/uploads\/sites\/661\/2022\/06\/VH1-1024x681.jpg\" class=\"attachment-large size-large wp-image-387\" alt=\"\" srcset=\"https:\/\/www.ufsm.br\/app\/uploads\/sites\/661\/2022\/06\/VH1-1024x681.jpg 1024w, https:\/\/www.ufsm.br\/app\/uploads\/sites\/661\/2022\/06\/VH1-300x200.jpg 300w, https:\/\/www.ufsm.br\/app\/uploads\/sites\/661\/2022\/06\/VH1-768x511.jpg 768w, https:\/\/www.ufsm.br\/app\/uploads\/sites\/661\/2022\/06\/VH1-1536x1022.jpg 1536w, https:\/\/www.ufsm.br\/app\/uploads\/sites\/661\/2022\/06\/VH1-272x182.jpg 272w, https:\/\/www.ufsm.br\/app\/uploads\/sites\/661\/2022\/06\/VH1.jpg 1920w\" sizes=\"(max-width: 1024px) 100vw, 1024px\" \/>\t\t\t\t\t\t\t\t\t\t\t\t\t<\/div>\n\t\t\t\t<\/div>\n\t\t\t\t\t<\/div>\n\t\t<\/div>\n\t\t\t\t\t<\/div>\n\t\t<\/section>\n\t\t\t\t<section class=\"elementor-section elementor-top-section elementor-element elementor-element-8ee34bb elementor-section-boxed elementor-section-height-default elementor-section-height-default\" data-id=\"8ee34bb\" data-element_type=\"section\">\n\t\t\t\t\t\t<div class=\"elementor-container elementor-column-gap-default\">\n\t\t\t\t\t<div class=\"elementor-column elementor-col-100 elementor-top-column elementor-element elementor-element-02e02c3\" data-id=\"02e02c3\" data-element_type=\"column\">\n\t\t\t<div class=\"elementor-widget-wrap elementor-element-populated\">\n\t\t\t\t\t\t<div class=\"elementor-element elementor-element-810572d elementor-widget elementor-widget-text-editor\" data-id=\"810572d\" data-element_type=\"widget\" data-widget_type=\"text-editor.default\">\n\t\t\t\t<div class=\"elementor-widget-container\">\n\t\t\t\t\t\t\t<div style=\"text-align: justify\">No ano de 1990, com a aposentadoria do prof. Victor Hugo, o prof. Dr. Te\u00f3filo Otoni Vasconcelos Torronteguy assumiu a coordena\u00e7\u00e3o do LEPA at\u00e9 o ano de 1994, em um per\u00edodo em que foi realizado o primeiro trabalho de organiza\u00e7\u00e3o e classifica\u00e7\u00e3o do acervo arqueol\u00f3gico.<\/div>\t\t\t\t\t\t<\/div>\n\t\t\t\t<\/div>\n\t\t\t\t\t<\/div>\n\t\t<\/div>\n\t\t\t\t\t<\/div>\n\t\t<\/section>\n\t\t\t\t<section class=\"elementor-section elementor-top-section elementor-element elementor-element-beebcca elementor-section-boxed elementor-section-height-default elementor-section-height-default\" data-id=\"beebcca\" data-element_type=\"section\">\n\t\t\t\t\t\t<div class=\"elementor-container elementor-column-gap-default\">\n\t\t\t\t\t<div class=\"elementor-column elementor-col-50 elementor-top-column elementor-element elementor-element-3685656\" data-id=\"3685656\" data-element_type=\"column\">\n\t\t\t<div class=\"elementor-widget-wrap elementor-element-populated\">\n\t\t\t\t\t\t<div class=\"elementor-element elementor-element-98b8143 elementor-widget elementor-widget-image\" data-id=\"98b8143\" data-element_type=\"widget\" data-widget_type=\"image.default\">\n\t\t\t\t<div class=\"elementor-widget-container\">\n\t\t\t\t\t\t\t\t\t\t\t\t\t<img decoding=\"async\" width=\"1024\" height=\"674\" src=\"https:\/\/www.ufsm.br\/app\/uploads\/sites\/661\/2022\/06\/DSC06547-selecionada-1024x674.jpg\" class=\"attachment-large size-large wp-image-388\" alt=\"\" srcset=\"https:\/\/www.ufsm.br\/app\/uploads\/sites\/661\/2022\/06\/DSC06547-selecionada-1024x674.jpg 1024w, https:\/\/www.ufsm.br\/app\/uploads\/sites\/661\/2022\/06\/DSC06547-selecionada-300x197.jpg 300w, https:\/\/www.ufsm.br\/app\/uploads\/sites\/661\/2022\/06\/DSC06547-selecionada-768x505.jpg 768w, https:\/\/www.ufsm.br\/app\/uploads\/sites\/661\/2022\/06\/DSC06547-selecionada-1536x1010.jpg 1536w, https:\/\/www.ufsm.br\/app\/uploads\/sites\/661\/2022\/06\/DSC06547-selecionada.jpg 1920w\" sizes=\"(max-width: 1024px) 100vw, 1024px\" \/>\t\t\t\t\t\t\t\t\t\t\t\t\t<\/div>\n\t\t\t\t<\/div>\n\t\t\t\t\t<\/div>\n\t\t<\/div>\n\t\t\t\t<div class=\"elementor-column elementor-col-50 elementor-top-column elementor-element elementor-element-f69ea4f\" data-id=\"f69ea4f\" data-element_type=\"column\">\n\t\t\t<div class=\"elementor-widget-wrap elementor-element-populated\">\n\t\t\t\t\t\t<div class=\"elementor-element elementor-element-450fd86 elementor-widget elementor-widget-text-editor\" data-id=\"450fd86\" data-element_type=\"widget\" data-widget_type=\"text-editor.default\">\n\t\t\t\t<div class=\"elementor-widget-container\">\n\t\t\t\t\t\t\t<p><span style=\"color: #000000;font-size: 16px\">Em 1994, o prof. Dr. Saul Eduardo Seiguer Milder assumiu a coordena\u00e7\u00e3o do LEPA e come\u00e7ou a desenvolver novos projetos de pesquisa arqueol\u00f3gica, envolvendo s\u00edtios hist\u00f3ricos e pr\u00e9-coloniais. O prof. Dr. Saul Milder coordenou o LEPA at\u00e9 2014, ano de seu falecimento. Esse per\u00edodo ficou marcado pela expans\u00e3o dos projetos de pesquisa no LEPA, que culminaram em uma extensa produ\u00e7\u00e3o acad\u00eamica e no aumento exponencial do acervo arqueol\u00f3gico. No ano 2000, o LEPA mudou-se para um novo espa\u00e7o f\u00edsico, maior e mais adequado para comportar os materiais que chegavam de campo a cada projeto, localizado no pr\u00e9dio anexo \u00e0 Antiga Reitoria da UFSM, Rua Floriano Peixoto, 1184.<\/span><\/p>\t\t\t\t\t\t<\/div>\n\t\t\t\t<\/div>\n\t\t\t\t\t<\/div>\n\t\t<\/div>\n\t\t\t\t\t<\/div>\n\t\t<\/section>\n\t\t\t\t<section class=\"elementor-section elementor-top-section elementor-element elementor-element-15da950 elementor-section-boxed elementor-section-height-default elementor-section-height-default\" data-id=\"15da950\" data-element_type=\"section\">\n\t\t\t\t\t\t<div class=\"elementor-container elementor-column-gap-default\">\n\t\t\t\t\t<div class=\"elementor-column elementor-col-50 elementor-top-column elementor-element elementor-element-422cbbd\" data-id=\"422cbbd\" data-element_type=\"column\">\n\t\t\t<div class=\"elementor-widget-wrap elementor-element-populated\">\n\t\t\t\t\t\t<div class=\"elementor-element elementor-element-9e421c9 elementor-widget elementor-widget-text-editor\" data-id=\"9e421c9\" data-element_type=\"widget\" data-widget_type=\"text-editor.default\">\n\t\t\t\t<div class=\"elementor-widget-container\">\n\t\t\t\t\t\t\t<div style=\"text-align: justify\">Ainda em 2014, o prof. Dr. Andr\u00e9 Luis Ramos Soares, coordenador do N\u00facleo de Estudos do Patrim\u00f4nio e Mem\u00f3ria (NEP) assumiu a coordena\u00e7\u00e3o do LEPA. Em 2016, pesquisas arqueol\u00f3gicas voltaram a ser desenvolvidas no LEPA.\u00a0O NEP, por sua vez, desenvolvia projetos de Ensino, Pesquisa e Extens\u00e3o para o resgate e valoriza\u00e7\u00e3o dos bens culturais, arqueol\u00f3gicos, naturais, hist\u00f3ricos, entre outros. Entre os projetos desenvolvidos, destacam-se as atividades de Educa\u00e7\u00e3o Patrimonial, desenvolvidas em diversos munic\u00edpios da regi\u00e3o central do Rio Grande do Sul.\u00a0<\/div>\t\t\t\t\t\t<\/div>\n\t\t\t\t<\/div>\n\t\t\t\t\t<\/div>\n\t\t<\/div>\n\t\t\t\t<div class=\"elementor-column elementor-col-50 elementor-top-column elementor-element elementor-element-9bb9cd9\" data-id=\"9bb9cd9\" data-element_type=\"column\">\n\t\t\t<div class=\"elementor-widget-wrap elementor-element-populated\">\n\t\t\t\t\t\t<div class=\"elementor-element elementor-element-f930ed7 elementor-widget elementor-widget-image\" data-id=\"f930ed7\" data-element_type=\"widget\" data-widget_type=\"image.default\">\n\t\t\t\t<div class=\"elementor-widget-container\">\n\t\t\t\t\t\t\t\t\t\t\t\t\t<img decoding=\"async\" src=\"https:\/\/www.ufsm.br\/app\/uploads\/sites\/661\/2022\/06\/IMG_0513.jpg\" title=\"\" alt=\"\" loading=\"lazy\" \/>\t\t\t\t\t\t\t\t\t\t\t\t\t<\/div>\n\t\t\t\t<\/div>\n\t\t\t\t\t<\/div>\n\t\t<\/div>\n\t\t\t\t\t<\/div>\n\t\t<\/section>\n\t\t\t\t<section class=\"elementor-section elementor-top-section elementor-element elementor-element-48e74e6 elementor-section-boxed elementor-section-height-default elementor-section-height-default\" data-id=\"48e74e6\" data-element_type=\"section\">\n\t\t\t\t\t\t<div class=\"elementor-container elementor-column-gap-default\">\n\t\t\t\t\t<div class=\"elementor-column elementor-col-50 elementor-top-column elementor-element elementor-element-d768eee\" data-id=\"d768eee\" data-element_type=\"column\">\n\t\t\t<div class=\"elementor-widget-wrap elementor-element-populated\">\n\t\t\t\t\t\t<div class=\"elementor-element elementor-element-621ccbc elementor-widget elementor-widget-image\" data-id=\"621ccbc\" data-element_type=\"widget\" data-widget_type=\"image.default\">\n\t\t\t\t<div class=\"elementor-widget-container\">\n\t\t\t\t\t\t\t\t\t\t\t\t\t<img decoding=\"async\" src=\"https:\/\/www.ufsm.br\/app\/uploads\/sites\/661\/2022\/06\/WhatsApp-Image-2022-06-30-at-11.37.49.jpeg\" title=\"\" alt=\"\" loading=\"lazy\" \/>\t\t\t\t\t\t\t\t\t\t\t\t\t<\/div>\n\t\t\t\t<\/div>\n\t\t\t\t\t<\/div>\n\t\t<\/div>\n\t\t\t\t<div class=\"elementor-column elementor-col-50 elementor-top-column elementor-element elementor-element-308b73c\" data-id=\"308b73c\" data-element_type=\"column\">\n\t\t\t<div class=\"elementor-widget-wrap elementor-element-populated\">\n\t\t\t\t\t\t<div class=\"elementor-element elementor-element-cadea68 elementor-widget elementor-widget-text-editor\" data-id=\"cadea68\" data-element_type=\"widget\" data-widget_type=\"text-editor.default\">\n\t\t\t\t<div class=\"elementor-widget-container\">\n\t\t\t\t\t\t\t<div>A fus\u00e3o do LEPA com o NEP, que possu\u00edam o mesmo coordenador, ocorreu nos meses de julho e agosto de 2019, com mudan\u00e7a dos acervos e mobili\u00e1rio para a casa onde funcionava a Assist\u00eancia Judici\u00e1ria da UFSM, ao lado do pr\u00e9dio da Antiga Reitoria. A fus\u00e3o dos \u00f3rg\u00e3os deu origem, portanto, ao Laborat\u00f3rio de Arqueologia, Sociedades e Culturas das Am\u00e9ricas (LASCA), que foi inaugurado em 14 outubro de 2019, com a abertura da exposi\u00e7\u00e3o itinerante \u201cA Trajet\u00f3ria da Arqueologia no Rio Grande do Sul\u201d.<\/div>\t\t\t\t\t\t<\/div>\n\t\t\t\t<\/div>\n\t\t\t\t\t<\/div>\n\t\t<\/div>\n\t\t\t\t\t<\/div>\n\t\t<\/section>\n\t\t\t\t<section class=\"elementor-section elementor-top-section elementor-element elementor-element-5db572f elementor-section-boxed elementor-section-height-default elementor-section-height-default\" data-id=\"5db572f\" data-element_type=\"section\">\n\t\t\t\t\t\t<div class=\"elementor-container elementor-column-gap-default\">\n\t\t\t\t\t<div class=\"elementor-column elementor-col-100 elementor-top-column elementor-element elementor-element-4a6f420\" data-id=\"4a6f420\" data-element_type=\"column\">\n\t\t\t<div class=\"elementor-widget-wrap elementor-element-populated\">\n\t\t\t\t\t\t<section class=\"elementor-section elementor-inner-section elementor-element elementor-element-45cad63 elementor-section-boxed elementor-section-height-default elementor-section-height-default\" data-id=\"45cad63\" data-element_type=\"section\">\n\t\t\t\t\t\t<div class=\"elementor-container elementor-column-gap-default\">\n\t\t\t\t\t<div class=\"elementor-column elementor-col-50 elementor-inner-column elementor-element elementor-element-9f85995\" data-id=\"9f85995\" data-element_type=\"column\">\n\t\t\t<div class=\"elementor-widget-wrap elementor-element-populated\">\n\t\t\t\t\t\t<div class=\"elementor-element elementor-element-07d0005 elementor-widget elementor-widget-text-editor\" data-id=\"07d0005\" data-element_type=\"widget\" data-widget_type=\"text-editor.default\">\n\t\t\t\t<div class=\"elementor-widget-container\">\n\t\t\t\t\t\t\t<p><span style=\"color: #000000;font-size: 16px\">Ata de cria\u00e7\u00e3o do LEPA (1985).<\/span><\/p>\t\t\t\t\t\t<\/div>\n\t\t\t\t<\/div>\n\t\t\t\t\t<\/div>\n\t\t<\/div>\n\t\t\t\t<div class=\"elementor-column elementor-col-50 elementor-inner-column elementor-element elementor-element-b08f2ef\" data-id=\"b08f2ef\" data-element_type=\"column\">\n\t\t\t<div class=\"elementor-widget-wrap elementor-element-populated\">\n\t\t\t\t\t\t<div class=\"elementor-element elementor-element-2d1e4d4 elementor-arrows-position-inside elementor-pagination-position-outside elementor-widget elementor-widget-image-carousel\" data-id=\"2d1e4d4\" data-element_type=\"widget\" data-settings=\"{&quot;slides_to_show&quot;:&quot;1&quot;,&quot;navigation&quot;:&quot;both&quot;,&quot;autoplay&quot;:&quot;yes&quot;,&quot;pause_on_hover&quot;:&quot;yes&quot;,&quot;pause_on_interaction&quot;:&quot;yes&quot;,&quot;autoplay_speed&quot;:5000,&quot;infinite&quot;:&quot;yes&quot;,&quot;effect&quot;:&quot;slide&quot;,&quot;speed&quot;:500}\" data-widget_type=\"image-carousel.default\">\n\t\t\t\t<div class=\"elementor-widget-container\">\n\t\t\t\t\t<div class=\"elementor-image-carousel-wrapper swiper\" dir=\"ltr\">\n\t\t\t<div class=\"elementor-image-carousel swiper-wrapper\" aria-live=\"off\">\n\t\t\t\t\t\t\t\t<div class=\"swiper-slide\" role=\"group\" aria-roledescription=\"slide\" aria-label=\"1 of 7\"><figure class=\"swiper-slide-inner\"><img decoding=\"async\" class=\"swiper-slide-image\" src=\"https:\/\/www.ufsm.br\/app\/uploads\/sites\/661\/2023\/12\/Imagem-scaled.jpg\" alt=\"Imagem\" \/><\/figure><\/div><div class=\"swiper-slide\" role=\"group\" aria-roledescription=\"slide\" aria-label=\"2 of 7\"><figure class=\"swiper-slide-inner\"><img decoding=\"async\" class=\"swiper-slide-image\" src=\"https:\/\/www.ufsm.br\/app\/uploads\/sites\/661\/2023\/12\/Imagem-1-scaled.jpg\" alt=\"Imagem\" \/><\/figure><\/div><div class=\"swiper-slide\" role=\"group\" aria-roledescription=\"slide\" aria-label=\"3 of 7\"><figure class=\"swiper-slide-inner\"><img decoding=\"async\" class=\"swiper-slide-image\" src=\"https:\/\/www.ufsm.br\/app\/uploads\/sites\/661\/2023\/12\/Imagem-2-scaled.jpg\" alt=\"Imagem (2)\" \/><\/figure><\/div><div class=\"swiper-slide\" role=\"group\" aria-roledescription=\"slide\" aria-label=\"4 of 7\"><figure class=\"swiper-slide-inner\"><img decoding=\"async\" class=\"swiper-slide-image\" src=\"https:\/\/www.ufsm.br\/app\/uploads\/sites\/661\/2023\/12\/Imagem-3-scaled.jpg\" alt=\"Imagem (3)\" \/><\/figure><\/div><div class=\"swiper-slide\" role=\"group\" aria-roledescription=\"slide\" aria-label=\"5 of 7\"><figure class=\"swiper-slide-inner\"><img decoding=\"async\" class=\"swiper-slide-image\" src=\"https:\/\/www.ufsm.br\/app\/uploads\/sites\/661\/2023\/12\/Imagem-4-scaled.jpg\" alt=\"Imagem (4)\" \/><\/figure><\/div><div class=\"swiper-slide\" role=\"group\" aria-roledescription=\"slide\" aria-label=\"6 of 7\"><figure class=\"swiper-slide-inner\"><img decoding=\"async\" class=\"swiper-slide-image\" src=\"https:\/\/www.ufsm.br\/app\/uploads\/sites\/661\/2023\/12\/Imagem-5-scaled.jpg\" alt=\"Imagem (5)\" \/><\/figure><\/div><div class=\"swiper-slide\" role=\"group\" aria-roledescription=\"slide\" aria-label=\"7 of 7\"><figure class=\"swiper-slide-inner\"><img decoding=\"async\" class=\"swiper-slide-image\" src=\"https:\/\/www.ufsm.br\/app\/uploads\/sites\/661\/2023\/12\/Imagem-6-scaled.jpg\" alt=\"Imagem (6)\" \/><\/figure><\/div>\t\t\t<\/div>\n\t\t\t\t\t\t\t\t\t\t\t\t<div class=\"elementor-swiper-button elementor-swiper-button-prev\" role=\"button\" tabindex=\"0\">\n\t\t\t\t\t\t<i aria-hidden=\"true\" class=\"eicon-chevron-left\"><\/i>\t\t\t\t\t<\/div>\n\t\t\t\t\t<div class=\"elementor-swiper-button elementor-swiper-button-next\" role=\"button\" tabindex=\"0\">\n\t\t\t\t\t\t<i aria-hidden=\"true\" class=\"eicon-chevron-right\"><\/i>\t\t\t\t\t<\/div>\n\t\t\t\t\n\t\t\t\t\t\t\t\t\t<div class=\"swiper-pagination\"><\/div>\n\t\t\t\t\t\t\t\t\t<\/div>\n\t\t\t\t<\/div>\n\t\t\t\t<\/div>\n\t\t\t\t\t<\/div>\n\t\t<\/div>\n\t\t\t\t\t<\/div>\n\t\t<\/section>\n\t\t\t\t\t<\/div>\n\t\t<\/div>\n\t\t\t\t\t<\/div>\n\t\t<\/section>\n\t\t\t\t<\/div>\n\t\t","protected":false},"excerpt":{"rendered":"<p>As pesquisas arqueol\u00f3gicas come\u00e7aram a ser desenvolvidas na UFSM no ano de 1982, no N\u00facleo de Estudos do Patrim\u00f4nio e Mem\u00f3ria (NEPA), que deu origem ao Laborat\u00f3rio de Estudos e Pesquisas Arqueol\u00f3gicas (LEPA), criado oficialmente em 1985, vinculado ao Departamento de Hist\u00f3ria da UFSM. O primeiro coordenador e fundador do LEPA foi o prof. Victor [&hellip;]<\/p>\n","protected":false},"author":124,"featured_media":0,"parent":0,"menu_order":0,"comment_status":"closed","ping_status":"closed","template":"","meta":{"footnotes":""},"categories":[],"tags":[],"class_list":["post-22","page","type-page","status-publish","hentry"],"acf":[],"_links":{"self":[{"href":"https:\/\/www.ufsm.br\/laboratorios\/lasca\/wp-json\/wp\/v2\/pages\/22","targetHints":{"allow":["GET"]}}],"collection":[{"href":"https:\/\/www.ufsm.br\/laboratorios\/lasca\/wp-json\/wp\/v2\/pages"}],"about":[{"href":"https:\/\/www.ufsm.br\/laboratorios\/lasca\/wp-json\/wp\/v2\/types\/page"}],"author":[{"embeddable":true,"href":"https:\/\/www.ufsm.br\/laboratorios\/lasca\/wp-json\/wp\/v2\/users\/124"}],"replies":[{"embeddable":true,"href":"https:\/\/www.ufsm.br\/laboratorios\/lasca\/wp-json\/wp\/v2\/comments?post=22"}],"version-history":[{"count":0,"href":"https:\/\/www.ufsm.br\/laboratorios\/lasca\/wp-json\/wp\/v2\/pages\/22\/revisions"}],"wp:attachment":[{"href":"https:\/\/www.ufsm.br\/laboratorios\/lasca\/wp-json\/wp\/v2\/media?parent=22"}],"wp:term":[{"taxonomy":"category","embeddable":true,"href":"https:\/\/www.ufsm.br\/laboratorios\/lasca\/wp-json\/wp\/v2\/categories?post=22"},{"taxonomy":"post_tag","embeddable":true,"href":"https:\/\/www.ufsm.br\/laboratorios\/lasca\/wp-json\/wp\/v2\/tags?post=22"}],"curies":[{"name":"wp","href":"https:\/\/api.w.org\/{rel}","templated":true}]}}