{"id":23,"date":"2019-05-14T17:02:03","date_gmt":"2019-05-14T20:02:03","guid":{"rendered":"https:\/\/www.ufsm.br\/template-laboratprio\/?page_id=23"},"modified":"2022-10-11T20:03:40","modified_gmt":"2022-10-11T23:03:40","slug":"equipe","status":"publish","type":"page","link":"https:\/\/www.ufsm.br\/laboratorios\/lem\/equipe","title":{"rendered":"Equipe"},"content":{"rendered":"\t\t<div data-elementor-type=\"wp-page\" data-elementor-id=\"23\" class=\"elementor elementor-23\">\n\t\t\t\t\t\t<section class=\"elementor-section elementor-top-section elementor-element elementor-element-4471ce25 elementor-section-boxed elementor-section-height-default elementor-section-height-default\" data-id=\"4471ce25\" data-element_type=\"section\">\n\t\t\t\t\t\t<div class=\"elementor-container elementor-column-gap-default\">\n\t\t\t\t\t<div class=\"elementor-column elementor-col-100 elementor-top-column elementor-element elementor-element-4eee206\" data-id=\"4eee206\" data-element_type=\"column\">\n\t\t\t<div class=\"elementor-widget-wrap elementor-element-populated\">\n\t\t\t\t\t\t<div class=\"elementor-element elementor-element-1bf28beb elementor-widget elementor-widget-text-editor\" data-id=\"1bf28beb\" data-element_type=\"widget\" data-widget_type=\"text-editor.default\">\n\t\t\t\t<div class=\"elementor-widget-container\">\n\t\t\t\t\t\t\t<p><!-- wp:tadv\/classic-paragraph --><\/p>\n<div align=\"center\">\n<ul>\n<li style=\"text-align: left\">A Coordena\u00e7\u00e3o do Laborat\u00f3rio de Educa\u00e7\u00e3o Musical &#8211; LEM (Sala 3368\/CE) fica a cargo das docentes:<\/li>\n<li style=\"text-align: left\">Profa. Dra.\u00a0Cl\u00e1udia Ribeiro Bellochio\u00a0<\/li>\n<li style=\"text-align: left\">Profa. Dra.\u00a0Luciane Wilke Freitas Garbosa\u00a0<\/li>\n<\/ul>\n<\/div>\n<p><!-- \/wp:tadv\/classic-paragraph --><\/p>\t\t\t\t\t\t<\/div>\n\t\t\t\t<\/div>\n\t\t\t\t\t<\/div>\n\t\t<\/div>\n\t\t\t\t\t<\/div>\n\t\t<\/section>\n\t\t\t\t<section class=\"elementor-section elementor-top-section elementor-element elementor-element-3059050 elementor-section-boxed elementor-section-height-default elementor-section-height-default\" data-id=\"3059050\" data-element_type=\"section\">\n\t\t\t\t\t\t<div class=\"elementor-container elementor-column-gap-default\">\n\t\t\t\t\t<div class=\"elementor-column elementor-col-100 elementor-top-column elementor-element elementor-element-e9b1f66\" data-id=\"e9b1f66\" data-element_type=\"column\">\n\t\t\t<div class=\"elementor-widget-wrap elementor-element-populated\">\n\t\t\t\t\t\t<div class=\"elementor-element elementor-element-4caa019 elementor-position-top elementor-widget elementor-widget-image-box\" data-id=\"4caa019\" data-element_type=\"widget\" data-widget_type=\"image-box.default\">\n\t\t\t\t<div class=\"elementor-widget-container\">\n\t\t\t<div class=\"elementor-image-box-wrapper\"><figure class=\"elementor-image-box-img\"><a href=\"https:\/\/www.canva.com\/folder\/all-designs\" tabindex=\"-1\"><img fetchpriority=\"high\" decoding=\"async\" width=\"567\" height=\"394\" src=\"https:\/\/www.ufsm.br\/app\/uploads\/sites\/695\/2022\/10\/Imagem1.jpg\" class=\"elementor-animation-grow attachment-medium_large size-medium_large wp-image-189\" alt=\"\" srcset=\"https:\/\/www.ufsm.br\/app\/uploads\/sites\/695\/2022\/10\/Imagem1.jpg 567w, https:\/\/www.ufsm.br\/app\/uploads\/sites\/695\/2022\/10\/Imagem1-300x208.jpg 300w\" sizes=\"(max-width: 567px) 100vw, 567px\" \/><\/a><\/figure><\/div>\t\t<\/div>\n\t\t\t\t<\/div>\n\t\t\t\t\t<\/div>\n\t\t<\/div>\n\t\t\t\t\t<\/div>\n\t\t<\/section>\n\t\t\t\t<\/div>\n\t\t","protected":false},"excerpt":{"rendered":"<p>A Coordena\u00e7\u00e3o do Laborat\u00f3rio de Educa\u00e7\u00e3o Musical &#8211; LEM (Sala 3368\/CE) fica a cargo das docentes: Profa. Dra.\u00a0Cl\u00e1udia Ribeiro Bellochio\u00a0 Profa. Dra.\u00a0Luciane Wilke Freitas Garbosa\u00a0<\/p>\n","protected":false},"author":124,"featured_media":0,"parent":0,"menu_order":0,"comment_status":"closed","ping_status":"closed","template":"","meta":{"footnotes":""},"categories":[],"tags":[],"class_list":["post-23","page","type-page","status-publish","hentry"],"acf":[],"_links":{"self":[{"href":"https:\/\/www.ufsm.br\/laboratorios\/lem\/wp-json\/wp\/v2\/pages\/23","targetHints":{"allow":["GET"]}}],"collection":[{"href":"https:\/\/www.ufsm.br\/laboratorios\/lem\/wp-json\/wp\/v2\/pages"}],"about":[{"href":"https:\/\/www.ufsm.br\/laboratorios\/lem\/wp-json\/wp\/v2\/types\/page"}],"author":[{"embeddable":true,"href":"https:\/\/www.ufsm.br\/laboratorios\/lem\/wp-json\/wp\/v2\/users\/124"}],"replies":[{"embeddable":true,"href":"https:\/\/www.ufsm.br\/laboratorios\/lem\/wp-json\/wp\/v2\/comments?post=23"}],"version-history":[{"count":0,"href":"https:\/\/www.ufsm.br\/laboratorios\/lem\/wp-json\/wp\/v2\/pages\/23\/revisions"}],"wp:attachment":[{"href":"https:\/\/www.ufsm.br\/laboratorios\/lem\/wp-json\/wp\/v2\/media?parent=23"}],"wp:term":[{"taxonomy":"category","embeddable":true,"href":"https:\/\/www.ufsm.br\/laboratorios\/lem\/wp-json\/wp\/v2\/categories?post=23"},{"taxonomy":"post_tag","embeddable":true,"href":"https:\/\/www.ufsm.br\/laboratorios\/lem\/wp-json\/wp\/v2\/tags?post=23"}],"curies":[{"name":"wp","href":"https:\/\/api.w.org\/{rel}","templated":true}]}}