{"id":272,"date":"2022-10-06T12:18:53","date_gmt":"2022-10-06T15:18:53","guid":{"rendered":"https:\/\/www.ufsm.br\/laboratorios\/lem\/?page_id=272"},"modified":"2022-10-18T17:01:56","modified_gmt":"2022-10-18T20:01:56","slug":"musicais","status":"publish","type":"page","link":"https:\/\/www.ufsm.br\/laboratorios\/lem\/musicais","title":{"rendered":"Saltimbancos"},"content":{"rendered":"\t\t<div data-elementor-type=\"wp-page\" data-elementor-id=\"272\" class=\"elementor elementor-272\">\n\t\t\t\t\t\t<section class=\"elementor-section elementor-top-section elementor-element elementor-element-bca6a66 elementor-section-boxed elementor-section-height-default elementor-section-height-default\" data-id=\"bca6a66\" data-element_type=\"section\">\n\t\t\t\t\t\t<div class=\"elementor-container elementor-column-gap-default\">\n\t\t\t\t\t<div class=\"elementor-column elementor-col-100 elementor-top-column elementor-element elementor-element-73b8f31\" data-id=\"73b8f31\" data-element_type=\"column\">\n\t\t\t<div class=\"elementor-widget-wrap elementor-element-populated\">\n\t\t\t\t\t\t<div class=\"elementor-element elementor-element-a56a2a3 elementor-widget elementor-widget-text-editor\" data-id=\"a56a2a3\" data-element_type=\"widget\" data-widget_type=\"text-editor.default\">\n\t\t\t\t<div class=\"elementor-widget-container\">\n\t\t\t\t\t\t\t<p><strong>Musical <em>Os Saltimbancos<\/em><\/strong><\/p><p>Musical desenvolvido nos anos de 2014-2015, com integrantes dos cursos de gradua\u00e7\u00e3o e p\u00f3s-gradua\u00e7\u00e3o vinculados ao CE. A montagem foi realizada com a participa\u00e7\u00e3o de alunos do PPGE, coro infanto-juvenil da Escola Marista Santa Maria e ex-cantores do Col\u00e9gio Centen\u00e1rio. O projeto demarcou os 20 anos de uma montagem realizada na Escola Centen\u00e1rio. Diversas apresenta\u00e7\u00f5es foram realizadas no contexto da UFSM e em escolas de Santa Maria e regi\u00e3o, alcan\u00e7ando um significativo n\u00famero de expectadores.<\/p><p><strong>Coordena\u00e7\u00e3o<\/strong>: Profa. Claudia Ribeiro Bellochio (Montagem e Reg\u00eancia)<\/p>\t\t\t\t\t\t<\/div>\n\t\t\t\t<\/div>\n\t\t\t\t\t<\/div>\n\t\t<\/div>\n\t\t\t\t\t<\/div>\n\t\t<\/section>\n\t\t\t\t<section class=\"elementor-section elementor-top-section elementor-element elementor-element-bcc611e elementor-section-boxed elementor-section-height-default elementor-section-height-default\" data-id=\"bcc611e\" data-element_type=\"section\">\n\t\t\t\t\t\t<div class=\"elementor-container elementor-column-gap-default\">\n\t\t\t\t\t<div class=\"elementor-column elementor-col-100 elementor-top-column elementor-element elementor-element-bac0874\" data-id=\"bac0874\" data-element_type=\"column\">\n\t\t\t<div class=\"elementor-widget-wrap elementor-element-populated\">\n\t\t\t\t\t\t<div class=\"elementor-element elementor-element-22fd921 elementor-widget elementor-widget-toggle\" data-id=\"22fd921\" data-element_type=\"widget\" data-widget_type=\"toggle.default\">\n\t\t\t\t<div class=\"elementor-widget-container\">\n\t\t\t\t\t<div class=\"elementor-toggle\">\n\t\t\t\t\t\t\t<div class=\"elementor-toggle-item\">\n\t\t\t\t\t<div id=\"elementor-tab-title-3661\" class=\"elementor-tab-title\" data-tab=\"1\" role=\"button\" aria-controls=\"elementor-tab-content-3661\" aria-expanded=\"false\">\n\t\t\t\t\t\t\t\t\t\t\t\t<span class=\"elementor-toggle-icon elementor-toggle-icon-left\" aria-hidden=\"true\">\n\t\t\t\t\t\t\t\t\t\t\t\t\t\t\t<span class=\"elementor-toggle-icon-closed\"><i class=\"fas fa-caret-right\"><\/i><\/span>\n\t\t\t\t\t\t\t\t<span class=\"elementor-toggle-icon-opened\"><i class=\"elementor-toggle-icon-opened fas fa-caret-up\"><\/i><\/span>\n\t\t\t\t\t\t\t\t\t\t\t\t\t<\/span>\n\t\t\t\t\t\t\t\t\t\t\t\t<a class=\"elementor-toggle-title\" tabindex=\"0\">Integrantes<\/a>\n\t\t\t\t\t<\/div>\n\n\t\t\t\t\t<div id=\"elementor-tab-content-3661\" class=\"elementor-tab-content elementor-clearfix\" data-tab=\"1\" role=\"region\" aria-labelledby=\"elementor-tab-title-3661\"><ul><li>Jos\u00e9 Renato Noronha &#8211; Burro<\/li><li>C\u00e2ndice Lorenzoni &#8211; Gata<\/li><li>Juliane Riboli Correa &#8211; Galinha<\/li><li>Camila Borges &#8211; Cachorro<\/li><li>Daniela Minelo &#8211; Cachorro<\/li><li>Vanessa Weber &#8211; Flauta transversal<\/li><li>Ziliane Teixeira &#8211; Flauta transversal<\/li><li>Leonardo Sperb &#8211; Viol\u00e3o<\/li><li>Iara Dalabrida &#8211; Voz<\/li><li>Julio Pereira &#8211; Acordeom<\/li><li>Charles Tones &#8211; Piano<\/li><li>Ezequiel da Rosa &#8211; Violao<\/li><li>Luciane Wilke Freitas Garbosa &#8211; Voz<\/li><li>J\u00e9ssica de Almeida (Regente respons\u00e1vel pelo Coral da Escola Marista &#8211; Santa Maria)<\/li><\/ul><\/div>\n\t\t\t\t<\/div>\n\t\t\t\t\t\t\t\t<\/div>\n\t\t\t\t<\/div>\n\t\t\t\t<\/div>\n\t\t\t\t\t<\/div>\n\t\t<\/div>\n\t\t\t\t\t<\/div>\n\t\t<\/section>\n\t\t\t\t<section class=\"elementor-section elementor-top-section elementor-element elementor-element-2a2bea7 elementor-section-boxed elementor-section-height-default elementor-section-height-default\" data-id=\"2a2bea7\" data-element_type=\"section\">\n\t\t\t\t\t\t<div class=\"elementor-container elementor-column-gap-default\">\n\t\t\t\t\t<div class=\"elementor-column elementor-col-33 elementor-top-column elementor-element elementor-element-0a9c2e9\" data-id=\"0a9c2e9\" data-element_type=\"column\">\n\t\t\t<div class=\"elementor-widget-wrap elementor-element-populated\">\n\t\t\t\t\t\t<div class=\"elementor-element elementor-element-9cf908a elementor-widget elementor-widget-image\" data-id=\"9cf908a\" data-element_type=\"widget\" data-widget_type=\"image.default\">\n\t\t\t\t<div class=\"elementor-widget-container\">\n\t\t\t\t\t\t\t\t\t\t\t\t\t<img fetchpriority=\"high\" decoding=\"async\" width=\"1024\" height=\"615\" src=\"https:\/\/www.ufsm.br\/app\/uploads\/sites\/695\/2022\/10\/saltimbancos-3-marista-1024x615.jpg\" class=\"attachment-large size-large wp-image-355\" alt=\"\" srcset=\"https:\/\/www.ufsm.br\/app\/uploads\/sites\/695\/2022\/10\/saltimbancos-3-marista-1024x615.jpg 1024w, https:\/\/www.ufsm.br\/app\/uploads\/sites\/695\/2022\/10\/saltimbancos-3-marista-300x180.jpg 300w, https:\/\/www.ufsm.br\/app\/uploads\/sites\/695\/2022\/10\/saltimbancos-3-marista-768x461.jpg 768w, https:\/\/www.ufsm.br\/app\/uploads\/sites\/695\/2022\/10\/saltimbancos-3-marista-1536x922.jpg 1536w, https:\/\/www.ufsm.br\/app\/uploads\/sites\/695\/2022\/10\/saltimbancos-3-marista.jpg 1920w\" sizes=\"(max-width: 1024px) 100vw, 1024px\" \/>\t\t\t\t\t\t\t\t\t\t\t\t\t<\/div>\n\t\t\t\t<\/div>\n\t\t\t\t\t<\/div>\n\t\t<\/div>\n\t\t\t\t<div class=\"elementor-column elementor-col-33 elementor-top-column elementor-element elementor-element-f272d2a\" data-id=\"f272d2a\" data-element_type=\"column\">\n\t\t\t<div class=\"elementor-widget-wrap elementor-element-populated\">\n\t\t\t\t\t\t<div class=\"elementor-element elementor-element-468e74a elementor-widget elementor-widget-image\" data-id=\"468e74a\" data-element_type=\"widget\" data-widget_type=\"image.default\">\n\t\t\t\t<div class=\"elementor-widget-container\">\n\t\t\t\t\t\t\t\t\t\t\t\t\t<img decoding=\"async\" src=\"https:\/\/www.ufsm.br\/app\/uploads\/sites\/695\/elementor\/thumbs\/Foto-elenco-e-filhos-pwerkfa6jb978rh0x4cq0812hyczdjsbp4dhzvvi1s.jpg\" title=\"Foto elenco e filhos\" alt=\"Foto elenco e filhos\" loading=\"lazy\" \/>\t\t\t\t\t\t\t\t\t\t\t\t\t<\/div>\n\t\t\t\t<\/div>\n\t\t\t\t\t<\/div>\n\t\t<\/div>\n\t\t\t\t<div class=\"elementor-column elementor-col-33 elementor-top-column elementor-element elementor-element-41dde24\" data-id=\"41dde24\" data-element_type=\"column\">\n\t\t\t<div class=\"elementor-widget-wrap elementor-element-populated\">\n\t\t\t\t\t\t<div class=\"elementor-element elementor-element-688ff44 elementor-widget elementor-widget-image\" data-id=\"688ff44\" data-element_type=\"widget\" data-widget_type=\"image.default\">\n\t\t\t\t<div class=\"elementor-widget-container\">\n\t\t\t\t\t\t\t\t\t\t\t\t\t<img decoding=\"async\" width=\"1024\" height=\"577\" src=\"https:\/\/www.ufsm.br\/app\/uploads\/sites\/695\/2022\/10\/Salt-Bilac-1024x577.jpg\" class=\"attachment-large size-large wp-image-354\" alt=\"\" srcset=\"https:\/\/www.ufsm.br\/app\/uploads\/sites\/695\/2022\/10\/Salt-Bilac-1024x577.jpg 1024w, https:\/\/www.ufsm.br\/app\/uploads\/sites\/695\/2022\/10\/Salt-Bilac-300x169.jpg 300w, https:\/\/www.ufsm.br\/app\/uploads\/sites\/695\/2022\/10\/Salt-Bilac-768x433.jpg 768w, https:\/\/www.ufsm.br\/app\/uploads\/sites\/695\/2022\/10\/Salt-Bilac-1536x866.jpg 1536w, https:\/\/www.ufsm.br\/app\/uploads\/sites\/695\/2022\/10\/Salt-Bilac.jpg 1920w\" sizes=\"(max-width: 1024px) 100vw, 1024px\" \/>\t\t\t\t\t\t\t\t\t\t\t\t\t<\/div>\n\t\t\t\t<\/div>\n\t\t\t\t\t<\/div>\n\t\t<\/div>\n\t\t\t\t\t<\/div>\n\t\t<\/section>\n\t\t\t\t<section class=\"elementor-section elementor-top-section elementor-element elementor-element-3584595 elementor-section-boxed elementor-section-height-default elementor-section-height-default\" data-id=\"3584595\" data-element_type=\"section\">\n\t\t\t\t\t\t<div class=\"elementor-container elementor-column-gap-default\">\n\t\t\t\t\t<div class=\"elementor-column elementor-col-50 elementor-top-column elementor-element elementor-element-b519dae\" data-id=\"b519dae\" data-element_type=\"column\">\n\t\t\t<div class=\"elementor-widget-wrap elementor-element-populated\">\n\t\t\t\t\t\t<div class=\"elementor-element elementor-element-af12d05 elementor-widget elementor-widget-image\" data-id=\"af12d05\" data-element_type=\"widget\" data-widget_type=\"image.default\">\n\t\t\t\t<div class=\"elementor-widget-container\">\n\t\t\t\t\t\t\t\t\t\t\t\t\t<img decoding=\"async\" width=\"1024\" height=\"577\" src=\"https:\/\/www.ufsm.br\/app\/uploads\/sites\/695\/2022\/10\/Saltimbancos-marista-2-1024x577.jpg\" class=\"attachment-large size-large wp-image-356\" alt=\"\" srcset=\"https:\/\/www.ufsm.br\/app\/uploads\/sites\/695\/2022\/10\/Saltimbancos-marista-2-1024x577.jpg 1024w, https:\/\/www.ufsm.br\/app\/uploads\/sites\/695\/2022\/10\/Saltimbancos-marista-2-300x169.jpg 300w, https:\/\/www.ufsm.br\/app\/uploads\/sites\/695\/2022\/10\/Saltimbancos-marista-2-768x432.jpg 768w, https:\/\/www.ufsm.br\/app\/uploads\/sites\/695\/2022\/10\/Saltimbancos-marista-2-1536x865.jpg 1536w, https:\/\/www.ufsm.br\/app\/uploads\/sites\/695\/2022\/10\/Saltimbancos-marista-2.jpg 1920w\" sizes=\"(max-width: 1024px) 100vw, 1024px\" \/>\t\t\t\t\t\t\t\t\t\t\t\t\t<\/div>\n\t\t\t\t<\/div>\n\t\t\t\t\t<\/div>\n\t\t<\/div>\n\t\t\t\t<div class=\"elementor-column elementor-col-50 elementor-top-column elementor-element elementor-element-aa95445\" data-id=\"aa95445\" data-element_type=\"column\">\n\t\t\t<div class=\"elementor-widget-wrap elementor-element-populated\">\n\t\t\t\t\t\t<div class=\"elementor-element elementor-element-fbe85ad elementor-widget elementor-widget-image\" data-id=\"fbe85ad\" data-element_type=\"widget\" data-widget_type=\"image.default\">\n\t\t\t\t<div class=\"elementor-widget-container\">\n\t\t\t\t\t\t\t\t\t\t\t\t\t<img loading=\"lazy\" decoding=\"async\" width=\"1024\" height=\"577\" src=\"https:\/\/www.ufsm.br\/app\/uploads\/sites\/695\/2022\/10\/saltimbancos-marista-1024x577.jpg\" class=\"attachment-large size-large wp-image-357\" alt=\"\" srcset=\"https:\/\/www.ufsm.br\/app\/uploads\/sites\/695\/2022\/10\/saltimbancos-marista-1024x577.jpg 1024w, https:\/\/www.ufsm.br\/app\/uploads\/sites\/695\/2022\/10\/saltimbancos-marista-300x169.jpg 300w, https:\/\/www.ufsm.br\/app\/uploads\/sites\/695\/2022\/10\/saltimbancos-marista-768x432.jpg 768w, https:\/\/www.ufsm.br\/app\/uploads\/sites\/695\/2022\/10\/saltimbancos-marista-1536x865.jpg 1536w, https:\/\/www.ufsm.br\/app\/uploads\/sites\/695\/2022\/10\/saltimbancos-marista.jpg 1920w\" sizes=\"(max-width: 1024px) 100vw, 1024px\" \/>\t\t\t\t\t\t\t\t\t\t\t\t\t<\/div>\n\t\t\t\t<\/div>\n\t\t\t\t\t<\/div>\n\t\t<\/div>\n\t\t\t\t\t<\/div>\n\t\t<\/section>\n\t\t\t\t<section class=\"elementor-section elementor-top-section elementor-element elementor-element-ae8e7b1 elementor-section-boxed elementor-section-height-default elementor-section-height-default\" data-id=\"ae8e7b1\" data-element_type=\"section\">\n\t\t\t\t\t\t<div class=\"elementor-container elementor-column-gap-default\">\n\t\t\t\t\t<div class=\"elementor-column elementor-col-50 elementor-top-column elementor-element elementor-element-9d897b1\" data-id=\"9d897b1\" data-element_type=\"column\">\n\t\t\t<div class=\"elementor-widget-wrap elementor-element-populated\">\n\t\t\t\t\t\t<div class=\"elementor-element elementor-element-876df76 elementor-widget elementor-widget-image\" data-id=\"876df76\" data-element_type=\"widget\" data-widget_type=\"image.default\">\n\t\t\t\t<div class=\"elementor-widget-container\">\n\t\t\t\t\t\t\t\t\t\t\t\t\t<img fetchpriority=\"high\" decoding=\"async\" width=\"1024\" height=\"615\" src=\"https:\/\/www.ufsm.br\/app\/uploads\/sites\/695\/2022\/10\/saltimbancos-3-marista-1024x615.jpg\" class=\"attachment-large size-large wp-image-355\" alt=\"\" srcset=\"https:\/\/www.ufsm.br\/app\/uploads\/sites\/695\/2022\/10\/saltimbancos-3-marista-1024x615.jpg 1024w, https:\/\/www.ufsm.br\/app\/uploads\/sites\/695\/2022\/10\/saltimbancos-3-marista-300x180.jpg 300w, https:\/\/www.ufsm.br\/app\/uploads\/sites\/695\/2022\/10\/saltimbancos-3-marista-768x461.jpg 768w, https:\/\/www.ufsm.br\/app\/uploads\/sites\/695\/2022\/10\/saltimbancos-3-marista-1536x922.jpg 1536w, https:\/\/www.ufsm.br\/app\/uploads\/sites\/695\/2022\/10\/saltimbancos-3-marista.jpg 1920w\" sizes=\"(max-width: 1024px) 100vw, 1024px\" \/>\t\t\t\t\t\t\t\t\t\t\t\t\t<\/div>\n\t\t\t\t<\/div>\n\t\t\t\t\t<\/div>\n\t\t<\/div>\n\t\t\t\t<div class=\"elementor-column elementor-col-50 elementor-top-column elementor-element elementor-element-47d538b\" data-id=\"47d538b\" data-element_type=\"column\">\n\t\t\t<div class=\"elementor-widget-wrap elementor-element-populated\">\n\t\t\t\t\t\t<div class=\"elementor-element elementor-element-a882929 elementor-widget elementor-widget-image\" data-id=\"a882929\" data-element_type=\"widget\" data-widget_type=\"image.default\">\n\t\t\t\t<div class=\"elementor-widget-container\">\n\t\t\t\t\t\t\t\t\t\t\t\t\t<img loading=\"lazy\" decoding=\"async\" width=\"960\" height=\"720\" src=\"https:\/\/www.ufsm.br\/app\/uploads\/sites\/695\/2022\/10\/Apresentacao-CT-2.jpg\" class=\"attachment-large size-large wp-image-358\" alt=\"\" srcset=\"https:\/\/www.ufsm.br\/app\/uploads\/sites\/695\/2022\/10\/Apresentacao-CT-2.jpg 960w, https:\/\/www.ufsm.br\/app\/uploads\/sites\/695\/2022\/10\/Apresentacao-CT-2-300x225.jpg 300w, https:\/\/www.ufsm.br\/app\/uploads\/sites\/695\/2022\/10\/Apresentacao-CT-2-768x576.jpg 768w\" sizes=\"(max-width: 960px) 100vw, 960px\" \/>\t\t\t\t\t\t\t\t\t\t\t\t\t<\/div>\n\t\t\t\t<\/div>\n\t\t\t\t\t<\/div>\n\t\t<\/div>\n\t\t\t\t\t<\/div>\n\t\t<\/section>\n\t\t\t\t<\/div>\n\t\t","protected":false},"excerpt":{"rendered":"<p>Musical Os Saltimbancos Musical desenvolvido nos anos de 2014-2015, com integrantes dos cursos de gradua\u00e7\u00e3o e p\u00f3s-gradua\u00e7\u00e3o vinculados ao CE. A montagem foi realizada com a participa\u00e7\u00e3o de alunos do PPGE, coro infanto-juvenil da Escola Marista Santa Maria e ex-cantores do Col\u00e9gio Centen\u00e1rio. O projeto demarcou os 20 anos de uma montagem realizada na Escola [&hellip;]<\/p>\n","protected":false},"author":867,"featured_media":0,"parent":0,"menu_order":0,"comment_status":"closed","ping_status":"closed","template":"","meta":{"footnotes":""},"categories":[],"tags":[],"class_list":["post-272","page","type-page","status-publish","hentry"],"acf":[],"_links":{"self":[{"href":"https:\/\/www.ufsm.br\/laboratorios\/lem\/wp-json\/wp\/v2\/pages\/272","targetHints":{"allow":["GET"]}}],"collection":[{"href":"https:\/\/www.ufsm.br\/laboratorios\/lem\/wp-json\/wp\/v2\/pages"}],"about":[{"href":"https:\/\/www.ufsm.br\/laboratorios\/lem\/wp-json\/wp\/v2\/types\/page"}],"author":[{"embeddable":true,"href":"https:\/\/www.ufsm.br\/laboratorios\/lem\/wp-json\/wp\/v2\/users\/867"}],"replies":[{"embeddable":true,"href":"https:\/\/www.ufsm.br\/laboratorios\/lem\/wp-json\/wp\/v2\/comments?post=272"}],"version-history":[{"count":0,"href":"https:\/\/www.ufsm.br\/laboratorios\/lem\/wp-json\/wp\/v2\/pages\/272\/revisions"}],"wp:attachment":[{"href":"https:\/\/www.ufsm.br\/laboratorios\/lem\/wp-json\/wp\/v2\/media?parent=272"}],"wp:term":[{"taxonomy":"category","embeddable":true,"href":"https:\/\/www.ufsm.br\/laboratorios\/lem\/wp-json\/wp\/v2\/categories?post=272"},{"taxonomy":"post_tag","embeddable":true,"href":"https:\/\/www.ufsm.br\/laboratorios\/lem\/wp-json\/wp\/v2\/tags?post=272"}],"curies":[{"name":"wp","href":"https:\/\/api.w.org\/{rel}","templated":true}]}}