{"id":603,"date":"2025-04-13T00:00:04","date_gmt":"2025-04-13T03:00:04","guid":{"rendered":"https:\/\/www.ufsm.br\/laboratorios\/lem\/?page_id=603"},"modified":"2025-10-22T10:46:48","modified_gmt":"2025-10-22T13:46:48","slug":"quando-a-chuva-passar","status":"publish","type":"page","link":"https:\/\/www.ufsm.br\/laboratorios\/lem\/quando-a-chuva-passar","title":{"rendered":"Quando a Chuva Passar!"},"content":{"rendered":"\t\t<div data-elementor-type=\"wp-page\" data-elementor-id=\"603\" class=\"elementor elementor-603\">\n\t\t\t\t\t\t<section class=\"elementor-section elementor-top-section elementor-element elementor-element-ecc2293 elementor-section-boxed elementor-section-height-default elementor-section-height-default\" data-id=\"ecc2293\" data-element_type=\"section\">\n\t\t\t\t\t\t<div class=\"elementor-container elementor-column-gap-default\">\n\t\t\t\t\t<div class=\"elementor-column elementor-col-33 elementor-top-column elementor-element elementor-element-b70e129\" data-id=\"b70e129\" data-element_type=\"column\">\n\t\t\t<div class=\"elementor-widget-wrap elementor-element-populated\">\n\t\t\t\t\t\t<div class=\"elementor-element elementor-element-7bb9f60 elementor-widget elementor-widget-image\" data-id=\"7bb9f60\" data-element_type=\"widget\" data-widget_type=\"image.default\">\n\t\t\t\t<div class=\"elementor-widget-container\">\n\t\t\t\t\t\t\t\t\t\t\t\t\t<img fetchpriority=\"high\" decoding=\"async\" width=\"238\" height=\"300\" src=\"https:\/\/www.ufsm.br\/app\/uploads\/sites\/695\/2025\/04\/quando-a-chuva-passar-238x300.jpg\" class=\"attachment-medium size-medium wp-image-604\" alt=\"\" srcset=\"https:\/\/www.ufsm.br\/app\/uploads\/sites\/695\/2025\/04\/quando-a-chuva-passar-238x300.jpg 238w, https:\/\/www.ufsm.br\/app\/uploads\/sites\/695\/2025\/04\/quando-a-chuva-passar.jpg 441w\" sizes=\"(max-width: 238px) 100vw, 238px\" \/>\t\t\t\t\t\t\t\t\t\t\t\t\t<\/div>\n\t\t\t\t<\/div>\n\t\t\t\t\t<\/div>\n\t\t<\/div>\n\t\t\t\t<div class=\"elementor-column elementor-col-66 elementor-top-column elementor-element elementor-element-367e51a\" data-id=\"367e51a\" data-element_type=\"column\">\n\t\t\t<div class=\"elementor-widget-wrap elementor-element-populated\">\n\t\t\t\t\t\t<div class=\"elementor-element elementor-element-7bb156b elementor-widget elementor-widget-text-editor\" data-id=\"7bb156b\" data-element_type=\"widget\" data-widget_type=\"text-editor.default\">\n\t\t\t\t<div class=\"elementor-widget-container\">\n\t\t\t\t\t\t\t<p><strong><em>Quando a chuva passar! <\/em><\/strong><em>\u00e9 um conto sobre as sonoridades da natureza e suas rela\u00e7\u00f5es com o meio ambiente. Atrav\u00e9s da narrativa, podemos explorar e (re)criar diferentes paisagens sonoras e refletir sobre suas mudan\u00e7as e intensidades, propostas musicais que surgem do desejo de contribuir para o di\u00e1logo com crian\u00e7as pequenas que vivenciaram \u00e0s tempestades intensas e enchentes que atingiram o estado do Rio Grande do Sul em maio de 2024.<\/em><\/p>\t\t\t\t\t\t<\/div>\n\t\t\t\t<\/div>\n\t\t\t\t\t<\/div>\n\t\t<\/div>\n\t\t\t\t\t<\/div>\n\t\t<\/section>\n\t\t\t\t<section class=\"elementor-section elementor-top-section elementor-element elementor-element-31ec10f elementor-section-boxed elementor-section-height-default elementor-section-height-default\" data-id=\"31ec10f\" data-element_type=\"section\">\n\t\t\t\t\t\t<div class=\"elementor-container elementor-column-gap-default\">\n\t\t\t\t\t<div class=\"elementor-column elementor-col-100 elementor-top-column elementor-element elementor-element-629c603\" data-id=\"629c603\" data-element_type=\"column\">\n\t\t\t<div class=\"elementor-widget-wrap elementor-element-populated\">\n\t\t\t\t\t\t<div class=\"elementor-element elementor-element-fe3220e elementor-widget elementor-widget-heading\" data-id=\"fe3220e\" data-element_type=\"widget\" data-widget_type=\"heading.default\">\n\t\t\t\t<div class=\"elementor-widget-container\">\n\t\t\t<h3 class=\"elementor-heading-title elementor-size-default\"><i>Autora do Livro<\/i><\/h3>\t\t<\/div>\n\t\t\t\t<\/div>\n\t\t\t\t\t<\/div>\n\t\t<\/div>\n\t\t\t\t\t<\/div>\n\t\t<\/section>\n\t\t\t\t<section class=\"elementor-section elementor-top-section elementor-element elementor-element-a5612cf elementor-section-boxed elementor-section-height-default elementor-section-height-default\" data-id=\"a5612cf\" data-element_type=\"section\">\n\t\t\t\t\t\t<div class=\"elementor-container elementor-column-gap-default\">\n\t\t\t\t\t<div class=\"elementor-column elementor-col-33 elementor-top-column elementor-element elementor-element-83a3499\" data-id=\"83a3499\" data-element_type=\"column\">\n\t\t\t<div class=\"elementor-widget-wrap elementor-element-populated\">\n\t\t\t\t\t\t<div class=\"elementor-element elementor-element-5b42ae1 elementor-widget elementor-widget-image\" data-id=\"5b42ae1\" data-element_type=\"widget\" data-widget_type=\"image.default\">\n\t\t\t\t<div class=\"elementor-widget-container\">\n\t\t\t\t\t\t\t\t\t\t\t\t\t<img decoding=\"async\" width=\"382\" height=\"512\" src=\"https:\/\/www.ufsm.br\/app\/uploads\/sites\/695\/2025\/10\/DAFFNY-1.jpeg\" class=\"attachment-large size-large wp-image-648\" alt=\"\" srcset=\"https:\/\/www.ufsm.br\/app\/uploads\/sites\/695\/2025\/10\/DAFFNY-1.jpeg 382w, https:\/\/www.ufsm.br\/app\/uploads\/sites\/695\/2025\/10\/DAFFNY-1-224x300.jpeg 224w\" sizes=\"(max-width: 382px) 100vw, 382px\" \/>\t\t\t\t\t\t\t\t\t\t\t\t\t<\/div>\n\t\t\t\t<\/div>\n\t\t\t\t\t<\/div>\n\t\t<\/div>\n\t\t\t\t<div class=\"elementor-column elementor-col-66 elementor-top-column elementor-element elementor-element-67ba347\" data-id=\"67ba347\" data-element_type=\"column\">\n\t\t\t<div class=\"elementor-widget-wrap elementor-element-populated\">\n\t\t\t\t\t\t<div class=\"elementor-element elementor-element-3dd068f elementor-widget elementor-widget-text-editor\" data-id=\"3dd068f\" data-element_type=\"widget\" data-widget_type=\"text-editor.default\">\n\t\t\t\t<div class=\"elementor-widget-container\">\n\t\t\t\t\t\t\t<p><span style=\"color: #003366\"><strong>Daffny Cristina Molina Lemes<\/strong><\/span><\/p><p>Graduada em M\u00fasica &#8211; Licenciatura Plena (IPA, 2013); Especialista em Metodologia no Ensino de Artes e Educa\u00e7\u00e3o Infantil (UNINTER, 2016; 2017), e Mestre em Educa\u00e7\u00e3o (UFSM, 2020), com \u00eanfase em Educa\u00e7\u00e3o Musical. Foi docente do Curso de Licenciatura em M\u00fasica do Centro Universit\u00e1rio Metodista IPA (2021-2024). Atualmente \u00e9 doutoranda em Educa\u00e7\u00e3o (PPGE\/UFSM), vinculada ao grupo de pesquisa Forma\u00e7\u00e3o, A\u00e7\u00e3o e Pesquisa em Educa\u00e7\u00e3o Musical &#8211; FAPEM (CNPq), e ao projeto UFSM em REDE (MEC\/UFSM), contribuindo como professora conteudista no grupo CRIAMUS, com produ\u00e7\u00e3o de materiais did\u00e1ticos para Educa\u00e7\u00e3o Musical. Atua como professora de M\u00fasica e coordenadora pedag\u00f3gica na rede de ensino de Santa Maria\/RS.<\/p>\t\t\t\t\t\t<\/div>\n\t\t\t\t<\/div>\n\t\t\t\t\t<\/div>\n\t\t<\/div>\n\t\t\t\t\t<\/div>\n\t\t<\/section>\n\t\t\t\t<section class=\"elementor-section elementor-top-section elementor-element elementor-element-79c7b98 elementor-section-boxed elementor-section-height-default elementor-section-height-default\" data-id=\"79c7b98\" data-element_type=\"section\">\n\t\t\t\t\t\t<div class=\"elementor-container elementor-column-gap-default\">\n\t\t\t\t\t<div class=\"elementor-column elementor-col-100 elementor-top-column elementor-element elementor-element-4e70265\" data-id=\"4e70265\" data-element_type=\"column\">\n\t\t\t<div class=\"elementor-widget-wrap elementor-element-populated\">\n\t\t\t\t\t\t<div class=\"elementor-element elementor-element-a0e42b5 elementor-widget elementor-widget-heading\" data-id=\"a0e42b5\" data-element_type=\"widget\" data-widget_type=\"heading.default\">\n\t\t\t\t<div class=\"elementor-widget-container\">\n\t\t\t<h4 class=\"elementor-heading-title elementor-size-default\">Propostas Did\u00e1ticas - Sugest\u00f5es de uso do material<\/h4>\t\t<\/div>\n\t\t\t\t<\/div>\n\t\t\t\t\t<\/div>\n\t\t<\/div>\n\t\t\t\t\t<\/div>\n\t\t<\/section>\n\t\t\t\t<\/div>\n\t\t","protected":false},"excerpt":{"rendered":"<p>Quando a chuva passar! \u00e9 um conto sobre as sonoridades da natureza e suas rela\u00e7\u00f5es com o meio ambiente. Atrav\u00e9s da narrativa, podemos explorar e (re)criar diferentes paisagens sonoras e refletir sobre suas mudan\u00e7as e intensidades, propostas musicais que surgem do desejo de contribuir para o di\u00e1logo com crian\u00e7as pequenas que vivenciaram \u00e0s tempestades intensas [&hellip;]<\/p>\n","protected":false},"author":8186,"featured_media":0,"parent":0,"menu_order":0,"comment_status":"closed","ping_status":"closed","template":"","meta":{"footnotes":""},"categories":[],"tags":[],"class_list":["post-603","page","type-page","status-publish","hentry"],"acf":[],"_links":{"self":[{"href":"https:\/\/www.ufsm.br\/laboratorios\/lem\/wp-json\/wp\/v2\/pages\/603","targetHints":{"allow":["GET"]}}],"collection":[{"href":"https:\/\/www.ufsm.br\/laboratorios\/lem\/wp-json\/wp\/v2\/pages"}],"about":[{"href":"https:\/\/www.ufsm.br\/laboratorios\/lem\/wp-json\/wp\/v2\/types\/page"}],"author":[{"embeddable":true,"href":"https:\/\/www.ufsm.br\/laboratorios\/lem\/wp-json\/wp\/v2\/users\/8186"}],"replies":[{"embeddable":true,"href":"https:\/\/www.ufsm.br\/laboratorios\/lem\/wp-json\/wp\/v2\/comments?post=603"}],"version-history":[{"count":0,"href":"https:\/\/www.ufsm.br\/laboratorios\/lem\/wp-json\/wp\/v2\/pages\/603\/revisions"}],"wp:attachment":[{"href":"https:\/\/www.ufsm.br\/laboratorios\/lem\/wp-json\/wp\/v2\/media?parent=603"}],"wp:term":[{"taxonomy":"category","embeddable":true,"href":"https:\/\/www.ufsm.br\/laboratorios\/lem\/wp-json\/wp\/v2\/categories?post=603"},{"taxonomy":"post_tag","embeddable":true,"href":"https:\/\/www.ufsm.br\/laboratorios\/lem\/wp-json\/wp\/v2\/tags?post=603"}],"curies":[{"name":"wp","href":"https:\/\/api.w.org\/{rel}","templated":true}]}}