{"id":2,"date":"2019-05-14T15:59:30","date_gmt":"2019-05-14T18:59:30","guid":{"rendered":"https:\/\/www.ufsm.br\/laboratorios-larp\/?page_id=2"},"modified":"2025-07-11T08:11:01","modified_gmt":"2025-07-11T11:11:01","slug":"pagina-inicial","status":"publish","type":"page","link":"https:\/\/www.ufsm.br\/laboratorios\/lgsr\/","title":{"rendered":"P\u00e1gina inicial"},"content":{"rendered":"\t\t<div data-elementor-type=\"wp-post\" data-elementor-id=\"2\" class=\"elementor elementor-2\">\n\t\t\t\t\t\t<section class=\"elementor-section elementor-top-section elementor-element elementor-element-8e296c4 elementor-section-boxed elementor-section-height-default elementor-section-height-default\" data-id=\"8e296c4\" data-element_type=\"section\">\n\t\t\t\t\t\t<div class=\"elementor-container elementor-column-gap-default\">\n\t\t\t\t\t<div class=\"elementor-column elementor-col-50 elementor-top-column elementor-element elementor-element-7c1b024\" data-id=\"7c1b024\" data-element_type=\"column\">\n\t\t\t<div class=\"elementor-widget-wrap elementor-element-populated\">\n\t\t\t\t\t\t<div class=\"elementor-element elementor-element-8d9b83a elementor-widget elementor-widget-heading\" data-id=\"8d9b83a\" data-element_type=\"widget\" data-widget_type=\"heading.default\">\n\t\t\t\t<div class=\"elementor-widget-container\">\n\t\t\t<h5 class=\"elementor-heading-title elementor-size-default\">Apresenta\u00e7\u00e3o<\/h5>\t\t<\/div>\n\t\t\t\t<\/div>\n\t\t\t\t<div class=\"elementor-element elementor-element-c8da605 elementor-widget elementor-widget-text-editor\" data-id=\"c8da605\" data-element_type=\"widget\" data-widget_type=\"text-editor.default\">\n\t\t\t\t<div class=\"elementor-widget-container\">\n\t\t\t\t\t\t\t<p>O Laborat\u00f3rio de Geoprocessamento e Sensoriamento Remoto ( LGSR) visa promover o ensino, pesquisa e extens\u00e3o de assuntos relacionados a Sensoriamento Remoto, Geoprocessamento, Sistemas de Informa\u00e7\u00f5es Geogr\u00e1ficas, VANTs-Drones e An\u00e1lise Ambiental no norte\/noroeste do RS\/Brasil.\u00a0<\/p>\n<p>O LGSR\u00a0<span style=\"color: black;font-size: 1rem\">atende demandas dos cursos de gradua\u00e7\u00e3o (Engenharia Florestal, Agronomia e Engenharia Ambiental), p\u00f3s-gradua\u00e7\u00e3o (Programa de P\u00f3s-Gradua\u00e7\u00e3o em Agronomia: Agricultura e Ambiente \u2013 PPGAAA; Programa de P\u00f3s-Gradua\u00e7\u00e3o em Ci\u00eancia e Tecnologia e Ambiental\u2013 PPGCTA; e Programa de P\u00f3s-Gradua\u00e7\u00e3o em Geografia &#8211; PPGGEO) e de entidades p\u00fablicas e privadas. A finalidade \u00e9 fornecer solu\u00e7\u00f5es associadas a geotecnologias nas mais diversas \u00e1reas de aplica\u00e7\u00e3o.\u00a0<\/span><\/p>\t\t\t\t\t\t<\/div>\n\t\t\t\t<\/div>\n\t\t\t\t\t<\/div>\n\t\t<\/div>\n\t\t\t\t<div class=\"elementor-column elementor-col-50 elementor-top-column elementor-element elementor-element-d424216\" data-id=\"d424216\" data-element_type=\"column\">\n\t\t\t<div class=\"elementor-widget-wrap elementor-element-populated\">\n\t\t\t\t\t\t<div class=\"elementor-element elementor-element-203a095 elementor-widget__width-initial elementor-widget elementor-widget-wp-widget-ufsm_utilidades\" data-id=\"203a095\" data-element_type=\"widget\" data-widget_type=\"wp-widget-ufsm_utilidades.default\">\n\t\t\t\t<div class=\"elementor-widget-container\">\n\t\t\t\t\t<h5 class=\"card-title titulo-conteudos\">Utilidades<\/h5>\n\t\t\t\t\n\t\t<div class=\"row d-flex justify-content-around\">\n\t\t\t\t\t\t\t<div class=\"col-12 col-sm-6 col-md-2 mt-4 text-center\">\n\t\t\t\t\t\t\t\t\t\t\t<a href=\"https:\/\/www.ufsm.br\/laboratorios\/lgsr\/equipe\" class=\"item-utilidades d-block\">\n\t\t\t\t\t\t\t\t\t\t<i class=\"fa fa-group animation-pulse\" aria-hidden=\"true\"><\/i><b>Equipe<\/b><\/a>\n\t\t\t\t<\/div>\n\t\t\t\t\t\t\t<div class=\"col-12 col-sm-6 col-md-2 mt-4 text-center\">\n\t\t\t\t\t\t\t\t\t\t\t<a href=\"https:\/\/www.ufsm.br\/laboratorios\/lgsr\/producao-cientifica\" class=\"item-utilidades d-block\">\n\t\t\t\t\t\t\t\t\t\t<i class=\"fa fa-quote-right animation-pulse\" aria-hidden=\"true\"><\/i><b>Produ\u00e7\u00e3o Cient\u00edfica<\/b><\/a>\n\t\t\t\t<\/div>\n\t\t\t\t\t\t\t<div class=\"col-12 col-sm-6 col-md-2 mt-4 text-center\">\n\t\t\t\t\t\t\t\t\t\t\t<a href=\"https:\/\/www.ufsm.br\/laboratorios\/lgsr\/projetos\" class=\"item-utilidades d-block\">\n\t\t\t\t\t\t\t\t\t\t<i class=\"fa fa-thumb-tack animation-pulse\" aria-hidden=\"true\"><\/i><b>Projetos<\/b><\/a>\n\t\t\t\t<\/div>\n\t\t\t\t\t\t\t<div class=\"col-12 col-sm-6 col-md-2 mt-4 text-center\">\n\t\t\t\t\t\t\t\t\t\t\t<a href=\"https:\/\/www.ufsm.br\/laboratorios\/lgsr\/infraestrutura\" class=\"item-utilidades d-block\">\n\t\t\t\t\t\t\t\t\t\t<i class=\"fa fa-university animation-pulse\" aria-hidden=\"true\"><\/i><b>Infraestrutura<\/b><\/a>\n\t\t\t\t<\/div>\n\t\t\t\t\t<\/div>\n\t\t\t\t<\/div>\n\t\t\t\t<\/div>\n\t\t\t\t\t<\/div>\n\t\t<\/div>\n\t\t\t\t\t<\/div>\n\t\t<\/section>\n\t\t\t\t<section class=\"elementor-section elementor-top-section elementor-element elementor-element-adef083 elementor-section-boxed elementor-section-height-default elementor-section-height-default\" data-id=\"adef083\" data-element_type=\"section\">\n\t\t\t\t\t\t<div class=\"elementor-container elementor-column-gap-default\">\n\t\t\t\t\t<div class=\"elementor-column elementor-col-20 elementor-top-column elementor-element elementor-element-14707c0\" data-id=\"14707c0\" data-element_type=\"column\">\n\t\t\t<div class=\"elementor-widget-wrap elementor-element-populated\">\n\t\t\t\t\t\t<div class=\"elementor-element elementor-element-ef6bd1f elementor-widget elementor-widget-image\" data-id=\"ef6bd1f\" data-element_type=\"widget\" data-widget_type=\"image.default\">\n\t\t\t\t<div class=\"elementor-widget-container\">\n\t\t\t\t\t\t\t\t\t\t\t\t\t\t<a href=\"https:\/\/www.sciencedirect.com\/science\/article\/abs\/pii\/S0303243414002219\">\n\t\t\t\t\t\t\t<img fetchpriority=\"high\" decoding=\"async\" width=\"1024\" height=\"576\" src=\"https:\/\/www.ufsm.br\/app\/uploads\/sites\/664\/2021\/02\/Slide3-1024x576.jpg\" class=\"attachment-large size-large wp-image-151\" alt=\"\" srcset=\"https:\/\/www.ufsm.br\/app\/uploads\/sites\/664\/2021\/02\/Slide3-1024x576.jpg 1024w, https:\/\/www.ufsm.br\/app\/uploads\/sites\/664\/2021\/02\/Slide3-300x169.jpg 300w, https:\/\/www.ufsm.br\/app\/uploads\/sites\/664\/2021\/02\/Slide3-768x432.jpg 768w, https:\/\/www.ufsm.br\/app\/uploads\/sites\/664\/2021\/02\/Slide3.jpg 1280w\" sizes=\"(max-width: 1024px) 100vw, 1024px\" \/>\t\t\t\t\t\t\t\t<\/a>\n\t\t\t\t\t\t\t\t\t\t\t\t\t<\/div>\n\t\t\t\t<\/div>\n\t\t\t\t\t<\/div>\n\t\t<\/div>\n\t\t\t\t<div class=\"elementor-column elementor-col-20 elementor-top-column elementor-element elementor-element-2e6a7b2\" data-id=\"2e6a7b2\" data-element_type=\"column\">\n\t\t\t<div class=\"elementor-widget-wrap elementor-element-populated\">\n\t\t\t\t\t\t<div class=\"elementor-element elementor-element-f5ffda8 elementor-widget elementor-widget-image\" data-id=\"f5ffda8\" data-element_type=\"widget\" data-widget_type=\"image.default\">\n\t\t\t\t<div class=\"elementor-widget-container\">\n\t\t\t\t\t\t\t\t\t\t\t\t\t<img decoding=\"async\" width=\"1024\" height=\"576\" src=\"https:\/\/www.ufsm.br\/app\/uploads\/sites\/664\/2021\/02\/Slide4-1024x576.jpg\" class=\"attachment-large size-large wp-image-152\" alt=\"Voo de DRONE (VANT)\" srcset=\"https:\/\/www.ufsm.br\/app\/uploads\/sites\/664\/2021\/02\/Slide4-1024x576.jpg 1024w, https:\/\/www.ufsm.br\/app\/uploads\/sites\/664\/2021\/02\/Slide4-300x169.jpg 300w, https:\/\/www.ufsm.br\/app\/uploads\/sites\/664\/2021\/02\/Slide4-768x432.jpg 768w, https:\/\/www.ufsm.br\/app\/uploads\/sites\/664\/2021\/02\/Slide4.jpg 1280w\" sizes=\"(max-width: 1024px) 100vw, 1024px\" \/>\t\t\t\t\t\t\t\t\t\t\t\t\t<\/div>\n\t\t\t\t<\/div>\n\t\t\t\t\t<\/div>\n\t\t<\/div>\n\t\t\t\t<div class=\"elementor-column elementor-col-20 elementor-top-column elementor-element elementor-element-d0ef57d\" data-id=\"d0ef57d\" data-element_type=\"column\">\n\t\t\t<div class=\"elementor-widget-wrap elementor-element-populated\">\n\t\t\t\t\t\t<div class=\"elementor-element elementor-element-992964c elementor-widget elementor-widget-image\" data-id=\"992964c\" data-element_type=\"widget\" data-widget_type=\"image.default\">\n\t\t\t\t<div class=\"elementor-widget-container\">\n\t\t\t\t\t\t\t\t\t\t\t\t\t\t<a href=\"https:\/\/www.sciencedirect.com\/science\/article\/pii\/S0303243419309481\">\n\t\t\t\t\t\t\t<img decoding=\"async\" width=\"1024\" height=\"576\" src=\"https:\/\/www.ufsm.br\/app\/uploads\/sites\/664\/2021\/02\/Slide2-1024x576.jpg\" class=\"attachment-large size-large wp-image-150\" alt=\"\" srcset=\"https:\/\/www.ufsm.br\/app\/uploads\/sites\/664\/2021\/02\/Slide2-1024x576.jpg 1024w, https:\/\/www.ufsm.br\/app\/uploads\/sites\/664\/2021\/02\/Slide2-300x169.jpg 300w, https:\/\/www.ufsm.br\/app\/uploads\/sites\/664\/2021\/02\/Slide2-768x432.jpg 768w, https:\/\/www.ufsm.br\/app\/uploads\/sites\/664\/2021\/02\/Slide2.jpg 1280w\" sizes=\"(max-width: 1024px) 100vw, 1024px\" \/>\t\t\t\t\t\t\t\t<\/a>\n\t\t\t\t\t\t\t\t\t\t\t\t\t<\/div>\n\t\t\t\t<\/div>\n\t\t\t\t\t<\/div>\n\t\t<\/div>\n\t\t\t\t<div class=\"elementor-column elementor-col-20 elementor-top-column elementor-element elementor-element-c0eac47\" data-id=\"c0eac47\" data-element_type=\"column\">\n\t\t\t<div class=\"elementor-widget-wrap elementor-element-populated\">\n\t\t\t\t\t\t<div class=\"elementor-element elementor-element-8818c0a elementor-widget elementor-widget-image\" data-id=\"8818c0a\" data-element_type=\"widget\" data-widget_type=\"image.default\">\n\t\t\t\t<div class=\"elementor-widget-container\">\n\t\t\t\t\t\t\t\t\t\t\t\t\t\t<a href=\"https:\/\/www.youtube.com\/watch?v=qpzkl1o_LYo&#038;t=170s\">\n\t\t\t\t\t\t\t<img loading=\"lazy\" decoding=\"async\" width=\"1024\" height=\"576\" src=\"https:\/\/www.ufsm.br\/app\/uploads\/sites\/664\/2021\/01\/IMG-20210107-WA0022-1024x576.jpg\" class=\"attachment-large size-large wp-image-148\" alt=\"Palestra com Dr. Luiz H Pereira\" srcset=\"https:\/\/www.ufsm.br\/app\/uploads\/sites\/664\/2021\/01\/IMG-20210107-WA0022-1024x576.jpg 1024w, https:\/\/www.ufsm.br\/app\/uploads\/sites\/664\/2021\/01\/IMG-20210107-WA0022-300x169.jpg 300w, https:\/\/www.ufsm.br\/app\/uploads\/sites\/664\/2021\/01\/IMG-20210107-WA0022-768x432.jpg 768w, https:\/\/www.ufsm.br\/app\/uploads\/sites\/664\/2021\/01\/IMG-20210107-WA0022.jpg 1280w\" sizes=\"(max-width: 1024px) 100vw, 1024px\" \/>\t\t\t\t\t\t\t\t<\/a>\n\t\t\t\t\t\t\t\t\t\t\t\t\t<\/div>\n\t\t\t\t<\/div>\n\t\t\t\t\t<\/div>\n\t\t<\/div>\n\t\t\t\t<div class=\"elementor-column elementor-col-20 elementor-top-column elementor-element elementor-element-e005bfe\" data-id=\"e005bfe\" data-element_type=\"column\">\n\t\t\t<div class=\"elementor-widget-wrap elementor-element-populated\">\n\t\t\t\t\t\t<div class=\"elementor-element elementor-element-9c4316f elementor-widget elementor-widget-image\" data-id=\"9c4316f\" data-element_type=\"widget\" data-widget_type=\"image.default\">\n\t\t\t\t<div class=\"elementor-widget-container\">\n\t\t\t\t\t\t\t\t\t\t\t\t\t<img loading=\"lazy\" decoding=\"async\" width=\"150\" height=\"150\" src=\"https:\/\/www.ufsm.br\/app\/uploads\/sites\/664\/2019\/08\/logolgsr-150x150.png\" class=\"attachment-thumbnail size-thumbnail wp-image-48\" alt=\"\" \/>\t\t\t\t\t\t\t\t\t\t\t\t\t<\/div>\n\t\t\t\t<\/div>\n\t\t\t\t\t<\/div>\n\t\t<\/div>\n\t\t\t\t\t<\/div>\n\t\t<\/section>\n\t\t\t\t<section class=\"elementor-section elementor-top-section elementor-element elementor-element-31fda3f1 elementor-section-boxed elementor-section-height-default elementor-section-height-default\" data-id=\"31fda3f1\" data-element_type=\"section\">\n\t\t\t\t\t\t<div class=\"elementor-container elementor-column-gap-default\">\n\t\t\t\t\t<div class=\"elementor-column elementor-col-100 elementor-top-column elementor-element elementor-element-86b3aa0\" data-id=\"86b3aa0\" data-element_type=\"column\">\n\t\t\t<div class=\"elementor-widget-wrap\">\n\t\t\t\t\t\t\t<\/div>\n\t\t<\/div>\n\t\t\t\t\t<\/div>\n\t\t<\/section>\n\t\t\t\t<section class=\"elementor-section elementor-top-section elementor-element elementor-element-7416eee elementor-section-boxed elementor-section-height-default elementor-section-height-default\" data-id=\"7416eee\" data-element_type=\"section\">\n\t\t\t\t\t\t<div class=\"elementor-container elementor-column-gap-default\">\n\t\t\t\t\t\t<\/div>\n\t\t<\/section>\n\t\t\t\t<section class=\"elementor-section elementor-top-section elementor-element elementor-element-399195b elementor-section-boxed elementor-section-height-default elementor-section-height-default\" data-id=\"399195b\" data-element_type=\"section\">\n\t\t\t\t\t\t<div class=\"elementor-container elementor-column-gap-default\">\n\t\t\t\t\t<div class=\"elementor-column elementor-col-100 elementor-top-column elementor-element elementor-element-8759219\" data-id=\"8759219\" data-element_type=\"column\">\n\t\t\t<div class=\"elementor-widget-wrap elementor-element-populated\">\n\t\t\t\t\t\t<div class=\"elementor-element elementor-element-b327021 elementor-widget elementor-widget-wp-widget-ufsm_noticias_widget\" data-id=\"b327021\" data-element_type=\"widget\" data-widget_type=\"wp-widget-ufsm_noticias_widget.default\">\n\t\t\t\t<div class=\"elementor-widget-container\">\n\t\t\t<h5 class='titulo-conteudos'>Not\u00edcias<\/h5><div class='widget-noticias-inside'>\n                        <div class=\"row\">\n                                    <div class=\"col-12 col-lg-12 pb-4\">\n                                        \n                                        \n                    \n                    <a class=\"noticias-widget-title d-block \"  title=\"UFSM\/FW promoveu debate com Sindicato dos Jornalistas sobre a regulamenta\u00e7\u00e3o da pr\u00e1tica profissional\" href=\"https:\/\/www.ufsm.br\/unidades-universitarias\/frederico-westphalen\/2026\/04\/23\/ufsm-fw-promoveu-debate-com-sindicato-dos-jornalistas-sobre-a-regulamentacao-da-pratica-profissional\">\n                                                UFSM\/FW promoveu debate com Sindicato dos Jornalistas sobre a regulamenta\u00e7\u00e3o da pr\u00e1tica profissional                    <\/a>\n                    \n                                            <div class=\"noticias-widget-introtext\">\n                            O encontro contou com a presen\u00e7a de Mateus Azevedo, representante do SindJoRS, que discutiu a precariza\u00e7\u00e3o da profiss\u00e3o                        <\/div>\n                    \n                                        \n                                        \n                                            \n                                                    <div title=\"Publicado em 23\/04\/2026 \" class=\"data-publicacao-widget\">\n                                <i  class=\"far fa-clock\"><\/i>\n                                23\/04\/2026                             <\/div>\n                                                                <\/div>\n                            <\/div>\n                    <div class=\"row\">\n                                    <div class=\"col-12 col-lg-12 pb-4\">\n                                        \n                                        \n                    \n                    <a class=\"noticias-widget-title d-block \"  title=\"Estudantes de Sistemas de Informa\u00e7\u00e3o da UFSM\/FW criam site para a ONG Bicho do Mato\" href=\"https:\/\/www.ufsm.br\/unidades-universitarias\/frederico-westphalen\/2026\/04\/16\/estudantes-de-sistemas-de-informacao-da-ufsm-fw-criam-site-para-a-ong-bicho-do-mato\">\n                                                Estudantes de Sistemas de Informa\u00e7\u00e3o da UFSM\/FW criam site para a ONG Bicho do Mato                    <\/a>\n                    \n                                            <div class=\"noticias-widget-introtext\">\n                            A entidade \u00e9 voltada ao acolhimento de animais em situa\u00e7\u00e3o de abandono, maus-tratos e vulnerabilidade                        <\/div>\n                    \n                                        \n                                        \n                                            \n                                                    <div title=\"Publicado em 16\/04\/2026 \" class=\"data-publicacao-widget\">\n                                <i  class=\"far fa-clock\"><\/i>\n                                16\/04\/2026                             <\/div>\n                                                                <\/div>\n                            <\/div>\n                    <div class=\"row\">\n                                    <div class=\"col-12 col-lg-12 pb-4\">\n                                        \n                                        \n                    \n                    <a class=\"noticias-widget-title d-block \"  title=\"Pela primeira vez em Frederico Westphalen, Pint of Science aproxima sociedade da produ\u00e7\u00e3o cient\u00edfica\" href=\"https:\/\/www.ufsm.br\/unidades-universitarias\/frederico-westphalen\/2026\/04\/16\/pela-primeira-vez-em-frederico-westphalen-pint-of-science-aproxima-sociedade-da-producao-cientifica\">\n                                                Pela primeira vez em Frederico Westphalen, Pint of Science aproxima sociedade da produ\u00e7\u00e3o cient\u00edfica                    <\/a>\n                    \n                                            <div class=\"noticias-widget-introtext\">\n                            Festival internacional re\u00fane pesquisadores em bares, caf\u00e9s e restaurantes para discutir ci\u00eancia de forma acess\u00edvel                        <\/div>\n                    \n                                        \n                                        \n                                            \n                                                    <div title=\"Publicado em 16\/04\/2026 \" class=\"data-publicacao-widget\">\n                                <i  class=\"far fa-clock\"><\/i>\n                                16\/04\/2026                             <\/div>\n                                                                <\/div>\n                            <\/div>\n                    <div class=\"row\">\n                                    <div class=\"col-12 col-lg-12 pb-4\">\n                                        \n                                        \n                    \n                    <a class=\"noticias-widget-title d-block \"  title=\"UFSM\/FW fortalece presen\u00e7a regional com a\u00e7\u00f5es integradas na Feira de Neg\u00f3cios e da Agricultura Familiar em Erval Seco\" href=\"https:\/\/www.ufsm.br\/unidades-universitarias\/frederico-westphalen\/2026\/04\/10\/ufsm-fw-fortalece-presenca-regional-com-acoes-integradas-na-feira-de-negocios-e-da-agricultura-familiar-em-erval-seco\">\n                                                UFSM\/FW fortalece presen\u00e7a regional com a\u00e7\u00f5es integradas na Feira de Neg\u00f3cios e da Agricultura Familiar em Erval Seco                    <\/a>\n                    \n                                            <div class=\"noticias-widget-introtext\">\n                            Campus atua com o Curso de Engenharia Ambiental e Sanit\u00e1ria, R\u00e1dio Feira e Projeto Comunicare, promovendo conhecimento, comunica\u00e7\u00e3o e intera\u00e7\u00e3o com a comunidadeO Campus da Universidade Federal de Santa Maria em Frederico Westphalen (UFSM\/FW) participa da Feira de Neg\u00f3cios e&hellip;                        <\/div>\n                    \n                                        \n                                        \n                                            \n                                                    <div title=\"Publicado em 10\/04\/2026 \" class=\"data-publicacao-widget\">\n                                <i  class=\"far fa-clock\"><\/i>\n                                10\/04\/2026                             <\/div>\n                                                                <\/div>\n                            <\/div>\n                    <div class=\"row\">\n                                    <div class=\"col-12 col-lg-12 pb-4\">\n                                        \n                                        \n                    \n                    <a class=\"noticias-widget-title d-block \"  title=\"UFSM abre concurso p\u00fablico docente com vagas para o Campus de Frederico Westphalen\" href=\"https:\/\/www.ufsm.br\/unidades-universitarias\/frederico-westphalen\/2026\/04\/06\/ufsm-abre-concurso-publico-com-vagas-para-o-campus-de-frederico-westphalen\">\n                                                UFSM abre concurso p\u00fablico docente com vagas para o Campus de Frederico Westphalen                    <\/a>\n                    \n                                            <div class=\"noticias-widget-introtext\">\n                            Inscri\u00e7\u00f5es seguem at\u00e9 5 de maio e contemplam vagas nas \u00e1reas de Direito e Lingu\u00edstica, com atua\u00e7\u00e3o em dedica\u00e7\u00e3o exclusivaA Universidade Federal de Santa Maria (UFSM) est\u00e1 com inscri\u00e7\u00f5es abertas para concurso p\u00fablico destinado ao provimento de cargos da carreira&hellip;                        <\/div>\n                    \n                                        \n                                        \n                                            \n                                                    <div title=\"Publicado em 06\/04\/2026 \" class=\"data-publicacao-widget\">\n                                <i  class=\"far fa-clock\"><\/i>\n                                06\/04\/2026                             <\/div>\n                                                                <\/div>\n                            <\/div>\n            <\/div>\n<div class=\"leia-mais p-1\">\n                <a href=\"https:\/\/www.ufsm.br\/laboratorios\/lgsr\/busca\/?q=&area=post&orderby=date&sites%5B%5D=377&sites%5B%5D=664\">\n            LEIA MAIS            <span class=\"icon-box\">\n                <span class=\"bg-ufsm-widget-icon\">\n                    <i class=\"fas fa-chevron-right\" aria-hidden=\"true\"><\/i>\n                <\/span>\n            <\/span>\n        <\/a>\n    <\/div>\n\t\t<\/div>\n\t\t\t\t<\/div>\n\t\t\t\t\t<\/div>\n\t\t<\/div>\n\t\t\t\t\t<\/div>\n\t\t<\/section>\n\t\t\t\t<\/div>\n\t\t","protected":false},"excerpt":{"rendered":"<p>Apresenta\u00e7\u00e3o O Laborat\u00f3rio de Geoprocessamento e Sensoriamento Remoto ( LGSR) visa promover o ensino, pesquisa e extens\u00e3o de assuntos relacionados a Sensoriamento Remoto, Geoprocessamento, Sistemas de Informa\u00e7\u00f5es Geogr\u00e1ficas, VANTs-Drones e An\u00e1lise Ambiental no norte\/noroeste do RS\/Brasil.\u00a0 O LGSR\u00a0atende demandas dos cursos de gradua\u00e7\u00e3o (Engenharia Florestal, Agronomia e Engenharia Ambiental), p\u00f3s-gradua\u00e7\u00e3o (Programa de P\u00f3s-Gradua\u00e7\u00e3o em Agronomia: [&hellip;]<\/p>\n","protected":false},"author":26,"featured_media":0,"parent":0,"menu_order":0,"comment_status":"closed","ping_status":"open","template":"","meta":{"footnotes":""},"categories":[],"tags":[],"class_list":["post-2","page","type-page","status-publish","hentry"],"acf":[],"_links":{"self":[{"href":"https:\/\/www.ufsm.br\/laboratorios\/lgsr\/wp-json\/wp\/v2\/pages\/2","targetHints":{"allow":["GET"]}}],"collection":[{"href":"https:\/\/www.ufsm.br\/laboratorios\/lgsr\/wp-json\/wp\/v2\/pages"}],"about":[{"href":"https:\/\/www.ufsm.br\/laboratorios\/lgsr\/wp-json\/wp\/v2\/types\/page"}],"author":[{"embeddable":true,"href":"https:\/\/www.ufsm.br\/laboratorios\/lgsr\/wp-json\/wp\/v2\/users\/26"}],"replies":[{"embeddable":true,"href":"https:\/\/www.ufsm.br\/laboratorios\/lgsr\/wp-json\/wp\/v2\/comments?post=2"}],"version-history":[{"count":0,"href":"https:\/\/www.ufsm.br\/laboratorios\/lgsr\/wp-json\/wp\/v2\/pages\/2\/revisions"}],"wp:attachment":[{"href":"https:\/\/www.ufsm.br\/laboratorios\/lgsr\/wp-json\/wp\/v2\/media?parent=2"}],"wp:term":[{"taxonomy":"category","embeddable":true,"href":"https:\/\/www.ufsm.br\/laboratorios\/lgsr\/wp-json\/wp\/v2\/categories?post=2"},{"taxonomy":"post_tag","embeddable":true,"href":"https:\/\/www.ufsm.br\/laboratorios\/lgsr\/wp-json\/wp\/v2\/tags?post=2"}],"curies":[{"name":"wp","href":"https:\/\/api.w.org\/{rel}","templated":true}]}}