{"id":23,"date":"2019-05-14T17:02:03","date_gmt":"2019-05-14T20:02:03","guid":{"rendered":"https:\/\/www.ufsm.br\/template-laboratprio\/?page_id=23"},"modified":"2025-07-11T08:13:52","modified_gmt":"2025-07-11T11:13:52","slug":"equipe","status":"publish","type":"page","link":"https:\/\/www.ufsm.br\/laboratorios\/lgsr\/equipe","title":{"rendered":"Equipe do LGSR &#8211; UFSM &#8211; Campus de Frederico Westphalen"},"content":{"rendered":"\t\t<div data-elementor-type=\"wp-page\" data-elementor-id=\"23\" class=\"elementor elementor-23\">\n\t\t\t\t\t\t<section class=\"elementor-section elementor-top-section elementor-element elementor-element-5210c4c7 elementor-section-boxed elementor-section-height-default elementor-section-height-default\" data-id=\"5210c4c7\" data-element_type=\"section\">\n\t\t\t\t\t\t<div class=\"elementor-container elementor-column-gap-default\">\n\t\t\t\t\t<div class=\"elementor-column elementor-col-100 elementor-top-column elementor-element elementor-element-1d0db17f\" data-id=\"1d0db17f\" data-element_type=\"column\">\n\t\t\t<div class=\"elementor-widget-wrap elementor-element-populated\">\n\t\t\t\t\t\t<div class=\"elementor-element elementor-element-9ea4a60 elementor-widget__width-initial elementor-widget elementor-widget-text-editor\" data-id=\"9ea4a60\" data-element_type=\"widget\" data-widget_type=\"text-editor.default\">\n\t\t\t\t<div class=\"elementor-widget-container\">\n\t\t\t\t\t\t\t<p><span style=\"background-color: #ccffcc\"><strong>Professores \/ Pesquisadores UFSM<\/strong><\/span><\/p>\n<p>Dr. Emanuel Ara\u00fajo Silva<\/p>\n<p><span style=\"color: #000000;font-size: 1rem\">Doutorado em Engenharia Florestal &#8211; UFSM<\/span><\/p>\n<p><a style=\"color: #204c90;font-size: 16px\" href=\"http:\/\/lattes.cnpq.br\/2765651276275384\" target=\"_blank\" rel=\"noopener noreferrer\">\u2022 Curr\u00edculo Lattes\u00a0<\/a><\/p>\n<p>Dr. Renato Beppler Spohr\u00a0<br \/>Doutorado Engenharia Agr\u00edcola &#8211; UFSM<br \/><a href=\"http:\/\/lattes.cnpq.br\/6040497970743998\" target=\"_blank\" rel=\"noopener noreferrer\">\u2022 Curr\u00edculo Lattes\u00a0<\/a><\/p>\n<p>Dr. Rafaelo Balbinot<br \/>Doutorado em Ci\u00eancias Florestais &#8211; UFPR<br \/><a href=\"http:\/\/lattes.cnpq.br\/7862635734299980\" target=\"_blank\" rel=\"noopener noreferrer\">\u2022 Curr\u00edculo Lattes<\/a>\u00a0<\/p>\n<p>Dr. Sandro Luciano Barreto Fensterseifer<br \/>Doutorado em Engenharia Florestal &#8211; UFSM<br \/><a href=\"http:\/\/lattes.cnpq.br\/3540356166373835\" target=\"_blank\" rel=\"noopener noreferrer\">\u2022 Curr\u00edculo Lattes<\/a>\u00a0<\/p>\n<p><!-- \/wp:tadv\/classic-paragraph --><\/p>\n<p><!-- wp:tadv\/classic-paragraph --><\/p>\n<p><span style=\"background-color: #ccffff\"><strong>Estudantes de P\u00f3s-Gradua\u00e7\u00e3o (Mestrado e Doutorado)\u00a0<\/strong><\/span><\/p>\n<p>Daniele Arnt Erthal\u00a0<a href=\"http:\/\/lattes.cnpq.br\/8342322455260570\" target=\"_blank\" rel=\"noopener noreferrer\">\u2022 Curr\u00edculo Lattes<\/a><\/p>\n<p>William Gaida\u00a0<a href=\"http:\/\/lattes.cnpq.br\/0567619394884631\" target=\"_blank\" rel=\"noopener noreferrer\">\u2022 Curr\u00edculo Lattes<\/a><\/p>\n<p>M\u00e1rcio Andr\u00e9 Pacheco Midon <a href=\"http:\/\/lattes.cnpq.br\/8611658029619527\" target=\"_blank\" rel=\"noopener\">\u2022 Curr\u00edculo Lattes<\/a><\/p>\n<p>Daniel Gomes Fernandes <a href=\"http:\/\/lattes.cnpq.br\/6981796378162362\" target=\"_blank\" rel=\"noopener noreferrer\">\u2022 Curr\u00edculo Lattes<\/a><\/p>\n<p>Janderlei Velasque Dal Osto <a href=\"http:\/\/lattes.cnpq.br\/6935696887785766\" target=\"_blank\" rel=\"noopener noreferrer\">\u2022 Curr\u00edculo Lattes<\/a><\/p>\n<p>Renato Souza Santos <a href=\"http:\/\/lattes.cnpq.br\/2572476324046158\" target=\"_blank\" rel=\"noopener noreferrer\">\u2022 Curr\u00edculo Lattes<\/a><\/p>\n<p>Paulo Roberto Alves Batista\u00a0<a href=\"http:\/\/lattes.cnpq.br\/4460284476934519\" target=\"_blank\" rel=\"noopener noreferrer\">\u2022 Curr\u00edculo Lattes<\/a><\/p>\n<p>Fabiano Andr\u00e9 Marion <a href=\"http:\/\/lattes.cnpq.br\/2572476324046158\" target=\"_blank\" rel=\"noopener noreferrer\">\u2022 Curr\u00edculo Lattes<\/a><\/p>\n<p>Isadora Haddad Ruiz <a href=\"http:\/\/lattes.cnpq.br\/6377658313387373\" target=\"_blank\" rel=\"noopener noreferrer\">\u2022 Curr\u00edculo Lattes<\/a><\/p>\n<p>Gabriela Zoli Sim\u00f5es <a href=\"http:\/\/lattes.cnpq.br\/0172299014491522\" target=\"_blank\" rel=\"noopener noreferrer\">\u2022 Curr\u00edculo Lattes<\/a><\/p>\n<p>Fl\u00e1vio henrique Campos\u00a0<a href=\"http:\/\/lattes.cnpq.br\/2932758662918150\" target=\"_blank\" rel=\"noopener noreferrer\">\u2022 Curr\u00edculo Lattes<\/a><\/p>\n<p>Elaine de Cacia de Lima Frick <a href=\"http:\/\/lattes.cnpq.br\/9400078367890458\" target=\"_blank\" rel=\"noopener noreferrer\">\u2022 Curr\u00edculo Lattes<\/a><\/p>\n<p><span style=\"font-size: 16px\">Eduardo Rieder \u2022\u00a0<\/span><a style=\"font-size: 1rem;background-color: #ffffff\" href=\"http:\/\/lattes.cnpq.br\/2009129191600723\" target=\"_blank\" rel=\"noopener\">Curr\u00edculo Lattes<\/a><\/p>\n<p>Andressa Kossmann Ferla<span style=\"font-size: 16px;color: #000000\">\u00a0\u2022<a href=\"http:\/\/lattes.cnpq.br\/8691585670451526\">\u00a0<\/a><\/span><span style=\"background-color: #ffffff\"><a href=\"http:\/\/lattes.cnpq.br\/8691585670451526\">Curr\u00edculo Lattes<\/a><\/span><\/p>\n<p><!-- \/wp:tadv\/classic-paragraph --><\/p>\n<p><!-- wp:tadv\/classic-paragraph --><\/p>\n<p><span style=\"background-color: #ffff99\"><strong>Estudantes de Gradua\u00e7\u00e3o<\/strong><\/span><\/p>\n<p>Geovane Sestari <a href=\"http:\/\/lattes.cnpq.br\/6310811791788031\" target=\"_blank\" rel=\"noopener noreferrer\">\u2022 Curr\u00edculo Lattes\u00a0<\/a><\/p>\n<p><span style=\"color: black;font-size: 1rem\">Vinicius Richter <\/span><a style=\"font-size: 1rem\" href=\"http:\/\/lattes.cnpq.br\/2704794004623244\" target=\"_blank\" rel=\"noopener\">\u2022 Curr\u00edculo Lattes<\/a><\/p>\n<p><span style=\", serif;font-size: 12pt\">Kethony Souza Costa<\/span><span style=\"font-size: 16px\">\u00a0<\/span><span style=\"font-size: 1rem\"><a href=\"http:\/\/lattes.cnpq.br\/7959082109237002\">\u2022 Curr\u00edculo Lattes<\/a><\/span><\/p>\n<p><span style=\"font-size: 16px\">\u00a0<\/span><span style=\", serif;font-size: 12pt\">Gabriele da Silva Alves\u00a0<\/span><span style=\"font-size: 16px\">\u2022<a href=\"http:\/\/lattes.cnpq.br\/0762593199983313\">\u00a0<\/a><\/span><span style=\"font-size: 1rem\"><a href=\"http:\/\/lattes.cnpq.br\/0762593199983313\">Curr\u00edculo Lattes<\/a><\/span><\/p>\n<p><span style=\"font-size: 16px\">\u00a0<\/span><span style=\", serif;font-size: 12pt\">Danieli Becker\u00a0<\/span><span style=\"font-size: 16px\">\u2022 <a href=\"http:\/\/lattes.cnpq.br\/4355926224259497\">Curr\u00edculo Lattes<\/a><\/span><\/p>\n<p><span style=\"color: black;font-size: 1rem\">Entre outros \u2022 Curr\u00edculo Lattes<\/span><\/p>\n<p><!-- \/wp:tadv\/classic-paragraph --><\/p>\n<p><!-- wp:tadv\/classic-paragraph --><\/p>\n<p><span style=\"background-color: #ffcc99\"><strong>Professores \/ Pesquisadores colaboradores de outras institui\u00e7\u00f5es\u00a0<\/strong><\/span><\/p>\n<p><span style=\"color: #000000;font-size: 16px\">Dr. F\u00e1bio Marcelo Breunig\u00a0<\/span><br style=\"color: #000000;font-size: 16px\" \/><span style=\"color: #000000;font-size: 16px\">Doutorado em Sensoriamento Remoto &#8211; INPE<\/span><br style=\"color: #000000;font-size: 16px\" \/><a style=\"color: #204c90;font-size: 16px\" href=\"http:\/\/lattes.cnpq.br\/5926113161758766\" target=\"_blank\" rel=\"noopener noreferrer\">\u2022 Curr\u00edculo Lattes<\/a><span style=\"color: #000000;font-size: 16px\">\u00a0<\/span><\/p>\n<p>Vandoir Bourscheidt <a href=\"http:\/\/lattes.cnpq.br\/8224261649535795\">\u2022 Curr\u00edculo Lattes\u00a0<\/a><\/p>\n<p>Fl\u00e1vio Wachholz \u2022 <a href=\"http:\/\/lattes.cnpq.br\/0650631024838097\" target=\"_blank\" rel=\"noopener noreferrer\">Curr\u00edculo Lattes<\/a><\/p>\n<p>Waterloo Pereira Filho \u2022 <a href=\"http:\/\/lattes.cnpq.br\/0357112879415627\" target=\"_blank\" rel=\"noopener noreferrer\">Curr\u00edculo Lattes<\/a><\/p>\n<p>L\u00eanio Soares Galv\u00e3o \u2022 <a href=\"http:\/\/lattes.cnpq.br\/5507769922001047\" target=\"_blank\" rel=\"noopener noreferrer\">Curr\u00edculo Lattes<\/a><\/p>\n<p>Veraldo Liesenberg \u2022 <a href=\"http:\/\/lattes.cnpq.br\/4053193040378793\" target=\"_blank\" rel=\"noopener noreferrer\">Curr\u00edculo Lattes<\/a><\/p>\n<p>Gabriel Pereira \u2022 <a href=\"http:\/\/lattes.cnpq.br\/1682210041460939\" target=\"_blank\" rel=\"noopener noreferrer\">Curr\u00edculo Lattes<\/a><\/p>\n<p>Francielle da Silva Cardozo \u2022 <a href=\"http:\/\/lattes.cnpq.br\/3424967077020409\" target=\"_blank\" rel=\"noopener noreferrer\">Curr\u00edculo Lattes<\/a><\/p>\n<p>Tony Vinicius Moreira Sampaio \u2022 <a href=\"http:\/\/lattes.cnpq.br\/3011361852627614\" target=\"_blank\" rel=\"noopener noreferrer\">Curr\u00edculo Lattes<\/a><\/p>\n<p>Rom\u00e1rio Trentin \u2022 <a href=\"http:\/\/lattes.cnpq.br\/2287005710639329\" target=\"_blank\" rel=\"noopener noreferrer\">Curr\u00edculo Lattes<\/a><\/p>\n<p>Hermann Johann Heinrich Kux \u2022 <a href=\"http:\/\/lattes.cnpq.br\/3233696672067020\" target=\"_blank\" rel=\"noopener noreferrer\">Curr\u00edculo Lattes<\/a><\/p>\n<p>\u00a0<\/p>\n<p>Dr. Felipe Turchetto (<em>in memoriam<\/em>)<br \/>Doutorado em Engenharia Florestal &#8211; UFSM<br \/><a href=\"http:\/\/lattes.cnpq.br\/1845173637738607\" target=\"_blank\" rel=\"noopener noreferrer\">\u2022 Curr\u00edculo Lattes<\/a>\u00a0<\/p>\n<p><!-- \/wp:tadv\/classic-paragraph --><\/p>\t\t\t\t\t\t<\/div>\n\t\t\t\t<\/div>\n\t\t\t\t\t<\/div>\n\t\t<\/div>\n\t\t\t\t\t<\/div>\n\t\t<\/section>\n\t\t\t\t<\/div>\n\t\t","protected":false},"excerpt":{"rendered":"<p>Professores \/ Pesquisadores UFSM Dr. Emanuel Ara\u00fajo Silva Doutorado em Engenharia Florestal &#8211; UFSM \u2022 Curr\u00edculo Lattes\u00a0 Dr. Renato Beppler Spohr\u00a0Doutorado Engenharia Agr\u00edcola &#8211; UFSM\u2022 Curr\u00edculo Lattes\u00a0 Dr. Rafaelo BalbinotDoutorado em Ci\u00eancias Florestais &#8211; UFPR\u2022 Curr\u00edculo Lattes\u00a0 Dr. Sandro Luciano Barreto FensterseiferDoutorado em Engenharia Florestal &#8211; UFSM\u2022 Curr\u00edculo Lattes\u00a0 Estudantes de P\u00f3s-Gradua\u00e7\u00e3o (Mestrado e Doutorado)\u00a0 [&hellip;]<\/p>\n","protected":false},"author":124,"featured_media":0,"parent":0,"menu_order":0,"comment_status":"closed","ping_status":"closed","template":"","meta":{"footnotes":""},"categories":[],"tags":[],"class_list":["post-23","page","type-page","status-publish","hentry"],"acf":[],"_links":{"self":[{"href":"https:\/\/www.ufsm.br\/laboratorios\/lgsr\/wp-json\/wp\/v2\/pages\/23","targetHints":{"allow":["GET"]}}],"collection":[{"href":"https:\/\/www.ufsm.br\/laboratorios\/lgsr\/wp-json\/wp\/v2\/pages"}],"about":[{"href":"https:\/\/www.ufsm.br\/laboratorios\/lgsr\/wp-json\/wp\/v2\/types\/page"}],"author":[{"embeddable":true,"href":"https:\/\/www.ufsm.br\/laboratorios\/lgsr\/wp-json\/wp\/v2\/users\/124"}],"replies":[{"embeddable":true,"href":"https:\/\/www.ufsm.br\/laboratorios\/lgsr\/wp-json\/wp\/v2\/comments?post=23"}],"version-history":[{"count":0,"href":"https:\/\/www.ufsm.br\/laboratorios\/lgsr\/wp-json\/wp\/v2\/pages\/23\/revisions"}],"wp:attachment":[{"href":"https:\/\/www.ufsm.br\/laboratorios\/lgsr\/wp-json\/wp\/v2\/media?parent=23"}],"wp:term":[{"taxonomy":"category","embeddable":true,"href":"https:\/\/www.ufsm.br\/laboratorios\/lgsr\/wp-json\/wp\/v2\/categories?post=23"},{"taxonomy":"post_tag","embeddable":true,"href":"https:\/\/www.ufsm.br\/laboratorios\/lgsr\/wp-json\/wp\/v2\/tags?post=23"}],"curies":[{"name":"wp","href":"https:\/\/api.w.org\/{rel}","templated":true}]}}