{"id":111,"date":"2025-05-21T22:06:04","date_gmt":"2025-05-22T01:06:04","guid":{"rendered":"https:\/\/www.ufsm.br\/laboratorios\/milpa\/?post_type=eventos&#038;p=111"},"modified":"2025-10-23T22:55:35","modified_gmt":"2025-10-24T01:55:35","slug":"https-ufsm-br-eventos-escrituraspossiveis","status":"publish","type":"eventos","link":"https:\/\/www.ufsm.br\/laboratorios\/milpa\/eventos\/https-ufsm-br-eventos-escrituraspossiveis","parent":0,"template":"","tags":[31],"class_list":["post-111","eventos","type-eventos","status-publish","has-post-thumbnail","hentry","tag-escrituraspossiveis"],"acf":{"evento_nome":"Simp\u00f3sio Internacional \"Escrituras Poss\u00edveis, Lugares (in)comuns\"","evento_inicio":"27\/05\/2025 17:30","evento_termino":"01\/07\/2025 17:00","evento_banner":{"ID":116,"id":116,"title":"Design sem nome","filename":"Design-sem-nome.jpg","filesize":87370,"url":"https:\/\/www.ufsm.br\/app\/uploads\/sites\/930\/2025\/05\/Design-sem-nome.jpg","link":"https:\/\/www.ufsm.br\/laboratorios\/milpa\/eventos\/https-ufsm-br-eventos-escrituraspossiveis\/design-sem-nome","alt":"","author":"1811","description":"","caption":"","name":"design-sem-nome","status":"inherit","uploaded_to":111,"date":"2025-05-22 01:10:43","modified":"2025-05-22 01:10:43","menu_order":0,"mime_type":"image\/jpeg","type":"image","subtype":"jpeg","icon":"https:\/\/www.ufsm.br\/laboratorios\/milpa\/wp-includes\/images\/media\/default.png","width":1200,"height":444,"sizes":{"thumbnail":"https:\/\/www.ufsm.br\/app\/uploads\/sites\/930\/2025\/05\/Design-sem-nome-150x150.jpg","thumbnail-width":150,"thumbnail-height":150,"medium":"https:\/\/www.ufsm.br\/app\/uploads\/sites\/930\/2025\/05\/Design-sem-nome-300x111.jpg","medium-width":300,"medium-height":111,"medium_large":"https:\/\/www.ufsm.br\/app\/uploads\/sites\/930\/2025\/05\/Design-sem-nome-768x284.jpg","medium_large-width":768,"medium_large-height":284,"large":"https:\/\/www.ufsm.br\/app\/uploads\/sites\/930\/2025\/05\/Design-sem-nome-1024x379.jpg","large-width":1024,"large-height":379,"1536x1536":"https:\/\/www.ufsm.br\/app\/uploads\/sites\/930\/2025\/05\/Design-sem-nome.jpg","1536x1536-width":1200,"1536x1536-height":444,"2048x2048":"https:\/\/www.ufsm.br\/app\/uploads\/sites\/930\/2025\/05\/Design-sem-nome.jpg","2048x2048-width":1200,"2048x2048-height":444,"sow-carousel-default":"https:\/\/www.ufsm.br\/app\/uploads\/sites\/930\/2025\/05\/Design-sem-nome-272x182.jpg","sow-carousel-default-width":272,"sow-carousel-default-height":182}},"endereco_url":"https-ufsm-br-eventos-escrituraspossiveis","evento_categoria":"T\u00c9CNICO-CIENT\u00cdFICOS","evento_descricao":"<figure id=\"attachment_114\" aria-describedby=\"caption-attachment-114\" style=\"width: 1024px\" class=\"wp-caption alignnone\"><img fetchpriority=\"high\" decoding=\"async\" class=\"wp-image-114 size-large\" src=\"https:\/\/www.ufsm.br\/app\/uploads\/sites\/930\/2025\/05\/capa_fotos_simposio-1024x577.jpg\" alt=\"\" width=\"1024\" height=\"577\" srcset=\"https:\/\/www.ufsm.br\/app\/uploads\/sites\/930\/2025\/05\/capa_fotos_simposio-1024x577.jpg 1024w, https:\/\/www.ufsm.br\/app\/uploads\/sites\/930\/2025\/05\/capa_fotos_simposio-300x169.jpg 300w, https:\/\/www.ufsm.br\/app\/uploads\/sites\/930\/2025\/05\/capa_fotos_simposio-768x433.jpg 768w, https:\/\/www.ufsm.br\/app\/uploads\/sites\/930\/2025\/05\/capa_fotos_simposio-1536x865.jpg 1536w, https:\/\/www.ufsm.br\/app\/uploads\/sites\/930\/2025\/05\/capa_fotos_simposio.jpg 1640w\" sizes=\"(max-width: 1024px) 100vw, 1024px\" \/><figcaption id=\"caption-attachment-114\" class=\"wp-caption-text\"><em>Da esq. para dir.: Jorge Iv\u00e1n Bonilla, Patr\u00edcia Nieto, Amaury Nu\u00f1ez Gonz\u00e1lez e Ra\u00fal Hernando Os\u00f3rio Vargas<\/em><\/figcaption><\/figure>\n<p><b>Jornalismo e mem\u00f3ria \u00e9 tema de Simp\u00f3sio Internacional<\/b><\/p>\n<p><i>\u201cEscrituras Poss\u00edveis, Lugares (in)comuns\u201d aproxima pesquisadores brasileiros e colombianos em quatro momentos de di\u00e1logo<\/i><\/p>\n<p>O <i>milpa &#8211; laborat\u00f3rio de jornalismo<\/i> (CNPq\/UFSM), ligado ao Programa de P\u00f3s-gradua\u00e7\u00e3o em Comunica\u00e7\u00e3o da UFSM, promove a primeira edi\u00e7\u00e3o do Simp\u00f3sio Internacional <b>Escrituras Poss\u00edveis, Lugares (in)comuns<\/b>.<\/p>\n<p>O evento, em formato h\u00edbrido, oportunizar\u00e1 o di\u00e1logo com quatro pesquisadores colombianos, dedicados \u00e0 pr\u00e1tica e \u00e0 investiga\u00e7\u00e3o acad\u00eamica sobre <b>jornalismo, mem\u00f3ria e narrativas<\/b>. As conversa\u00e7\u00f5es almejam fomentar espa\u00e7os para a escuta e para o interc\u00e2mbio de compreens\u00f5es e de experi\u00eancias, resultantes de seus estudos e de suas experimenta\u00e7\u00f5es em torno do tema central da edi\u00e7\u00e3o.<\/p>\n<p>Os quatro momentos previstos est\u00e3o distribu\u00eddos entre os meses de maio, junho e julho (programa\u00e7\u00e3o a seguir), sendo parte das a\u00e7\u00f5es de bolsa de investiga\u00e7\u00e3o financiada pelo Programa <i>Move La America<\/i>, da CAPES (Edital 07\/2024).<\/p>\n<p>As inscri\u00e7\u00f5es s\u00e3o gratuitas. H\u00e1 possibilidade de participa\u00e7\u00e3o em todos os momentos ou em parte deles. A indica\u00e7\u00e3o ocorre no momento da inscri\u00e7\u00e3o. O formul\u00e1rio ficar\u00e1 aberto sempre at\u00e9 \u00e0s 11h de cada dia de programa\u00e7\u00e3o. Os links para ingresso nas salas remotas ser\u00e3o enviados diretamente aos inscritos at\u00e9 1h antes do in\u00edcio de cada momento. As pessoas presentes receber\u00e3o certificado de participa\u00e7\u00e3o.<\/p>\n<p><a href=\"https:\/\/forms.gle\/GaAZM7x3pejfcBAh6\"><b>Fa\u00e7a sua inscri\u00e7\u00e3o aqui.<\/b><b>\u00a0<\/b><\/a><\/p>\n<p>A certifica\u00e7\u00e3o ocorrer\u00e1 mediante marca\u00e7\u00e3o da presen\u00e7a na sess\u00e3o. Os certificados digitais estar\u00e3o dispon\u00edveis em at\u00e9 48h ap\u00f3s o \u00faltimo encontro, marcado para 1 de julho.<\/p>\n<p><i>Importante: <\/i>Momentos 1 e 2: em espanhol. Momento 3: em portugu\u00eas. Momento 4: bil\u00edngue.<\/p>\n<p>D\u00favidas ou informa\u00e7\u00f5es complementares: <a href=\"mailto:milpa@ufsm.br\">milpa@ufsm.br<\/a>.<\/p>\n<p>_____________________<\/p>\n<p><b>Programa\u00e7\u00e3o completa<\/b><\/p>\n<p><b>Momento 1 | 27 de maio de 2025 | 17h &#8211; 18h30 | 5:00pm-6:30pm (UTC-3) | <\/b>Remoto \/ Espanhol<\/p>\n<p style=\"padding-left: 40px\"><b>Tema: <\/b>A iconografia do conflito: imagens, mem\u00f3ria e atrocidade | <i>La iconografia del conflicto: imagenes, memoria y atrocidad<\/i><\/p>\n<p style=\"padding-left: 40px\"><b>Convidado:<\/b> Prof. Dr. Jorge Ivan Bonilla &#8211; Universidad Eafit\/Col\u00f4mbia<\/p>\n<p style=\"padding-left: 40px\"><i>Professor do Departamento de Comunica\u00e7\u00e3o da Universidade EAFIT, em Medell\u00edn. Doutor em Ci\u00eancias Humanas e Sociais pela Universidade Nacional da Col\u00f4mbia. Mestre\u00a0 em Comunica\u00e7\u00e3o pela Pontif\u00edcia Universidade Javeriana e Comunicador Social: Jornalista pela Pontif\u00edcia Universidade Bolivariana.<\/i><\/p>\n<p style=\"padding-left: 40px\"><b>Media\u00e7\u00e3o:<\/b> Doutorando Amaury Nu\u00f1ez Gonz\u00e1lez<\/p>\n<p style=\"padding-left: 40px\"><i>Universidad de Antioquia\/Col\u00f4mbia, bolsista Capes Doutorado Sandu\u00edche no POSCOM\/UFSM pelo programa Move La Am\u00e9rica\/Capes<\/i><\/p>\n<p>&nbsp;<\/p>\n<p><b>Momento 2 | 5 de junho de 2025 | 17h &#8211; 18h30 | 5:00pm-6:30pm (UTC-3) | <\/b>Remoto \/ Espanhol<\/p>\n<p style=\"padding-left: 40px\"><b>Tema: <\/b>O jornalismo e seus trabalhos pela mem\u00f3ria | <i>El periodismo y sus trabajos por la memoria<\/i><\/p>\n<p style=\"padding-left: 40px\"><b>Convidada: <\/b>Profa. Dra. Patricia Nieto &#8211; Universidad de Antioquia\/Col\u00f4mbia<\/p>\n<p style=\"padding-left: 40px\"><i>Professora da Faculdade de Comunica\u00e7\u00e3o e Filologia da Universidade de Antioquia (Medell\u00edn). Doutora em Comunica\u00e7\u00e3o, Jornalista e mestre em Ci\u00eancia Pol\u00edtica. Autora de livros que versam sobre mem\u00f3ria e conflito armado na Col\u00f4mbia, como \u201cOs Escolhidos\u201d, \u201cO C\u00e9u N\u00e3o Me Abandona\u201d, \u201cJamais Esquecerei Seu Nome\u201d, \u201cOnde Pisei, a Grama Ainda Cresce\u201d, os tr\u00eas \u00faltimos escritos com v\u00edtimas do conflito. Ganhadora do Pr\u00eamio Nacional Sim\u00f3n Bol\u00edvar e do Pr\u00eamio Nacional de Cultura. Diretora do projeto Hacemos Memoria.<\/i><\/p>\n<p style=\"padding-left: 40px\"><b>Media\u00e7\u00e3o:<\/b> Prof. Dr. Reges Schwaab (POSCOM\/Universidade Federal de Santa Maria)<\/p>\n<p>&nbsp;<\/p>\n<p><b>Momento 3 | 26 de junho de 2025 | 17h &#8211; 18h30 | 5:00pm-6:30pm (UTC-3) | <\/b>Remoto \/ Portugu\u00eas<\/p>\n<p style=\"padding-left: 40px\"><b>Tema: <\/b><i>Oratura<\/i> e metodologias do jornalismo<b> | <\/b><i>Oratura y metodolog\u00edas del periodismo<\/i><\/p>\n<p style=\"padding-left: 40px\"><b>Convidado:<\/b> Prof. Dr. Ra\u00fal Hernando Os\u00f3rio Vargas<\/p>\n<p style=\"padding-left: 40px\"><i>Professor da Faculdade de Comunica\u00e7\u00e3o e Filologia da Universidade de Antioquia. Doutor e mestre em Comunica\u00e7\u00e3o pela ECA-USP (Brasil) e graduado em Comunica\u00e7\u00e3o Social pela Universidade Jorge Tadeo Lozano de Bogot\u00e1 . Autor de \u201cEl reportaje como metodolog\u00eda del periodismo: una polifon\u00eda de saberes\u201d.\u00a0<\/i><\/p>\n<p style=\"padding-left: 40px\"><b>Media\u00e7\u00e3o: <\/b>Doutorando Wellington Felipe Hack (POSCOM\/UFSM)<\/p>\n<p>&nbsp;<\/p>\n<p><b>Momento 4 | 1 de julho de 2025 | 14h &#8211; 16h<\/b> | <b>\u00a02:00pm-4:00pm (UTC-3)<\/b><\/p>\n<p>H\u00edbrido (Audit\u00f3rio CCSH &#8211; Pr\u00e9dio 74C &#8211; 2\u00ba andar\u00a0 + <i>Google Meet<\/i>) \/ Portugu\u00eas e Espanhol<\/p>\n<p style=\"padding-left: 40px\"><b>Tema: <\/b>Narrativas da mem\u00f3ria: processos criativos e formatos inovadores na representa\u00e7\u00e3o do passado | <i>Narrativas de la memoria: procesos creativos y formatos innovadores en la representaci\u00f3n del pasado<\/i><\/p>\n<p style=\"padding-left: 40px\"><b>Convidado:<\/b> Doutorando Amaury Nu\u00f1ez Gonz\u00e1lez<\/p>\n<p style=\"padding-left: 40px\">Universidad de Antioquia\/Col\u00f4mbia, bolsista Capes Doutorado Sandu\u00edche no POSCOM\/UFSM pelo programa <i>Move La Am\u00e9rica<\/i>\/Capes<\/p>\n<p style=\"padding-left: 40px\"><b>Media\u00e7\u00e3o:<\/b> Doutorando Wellington Felipe Hack (POSCOM\/UFSM)<\/p>\n<p>&nbsp;<\/p>\n","evento_programacao":null,"evento_inscricao":null,"evento_local":"Remoto\/H\u00edbrido","evento_contato":"<p>Escreva com suas d\u00favidas ou coment\u00e1rios.<\/p>\n"},"_links":{"self":[{"href":"https:\/\/www.ufsm.br\/laboratorios\/milpa\/wp-json\/wp\/v2\/eventos\/111","targetHints":{"allow":["GET"]}}],"collection":[{"href":"https:\/\/www.ufsm.br\/laboratorios\/milpa\/wp-json\/wp\/v2\/eventos"}],"about":[{"href":"https:\/\/www.ufsm.br\/laboratorios\/milpa\/wp-json\/wp\/v2\/types\/eventos"}],"wp:featuredmedia":[{"embeddable":true,"href":"https:\/\/www.ufsm.br\/laboratorios\/milpa\/wp-json\/wp\/v2\/media\/116"}],"wp:attachment":[{"href":"https:\/\/www.ufsm.br\/laboratorios\/milpa\/wp-json\/wp\/v2\/media?parent=111"}],"wp:term":[{"taxonomy":"post_tag","embeddable":true,"href":"https:\/\/www.ufsm.br\/laboratorios\/milpa\/wp-json\/wp\/v2\/tags?post=111"}],"curies":[{"name":"wp","href":"https:\/\/api.w.org\/{rel}","templated":true}]}}