{"id":155,"date":"2025-09-18T14:58:48","date_gmt":"2025-09-18T17:58:48","guid":{"rendered":"https:\/\/www.ufsm.br\/laboratorios\/milpa\/?page_id=155"},"modified":"2026-04-15T20:32:13","modified_gmt":"2026-04-15T23:32:13","slug":"reporteria","status":"publish","type":"page","link":"https:\/\/www.ufsm.br\/laboratorios\/milpa\/reporteria","title":{"rendered":"reporteria | clube de leitura"},"content":{"rendered":"\t\t<div data-elementor-type=\"wp-page\" data-elementor-id=\"155\" class=\"elementor elementor-155\">\n\t\t\t\t\t\t<section class=\"elementor-section elementor-top-section elementor-element elementor-element-625a54b elementor-section-boxed elementor-section-height-default elementor-section-height-default\" data-id=\"625a54b\" data-element_type=\"section\">\n\t\t\t\t\t\t<div class=\"elementor-container elementor-column-gap-default\">\n\t\t\t\t\t<div class=\"elementor-column elementor-col-100 elementor-top-column elementor-element elementor-element-aa2bd35\" data-id=\"aa2bd35\" data-element_type=\"column\">\n\t\t\t<div class=\"elementor-widget-wrap elementor-element-populated\">\n\t\t\t\t\t\t<div class=\"elementor-element elementor-element-f3bc60b elementor-widget elementor-widget-image\" data-id=\"f3bc60b\" data-element_type=\"widget\" data-widget_type=\"image.default\">\n\t\t\t\t<div class=\"elementor-widget-container\">\n\t\t\t\t\t\t\t\t\t\t\t\t\t<img fetchpriority=\"high\" decoding=\"async\" width=\"1024\" height=\"256\" src=\"https:\/\/www.ufsm.br\/app\/uploads\/sites\/930\/2025\/09\/banner_reporteria-1024x256.jpg\" class=\"attachment-large size-large wp-image-157\" alt=\"\" srcset=\"https:\/\/www.ufsm.br\/app\/uploads\/sites\/930\/2025\/09\/banner_reporteria-1024x256.jpg 1024w, https:\/\/www.ufsm.br\/app\/uploads\/sites\/930\/2025\/09\/banner_reporteria-300x75.jpg 300w, https:\/\/www.ufsm.br\/app\/uploads\/sites\/930\/2025\/09\/banner_reporteria-768x192.jpg 768w, https:\/\/www.ufsm.br\/app\/uploads\/sites\/930\/2025\/09\/banner_reporteria-1536x384.jpg 1536w, https:\/\/www.ufsm.br\/app\/uploads\/sites\/930\/2025\/09\/banner_reporteria.jpg 1920w\" sizes=\"(max-width: 1024px) 100vw, 1024px\" \/>\t\t\t\t\t\t\t\t\t\t\t\t\t<\/div>\n\t\t\t\t<\/div>\n\t\t\t\t\t<\/div>\n\t\t<\/div>\n\t\t\t\t\t<\/div>\n\t\t<\/section>\n\t\t\t\t<section class=\"elementor-section elementor-top-section elementor-element elementor-element-642c820 elementor-section-boxed elementor-section-height-default elementor-section-height-default\" data-id=\"642c820\" data-element_type=\"section\">\n\t\t\t\t\t\t<div class=\"elementor-container elementor-column-gap-default\">\n\t\t\t\t\t<div class=\"elementor-column elementor-col-100 elementor-top-column elementor-element elementor-element-03475eb\" data-id=\"03475eb\" data-element_type=\"column\">\n\t\t\t<div class=\"elementor-widget-wrap elementor-element-populated\">\n\t\t\t\t\t\t<div class=\"elementor-element elementor-element-f41b6c8 elementor-widget elementor-widget-text-editor\" data-id=\"f41b6c8\" data-element_type=\"widget\" data-widget_type=\"text-editor.default\">\n\t\t\t\t<div class=\"elementor-widget-container\">\n\t\t\t\t\t\t\t<p>O <strong>reporteria<\/strong> \u00e9 o <em>Clube de Leitura<\/em> organizado pelo <em>milpa &#8211; laborat\u00f3rio de jornalismo<\/em> (CNPq\/UFSM), dedicado ao universo do livro-reportagem e da literatura jornal\u00edstica de n\u00e3o fic\u00e7\u00e3o, um espa\u00e7o de di\u00e1logo sobre a narrativa de temas emergentes, m\u00e9todos de escrita e de apura\u00e7\u00e3o jornal\u00edstica, debatendo os gestos que fundamentam a reportagem.\u00a0<\/p>\n<p><span class=\"a_GcMg font-feature-liga-off font-feature-clig-off font-feature-calt-off text-decoration-none text-strikethrough-none\">O <\/span><strong><span class=\"a_GcMg font-feature-liga-off font-feature-clig-off font-feature-calt-off text-decoration-none text-strikethrough-none\">reporteria<\/span><\/strong><span class=\"a_GcMg font-feature-liga-off font-feature-clig-off font-feature-calt-off text-decoration-none text-strikethrough-none\"> \u00e9 um espa\u00e7o pensado para quem tem interesse e aprecia a narrativa de livros escritos por jornalistas, para quem tem a inten\u00e7\u00e3o de estudar essas produ\u00e7\u00f5es, almeja desenvolver seu projeto experimental de final de curso nesse formato, ou vem movido pela curiosidade sobre outras formas de jornalismo para al\u00e9m da not\u00edcia e da cobertura di\u00e1ria, explorando distintos modos de contribuir para o debate p\u00fablico e para a transforma\u00e7\u00e3o da realidade social.<\/span><\/p>\n<p>A express\u00e3o<strong> reporteria<\/strong> faz parte do jarg\u00e3o jornal\u00edstico em espanhol e congrega a apura\u00e7\u00e3o, a investiga\u00e7\u00e3o rigorosa e a escuta atenta, ou seja, gestos que fundamentam a reportagem, no enterla\u00e7amento sens\u00edvel do sondar, do narrar e do reconhecer sujeitos, territ\u00f3rios e realidades.<\/p>\t\t\t\t\t\t<\/div>\n\t\t\t\t<\/div>\n\t\t\t\t\t<\/div>\n\t\t<\/div>\n\t\t\t\t\t<\/div>\n\t\t<\/section>\n\t\t\t\t<section class=\"elementor-section elementor-top-section elementor-element elementor-element-6215f6a elementor-section-boxed elementor-section-height-default elementor-section-height-default\" data-id=\"6215f6a\" data-element_type=\"section\">\n\t\t\t\t\t\t<div class=\"elementor-container elementor-column-gap-default\">\n\t\t\t\t\t<div class=\"elementor-column elementor-col-50 elementor-top-column elementor-element elementor-element-dde2563\" data-id=\"dde2563\" data-element_type=\"column\">\n\t\t\t<div class=\"elementor-widget-wrap elementor-element-populated\">\n\t\t\t\t\t\t<div class=\"elementor-element elementor-element-646d492 elementor-widget elementor-widget-text-editor\" data-id=\"646d492\" data-element_type=\"widget\" data-widget_type=\"text-editor.default\">\n\t\t\t\t<div class=\"elementor-widget-container\">\n\t\t\t\t\t\t\t<p><strong>Roteiro de leituras e debates para 2026:<\/strong><\/p><p dir=\"ltr\"><strong>05\/05\/26 | 13h45<\/strong> &#8211; <em>Gaza est\u00e1 em toda a parte<\/em>, de Alexandra Lucas Coelho<\/p><p dir=\"ltr\"><strong>Junho<\/strong> &#8211;\u00a0<em>a confirmar<\/em><\/p><p dir=\"ltr\"><strong>Julho<\/strong> &#8211; <em>a confirmar<\/em><\/p><p dir=\"ltr\"><strong>Setembro<\/strong> &#8211; <em>a confirmar<\/em><\/p><p dir=\"ltr\"><strong>Outubro<\/strong> &#8211; <em>a confirmar<\/em><\/p><p dir=\"ltr\"><strong>Novembro<\/strong> &#8211; <em>a confirmar<\/em><\/p>\t\t\t\t\t\t<\/div>\n\t\t\t\t<\/div>\n\t\t\t\t\t<\/div>\n\t\t<\/div>\n\t\t\t\t<div class=\"elementor-column elementor-col-50 elementor-top-column elementor-element elementor-element-e737613\" data-id=\"e737613\" data-element_type=\"column\">\n\t\t\t<div class=\"elementor-widget-wrap elementor-element-populated\">\n\t\t\t\t\t\t<div class=\"elementor-element elementor-element-ae1a436 elementor-widget elementor-widget-text-editor\" data-id=\"ae1a436\" data-element_type=\"widget\" data-widget_type=\"text-editor.default\">\n\t\t\t\t<div class=\"elementor-widget-container\">\n\t\t\t\t\t\t\t<p><strong>P\u00fablico:<\/strong> estudantes de gradua\u00e7\u00e3o e p\u00f3s-gradua\u00e7\u00e3o da UFSM.<\/p><p><strong>Local:<\/strong> Sala 4425 | Pr\u00e9dio 74C &#8211; CCSH.<\/p><p><strong>Pr\u00e9-requisitos:<\/strong> inscri\u00e7\u00e3o via formul\u00e1rio<\/p><p><strong>Certifica\u00e7\u00e3o<\/strong>: 2h por encontro\u00a0<\/p><p><strong>Contato:<\/strong> milpa@ufsm.br<\/p><p><strong>Vagas limitadas \u00e0 lota\u00e7\u00e3o da sala.<\/strong><\/p>\t\t\t\t\t\t<\/div>\n\t\t\t\t<\/div>\n\t\t\t\t\t<\/div>\n\t\t<\/div>\n\t\t\t\t\t<\/div>\n\t\t<\/section>\n\t\t\t\t<section class=\"elementor-section elementor-top-section elementor-element elementor-element-2b79b94 elementor-section-boxed elementor-section-height-default elementor-section-height-default\" data-id=\"2b79b94\" data-element_type=\"section\">\n\t\t\t\t\t\t<div class=\"elementor-container elementor-column-gap-default\">\n\t\t\t\t\t<div class=\"elementor-column elementor-col-100 elementor-top-column elementor-element elementor-element-8467da6\" data-id=\"8467da6\" data-element_type=\"column\">\n\t\t\t<div class=\"elementor-widget-wrap elementor-element-populated\">\n\t\t\t\t\t\t<div class=\"elementor-element elementor-element-ecb58bd elementor-widget elementor-widget-heading\" data-id=\"ecb58bd\" data-element_type=\"widget\" data-widget_type=\"heading.default\">\n\t\t\t\t<div class=\"elementor-widget-container\">\n\t\t\t<h4 class=\"elementor-heading-title elementor-size-default\">Nossas leituras de 2026:<\/h4>\t\t<\/div>\n\t\t\t\t<\/div>\n\t\t\t\t\t<\/div>\n\t\t<\/div>\n\t\t\t\t\t<\/div>\n\t\t<\/section>\n\t\t\t\t<section class=\"elementor-section elementor-top-section elementor-element elementor-element-941fea9 elementor-section-boxed elementor-section-height-default elementor-section-height-default\" data-id=\"941fea9\" data-element_type=\"section\">\n\t\t\t\t\t\t<div class=\"elementor-container elementor-column-gap-default\">\n\t\t\t\t\t<div class=\"elementor-column elementor-col-33 elementor-top-column elementor-element elementor-element-1e98d32\" data-id=\"1e98d32\" data-element_type=\"column\">\n\t\t\t<div class=\"elementor-widget-wrap elementor-element-populated\">\n\t\t\t\t\t\t<div class=\"elementor-element elementor-element-b276891 elementor-position-top elementor-widget elementor-widget-image-box\" data-id=\"b276891\" data-element_type=\"widget\" data-widget_type=\"image-box.default\">\n\t\t\t\t<div class=\"elementor-widget-container\">\n\t\t\t<div class=\"elementor-image-box-wrapper\"><figure class=\"elementor-image-box-img\"><img decoding=\"async\" width=\"1767\" height=\"2560\" src=\"https:\/\/www.ufsm.br\/app\/uploads\/sites\/930\/2026\/04\/gaza.jpg\" class=\"attachment-full size-full wp-image-193\" alt=\"\" srcset=\"https:\/\/www.ufsm.br\/app\/uploads\/sites\/930\/2026\/04\/gaza.jpg 1767w, https:\/\/www.ufsm.br\/app\/uploads\/sites\/930\/2026\/04\/gaza-207x300.jpg 207w, https:\/\/www.ufsm.br\/app\/uploads\/sites\/930\/2026\/04\/gaza-707x1024.jpg 707w, https:\/\/www.ufsm.br\/app\/uploads\/sites\/930\/2026\/04\/gaza-768x1113.jpg 768w, https:\/\/www.ufsm.br\/app\/uploads\/sites\/930\/2026\/04\/gaza-1060x1536.jpg 1060w, https:\/\/www.ufsm.br\/app\/uploads\/sites\/930\/2026\/04\/gaza-1414x2048.jpg 1414w\" sizes=\"(max-width: 1767px) 100vw, 1767px\" \/><\/figure><div class=\"elementor-image-box-content\"><h3 class=\"elementor-image-box-title\">Gaza est\u00e1 em toda a parte<\/h3><p class=\"elementor-image-box-description\">Em 7 de outubro de 2023, ao saber do ataque do Hamas ao Sul de Israel, a jornalista e escritora Alexandra Lucas Coelho comprou uma passagem para a regi\u00e3o, que acompanha de perto h\u00e1 mais de 20 anos. Os voos, entretanto, estavam sendo cancelados e a viagem acabou em uma escala. Come\u00e7ava ali uma s\u00e9rie de textos que assinaria, primeiro \u00e0 dist\u00e2ncia e, depois, em Israel e na Palestina, quando foi poss\u00edvel viajar. <\/p><\/div><\/div>\t\t<\/div>\n\t\t\t\t<\/div>\n\t\t\t\t\t<\/div>\n\t\t<\/div>\n\t\t\t\t<div class=\"elementor-column elementor-col-33 elementor-top-column elementor-element elementor-element-4cb2956\" data-id=\"4cb2956\" data-element_type=\"column\">\n\t\t\t<div class=\"elementor-widget-wrap\">\n\t\t\t\t\t\t\t<\/div>\n\t\t<\/div>\n\t\t\t\t<div class=\"elementor-column elementor-col-33 elementor-top-column elementor-element elementor-element-2d99a6b\" data-id=\"2d99a6b\" data-element_type=\"column\">\n\t\t\t<div class=\"elementor-widget-wrap\">\n\t\t\t\t\t\t\t<\/div>\n\t\t<\/div>\n\t\t\t\t\t<\/div>\n\t\t<\/section>\n\t\t\t\t<section class=\"elementor-section elementor-top-section elementor-element elementor-element-e59298a elementor-section-boxed elementor-section-height-default elementor-section-height-default\" data-id=\"e59298a\" data-element_type=\"section\">\n\t\t\t\t\t\t<div class=\"elementor-container elementor-column-gap-default\">\n\t\t\t\t\t<div class=\"elementor-column elementor-col-100 elementor-top-column elementor-element elementor-element-01fc63c\" data-id=\"01fc63c\" data-element_type=\"column\">\n\t\t\t<div class=\"elementor-widget-wrap elementor-element-populated\">\n\t\t\t\t\t\t<div class=\"elementor-element elementor-element-dcc9acb elementor-widget elementor-widget-text-editor\" data-id=\"dcc9acb\" data-element_type=\"widget\" data-widget_type=\"text-editor.default\">\n\t\t\t\t<div class=\"elementor-widget-container\">\n\t\t\t\t\t\t\t<iframe src=\"https:\/\/docs.google.com\/forms\/d\/e\/1FAIpQLScma9zTIvVbiD7SIaKLrNh8pGMlSefLgm60AsRuKgWngqTmqw\/viewform?embedded=true\" width=\"640\" height=\"1096\" frameborder=\"0\">Carregando\u2026<\/iframe>\t\t\t\t\t\t<\/div>\n\t\t\t\t<\/div>\n\t\t\t\t\t<\/div>\n\t\t<\/div>\n\t\t\t\t\t<\/div>\n\t\t<\/section>\n\t\t\t\t<section class=\"elementor-section elementor-top-section elementor-element elementor-element-d4cdae3 elementor-section-boxed elementor-section-height-default elementor-section-height-default\" data-id=\"d4cdae3\" data-element_type=\"section\">\n\t\t\t\t\t\t<div class=\"elementor-container elementor-column-gap-default\">\n\t\t\t\t\t<div class=\"elementor-column elementor-col-100 elementor-top-column elementor-element elementor-element-6c6d222\" data-id=\"6c6d222\" data-element_type=\"column\">\n\t\t\t<div class=\"elementor-widget-wrap elementor-element-populated\">\n\t\t\t\t\t\t<div class=\"elementor-element elementor-element-044f8f9 elementor-widget elementor-widget-heading\" data-id=\"044f8f9\" data-element_type=\"widget\" data-widget_type=\"heading.default\">\n\t\t\t\t<div class=\"elementor-widget-container\">\n\t\t\t<h3 class=\"elementor-heading-title elementor-size-default\">Nossas leituras de 2025:<\/h3>\t\t<\/div>\n\t\t\t\t<\/div>\n\t\t\t\t\t<\/div>\n\t\t<\/div>\n\t\t\t\t\t<\/div>\n\t\t<\/section>\n\t\t\t\t<section class=\"elementor-section elementor-top-section elementor-element elementor-element-6c41de6 elementor-section-boxed elementor-section-height-default elementor-section-height-default\" data-id=\"6c41de6\" data-element_type=\"section\">\n\t\t\t\t\t\t<div class=\"elementor-container elementor-column-gap-default\">\n\t\t\t\t\t<div class=\"elementor-column elementor-col-33 elementor-top-column elementor-element elementor-element-ef9ab71\" data-id=\"ef9ab71\" data-element_type=\"column\">\n\t\t\t<div class=\"elementor-widget-wrap elementor-element-populated\">\n\t\t\t\t\t\t<div class=\"elementor-element elementor-element-cfdea69 elementor-position-top elementor-widget elementor-widget-image-box\" data-id=\"cfdea69\" data-element_type=\"widget\" data-widget_type=\"image-box.default\">\n\t\t\t\t<div class=\"elementor-widget-container\">\n\t\t\t<div class=\"elementor-image-box-wrapper\"><figure class=\"elementor-image-box-img\"><img decoding=\"async\" width=\"1000\" height=\"1500\" src=\"https:\/\/www.ufsm.br\/app\/uploads\/sites\/930\/2025\/09\/joicy.jpg\" class=\"attachment-full size-full wp-image-158\" alt=\"\" srcset=\"https:\/\/www.ufsm.br\/app\/uploads\/sites\/930\/2025\/09\/joicy.jpg 1000w, https:\/\/www.ufsm.br\/app\/uploads\/sites\/930\/2025\/09\/joicy-200x300.jpg 200w, https:\/\/www.ufsm.br\/app\/uploads\/sites\/930\/2025\/09\/joicy-683x1024.jpg 683w, https:\/\/www.ufsm.br\/app\/uploads\/sites\/930\/2025\/09\/joicy-768x1152.jpg 768w\" sizes=\"(max-width: 1000px) 100vw, 1000px\" \/><\/figure><div class=\"elementor-image-box-content\"><h3 class=\"elementor-image-box-title\">O nascimento de Joicy<\/h3><p class=\"elementor-image-box-description\">Fabiana Moraes traz uma reportagem arrebatadora, profunda e sens\u00edvel. Apresenta Joicy, ex-agricultora do agreste pernambucano que busca o servi\u00e7o p\u00fablico de sa\u00fade para uma cirurgia que mudaria seu corpo e sua vida. Em um ensaio especial, revela dores e alegrias ao produzir a reportagem. De forma pioneira, instala uma pertinente reflex\u00e3o sobre o jornalismo de subjetividade.<\/p><\/div><\/div>\t\t<\/div>\n\t\t\t\t<\/div>\n\t\t\t\t\t<\/div>\n\t\t<\/div>\n\t\t\t\t<div class=\"elementor-column elementor-col-33 elementor-top-column elementor-element elementor-element-b354f4d\" data-id=\"b354f4d\" data-element_type=\"column\">\n\t\t\t<div class=\"elementor-widget-wrap elementor-element-populated\">\n\t\t\t\t\t\t<div class=\"elementor-element elementor-element-eaa95df elementor-position-top elementor-widget elementor-widget-image-box\" data-id=\"eaa95df\" data-element_type=\"widget\" data-widget_type=\"image-box.default\">\n\t\t\t\t<div class=\"elementor-widget-container\">\n\t\t\t<div class=\"elementor-image-box-wrapper\"><figure class=\"elementor-image-box-img\"><img loading=\"lazy\" decoding=\"async\" width=\"1024\" height=\"1500\" src=\"https:\/\/www.ufsm.br\/app\/uploads\/sites\/930\/2025\/09\/arrastados.jpg\" class=\"attachment-full size-full wp-image-159\" alt=\"\" srcset=\"https:\/\/www.ufsm.br\/app\/uploads\/sites\/930\/2025\/09\/arrastados.jpg 1024w, https:\/\/www.ufsm.br\/app\/uploads\/sites\/930\/2025\/09\/arrastados-205x300.jpg 205w, https:\/\/www.ufsm.br\/app\/uploads\/sites\/930\/2025\/09\/arrastados-699x1024.jpg 699w, https:\/\/www.ufsm.br\/app\/uploads\/sites\/930\/2025\/09\/arrastados-768x1125.jpg 768w\" sizes=\"(max-width: 1024px) 100vw, 1024px\" \/><\/figure><div class=\"elementor-image-box-content\"><h3 class=\"elementor-image-box-title\">Arrastados<\/h3><p class=\"elementor-image-box-description\">Daniela Arbex, de forma impactante e delicada, reconstitui a trajet\u00f3ria das v\u00edtimas e dos trabalhos de resgate ap\u00f3s o rompimento da barragem desativada da Mina do C\u00f3rrego do Feij\u00e3o, em Brumadinho (MG). O trabalho de mem\u00f3ria que segue o rastro de lama, por mais de 300 quil\u00f4metros de destrui\u00e7\u00e3o, impede que mais uma cat\u00e1strofe seja borrada em meio \u00e0 banalidade do notici\u00e1rio cotidiano.\u200b<\/p><\/div><\/div>\t\t<\/div>\n\t\t\t\t<\/div>\n\t\t\t\t\t<\/div>\n\t\t<\/div>\n\t\t\t\t<div class=\"elementor-column elementor-col-33 elementor-top-column elementor-element elementor-element-de51b48\" data-id=\"de51b48\" data-element_type=\"column\">\n\t\t\t<div class=\"elementor-widget-wrap elementor-element-populated\">\n\t\t\t\t\t\t<div class=\"elementor-element elementor-element-f5e5dfa elementor-position-top elementor-widget elementor-widget-image-box\" data-id=\"f5e5dfa\" data-element_type=\"widget\" data-widget_type=\"image-box.default\">\n\t\t\t\t<div class=\"elementor-widget-container\">\n\t\t\t<div class=\"elementor-image-box-wrapper\"><figure class=\"elementor-image-box-img\"><img loading=\"lazy\" decoding=\"async\" width=\"683\" height=\"1024\" src=\"https:\/\/www.ufsm.br\/app\/uploads\/sites\/930\/2025\/09\/dignidade-1.jpg\" class=\"attachment-full size-full wp-image-161\" alt=\"\" srcset=\"https:\/\/www.ufsm.br\/app\/uploads\/sites\/930\/2025\/09\/dignidade-1.jpg 683w, https:\/\/www.ufsm.br\/app\/uploads\/sites\/930\/2025\/09\/dignidade-1-200x300.jpg 200w\" sizes=\"(max-width: 683px) 100vw, 683px\" \/><\/figure><div class=\"elementor-image-box-content\"><h3 class=\"elementor-image-box-title\">Dignidade!<\/h3><p class=\"elementor-image-box-description\">Jornalistas e escritores acompanham o trabalho da organiza\u00e7\u00e3o M\u00e9dicos Sem Fronteiras. Ensaios e reportagens revelam o intenso sofrimento e a luta pela vida em algumas das comunidades mais marginalizadas do planeta. A publica\u00e7\u00e3o celebra os 40 anos dos MSF. A escrita e a observa\u00e7\u00e3o sens\u00edvel contam e denunciam a viol\u00eancia que ceifa a dignidade das pessoas ao redor do mundo.<\/p><\/div><\/div>\t\t<\/div>\n\t\t\t\t<\/div>\n\t\t\t\t\t<\/div>\n\t\t<\/div>\n\t\t\t\t\t<\/div>\n\t\t<\/section>\n\t\t\t\t<\/div>\n\t\t","protected":false},"excerpt":{"rendered":"<p>O reporteria \u00e9 o Clube de Leitura organizado pelo milpa &#8211; laborat\u00f3rio de jornalismo (CNPq\/UFSM), dedicado ao universo do livro-reportagem e da literatura jornal\u00edstica de n\u00e3o fic\u00e7\u00e3o, um espa\u00e7o de di\u00e1logo sobre a narrativa de temas emergentes, m\u00e9todos de escrita e de apura\u00e7\u00e3o jornal\u00edstica, debatendo os gestos que fundamentam a reportagem.\u00a0 O reporteria \u00e9 um [&hellip;]<\/p>\n","protected":false},"author":1811,"featured_media":0,"parent":0,"menu_order":0,"comment_status":"closed","ping_status":"closed","template":"","meta":{"footnotes":""},"categories":[],"tags":[],"class_list":["post-155","page","type-page","status-publish","hentry"],"acf":[],"_links":{"self":[{"href":"https:\/\/www.ufsm.br\/laboratorios\/milpa\/wp-json\/wp\/v2\/pages\/155","targetHints":{"allow":["GET"]}}],"collection":[{"href":"https:\/\/www.ufsm.br\/laboratorios\/milpa\/wp-json\/wp\/v2\/pages"}],"about":[{"href":"https:\/\/www.ufsm.br\/laboratorios\/milpa\/wp-json\/wp\/v2\/types\/page"}],"author":[{"embeddable":true,"href":"https:\/\/www.ufsm.br\/laboratorios\/milpa\/wp-json\/wp\/v2\/users\/1811"}],"replies":[{"embeddable":true,"href":"https:\/\/www.ufsm.br\/laboratorios\/milpa\/wp-json\/wp\/v2\/comments?post=155"}],"version-history":[{"count":0,"href":"https:\/\/www.ufsm.br\/laboratorios\/milpa\/wp-json\/wp\/v2\/pages\/155\/revisions"}],"wp:attachment":[{"href":"https:\/\/www.ufsm.br\/laboratorios\/milpa\/wp-json\/wp\/v2\/media?parent=155"}],"wp:term":[{"taxonomy":"category","embeddable":true,"href":"https:\/\/www.ufsm.br\/laboratorios\/milpa\/wp-json\/wp\/v2\/categories?post=155"},{"taxonomy":"post_tag","embeddable":true,"href":"https:\/\/www.ufsm.br\/laboratorios\/milpa\/wp-json\/wp\/v2\/tags?post=155"}],"curies":[{"name":"wp","href":"https:\/\/api.w.org\/{rel}","templated":true}]}}