{"id":33,"date":"2019-05-24T15:38:58","date_gmt":"2019-05-24T18:38:58","guid":{"rendered":"https:\/\/www.ufsm.br\/template-laboratprio\/?page_id=33"},"modified":"2025-12-17T22:38:17","modified_gmt":"2025-12-18T01:38:17","slug":"producao","status":"publish","type":"page","link":"https:\/\/www.ufsm.br\/laboratorios\/milpa\/producao","title":{"rendered":"Produ\u00e7\u00e3o"},"content":{"rendered":"\t\t<div data-elementor-type=\"wp-page\" data-elementor-id=\"33\" class=\"elementor elementor-33\">\n\t\t\t\t\t\t<section class=\"elementor-section elementor-top-section elementor-element elementor-element-5fd609b elementor-section-boxed elementor-section-height-default elementor-section-height-default\" data-id=\"5fd609b\" data-element_type=\"section\">\n\t\t\t\t\t\t<div class=\"elementor-container elementor-column-gap-default\">\n\t\t\t\t\t<div class=\"elementor-column elementor-col-100 elementor-top-column elementor-element elementor-element-a5487a4\" data-id=\"a5487a4\" data-element_type=\"column\">\n\t\t\t<div class=\"elementor-widget-wrap elementor-element-populated\">\n\t\t\t\t\t\t<div class=\"elementor-element elementor-element-65dfbf6 elementor-widget__width-initial elementor-tabs-view-horizontal elementor-widget elementor-widget-tabs\" data-id=\"65dfbf6\" data-element_type=\"widget\" data-widget_type=\"tabs.default\">\n\t\t\t\t<div class=\"elementor-widget-container\">\n\t\t\t\t\t<div class=\"elementor-tabs\">\n\t\t\t<div class=\"elementor-tabs-wrapper\" role=\"tablist\" >\n\t\t\t\t\t\t\t\t\t<div id=\"elementor-tab-title-1061\" class=\"elementor-tab-title elementor-tab-desktop-title\" aria-selected=\"true\" data-tab=\"1\" role=\"tab\" tabindex=\"0\" aria-controls=\"elementor-tab-content-1061\" aria-expanded=\"false\">Artigos<\/div>\n\t\t\t\t\t\t\t\t\t<div id=\"elementor-tab-title-1062\" class=\"elementor-tab-title elementor-tab-desktop-title\" aria-selected=\"false\" data-tab=\"2\" role=\"tab\" tabindex=\"-1\" aria-controls=\"elementor-tab-content-1062\" aria-expanded=\"false\">Teses<\/div>\n\t\t\t\t\t\t\t\t\t<div id=\"elementor-tab-title-1063\" class=\"elementor-tab-title elementor-tab-desktop-title\" aria-selected=\"false\" data-tab=\"3\" role=\"tab\" tabindex=\"-1\" aria-controls=\"elementor-tab-content-1063\" aria-expanded=\"false\">Disserta\u00e7\u00f5es<\/div>\n\t\t\t\t\t\t\t\t\t<div id=\"elementor-tab-title-1064\" class=\"elementor-tab-title elementor-tab-desktop-title\" aria-selected=\"false\" data-tab=\"4\" role=\"tab\" tabindex=\"-1\" aria-controls=\"elementor-tab-content-1064\" aria-expanded=\"false\">TCCs<\/div>\n\t\t\t\t\t\t\t\t\t<div id=\"elementor-tab-title-1065\" class=\"elementor-tab-title elementor-tab-desktop-title\" aria-selected=\"false\" data-tab=\"5\" role=\"tab\" tabindex=\"-1\" aria-controls=\"elementor-tab-content-1065\" aria-expanded=\"false\">Livros<\/div>\n\t\t\t\t\t\t\t\t\t<div id=\"elementor-tab-title-1066\" class=\"elementor-tab-title elementor-tab-desktop-title\" aria-selected=\"false\" data-tab=\"6\" role=\"tab\" tabindex=\"-1\" aria-controls=\"elementor-tab-content-1066\" aria-expanded=\"false\">Trabalhos em eventos<\/div>\n\t\t\t\t\t\t\t\t\t<div id=\"elementor-tab-title-1067\" class=\"elementor-tab-title elementor-tab-desktop-title\" aria-selected=\"false\" data-tab=\"7\" role=\"tab\" tabindex=\"-1\" aria-controls=\"elementor-tab-content-1067\" aria-expanded=\"false\">Produ\u00e7\u00e3o T\u00e9cnica<\/div>\n\t\t\t\t\t\t\t<\/div>\n\t\t\t<div class=\"elementor-tabs-content-wrapper\" role=\"tablist\" aria-orientation=\"vertical\">\n\t\t\t\t\t\t\t\t\t<div class=\"elementor-tab-title elementor-tab-mobile-title\" aria-selected=\"true\" data-tab=\"1\" role=\"tab\" tabindex=\"0\" aria-controls=\"elementor-tab-content-1061\" aria-expanded=\"false\">Artigos<\/div>\n\t\t\t\t\t<div id=\"elementor-tab-content-1061\" class=\"elementor-tab-content elementor-clearfix\" data-tab=\"1\" role=\"tabpanel\" aria-labelledby=\"elementor-tab-title-1061\" tabindex=\"0\" hidden=\"false\"><h5>2026<\/h5>\n<p>\u00a0<\/p>\n<h5>2025<\/h5>\n<ul>\n<li>OLEGARIO, M. S. ; SCHWAAB, R. . <a href=\"https:\/\/periodicos.ufpb.br\/index.php\/cm\/article\/view\/73324\" target=\"_blank\" rel=\"noopener\">A alteridade com humanos e mais-que-humanos como substrato para um outro narrar.<\/a> Culturas Midi\u00e1ticas, v. 24, p. 199-217, 2025.<\/li>\n<li>\n<p dir=\"ltr\">BOFF, F.; SCHWAAB, R.. <a href=\"https:\/\/revistas.usp.br\/extraprensa\/article\/view\/238802\" target=\"_blank\" rel=\"noopener\">Mem\u00f3ria e testemunho da Opera\u00e7\u00e3o Condor na obra do uruguaio Fernando Butazzoni<\/a>. Revista Extraprensa, v. 19, p. 1-23, 2025.<\/p>\n<\/li>\n<li>SCHWAAB, R.; DA SILVA, A. J. C. ; OLEGARIO, M. S. . <a href=\"https:\/\/revista.fapcom.edu.br\/index.php\/revista-paulus\/article\/view\/746\/739\" target=\"_blank\" rel=\"noopener\">Comunica\u00e7\u00e3o, decolonialidade e a possibilidade de fazer-mundo: uma cr\u00edtica a partir de Malcom Ferdinand.<\/a> PAULUS: Revista de Comunica\u00e7\u00e3o da FAPCOM, v. 8, p. 17-29, 2025.<\/li>\n<\/ul>\n<h5>2024<\/h5>\n<ul>\n<li>\n<p dir=\"ltr\" style=\"line-height: 1.2;text-align: justify;margin-top: 0pt;margin-bottom: 0pt\"><span style=\"font-size: 11pt;font-family: Arial, sans-serif;color: #000000;vertical-align: baseline\">PERES, A. C. ; RESENDE, F. ; SCHWAAB, R. .<a href=\"https:\/\/www.e-compos.org.br\/e-compos\/article\/view\/2942\" target=\"_blank\" rel=\"noopener\"> O jornalismo em sua dimens\u00e3o relacional.<\/a> E-COMP\u00d3S (BRAS\u00cdLIA), p. 1-18, 2024.<\/span><\/p>\n<\/li>\n<\/ul>\n<ul>\n<li>\n<p dir=\"ltr\" style=\"line-height: 1.2;text-align: justify;margin-top: 0pt;margin-bottom: 0pt\"><span style=\"background-color: transparent;color: #000000;font-family: Arial, sans-serif;font-size: 11pt\">OLEGARIO, M. S. ; SCHWAAB, R. . <a href=\"https:\/\/www.researchgate.net\/publication\/387991350_CONFLUENCIAS_ENTRE_A_DECOLONIALIDADE_E_A_CIDADANIA_COMUNICATIVAConfluences_between_decoloniality_and_communicative_citizenship\" target=\"_blank\" rel=\"noopener\">Conflu\u00eancias entre a decolonialidade e a cidadania comunicativa.<\/a> COMUNICA\u00c7\u00c3O &amp; INOVA\u00c7\u00c3O (ONLINE), v. 25, p. 1, 2024.<\/span><\/p>\n<\/li>\n<\/ul>\n<h5>2023<\/h5>\n<ul>\n<li>\n<p dir=\"ltr\" style=\"margin-bottom: 0pt;margin-top: 0pt;line-height: 1.2;text-align: justify\"><span style=\"font-family: Arial, sans-serif;color: #000000;font-size: 11pt;background-color: transparent\">DA SILVA, A. J. C. ; SCHWAAB, R. . <a href=\"https:\/\/revistas.uepg.br\/index.php\/pauta\/article\/view\/21885\" target=\"_blank\" rel=\"noopener\">Perspectivas socioambientais e decoloniais como horizontes para um jornalismo outro no contexto latino-americano.<\/a> PAUTA GERAL &#8211; ESTUDOS EM JORNALISMO, v. 10, p. 109-126, 2023<\/span><\/p>\n<\/li>\n<\/ul><\/div>\n\t\t\t\t\t\t\t\t\t<div class=\"elementor-tab-title elementor-tab-mobile-title\" aria-selected=\"false\" data-tab=\"2\" role=\"tab\" tabindex=\"-1\" aria-controls=\"elementor-tab-content-1062\" aria-expanded=\"false\">Teses<\/div>\n\t\t\t\t\t<div id=\"elementor-tab-content-1062\" class=\"elementor-tab-content elementor-clearfix\" data-tab=\"2\" role=\"tabpanel\" aria-labelledby=\"elementor-tab-title-1062\" tabindex=\"0\" hidden=\"hidden\"><h5><span>Em andamento<\/span><\/h5>\n<div>\n<ul style=\"margin-bottom: 0px;padding-inline-start: 48px\">\n<li dir=\"ltr\" style=\"list-style-type: disc;font-size: 11pt;font-family: Arial, sans-serif;color: #000000;background-color: transparent;vertical-align: baseline\"><span style=\"font-size: 11pt;font-family: Arial, sans-serif;color: #000000;background-color: transparent;vertical-align: baseline\"><b>Anna J\u00falia Carlos da Silva:<\/b><\/span><br \/>\n<p dir=\"ltr\" style=\"line-height: 1.7999999999999998;margin-top: 0pt;margin-bottom: 0pt\" role=\"presentation\"><span style=\"font-size: 11pt;font-family: Arial, sans-serif;color: #000000;background-color: transparent;vertical-align: baseline\"><span style=\"color: #1c1c1c;font-size: 16px;background-color: transparent\">CARLOS DA SILVA, Anna J\u00falia.\u00a0<\/span>O jornalismo nos discursos de rep\u00f3rteres que cobrem conflitos ambientais e territoriais na Am\u00e9rica Latina. In\u00edcio: 2024 <span style=\"font-size: 16px\">&#8211; atualmente.<\/span> Universidade Federal de Santa Maria.<\/span><\/p>\n<\/li>\n<li dir=\"ltr\" style=\"list-style-type: disc;font-size: 11pt;font-family: Arial, sans-serif;color: #000000;background-color: transparent;vertical-align: baseline\"><b>Tu\u00e3ne dos Santos Ara\u00fajo:<\/b><br \/>\n<p dir=\"ltr\" style=\"line-height: 1.7999999999999998;margin-top: 0pt;margin-bottom: 0pt\" role=\"presentation\"><span style=\"font-size: 11pt;font-family: Arial, sans-serif;color: #000000;background-color: transparent;vertical-align: baseline\">ARA\u00daJO, Tu\u00e3ne. O jornalismo ind\u00edgena na Amaz\u00f4nia Legal e a descoloniza\u00e7\u00e3o das narrativas midi\u00e1ticas. T\u00edtulo provis\u00f3rio. In\u00edcio: 2025 <span style=\"font-size: 16px\">&#8211; atualmente.<\/span> Universidade Federal de Santa Maria.\u00a0<\/span><\/p>\n<\/li>\n<li dir=\"ltr\" style=\"list-style-type: disc;font-size: 11pt;font-family: Arial, sans-serif;color: #000000;background-color: transparent;vertical-align: baseline\"><span style=\"color: #000000;font-size: 16px\"><b>Wellington Felipe Hack:<\/b><\/span><br \/>\n<p dir=\"ltr\" style=\"line-height: 1.7999999999999998;margin-top: 0pt;margin-bottom: 0pt\" role=\"presentation\"><span style=\"font-size: 11pt;font-family: Arial, sans-serif;color: #000000;background-color: transparent;vertical-align: baseline\">HACK, Wellington Felipe. Not\u00edcias (d)no fim do mundo: contribui\u00e7\u00f5es para uma filosofia n\u00e3o determinista no jornalismo. T\u00edtulo provis\u00f3rio. In\u00edcio: 2025 <span style=\"font-size: 16px\">&#8211; atualmente.<\/span> Universidade Federal de Santa Maria.<\/span><\/p>\n<\/li>\n<\/ul>\n<h5 style=\"font-size: 1.5rem;border-top-left-radius: calc(-1px + 0.25rem);border-top-right-radius: calc(-1px + 0.25rem);width: 1060.4px;color: #1c1c1c\">2025<\/h5>\n<ul style=\"margin-bottom: 0px;padding-inline-start: 48px\">\n<li dir=\"ltr\" style=\"font-family: Arial, sans-serif;font-size: 11pt;list-style-type: disc;background-color: transparent;vertical-align: baseline\"><span style=\"font-size: 16px\"><span style=\"font-weight: bold\">Felipe Boff:<\/span><\/span><br \/>\n<p dir=\"ltr\" style=\"margin-bottom: 0pt;margin-top: 0pt;line-height: 1.8\" role=\"presentation\"><span style=\"background-color: transparent;font-family: Arial, sans-serif;font-size: 12pt;vertical-align: baseline\">BOFF, Felipe. <\/span><a href=\"https:\/\/repositorio.ufsm.br\/handle\/1\/35660\" target=\"_blank\" rel=\"noopener\">A Opera\u00e7\u00e3o Condor em livros de jornalistas: testemunho, mem\u00f3ria e narrativa.<\/a><span style=\"background-color: transparent;font-family: Arial, sans-serif;font-size: 12pt;vertical-align: baseline\"> 2025. Tese (Doutorado em Comunica\u00e7\u00e3o) \u2013 Universidade Federal de Santa Maria, Santa Maria, 2025.<br \/><\/span><\/p>\n<\/li>\n<\/ul>\n<div>\u00a0<\/div>\n<\/div><\/div>\n\t\t\t\t\t\t\t\t\t<div class=\"elementor-tab-title elementor-tab-mobile-title\" aria-selected=\"false\" data-tab=\"3\" role=\"tab\" tabindex=\"-1\" aria-controls=\"elementor-tab-content-1063\" aria-expanded=\"false\">Disserta\u00e7\u00f5es<\/div>\n\t\t\t\t\t<div id=\"elementor-tab-content-1063\" class=\"elementor-tab-content elementor-clearfix\" data-tab=\"3\" role=\"tabpanel\" aria-labelledby=\"elementor-tab-title-1063\" tabindex=\"0\" hidden=\"hidden\"><h5 style=\"font-size: 1rem;border-top-left-radius: calc(-1px + 0.25rem);border-top-right-radius: calc(-1px + 0.25rem);width: 1060.4px\">Em andamento\u00a0<\/h5>\n<div>\n<ul style=\"margin-bottom: 0px;font-size: 16px;padding-inline-start: 48px\">\n<li dir=\"ltr\" style=\"font-family: Arial, sans-serif;font-size: 11pt;list-style-type: disc;background-color: transparent;vertical-align: baseline\"><span style=\"font-family: Arial, sans-serif;font-size: 11pt;background-color: transparent;vertical-align: baseline\"><b><span style=\"font-size: 11pt;font-family: Arial, sans-serif;background-color: transparent;vertical-align: baseline\">Gabriel Massaro de Araujo<\/span>:<\/b><\/span><br \/>\n<p dir=\"ltr\" style=\"margin-bottom: 0pt;margin-top: 0pt;line-height: 1.8\" role=\"presentation\"><span style=\"font-family: Arial, sans-serif;font-size: 11pt;background-color: transparent;vertical-align: baseline\"><span style=\"font-size: 16px;background-color: transparent\">DE ARAUJO, Massaro Gabriel.\u00a0<\/span><span style=\"font-size: 11pt;font-family: Arial, sans-serif;background-color: transparent;vertical-align: baseline\">Greenwashing nos setores p\u00fablico e privado: narrativas ambientais, ativismo e seus impactos. T\u00edtulo provis\u00f3rio. <\/span>In\u00edcio: 2025<span style=\"font-size: 16px\"> &#8211; atualmente. <\/span>Universidade Federal de Santa Maria.<\/span><\/p>\n<\/li>\n<li dir=\"ltr\" style=\"font-family: Arial, sans-serif;font-size: 11pt;list-style-type: disc;background-color: transparent;vertical-align: baseline\"><b><span style=\"font-size: 11pt;font-family: Arial, sans-serif;background-color: transparent;vertical-align: baseline\">Josu\u00e9 Angelo Gris<\/span>:<\/b><br \/>\n<p dir=\"ltr\" style=\"margin-bottom: 0pt;margin-top: 0pt;line-height: 1.8\" role=\"presentation\"><span style=\"font-family: Arial, sans-serif;font-size: 11pt;background-color: transparent;vertical-align: baseline\">GRIS, Josu\u00e9 Angelo. <span style=\"font-size: 11pt;font-family: Arial, sans-serif;background-color: transparent;vertical-align: baseline\">A imers\u00e3o jornal\u00edstica como produtora de conhecimento ao jornalismo e \u00e0 sociedade em geral.<\/span> T\u00edtulo provis\u00f3rio. In\u00edcio: 2025<span style=\"font-size: 16px\"> &#8211; atualmente. <\/span>Universidade Federal de Santa Maria.\u00a0<\/span><\/p>\n<\/li>\n<li dir=\"ltr\" style=\"font-family: Arial, sans-serif;font-size: 11pt;list-style-type: disc;background-color: transparent;vertical-align: baseline\"><span style=\"font-size: 16px\"><b><span style=\"font-size: 11pt;font-family: Arial, sans-serif;background-color: transparent;vertical-align: baseline\">J\u00falia Raquel Petenon<\/span>:<\/b><\/span><br \/>\n<p dir=\"ltr\" style=\"margin-bottom: 0pt;margin-top: 0pt;line-height: 1.8\" role=\"presentation\"><span style=\"font-family: Arial, sans-serif;font-size: 11pt;background-color: transparent;vertical-align: baseline\">PETENON, J\u00falia Raquel. <span style=\"font-size: 11pt;font-family: Arial, sans-serif;background-color: transparent;vertical-align: baseline\">Jornalismo ambiental a partir das perspectivas da agroecologia: um estudo sobre a circula\u00e7\u00e3o de not\u00edcias relacionadas \u00e0 agricultura sustent\u00e1vel.<\/span> T\u00edtulo provis\u00f3rio. In\u00edcio: 2025<span style=\"font-size: 16px\"> &#8211; atualmente. <\/span> Universidade Federal de Santa Maria.<\/span><\/p>\n<\/li>\n<li dir=\"ltr\" style=\"font-family: Arial, sans-serif;font-size: 11pt;list-style-type: disc;background-color: transparent;vertical-align: baseline\">\n<p dir=\"ltr\" style=\"margin-bottom: 0pt;margin-top: 0pt;line-height: 1.8\" role=\"presentation\"><span style=\"font-family: Arial, sans-serif;font-size: 11pt;background-color: transparent;vertical-align: baseline\"><span style=\"font-size: 16px\"><span style=\"font-weight: bold\">Micael dos Santos Oleg\u00e1rio:<\/span><\/span><\/span><\/p>\n<p dir=\"ltr\" style=\"margin-bottom: 0pt;margin-top: 0pt;font-size: 16px;line-height: 1.8\" role=\"presentation\"><span style=\"font-family: Arial, sans-serif;font-size: 11pt;background-color: transparent;vertical-align: baseline\">OLEG\u00c1RIO, Micael dos Santos. <span style=\"font-size: 11pt;font-family: Arial, sans-serif;background-color: transparent;vertical-align: baseline\">M\u00eddias independentes brasileiras e decolonialidade.<\/span> T\u00edtulo provis\u00f3rio. In\u00edcio: 2024 &#8211; atualmente. Universidade Federal de Santa Maria.<\/span><\/p>\n<\/li>\n<\/ul>\n<\/div>\n<div>\u00a0<\/div>\n<h5 style=\"font-size: 1rem;border-top-left-radius: calc(-1px + 0.25rem);border-top-right-radius: calc(-1px + 0.25rem);width: 1060.4px\">2023<\/h5>\n<div>\n<ul style=\"margin-bottom: 0px;font-size: 16px;padding-inline-start: 48px\">\n<li dir=\"ltr\" style=\"font-family: Arial, sans-serif;font-size: 11pt;list-style-type: disc;background-color: transparent;vertical-align: baseline\">\n<p dir=\"ltr\" style=\"margin-bottom: 0pt;margin-top: 0pt;line-height: 1.8\" role=\"presentation\"><span style=\"font-weight: bolder;font-size: 16px\" data-start=\"199\" data-end=\"231\"><span style=\"font-size: 16px\">Anna J\u00falia Carlos da Silva:<\/span><\/span><\/p>\n<p dir=\"ltr\" style=\"margin-bottom: 0pt;margin-top: 0pt;font-size: 16px;line-height: 1.8\" role=\"presentation\"><span style=\"font-size: 16px\" data-start=\"199\" data-end=\"231\">CARLOS DA SILVA, Anna J\u00falia.<\/span><span style=\"font-size: 16px\">\u00a0<\/span><span style=\"font-size: 16px\"><a href=\"https:\/\/repositorio.ufsm.br\/handle\/1\/31703\" target=\"_blank\" rel=\"noopener\">O lugar do jornalismo diante das emerg\u00eancias socioambientais nos discursos de rep\u00f3rteres.<\/a>\u00a02023. Disserta\u00e7\u00e3o (Mestrado em Comunica\u00e7\u00e3o) \u2013 Universidade Federal de Santa Maria, Santa Maria, 2023.<\/span><\/p>\n<\/li>\n<li dir=\"ltr\" style=\"font-family: Arial, sans-serif;font-size: 11pt;list-style-type: disc;background-color: transparent;vertical-align: baseline\">\n<p dir=\"ltr\" style=\"margin-bottom: 0pt;margin-top: 0pt;font-size: 16px;line-height: 1.8\" role=\"presentation\"><span style=\"font-size: 16px;font-weight: bolder\" data-start=\"199\" data-end=\"231\"><span style=\"font-size: 16px\">Denise Nunes Fontana:<\/span><\/span><\/p>\n<p dir=\"ltr\" style=\"margin-bottom: 0pt;margin-top: 0pt;font-size: 16px;line-height: 1.8\" role=\"presentation\"><span style=\"font-size: 16px\" data-start=\"429\" data-end=\"455\">FONTANA, Denise Nunes.<\/span><span style=\"font-size: 16px\">\u00a0<\/span><span style=\"font-size: 16px\"><a href=\"https:\/\/repositorio.ufsm.br\/handle\/1\/30718\" target=\"_blank\" rel=\"noopener\">O discurso sobre o jornalismo: uma an\u00e1lise discursiva das lives de Jair Messias Bolsonaro.<\/a>\u00a02023. Disserta\u00e7\u00e3o (Mestrado em Comunica\u00e7\u00e3o) \u2013 Universidade Federal de Santa Maria, Santa Maria, 2023.<\/span><\/p>\n<\/li>\n<li dir=\"ltr\" style=\"font-family: Arial, sans-serif;font-size: 11pt;list-style-type: disc;background-color: transparent;vertical-align: baseline\">\n<p dir=\"ltr\" style=\"margin-bottom: 0pt;margin-top: 0pt;font-size: 16px;line-height: 1.8\" role=\"presentation\"><span style=\"font-size: 16px;font-weight: bolder\" data-start=\"199\" data-end=\"231\"><span style=\"font-size: 16px\">Wellington Felipe Hack:<\/span><\/span><\/p>\n<p dir=\"ltr\" style=\"margin-bottom: 0pt;margin-top: 0pt;font-size: 16px;line-height: 1.8\" role=\"presentation\"><span style=\"font-size: 16px\" data-start=\"654\" data-end=\"682\">HACK, Wellington Felipe.<\/span><span style=\"font-size: 16px\">\u00a0<\/span><span style=\"font-size: 16px\"><a href=\"https:\/\/repositorio.ufsm.br\/handle\/1\/30702\" target=\"_blank\" rel=\"noopener\">Meio ambiente no debate p\u00fablico: o discurso parlamentar bolsonarista na (re)constru\u00e7\u00e3o do Estado brasileiro.<\/a>\u00a02023. Disserta\u00e7\u00e3o (Mestrado em Comunica\u00e7\u00e3o) \u2013 Universidade Federal de Santa Maria, Santa Maria, 2023.<br \/><\/span><\/p>\n<\/li>\n<\/ul>\n<\/div><\/div>\n\t\t\t\t\t\t\t\t\t<div class=\"elementor-tab-title elementor-tab-mobile-title\" aria-selected=\"false\" data-tab=\"4\" role=\"tab\" tabindex=\"-1\" aria-controls=\"elementor-tab-content-1064\" aria-expanded=\"false\">TCCs<\/div>\n\t\t\t\t\t<div id=\"elementor-tab-content-1064\" class=\"elementor-tab-content elementor-clearfix\" data-tab=\"4\" role=\"tabpanel\" aria-labelledby=\"elementor-tab-title-1064\" tabindex=\"0\" hidden=\"hidden\"><h5 style=\"font-size: 1rem;border-top-left-radius: calc(-1px + 0.25rem);border-top-right-radius: calc(-1px + 0.25rem);width: 1060.4px\">2025<\/h5>\n<div style=\"font-size: 16px\">\n<ul style=\"margin-bottom: 0px;font-size: 16px;padding-inline-start: 48px\">\n<li dir=\"ltr\" style=\"font-family: Arial, sans-serif;font-size: 11pt;list-style-type: disc;background-color: transparent;vertical-align: baseline\">\n<p dir=\"ltr\" style=\"margin-bottom: 0pt;margin-top: 0pt;line-height: 1.8\" role=\"presentation\"><span style=\"font-size: 16px\" data-start=\"199\" data-end=\"231\"><span style=\"font-size: 16px\"><span style=\"font-weight: bold\">Bruno Bandeira Vargas:<\/span><\/span><\/span><\/p>\n<p dir=\"ltr\" style=\"margin-bottom: 0pt;margin-top: 0pt;font-size: 16px;line-height: 1.8\" role=\"presentation\"><span data-start=\"193\" data-end=\"220\">BANDEIRA VARGAS, Bruno.<\/span> <a href=\"https:\/\/repositorio.ufsm.br\/handle\/1\/36432\" target=\"_blank\" rel=\"noopener\">O autocultivo de maconha legal no Brasil: a constru\u00e7\u00e3o de um livro-reportagem no estilo do jornalismo liter\u00e1ri<\/a>o. 2025. Trabalho de Conclus\u00e3o de Curso (Gradua\u00e7\u00e3o em Jornalismo) \u2013 Universidade Federal de Santa Maria, Santa Maria, 2025.<\/p>\n<\/li>\n<\/ul>\n<\/div>\n<h5 style=\"font-size: 1rem;border-top-left-radius: calc(-1px + 0.25rem);border-top-right-radius: calc(-1px + 0.25rem);width: 1060.4px\">2024<\/h5>\n<div style=\"font-size: 16px\">\n<ul style=\"margin-bottom: 0px;font-size: 16px;padding-inline-start: 48px\">\n<li dir=\"ltr\" style=\"font-family: Arial, sans-serif;font-size: 11pt;list-style-type: disc;background-color: transparent;vertical-align: baseline\">\n<p dir=\"ltr\" style=\"margin-bottom: 0pt;margin-top: 0pt;line-height: 1.8\" role=\"presentation\"><span style=\"font-size: 16px\" data-start=\"199\" data-end=\"231\"><span style=\"font-size: 16px\"><span style=\"font-weight: bold\">Helo\u00edsa Gamero Marques:<\/span><\/span><\/span><\/p>\n<p dir=\"ltr\" style=\"margin-bottom: 0pt;margin-top: 0pt;font-size: 16px;line-height: 1.8\" role=\"presentation\"><span data-start=\"1012\" data-end=\"1040\">GAMERO MARQUES, Helo\u00edsa.<\/span> <a style=\"background-color: transparent;font-family: Arial, sans-serif;font-size: 11pt\" href=\"https:\/\/repositorio.ufsm.br\/bitstream\/handle\/1\/32257\/Marques_Heloisa_Gamero_2024_TCC.pdf?sequence=1&amp;isAllowed=y\" target=\"_blank\" rel=\"noopener\">Jornalismo internacional sob uma perspecti<\/a><a href=\"https:\/\/repositorio.ufsm.br\/bitstream\/handle\/1\/32257\/Marques_Heloisa_Gamero_2024_TCC.pdf?sequence=1&amp;isAllowed=y\" target=\"_blank\" rel=\"noopener\">va deco<\/a><a style=\"background-color: transparent;font-family: Arial, sans-serif;font-size: 11pt\" href=\"https:\/\/repositorio.ufsm.br\/bitstream\/handle\/1\/32257\/Marques_Heloisa_Gamero_2024_TCC.pdf?sequence=1&amp;isAllowed=y\" target=\"_blank\" rel=\"noopener\">lonial: reflex\u00f5es a partir do acontecimento Mahsa Amini na FSP. <\/a><span style=\"font-family: Arial, sans-serif\"><span style=\"font-size: 11pt\">2024. Trabalho de Conclus\u00e3o de Curso (Gradua\u00e7\u00e3o em Jornalismo)<\/span><\/span> <span style=\"font-family: Arial, sans-serif\"><span style=\"font-size: 11pt\">\u2013 Universidade Federal<\/span><\/span> <span style=\"font-family: Arial, sans-serif\"><span style=\"font-size: 11pt\">de Santa Maria, Santa Maria, 2024.<\/span><\/span><\/p>\n<\/li>\n<li dir=\"ltr\" style=\"font-family: Arial, sans-serif;font-size: 11pt;list-style-type: disc;background-color: transparent;vertical-align: baseline\"><span style=\"font-size: 16px;font-weight: bolder\"><span style=\"font-family: Arial, sans-serif;font-size: 11pt;background-color: transparent;vertical-align: baseline\">Jo\u00e3o Carlos da Silva Neto<\/span>:<\/span><br \/>\n<p dir=\"ltr\" style=\"margin-bottom: 0pt;margin-top: 0pt;font-size: 16px;line-height: 1.8\" role=\"presentation\"><span data-start=\"458\" data-end=\"489\">CARLOS DA SILVA NETO, Jo\u00e3o.<\/span> <a href=\"https:\/\/repositorio.ufsm.br\/bitstream\/handle\/1\/32260\/Da_Silva_Neto_Joao_Carlos_2024_TCC.pdf?sequence=1&amp;isAllowed=y\" target=\"_blank\" rel=\"noopener\">Narrativas jornal\u00edsticas em um planeta ferido: Arrabalde e A terra inabit\u00e1vel diante do colapso ambiental e da crise clim\u00e1tica.<\/a> 2024. Trabalho de Conclus\u00e3o de Curso (Gradua\u00e7\u00e3o em Jornalismo) \u2013 Universidade Federal de Santa Maria, Santa Maria, 2024.<\/p>\n<\/li>\n<li dir=\"ltr\" style=\"font-family: Arial, sans-serif;font-size: 11pt;list-style-type: disc;background-color: transparent;vertical-align: baseline\">\n<p dir=\"ltr\" style=\"margin-bottom: 0pt;margin-top: 0pt;font-size: 16px;line-height: 1.8\" role=\"presentation\"><span style=\"font-size: 16px\"><span style=\"font-size: 16px\"><span style=\"font-size: 16px;font-weight: bolder\">Yasmmin Soares Ferreira:<\/span><br style=\"font-size: 16px\" \/><\/span><\/span><\/p>\n<p dir=\"ltr\" style=\"margin-bottom: 0pt;margin-top: 0pt;font-size: 16px;line-height: 1.8\" role=\"presentation\"><span data-start=\"746\" data-end=\"775\">FERREIRA, Yasmmin Soares.<\/span> <a href=\"https:\/\/repositorio.ufsm.br\/bitstream\/handle\/1\/35199\/Yasmmin_Ferreira_2024_TCC.pdf?sequence=1&amp;isAllowed=y\" target=\"_blank\" rel=\"noopener\">Humaniza\u00e7\u00e3o na cobertura jornal\u00edstica de temas relacionados ao sistema prisional: detentos, direitos e dilem<\/a>as<a href=\"https:\/\/repositorio.ufsm.br\/bitstream\/handle\/1\/35199\/Yasmmin_Ferreira_2024_TCC.pdf?sequence=1&amp;isAllowed=y\" target=\"_blank\" rel=\"noopener\">. <\/a>2024. Trabalho de Conclus\u00e3o de Curso (Gradua\u00e7\u00e3o em Jornalismo) \u2013 Universidade Federal de Santa Maria, Santa Maria, 2024.<\/p>\n<\/li>\n<\/ul>\n<\/div>\n<h5 style=\"font-size: 1rem;border-top-left-radius: calc(-1px + 0.25rem);border-top-right-radius: calc(-1px + 0.25rem);width: 1060.4px\">2023<\/h5>\n<div style=\"font-size: 16px\">\n<ul style=\"margin-bottom: 0px;font-size: 16px;padding-inline-start: 48px\">\n<li dir=\"ltr\" style=\"font-family: Arial, sans-serif;font-size: 11pt;list-style-type: disc;background-color: transparent;vertical-align: baseline\">\n<p dir=\"ltr\" style=\"margin-bottom: 0pt;margin-top: 0pt;line-height: 1.8\" role=\"presentation\"><span style=\"font-size: 16px\" data-start=\"199\" data-end=\"231\"><span style=\"font-size: 16px\"><b><span style=\"background-color: transparent;font-family: Arial, sans-serif;font-size: 11pt\">Julia Caroline Selzler Pasos de S\u00e1<\/span>:<\/b><\/span><\/span><\/p>\n<p dir=\"ltr\" style=\"margin-bottom: 0pt;margin-top: 0pt;font-size: 16px;line-height: 1.8\" role=\"presentation\"><span data-start=\"1495\" data-end=\"1535\">PASOS DE S\u00c1, Julia Caroline Selzler.<\/span> <a href=\"https:\/\/repositorio.ufsm.br\/bitstream\/handle\/1\/29819\/Sa_Julia_Caroline_Selzler_Passos_de_2023_TCC.pdf?sequence=1&amp;isAllowed=y\" target=\"_blank\" rel=\"noopener\">As pr\u00e1ticas jornal\u00edsticas na constru\u00e7\u00e3o de livros-reportagem: uma an\u00e1lise de Presos que menstruam.<\/a> 2023. Trabalho de Conclus\u00e3o de Curso (Gradua\u00e7\u00e3o em Jornalismo) \u2013 Universidade Federal de Santa Maria, Santa Maria, 2023.<\/p>\n<\/li>\n<li dir=\"ltr\" style=\"font-family: Arial, sans-serif;font-size: 11pt;list-style-type: disc;background-color: transparent;vertical-align: baseline\"><span style=\"font-weight: bolder;font-size: 16px\"><span style=\"font-family: Arial, sans-serif;font-size: 11pt;background-color: transparent;vertical-align: baseline\">Josu\u00e9 Angelo Gris<\/span>:<\/span><br \/>\n<p dir=\"ltr\" style=\"margin-bottom: 0pt;margin-top: 0pt;font-size: 16px;line-height: 1.8\" role=\"presentation\"><span data-start=\"1278\" data-end=\"1301\">GRIS, Josu\u00e9 Angelo.<\/span> <a href=\"https:\/\/repositorio.ufsm.br\/bitstream\/handle\/1\/30989\/Gris_Josue_Angelo_2023_TCC.pdf?sequence=1&amp;isAllowed=y\" target=\"_blank\" rel=\"noopener\">As contribui\u00e7\u00f5es do livro Banzeiro \u00d2k\u00f2t\u00f3 para pensar o jornalismo.<\/a> 2023. Trabalho de Conclus\u00e3o de Curso (Gradua\u00e7\u00e3o em Jornalismo) \u2013 Universidade Federal de Santa Maria, Santa Maria, 2023.<\/p>\n<\/li>\n<\/ul>\n<\/div><\/div>\n\t\t\t\t\t\t\t\t\t<div class=\"elementor-tab-title elementor-tab-mobile-title\" aria-selected=\"false\" data-tab=\"5\" role=\"tab\" tabindex=\"-1\" aria-controls=\"elementor-tab-content-1065\" aria-expanded=\"false\">Livros<\/div>\n\t\t\t\t\t<div id=\"elementor-tab-content-1065\" class=\"elementor-tab-content elementor-clearfix\" data-tab=\"5\" role=\"tabpanel\" aria-labelledby=\"elementor-tab-title-1065\" tabindex=\"0\" hidden=\"hidden\"><p><!-- wp:tadv\/classic-paragraph --><\/p>\n<h5>2025<\/h5>\n<h3 class=\"entry-title\"><img fetchpriority=\"high\" decoding=\"async\" class=\"alignnone size-medium wp-image-192\" src=\"https:\/\/www.ufsm.br\/app\/uploads\/sites\/930\/2025\/12\/capa_jornalismo_memoria-212x300.jpg\" alt=\"\" width=\"212\" height=\"300\" srcset=\"https:\/\/www.ufsm.br\/app\/uploads\/sites\/930\/2025\/12\/capa_jornalismo_memoria-212x300.jpg 212w, https:\/\/www.ufsm.br\/app\/uploads\/sites\/930\/2025\/12\/capa_jornalismo_memoria-724x1024.jpg 724w, https:\/\/www.ufsm.br\/app\/uploads\/sites\/930\/2025\/12\/capa_jornalismo_memoria-768x1086.jpg 768w, https:\/\/www.ufsm.br\/app\/uploads\/sites\/930\/2025\/12\/capa_jornalismo_memoria-1086x1536.jpg 1086w, https:\/\/www.ufsm.br\/app\/uploads\/sites\/930\/2025\/12\/capa_jornalismo_memoria.jpg 1414w\" sizes=\"(max-width: 212px) 100vw, 212px\" \/><\/h3>\n<h3 class=\"entry-title\">Jornalismo e mem\u00f3ria: escrituras poss\u00edveis, lugares (in)comuns<\/h3>\n<p>Organizadores: Amaury N\u00fa\u00f1ez Gonz\u00e1lez, Reges Schwaab e Wellington Hack.<\/p>\n<p><a href=\"https:\/\/www.ufsm.br\/editoras\/facos\/jornalismo-e-memoria-escrituras-possiveis-lugares-incomuns\" target=\"_blank\" rel=\"noopener\"><strong>Ebook de acesso aberto<\/strong><\/a> | Editora FACOS-UFSM | ISBN 978-65-5773-110-9 | P\u00e1ginas: 222 | Ano: 2025<\/p>\n<h5>2021<\/h5>\n<p><img decoding=\"async\" class=\"alignnone wp-image-64 size-medium\" src=\"https:\/\/www.ufsm.br\/app\/uploads\/sites\/930\/2024\/04\/capa_topicos-214x300.jpg\" alt=\"\" width=\"214\" height=\"300\" srcset=\"https:\/\/www.ufsm.br\/app\/uploads\/sites\/930\/2024\/04\/capa_topicos-214x300.jpg 214w, https:\/\/www.ufsm.br\/app\/uploads\/sites\/930\/2024\/04\/capa_topicos-731x1024.jpg 731w, https:\/\/www.ufsm.br\/app\/uploads\/sites\/930\/2024\/04\/capa_topicos-768x1075.jpg 768w, https:\/\/www.ufsm.br\/app\/uploads\/sites\/930\/2024\/04\/capa_topicos.jpg 857w\" sizes=\"(max-width: 214px) 100vw, 214px\" \/><\/p>\n<h3 class=\"entry-title\">T\u00f3picos em jornalismo: reda\u00e7\u00e3o e reportagem<\/h3>\n<p>Organizadores: Angela Zamin, Reges Schwaab<\/p>\n<p><a href=\"https:\/\/drive.google.com\/file\/d\/1Ivs5ltFSgH218HH8xtRw2Ewdo44Tx4RU\/view?usp=sharing\" target=\"_blank\" rel=\"noopener\"><strong>Ebook de acesso aberto<\/strong><\/a><strong>\u00a0| Editora Insular | <\/strong>S\u00e9rie Novas Diretrizes vol. 3 | ISBN: 978-85-524-0212-1 | P\u00e1ginas: 372 | Ano: 2021<\/p>\n<p><!-- \/wp:tadv\/classic-paragraph --><\/p><\/div>\n\t\t\t\t\t\t\t\t\t<div class=\"elementor-tab-title elementor-tab-mobile-title\" aria-selected=\"false\" data-tab=\"6\" role=\"tab\" tabindex=\"-1\" aria-controls=\"elementor-tab-content-1066\" aria-expanded=\"false\">Trabalhos em eventos<\/div>\n\t\t\t\t\t<div id=\"elementor-tab-content-1066\" class=\"elementor-tab-content elementor-clearfix\" data-tab=\"6\" role=\"tabpanel\" aria-labelledby=\"elementor-tab-title-1066\" tabindex=\"0\" hidden=\"hidden\"><h5 style=\"font-size: 1rem;border-top-left-radius: calc(-1px + 0.25rem);border-top-right-radius: calc(-1px + 0.25rem);width: 1060.4px\">2025<\/h5>\n<div>\n<ul style=\"font-size: 16px\">\n<li>\n<p dir=\"ltr\" style=\"margin-bottom: 0pt;margin-top: 0pt;line-height: 1.2;text-align: justify\"><span style=\"font-family: Arial, sans-serif;font-size: 11pt;background-color: transparent;vertical-align: baseline\"><span style=\"font-family: Arial, sans-serif;font-size: 11pt;text-align: start;background-color: transparent;vertical-align: baseline\"><b><span style=\"font-size: 11pt;font-family: Arial, sans-serif;background-color: transparent;vertical-align: baseline\">Josu\u00e9 \u00c2ngelo Gris, Julia Raquel Petenon, Micael dos Santos Oleg\u00e1rio, Reges Schwaab<\/span>:<\/b><\/span><br style=\"font-size: 16px;font-weight: 400;text-align: start\" \/><\/span><\/p>\n<p dir=\"ltr\" style=\"margin-bottom: 0pt;margin-top: 0pt;font-size: 16px;line-height: 1.8\" role=\"presentation\"><span data-start=\"172\" data-end=\"263\">GRIS, Josu\u00e9 \u00c2ngelo; PETENON, Julia Raquel; OLEG\u00c1RIO, Micael dos Santos; SCHWAAB, Reges.<\/span> <a href=\"http:\/\/chrome-extension:\/\/efaidnbmnnnibpcajpcglclefindmkaj\/https:\/\/sistemas.intercom.org.br\/pdf\/submissao\/regional\/22\/4039\/0512202515300868223e306e191.pdf\" target=\"_blank\" rel=\"noopener\">Gestos e contextos do narrar de jornalistas brasileiros em reportagens do Pr\u00eamio Gabo (2013-2023).<\/a> In: <strong data-start=\"367\" data-end=\"421\">CONGRESSO DE CI\u00caNCIAS DA COMUNICA\u00c7\u00c3O NA REGI\u00c3O SUL<\/strong>, 24., 2025, Chapec\u00f3. <em data-start=\"443\" data-end=\"453\">Anais&#8230;<\/em> Chapec\u00f3: Intercom \u2013 Sociedade Brasileira de Estudos Interdisciplinares da Comunica\u00e7\u00e3o, 2025.<\/p>\n<\/li>\n<\/ul>\n<\/div>\n<h5 style=\"font-size: 1rem;border-top-left-radius: calc(-1px + 0.25rem);border-top-right-radius: calc(-1px + 0.25rem);width: 1060.4px\">2023<\/h5>\n<ul style=\"font-size: 16px\">\n<li>\n<p dir=\"ltr\" style=\"margin-bottom: 0pt;margin-top: 0pt;line-height: 1.2;text-align: justify\"><span style=\"font-size: 11pt;font-family: Arial, sans-serif;background-color: transparent;vertical-align: baseline\"><b><span style=\"font-family: Arial, sans-serif;font-size: 11pt;font-weight: 400;text-align: start;background-color: transparent;vertical-align: baseline\"><span style=\"font-weight: bold\"><span style=\"background-color: transparent;font-family: Arial, sans-serif;font-size: 11pt;text-align: justify\">Jo\u00e3o Carlos da Silva Neto, Josu\u00e9 \u00c2ngelo Gris, Reges Schwaab<\/span>:<\/span><\/span><br style=\"font-size: 16px;font-weight: 400;text-align: start\" \/><\/b><\/span><\/p>\n<p dir=\"ltr\" style=\"margin-bottom: 0pt;margin-top: 0pt;font-size: 16px;line-height: 1.8\" role=\"presentation\"><span style=\"font-family: Arial, sans-serif;font-size: 11pt;background-color: transparent;text-align: justify\"><span style=\"font-family: Arial, sans-serif;font-size: 11pt;background-color: transparent;vertical-align: baseline\">GRIS, Josu\u00e9 \u00c2ngelo; SILVA NETO, Jo\u00e3o Carlos da; SCHWAAB, Reges.<\/span><span style=\"font-family: Arial, sans-serif;font-size: 11pt;background-color: transparent;vertical-align: baseline\"> <a href=\"https:\/\/proceedings.science\/jpjor-series\/jpjor-2023\/trabalhos\/saberes-sobre-a-reportagem-na-fala-de-jornalistas-brasileiros-no-premio-gabo-201?lang=pt-br\" target=\"_blank\" rel=\"noopener\">Saberes sobre a reportagem na fala de jornalistas brasileiros no Pr\u00eamio Gabo (2013-2023).<\/a> In: ANAIS DO 13\u00b0 <\/span><span style=\"font-family: Arial, sans-serif;font-size: 11pt;background-color: transparent;vertical-align: baseline\">ENCONTRO DE JOVENS PESQUISADORES EM JORNALISMO &#8211;<\/span><span style=\"font-weight: normal;font-family: Arial, sans-serif;font-size: 11pt;background-color: transparent;vertical-align: baseline\"> VOL. 13 2023, 2023, Bras\u00edlia. <\/span><span style=\"font-family: Arial, sans-serif;font-size: 11pt;background-color: transparent;vertical-align: baseline\"><b>Anais Eletr\u00f4nicos&#8230;<\/b>, Gal\u00f3a, 2023.<\/span><\/span><\/p>\n<\/li>\n<\/ul><\/div>\n\t\t\t\t\t\t\t\t\t<div class=\"elementor-tab-title elementor-tab-mobile-title\" aria-selected=\"false\" data-tab=\"7\" role=\"tab\" tabindex=\"-1\" aria-controls=\"elementor-tab-content-1067\" aria-expanded=\"false\">Produ\u00e7\u00e3o T\u00e9cnica<\/div>\n\t\t\t\t\t<div id=\"elementor-tab-content-1067\" class=\"elementor-tab-content elementor-clearfix\" data-tab=\"7\" role=\"tabpanel\" aria-labelledby=\"elementor-tab-title-1067\" tabindex=\"0\" hidden=\"hidden\"><h2 class=\"wp-block-heading\">Podcast Palavra Terra<\/h2>\n<p><iframe src=\"https:\/\/open.spotify.com\/embed\/episode\/6Yj0Cnyf2Quh9B3iL982yx?utm_source=generator\" width=\"100%\" height=\"352\" frameborder=\"0\" allowfullscreen=\"allowfullscreen\"><\/iframe><\/p>\n<p>\u00a0<\/p>\n<h2 class=\"wp-block-heading\"><a href=\"https:\/\/open.spotify.com\/show\/2hVvjSkQq9IH5tAjOzojNk?si=4c251452feb248b0\" target=\"_blank\" rel=\"noopener\">Todos os epis\u00f3dios | Temporada 1 (2024)<\/a><\/h2>\n<p><!-- \/wp:heading --><!-- wp:paragraph --><\/p>\n<p><!-- \/wp:paragraph --><!-- wp:embed {\"url\":\"https:\/\/open.spotify.com\/show\/2hVvjSkQq9IH5tAjOzojNk\",\"type\":\"rich\",\"providerNameSlug\":\"spotify\",\"responsive\":true,\"className\":\"wp-embed-aspect-21-9 wp-has-aspect-ratio\"} --><\/p>\n<p><!-- \/wp:embed --><!-- wp:list --><\/p>\n<ul>\n<li style=\"list-style-type: none\">\n<ul><!-- wp:list-item --><\/ul>\n<br \/>\n<ul>\n<li>Concep\u00e7\u00e3o e dire\u00e7\u00e3o geral: Reges Schwaab<\/li>\n<li>Roteiro: Jo\u00e3o Carlos Neto da Silva<\/li>\n<li>Reportagem e locu\u00e7\u00e3o: Jo\u00e3o Carlos Neto da Silva e Yasmmin Ferreira<\/li>\n<li>Colabora\u00e7\u00e3o: Cl\u00e1udia Herte de Moraes\/Projeto M\u00e3o na M\u00eddia UFSM FW.<\/li>\n<\/ul>\n<\/li>\n<li style=\"list-style-type: none\">\n<p><!-- \/wp:list-item --><!-- wp:list-item --><\/p>\n<ul>\n<li style=\"list-style-type: none\">\u00a0<\/li>\n<\/ul>\n<p><!-- \/wp:list-item --><!-- wp:list-item --><\/p>\n<p><!-- \/wp:list-item --><!-- wp:list-item --><\/p>\n<h3><span style=\"color: #003366\">2015-2017<\/span><\/h3>\n<p><strong>Projeto <em>Visibilidade da Extens\u00e3o<\/em> da UFSM<\/strong><\/p>\n<\/li>\n<li><strong>Revista Extenda<\/strong><\/li>\n<li style=\"list-style-type: none\">\n<p>\u00a0<\/p>\n<iframe src=\"\/\/v.calameo.com\/library\/?type=account&amp;id=8078498&amp;rows=3&amp;sortBy=latestPublished&amp;theme=white&amp;bgColor=f4f4f8&amp;thumbSize=large&amp;showTitle=true&amp;showShadow=true&amp;showGloss=true&amp;showInfo=account&amp;linkTo=view&amp;linkTarget=_blank\" width=\"100%\" height=\"720\" frameborder=\"0\" allowfullscreen=\"allowfullscreen\"><\/iframe><\/li>\n<li><a href=\"https:\/\/www.youtube.com\/playlist?list=PLBB5c0vb8B4GJ0O8bU03kDvl2XqeWIxL2\" target=\"_blank\" rel=\"noopener\"><strong>Extenda | TV Campus <\/strong><\/a><\/li>\n<li><strong>Extenda no R\u00e1dio<\/strong><\/li>\n<li><a href=\"https:\/\/repositorio.ufsm.br\/handle\/1\/3074\" target=\"_blank\" rel=\"noopener\"><strong>Cadernos de Extens\u00e3o<\/strong><\/a> (2015-2017)<\/li>\n<\/ul><\/div>\n\t\t\t\t\t\t\t<\/div>\n\t\t<\/div>\n\t\t\t\t<\/div>\n\t\t\t\t<\/div>\n\t\t\t\t\t<\/div>\n\t\t<\/div>\n\t\t\t\t\t<\/div>\n\t\t<\/section>\n\t\t\t\t<section class=\"elementor-section elementor-top-section elementor-element elementor-element-60076e6 elementor-section-boxed elementor-section-height-default elementor-section-height-default\" data-id=\"60076e6\" data-element_type=\"section\">\n\t\t\t\t\t\t<div class=\"elementor-container elementor-column-gap-default\">\n\t\t\t\t\t<div class=\"elementor-column elementor-col-100 elementor-top-column elementor-element elementor-element-7dc22841\" data-id=\"7dc22841\" data-element_type=\"column\">\n\t\t\t<div class=\"elementor-widget-wrap elementor-element-populated\">\n\t\t\t\t\t\t\t<\/div>\n\t\t<\/div>\n\t\t\t\t\t<\/div>\n\t\t<\/section>\n\t\t\t\t<\/div>\n\t\t","protected":false},"excerpt":{"rendered":"<p>Artigos Teses Disserta\u00e7\u00f5es TCCs Livros Trabalhos em eventos Produ\u00e7\u00e3o T\u00e9cnica Artigos 2026 \u00a0 2025 OLEGARIO, M. S. ; SCHWAAB, R. . A alteridade com humanos e mais-que-humanos como substrato para um outro narrar. Culturas Midi\u00e1ticas, v. 24, p. 199-217, 2025. BOFF, F.; SCHWAAB, R.. Mem\u00f3ria e testemunho da Opera\u00e7\u00e3o Condor na obra do uruguaio Fernando [&hellip;]<\/p>\n","protected":false},"author":25,"featured_media":0,"parent":0,"menu_order":0,"comment_status":"closed","ping_status":"closed","template":"","meta":{"footnotes":""},"categories":[],"tags":[],"class_list":["post-33","page","type-page","status-publish","hentry"],"acf":[],"_links":{"self":[{"href":"https:\/\/www.ufsm.br\/laboratorios\/milpa\/wp-json\/wp\/v2\/pages\/33","targetHints":{"allow":["GET"]}}],"collection":[{"href":"https:\/\/www.ufsm.br\/laboratorios\/milpa\/wp-json\/wp\/v2\/pages"}],"about":[{"href":"https:\/\/www.ufsm.br\/laboratorios\/milpa\/wp-json\/wp\/v2\/types\/page"}],"author":[{"embeddable":true,"href":"https:\/\/www.ufsm.br\/laboratorios\/milpa\/wp-json\/wp\/v2\/users\/25"}],"replies":[{"embeddable":true,"href":"https:\/\/www.ufsm.br\/laboratorios\/milpa\/wp-json\/wp\/v2\/comments?post=33"}],"version-history":[{"count":0,"href":"https:\/\/www.ufsm.br\/laboratorios\/milpa\/wp-json\/wp\/v2\/pages\/33\/revisions"}],"wp:attachment":[{"href":"https:\/\/www.ufsm.br\/laboratorios\/milpa\/wp-json\/wp\/v2\/media?parent=33"}],"wp:term":[{"taxonomy":"category","embeddable":true,"href":"https:\/\/www.ufsm.br\/laboratorios\/milpa\/wp-json\/wp\/v2\/categories?post=33"},{"taxonomy":"post_tag","embeddable":true,"href":"https:\/\/www.ufsm.br\/laboratorios\/milpa\/wp-json\/wp\/v2\/tags?post=33"}],"curies":[{"name":"wp","href":"https:\/\/api.w.org\/{rel}","templated":true}]}}