{"id":5653,"date":"2019-04-16T17:12:11","date_gmt":"2019-04-16T20:12:11","guid":{"rendered":"https:\/\/www.ufsm.br\/comunicacao\/arco\/?page_id=5653"},"modified":"2022-10-11T17:03:43","modified_gmt":"2022-10-11T20:03:43","slug":"expediente","status":"publish","type":"page","link":"https:\/\/www.ufsm.br\/midias\/arco\/expediente","title":{"rendered":"Expediente"},"content":{"rendered":"\t\t<div data-elementor-type=\"wp-post\" data-elementor-id=\"5653\" class=\"elementor elementor-5653\">\n\t\t\t\t\t\t<section class=\"elementor-section elementor-top-section elementor-element elementor-element-7d6bb3a elementor-section-boxed elementor-section-height-default elementor-section-height-default\" data-id=\"7d6bb3a\" data-element_type=\"section\">\n\t\t\t\t\t\t<div class=\"elementor-container elementor-column-gap-default\">\n\t\t\t\t\t<div class=\"elementor-column elementor-col-100 elementor-top-column elementor-element elementor-element-376ec70\" data-id=\"376ec70\" data-element_type=\"column\">\n\t\t\t<div class=\"elementor-widget-wrap elementor-element-populated\">\n\t\t\t\t\t\t<div class=\"elementor-element elementor-element-4538501 elementor-widget elementor-widget-text-editor\" data-id=\"4538501\" data-element_type=\"widget\" data-widget_type=\"text-editor.default\">\n\t\t\t\t<div class=\"elementor-widget-container\">\n\t\t\t\t\t\t\t<p>Revista Arco \u00e9 uma produ\u00e7\u00e3o de jornalismo cient\u00edfico e cultural desenvolvida pela Coordenadoria de Comunica\u00e7\u00e3o Social da Universidade Federal de Santa Maria<\/p>\t\t\t\t\t\t<\/div>\n\t\t\t\t<\/div>\n\t\t\t\t\t<\/div>\n\t\t<\/div>\n\t\t\t\t\t<\/div>\n\t\t<\/section>\n\t\t\t\t<section class=\"elementor-section elementor-top-section elementor-element elementor-element-038fd5d elementor-section-boxed elementor-section-height-default elementor-section-height-default\" data-id=\"038fd5d\" data-element_type=\"section\">\n\t\t\t\t\t\t<div class=\"elementor-container elementor-column-gap-default\">\n\t\t\t\t\t<div class=\"elementor-column elementor-col-50 elementor-top-column elementor-element elementor-element-13a2162\" data-id=\"13a2162\" data-element_type=\"column\">\n\t\t\t<div class=\"elementor-widget-wrap elementor-element-populated\">\n\t\t\t\t\t\t<div class=\"elementor-element elementor-element-9584010 elementor-widget elementor-widget-text-editor\" data-id=\"9584010\" data-element_type=\"widget\" data-widget_type=\"text-editor.default\">\n\t\t\t\t<div class=\"elementor-widget-container\">\n\t\t\t\t\t\t\t<p style=\"margin-bottom: 0px;font-family: LatoRegular;font-size: 18px;color: #000000\"><strong>REITORIA<\/strong><\/p><p style=\"margin-bottom: 0px;font-family: LatoRegular;font-size: 18px;color: #000000\"><span style=\"font-weight: bold\">Reitor:\u00a0<\/span><span style=\"font-size: 12pt\">Luciano Schuch\u00a0<\/span><\/p><p style=\"margin-bottom: 0px;font-family: LatoRegular;font-size: 18px;color: #000000\"><span style=\"font-weight: bold\">Vice-Reitora:<\/span>\u00a0<span style=\"font-size: 12pt\">Martha Adaime<\/span><\/p><p style=\"margin-bottom: 0px;font-family: LatoRegular;font-size: 18px;color: #000000\"><b>Pr\u00f3-Reitor de Planejamento:\u00a0<\/b><span style=\"font-size: 12pt\">Rafael Lazzari<\/span><\/p><p>\u00a0<\/p><p style=\"margin-bottom: 0px;font-family: LatoRegular;font-size: 18px;color: #000000\"><b>COORDENADORIA DE COMUNICA\u00c7\u00c3O SOCIAL<\/b><\/p><p style=\"margin-bottom: 0px;font-family: LatoRegular;font-size: 18px;color: #000000\"><span style=\"font-weight: bold\">Coordenador: <\/span>Maur\u00edcio Dias<\/p><p style=\"margin-bottom: 0px;font-family: LatoRegular;font-size: 18px;color: #000000\">\u00a0<\/p><p style=\"margin-bottom: 0px;font-family: LatoRegular;font-size: 18px;color: #000000\"><span style=\"font-weight: bold\">CONSELHO EDITORIAL<\/span><\/p><p style=\"margin-bottom: 0px;font-family: LatoRegular;font-size: 18px;color: #000000\"><span style=\"font-weight: bold\">Amanda Eloina Scherer\u00a0<\/span><\/p><p style=\"margin-bottom: 0px;font-family: LatoRegular;font-size: 18px;color: #000000\">Professora do Departamento de Letras Cl\u00e1ssicas e Lingu\u00edstica (CAL)<\/p><p style=\"margin-bottom: 0px;font-family: LatoRegular;font-size: 18px;color: #000000\"><b>Andressa da Silveira<\/b><\/p><p style=\"margin-bottom: 0px;font-family: LatoRegular;font-size: 18px;color: #000000\">Professora do Departamento de Ci\u00eancias da Sa\u00fade do Campus Palmeira das Miss\u00f5es<\/p><p style=\"margin-bottom: 0px;font-family: LatoRegular;font-size: 18px;color: #000000\"><span style=\"font-weight: bold\">Beatriz Teixeira Weber<\/span><\/p><p style=\"margin-bottom: 0px;font-family: LatoRegular;font-size: 18px;color: #000000\">Professora do Departamento de Hist\u00f3ria (CCSH)<\/p><p style=\"margin-bottom: 0px;font-family: LatoRegular;font-size: 18px;color: #000000\"><span style=\"font-weight: bold\">Bernardo Baldisserotto<\/span><\/p><p style=\"margin-bottom: 0px;font-family: LatoRegular;font-size: 18px;color: #000000\">Professor do Departamento de Fisiologia e Farmacologia (CCS)<\/p><p style=\"margin-bottom: 0px;font-family: LatoRegular;font-size: 18px;color: #000000\"><strong>D\u00e9bora Ortiz de Le\u00e3o<\/strong><\/p><p style=\"margin-bottom: 0px;font-family: LatoRegular;font-size: 18px;color: #000000\">Professora do Departamento de Administra\u00e7\u00e3o Escolar (CE)<\/p><p style=\"margin-bottom: 0px;font-family: LatoRegular;font-size: 18px;color: #000000\"><b>Karla Giovana Essy<\/b><\/p><p style=\"margin-bottom: 0px;font-family: LatoRegular;font-size: 18px;color: #000000\">Acad\u00eamica de Jornalismo e representante do Diret\u00f3rio Central das e dos Estudantes (DCE)<\/p><p style=\"margin-bottom: 0px;font-family: LatoRegular;font-size: 18px\"><span style=\"font-weight: bold\">En\u00e9ias Tavares<\/span><\/p><p style=\"margin-bottom: 0px;font-family: LatoRegular;font-size: 18px\">Diretor da Editora UFSM<\/p><p style=\"margin-bottom: 0px;font-family: LatoRegular;font-size: 18px;color: #000000\"><span style=\"font-weight: bold\">Flavi Ferreira Lisboa Filho<\/span><\/p><p style=\"margin-bottom: 0px;font-family: LatoRegular;font-size: 18px;color: #000000\">Pr\u00f3-reitor de Extens\u00e3o (PRE)<\/p><p style=\"margin-bottom: 0px;font-family: LatoRegular;font-size: 18px;color: #000000\"><span style=\"font-weight: bold\">Jos\u00e9 Neri Gottfried Paniz<\/span><\/p><p style=\"margin-bottom: 0px;font-family: LatoRegular;font-size: 18px;color: #000000\">Professor do Departamento de Qu\u00edmica (CCNE)<\/p><p style=\"margin-bottom: 0px;font-family: LatoRegular;font-size: 18px;color: #000000\"><span style=\"font-weight: bold\">Lana D&#8217;Avila Campanella<\/span><\/p><p style=\"margin-bottom: 0px;font-family: LatoRegular;font-size: 18px;color: #000000\">Professora do Departamento de Ci\u00eancias da Comunica\u00e7\u00e3o &#8211; Campus Frederico Westphalen<\/p><p style=\"margin-bottom: 0px;font-family: LatoRegular;font-size: 18px;color: #000000\"><span style=\"font-weight: bold\">Larissa Montagner Cervo<\/span><\/p><p style=\"margin-bottom: 0px;font-family: LatoRegular;font-size: 18px;color: #000000\">Coordenadoria de Apoio ao Desenvolvimento de Ensino da Pr\u00f3-Reitoria de Gradua\u00e7\u00e3o (Prograd)<\/p><p style=\"margin-bottom: 0px;font-family: LatoRegular;font-size: 18px\"><span style=\"font-weight: bold\">Leandro Souza da Silva\u00a0<\/span><\/p><p style=\"margin-bottom: 0px;font-family: LatoRegular;font-size: 18px\">Coordenador de Inicia\u00e7\u00e3o Cient\u00edfica da Pr\u00f3-Reitoria de P\u00f3s-Gradua\u00e7\u00e3o e Pesquisa (PRPRG)<\/p><p style=\"margin-bottom: 0px;font-family: LatoRegular;font-size: 18px;color: #000000\"><b>L\u00facio Strazzabosco Dornelles<\/b><\/p><p style=\"margin-bottom: 0px;font-family: LatoRegular;font-size: 18px;color: #000000\">Coordenador de Propriedade Intelectual da Ag\u00eancia de Inova\u00e7\u00e3o e Transfer\u00eancia de Tecnologia (Agittec)<\/p><p style=\"margin-bottom: 0px;font-family: LatoRegular;font-size: 18px;color: #000000\"><span style=\"font-weight: bold\">Marcelo Freitas da Silva<\/span><\/p><p style=\"margin-bottom: 0px;font-family: LatoRegular;font-size: 18px;color: #000000\">Coordenador da Educa\u00e7\u00e3o B\u00e1sica, T\u00e9cnica e Tecnol\u00f3gica (EBTT)<\/p><p style=\"margin-bottom: 0px;font-family: LatoRegular;font-size: 18px;color: #000000\"><span style=\"font-weight: bold\">M\u00e1rcia Gonzalez Feij\u00f3<\/span><\/p><p style=\"margin-bottom: 0px;font-family: LatoRegular;font-size: 18px;color: #000000\">Professora do Departamento de Desportos Individuais (CEFD)<\/p><p style=\"margin-bottom: 0px;font-family: LatoRegular;font-size: 18px;color: #000000\"><b>Marlise Escobar Burger<\/b><\/p><p style=\"margin-bottom: 0px;font-family: LatoRegular;font-size: 18px;color: #000000\">Professora do Departamento de Fisiologia e Farmacologia (CCS)<\/p><p style=\"margin-bottom: 0px;font-family: LatoRegular;font-size: 18px;color: #000000\"><strong>Rafael Aldrighi Tavares<\/strong><\/p><p style=\"margin-bottom: 0px;font-family: LatoRegular;font-size: 18px;color: #000000\">Professor do Departamento de Zootecnia e Ci\u00eancias Biol\u00f3gicas &#8211; Campus Palmeira das Miss\u00f5es<\/p><p style=\"margin-bottom: 0px;font-family: LatoRegular;font-size: 18px;color: #000000\"><span style=\"font-weight: bold\">Rodrigo Josemar Seminoti Jacques<\/span><\/p><p style=\"margin-bottom: 0px;font-family: LatoRegular;font-size: 18px;color: #000000\">Professor do Departamento de Solos (CCR)<\/p><p style=\"margin-bottom: 0px;font-family: LatoRegular;font-size: 18px;color: #000000\"><span style=\"font-weight: bold\">Vanessa Teresinha Alves<\/span><\/p><p style=\"margin-bottom: 0px;font-family: LatoRegular;font-size: 18px;color: #000000\">Professora da Coordenadoria Acad\u00eamica &#8211; Campus Cachoeira do Sul<\/p>\t\t\t\t\t\t<\/div>\n\t\t\t\t<\/div>\n\t\t\t\t\t<\/div>\n\t\t<\/div>\n\t\t\t\t<div class=\"elementor-column elementor-col-50 elementor-top-column elementor-element elementor-element-05929c7\" data-id=\"05929c7\" data-element_type=\"column\">\n\t\t\t<div class=\"elementor-widget-wrap elementor-element-populated\">\n\t\t\t\t\t\t<div class=\"elementor-element elementor-element-bd93f00 elementor-widget elementor-widget-text-editor\" data-id=\"bd93f00\" data-element_type=\"widget\" data-widget_type=\"text-editor.default\">\n\t\t\t\t<div class=\"elementor-widget-container\">\n\t\t\t\t\t\t\t<p><strong>EQUIPE DA REVISTA ARCO<\/strong><\/p>\n<p><\/p>\n<div>\n<p><strong>Estudantes de Jornalismo e Desenho Industrial<\/strong><\/p>\n<\/div>\n<p style=\"margin-bottom: 0px;font-family: LatoRegular;font-size: 18px;color: #000000\"><span style=\"font-family: LatoRegular;font-size: 16px\"><b>Editora de Produ\u00e7\u00e3o<\/b><\/span><span style=\"font-family: LatoRegular;font-size: 16px\">:<span style=\"font-size: 14pt\"> Samara Wobeto (bolsista)<\/span><\/span><\/p>\n<p style=\"margin-bottom: 0px;font-family: LatoRegular;font-size: 18px;color: #000000\"><span style=\"font-family: LatoRegular;font-size: 18px\"><b>Editor de Arte<\/b><\/span><span style=\"font-family: LatoRegular;font-size: 18px\">: Noam Wurzel (bolsista)<\/span><\/p>\n<p style=\"margin-bottom: 0px;font-family: LatoRegular;font-size: 18px;color: #000000\"><span style=\"font-family: LatoRegular;font-size: 18px\"><b>Editora de M\u00eddias Sociais<\/b>: Elo\u00edze Moraes (bolsista)<\/span><\/p>\n<p style=\"margin-bottom: 0px;font-family: LatoRegular;font-size: 18px;color: #000000\"><span style=\"font-family: LatoRegular;font-size: 18px\"><b>Rep\u00f3rteres<\/b><\/span><span style=\"font-family: LatoRegular;font-size: 18px\">: Bernardo Salcedo (volunt\u00e1rio), Caroline de Souza (volunt\u00e1ria), Eloize Moraes (bolsista), Gustavo Salin Nuh (volunt\u00e1rio), Isadora Pellegrini (bolsista), J\u00e9ssica Medeiros (estagi\u00e1ria), Karoline Rosa (volunt\u00e1ria), Milene Eichelberger (volunt\u00e1ria), Nath\u00e1lia Brum (estagi\u00e1ria), Rebeca Kroll (volunt\u00e1ria), Samara Wobeto (bolsista), Tayline Alves Manganelli (volunt\u00e1ria) e Thais Imming (volunt\u00e1ria)<\/span><\/p>\n<p style=\"margin-bottom: 0px;font-family: LatoRegular;font-size: 18px\"><span style=\"font-family: LatoRegular;font-size: 18px\"><b>Ilustradores<\/b><\/span><span style=\"font-family: LatoRegular;font-size: 18px\">: Cristielle Luise (bolsista), Julia Coutinho (bolsista), Lu\u00edz Figueir\u00f3 (bolsista) e Noam Wurzel (bolsista)<\/span><\/p>\n<p style=\"margin-bottom: 0px;font-family: LatoRegular;font-size: 18px\"><span style=\"font-family: LatoRegular;font-size: 18px\"><b>M\u00eddias Sociais<\/b><\/span><span style=\"font-family: LatoRegular;font-size: 18px\">: Eloize Moraes (bolsista), Nath\u00e1lia Brum (estagi\u00e1ria) e Rebeca Kroll (volunt\u00e1ria)<\/span><\/p>\n<p style=\"margin-bottom: 0px;font-family: LatoRegular;font-size: 18px\"><span style=\"font-family: LatoRegular;font-size: 18px\"><br><\/span><\/p>\n<p style=\"margin-bottom: 0px;font-family: LatoRegular;font-size: 18px\"><span style=\"font-weight: 700\">TAEs<\/span><\/p>\n<p style=\"margin-bottom: 0px;font-family: LatoRegular;font-size: 18px\"><span style=\"font-weight: 700\">Editora:&nbsp;<\/span>Mariana Henriques<\/p>\n<p style=\"margin-bottom: 0px;font-family: LatoRegular;font-size: 18px\"><span style=\"font-family: LatoRegular;font-size: 18px\"><span style=\"font-weight: 700\">Editora-chefe<\/span><\/span><span style=\"font-family: LatoRegular;font-size: 18px\">:&nbsp;<\/span><span style=\"font-family: LatoRegular;font-size: 16px\">Luciane Treulieb<\/span><\/p>\n<p style=\"margin-bottom: 0px;font-family: LatoRegular;font-size: 18px;color: #000000\">\n<\/p>\t\t\t\t\t\t<\/div>\n\t\t\t\t<\/div>\n\t\t\t\t\t<\/div>\n\t\t<\/div>\n\t\t\t\t\t<\/div>\n\t\t<\/section>\n\t\t\t\t<\/div>\n\t\t","protected":false},"excerpt":{"rendered":"<p>Revista Arco \u00e9 uma produ\u00e7\u00e3o de jornalismo cient\u00edfico e cultural desenvolvida pela Coordenadoria de Comunica\u00e7\u00e3o Social da Universidade Federal de Santa Maria REITORIA Reitor:\u00a0Luciano Schuch\u00a0 Vice-Reitora:\u00a0Martha Adaime Pr\u00f3-Reitor de Planejamento:\u00a0Rafael Lazzari \u00a0 COORDENADORIA DE COMUNICA\u00c7\u00c3O SOCIAL Coordenador: Maur\u00edcio Dias \u00a0 CONSELHO EDITORIAL Amanda Eloina Scherer\u00a0 Professora do Departamento de Letras Cl\u00e1ssicas e Lingu\u00edstica (CAL) Andressa [&hellip;]<\/p>\n","protected":false},"author":26,"featured_media":0,"parent":0,"menu_order":0,"comment_status":"closed","ping_status":"closed","template":"","meta":{"footnotes":""},"categories":[],"tags":[],"class_list":["post-5653","page","type-page","status-publish","hentry"],"acf":[],"_links":{"self":[{"href":"https:\/\/www.ufsm.br\/midias\/arco\/wp-json\/wp\/v2\/pages\/5653","targetHints":{"allow":["GET"]}}],"collection":[{"href":"https:\/\/www.ufsm.br\/midias\/arco\/wp-json\/wp\/v2\/pages"}],"about":[{"href":"https:\/\/www.ufsm.br\/midias\/arco\/wp-json\/wp\/v2\/types\/page"}],"author":[{"embeddable":true,"href":"https:\/\/www.ufsm.br\/midias\/arco\/wp-json\/wp\/v2\/users\/26"}],"replies":[{"embeddable":true,"href":"https:\/\/www.ufsm.br\/midias\/arco\/wp-json\/wp\/v2\/comments?post=5653"}],"version-history":[{"count":0,"href":"https:\/\/www.ufsm.br\/midias\/arco\/wp-json\/wp\/v2\/pages\/5653\/revisions"}],"wp:attachment":[{"href":"https:\/\/www.ufsm.br\/midias\/arco\/wp-json\/wp\/v2\/media?parent=5653"}],"wp:term":[{"taxonomy":"category","embeddable":true,"href":"https:\/\/www.ufsm.br\/midias\/arco\/wp-json\/wp\/v2\/categories?post=5653"},{"taxonomy":"post_tag","embeddable":true,"href":"https:\/\/www.ufsm.br\/midias\/arco\/wp-json\/wp\/v2\/tags?post=5653"}],"curies":[{"name":"wp","href":"https:\/\/api.w.org\/{rel}","templated":true}]}}