{"id":6434,"date":"2021-02-12T14:12:16","date_gmt":"2021-02-12T17:12:16","guid":{"rendered":"https:\/\/www.ufsm.br\/midias\/arco\/?page_id=6434"},"modified":"2021-02-12T14:14:59","modified_gmt":"2021-02-12T17:14:59","slug":"11a-edicao","status":"publish","type":"page","link":"https:\/\/www.ufsm.br\/midias\/arco\/11a-edicao","title":{"rendered":"11\u00aa edi\u00e7\u00e3o"},"content":{"rendered":"\t\t<div data-elementor-type=\"wp-page\" data-elementor-id=\"6434\" class=\"elementor elementor-6434\">\n\t\t\t\t\t\t<section class=\"elementor-section elementor-top-section elementor-element elementor-element-3959408 elementor-section-boxed elementor-section-height-default elementor-section-height-default\" data-id=\"3959408\" data-element_type=\"section\">\n\t\t\t\t\t\t<div class=\"elementor-container elementor-column-gap-default\">\n\t\t\t\t\t<div class=\"elementor-column elementor-col-100 elementor-top-column elementor-element elementor-element-390a603\" data-id=\"390a603\" data-element_type=\"column\">\n\t\t\t<div class=\"elementor-widget-wrap elementor-element-populated\">\n\t\t\t\t\t\t<div class=\"elementor-element elementor-element-0473de0 elementor-hidden-phone elementor-widget elementor-widget-spacer\" data-id=\"0473de0\" data-element_type=\"widget\" data-widget_type=\"spacer.default\">\n\t\t\t\t<div class=\"elementor-widget-container\">\n\t\t\t\t\t<div class=\"elementor-spacer\">\n\t\t\t<div class=\"elementor-spacer-inner\"><\/div>\n\t\t<\/div>\n\t\t\t\t<\/div>\n\t\t\t\t<\/div>\n\t\t\t\t\t<\/div>\n\t\t<\/div>\n\t\t\t\t\t<\/div>\n\t\t<\/section>\n\t\t\t\t<section class=\"elementor-section elementor-top-section elementor-element elementor-element-e740356 elementor-section-boxed elementor-section-height-default elementor-section-height-default\" data-id=\"e740356\" data-element_type=\"section\" data-settings=\"{&quot;background_background&quot;:&quot;classic&quot;}\">\n\t\t\t\t\t\t<div class=\"elementor-container elementor-column-gap-default\">\n\t\t\t\t\t<div class=\"elementor-column elementor-col-50 elementor-top-column elementor-element elementor-element-dac3d4d\" data-id=\"dac3d4d\" data-element_type=\"column\" data-settings=\"{&quot;background_background&quot;:&quot;classic&quot;}\">\n\t\t\t<div class=\"elementor-widget-wrap elementor-element-populated\">\n\t\t\t\t\t\t<div class=\"elementor-element elementor-element-224b6c3 elementor-widget elementor-widget-spacer\" data-id=\"224b6c3\" data-element_type=\"widget\" data-widget_type=\"spacer.default\">\n\t\t\t\t<div class=\"elementor-widget-container\">\n\t\t\t\t\t<div class=\"elementor-spacer\">\n\t\t\t<div class=\"elementor-spacer-inner\"><\/div>\n\t\t<\/div>\n\t\t\t\t<\/div>\n\t\t\t\t<\/div>\n\t\t\t\t\t<\/div>\n\t\t<\/div>\n\t\t\t\t<div class=\"elementor-column elementor-col-50 elementor-top-column elementor-element elementor-element-a67c18b\" data-id=\"a67c18b\" data-element_type=\"column\">\n\t\t\t<div class=\"elementor-widget-wrap elementor-element-populated\">\n\t\t\t\t\t\t<div class=\"elementor-element elementor-element-e96116d elementor-widget elementor-widget-text-editor\" data-id=\"e96116d\" data-element_type=\"widget\" data-widget_type=\"text-editor.default\">\n\t\t\t\t<div class=\"elementor-widget-container\">\n\t\t\t\t\t\t\t<p><img fetchpriority=\"high\" decoding=\"async\" class=\"alignnone wp-image-6249 size-medium\" src=\"https:\/\/www.ufsm.br\/app\/uploads\/sites\/601\/2020\/08\/capa_miniatura-225x300.jpg\" alt=\"\" width=\"225\" height=\"300\" srcset=\"https:\/\/www.ufsm.br\/app\/uploads\/sites\/601\/2020\/08\/capa_miniatura-225x300.jpg 225w, https:\/\/www.ufsm.br\/app\/uploads\/sites\/601\/2020\/08\/capa_miniatura-768x1024.jpg 768w, https:\/\/www.ufsm.br\/app\/uploads\/sites\/601\/2020\/08\/capa_miniatura.jpg 1152w\" sizes=\"(max-width: 225px) 100vw, 225px\" \/><\/p><p><span style=\"font-size: 24px\"><b>Comunica\u00e7\u00e3o em rede<\/b><\/span><\/p><p><em>A dissemina\u00e7\u00e3o de not\u00edcias falsas e dos discursos de \u00f3dio tornaram as plataformas sociais ambientes preocupantes. Confira o dossi\u00ea e repense os usos das m\u00eddias.<\/em><\/p><p><strong><a href=\"https:\/\/www.ufsm.br\/midias\/arco\/expediente-11\/\">EXPEDIENTE<\/a><\/strong><\/p><p style=\"width: 915px\"><strong><a href=\"https:\/\/www.ufsm.br\/midias\/arco\/carta-do-editor\/\">CARTA DO EDITOR<\/a><\/strong><\/p><p style=\"width: 915px\"><strong><a href=\"https:\/\/issuu.com\/revistaarco\/docs\/11__edi__o\">LEIA NO ISSU<\/a><\/strong><\/p>\t\t\t\t\t\t<\/div>\n\t\t\t\t<\/div>\n\t\t\t\t\t<\/div>\n\t\t<\/div>\n\t\t\t\t\t<\/div>\n\t\t<\/section>\n\t\t\t\t<section class=\"elementor-section elementor-top-section elementor-element elementor-element-0b09c6c elementor-section-boxed elementor-section-height-default elementor-section-height-default\" data-id=\"0b09c6c\" data-element_type=\"section\">\n\t\t\t\t\t\t<div class=\"elementor-container elementor-column-gap-default\">\n\t\t\t\t\t<div class=\"elementor-column elementor-col-100 elementor-top-column elementor-element elementor-element-ba945a6\" data-id=\"ba945a6\" data-element_type=\"column\">\n\t\t\t<div class=\"elementor-widget-wrap elementor-element-populated\">\n\t\t\t\t\t\t<div class=\"elementor-element elementor-element-1293a34 elementor-widget elementor-widget-wp-widget-ufsm_noticias_widget\" data-id=\"1293a34\" data-element_type=\"widget\" data-widget_type=\"wp-widget-ufsm_noticias_widget.default\">\n\t\t\t\t<div class=\"elementor-widget-container\">\n\t\t\t<div class='widget-noticias-inside'>\n                        <div class=\"row\">\n                                    <div class=\"col-12 col-lg-4 pb-4\">\n                                            <div class=\"noticias-widget-wrap\" style=\"height: 180px; overflow: hidden;\">\n                            <a title=\"\" href=\"https:\/\/www.ufsm.br\/midias\/arco\/palavras\">\n                                <span class=\"visually-hidden\">\n                                    Palavras                                <\/span>\n                                <div class=\"noticias-widget-thumbs h-100\">\n                                    <img decoding=\"async\" class=\"object-fit-cover h-100 w-100\" alt=\"\" srcset=\"https:\/\/www.ufsm.br\/app\/uploads\/sites\/601\/2021\/02\/escritos_capa_site-300x196.jpg 300w, https:\/\/www.ufsm.br\/app\/uploads\/sites\/601\/2021\/02\/escritos_capa_site-1024x668.jpg 1024w, https:\/\/www.ufsm.br\/app\/uploads\/sites\/601\/2021\/02\/escritos_capa_site-768x501.jpg 768w, https:\/\/www.ufsm.br\/app\/uploads\/sites\/601\/2021\/02\/escritos_capa_site.jpg 1440w\" src=\"https:\/\/www.ufsm.br\/app\/uploads\/sites\/601\/2021\/02\/escritos_capa_site-1024x668.jpg\"><\/img>\n                                <\/div>\n                            <\/a>\n                        <\/div>\n                                        \n                                            <span class='categoria-publicacao-widget'>\n                            Escritos                        <\/span>\n                        <br>\n                                        \n                    \n                    <a class=\"noticias-widget-title d-block  m-0 \"  title=\"Palavras\" href=\"https:\/\/www.ufsm.br\/midias\/arco\/palavras\">\n                                                Palavras                    <\/a>\n                    \n                                            <div class=\"noticias-widget-introtext\">\n                            Por Lucas Gutierres* \u00a0A solid\u00e3o j\u00e1 me presenteou com diversas coisas.\u00a0 amor,\u00a0 desejo,\u00a0 decep\u00e7\u00e3o,\u00a0 melancolia.\u00a0 e, principalmente, palavras.\u00a0 palavras bonitas&hellip;                        <\/div>\n                    \n                                        \n                                        \n                                        <\/div>\n                                    <div class=\"col-12 col-lg-4 pb-4\">\n                                            <div class=\"noticias-widget-wrap\" style=\"height: 180px; overflow: hidden;\">\n                            <a title=\"\" href=\"https:\/\/www.ufsm.br\/midias\/arco\/bonsai\">\n                                <span class=\"visually-hidden\">\n                                    \u00c1rvore na bandeja                                <\/span>\n                                <div class=\"noticias-widget-thumbs h-100\">\n                                    <img decoding=\"async\" class=\"object-fit-cover h-100 w-100\" alt=\"\" srcset=\"https:\/\/www.ufsm.br\/app\/uploads\/sites\/601\/2021\/02\/bonsai_capa_sem_texto-300x196.jpg 300w, https:\/\/www.ufsm.br\/app\/uploads\/sites\/601\/2021\/02\/bonsai_capa_sem_texto-1024x668.jpg 1024w, https:\/\/www.ufsm.br\/app\/uploads\/sites\/601\/2021\/02\/bonsai_capa_sem_texto-768x501.jpg 768w, https:\/\/www.ufsm.br\/app\/uploads\/sites\/601\/2021\/02\/bonsai_capa_sem_texto.jpg 1440w\" src=\"https:\/\/www.ufsm.br\/app\/uploads\/sites\/601\/2021\/02\/bonsai_capa_sem_texto-1024x668.jpg\"><\/img>\n                                <\/div>\n                            <\/a>\n                        <\/div>\n                                        \n                                            <span class='categoria-publicacao-widget'>\n                            Ambiente, Biodiversidade                        <\/span>\n                        <br>\n                                        \n                    \n                    <a class=\"noticias-widget-title d-block  m-0 \"  title=\"\u00c1rvore na bandeja\" href=\"https:\/\/www.ufsm.br\/midias\/arco\/bonsai\">\n                                                \u00c1rvore na bandeja                    <\/a>\n                    \n                                            <div class=\"noticias-widget-introtext\">\n                            Agr\u00f4nomo acelera produ\u00e7\u00e3o de frut\u00edferas como a jabuticabeira com t\u00e9cnica milenar Bonsai significa \u00e1rvore na bandeja. A t\u00e9cnica foi usada&hellip;                        <\/div>\n                    \n                                        \n                                        \n                                        <\/div>\n                                    <div class=\"col-12 col-lg-4 pb-4\">\n                                            <div class=\"noticias-widget-wrap\" style=\"height: 180px; overflow: hidden;\">\n                            <a title=\"\" href=\"https:\/\/www.ufsm.br\/midias\/arco\/volver-odonto\">\n                                <span class=\"visually-hidden\">\n                                    Um sorriso que emplaca teoria e pr\u00e1tica odontol\u00f3gica                                <\/span>\n                                <div class=\"noticias-widget-thumbs h-100\">\n                                    <img decoding=\"async\" class=\"object-fit-cover h-100 w-100\" alt=\"\" srcset=\"https:\/\/www.ufsm.br\/app\/uploads\/sites\/601\/2021\/02\/volver_capa_site-300x196.jpg 300w, https:\/\/www.ufsm.br\/app\/uploads\/sites\/601\/2021\/02\/volver_capa_site-1024x668.jpg 1024w, https:\/\/www.ufsm.br\/app\/uploads\/sites\/601\/2021\/02\/volver_capa_site-768x501.jpg 768w, https:\/\/www.ufsm.br\/app\/uploads\/sites\/601\/2021\/02\/volver_capa_site.jpg 1440w\" src=\"https:\/\/www.ufsm.br\/app\/uploads\/sites\/601\/2021\/02\/volver_capa_site-1024x668.jpg\"><\/img>\n                                <\/div>\n                            <\/a>\n                        <\/div>\n                                        \n                                            <span class='categoria-publicacao-widget'>\n                            Volver                        <\/span>\n                        <br>\n                                        \n                    \n                    <a class=\"noticias-widget-title d-block  m-0 \"  title=\"Um sorriso que emplaca teoria e pr\u00e1tica odontol\u00f3gica\" href=\"https:\/\/www.ufsm.br\/midias\/arco\/volver-odonto\">\n                                                Um sorriso que emplaca teoria e pr\u00e1tica odontol\u00f3gica                    <\/a>\n                    \n                                            <div class=\"noticias-widget-introtext\">\n                            No Ex\u00e9rcito, a odont\u00f3loga Anelise Montagner aplica conhecimentos em dent\u00edstica obtidos na p\u00f3s-gradua\u00e7\u00e3o da UFSM Quem diz que dentista n\u00e3o&hellip;                        <\/div>\n                    \n                                        \n                                        \n                                        <\/div>\n                            <\/div>\n                    <div class=\"row\">\n                                    <div class=\"col-12 col-lg-4 pb-4\">\n                                            <div class=\"noticias-widget-wrap\" style=\"height: 180px; overflow: hidden;\">\n                            <a title=\"\" href=\"https:\/\/www.ufsm.br\/midias\/arco\/vida-morte-e-poesia\">\n                                <span class=\"visually-hidden\">\n                                    Vida, morte e poesia                                <\/span>\n                                <div class=\"noticias-widget-thumbs h-100\">\n                                    <img decoding=\"async\" class=\"object-fit-cover h-100 w-100\" alt=\"\" srcset=\"https:\/\/www.ufsm.br\/app\/uploads\/sites\/601\/2021\/02\/editora_capa_site-300x196.jpg 300w, https:\/\/www.ufsm.br\/app\/uploads\/sites\/601\/2021\/02\/editora_capa_site-1024x668.jpg 1024w, https:\/\/www.ufsm.br\/app\/uploads\/sites\/601\/2021\/02\/editora_capa_site-768x501.jpg 768w, https:\/\/www.ufsm.br\/app\/uploads\/sites\/601\/2021\/02\/editora_capa_site.jpg 1440w\" src=\"https:\/\/www.ufsm.br\/app\/uploads\/sites\/601\/2021\/02\/editora_capa_site-1024x668.jpg\"><\/img>\n                                <\/div>\n                            <\/a>\n                        <\/div>\n                                        \n                                            <span class='categoria-publicacao-widget'>\n                            Editora                        <\/span>\n                        <br>\n                                        \n                    \n                    <a class=\"noticias-widget-title d-block  m-0 \"  title=\"Vida, morte e poesia\" href=\"https:\/\/www.ufsm.br\/midias\/arco\/vida-morte-e-poesia\">\n                                                Vida, morte e poesia                    <\/a>\n                    \n                                            <div class=\"noticias-widget-introtext\">\n                            \u201cQuem lembrar\u00e1 de mim passados vinte anos?\u201d. A preocupa\u00e7\u00e3o do m\u00e9dico e poeta porto-alegrense Luiz Guilherme do Prado Veppo, expressa&hellip;                        <\/div>\n                    \n                                        \n                                        \n                                        <\/div>\n                                    <div class=\"col-12 col-lg-4 pb-4\">\n                                            <div class=\"noticias-widget-wrap\" style=\"height: 180px; overflow: hidden;\">\n                            <a title=\"\" href=\"https:\/\/www.ufsm.br\/midias\/arco\/libras-na-infancia\">\n                                <span class=\"visually-hidden\">\n                                    Libras na inf\u00e2ncia                                <\/span>\n                                <div class=\"noticias-widget-thumbs h-100\">\n                                    <img decoding=\"async\" class=\"object-fit-cover h-100 w-100\" alt=\"\" srcset=\"https:\/\/www.ufsm.br\/app\/uploads\/sites\/601\/2021\/02\/HQ_capa_site-1-300x196.jpg 300w, https:\/\/www.ufsm.br\/app\/uploads\/sites\/601\/2021\/02\/HQ_capa_site-1-1024x668.jpg 1024w, https:\/\/www.ufsm.br\/app\/uploads\/sites\/601\/2021\/02\/HQ_capa_site-1-768x501.jpg 768w, https:\/\/www.ufsm.br\/app\/uploads\/sites\/601\/2021\/02\/HQ_capa_site-1.jpg 1440w\" src=\"https:\/\/www.ufsm.br\/app\/uploads\/sites\/601\/2021\/02\/HQ_capa_site-1-1024x668.jpg\"><\/img>\n                                <\/div>\n                            <\/a>\n                        <\/div>\n                                        \n                                            <span class='categoria-publicacao-widget'>\n                            Quadrinhos                        <\/span>\n                        <br>\n                                        \n                    \n                    <a class=\"noticias-widget-title d-block  m-0 \"  title=\"Libras na inf\u00e2ncia\" href=\"https:\/\/www.ufsm.br\/midias\/arco\/libras-na-infancia\">\n                                                Libras na inf\u00e2ncia                    <\/a>\n                    \n                                            <div class=\"noticias-widget-introtext\">\n                            Reportagem em quadrinhos mostra import\u00e2ncia de projeto da UFSM que leva a L\u00edngua Brasileira de Sinais para escolas municipais                        <\/div>\n                    \n                                        \n                                        \n                                        <\/div>\n                                    <div class=\"col-12 col-lg-4 pb-4\">\n                                            <div class=\"noticias-widget-wrap\" style=\"height: 180px; overflow: hidden;\">\n                            <a title=\"\" href=\"https:\/\/www.ufsm.br\/midias\/arco\/projeto-inspira\">\n                                <span class=\"visually-hidden\">\n                                    Uma pausa na dist\u00e2ncia                                <\/span>\n                                <div class=\"noticias-widget-thumbs h-100\">\n                                    <img decoding=\"async\" class=\"object-fit-cover h-100 w-100\" alt=\"\" srcset=\"https:\/\/www.ufsm.br\/app\/uploads\/sites\/601\/2021\/02\/extenda_capa_site-300x196.jpg 300w, https:\/\/www.ufsm.br\/app\/uploads\/sites\/601\/2021\/02\/extenda_capa_site-1024x669.jpg 1024w, https:\/\/www.ufsm.br\/app\/uploads\/sites\/601\/2021\/02\/extenda_capa_site-768x502.jpg 768w, https:\/\/www.ufsm.br\/app\/uploads\/sites\/601\/2021\/02\/extenda_capa_site.jpg 1440w\" src=\"https:\/\/www.ufsm.br\/app\/uploads\/sites\/601\/2021\/02\/extenda_capa_site-1024x669.jpg\"><\/img>\n                                <\/div>\n                            <\/a>\n                        <\/div>\n                                        \n                                            <span class='categoria-publicacao-widget'>\n                            Extenda                        <\/span>\n                        <br>\n                                        \n                    \n                    <a class=\"noticias-widget-title d-block  m-0 \"  title=\"Uma pausa na dist\u00e2ncia\" href=\"https:\/\/www.ufsm.br\/midias\/arco\/projeto-inspira\">\n                                                Uma pausa na dist\u00e2ncia                    <\/a>\n                    \n                                            <div class=\"noticias-widget-introtext\">\n                            O projeto Inspira re\u00fane m\u00e3es em priva\u00e7\u00e3o de liberdade e filhos para tarde de atividades                        <\/div>\n                    \n                                        \n                                        \n                                        <\/div>\n                            <\/div>\n                    <div class=\"row\">\n                                    <div class=\"col-12 col-lg-4 pb-4\">\n                                            <div class=\"noticias-widget-wrap\" style=\"height: 180px; overflow: hidden;\">\n                            <a title=\"Ilustra\u00e7\u00e3o horizontal colorida inspirada no quadro \u00daltima Ceia. No lugar dos ap\u00f3stolos, personagens relacionadas \u00e0 cerveja, como a mulher ass\u00edria, os antigos eg\u00edpcios, uma freira, um cientista e um lorde.\" href=\"https:\/\/www.ufsm.br\/midias\/arco\/como-surgiu-cerveja\">\n                                <span class=\"visually-hidden\">\n                                    Ilustra\u00e7\u00e3o horizontal colorida inspirada no quadro \u00daltima Ceia. No lugar dos ap\u00f3stolos, personagens relacionadas \u00e0 cerveja, como a mulher ass\u00edria, os antigos eg\u00edpcios, uma freira, um cientista e um lorde.                                <\/span>\n                                <div class=\"noticias-widget-thumbs h-100\">\n                                    <img decoding=\"async\" class=\"object-fit-cover h-100 w-100\" alt=\"\" srcset=\"https:\/\/www.ufsm.br\/app\/uploads\/sites\/601\/2021\/02\/como_surgiu_cerveja-300x196.jpg 300w, https:\/\/www.ufsm.br\/app\/uploads\/sites\/601\/2021\/02\/como_surgiu_cerveja-1024x668.jpg 1024w, https:\/\/www.ufsm.br\/app\/uploads\/sites\/601\/2021\/02\/como_surgiu_cerveja-768x501.jpg 768w, https:\/\/www.ufsm.br\/app\/uploads\/sites\/601\/2021\/02\/como_surgiu_cerveja.jpg 1440w\" src=\"https:\/\/www.ufsm.br\/app\/uploads\/sites\/601\/2021\/02\/como_surgiu_cerveja-1024x668.jpg\"><\/img>\n                                <\/div>\n                            <\/a>\n                        <\/div>\n                                        \n                                            <span class='categoria-publicacao-widget'>\n                            Como Surgiu                        <\/span>\n                        <br>\n                                        \n                    \n                    <a class=\"noticias-widget-title d-block  m-0 \"  title=\"A favorita\" href=\"https:\/\/www.ufsm.br\/midias\/arco\/como-surgiu-cerveja\">\n                                                A favorita                    <\/a>\n                    \n                                            <div class=\"noticias-widget-introtext\">\n                            Seja em casa ou no bar com os amigos, a cerveja est\u00e1 presente em diversas ocasi\u00f5es. Mas voc\u00ea sabia que&hellip;                        <\/div>\n                    \n                                        \n                                        \n                                        <\/div>\n                                    <div class=\"col-12 col-lg-4 pb-4\">\n                                            <div class=\"noticias-widget-wrap\" style=\"height: 180px; overflow: hidden;\">\n                            <a title=\"\" href=\"https:\/\/www.ufsm.br\/midias\/arco\/mediacao-no-seculo-xxi\">\n                                <span class=\"visually-hidden\">\n                                    Media\u00e7\u00e3o no S\u00e9culo XXI                                <\/span>\n                                <div class=\"noticias-widget-thumbs h-100\">\n                                    <img decoding=\"async\" class=\"object-fit-cover h-100 w-100\" alt=\"\" srcset=\"https:\/\/www.ufsm.br\/app\/uploads\/sites\/601\/2021\/02\/mediacao_capa_site-300x196.jpg 300w, https:\/\/www.ufsm.br\/app\/uploads\/sites\/601\/2021\/02\/mediacao_capa_site-1024x668.jpg 1024w, https:\/\/www.ufsm.br\/app\/uploads\/sites\/601\/2021\/02\/mediacao_capa_site-768x501.jpg 768w, https:\/\/www.ufsm.br\/app\/uploads\/sites\/601\/2021\/02\/mediacao_capa_site.jpg 1440w\" src=\"https:\/\/www.ufsm.br\/app\/uploads\/sites\/601\/2021\/02\/mediacao_capa_site-1024x668.jpg\"><\/img>\n                                <\/div>\n                            <\/a>\n                        <\/div>\n                                        \n                                            <span class='categoria-publicacao-widget'>\n                            Dossi\u00ea M\u00eddias Sociais                        <\/span>\n                        <br>\n                                        \n                    \n                    <a class=\"noticias-widget-title d-block  m-0 \"  title=\"Media\u00e7\u00e3o no S\u00e9culo XXI\" href=\"https:\/\/www.ufsm.br\/midias\/arco\/mediacao-no-seculo-xxi\">\n                                                Media\u00e7\u00e3o no S\u00e9culo XXI                    <\/a>\n                    \n                                            <div class=\"noticias-widget-introtext\">\n                            Jornalismo precisa ser equiparado \u00e0 produ\u00e7\u00e3o cient\u00edfica para resgatar a credibilidade perdida nos \u00faltimos anos O jornalismo \u00e9 respons\u00e1vel por&hellip;                        <\/div>\n                    \n                                        \n                                        \n                                        <\/div>\n                                    <div class=\"col-12 col-lg-4 pb-4\">\n                                            <div class=\"noticias-widget-wrap\" style=\"height: 180px; overflow: hidden;\">\n                            <a title=\"\" href=\"https:\/\/www.ufsm.br\/midias\/arco\/isso-e-fake-news\">\n                                <span class=\"visually-hidden\">\n                                    Isso \u00e9 fake news                                <\/span>\n                                <div class=\"noticias-widget-thumbs h-100\">\n                                    <img decoding=\"async\" class=\"object-fit-cover h-100 w-100\" alt=\"\" srcset=\"https:\/\/www.ufsm.br\/app\/uploads\/sites\/601\/2020\/07\/capa-300x196.jpg 300w, https:\/\/www.ufsm.br\/app\/uploads\/sites\/601\/2020\/07\/capa-1024x668.jpg 1024w, https:\/\/www.ufsm.br\/app\/uploads\/sites\/601\/2020\/07\/capa-768x501.jpg 768w, https:\/\/www.ufsm.br\/app\/uploads\/sites\/601\/2020\/07\/capa.jpg 1440w\" src=\"https:\/\/www.ufsm.br\/app\/uploads\/sites\/601\/2020\/07\/capa-1024x668.jpg\"><\/img>\n                                <\/div>\n                            <\/a>\n                        <\/div>\n                                        \n                                            <span class='categoria-publicacao-widget'>\n                            Dossi\u00ea M\u00eddias Sociais                        <\/span>\n                        <br>\n                                        \n                    \n                    <a class=\"noticias-widget-title d-block  m-0 \"  title=\"Isso \u00e9 fake news\" href=\"https:\/\/www.ufsm.br\/midias\/arco\/isso-e-fake-news\">\n                                                Isso \u00e9 fake news                    <\/a>\n                    \n                                            <div class=\"noticias-widget-introtext\">\n                            Em pesquisa realizada pelo Centro para a Inova\u00e7\u00e3o em Governan\u00e7a Internacional, 86% das pessoas consultadas admitiram ter acreditado em not\u00edcias&hellip;                        <\/div>\n                    \n                                        \n                                        \n                                        <\/div>\n                            <\/div>\n                    <div class=\"row\">\n                                    <div class=\"col-12 col-lg-4 pb-4\">\n                                            <div class=\"noticias-widget-wrap\" style=\"height: 180px; overflow: hidden;\">\n                            <a title=\"\" href=\"https:\/\/www.ufsm.br\/midias\/arco\/recordacoes11\">\n                                <span class=\"visually-hidden\">\n                                    Ouvir e respeitar para conhecer                                <\/span>\n                                <div class=\"noticias-widget-thumbs h-100\">\n                                    <img decoding=\"async\" class=\"object-fit-cover h-100 w-100\" alt=\"\" srcset=\"https:\/\/www.ufsm.br\/app\/uploads\/sites\/601\/2021\/02\/recordacoes_capa_site-300x196.jpg 300w, https:\/\/www.ufsm.br\/app\/uploads\/sites\/601\/2021\/02\/recordacoes_capa_site-1024x668.jpg 1024w, https:\/\/www.ufsm.br\/app\/uploads\/sites\/601\/2021\/02\/recordacoes_capa_site-768x501.jpg 768w, https:\/\/www.ufsm.br\/app\/uploads\/sites\/601\/2021\/02\/recordacoes_capa_site.jpg 1440w\" src=\"https:\/\/www.ufsm.br\/app\/uploads\/sites\/601\/2021\/02\/recordacoes_capa_site-1024x668.jpg\"><\/img>\n                                <\/div>\n                            <\/a>\n                        <\/div>\n                                        \n                                            <span class='categoria-publicacao-widget'>\n                            Recorda\u00e7\u00f5es                        <\/span>\n                        <br>\n                                        \n                    \n                    <a class=\"noticias-widget-title d-block  m-0 \"  title=\"Ouvir e respeitar para conhecer\" href=\"https:\/\/www.ufsm.br\/midias\/arco\/recordacoes11\">\n                                                Ouvir e respeitar para conhecer                    <\/a>\n                    \n                                            <div class=\"noticias-widget-introtext\">\n                            Por Marizete Vargas Pereira* No final do meu curso de Pedagogia, em 2004, escolhi o Ip\u00ea Amarelo e uma turma&hellip;                        <\/div>\n                    \n                                        \n                                        \n                                        <\/div>\n                                    <div class=\"col-12 col-lg-4 pb-4\">\n                                            <div class=\"noticias-widget-wrap\" style=\"height: 180px; overflow: hidden;\">\n                            <a title=\"\" href=\"https:\/\/www.ufsm.br\/midias\/arco\/autocuidado-recicladores\">\n                                <span class=\"visually-hidden\">\n                                    Aqui tamb\u00e9m \u00e9 lugar de cuidado                                <\/span>\n                                <div class=\"noticias-widget-thumbs h-100\">\n                                    <img decoding=\"async\" class=\"object-fit-cover h-100 w-100\" alt=\"\" srcset=\"https:\/\/www.ufsm.br\/app\/uploads\/sites\/601\/2021\/02\/diario_de_campo_site-300x196.jpg 300w, https:\/\/www.ufsm.br\/app\/uploads\/sites\/601\/2021\/02\/diario_de_campo_site-1024x668.jpg 1024w, https:\/\/www.ufsm.br\/app\/uploads\/sites\/601\/2021\/02\/diario_de_campo_site-768x501.jpg 768w, https:\/\/www.ufsm.br\/app\/uploads\/sites\/601\/2021\/02\/diario_de_campo_site.jpg 1440w\" src=\"https:\/\/www.ufsm.br\/app\/uploads\/sites\/601\/2021\/02\/diario_de_campo_site-1024x668.jpg\"><\/img>\n                                <\/div>\n                            <\/a>\n                        <\/div>\n                                        \n                                            <span class='categoria-publicacao-widget'>\n                            Di\u00e1rio de Campo                        <\/span>\n                        <br>\n                                        \n                    \n                    <a class=\"noticias-widget-title d-block  m-0 \"  title=\"Aqui tamb\u00e9m \u00e9 lugar de cuidado\" href=\"https:\/\/www.ufsm.br\/midias\/arco\/autocuidado-recicladores\">\n                                                Aqui tamb\u00e9m \u00e9 lugar de cuidado                    <\/a>\n                    \n                                            <div class=\"noticias-widget-introtext\">\n                            Pesquisadora da UFSM realiza imers\u00e3o na rotina de catadores em galp\u00f5es de reciclagem em Santa Maria para pesquisar sobre condi\u00e7\u00f5es&hellip;                        <\/div>\n                    \n                                        \n                                        \n                                        <\/div>\n                                    <div class=\"col-12 col-lg-4 pb-4\">\n                                            <div class=\"noticias-widget-wrap\" style=\"height: 180px; overflow: hidden;\">\n                            <a title=\"\" href=\"https:\/\/www.ufsm.br\/midias\/arco\/golbol-futebol5\">\n                                <span class=\"visually-hidden\">\n                                    Inclus\u00e3o nas quadras                                <\/span>\n                                <div class=\"noticias-widget-thumbs h-100\">\n                                    <img decoding=\"async\" class=\"object-fit-cover h-100 w-100\" alt=\"\" srcset=\"https:\/\/www.ufsm.br\/app\/uploads\/sites\/601\/2021\/02\/sociedade_capa_site-300x196.jpg 300w, https:\/\/www.ufsm.br\/app\/uploads\/sites\/601\/2021\/02\/sociedade_capa_site-1024x668.jpg 1024w, https:\/\/www.ufsm.br\/app\/uploads\/sites\/601\/2021\/02\/sociedade_capa_site-768x501.jpg 768w, https:\/\/www.ufsm.br\/app\/uploads\/sites\/601\/2021\/02\/sociedade_capa_site.jpg 1440w\" src=\"https:\/\/www.ufsm.br\/app\/uploads\/sites\/601\/2021\/02\/sociedade_capa_site-1024x668.jpg\"><\/img>\n                                <\/div>\n                            <\/a>\n                        <\/div>\n                                        \n                                            <span class='categoria-publicacao-widget'>\n                            Sociedade                        <\/span>\n                        <br>\n                                        \n                    \n                    <a class=\"noticias-widget-title d-block  m-0 \"  title=\"Inclus\u00e3o nas quadras\" href=\"https:\/\/www.ufsm.br\/midias\/arco\/golbol-futebol5\">\n                                                Inclus\u00e3o nas quadras                    <\/a>\n                    \n                                            <div class=\"noticias-widget-introtext\">\n                            Futebol 5 e golbol oportunizam que pessoas cegas e com baixa vis\u00e3o sejam mais ativas                        <\/div>\n                    \n                                        \n                                        \n                                        <\/div>\n                            <\/div>\n                    <div class=\"row\">\n                                    <div class=\"col-12 col-lg-4 pb-4\">\n                                            <div class=\"noticias-widget-wrap\" style=\"height: 180px; overflow: hidden;\">\n                            <a title=\"\" href=\"https:\/\/www.ufsm.br\/midias\/arco\/liberdade-expressao-agressao\">\n                                <span class=\"visually-hidden\">\n                                    Liberdade de Express\u00e3o ou de Agress\u00e3o?                                <\/span>\n                                <div class=\"noticias-widget-thumbs h-100\">\n                                    <img decoding=\"async\" class=\"object-fit-cover h-100 w-100\" alt=\"\" srcset=\"https:\/\/www.ufsm.br\/app\/uploads\/sites\/601\/2021\/02\/expressao_capa_site-300x196.jpg 300w, https:\/\/www.ufsm.br\/app\/uploads\/sites\/601\/2021\/02\/expressao_capa_site-1024x668.jpg 1024w, https:\/\/www.ufsm.br\/app\/uploads\/sites\/601\/2021\/02\/expressao_capa_site-768x501.jpg 768w, https:\/\/www.ufsm.br\/app\/uploads\/sites\/601\/2021\/02\/expressao_capa_site.jpg 1440w\" src=\"https:\/\/www.ufsm.br\/app\/uploads\/sites\/601\/2021\/02\/expressao_capa_site-1024x668.jpg\"><\/img>\n                                <\/div>\n                            <\/a>\n                        <\/div>\n                                        \n                                            <span class='categoria-publicacao-widget'>\n                            Di\u00e1rio de Campo, Dossi\u00ea M\u00eddias Sociais                        <\/span>\n                        <br>\n                                        \n                    \n                    <a class=\"noticias-widget-title d-block  m-0 \"  title=\"Liberdade de Express\u00e3o ou de Agress\u00e3o?\" href=\"https:\/\/www.ufsm.br\/midias\/arco\/liberdade-expressao-agressao\">\n                                                Liberdade de Express\u00e3o ou de Agress\u00e3o?                    <\/a>\n                    \n                                            <div class=\"noticias-widget-introtext\">\n                            Com o crescimento do uso da internet, aumentam tamb\u00e9m os discursos de \u00f3dio \u00e0s minorias, muitos deles feitos sob o&hellip;                        <\/div>\n                    \n                                        \n                                        \n                                        <\/div>\n                                    <div class=\"col-12 col-lg-4 pb-4\">\n                                            <div class=\"noticias-widget-wrap\" style=\"height: 180px; overflow: hidden;\">\n                            <a title=\"\" href=\"https:\/\/www.ufsm.br\/midias\/arco\/cavalo-so-dorme-em-pe-o-corpo-da-choque-poda-de-arvores-deve-ser-feita-em-meses-com-r\">\n                                <span class=\"visually-hidden\">\n                                    Cavalo s\u00f3 dorme em p\u00e9? O corpo pode dar choque? A poda de \u00e1rvores deve ser feita em meses com &#8216;R&#8217;?                                <\/span>\n                                <div class=\"noticias-widget-thumbs h-100\">\n                                    <img decoding=\"async\" class=\"object-fit-cover h-100 w-100\" alt=\"\" srcset=\"https:\/\/www.ufsm.br\/app\/uploads\/sites\/601\/2021\/02\/curiosidades_capa_site-300x196.jpg 300w, https:\/\/www.ufsm.br\/app\/uploads\/sites\/601\/2021\/02\/curiosidades_capa_site-1024x668.jpg 1024w, https:\/\/www.ufsm.br\/app\/uploads\/sites\/601\/2021\/02\/curiosidades_capa_site-768x501.jpg 768w, https:\/\/www.ufsm.br\/app\/uploads\/sites\/601\/2021\/02\/curiosidades_capa_site.jpg 1440w\" src=\"https:\/\/www.ufsm.br\/app\/uploads\/sites\/601\/2021\/02\/curiosidades_capa_site-1024x668.jpg\"><\/img>\n                                <\/div>\n                            <\/a>\n                        <\/div>\n                                        \n                                            <span class='categoria-publicacao-widget'>\n                            Curiosidades                        <\/span>\n                        <br>\n                                        \n                    \n                    <a class=\"noticias-widget-title d-block  m-0 \"  title=\"Cavalo s\u00f3 dorme em p\u00e9? O corpo pode dar choque? A poda de \u00e1rvores deve ser feita em meses com &#8216;R&#8217;?\" href=\"https:\/\/www.ufsm.br\/midias\/arco\/cavalo-so-dorme-em-pe-o-corpo-da-choque-poda-de-arvores-deve-ser-feita-em-meses-com-r\">\n                                                Cavalo s\u00f3 dorme em p\u00e9? O corpo pode dar choque? A poda de \u00e1rvores deve ser feita em meses com &#8216;R&#8217;?                    <\/a>\n                    \n                                            <div class=\"noticias-widget-introtext\">\n                            O cavalo s\u00f3 dorme em p\u00e9? Dizem que o cavalo dorme em p\u00e9 e que s\u00f3 deita quando est\u00e1 mal&hellip;                        <\/div>\n                    \n                                        \n                                        \n                                        <\/div>\n                                    <div class=\"col-12 col-lg-4 pb-4\">\n                                            <div class=\"noticias-widget-wrap\" style=\"height: 180px; overflow: hidden;\">\n                            <a title=\"\" href=\"https:\/\/www.ufsm.br\/midias\/arco\/carta-do-editor\">\n                                <span class=\"visually-hidden\">\n                                    Carta do Editor                                <\/span>\n                                <div class=\"noticias-widget-thumbs h-100\">\n                                    <img decoding=\"async\" class=\"object-fit-cover h-100 w-100\" alt=\"\" srcset=\"https:\/\/www.ufsm.br\/app\/uploads\/sites\/601\/2020\/04\/carta_do_editor_capa_site_-300x196.jpg 300w, https:\/\/www.ufsm.br\/app\/uploads\/sites\/601\/2020\/04\/carta_do_editor_capa_site_-1024x668.jpg 1024w, https:\/\/www.ufsm.br\/app\/uploads\/sites\/601\/2020\/04\/carta_do_editor_capa_site_-768x501.jpg 768w, https:\/\/www.ufsm.br\/app\/uploads\/sites\/601\/2020\/04\/carta_do_editor_capa_site_.jpg 1440w\" src=\"https:\/\/www.ufsm.br\/app\/uploads\/sites\/601\/2020\/04\/carta_do_editor_capa_site_-1024x668.jpg\"><\/img>\n                                <\/div>\n                            <\/a>\n                        <\/div>\n                                        \n                                            <span class='categoria-publicacao-widget'>\n                            Carta do Editor                        <\/span>\n                        <br>\n                                        \n                    \n                    <a class=\"noticias-widget-title d-block  m-0 \"  title=\"Carta do Editor\" href=\"https:\/\/www.ufsm.br\/midias\/arco\/carta-do-editor\">\n                                                Carta do Editor                    <\/a>\n                    \n                                            <div class=\"noticias-widget-introtext\">\n                            Acreditamos que a ci\u00eancia contempla diferentes \u00e1reas e n\u00e3o pode ser associada apenas \u00e0quelas que trabalham com seres vivos, subst\u00e2ncias&hellip;                        <\/div>\n                    \n                                        \n                                        \n                                        <\/div>\n                            <\/div>\n                    <div class=\"row\">\n                                    <div class=\"col-12 col-lg-4 pb-4\">\n                                            <div class=\"noticias-widget-wrap\" style=\"height: 180px; overflow: hidden;\">\n                            <a title=\"\" href=\"https:\/\/www.ufsm.br\/midias\/arco\/cafe-longevidade\">\n                                <span class=\"visually-hidden\">\n                                    Caf\u00e9 da longevidade                                <\/span>\n                                <div class=\"noticias-widget-thumbs h-100\">\n                                    <img decoding=\"async\" class=\"object-fit-cover h-100 w-100\" alt=\"\" srcset=\"https:\/\/www.ufsm.br\/app\/uploads\/sites\/601\/2020\/08\/capa_caf\u00e9-300x196.jpg 300w, https:\/\/www.ufsm.br\/app\/uploads\/sites\/601\/2020\/08\/capa_caf\u00e9-1024x668.jpg 1024w, https:\/\/www.ufsm.br\/app\/uploads\/sites\/601\/2020\/08\/capa_caf\u00e9-768x501.jpg 768w, https:\/\/www.ufsm.br\/app\/uploads\/sites\/601\/2020\/08\/capa_caf\u00e9.jpg 1440w\" src=\"https:\/\/www.ufsm.br\/app\/uploads\/sites\/601\/2020\/08\/capa_caf\u00e9-1024x668.jpg\"><\/img>\n                                <\/div>\n                            <\/a>\n                        <\/div>\n                                        \n                                            <span class='categoria-publicacao-widget'>\n                            Nossas Inven\u00e7\u00f5es                        <\/span>\n                        <br>\n                                        \n                    \n                    <a class=\"noticias-widget-title d-block  m-0 \"  title=\"Caf\u00e9 da longevidade\" href=\"https:\/\/www.ufsm.br\/midias\/arco\/cafe-longevidade\">\n                                                Caf\u00e9 da longevidade                    <\/a>\n                    \n                                            <div class=\"noticias-widget-introtext\">\n                            Suplemento inspirado na dieta amaz\u00f4nica, desenvolvido na UFSM, pode combater doen\u00e7as associadas ao envelhecimento                        <\/div>\n                    \n                                        \n                                        \n                                        <\/div>\n                                    <div class=\"col-12 col-lg-4 pb-4\">\n                                            <div class=\"noticias-widget-wrap\" style=\"height: 180px; overflow: hidden;\">\n                            <a title=\"\" href=\"https:\/\/www.ufsm.br\/midias\/arco\/corpos-livres\">\n                                <span class=\"visually-hidden\">\n                                    Corpos livres                                <\/span>\n                                <div class=\"noticias-widget-thumbs h-100\">\n                                    <img decoding=\"async\" class=\"object-fit-cover h-100 w-100\" alt=\"\" srcset=\"https:\/\/www.ufsm.br\/app\/uploads\/sites\/601\/2020\/08\/CAPA-1-300x196.jpg 300w, https:\/\/www.ufsm.br\/app\/uploads\/sites\/601\/2020\/08\/CAPA-1-1024x668.jpg 1024w, https:\/\/www.ufsm.br\/app\/uploads\/sites\/601\/2020\/08\/CAPA-1-768x501.jpg 768w, https:\/\/www.ufsm.br\/app\/uploads\/sites\/601\/2020\/08\/CAPA-1.jpg 1440w\" src=\"https:\/\/www.ufsm.br\/app\/uploads\/sites\/601\/2020\/08\/CAPA-1-1024x668.jpg\"><\/img>\n                                <\/div>\n                            <\/a>\n                        <\/div>\n                                        \n                                            <span class='categoria-publicacao-widget'>\n                            Ensaio                        <\/span>\n                        <br>\n                                        \n                    \n                    <a class=\"noticias-widget-title d-block  m-0 \"  title=\"Corpos livres\" href=\"https:\/\/www.ufsm.br\/midias\/arco\/corpos-livres\">\n                                                Corpos livres                    <\/a>\n                    \n                                            <div class=\"noticias-widget-introtext\">\n                            Registros de Kenior Rocha Dias d\u00e3o visibilidade e poder a transg\u00eaneros                        <\/div>\n                    \n                                        \n                                        \n                                        <\/div>\n                            <\/div>\n            <\/div>\n\t\t<\/div>\n\t\t\t\t<\/div>\n\t\t\t\t\t<\/div>\n\t\t<\/div>\n\t\t\t\t\t<\/div>\n\t\t<\/section>\n\t\t\t\t<\/div>\n\t\t","protected":false},"excerpt":{"rendered":"<p>Comunica\u00e7\u00e3o em rede A dissemina\u00e7\u00e3o de not\u00edcias falsas e dos discursos de \u00f3dio tornaram as plataformas sociais ambientes preocupantes. Confira o dossi\u00ea e repense os usos das m\u00eddias. EXPEDIENTE CARTA DO EDITOR LEIA NO ISSU<\/p>\n","protected":false},"author":32,"featured_media":0,"parent":0,"menu_order":0,"comment_status":"closed","ping_status":"closed","template":"","meta":{"footnotes":""},"categories":[],"tags":[4269,4262],"class_list":["post-6434","page","type-page","status-publish","hentry","tag-11edicao","tag-dossie-midias-sociais"],"acf":[],"_links":{"self":[{"href":"https:\/\/www.ufsm.br\/midias\/arco\/wp-json\/wp\/v2\/pages\/6434","targetHints":{"allow":["GET"]}}],"collection":[{"href":"https:\/\/www.ufsm.br\/midias\/arco\/wp-json\/wp\/v2\/pages"}],"about":[{"href":"https:\/\/www.ufsm.br\/midias\/arco\/wp-json\/wp\/v2\/types\/page"}],"author":[{"embeddable":true,"href":"https:\/\/www.ufsm.br\/midias\/arco\/wp-json\/wp\/v2\/users\/32"}],"replies":[{"embeddable":true,"href":"https:\/\/www.ufsm.br\/midias\/arco\/wp-json\/wp\/v2\/comments?post=6434"}],"version-history":[{"count":0,"href":"https:\/\/www.ufsm.br\/midias\/arco\/wp-json\/wp\/v2\/pages\/6434\/revisions"}],"wp:attachment":[{"href":"https:\/\/www.ufsm.br\/midias\/arco\/wp-json\/wp\/v2\/media?parent=6434"}],"wp:term":[{"taxonomy":"category","embeddable":true,"href":"https:\/\/www.ufsm.br\/midias\/arco\/wp-json\/wp\/v2\/categories?post=6434"},{"taxonomy":"post_tag","embeddable":true,"href":"https:\/\/www.ufsm.br\/midias\/arco\/wp-json\/wp\/v2\/tags?post=6434"}],"curies":[{"name":"wp","href":"https:\/\/api.w.org\/{rel}","templated":true}]}}