{"id":9179,"date":"2022-04-14T15:20:50","date_gmt":"2022-04-14T18:20:50","guid":{"rendered":"https:\/\/www.ufsm.br\/midias\/arco\/?page_id=9179"},"modified":"2022-04-14T15:29:32","modified_gmt":"2022-04-14T18:29:32","slug":"mitometro","status":"publish","type":"page","link":"https:\/\/www.ufsm.br\/midias\/arco\/mitometro","title":{"rendered":"Mit\u00f4metro"},"content":{"rendered":"\t\t<div data-elementor-type=\"wp-page\" data-elementor-id=\"9179\" class=\"elementor elementor-9179\">\n\t\t\t\t\t\t<section class=\"elementor-section elementor-top-section elementor-element elementor-element-598c6cc elementor-section-boxed elementor-section-height-default elementor-section-height-default\" data-id=\"598c6cc\" data-element_type=\"section\">\n\t\t\t\t\t\t<div class=\"elementor-container elementor-column-gap-default\">\n\t\t\t\t\t<div class=\"elementor-column elementor-col-100 elementor-top-column elementor-element elementor-element-9d01bfa\" data-id=\"9d01bfa\" data-element_type=\"column\">\n\t\t\t<div class=\"elementor-widget-wrap elementor-element-populated\">\n\t\t\t\t\t\t<div class=\"elementor-element elementor-element-ff37667 elementor-widget elementor-widget-wp-widget-ufsm_noticias_widget\" data-id=\"ff37667\" data-element_type=\"widget\" data-widget_type=\"wp-widget-ufsm_noticias_widget.default\">\n\t\t\t\t<div class=\"elementor-widget-container\">\n\t\t\t<div class='widget-noticias-inside'>\n                        <div class=\"row\">\n                                    <div class=\"col-12 col-lg-4 pb-4\">\n                                            <div class=\"noticias-widget-wrap\" style=\"height: 180px; overflow: hidden;\">\n                            <a title=\"\" href=\"https:\/\/www.ufsm.br\/midias\/arco\/algumas-vacinas-podem-causar-autismo\">\n                                <span class=\"visually-hidden\">\n                                    Algumas vacinas podem causar autismo?                                <\/span>\n                                <div class=\"noticias-widget-thumbs h-100\">\n                                    <img decoding=\"async\" class=\"object-fit-cover h-100 w-100\" alt=\"\" srcset=\"https:\/\/www.ufsm.br\/app\/uploads\/sites\/601\/2025\/06\/vacinas_002-300x196.jpg 300w, https:\/\/www.ufsm.br\/app\/uploads\/sites\/601\/2025\/06\/vacinas_002-1024x667.jpg 1024w, https:\/\/www.ufsm.br\/app\/uploads\/sites\/601\/2025\/06\/vacinas_002-768x501.jpg 768w, https:\/\/www.ufsm.br\/app\/uploads\/sites\/601\/2025\/06\/vacinas_002-1536x1001.jpg 1536w, https:\/\/www.ufsm.br\/app\/uploads\/sites\/601\/2025\/06\/vacinas_002.jpg 1657w\" src=\"https:\/\/www.ufsm.br\/app\/uploads\/sites\/601\/2025\/06\/vacinas_002-1024x667.jpg\"><\/img>\n                                <\/div>\n                            <\/a>\n                        <\/div>\n                                        \n                                        \n                    \n                    <a class=\"noticias-widget-title d-block  m-0 \"  title=\"Algumas vacinas podem causar autismo?\" href=\"https:\/\/www.ufsm.br\/midias\/arco\/algumas-vacinas-podem-causar-autismo\">\n                                                Algumas vacinas podem causar autismo?                    <\/a>\n                    \n                    \n                                        \n                                        \n                                        <\/div>\n                                    <div class=\"col-12 col-lg-4 pb-4\">\n                                            <div class=\"noticias-widget-wrap\" style=\"height: 180px; overflow: hidden;\">\n                            <a title=\"\" href=\"https:\/\/www.ufsm.br\/midias\/arco\/nosso-planeta-a-terra-e-redondo\">\n                                <span class=\"visually-hidden\">\n                                    Nosso planeta, a Terra, \u00e9 redondo?                                <\/span>\n                                <div class=\"noticias-widget-thumbs h-100\">\n                                    <img decoding=\"async\" class=\"object-fit-cover h-100 w-100\" alt=\"\" srcset=\"https:\/\/www.ufsm.br\/app\/uploads\/sites\/601\/2025\/06\/Planeta-Redondo-Melhor-Qualidade_Prancheta-1-300x196.jpg 300w, https:\/\/www.ufsm.br\/app\/uploads\/sites\/601\/2025\/06\/Planeta-Redondo-Melhor-Qualidade_Prancheta-1-1024x668.jpg 1024w, https:\/\/www.ufsm.br\/app\/uploads\/sites\/601\/2025\/06\/Planeta-Redondo-Melhor-Qualidade_Prancheta-1-768x501.jpg 768w, https:\/\/www.ufsm.br\/app\/uploads\/sites\/601\/2025\/06\/Planeta-Redondo-Melhor-Qualidade_Prancheta-1-1536x1002.jpg 1536w, https:\/\/www.ufsm.br\/app\/uploads\/sites\/601\/2025\/06\/Planeta-Redondo-Melhor-Qualidade_Prancheta-1.jpg 1920w\" src=\"https:\/\/www.ufsm.br\/app\/uploads\/sites\/601\/2025\/06\/Planeta-Redondo-Melhor-Qualidade_Prancheta-1-1024x668.jpg\"><\/img>\n                                <\/div>\n                            <\/a>\n                        <\/div>\n                                        \n                                        \n                    \n                    <a class=\"noticias-widget-title d-block  m-0 \"  title=\"Nosso planeta, a Terra, \u00e9 redondo?\" href=\"https:\/\/www.ufsm.br\/midias\/arco\/nosso-planeta-a-terra-e-redondo\">\n                                                Nosso planeta, a Terra, \u00e9 redondo?                    <\/a>\n                    \n                    \n                                        \n                                        \n                                        <\/div>\n                                    <div class=\"col-12 col-lg-4 pb-4\">\n                                            <div class=\"noticias-widget-wrap\" style=\"height: 180px; overflow: hidden;\">\n                            <a title=\"\" href=\"https:\/\/www.ufsm.br\/midias\/arco\/o-signo-do-horoscopo-influencia-a-personalidade-das-pessoas\">\n                                <span class=\"visually-hidden\">\n                                    O signo do hor\u00f3scopo influencia a personalidade das pessoas?                                <\/span>\n                                <div class=\"noticias-widget-thumbs h-100\">\n                                    <img decoding=\"async\" class=\"object-fit-cover h-100 w-100\" alt=\"\" srcset=\"https:\/\/www.ufsm.br\/app\/uploads\/sites\/601\/2025\/06\/signos_001-300x196.jpg 300w, https:\/\/www.ufsm.br\/app\/uploads\/sites\/601\/2025\/06\/signos_001-1024x667.jpg 1024w, https:\/\/www.ufsm.br\/app\/uploads\/sites\/601\/2025\/06\/signos_001-768x501.jpg 768w, https:\/\/www.ufsm.br\/app\/uploads\/sites\/601\/2025\/06\/signos_001-1536x1001.jpg 1536w, https:\/\/www.ufsm.br\/app\/uploads\/sites\/601\/2025\/06\/signos_001.jpg 1657w\" src=\"https:\/\/www.ufsm.br\/app\/uploads\/sites\/601\/2025\/06\/signos_001-1024x667.jpg\"><\/img>\n                                <\/div>\n                            <\/a>\n                        <\/div>\n                                        \n                                        \n                    \n                    <a class=\"noticias-widget-title d-block  m-0 \"  title=\"O signo do hor\u00f3scopo influencia a personalidade das pessoas?\" href=\"https:\/\/www.ufsm.br\/midias\/arco\/o-signo-do-horoscopo-influencia-a-personalidade-das-pessoas\">\n                                                O signo do hor\u00f3scopo influencia a personalidade das pessoas?                    <\/a>\n                    \n                    \n                                        \n                                        \n                                        <\/div>\n                            <\/div>\n                    <div class=\"row\">\n                                    <div class=\"col-12 col-lg-4 pb-4\">\n                                            <div class=\"noticias-widget-wrap\" style=\"height: 180px; overflow: hidden;\">\n                            <a title=\"\" href=\"https:\/\/www.ufsm.br\/midias\/arco\/celulas-de-plantas-nao-tem-dna\">\n                                <span class=\"visually-hidden\">\n                                    C\u00e9lulas de plantas n\u00e3o t\u00eam DNA?                                <\/span>\n                                <div class=\"noticias-widget-thumbs h-100\">\n                                    <img decoding=\"async\" class=\"object-fit-cover h-100 w-100\" alt=\"\" srcset=\"https:\/\/www.ufsm.br\/app\/uploads\/sites\/601\/2025\/06\/Plantas-tem-DNA-Melhor-Qualidade_Prancheta-1-300x196.jpg 300w, https:\/\/www.ufsm.br\/app\/uploads\/sites\/601\/2025\/06\/Plantas-tem-DNA-Melhor-Qualidade_Prancheta-1-1024x668.jpg 1024w, https:\/\/www.ufsm.br\/app\/uploads\/sites\/601\/2025\/06\/Plantas-tem-DNA-Melhor-Qualidade_Prancheta-1-768x501.jpg 768w, https:\/\/www.ufsm.br\/app\/uploads\/sites\/601\/2025\/06\/Plantas-tem-DNA-Melhor-Qualidade_Prancheta-1-1536x1002.jpg 1536w, https:\/\/www.ufsm.br\/app\/uploads\/sites\/601\/2025\/06\/Plantas-tem-DNA-Melhor-Qualidade_Prancheta-1.jpg 1920w\" src=\"https:\/\/www.ufsm.br\/app\/uploads\/sites\/601\/2025\/06\/Plantas-tem-DNA-Melhor-Qualidade_Prancheta-1-1024x668.jpg\"><\/img>\n                                <\/div>\n                            <\/a>\n                        <\/div>\n                                        \n                                        \n                    \n                    <a class=\"noticias-widget-title d-block  m-0 \"  title=\"C\u00e9lulas de plantas n\u00e3o t\u00eam DNA?\" href=\"https:\/\/www.ufsm.br\/midias\/arco\/celulas-de-plantas-nao-tem-dna\">\n                                                C\u00e9lulas de plantas n\u00e3o t\u00eam DNA?                    <\/a>\n                    \n                    \n                                        \n                                        \n                                        <\/div>\n                                    <div class=\"col-12 col-lg-4 pb-4\">\n                                            <div class=\"noticias-widget-wrap\" style=\"height: 180px; overflow: hidden;\">\n                            <a title=\"\" href=\"https:\/\/www.ufsm.br\/midias\/arco\/os-seres-humanos-evoluiram-e-descendem-de-outros-animais\">\n                                <span class=\"visually-hidden\">\n                                    Os seres humanos evolu\u00edram e descendem de outros animais?\u00a0                                <\/span>\n                                <div class=\"noticias-widget-thumbs h-100\">\n                                    <img decoding=\"async\" class=\"object-fit-cover h-100 w-100\" alt=\"\" srcset=\"https:\/\/www.ufsm.br\/app\/uploads\/sites\/601\/2025\/06\/Evolucao-Melhor-Qualidade_Prancheta-1-300x196.png 300w, https:\/\/www.ufsm.br\/app\/uploads\/sites\/601\/2025\/06\/Evolucao-Melhor-Qualidade_Prancheta-1-1024x668.png 1024w, https:\/\/www.ufsm.br\/app\/uploads\/sites\/601\/2025\/06\/Evolucao-Melhor-Qualidade_Prancheta-1-768x501.png 768w, https:\/\/www.ufsm.br\/app\/uploads\/sites\/601\/2025\/06\/Evolucao-Melhor-Qualidade_Prancheta-1-1536x1002.png 1536w, https:\/\/www.ufsm.br\/app\/uploads\/sites\/601\/2025\/06\/Evolucao-Melhor-Qualidade_Prancheta-1-2048x1336.png 2048w\" src=\"https:\/\/www.ufsm.br\/app\/uploads\/sites\/601\/2025\/06\/Evolucao-Melhor-Qualidade_Prancheta-1-1024x668.png\"><\/img>\n                                <\/div>\n                            <\/a>\n                        <\/div>\n                                        \n                                        \n                    \n                    <a class=\"noticias-widget-title d-block  m-0 \"  title=\"Os seres humanos evolu\u00edram e descendem de outros animais?\u00a0\" href=\"https:\/\/www.ufsm.br\/midias\/arco\/os-seres-humanos-evoluiram-e-descendem-de-outros-animais\">\n                                                Os seres humanos evolu\u00edram e descendem de outros animais?\u00a0                    <\/a>\n                    \n                    \n                                        \n                                        \n                                        <\/div>\n                                    <div class=\"col-12 col-lg-4 pb-4\">\n                                            <div class=\"noticias-widget-wrap\" style=\"height: 180px; overflow: hidden;\">\n                            <a title=\"\" href=\"https:\/\/www.ufsm.br\/midias\/arco\/existem-curas-para-o-cancer-que-foram-escondidas-do-publico-por-causa-de-interesses-comerciais\">\n                                <span class=\"visually-hidden\">\n                                    Existem curas para o c\u00e2ncer que foram escondidas do p\u00fablico por causa de interesses comerciais?                                <\/span>\n                                <div class=\"noticias-widget-thumbs h-100\">\n                                    <img decoding=\"async\" class=\"object-fit-cover h-100 w-100\" alt=\"\" srcset=\"https:\/\/www.ufsm.br\/app\/uploads\/sites\/601\/2025\/06\/Cura-Cancer-Maior-Qualidade-300x196.png 300w, https:\/\/www.ufsm.br\/app\/uploads\/sites\/601\/2025\/06\/Cura-Cancer-Maior-Qualidade-1024x668.png 1024w, https:\/\/www.ufsm.br\/app\/uploads\/sites\/601\/2025\/06\/Cura-Cancer-Maior-Qualidade-768x501.png 768w, https:\/\/www.ufsm.br\/app\/uploads\/sites\/601\/2025\/06\/Cura-Cancer-Maior-Qualidade-1536x1002.png 1536w, https:\/\/www.ufsm.br\/app\/uploads\/sites\/601\/2025\/06\/Cura-Cancer-Maior-Qualidade.png 1920w\" src=\"https:\/\/www.ufsm.br\/app\/uploads\/sites\/601\/2025\/06\/Cura-Cancer-Maior-Qualidade-1024x668.png\"><\/img>\n                                <\/div>\n                            <\/a>\n                        <\/div>\n                                        \n                                        \n                    \n                    <a class=\"noticias-widget-title d-block  m-0 \"  title=\"Existem curas para o c\u00e2ncer que foram escondidas do p\u00fablico por causa de interesses comerciais?\" href=\"https:\/\/www.ufsm.br\/midias\/arco\/existem-curas-para-o-cancer-que-foram-escondidas-do-publico-por-causa-de-interesses-comerciais\">\n                                                Existem curas para o c\u00e2ncer que foram escondidas do p\u00fablico por causa de interesses comerciais?                    <\/a>\n                    \n                    \n                                        \n                                        \n                                        <\/div>\n                            <\/div>\n                    <div class=\"row\">\n                                    <div class=\"col-12 col-lg-4 pb-4\">\n                                            <div class=\"noticias-widget-wrap\" style=\"height: 180px; overflow: hidden;\">\n                            <a title=\"\" href=\"https:\/\/www.ufsm.br\/midias\/arco\/o-gas-carbonico-co%e2%82%82-e-um-gas-que-contribui-para-produzir-o-efeito-estufa\">\n                                <span class=\"visually-hidden\">\n                                    O g\u00e1s carb\u00f4nico (CO\u2082) \u00e9 um g\u00e1s que contribui para produzir o efeito estufa?                                <\/span>\n                                <div class=\"noticias-widget-thumbs h-100\">\n                                    <img decoding=\"async\" class=\"object-fit-cover h-100 w-100\" alt=\"\" srcset=\"https:\/\/www.ufsm.br\/app\/uploads\/sites\/601\/2025\/06\/CO2_001-1-300x196.jpg 300w, https:\/\/www.ufsm.br\/app\/uploads\/sites\/601\/2025\/06\/CO2_001-1-1024x667.jpg 1024w, https:\/\/www.ufsm.br\/app\/uploads\/sites\/601\/2025\/06\/CO2_001-1-768x501.jpg 768w, https:\/\/www.ufsm.br\/app\/uploads\/sites\/601\/2025\/06\/CO2_001-1-1536x1001.jpg 1536w, https:\/\/www.ufsm.br\/app\/uploads\/sites\/601\/2025\/06\/CO2_001-1.jpg 1657w\" src=\"https:\/\/www.ufsm.br\/app\/uploads\/sites\/601\/2025\/06\/CO2_001-1-1024x667.jpg\"><\/img>\n                                <\/div>\n                            <\/a>\n                        <\/div>\n                                        \n                                        \n                    \n                    <a class=\"noticias-widget-title d-block  m-0 \"  title=\"O g\u00e1s carb\u00f4nico (CO\u2082) \u00e9 um g\u00e1s que contribui para produzir o efeito estufa?\" href=\"https:\/\/www.ufsm.br\/midias\/arco\/o-gas-carbonico-co%e2%82%82-e-um-gas-que-contribui-para-produzir-o-efeito-estufa\">\n                                                O g\u00e1s carb\u00f4nico (CO\u2082) \u00e9 um g\u00e1s que contribui para produzir o efeito estufa?                    <\/a>\n                    \n                    \n                                        \n                                        \n                                        <\/div>\n                                    <div class=\"col-12 col-lg-4 pb-4\">\n                                            <div class=\"noticias-widget-wrap\" style=\"height: 180px; overflow: hidden;\">\n                            <a title=\"\" href=\"https:\/\/www.ufsm.br\/midias\/arco\/antibioticos-servem-para-matar-virus\">\n                                <span class=\"visually-hidden\">\n                                    Antibi\u00f3ticos servem para matar v\u00edrus?                                <\/span>\n                                <div class=\"noticias-widget-thumbs h-100\">\n                                    <img decoding=\"async\" class=\"object-fit-cover h-100 w-100\" alt=\"\" srcset=\"https:\/\/www.ufsm.br\/app\/uploads\/sites\/601\/2025\/06\/Antibioticos-virus-e-bacterias-Maior-Qualidade-300x196.png 300w, https:\/\/www.ufsm.br\/app\/uploads\/sites\/601\/2025\/06\/Antibioticos-virus-e-bacterias-Maior-Qualidade-1024x668.png 1024w, https:\/\/www.ufsm.br\/app\/uploads\/sites\/601\/2025\/06\/Antibioticos-virus-e-bacterias-Maior-Qualidade-768x501.png 768w, https:\/\/www.ufsm.br\/app\/uploads\/sites\/601\/2025\/06\/Antibioticos-virus-e-bacterias-Maior-Qualidade-1536x1003.png 1536w, https:\/\/www.ufsm.br\/app\/uploads\/sites\/601\/2025\/06\/Antibioticos-virus-e-bacterias-Maior-Qualidade-2048x1337.png 2048w\" src=\"https:\/\/www.ufsm.br\/app\/uploads\/sites\/601\/2025\/06\/Antibioticos-virus-e-bacterias-Maior-Qualidade-1024x668.png\"><\/img>\n                                <\/div>\n                            <\/a>\n                        <\/div>\n                                        \n                                        \n                    \n                    <a class=\"noticias-widget-title d-block  m-0 \"  title=\"Antibi\u00f3ticos servem para matar v\u00edrus?\" href=\"https:\/\/www.ufsm.br\/midias\/arco\/antibioticos-servem-para-matar-virus\">\n                                                Antibi\u00f3ticos servem para matar v\u00edrus?                    <\/a>\n                    \n                    \n                                        \n                                        \n                                        <\/div>\n                                    <div class=\"col-12 col-lg-4 pb-4\">\n                                            <div class=\"noticias-widget-wrap\" style=\"height: 180px; overflow: hidden;\">\n                            <a title=\"\" href=\"https:\/\/www.ufsm.br\/midias\/arco\/temperatura-de-ebulicao-da-agua-depende-da-altitude\">\n                                <span class=\"visually-hidden\">\n                                    Temperatura de ebuli\u00e7\u00e3o da \u00e1gua depende da altitude?                                <\/span>\n                                <div class=\"noticias-widget-thumbs h-100\">\n                                    <img decoding=\"async\" class=\"object-fit-cover h-100 w-100\" alt=\"\" srcset=\"https:\/\/www.ufsm.br\/app\/uploads\/sites\/601\/2025\/06\/Agua-Ferve-a-Qual-Temperatura-300x196.jpg 300w, https:\/\/www.ufsm.br\/app\/uploads\/sites\/601\/2025\/06\/Agua-Ferve-a-Qual-Temperatura-1024x668.jpg 1024w, https:\/\/www.ufsm.br\/app\/uploads\/sites\/601\/2025\/06\/Agua-Ferve-a-Qual-Temperatura-768x501.jpg 768w, https:\/\/www.ufsm.br\/app\/uploads\/sites\/601\/2025\/06\/Agua-Ferve-a-Qual-Temperatura.jpg 1080w\" src=\"https:\/\/www.ufsm.br\/app\/uploads\/sites\/601\/2025\/06\/Agua-Ferve-a-Qual-Temperatura-1024x668.jpg\"><\/img>\n                                <\/div>\n                            <\/a>\n                        <\/div>\n                                        \n                                        \n                    \n                    <a class=\"noticias-widget-title d-block  m-0 \"  title=\"Temperatura de ebuli\u00e7\u00e3o da \u00e1gua depende da altitude?\" href=\"https:\/\/www.ufsm.br\/midias\/arco\/temperatura-de-ebulicao-da-agua-depende-da-altitude\">\n                                                Temperatura de ebuli\u00e7\u00e3o da \u00e1gua depende da altitude?                    <\/a>\n                    \n                    \n                                        \n                                        \n                                        <\/div>\n                            <\/div>\n                    <div class=\"row\">\n                                    <div class=\"col-12 col-lg-4 pb-4\">\n                                            <div class=\"noticias-widget-wrap\" style=\"height: 180px; overflow: hidden;\">\n                            <a title=\"Descri\u00e7\u00e3o da imagem: Fotografia horizontal e colorida de uma abelha sobre uma flor amarela. A fotografia est\u00e1 em plano fechado e macro. A flor tem p\u00e9talas pequenas, finas e alongadas, em grande quantidade. O miolo tem folhas menores na dire\u00e7\u00e3o vertical. O caule \u00e9 verde e fino e est\u00e1 em desfoque. A abelha tem cabe\u00e7a com pelos marrons, olhos em formato oval e na cor preta; o corpo dela \u00e9 alongado e tem listras amarelo escuras e pretas; a parte final do corpo \u00e9 preto e pontudo; as pernas s\u00e3o finas e tem uma dobra em \u00e2ngulo de 90 graus, na qual est\u00e1 presa uma bolota de p\u00f3len, na cor amarelo alaranjado. As asas s\u00e3o pequenas e transparentes, com bordas marrons. O fundo \u00e9 preto e desfocado.\" href=\"https:\/\/www.ufsm.br\/midias\/arco\/se-as-abelhas-forem-extintas-o-mundo-acaba\">\n                                <span class=\"visually-hidden\">\n                                    Descri\u00e7\u00e3o da imagem: Fotografia horizontal e colorida de uma abelha sobre uma flor amarela. A fotografia est\u00e1 em plano fechado e macro. A flor tem p\u00e9talas pequenas, finas e alongadas, em grande quantidade. O miolo tem folhas menores na dire\u00e7\u00e3o vertical. O caule \u00e9 verde e fino e est\u00e1 em desfoque. A abelha tem cabe\u00e7a com pelos marrons, olhos em formato oval e na cor preta; o corpo dela \u00e9 alongado e tem listras amarelo escuras e pretas; a parte final do corpo \u00e9 preto e pontudo; as pernas s\u00e3o finas e tem uma dobra em \u00e2ngulo de 90 graus, na qual est\u00e1 presa uma bolota de p\u00f3len, na cor amarelo alaranjado. As asas s\u00e3o pequenas e transparentes, com bordas marrons. O fundo \u00e9 preto e desfocado.                                <\/span>\n                                <div class=\"noticias-widget-thumbs h-100\">\n                                    <img decoding=\"async\" class=\"object-fit-cover h-100 w-100\" alt=\"\" srcset=\"https:\/\/www.ufsm.br\/app\/uploads\/sites\/601\/2022\/07\/Abelhas_Capa-300x195.jpg 300w, https:\/\/www.ufsm.br\/app\/uploads\/sites\/601\/2022\/07\/Abelhas_Capa-1024x667.jpg 1024w, https:\/\/www.ufsm.br\/app\/uploads\/sites\/601\/2022\/07\/Abelhas_Capa-768x500.jpg 768w, https:\/\/www.ufsm.br\/app\/uploads\/sites\/601\/2022\/07\/Abelhas_Capa-1536x1001.jpg 1536w, https:\/\/www.ufsm.br\/app\/uploads\/sites\/601\/2022\/07\/Abelhas_Capa.jpg 1920w\" src=\"https:\/\/www.ufsm.br\/app\/uploads\/sites\/601\/2022\/07\/Abelhas_Capa-1024x667.jpg\"><\/img>\n                                <\/div>\n                            <\/a>\n                        <\/div>\n                                        \n                                        \n                    \n                    <a class=\"noticias-widget-title d-block  m-0 \"  title=\"Se as abelhas forem extintas, o mundo acaba?\" href=\"https:\/\/www.ufsm.br\/midias\/arco\/se-as-abelhas-forem-extintas-o-mundo-acaba\">\n                                                Se as abelhas forem extintas, o mundo acaba?                    <\/a>\n                    \n                    \n                                        \n                                        \n                                        <\/div>\n                                    <div class=\"col-12 col-lg-4 pb-4\">\n                                            <div class=\"noticias-widget-wrap\" style=\"height: 180px; overflow: hidden;\">\n                            <a title=\"Descri\u00e7\u00e3o da imagem: Ilustra\u00e7\u00e3o horizontal e em tons de azul marinho de um homem confuso entre dois mosquitos da dengue. O homem est\u00e1 de frente, em primeiro plano, da cintura para cima. Ele tem pele branca, cabelos raspados e em tonalidade escura, olhos redondos e brancos, bigode ralo; veste camiseta azul marinha. Segura uma cartela de AAS na m\u00e3o, em cores vermelha e branca. Ao lado do seu ouvido, na esquerda da imagem, mosquito da dengue preto com pintas brancas, e um bal\u00e3o de fala ao lado, com a frase \"N\u00e3o toma! Vai fazer mal\". Na direita da imagem, ao lado do ouvido do homem, outro mosquito da dengue, e, ao lado, bal\u00e3o de fala com a frase \"Toma sim!\". O fundo \u00e9 uma parede de tijolos em cinza escuro.\" href=\"https:\/\/www.ufsm.br\/midias\/arco\/aspirina-e-aas-fazer-mal-suspeita-dengue\">\n                                <span class=\"visually-hidden\">\n                                    Descri\u00e7\u00e3o da imagem: Ilustra\u00e7\u00e3o horizontal e em tons de azul marinho de um homem confuso entre dois mosquitos da dengue. O homem est\u00e1 de frente, em primeiro plano, da cintura para cima. Ele tem pele branca, cabelos raspados e em tonalidade escura, olhos redondos e brancos, bigode ralo; veste camiseta azul marinha. Segura uma cartela de AAS na m\u00e3o, em cores vermelha e branca. Ao lado do seu ouvido, na esquerda da imagem, mosquito da dengue preto com pintas brancas, e um bal\u00e3o de fala ao lado, com a frase \"N\u00e3o toma! Vai fazer mal\". Na direita da imagem, ao lado do ouvido do homem, outro mosquito da dengue, e, ao lado, bal\u00e3o de fala com a frase \"Toma sim!\". O fundo \u00e9 uma parede de tijolos em cinza escuro.                                <\/span>\n                                <div class=\"noticias-widget-thumbs h-100\">\n                                    <img decoding=\"async\" class=\"object-fit-cover h-100 w-100\" alt=\"\" srcset=\"https:\/\/www.ufsm.br\/app\/uploads\/sites\/601\/2022\/06\/Dengue_Capa-300x195.jpg 300w, https:\/\/www.ufsm.br\/app\/uploads\/sites\/601\/2022\/06\/Dengue_Capa-1024x667.jpg 1024w, https:\/\/www.ufsm.br\/app\/uploads\/sites\/601\/2022\/06\/Dengue_Capa-768x500.jpg 768w, https:\/\/www.ufsm.br\/app\/uploads\/sites\/601\/2022\/06\/Dengue_Capa-1536x1001.jpg 1536w, https:\/\/www.ufsm.br\/app\/uploads\/sites\/601\/2022\/06\/Dengue_Capa.jpg 1920w\" src=\"https:\/\/www.ufsm.br\/app\/uploads\/sites\/601\/2022\/06\/Dengue_Capa-1024x667.jpg\"><\/img>\n                                <\/div>\n                            <\/a>\n                        <\/div>\n                                        \n                                        \n                    \n                    <a class=\"noticias-widget-title d-block  m-0 \"  title=\"Aspirina e \u00e1cido acetilsalic\u00edlico (AAS) podem fazer mal para quem est\u00e1 com suspeita de dengue?\" href=\"https:\/\/www.ufsm.br\/midias\/arco\/aspirina-e-aas-fazer-mal-suspeita-dengue\">\n                                                Aspirina e \u00e1cido acetilsalic\u00edlico (AAS) podem fazer mal para quem est\u00e1 com suspeita de dengue?                    <\/a>\n                    \n                    \n                                        \n                                        \n                                        <\/div>\n                                    <div class=\"col-12 col-lg-4 pb-4\">\n                                            <div class=\"noticias-widget-wrap\" style=\"height: 180px; overflow: hidden;\">\n                            <a title=\"Descri\u00e7\u00e3o da imagem: ilustra\u00e7\u00e3o horizontal e colorida de um menino em frente a uma covid-19 em forma de monstro. O menino tem pele branca, cabelos pretos e bagun\u00e7ados, olhos fechados e apar\u00eancia cansada. Usa m\u00e1scara branca e bon\u00e9 verde marinho com aba vermelha. Veste blusa vermelha com gola \"v\". O monstro covid est\u00e1 com as m\u00e3os no ombro do menino, \u00e9 arredondada, tem cor verde pastel claro; nas extremidades, tem nove pontos achatados; os olhos s\u00e3o pretos; est\u00e1 com a boca aberta, a goela em verde escuro e os dentes pontudos na cor creme. Acima do mo\u00e7o, um \u00edcone de bateria com um risco vermelho. O fundo \u00e9 roxo em tom de malva com textura de pinceladas de tinta.\" href=\"https:\/\/www.ufsm.br\/midias\/arco\/covid-longa-imprevisivel-e-debilitante\">\n                                <span class=\"visually-hidden\">\n                                    Descri\u00e7\u00e3o da imagem: ilustra\u00e7\u00e3o horizontal e colorida de um menino em frente a uma covid-19 em forma de monstro. O menino tem pele branca, cabelos pretos e bagun\u00e7ados, olhos fechados e apar\u00eancia cansada. Usa m\u00e1scara branca e bon\u00e9 verde marinho com aba vermelha. Veste blusa vermelha com gola \"v\". O monstro covid est\u00e1 com as m\u00e3os no ombro do menino, \u00e9 arredondada, tem cor verde pastel claro; nas extremidades, tem nove pontos achatados; os olhos s\u00e3o pretos; est\u00e1 com a boca aberta, a goela em verde escuro e os dentes pontudos na cor creme. Acima do mo\u00e7o, um \u00edcone de bateria com um risco vermelho. O fundo \u00e9 roxo em tom de malva com textura de pinceladas de tinta.                                <\/span>\n                                <div class=\"noticias-widget-thumbs h-100\">\n                                    <img decoding=\"async\" class=\"object-fit-cover h-100 w-100\" alt=\"\" srcset=\"https:\/\/www.ufsm.br\/app\/uploads\/sites\/601\/2022\/06\/covid_longa_Capa-300x196.jpg 300w, https:\/\/www.ufsm.br\/app\/uploads\/sites\/601\/2022\/06\/covid_longa_Capa-1024x667.jpg 1024w, https:\/\/www.ufsm.br\/app\/uploads\/sites\/601\/2022\/06\/covid_longa_Capa-768x501.jpg 768w, https:\/\/www.ufsm.br\/app\/uploads\/sites\/601\/2022\/06\/covid_longa_Capa.jpg 1459w\" src=\"https:\/\/www.ufsm.br\/app\/uploads\/sites\/601\/2022\/06\/covid_longa_Capa-1024x667.jpg\"><\/img>\n                                <\/div>\n                            <\/a>\n                        <\/div>\n                                        \n                                        \n                    \n                    <a class=\"noticias-widget-title d-block  m-0 \"  title=\"Covid Longa: Imprevis\u00edvel e debilitante\" href=\"https:\/\/www.ufsm.br\/midias\/arco\/covid-longa-imprevisivel-e-debilitante\">\n                                                Covid Longa: Imprevis\u00edvel e debilitante                    <\/a>\n                    \n                    \n                                        \n                                        \n                                        <\/div>\n                            <\/div>\n                    <div class=\"row\">\n                                    <div class=\"col-12 col-lg-4 pb-4\">\n                                            <div class=\"noticias-widget-wrap\" style=\"height: 180px; overflow: hidden;\">\n                            <a title=\"Descri\u00e7\u00e3o da imagem: ilustra\u00e7\u00e3o horizontal e colorida de uma cabe\u00e7a de f\u00f3ssil de dinossauro e uma bomba de combust\u00edvel ao lado de um carro. No lado esquerdo da imagem, cabe\u00e7a de f\u00f3ssil grande atr\u00e1s de tr\u00eas vasos com terra e ossos, ao lado, uma p\u00e1 amarela. No lado direito, bomba de combust\u00edvel vermelha e um carro amarelo. Um dos vasos est\u00e1 ligado \u00e0 bomba de combust\u00edvel por um cano verde marinho abaixo da terra, que \u00e9 da cor laranja. Ao fundo, torre verde e esbo\u00e7o de uma ind\u00fastria e uma torre petrol\u00edfera. O fundo \u00e9 laranja com nuvens brancas.\" href=\"https:\/\/www.ufsm.br\/midias\/arco\/e-possivel-produzir-gasolina-com-fosseis-dinossauros\">\n                                <span class=\"visually-hidden\">\n                                    Descri\u00e7\u00e3o da imagem: ilustra\u00e7\u00e3o horizontal e colorida de uma cabe\u00e7a de f\u00f3ssil de dinossauro e uma bomba de combust\u00edvel ao lado de um carro. No lado esquerdo da imagem, cabe\u00e7a de f\u00f3ssil grande atr\u00e1s de tr\u00eas vasos com terra e ossos, ao lado, uma p\u00e1 amarela. No lado direito, bomba de combust\u00edvel vermelha e um carro amarelo. Um dos vasos est\u00e1 ligado \u00e0 bomba de combust\u00edvel por um cano verde marinho abaixo da terra, que \u00e9 da cor laranja. Ao fundo, torre verde e esbo\u00e7o de uma ind\u00fastria e uma torre petrol\u00edfera. O fundo \u00e9 laranja com nuvens brancas.                                <\/span>\n                                <div class=\"noticias-widget-thumbs h-100\">\n                                    <img decoding=\"async\" class=\"object-fit-cover h-100 w-100\" alt=\"\" srcset=\"https:\/\/www.ufsm.br\/app\/uploads\/sites\/601\/2022\/06\/gasolina-caseira-capa-site-300x196.jpg 300w, https:\/\/www.ufsm.br\/app\/uploads\/sites\/601\/2022\/06\/gasolina-caseira-capa-site-1024x668.jpg 1024w, https:\/\/www.ufsm.br\/app\/uploads\/sites\/601\/2022\/06\/gasolina-caseira-capa-site-768x501.jpg 768w, https:\/\/www.ufsm.br\/app\/uploads\/sites\/601\/2022\/06\/gasolina-caseira-capa-site-1536x1002.jpg 1536w, https:\/\/www.ufsm.br\/app\/uploads\/sites\/601\/2022\/06\/gasolina-caseira-capa-site.jpg 1920w\" src=\"https:\/\/www.ufsm.br\/app\/uploads\/sites\/601\/2022\/06\/gasolina-caseira-capa-site-1024x668.jpg\"><\/img>\n                                <\/div>\n                            <\/a>\n                        <\/div>\n                                        \n                                        \n                    \n                    <a class=\"noticias-widget-title d-block  m-0 \"  title=\"\u00c9 poss\u00edvel produzir gasolina utilizando f\u00f3sseis de dinossauros?\" href=\"https:\/\/www.ufsm.br\/midias\/arco\/e-possivel-produzir-gasolina-com-fosseis-dinossauros\">\n                                                \u00c9 poss\u00edvel produzir gasolina utilizando f\u00f3sseis de dinossauros?                    <\/a>\n                    \n                    \n                                        \n                                        \n                                        <\/div>\n                                    <div class=\"col-12 col-lg-4 pb-4\">\n                                            <div class=\"noticias-widget-wrap\" style=\"height: 180px; overflow: hidden;\">\n                            <a title=\"Ilustra\u00e7\u00e3o horizontal colorida de homem, em vermelho, batendo com uma espada no coronav\u00edrus\" href=\"https:\/\/www.ufsm.br\/midias\/arco\/inicio-fim-pandemia\">\n                                <span class=\"visually-hidden\">\n                                    Ilustra\u00e7\u00e3o horizontal colorida de homem, em vermelho, batendo com uma espada no coronav\u00edrus                                <\/span>\n                                <div class=\"noticias-widget-thumbs h-100\">\n                                    <img decoding=\"async\" class=\"object-fit-cover h-100 w-100\" alt=\"\" srcset=\"https:\/\/www.ufsm.br\/app\/uploads\/sites\/601\/2022\/02\/capa_fim_da_pandemia1-300x196.jpg 300w, https:\/\/www.ufsm.br\/app\/uploads\/sites\/601\/2022\/02\/capa_fim_da_pandemia1-1024x668.jpg 1024w, https:\/\/www.ufsm.br\/app\/uploads\/sites\/601\/2022\/02\/capa_fim_da_pandemia1-768x501.jpg 768w, https:\/\/www.ufsm.br\/app\/uploads\/sites\/601\/2022\/02\/capa_fim_da_pandemia1.jpg 1458w\" src=\"https:\/\/www.ufsm.br\/app\/uploads\/sites\/601\/2022\/02\/capa_fim_da_pandemia1-1024x668.jpg\"><\/img>\n                                <\/div>\n                            <\/a>\n                        <\/div>\n                                        \n                                        \n                    \n                    <a class=\"noticias-widget-title d-block  m-0 \"  title=\"Ser\u00e1 que estamos no in\u00edcio do fim da pandemia?\" href=\"https:\/\/www.ufsm.br\/midias\/arco\/inicio-fim-pandemia\">\n                                                Ser\u00e1 que estamos no in\u00edcio do fim da pandemia?                    <\/a>\n                    \n                    \n                                        \n                                        \n                                        <\/div>\n                                    <div class=\"col-12 col-lg-4 pb-4\">\n                                            <div class=\"noticias-widget-wrap\" style=\"height: 180px; overflow: hidden;\">\n                            <a title=\"Ilustra\u00e7\u00e3o horizontal e colorida de uma crian\u00e7a vestida de Homem Aranha sendo vacinada. A crian\u00e7a usa uma roupa vermelha com detalhes em azul e textura de teia de aranha. Ao lado, uma enfermeira de pele negra, tem cabelo crespo preso em coque, usa m\u00e1scara pff2 azul e veste jaleco branco. Ao fundo, parede branca de ladrilhos e cartazes em tons de rosa, branco e azul.\" href=\"https:\/\/www.ufsm.br\/midias\/arco\/vacinacao-infantil-covid-19-segura\">\n                                <span class=\"visually-hidden\">\n                                    Ilustra\u00e7\u00e3o horizontal e colorida de uma crian\u00e7a vestida de Homem Aranha sendo vacinada. A crian\u00e7a usa uma roupa vermelha com detalhes em azul e textura de teia de aranha. Ao lado, uma enfermeira de pele negra, tem cabelo crespo preso em coque, usa m\u00e1scara pff2 azul e veste jaleco branco. Ao fundo, parede branca de ladrilhos e cartazes em tons de rosa, branco e azul.                                <\/span>\n                                <div class=\"noticias-widget-thumbs h-100\">\n                                    <img decoding=\"async\" class=\"object-fit-cover h-100 w-100\" alt=\"\" srcset=\"https:\/\/www.ufsm.br\/app\/uploads\/sites\/601\/2022\/02\/Vacina_Criancas_capa-300x196.jpg 300w, https:\/\/www.ufsm.br\/app\/uploads\/sites\/601\/2022\/02\/Vacina_Criancas_capa-1024x668.jpg 1024w, https:\/\/www.ufsm.br\/app\/uploads\/sites\/601\/2022\/02\/Vacina_Criancas_capa-768x501.jpg 768w, https:\/\/www.ufsm.br\/app\/uploads\/sites\/601\/2022\/02\/Vacina_Criancas_capa.jpg 1458w\" src=\"https:\/\/www.ufsm.br\/app\/uploads\/sites\/601\/2022\/02\/Vacina_Criancas_capa-1024x668.jpg\"><\/img>\n                                <\/div>\n                            <\/a>\n                        <\/div>\n                                        \n                                        \n                    \n                    <a class=\"noticias-widget-title d-block  m-0 \"  title=\"A vacina\u00e7\u00e3o infantil contra a Covid-19 \u00e9 segura?\" href=\"https:\/\/www.ufsm.br\/midias\/arco\/vacinacao-infantil-covid-19-segura\">\n                                                A vacina\u00e7\u00e3o infantil contra a Covid-19 \u00e9 segura?                    <\/a>\n                    \n                    \n                                        \n                                        \n                                        <\/div>\n                            <\/div>\n            <\/div>\n\t\t<\/div>\n\t\t\t\t<\/div>\n\t\t\t\t\t<\/div>\n\t\t<\/div>\n\t\t\t\t\t<\/div>\n\t\t<\/section>\n\t\t\t\t<\/div>\n\t\t","protected":false},"excerpt":{"rendered":"","protected":false},"author":32,"featured_media":0,"parent":0,"menu_order":0,"comment_status":"closed","ping_status":"closed","template":"","meta":{"footnotes":""},"categories":[],"tags":[],"class_list":["post-9179","page","type-page","status-publish","hentry"],"acf":[],"_links":{"self":[{"href":"https:\/\/www.ufsm.br\/midias\/arco\/wp-json\/wp\/v2\/pages\/9179","targetHints":{"allow":["GET"]}}],"collection":[{"href":"https:\/\/www.ufsm.br\/midias\/arco\/wp-json\/wp\/v2\/pages"}],"about":[{"href":"https:\/\/www.ufsm.br\/midias\/arco\/wp-json\/wp\/v2\/types\/page"}],"author":[{"embeddable":true,"href":"https:\/\/www.ufsm.br\/midias\/arco\/wp-json\/wp\/v2\/users\/32"}],"replies":[{"embeddable":true,"href":"https:\/\/www.ufsm.br\/midias\/arco\/wp-json\/wp\/v2\/comments?post=9179"}],"version-history":[{"count":0,"href":"https:\/\/www.ufsm.br\/midias\/arco\/wp-json\/wp\/v2\/pages\/9179\/revisions"}],"wp:attachment":[{"href":"https:\/\/www.ufsm.br\/midias\/arco\/wp-json\/wp\/v2\/media?parent=9179"}],"wp:term":[{"taxonomy":"category","embeddable":true,"href":"https:\/\/www.ufsm.br\/midias\/arco\/wp-json\/wp\/v2\/categories?post=9179"},{"taxonomy":"post_tag","embeddable":true,"href":"https:\/\/www.ufsm.br\/midias\/arco\/wp-json\/wp\/v2\/tags?post=9179"}],"curies":[{"name":"wp","href":"https:\/\/api.w.org\/{rel}","templated":true}]}}