{"id":9180,"date":"2022-04-14T15:20:50","date_gmt":"2022-04-14T18:20:50","guid":{"rendered":"https:\/\/www.ufsm.br\/midias\/arco\/?page_id=9180"},"modified":"2022-04-14T15:38:38","modified_gmt":"2022-04-14T18:38:38","slug":"saude","status":"publish","type":"page","link":"https:\/\/www.ufsm.br\/midias\/arco\/saude","title":{"rendered":"Sa\u00fade"},"content":{"rendered":"\t\t<div data-elementor-type=\"wp-page\" data-elementor-id=\"9180\" class=\"elementor elementor-9180\">\n\t\t\t\t\t\t<section class=\"elementor-section elementor-top-section elementor-element elementor-element-ed7a6e2 elementor-section-boxed elementor-section-height-default elementor-section-height-default\" data-id=\"ed7a6e2\" data-element_type=\"section\">\n\t\t\t\t\t\t<div class=\"elementor-container elementor-column-gap-default\">\n\t\t\t\t\t<div class=\"elementor-column elementor-col-100 elementor-top-column elementor-element elementor-element-d81980f\" data-id=\"d81980f\" data-element_type=\"column\">\n\t\t\t<div class=\"elementor-widget-wrap elementor-element-populated\">\n\t\t\t\t\t\t<div class=\"elementor-element elementor-element-23d5b42 elementor-widget elementor-widget-wp-widget-ufsm_noticias_widget\" data-id=\"23d5b42\" data-element_type=\"widget\" data-widget_type=\"wp-widget-ufsm_noticias_widget.default\">\n\t\t\t\t<div class=\"elementor-widget-container\">\n\t\t\t<div class='widget-noticias-inside'>\n                        <div class=\"row\">\n                                    <div class=\"col-12 col-lg-4 pb-4\">\n                                            <div class=\"noticias-widget-wrap\" style=\"height: 180px; overflow: hidden;\">\n                            <a title=\"\" href=\"https:\/\/www.ufsm.br\/midias\/arco\/resquicios-dos-manicomios-nas-maos-do-estado\">\n                                <span class=\"visually-hidden\">\n                                    Resqu\u00edcios dos manic\u00f4mios nas m\u00e3os do Estado                                <\/span>\n                                <div class=\"noticias-widget-thumbs h-100\">\n                                    <img decoding=\"async\" class=\"object-fit-cover h-100 w-100\" alt=\"\" srcset=\"https:\/\/www.ufsm.br\/app\/uploads\/sites\/601\/2023\/09\/Destaque-Hospitais-de-custodia-300x169.jpg 300w, https:\/\/www.ufsm.br\/app\/uploads\/sites\/601\/2023\/09\/Destaque-Hospitais-de-custodia-1024x576.jpg 1024w, https:\/\/www.ufsm.br\/app\/uploads\/sites\/601\/2023\/09\/Destaque-Hospitais-de-custodia-768x432.jpg 768w, https:\/\/www.ufsm.br\/app\/uploads\/sites\/601\/2023\/09\/Destaque-Hospitais-de-custodia-1536x864.jpg 1536w, https:\/\/www.ufsm.br\/app\/uploads\/sites\/601\/2023\/09\/Destaque-Hospitais-de-custodia.jpg 1920w\" src=\"https:\/\/www.ufsm.br\/app\/uploads\/sites\/601\/2023\/09\/Destaque-Hospitais-de-custodia-1024x576.jpg\"><\/img>\n                                <\/div>\n                            <\/a>\n                        <\/div>\n                                        \n                                        \n                    \n                    <a class=\"noticias-widget-title d-block  m-0 \"  title=\"Resqu\u00edcios dos manic\u00f4mios nas m\u00e3os do Estado\" href=\"https:\/\/www.ufsm.br\/midias\/arco\/resquicios-dos-manicomios-nas-maos-do-estado\">\n                                                Resqu\u00edcios dos manic\u00f4mios nas m\u00e3os do Estado                    <\/a>\n                    \n                    \n                                        \n                                        \n                                        <\/div>\n                                    <div class=\"col-12 col-lg-4 pb-4\">\n                                            <div class=\"noticias-widget-wrap\" style=\"height: 180px; overflow: hidden;\">\n                            <a title=\"\" href=\"https:\/\/www.ufsm.br\/midias\/arco\/volta-de-doencas-controladas\">\n                                <span class=\"visually-hidden\">\n                                    Volta de doen\u00e7as controladas amea\u00e7a sa\u00fade das crian\u00e7as brasileiras                                <\/span>\n                                <div class=\"noticias-widget-thumbs h-100\">\n                                    <img decoding=\"async\" class=\"object-fit-cover h-100 w-100\" alt=\"\" srcset=\"https:\/\/www.ufsm.br\/app\/uploads\/sites\/601\/2023\/07\/Destaque-300x219.jpg 300w, https:\/\/www.ufsm.br\/app\/uploads\/sites\/601\/2023\/07\/Destaque.jpg 549w\" src=\"https:\/\/www.ufsm.br\/app\/uploads\/sites\/601\/2023\/07\/Destaque.jpg\"><\/img>\n                                <\/div>\n                            <\/a>\n                        <\/div>\n                                        \n                                        \n                    \n                    <a class=\"noticias-widget-title d-block  m-0 \"  title=\"Volta de doen\u00e7as controladas amea\u00e7a sa\u00fade das crian\u00e7as brasileiras\" href=\"https:\/\/www.ufsm.br\/midias\/arco\/volta-de-doencas-controladas\">\n                                                Volta de doen\u00e7as controladas amea\u00e7a sa\u00fade das crian\u00e7as brasileiras                    <\/a>\n                    \n                    \n                                        \n                                        \n                                        <\/div>\n                                    <div class=\"col-12 col-lg-4 pb-4\">\n                                            <div class=\"noticias-widget-wrap\" style=\"height: 180px; overflow: hidden;\">\n                            <a title=\"\" href=\"https:\/\/www.ufsm.br\/midias\/arco\/10-curiosidades-sobre-o-cancer-de-boca\">\n                                <span class=\"visually-hidden\">\n                                    10 curiosidades sobre o c\u00e2ncer de boca                                <\/span>\n                                <div class=\"noticias-widget-thumbs h-100\">\n                                    <img decoding=\"async\" class=\"object-fit-cover h-100 w-100\" alt=\"\" srcset=\"https:\/\/www.ufsm.br\/app\/uploads\/sites\/601\/2023\/05\/Destaque-Cancer-de-boca-300x169.jpg 300w, https:\/\/www.ufsm.br\/app\/uploads\/sites\/601\/2023\/05\/Destaque-Cancer-de-boca-1024x576.jpg 1024w, https:\/\/www.ufsm.br\/app\/uploads\/sites\/601\/2023\/05\/Destaque-Cancer-de-boca-768x432.jpg 768w, https:\/\/www.ufsm.br\/app\/uploads\/sites\/601\/2023\/05\/Destaque-Cancer-de-boca-1536x864.jpg 1536w, https:\/\/www.ufsm.br\/app\/uploads\/sites\/601\/2023\/05\/Destaque-Cancer-de-boca.jpg 1920w\" src=\"https:\/\/www.ufsm.br\/app\/uploads\/sites\/601\/2023\/05\/Destaque-Cancer-de-boca-1024x576.jpg\"><\/img>\n                                <\/div>\n                            <\/a>\n                        <\/div>\n                                        \n                                        \n                    \n                    <a class=\"noticias-widget-title d-block  m-0 \"  title=\"10 curiosidades sobre o c\u00e2ncer de boca\" href=\"https:\/\/www.ufsm.br\/midias\/arco\/10-curiosidades-sobre-o-cancer-de-boca\">\n                                                10 curiosidades sobre o c\u00e2ncer de boca                    <\/a>\n                    \n                    \n                                        \n                                        \n                                        <\/div>\n                            <\/div>\n                    <div class=\"row\">\n                                    <div class=\"col-12 col-lg-4 pb-4\">\n                                            <div class=\"noticias-widget-wrap\" style=\"height: 180px; overflow: hidden;\">\n                            <a title=\"\" href=\"https:\/\/www.ufsm.br\/midias\/arco\/comunicacao-do-diagnostico-e-estrategia-para-a-adesao-ao-tratamento-de-hiv\">\n                                <span class=\"visually-hidden\">\n                                    Comunica\u00e7\u00e3o do diagn\u00f3stico \u00e9 estrat\u00e9gia para a ades\u00e3o ao tratamento de HIV                                <\/span>\n                                <div class=\"noticias-widget-thumbs h-100\">\n                                    <img decoding=\"async\" class=\"object-fit-cover h-100 w-100\" alt=\"\" srcset=\"https:\/\/www.ufsm.br\/app\/uploads\/sites\/601\/2023\/01\/Capa-3-300x196.jpg 300w, https:\/\/www.ufsm.br\/app\/uploads\/sites\/601\/2023\/01\/Capa-3-1024x667.jpg 1024w, https:\/\/www.ufsm.br\/app\/uploads\/sites\/601\/2023\/01\/Capa-3-768x501.jpg 768w, https:\/\/www.ufsm.br\/app\/uploads\/sites\/601\/2023\/01\/Capa-3.jpg 1459w\" src=\"https:\/\/www.ufsm.br\/app\/uploads\/sites\/601\/2023\/01\/Capa-3-1024x667.jpg\"><\/img>\n                                <\/div>\n                            <\/a>\n                        <\/div>\n                                        \n                                        \n                    \n                    <a class=\"noticias-widget-title d-block  m-0 \"  title=\"Comunica\u00e7\u00e3o do diagn\u00f3stico \u00e9 estrat\u00e9gia para a ades\u00e3o ao tratamento de HIV\" href=\"https:\/\/www.ufsm.br\/midias\/arco\/comunicacao-do-diagnostico-e-estrategia-para-a-adesao-ao-tratamento-de-hiv\">\n                                                Comunica\u00e7\u00e3o do diagn\u00f3stico \u00e9 estrat\u00e9gia para a ades\u00e3o ao tratamento de HIV                    <\/a>\n                    \n                    \n                                        \n                                        \n                                        <\/div>\n                                    <div class=\"col-12 col-lg-4 pb-4\">\n                                            <div class=\"noticias-widget-wrap\" style=\"height: 180px; overflow: hidden;\">\n                            <a title=\"Descri\u00e7\u00e3o da imagem: Ilustra\u00e7\u00e3o horizontal e colorida de um adolescente negra com cara de confus\u00e3o. Ela est\u00e1 de frente, em primeiro plano. Tem pele negra, olhos redondos e pretos, cabelos pretos, crespos e na altura do ombro. A express\u00e3o facial \u00e9 de d\u00favida e ang\u00fastia. Veste uma camiseta verde lim\u00e3o. No seu lado esquerdo e acima, tr\u00eas bal\u00f5es de pensamento com fundo branco. Eles tem tr\u00eas desenhos: um frasco de \u00e1lcool em gel em azul, uma m\u00e1scara descart\u00e1vel azul e duas pessoas em formato palito, afastadas e com um pontilhado no meio. Ao redor dos bal\u00f5es, tr\u00eas pontos de interroga\u00e7\u00e3o em branco. O fundo \u00e9 verde m\u00e9dio com v\u00e1rios pontos azuis espalhados.\" href=\"https:\/\/www.ufsm.br\/midias\/arco\/vai-acontecer-uma-nova-onda-de-covid-19\">\n                                <span class=\"visually-hidden\">\n                                    Descri\u00e7\u00e3o da imagem: Ilustra\u00e7\u00e3o horizontal e colorida de um adolescente negra com cara de confus\u00e3o. Ela est\u00e1 de frente, em primeiro plano. Tem pele negra, olhos redondos e pretos, cabelos pretos, crespos e na altura do ombro. A express\u00e3o facial \u00e9 de d\u00favida e ang\u00fastia. Veste uma camiseta verde lim\u00e3o. No seu lado esquerdo e acima, tr\u00eas bal\u00f5es de pensamento com fundo branco. Eles tem tr\u00eas desenhos: um frasco de \u00e1lcool em gel em azul, uma m\u00e1scara descart\u00e1vel azul e duas pessoas em formato palito, afastadas e com um pontilhado no meio. Ao redor dos bal\u00f5es, tr\u00eas pontos de interroga\u00e7\u00e3o em branco. O fundo \u00e9 verde m\u00e9dio com v\u00e1rios pontos azuis espalhados.                                <\/span>\n                                <div class=\"noticias-widget-thumbs h-100\">\n                                    <img decoding=\"async\" class=\"object-fit-cover h-100 w-100\" alt=\"\" srcset=\"https:\/\/www.ufsm.br\/app\/uploads\/sites\/601\/2023\/01\/Capa-1-300x196.jpg 300w, https:\/\/www.ufsm.br\/app\/uploads\/sites\/601\/2023\/01\/Capa-1-1024x667.jpg 1024w, https:\/\/www.ufsm.br\/app\/uploads\/sites\/601\/2023\/01\/Capa-1-768x501.jpg 768w, https:\/\/www.ufsm.br\/app\/uploads\/sites\/601\/2023\/01\/Capa-1.jpg 1459w\" src=\"https:\/\/www.ufsm.br\/app\/uploads\/sites\/601\/2023\/01\/Capa-1-1024x667.jpg\"><\/img>\n                                <\/div>\n                            <\/a>\n                        <\/div>\n                                        \n                                        \n                    \n                    <a class=\"noticias-widget-title d-block  m-0 \"  title=\"Vai acontecer uma nova onda de Covid-19?\" href=\"https:\/\/www.ufsm.br\/midias\/arco\/vai-acontecer-uma-nova-onda-de-covid-19\">\n                                                Vai acontecer uma nova onda de Covid-19?                    <\/a>\n                    \n                    \n                                        \n                                        \n                                        <\/div>\n                                    <div class=\"col-12 col-lg-4 pb-4\">\n                                            <div class=\"noticias-widget-wrap\" style=\"height: 180px; overflow: hidden;\">\n                            <a title=\"Descri\u00e7\u00e3o da imagem: Ilustra\u00e7\u00e3o horizontal e colorida em tons de roxo, com quatro frascos de vacina no centro inferior. Eles est\u00e3o em destaque em contra-ploung\u00e9e, enfileirados. O frasco \u00e9 rosa claro, o r\u00f3tulo \u00e9 roxo em tom orqu\u00eddea e a tampa \u00e9 roxa. Nos r\u00f3tulos, da esquerda para a direita, as palavras \"covid\", \"VSR\", \"covid\" e \"dengue\". Atr\u00e1s dos frascos, em azul marinho e verde marinho, c\u00edrculo de destaque com detalhes em zigue-zague. O fundo \u00e9 uma estampa de ilustra\u00e7\u00f5es do v\u00edrus da covid, vsr e dengue em tom lil\u00e1s sobre fundo roxo escuro.\" href=\"https:\/\/www.ufsm.br\/midias\/arco\/4-estudos-de-vacinas-que-sao-testadas-na-ufsm\">\n                                <span class=\"visually-hidden\">\n                                    Descri\u00e7\u00e3o da imagem: Ilustra\u00e7\u00e3o horizontal e colorida em tons de roxo, com quatro frascos de vacina no centro inferior. Eles est\u00e3o em destaque em contra-ploung\u00e9e, enfileirados. O frasco \u00e9 rosa claro, o r\u00f3tulo \u00e9 roxo em tom orqu\u00eddea e a tampa \u00e9 roxa. Nos r\u00f3tulos, da esquerda para a direita, as palavras \"covid\", \"VSR\", \"covid\" e \"dengue\". Atr\u00e1s dos frascos, em azul marinho e verde marinho, c\u00edrculo de destaque com detalhes em zigue-zague. O fundo \u00e9 uma estampa de ilustra\u00e7\u00f5es do v\u00edrus da covid, vsr e dengue em tom lil\u00e1s sobre fundo roxo escuro.                                <\/span>\n                                <div class=\"noticias-widget-thumbs h-100\">\n                                    <img decoding=\"async\" class=\"object-fit-cover h-100 w-100\" alt=\"\" srcset=\"https:\/\/www.ufsm.br\/app\/uploads\/sites\/601\/2022\/10\/capa-300x196.jpg 300w, https:\/\/www.ufsm.br\/app\/uploads\/sites\/601\/2022\/10\/capa-1024x667.jpg 1024w, https:\/\/www.ufsm.br\/app\/uploads\/sites\/601\/2022\/10\/capa-768x501.jpg 768w, https:\/\/www.ufsm.br\/app\/uploads\/sites\/601\/2022\/10\/capa.jpg 1459w\" src=\"https:\/\/www.ufsm.br\/app\/uploads\/sites\/601\/2022\/10\/capa-1024x667.jpg\"><\/img>\n                                <\/div>\n                            <\/a>\n                        <\/div>\n                                        \n                                        \n                    \n                    <a class=\"noticias-widget-title d-block  m-0 \"  title=\"4 vacinas que s\u00e3o testadas na UFSM\" href=\"https:\/\/www.ufsm.br\/midias\/arco\/4-estudos-de-vacinas-que-sao-testadas-na-ufsm\">\n                                                4 vacinas que s\u00e3o testadas na UFSM                    <\/a>\n                    \n                    \n                                        \n                                        \n                                        <\/div>\n                            <\/div>\n                    <div class=\"row\">\n                                    <div class=\"col-12 col-lg-4 pb-4\">\n                                            <div class=\"noticias-widget-wrap\" style=\"height: 180px; overflow: hidden;\">\n                            <a title=\"Descri\u00e7\u00e3o da imagem: Fotografia horizontal e em tons de sombras, com a silhueta, de perfil e em primeiro plano, de um homem que segura um copo inclinado em dire\u00e7\u00e3o \u00e0 boca. O perfil do homem tem cabelos ralos, nariz e boca pequenos e usa \u00f3culos. O copo \u00e9 pequeno e com boca larga, e o l\u00edquido no seu interior \u00e9 amarelado. O fundo \u00e9 acinzentado.\" href=\"https:\/\/www.ufsm.br\/midias\/arco\/consumo-de-bebida-alcoolica-aumentou-durante-a-pandemia\">\n                                <span class=\"visually-hidden\">\n                                    Descri\u00e7\u00e3o da imagem: Fotografia horizontal e em tons de sombras, com a silhueta, de perfil e em primeiro plano, de um homem que segura um copo inclinado em dire\u00e7\u00e3o \u00e0 boca. O perfil do homem tem cabelos ralos, nariz e boca pequenos e usa \u00f3culos. O copo \u00e9 pequeno e com boca larga, e o l\u00edquido no seu interior \u00e9 amarelado. O fundo \u00e9 acinzentado.                                <\/span>\n                                <div class=\"noticias-widget-thumbs h-100\">\n                                    <img decoding=\"async\" class=\"object-fit-cover h-100 w-100\" alt=\"\" srcset=\"https:\/\/www.ufsm.br\/app\/uploads\/sites\/601\/2022\/09\/Alcoolismo_capa-300x200.jpg 300w, https:\/\/www.ufsm.br\/app\/uploads\/sites\/601\/2022\/09\/Alcoolismo_capa-1024x683.jpg 1024w, https:\/\/www.ufsm.br\/app\/uploads\/sites\/601\/2022\/09\/Alcoolismo_capa-768x512.jpg 768w, https:\/\/www.ufsm.br\/app\/uploads\/sites\/601\/2022\/09\/Alcoolismo_capa-1536x1024.jpg 1536w, https:\/\/www.ufsm.br\/app\/uploads\/sites\/601\/2022\/09\/Alcoolismo_capa-272x182.jpg 272w, https:\/\/www.ufsm.br\/app\/uploads\/sites\/601\/2022\/09\/Alcoolismo_capa.jpg 1920w\" src=\"https:\/\/www.ufsm.br\/app\/uploads\/sites\/601\/2022\/09\/Alcoolismo_capa-1024x683.jpg\"><\/img>\n                                <\/div>\n                            <\/a>\n                        <\/div>\n                                        \n                                        \n                    \n                    <a class=\"noticias-widget-title d-block  m-0 \"  title=\"Consumo de bebida alco\u00f3lica aumentou durante a pandemia\" href=\"https:\/\/www.ufsm.br\/midias\/arco\/consumo-de-bebida-alcoolica-aumentou-durante-a-pandemia\">\n                                                Consumo de bebida alco\u00f3lica aumentou durante a pandemia                    <\/a>\n                    \n                    \n                                        \n                                        \n                                        <\/div>\n                                    <div class=\"col-12 col-lg-4 pb-4\">\n                                            <div class=\"noticias-widget-wrap\" style=\"height: 180px; overflow: hidden;\">\n                            <a title=\"Descri\u00e7\u00e3o da imagem: Ilustra\u00e7\u00e3o horizontal e colorida em tons de verde. No centro, h\u00e1 a silhueta de um corpo humano em cor branca, com desenho, em destaque, dos pulm\u00f5es, cora\u00e7\u00e3o, f\u00edgado e rins. Dos lados do corpo, desenho da cabe\u00e7a de oito pessoas, sendo quatro de cada lado. De cada um dos \u00f3rg\u00e3os no corpo, sai uma flecha vermelha em dire\u00e7\u00e3o a uma das pessoas. No lado esquerdo, de cima para baixo: menino de pele parda, olhos pretos, sobrancelhas e cabelos castanhos escuros e ondulados, est\u00e1 ligado ao pulm\u00e3o esquerdo. Abaixo, homem negro e careca, usa \u00f3culos redondo, tem olhos pretos e usa bigode preto, est\u00e1 ligado ao f\u00edgado. Abaixo, menina de pele amarela e tra\u00e7os asi\u00e1ticos, tem cabelos pretos e lisos, sorri e est\u00e1 com os olhos fechados; est\u00e1 ligada ao rim esquerdo. Abaixo, homem de pele branca, cabelos lisos e castanho escuros, barba e sobrancelha arrepiadas, est\u00e1 ligada ao rim esquerdo. Do lado direito, de cima para baixo: menino de pele branca e sobrancelhas e cabelos loiros, tem olhos escuros e est\u00e1 ligado ao pulm\u00e3o direito. Abaixo, menina negra de olhos escuros e cabelos ondulados e volumosos presos em um coque, est\u00e1 ligada ao cora\u00e7\u00e3o. Abaixo, mulher de pele parda, olhos escuros e cabelos pretos, ondulados e compridos, est\u00e1 ligada ao rim direito. Abaixo, pessoa de pele branca, careca, com olhos fechados e batom vermelho, est\u00e1 ligado ao f\u00edgado. O fundo \u00e9 um degrad\u00ea de verde com textura de respingos de tinta.\" href=\"https:\/\/www.ufsm.br\/midias\/arco\/negativa-familiar-e-a-principal-razao-pela-baixa-no-numero-da-doacao-de-orgaos-no-brasil\">\n                                <span class=\"visually-hidden\">\n                                    Descri\u00e7\u00e3o da imagem: Ilustra\u00e7\u00e3o horizontal e colorida em tons de verde. No centro, h\u00e1 a silhueta de um corpo humano em cor branca, com desenho, em destaque, dos pulm\u00f5es, cora\u00e7\u00e3o, f\u00edgado e rins. Dos lados do corpo, desenho da cabe\u00e7a de oito pessoas, sendo quatro de cada lado. De cada um dos \u00f3rg\u00e3os no corpo, sai uma flecha vermelha em dire\u00e7\u00e3o a uma das pessoas. No lado esquerdo, de cima para baixo: menino de pele parda, olhos pretos, sobrancelhas e cabelos castanhos escuros e ondulados, est\u00e1 ligado ao pulm\u00e3o esquerdo. Abaixo, homem negro e careca, usa \u00f3culos redondo, tem olhos pretos e usa bigode preto, est\u00e1 ligado ao f\u00edgado. Abaixo, menina de pele amarela e tra\u00e7os asi\u00e1ticos, tem cabelos pretos e lisos, sorri e est\u00e1 com os olhos fechados; est\u00e1 ligada ao rim esquerdo. Abaixo, homem de pele branca, cabelos lisos e castanho escuros, barba e sobrancelha arrepiadas, est\u00e1 ligada ao rim esquerdo. Do lado direito, de cima para baixo: menino de pele branca e sobrancelhas e cabelos loiros, tem olhos escuros e est\u00e1 ligado ao pulm\u00e3o direito. Abaixo, menina negra de olhos escuros e cabelos ondulados e volumosos presos em um coque, est\u00e1 ligada ao cora\u00e7\u00e3o. Abaixo, mulher de pele parda, olhos escuros e cabelos pretos, ondulados e compridos, est\u00e1 ligada ao rim direito. Abaixo, pessoa de pele branca, careca, com olhos fechados e batom vermelho, est\u00e1 ligado ao f\u00edgado. O fundo \u00e9 um degrad\u00ea de verde com textura de respingos de tinta.                                <\/span>\n                                <div class=\"noticias-widget-thumbs h-100\">\n                                    <img decoding=\"async\" class=\"object-fit-cover h-100 w-100\" alt=\"\" srcset=\"https:\/\/www.ufsm.br\/app\/uploads\/sites\/601\/2022\/09\/Orgaos_Capa-300x195.jpg 300w, https:\/\/www.ufsm.br\/app\/uploads\/sites\/601\/2022\/09\/Orgaos_Capa-1024x667.jpg 1024w, https:\/\/www.ufsm.br\/app\/uploads\/sites\/601\/2022\/09\/Orgaos_Capa-768x500.jpg 768w, https:\/\/www.ufsm.br\/app\/uploads\/sites\/601\/2022\/09\/Orgaos_Capa-1536x1001.jpg 1536w, https:\/\/www.ufsm.br\/app\/uploads\/sites\/601\/2022\/09\/Orgaos_Capa.jpg 1920w\" src=\"https:\/\/www.ufsm.br\/app\/uploads\/sites\/601\/2022\/09\/Orgaos_Capa-1024x667.jpg\"><\/img>\n                                <\/div>\n                            <\/a>\n                        <\/div>\n                                        \n                                        \n                    \n                    <a class=\"noticias-widget-title d-block  m-0 \"  title=\"Negativa familiar \u00e9 a principal raz\u00e3o pela baixa no n\u00famero da doa\u00e7\u00e3o de \u00f3rg\u00e3os no Brasil\" href=\"https:\/\/www.ufsm.br\/midias\/arco\/negativa-familiar-e-a-principal-razao-pela-baixa-no-numero-da-doacao-de-orgaos-no-brasil\">\n                                                Negativa familiar \u00e9 a principal raz\u00e3o pela baixa no n\u00famero da doa\u00e7\u00e3o de \u00f3rg\u00e3os no Brasil                    <\/a>\n                    \n                    \n                                        \n                                        \n                                        <\/div>\n                                    <div class=\"col-12 col-lg-4 pb-4\">\n                                            <div class=\"noticias-widget-wrap\" style=\"height: 180px; overflow: hidden;\">\n                            <a title=\"Descri\u00e7\u00e3o da imagem: Ilustra\u00e7\u00e3o horizontal e colorida de duas pessoas sentadas em frente a um notebook. A imagem est\u00e1 dividida no meio. Na esquerda, homem de pele parda e cabelo escuro, veste jaleco azul claro e cal\u00e7a azul escuro. Est\u00e1 em frente a um notebook preto. Na parede atr\u00e1s dele, quadro com diploma e ilustra\u00e7\u00e3o de um cora\u00e7\u00e3o humano. Na parte direita da imagem, homem de pele clara e cabelos escuros, est\u00e1 curvado e enrolado em uma coberta azul marinho, veste cal\u00e7a branca com c\u00edrculos vermelhos. Est\u00e1 em frente a uma x\u00edcara e um notebook brancos. Na parede atr\u00e1s dele, quadro branco com o Batman em preto e estante suspensa com cinco livros em tons de azul, branco, rosa queimado e preto.\" href=\"https:\/\/www.ufsm.br\/midias\/arco\/colaboracao-internacional-entre-ufsm-e-espanha-busca-desenvolvimento-em-telessaude%ef%bf%bc\">\n                                <span class=\"visually-hidden\">\n                                    Descri\u00e7\u00e3o da imagem: Ilustra\u00e7\u00e3o horizontal e colorida de duas pessoas sentadas em frente a um notebook. A imagem est\u00e1 dividida no meio. Na esquerda, homem de pele parda e cabelo escuro, veste jaleco azul claro e cal\u00e7a azul escuro. Est\u00e1 em frente a um notebook preto. Na parede atr\u00e1s dele, quadro com diploma e ilustra\u00e7\u00e3o de um cora\u00e7\u00e3o humano. Na parte direita da imagem, homem de pele clara e cabelos escuros, est\u00e1 curvado e enrolado em uma coberta azul marinho, veste cal\u00e7a branca com c\u00edrculos vermelhos. Est\u00e1 em frente a uma x\u00edcara e um notebook brancos. Na parede atr\u00e1s dele, quadro branco com o Batman em preto e estante suspensa com cinco livros em tons de azul, branco, rosa queimado e preto.                                <\/span>\n                                <div class=\"noticias-widget-thumbs h-100\">\n                                    <img decoding=\"async\" class=\"object-fit-cover h-100 w-100\" alt=\"\" srcset=\"https:\/\/www.ufsm.br\/app\/uploads\/sites\/601\/2022\/07\/HUSM_materia_capa-300x196.jpg 300w, https:\/\/www.ufsm.br\/app\/uploads\/sites\/601\/2022\/07\/HUSM_materia_capa-1024x667.jpg 1024w, https:\/\/www.ufsm.br\/app\/uploads\/sites\/601\/2022\/07\/HUSM_materia_capa-768x501.jpg 768w, https:\/\/www.ufsm.br\/app\/uploads\/sites\/601\/2022\/07\/HUSM_materia_capa.jpg 1459w\" src=\"https:\/\/www.ufsm.br\/app\/uploads\/sites\/601\/2022\/07\/HUSM_materia_capa-1024x667.jpg\"><\/img>\n                                <\/div>\n                            <\/a>\n                        <\/div>\n                                        \n                                        \n                    \n                    <a class=\"noticias-widget-title d-block  m-0 \"  title=\"Colabora\u00e7\u00e3o internacional entre UFSM e Espanha busca desenvolvimento em telessa\u00fade\" href=\"https:\/\/www.ufsm.br\/midias\/arco\/colaboracao-internacional-entre-ufsm-e-espanha-busca-desenvolvimento-em-telessaude%ef%bf%bc\">\n                                                Colabora\u00e7\u00e3o internacional entre UFSM e Espanha busca desenvolvimento em telessa\u00fade                    <\/a>\n                    \n                    \n                                        \n                                        \n                                        <\/div>\n                            <\/div>\n                    <div class=\"row\">\n                                    <div class=\"col-12 col-lg-4 pb-4\">\n                                            <div class=\"noticias-widget-wrap\" style=\"height: 180px; overflow: hidden;\">\n                            <a title=\"Descri\u00e7\u00e3o da imagem: ilustra\u00e7\u00e3o horizontal e colorida, em tons de azul e verde, de uma pessoa em uma estrada de terra no meio de uma paisagem. A estrada corta um gramado verde e desemboca no meio de duas montanhas. No meio das montanhas, ilustra\u00e7\u00e3o de um frasco de vacina e uma seringa sobre uma estrela de doze pontas amarelo pastel. Na frente das montanhas, fileira de \u00e1rvores do tipo pinheiros em tons de azul marinho e azul acinzentado. Sobre o gramado e ao lado da estrada, h\u00e1 uma placa de madeira em formato de flecha. O fundo \u00e9 cinza.\" href=\"https:\/\/www.ufsm.br\/midias\/arco\/quais-os-proximos-passos-da-vacinacao-contra-o-coronavirus\">\n                                <span class=\"visually-hidden\">\n                                    Descri\u00e7\u00e3o da imagem: ilustra\u00e7\u00e3o horizontal e colorida, em tons de azul e verde, de uma pessoa em uma estrada de terra no meio de uma paisagem. A estrada corta um gramado verde e desemboca no meio de duas montanhas. No meio das montanhas, ilustra\u00e7\u00e3o de um frasco de vacina e uma seringa sobre uma estrela de doze pontas amarelo pastel. Na frente das montanhas, fileira de \u00e1rvores do tipo pinheiros em tons de azul marinho e azul acinzentado. Sobre o gramado e ao lado da estrada, h\u00e1 uma placa de madeira em formato de flecha. O fundo \u00e9 cinza.                                <\/span>\n                                <div class=\"noticias-widget-thumbs h-100\">\n                                    <img decoding=\"async\" class=\"object-fit-cover h-100 w-100\" alt=\"\" srcset=\"https:\/\/www.ufsm.br\/app\/uploads\/sites\/601\/2022\/07\/4-dose-300x196.jpg 300w, https:\/\/www.ufsm.br\/app\/uploads\/sites\/601\/2022\/07\/4-dose-1024x670.jpg 1024w, https:\/\/www.ufsm.br\/app\/uploads\/sites\/601\/2022\/07\/4-dose-768x502.jpg 768w, https:\/\/www.ufsm.br\/app\/uploads\/sites\/601\/2022\/07\/4-dose-1536x1005.jpg 1536w, https:\/\/www.ufsm.br\/app\/uploads\/sites\/601\/2022\/07\/4-dose.jpg 1920w\" src=\"https:\/\/www.ufsm.br\/app\/uploads\/sites\/601\/2022\/07\/4-dose-1024x670.jpg\"><\/img>\n                                <\/div>\n                            <\/a>\n                        <\/div>\n                                        \n                                        \n                    \n                    <a class=\"noticias-widget-title d-block  m-0 \"  title=\"Quais os pr\u00f3ximos passos da vacina\u00e7\u00e3o contra o coronav\u00edrus?\" href=\"https:\/\/www.ufsm.br\/midias\/arco\/quais-os-proximos-passos-da-vacinacao-contra-o-coronavirus\">\n                                                Quais os pr\u00f3ximos passos da vacina\u00e7\u00e3o contra o coronav\u00edrus?                    <\/a>\n                    \n                    \n                                        \n                                        \n                                        <\/div>\n                                    <div class=\"col-12 col-lg-4 pb-4\">\n                                            <div class=\"noticias-widget-wrap\" style=\"height: 180px; overflow: hidden;\">\n                            <a title=\"Descri\u00e7\u00e3o da imagem: fotografia horizontal e colorida em tom saturado, de uma m\u00e1scara branca molhada sobre asfalto. A m\u00e1scara est\u00e1 na metade esquerda da imagem, ao lado de meio fio amarelo. O ch\u00e3o est\u00e1 molhado e h\u00e1 uma po\u00e7a de \u00e1gua pequena perto da \u00e1gua. A m\u00e1scara branca est\u00e1 dobrada do meio, suja e molhada.\" href=\"https:\/\/www.ufsm.br\/midias\/arco\/descarte-incorreto-mascaras-poluicao-ambiental\">\n                                <span class=\"visually-hidden\">\n                                    Descri\u00e7\u00e3o da imagem: fotografia horizontal e colorida em tom saturado, de uma m\u00e1scara branca molhada sobre asfalto. A m\u00e1scara est\u00e1 na metade esquerda da imagem, ao lado de meio fio amarelo. O ch\u00e3o est\u00e1 molhado e h\u00e1 uma po\u00e7a de \u00e1gua pequena perto da \u00e1gua. A m\u00e1scara branca est\u00e1 dobrada do meio, suja e molhada.                                <\/span>\n                                <div class=\"noticias-widget-thumbs h-100\">\n                                    <img decoding=\"async\" class=\"object-fit-cover h-100 w-100\" alt=\"\" srcset=\"https:\/\/www.ufsm.br\/app\/uploads\/sites\/601\/2022\/06\/capa_Mascaras2-300x196.jpg 300w, https:\/\/www.ufsm.br\/app\/uploads\/sites\/601\/2022\/06\/capa_Mascaras2-1024x669.jpg 1024w, https:\/\/www.ufsm.br\/app\/uploads\/sites\/601\/2022\/06\/capa_Mascaras2-768x502.jpg 768w, https:\/\/www.ufsm.br\/app\/uploads\/sites\/601\/2022\/06\/capa_Mascaras2.jpg 1455w\" src=\"https:\/\/www.ufsm.br\/app\/uploads\/sites\/601\/2022\/06\/capa_Mascaras2-1024x669.jpg\"><\/img>\n                                <\/div>\n                            <\/a>\n                        <\/div>\n                                        \n                                        \n                    \n                    <a class=\"noticias-widget-title d-block  m-0 \"  title=\"O descarte incorreto de m\u00e1scaras provoca polui\u00e7\u00e3o ambiental\" href=\"https:\/\/www.ufsm.br\/midias\/arco\/descarte-incorreto-mascaras-poluicao-ambiental\">\n                                                O descarte incorreto de m\u00e1scaras provoca polui\u00e7\u00e3o ambiental                    <\/a>\n                    \n                    \n                                        \n                                        \n                                        <\/div>\n                                    <div class=\"col-12 col-lg-4 pb-4\">\n                                            <div class=\"noticias-widget-wrap\" style=\"height: 180px; overflow: hidden;\">\n                            <a title=\"Gif horizontal e colorido, que repete tr\u00eas imagens. A primeira \u00e9 de um cirurgi\u00e3o em primeiro plano; \u00e9 um homem de pele negra, olhos e sobrancelhas escuras; est\u00e1 com um aspecto cansado; usa touca e m\u00e1scara cir\u00fargicas azul claro, e veste um scrubs azul de mangas compridas. Ao fundo, parece azul beb\u00ea, com um rel\u00f3gio preto e branco que marca 3h40min; ao lado direito do homem, bal\u00e3o de pensamento com o desenho de uma casa. A segunda imagem \u00e9 de um enfermeiro que segura uma prancha de madeira; ele tem pele branca, olhos e sobrancelhas castanhas, cabelos lisos, curtos e castanhos e barba na mesma cor; usa m\u00e1scara pff na cor azul claro e veste scrubs de manga comprida na cor verde acinzentado; nas m\u00e3os, uma prancheta e uma caneta. Ao fundo, parece cinza; cortina azul; janela de vidro com a cidade noturna ao fundo; e na parede, rel\u00f3gio digital horizontal que marca 4h50min. A terceira imagem \u00e9 de uma m\u00e9dica; ela tem pele branca, olhos e sobrancelhas castanhas; cabelos lisos, castanho escuros e compridos; tem olheiras escuras abaixo dos olhos; usa m\u00e1scara pff verde turquesa; veste scrubs de mangas compridas verde acinzentado; tem um estetosc\u00f3pio preto ao redor do pesco\u00e7o. Ao fundo, parede cinza m\u00e9dio, uma janela de vidro com a cidade noturna ao fundo, um rel\u00f3gio preto que marca 5h10min e uma planta no canto esquerdo.\" href=\"https:\/\/www.ufsm.br\/midias\/arco\/trabalho-noturno-influencia-sono-saude-profissionais-enfermagem\">\n                                <span class=\"visually-hidden\">\n                                    Gif horizontal e colorido, que repete tr\u00eas imagens. A primeira \u00e9 de um cirurgi\u00e3o em primeiro plano; \u00e9 um homem de pele negra, olhos e sobrancelhas escuras; est\u00e1 com um aspecto cansado; usa touca e m\u00e1scara cir\u00fargicas azul claro, e veste um scrubs azul de mangas compridas. Ao fundo, parece azul beb\u00ea, com um rel\u00f3gio preto e branco que marca 3h40min; ao lado direito do homem, bal\u00e3o de pensamento com o desenho de uma casa. A segunda imagem \u00e9 de um enfermeiro que segura uma prancha de madeira; ele tem pele branca, olhos e sobrancelhas castanhas, cabelos lisos, curtos e castanhos e barba na mesma cor; usa m\u00e1scara pff na cor azul claro e veste scrubs de manga comprida na cor verde acinzentado; nas m\u00e3os, uma prancheta e uma caneta. Ao fundo, parece cinza; cortina azul; janela de vidro com a cidade noturna ao fundo; e na parede, rel\u00f3gio digital horizontal que marca 4h50min. A terceira imagem \u00e9 de uma m\u00e9dica; ela tem pele branca, olhos e sobrancelhas castanhas; cabelos lisos, castanho escuros e compridos; tem olheiras escuras abaixo dos olhos; usa m\u00e1scara pff verde turquesa; veste scrubs de mangas compridas verde acinzentado; tem um estetosc\u00f3pio preto ao redor do pesco\u00e7o. Ao fundo, parede cinza m\u00e9dio, uma janela de vidro com a cidade noturna ao fundo, um rel\u00f3gio preto que marca 5h10min e uma planta no canto esquerdo.                                <\/span>\n                                <div class=\"noticias-widget-thumbs h-100\">\n                                    <img decoding=\"async\" class=\"object-fit-cover h-100 w-100\" alt=\"\" srcset=\"https:\/\/www.ufsm.br\/app\/uploads\/sites\/601\/2022\/03\/gif-site-300x169.gif 300w, https:\/\/www.ufsm.br\/app\/uploads\/sites\/601\/2022\/03\/gif-site-1024x576.gif 1024w, https:\/\/www.ufsm.br\/app\/uploads\/sites\/601\/2022\/03\/gif-site-768x432.gif 768w, https:\/\/www.ufsm.br\/app\/uploads\/sites\/601\/2022\/03\/gif-site-1536x864.gif 1536w\" src=\"https:\/\/www.ufsm.br\/app\/uploads\/sites\/601\/2022\/03\/gif-site-1024x576.gif\"><\/img>\n                                <\/div>\n                            <\/a>\n                        <\/div>\n                                        \n                                        \n                    \n                    <a class=\"noticias-widget-title d-block  m-0 \"  title=\"Trabalho noturno: Influ\u00eancia do sono na sa\u00fade dos\u00a0 profissionais da Enfermagem\" href=\"https:\/\/www.ufsm.br\/midias\/arco\/trabalho-noturno-influencia-sono-saude-profissionais-enfermagem\">\n                                                Trabalho noturno: Influ\u00eancia do sono na sa\u00fade dos\u00a0 profissionais da Enfermagem                    <\/a>\n                    \n                    \n                                        \n                                        \n                                        <\/div>\n                            <\/div>\n                    <div class=\"row\">\n                                    <div class=\"col-12 col-lg-4 pb-4\">\n                                            <div class=\"noticias-widget-wrap\" style=\"height: 180px; overflow: hidden;\">\n                            <a title=\"Ilustra\u00e7\u00e3o horizontal e colorida de silhueta de um corpo gordo, em que s\u00e3o vis\u00edveis os m\u00fasculos e os ossos. A ilustra\u00e7\u00e3o do corpo \u00e9 do joelho ao peito. Na parte esquerda, aparecem os m\u00fasculos, na cor vermelha. Na parte direita, est\u00e3o os ossos, em azul. O restante do corpo \u00e9 cinza. O fundo \u00e9 bege.\" href=\"https:\/\/www.ufsm.br\/midias\/arco\/gordofobia-medica-saude-nao-tem-tamanho\">\n                                <span class=\"visually-hidden\">\n                                    Ilustra\u00e7\u00e3o horizontal e colorida de silhueta de um corpo gordo, em que s\u00e3o vis\u00edveis os m\u00fasculos e os ossos. A ilustra\u00e7\u00e3o do corpo \u00e9 do joelho ao peito. Na parte esquerda, aparecem os m\u00fasculos, na cor vermelha. Na parte direita, est\u00e3o os ossos, em azul. O restante do corpo \u00e9 cinza. O fundo \u00e9 bege.                                <\/span>\n                                <div class=\"noticias-widget-thumbs h-100\">\n                                    <img decoding=\"async\" class=\"object-fit-cover h-100 w-100\" alt=\"\" srcset=\"https:\/\/www.ufsm.br\/app\/uploads\/sites\/601\/2022\/03\/image-300x196.jpg 300w, https:\/\/www.ufsm.br\/app\/uploads\/sites\/601\/2022\/03\/image-1024x669.jpg 1024w, https:\/\/www.ufsm.br\/app\/uploads\/sites\/601\/2022\/03\/image-768x502.jpg 768w, https:\/\/www.ufsm.br\/app\/uploads\/sites\/601\/2022\/03\/image.jpg 1269w\" src=\"https:\/\/www.ufsm.br\/app\/uploads\/sites\/601\/2022\/03\/image-1024x669.jpg\"><\/img>\n                                <\/div>\n                            <\/a>\n                        <\/div>\n                                        \n                                        \n                    \n                    <a class=\"noticias-widget-title d-block  m-0 \"  title=\"Gordofobia m\u00e9dica: sa\u00fade n\u00e3o tem tamanho\" href=\"https:\/\/www.ufsm.br\/midias\/arco\/gordofobia-medica-saude-nao-tem-tamanho\">\n                                                Gordofobia m\u00e9dica: sa\u00fade n\u00e3o tem tamanho                    <\/a>\n                    \n                    \n                                        \n                                        \n                                        <\/div>\n                                    <div class=\"col-12 col-lg-4 pb-4\">\n                                            <div class=\"noticias-widget-wrap\" style=\"height: 180px; overflow: hidden;\">\n                            <a title=\"Colagem horizontal e em preto e branco de v\u00e1rias manchetes de jornais digitais. No centro da imagem, m\u00e3o de pele branca segura uma caixa de ivermectina: ela \u00e9 vertical, nas cores vermelha, amarela e branca. o nome \"ivermectina medicamento gen\u00e9rico lei n\u00b0 9.787, de 1999\". No fundo, em preto e branco, colagem de cinco manchetes de sites de not\u00edcias. As manchetes s\u00e3o do Yahoo not\u00edcias, fato ou fake, lupa e boatos.org. Manchetes: \"Checamos: \u00e9 falso que ivermectina reduziu casos de covid-19\"; \"\u00c9 #FAKE que Jap\u00e3o abandonou as vacinas contra covid-19 e as substituiu por ivermectina\"; \"Verificamos: estudo realizado em Itaja\u00ed (SC) n\u00e3o prova que ivermectina reduziu n\u00famero de mortes por covid-19\"; \"Paxlovid, da Pfizer, \u00e9 um rem\u00e9dio similar \u00e0 ivermectina #Boato\"; e \"Posts distorcem fatos ao alegar que ivermectina reduz 97% da carga viral da covid-19 em 48 horas\"\" href=\"https:\/\/www.ufsm.br\/midias\/arco\/ineficaz-uso-ivermectina-tratamento-covid-19-complicacoes\">\n                                <span class=\"visually-hidden\">\n                                    Colagem horizontal e em preto e branco de v\u00e1rias manchetes de jornais digitais. No centro da imagem, m\u00e3o de pele branca segura uma caixa de ivermectina: ela \u00e9 vertical, nas cores vermelha, amarela e branca. o nome \"ivermectina medicamento gen\u00e9rico lei n\u00b0 9.787, de 1999\". No fundo, em preto e branco, colagem de cinco manchetes de sites de not\u00edcias. As manchetes s\u00e3o do Yahoo not\u00edcias, fato ou fake, lupa e boatos.org. Manchetes: \"Checamos: \u00e9 falso que ivermectina reduziu casos de covid-19\"; \"\u00c9 #FAKE que Jap\u00e3o abandonou as vacinas contra covid-19 e as substituiu por ivermectina\"; \"Verificamos: estudo realizado em Itaja\u00ed (SC) n\u00e3o prova que ivermectina reduziu n\u00famero de mortes por covid-19\"; \"Paxlovid, da Pfizer, \u00e9 um rem\u00e9dio similar \u00e0 ivermectina #Boato\"; e \"Posts distorcem fatos ao alegar que ivermectina reduz 97% da carga viral da covid-19 em 48 horas\"                                <\/span>\n                                <div class=\"noticias-widget-thumbs h-100\">\n                                    <img decoding=\"async\" class=\"object-fit-cover h-100 w-100\" alt=\"\" srcset=\"https:\/\/www.ufsm.br\/app\/uploads\/sites\/601\/2022\/02\/Capa-300x196.jpg 300w, https:\/\/www.ufsm.br\/app\/uploads\/sites\/601\/2022\/02\/Capa-1024x668.jpg 1024w, https:\/\/www.ufsm.br\/app\/uploads\/sites\/601\/2022\/02\/Capa-768x501.jpg 768w, https:\/\/www.ufsm.br\/app\/uploads\/sites\/601\/2022\/02\/Capa.jpg 1458w\" src=\"https:\/\/www.ufsm.br\/app\/uploads\/sites\/601\/2022\/02\/Capa-1024x668.jpg\"><\/img>\n                                <\/div>\n                            <\/a>\n                        <\/div>\n                                        \n                                        \n                    \n                    <a class=\"noticias-widget-title d-block  m-0 \"  title=\"Al\u00e9m de ineficaz, o uso da Ivermectina para o tratamento da Covid-19 pode causar complica\u00e7\u00f5es para a sa\u00fade\" href=\"https:\/\/www.ufsm.br\/midias\/arco\/ineficaz-uso-ivermectina-tratamento-covid-19-complicacoes\">\n                                                Al\u00e9m de ineficaz, o uso da Ivermectina para o tratamento da Covid-19 pode causar complica\u00e7\u00f5es para a sa\u00fade                    <\/a>\n                    \n                    \n                                        \n                                        \n                                        <\/div>\n                                    <div class=\"col-12 col-lg-4 pb-4\">\n                                            <div class=\"noticias-widget-wrap\" style=\"height: 180px; overflow: hidden;\">\n                            <a title=\"Descri\u00e7\u00e3o da imagem: Ilustra\u00e7\u00e3o horizontal e colorida de um homem de pele parda, em retrato, pensativo. Ele tem olhos escuros, cabelos ondulados e na cor preta, veste camiseta bord\u00f4. Ao lado, na direita da imagem, bal\u00e3o de pensamento na cor branca. Dentro do bal\u00e3o, est\u00e1 o homem, de perfil, ao lado de uma mulher de pele parda, cabelos escuros em corte channel, que veste blusa lil\u00e1s; da boca dela saem microorganismos na cor verde. Abaixo do bal\u00e3o, tr\u00eas pontos de interroga\u00e7\u00e3o na cor marrom claro. O fundo \u00e9 azul claro,\" href=\"https:\/\/www.ufsm.br\/midias\/arco\/tive-contato-com-alguem-que-testou-positivo-para-o-coronavirus-e-agora\">\n                                <span class=\"visually-hidden\">\n                                    Descri\u00e7\u00e3o da imagem: Ilustra\u00e7\u00e3o horizontal e colorida de um homem de pele parda, em retrato, pensativo. Ele tem olhos escuros, cabelos ondulados e na cor preta, veste camiseta bord\u00f4. Ao lado, na direita da imagem, bal\u00e3o de pensamento na cor branca. Dentro do bal\u00e3o, est\u00e1 o homem, de perfil, ao lado de uma mulher de pele parda, cabelos escuros em corte channel, que veste blusa lil\u00e1s; da boca dela saem microorganismos na cor verde. Abaixo do bal\u00e3o, tr\u00eas pontos de interroga\u00e7\u00e3o na cor marrom claro. O fundo \u00e9 azul claro,                                <\/span>\n                                <div class=\"noticias-widget-thumbs h-100\">\n                                    <img decoding=\"async\" class=\"object-fit-cover h-100 w-100\" alt=\"\" srcset=\"https:\/\/www.ufsm.br\/app\/uploads\/sites\/601\/2022\/02\/Tive_contato_capa_site-300x196.jpg 300w, https:\/\/www.ufsm.br\/app\/uploads\/sites\/601\/2022\/02\/Tive_contato_capa_site-1024x668.jpg 1024w, https:\/\/www.ufsm.br\/app\/uploads\/sites\/601\/2022\/02\/Tive_contato_capa_site-768x501.jpg 768w, https:\/\/www.ufsm.br\/app\/uploads\/sites\/601\/2022\/02\/Tive_contato_capa_site.jpg 1458w\" src=\"https:\/\/www.ufsm.br\/app\/uploads\/sites\/601\/2022\/02\/Tive_contato_capa_site-1024x668.jpg\"><\/img>\n                                <\/div>\n                            <\/a>\n                        <\/div>\n                                        \n                                        \n                    \n                    <a class=\"noticias-widget-title d-block  m-0 \"  title=\"Tive contato com algu\u00e9m que testou positivo para o coronav\u00edrus, e agora?\" href=\"https:\/\/www.ufsm.br\/midias\/arco\/tive-contato-com-alguem-que-testou-positivo-para-o-coronavirus-e-agora\">\n                                                Tive contato com algu\u00e9m que testou positivo para o coronav\u00edrus, e agora?                    <\/a>\n                    \n                    \n                                        \n                                        \n                                        <\/div>\n                            <\/div>\n            <\/div>\n\t\t<\/div>\n\t\t\t\t<\/div>\n\t\t\t\t\t<\/div>\n\t\t<\/div>\n\t\t\t\t\t<\/div>\n\t\t<\/section>\n\t\t\t\t<\/div>\n\t\t","protected":false},"excerpt":{"rendered":"","protected":false},"author":32,"featured_media":0,"parent":0,"menu_order":0,"comment_status":"closed","ping_status":"closed","template":"","meta":{"footnotes":""},"categories":[],"tags":[],"class_list":["post-9180","page","type-page","status-publish","hentry"],"acf":[],"_links":{"self":[{"href":"https:\/\/www.ufsm.br\/midias\/arco\/wp-json\/wp\/v2\/pages\/9180","targetHints":{"allow":["GET"]}}],"collection":[{"href":"https:\/\/www.ufsm.br\/midias\/arco\/wp-json\/wp\/v2\/pages"}],"about":[{"href":"https:\/\/www.ufsm.br\/midias\/arco\/wp-json\/wp\/v2\/types\/page"}],"author":[{"embeddable":true,"href":"https:\/\/www.ufsm.br\/midias\/arco\/wp-json\/wp\/v2\/users\/32"}],"replies":[{"embeddable":true,"href":"https:\/\/www.ufsm.br\/midias\/arco\/wp-json\/wp\/v2\/comments?post=9180"}],"version-history":[{"count":0,"href":"https:\/\/www.ufsm.br\/midias\/arco\/wp-json\/wp\/v2\/pages\/9180\/revisions"}],"wp:attachment":[{"href":"https:\/\/www.ufsm.br\/midias\/arco\/wp-json\/wp\/v2\/media?parent=9180"}],"wp:term":[{"taxonomy":"category","embeddable":true,"href":"https:\/\/www.ufsm.br\/midias\/arco\/wp-json\/wp\/v2\/categories?post=9180"},{"taxonomy":"post_tag","embeddable":true,"href":"https:\/\/www.ufsm.br\/midias\/arco\/wp-json\/wp\/v2\/tags?post=9180"}],"curies":[{"name":"wp","href":"https:\/\/api.w.org\/{rel}","templated":true}]}}