{"id":9184,"date":"2022-04-14T15:41:25","date_gmt":"2022-04-14T18:41:25","guid":{"rendered":"https:\/\/www.ufsm.br\/midias\/arco\/?page_id=9184"},"modified":"2022-04-14T15:42:32","modified_gmt":"2022-04-14T18:42:32","slug":"ambiente","status":"publish","type":"page","link":"https:\/\/www.ufsm.br\/midias\/arco\/ambiente","title":{"rendered":"Ambiente"},"content":{"rendered":"\t\t<div data-elementor-type=\"wp-page\" data-elementor-id=\"9184\" class=\"elementor elementor-9184\">\n\t\t\t\t\t\t<section class=\"elementor-section elementor-top-section elementor-element elementor-element-5975183 elementor-section-boxed elementor-section-height-default elementor-section-height-default\" data-id=\"5975183\" data-element_type=\"section\">\n\t\t\t\t\t\t<div class=\"elementor-container elementor-column-gap-default\">\n\t\t\t\t\t<div class=\"elementor-column elementor-col-100 elementor-top-column elementor-element elementor-element-87cfbf7\" data-id=\"87cfbf7\" data-element_type=\"column\">\n\t\t\t<div class=\"elementor-widget-wrap elementor-element-populated\">\n\t\t\t\t\t\t<div class=\"elementor-element elementor-element-4973032 elementor-widget elementor-widget-wp-widget-ufsm_noticias_widget\" data-id=\"4973032\" data-element_type=\"widget\" data-widget_type=\"wp-widget-ufsm_noticias_widget.default\">\n\t\t\t\t<div class=\"elementor-widget-container\">\n\t\t\t<div class='widget-noticias-inside'>\n                        <div class=\"row\">\n                                    <div class=\"col-12 col-lg-4 pb-4\">\n                                            <div class=\"noticias-widget-wrap\" style=\"height: 180px; overflow: hidden;\">\n                            <a title=\"\" href=\"https:\/\/www.ufsm.br\/midias\/arco\/agroflorestas\">\n                                <span class=\"visually-hidden\">\n                                    Agroflorestas estimulam a prote\u00e7\u00e3o do meio ambiente e a rela\u00e7\u00e3o saud\u00e1vel entre o homem e a natureza                                <\/span>\n                                <div class=\"noticias-widget-thumbs h-100\">\n                                    <img decoding=\"async\" class=\"object-fit-cover h-100 w-100\" alt=\"\" srcset=\"https:\/\/www.ufsm.br\/app\/uploads\/sites\/601\/2023\/04\/Capa-materia-site-1-300x169.jpeg 300w, https:\/\/www.ufsm.br\/app\/uploads\/sites\/601\/2023\/04\/Capa-materia-site-1-1024x576.jpeg 1024w, https:\/\/www.ufsm.br\/app\/uploads\/sites\/601\/2023\/04\/Capa-materia-site-1-768x432.jpeg 768w, https:\/\/www.ufsm.br\/app\/uploads\/sites\/601\/2023\/04\/Capa-materia-site-1-1536x864.jpeg 1536w, https:\/\/www.ufsm.br\/app\/uploads\/sites\/601\/2023\/04\/Capa-materia-site-1.jpeg 1600w\" src=\"https:\/\/www.ufsm.br\/app\/uploads\/sites\/601\/2023\/04\/Capa-materia-site-1-1024x576.jpeg\"><\/img>\n                                <\/div>\n                            <\/a>\n                        <\/div>\n                                        \n                                        \n                    \n                    <a class=\"noticias-widget-title d-block  m-0 \"  title=\"Agroflorestas estimulam a prote\u00e7\u00e3o do meio ambiente e a rela\u00e7\u00e3o saud\u00e1vel entre o homem e a natureza\" href=\"https:\/\/www.ufsm.br\/midias\/arco\/agroflorestas\">\n                                                Agroflorestas estimulam a prote\u00e7\u00e3o do meio ambiente e a rela\u00e7\u00e3o saud\u00e1vel entre o homem e a natureza                    <\/a>\n                    \n                    \n                                        \n                                        \n                                        <\/div>\n                                    <div class=\"col-12 col-lg-4 pb-4\">\n                                            <div class=\"noticias-widget-wrap\" style=\"height: 180px; overflow: hidden;\">\n                            <a title=\"\" href=\"https:\/\/www.ufsm.br\/midias\/arco\/observacao-de-aves\">\n                                <span class=\"visually-hidden\">\n                                    Observa\u00e7\u00e3o de aves: pr\u00e1tica oportuniza conhecer biodiversidade local e melhorar bem-estar                                <\/span>\n                                <div class=\"noticias-widget-thumbs h-100\">\n                                    <img decoding=\"async\" class=\"object-fit-cover h-100 w-100\" alt=\"\" srcset=\"https:\/\/www.ufsm.br\/app\/uploads\/sites\/601\/2023\/02\/cardeal_WA1357086-1-e1676457515195-300x197.jpg 300w, https:\/\/www.ufsm.br\/app\/uploads\/sites\/601\/2023\/02\/cardeal_WA1357086-1-e1676457515195-768x505.jpg 768w, https:\/\/www.ufsm.br\/app\/uploads\/sites\/601\/2023\/02\/cardeal_WA1357086-1-e1676457515195.jpg 1000w\" src=\"https:\/\/www.ufsm.br\/app\/uploads\/sites\/601\/2023\/02\/cardeal_WA1357086-1-e1676457515195.jpg\"><\/img>\n                                <\/div>\n                            <\/a>\n                        <\/div>\n                                        \n                                        \n                    \n                    <a class=\"noticias-widget-title d-block  m-0 \"  title=\"Observa\u00e7\u00e3o de aves: pr\u00e1tica oportuniza conhecer biodiversidade local e melhorar bem-estar\" href=\"https:\/\/www.ufsm.br\/midias\/arco\/observacao-de-aves\">\n                                                Observa\u00e7\u00e3o de aves: pr\u00e1tica oportuniza conhecer biodiversidade local e melhorar bem-estar                    <\/a>\n                    \n                    \n                                        \n                                        \n                                        <\/div>\n                                    <div class=\"col-12 col-lg-4 pb-4\">\n                                            <div class=\"noticias-widget-wrap\" style=\"height: 180px; overflow: hidden;\">\n                            <a title=\"\" href=\"https:\/\/www.ufsm.br\/midias\/arco\/estiagem\">\n                                <span class=\"visually-hidden\">\n                                    Trabalho de grupo de meteorologia da UFSM fornece informa\u00e7\u00f5es clim\u00e1ticas durante per\u00edodo de estiagem                                <\/span>\n                                <div class=\"noticias-widget-thumbs h-100\">\n                                    <img decoding=\"async\" class=\"object-fit-cover h-100 w-100\" alt=\"\" srcset=\"https:\/\/www.ufsm.br\/app\/uploads\/sites\/601\/2023\/02\/elizabeth-lies-campos-300x225.jpg 300w, https:\/\/www.ufsm.br\/app\/uploads\/sites\/601\/2023\/02\/elizabeth-lies-campos-1024x768.jpg 1024w, https:\/\/www.ufsm.br\/app\/uploads\/sites\/601\/2023\/02\/elizabeth-lies-campos-768x576.jpg 768w, https:\/\/www.ufsm.br\/app\/uploads\/sites\/601\/2023\/02\/elizabeth-lies-campos-1536x1152.jpg 1536w, https:\/\/www.ufsm.br\/app\/uploads\/sites\/601\/2023\/02\/elizabeth-lies-campos.jpg 1920w\" src=\"https:\/\/www.ufsm.br\/app\/uploads\/sites\/601\/2023\/02\/elizabeth-lies-campos-1024x768.jpg\"><\/img>\n                                <\/div>\n                            <\/a>\n                        <\/div>\n                                        \n                                        \n                    \n                    <a class=\"noticias-widget-title d-block  m-0 \"  title=\"Trabalho de grupo de meteorologia da UFSM fornece informa\u00e7\u00f5es clim\u00e1ticas durante per\u00edodo de estiagem\" href=\"https:\/\/www.ufsm.br\/midias\/arco\/estiagem\">\n                                                Trabalho de grupo de meteorologia da UFSM fornece informa\u00e7\u00f5es clim\u00e1ticas durante per\u00edodo de estiagem                    <\/a>\n                    \n                    \n                                        \n                                        \n                                        <\/div>\n                            <\/div>\n                    <div class=\"row\">\n                                    <div class=\"col-12 col-lg-4 pb-4\">\n                                            <div class=\"noticias-widget-wrap\" style=\"height: 180px; overflow: hidden;\">\n                            <a title=\"\" href=\"https:\/\/www.ufsm.br\/midias\/arco\/5-motivos-para-fazer-compostagem\">\n                                <span class=\"visually-hidden\">\n                                    5 motivos para fazer compostagem                                <\/span>\n                                <div class=\"noticias-widget-thumbs h-100\">\n                                    <img decoding=\"async\" class=\"object-fit-cover h-100 w-100\" alt=\"\" srcset=\"https:\/\/www.ufsm.br\/app\/uploads\/sites\/601\/2021\/12\/capa_site-300x196.jpg 300w, https:\/\/www.ufsm.br\/app\/uploads\/sites\/601\/2021\/12\/capa_site-1024x668.jpg 1024w, https:\/\/www.ufsm.br\/app\/uploads\/sites\/601\/2021\/12\/capa_site-768x501.jpg 768w, https:\/\/www.ufsm.br\/app\/uploads\/sites\/601\/2021\/12\/capa_site.jpg 1458w\" src=\"https:\/\/www.ufsm.br\/app\/uploads\/sites\/601\/2021\/12\/capa_site-1024x668.jpg\"><\/img>\n                                <\/div>\n                            <\/a>\n                        <\/div>\n                                        \n                                        \n                    \n                    <a class=\"noticias-widget-title d-block  m-0 \"  title=\"5 motivos para fazer compostagem\" href=\"https:\/\/www.ufsm.br\/midias\/arco\/5-motivos-para-fazer-compostagem\">\n                                                5 motivos para fazer compostagem                    <\/a>\n                    \n                    \n                                        \n                                        \n                                        <\/div>\n                                    <div class=\"col-12 col-lg-4 pb-4\">\n                                            <div class=\"noticias-widget-wrap\" style=\"height: 180px; overflow: hidden;\">\n                            <a title=\"\" href=\"https:\/\/www.ufsm.br\/midias\/arco\/fotografia-para-a-conscientizacao-ambiental\">\n                                <span class=\"visually-hidden\">\n                                    Fotografia para a conscientiza\u00e7\u00e3o ambiental                                <\/span>\n                                <div class=\"noticias-widget-thumbs h-100\">\n                                    <img decoding=\"async\" class=\"object-fit-cover h-100 w-100\" alt=\"\" srcset=\"https:\/\/www.ufsm.br\/app\/uploads\/sites\/601\/2021\/11\/capa_site_descarte_a_arte_jpg-300x196.jpg 300w, https:\/\/www.ufsm.br\/app\/uploads\/sites\/601\/2021\/11\/capa_site_descarte_a_arte_jpg-1024x668.jpg 1024w, https:\/\/www.ufsm.br\/app\/uploads\/sites\/601\/2021\/11\/capa_site_descarte_a_arte_jpg-768x501.jpg 768w, https:\/\/www.ufsm.br\/app\/uploads\/sites\/601\/2021\/11\/capa_site_descarte_a_arte_jpg.jpg 1458w\" src=\"https:\/\/www.ufsm.br\/app\/uploads\/sites\/601\/2021\/11\/capa_site_descarte_a_arte_jpg-1024x668.jpg\"><\/img>\n                                <\/div>\n                            <\/a>\n                        <\/div>\n                                        \n                                        \n                    \n                    <a class=\"noticias-widget-title d-block  m-0 \"  title=\"Fotografia para a conscientiza\u00e7\u00e3o ambiental\" href=\"https:\/\/www.ufsm.br\/midias\/arco\/fotografia-para-a-conscientizacao-ambiental\">\n                                                Fotografia para a conscientiza\u00e7\u00e3o ambiental                    <\/a>\n                    \n                    \n                                        \n                                        \n                                        <\/div>\n                                    <div class=\"col-12 col-lg-4 pb-4\">\n                                            <div class=\"noticias-widget-wrap\" style=\"height: 180px; overflow: hidden;\">\n                            <a title=\"\" href=\"https:\/\/www.ufsm.br\/midias\/arco\/pesquisadora-ufsm-ana-rovedder-ganha-premio\">\n                                <span class=\"visually-hidden\">\n                                    Arco entrevista a engenheira florestal Ana Paula Rovedder, agraciada com o pr\u00eamio \u201cO Futuro da Terra\u201d                                <\/span>\n                                <div class=\"noticias-widget-thumbs h-100\">\n                                    <img decoding=\"async\" class=\"object-fit-cover h-100 w-100\" alt=\"\" srcset=\"https:\/\/www.ufsm.br\/app\/uploads\/sites\/601\/2021\/09\/capa-300x196.jpg 300w, https:\/\/www.ufsm.br\/app\/uploads\/sites\/601\/2021\/09\/capa-1024x668.jpg 1024w, https:\/\/www.ufsm.br\/app\/uploads\/sites\/601\/2021\/09\/capa-768x501.jpg 768w, https:\/\/www.ufsm.br\/app\/uploads\/sites\/601\/2021\/09\/capa.jpg 1458w\" src=\"https:\/\/www.ufsm.br\/app\/uploads\/sites\/601\/2021\/09\/capa-1024x668.jpg\"><\/img>\n                                <\/div>\n                            <\/a>\n                        <\/div>\n                                        \n                                        \n                    \n                    <a class=\"noticias-widget-title d-block  m-0 \"  title=\"Arco entrevista a engenheira florestal Ana Paula Rovedder, agraciada com o pr\u00eamio \u201cO Futuro da Terra\u201d\" href=\"https:\/\/www.ufsm.br\/midias\/arco\/pesquisadora-ufsm-ana-rovedder-ganha-premio\">\n                                                Arco entrevista a engenheira florestal Ana Paula Rovedder, agraciada com o pr\u00eamio \u201cO Futuro da Terra\u201d                    <\/a>\n                    \n                    \n                                        \n                                        \n                                        <\/div>\n                            <\/div>\n                    <div class=\"row\">\n                                    <div class=\"col-12 col-lg-4 pb-4\">\n                                            <div class=\"noticias-widget-wrap\" style=\"height: 180px; overflow: hidden;\">\n                            <a title=\"\" href=\"https:\/\/www.ufsm.br\/midias\/arco\/educacao-ambiental-para-criancas\">\n                                <span class=\"visually-hidden\">\n                                    Educa\u00e7\u00e3o ambiental para crian\u00e7as: ferramenta de transforma\u00e7\u00e3o                                <\/span>\n                                <div class=\"noticias-widget-thumbs h-100\">\n                                    <img decoding=\"async\" class=\"object-fit-cover h-100 w-100\" alt=\"\" srcset=\"https:\/\/www.ufsm.br\/app\/uploads\/sites\/601\/2021\/08\/download-4-300x193.png 300w, https:\/\/www.ufsm.br\/app\/uploads\/sites\/601\/2021\/08\/download-4-1024x657.png 1024w, https:\/\/www.ufsm.br\/app\/uploads\/sites\/601\/2021\/08\/download-4-768x493.png 768w, https:\/\/www.ufsm.br\/app\/uploads\/sites\/601\/2021\/08\/download-4.png 1458w\" src=\"https:\/\/www.ufsm.br\/app\/uploads\/sites\/601\/2021\/08\/download-4-1024x657.png\"><\/img>\n                                <\/div>\n                            <\/a>\n                        <\/div>\n                                        \n                                        \n                    \n                    <a class=\"noticias-widget-title d-block  m-0 \"  title=\"Educa\u00e7\u00e3o ambiental para crian\u00e7as: ferramenta de transforma\u00e7\u00e3o\" href=\"https:\/\/www.ufsm.br\/midias\/arco\/educacao-ambiental-para-criancas\">\n                                                Educa\u00e7\u00e3o ambiental para crian\u00e7as: ferramenta de transforma\u00e7\u00e3o                    <\/a>\n                    \n                    \n                                        \n                                        \n                                        <\/div>\n                                    <div class=\"col-12 col-lg-4 pb-4\">\n                                            <div class=\"noticias-widget-wrap\" style=\"height: 180px; overflow: hidden;\">\n                            <a title=\"\" href=\"https:\/\/www.ufsm.br\/midias\/arco\/frutas-gelato-neap-della-mucca\">\n                                <span class=\"visually-hidden\">\n                                    Do mato ao gelato                                <\/span>\n                                <div class=\"noticias-widget-thumbs h-100\">\n                                    <img decoding=\"async\" class=\"object-fit-cover h-100 w-100\" alt=\"\" srcset=\"https:\/\/www.ufsm.br\/app\/uploads\/sites\/601\/2021\/04\/revista_arco_della_mucca_neap_gelato_site-1-300x196.jpg 300w, https:\/\/www.ufsm.br\/app\/uploads\/sites\/601\/2021\/04\/revista_arco_della_mucca_neap_gelato_site-1-1024x668.jpg 1024w, https:\/\/www.ufsm.br\/app\/uploads\/sites\/601\/2021\/04\/revista_arco_della_mucca_neap_gelato_site-1-768x501.jpg 768w, https:\/\/www.ufsm.br\/app\/uploads\/sites\/601\/2021\/04\/revista_arco_della_mucca_neap_gelato_site-1.jpg 1458w\" src=\"https:\/\/www.ufsm.br\/app\/uploads\/sites\/601\/2021\/04\/revista_arco_della_mucca_neap_gelato_site-1-1024x668.jpg\"><\/img>\n                                <\/div>\n                            <\/a>\n                        <\/div>\n                                        \n                                        \n                    \n                    <a class=\"noticias-widget-title d-block  m-0 \"  title=\"Do mato ao gelato\" href=\"https:\/\/www.ufsm.br\/midias\/arco\/frutas-gelato-neap-della-mucca\">\n                                                Do mato ao gelato                    <\/a>\n                    \n                    \n                                        \n                                        \n                                        <\/div>\n                                    <div class=\"col-12 col-lg-4 pb-4\">\n                                            <div class=\"noticias-widget-wrap\" style=\"height: 180px; overflow: hidden;\">\n                            <a title=\"\" href=\"https:\/\/www.ufsm.br\/midias\/arco\/barragens-engenheiros-ufsm\">\n                                <span class=\"visually-hidden\">\n                                    Barragens do RS ter\u00e3o suas estruturas analisadas por engenheiros da UFSM                                <\/span>\n                                <div class=\"noticias-widget-thumbs h-100\">\n                                    <img decoding=\"async\" class=\"object-fit-cover h-100 w-100\" alt=\"\" srcset=\"https:\/\/www.ufsm.br\/app\/uploads\/sites\/601\/2021\/04\/capa-site-300x196.png 300w, https:\/\/www.ufsm.br\/app\/uploads\/sites\/601\/2021\/04\/capa-site-1024x668.png 1024w, https:\/\/www.ufsm.br\/app\/uploads\/sites\/601\/2021\/04\/capa-site-768x501.png 768w, https:\/\/www.ufsm.br\/app\/uploads\/sites\/601\/2021\/04\/capa-site.png 1440w\" src=\"https:\/\/www.ufsm.br\/app\/uploads\/sites\/601\/2021\/04\/capa-site-1024x668.png\"><\/img>\n                                <\/div>\n                            <\/a>\n                        <\/div>\n                                        \n                                        \n                    \n                    <a class=\"noticias-widget-title d-block  m-0 \"  title=\"Barragens do RS ter\u00e3o suas estruturas analisadas por engenheiros da UFSM\" href=\"https:\/\/www.ufsm.br\/midias\/arco\/barragens-engenheiros-ufsm\">\n                                                Barragens do RS ter\u00e3o suas estruturas analisadas por engenheiros da UFSM                    <\/a>\n                    \n                    \n                                        \n                                        \n                                        <\/div>\n                            <\/div>\n                    <div class=\"row\">\n                                    <div class=\"col-12 col-lg-4 pb-4\">\n                                            <div class=\"noticias-widget-wrap\" style=\"height: 180px; overflow: hidden;\">\n                            <a title=\"\" href=\"https:\/\/www.ufsm.br\/midias\/arco\/entrevista-murilo-mello\">\n                                <span class=\"visually-hidden\">\n                                    Arco entrevista ec\u00f3logo Murilo de Mello                                <\/span>\n                                <div class=\"noticias-widget-thumbs h-100\">\n                                    <img decoding=\"async\" class=\"object-fit-cover h-100 w-100\" alt=\"\" srcset=\"https:\/\/www.ufsm.br\/app\/uploads\/sites\/601\/2021\/02\/revista-arco-gigante-guarani-300x196.png 300w, https:\/\/www.ufsm.br\/app\/uploads\/sites\/601\/2021\/02\/revista-arco-gigante-guarani-1024x668.png 1024w, https:\/\/www.ufsm.br\/app\/uploads\/sites\/601\/2021\/02\/revista-arco-gigante-guarani-768x501.png 768w, https:\/\/www.ufsm.br\/app\/uploads\/sites\/601\/2021\/02\/revista-arco-gigante-guarani.png 1440w\" src=\"https:\/\/www.ufsm.br\/app\/uploads\/sites\/601\/2021\/02\/revista-arco-gigante-guarani-1024x668.png\"><\/img>\n                                <\/div>\n                            <\/a>\n                        <\/div>\n                                        \n                                        \n                    \n                    <a class=\"noticias-widget-title d-block  m-0 \"  title=\"Arco entrevista ec\u00f3logo Murilo de Mello\" href=\"https:\/\/www.ufsm.br\/midias\/arco\/entrevista-murilo-mello\">\n                                                Arco entrevista ec\u00f3logo Murilo de Mello                    <\/a>\n                    \n                    \n                                        \n                                        \n                                        <\/div>\n                                    <div class=\"col-12 col-lg-4 pb-4\">\n                                            <div class=\"noticias-widget-wrap\" style=\"height: 180px; overflow: hidden;\">\n                            <a title=\"\" href=\"https:\/\/www.ufsm.br\/midias\/arco\/pantanal-em-chamas\">\n                                <span class=\"visually-hidden\">\n                                    Pantanal em chamas: de onde vem o fogo?                                <\/span>\n                                <div class=\"noticias-widget-thumbs h-100\">\n                                    <img decoding=\"async\" class=\"object-fit-cover h-100 w-100\" alt=\"\" srcset=\"https:\/\/www.ufsm.br\/app\/uploads\/sites\/601\/2020\/11\/200contos-300x196.jpg 300w, https:\/\/www.ufsm.br\/app\/uploads\/sites\/601\/2020\/11\/200contos-1024x668.jpg 1024w, https:\/\/www.ufsm.br\/app\/uploads\/sites\/601\/2020\/11\/200contos-768x501.jpg 768w, https:\/\/www.ufsm.br\/app\/uploads\/sites\/601\/2020\/11\/200contos.jpg 1440w\" src=\"https:\/\/www.ufsm.br\/app\/uploads\/sites\/601\/2020\/11\/200contos-1024x668.jpg\"><\/img>\n                                <\/div>\n                            <\/a>\n                        <\/div>\n                                        \n                                        \n                    \n                    <a class=\"noticias-widget-title d-block  m-0 \"  title=\"Pantanal em chamas: de onde vem o fogo?\" href=\"https:\/\/www.ufsm.br\/midias\/arco\/pantanal-em-chamas\">\n                                                Pantanal em chamas: de onde vem o fogo?                    <\/a>\n                    \n                    \n                                        \n                                        \n                                        <\/div>\n                                    <div class=\"col-12 col-lg-4 pb-4\">\n                                            <div class=\"noticias-widget-wrap\" style=\"height: 180px; overflow: hidden;\">\n                            <a title=\"\" href=\"https:\/\/www.ufsm.br\/midias\/arco\/o-cadena-e-arroio-e-nao-valao\">\n                                <span class=\"visually-hidden\">\n                                    \u201cO Cadena \u00e9 arroio e n\u00e3o val\u00e3o\u201d                                <\/span>\n                                <div class=\"noticias-widget-thumbs h-100\">\n                                    <img decoding=\"async\" class=\"object-fit-cover h-100 w-100\" alt=\"\" srcset=\"https:\/\/www.ufsm.br\/app\/uploads\/sites\/601\/2018\/06\/ok-3--300x225.jpg 300w, https:\/\/www.ufsm.br\/app\/uploads\/sites\/601\/2018\/06\/ok-3--768x576.jpg 768w, https:\/\/www.ufsm.br\/app\/uploads\/sites\/601\/2018\/06\/ok-3--1024x768.jpg 1024w\" src=\"https:\/\/www.ufsm.br\/app\/uploads\/sites\/601\/2018\/06\/ok-3--1024x768.jpg\"><\/img>\n                                <\/div>\n                            <\/a>\n                        <\/div>\n                                        \n                                        \n                    \n                    <a class=\"noticias-widget-title d-block  m-0 \"  title=\"\u201cO Cadena \u00e9 arroio e n\u00e3o val\u00e3o\u201d\" href=\"https:\/\/www.ufsm.br\/midias\/arco\/o-cadena-e-arroio-e-nao-valao\">\n                                                \u201cO Cadena \u00e9 arroio e n\u00e3o val\u00e3o\u201d                    <\/a>\n                    \n                    \n                                        \n                                        \n                                        <\/div>\n                            <\/div>\n                    <div class=\"row\">\n                                    <div class=\"col-12 col-lg-4 pb-4\">\n                                            <div class=\"noticias-widget-wrap\" style=\"height: 180px; overflow: hidden;\">\n                            <a title=\"\" href=\"https:\/\/www.ufsm.br\/midias\/arco\/descarte-correto-para-os-medicamentos\">\n                                <span class=\"visually-hidden\">\n                                    Descarte correto para os medicamentos                                <\/span>\n                                <div class=\"noticias-widget-thumbs h-100\">\n                                    <img decoding=\"async\" class=\"object-fit-cover h-100 w-100\" alt=\"\" srcset=\"https:\/\/www.ufsm.br\/app\/uploads\/sites\/601\/2018\/04\/UFSM.2018.015.114.RA_-300x200.jpg 300w, https:\/\/www.ufsm.br\/app\/uploads\/sites\/601\/2018\/04\/UFSM.2018.015.114.RA_-768x512.jpg 768w, https:\/\/www.ufsm.br\/app\/uploads\/sites\/601\/2018\/04\/UFSM.2018.015.114.RA_-1024x683.jpg 1024w, https:\/\/www.ufsm.br\/app\/uploads\/sites\/601\/2018\/04\/UFSM.2018.015.114.RA_-272x182.jpg 272w, https:\/\/www.ufsm.br\/app\/uploads\/sites\/601\/2018\/04\/UFSM.2018.015.114.RA_.jpg 1800w\" src=\"https:\/\/www.ufsm.br\/app\/uploads\/sites\/601\/2018\/04\/UFSM.2018.015.114.RA_-1024x683.jpg\"><\/img>\n                                <\/div>\n                            <\/a>\n                        <\/div>\n                                        \n                                        \n                    \n                    <a class=\"noticias-widget-title d-block  m-0 \"  title=\"Descarte correto para os medicamentos\" href=\"https:\/\/www.ufsm.br\/midias\/arco\/descarte-correto-para-os-medicamentos\">\n                                                Descarte correto para os medicamentos                    <\/a>\n                    \n                    \n                                        \n                                        \n                                        <\/div>\n                                    <div class=\"col-12 col-lg-4 pb-4\">\n                                            <div class=\"noticias-widget-wrap\" style=\"height: 180px; overflow: hidden;\">\n                            <a title=\"\" href=\"https:\/\/www.ufsm.br\/midias\/arco\/pescando-no-esgoto\">\n                                <span class=\"visually-hidden\">\n                                    Pescando no Esgoto                                <\/span>\n                                <div class=\"noticias-widget-thumbs h-100\">\n                                    <img decoding=\"async\" class=\"object-fit-cover h-100 w-100\" alt=\"\" srcset=\"https:\/\/www.ufsm.br\/app\/uploads\/sites\/601\/2018\/02\/Pesca_capa-300x196.jpg 300w, https:\/\/www.ufsm.br\/app\/uploads\/sites\/601\/2018\/02\/Pesca_capa-768x501.jpg 768w, https:\/\/www.ufsm.br\/app\/uploads\/sites\/601\/2018\/02\/Pesca_capa-1024x668.jpg 1024w, https:\/\/www.ufsm.br\/app\/uploads\/sites\/601\/2018\/02\/Pesca_capa.jpg 1440w\" src=\"https:\/\/www.ufsm.br\/app\/uploads\/sites\/601\/2018\/02\/Pesca_capa-1024x668.jpg\"><\/img>\n                                <\/div>\n                            <\/a>\n                        <\/div>\n                                        \n                                        \n                    \n                    <a class=\"noticias-widget-title d-block  m-0 \"  title=\"Pescando no Esgoto\" href=\"https:\/\/www.ufsm.br\/midias\/arco\/pescando-no-esgoto\">\n                                                Pescando no Esgoto                    <\/a>\n                    \n                    \n                                        \n                                        \n                                        <\/div>\n                                    <div class=\"col-12 col-lg-4 pb-4\">\n                                            <div class=\"noticias-widget-wrap\" style=\"height: 180px; overflow: hidden;\">\n                            <a title=\"\" href=\"https:\/\/www.ufsm.br\/midias\/arco\/cidade-campo-e-fotografia\">\n                                <span class=\"visually-hidden\">\n                                    Cidade, campo e fotografia                                <\/span>\n                                <div class=\"noticias-widget-thumbs h-100\">\n                                    <img decoding=\"async\" class=\"object-fit-cover h-100 w-100\" alt=\"\" srcset=\"https:\/\/www.ufsm.br\/app\/uploads\/sites\/601\/2017\/10\/MGM7669-300x198.jpg 300w, https:\/\/www.ufsm.br\/app\/uploads\/sites\/601\/2017\/10\/MGM7669-768x508.jpg 768w, https:\/\/www.ufsm.br\/app\/uploads\/sites\/601\/2017\/10\/MGM7669-1024x677.jpg 1024w\" src=\"https:\/\/www.ufsm.br\/app\/uploads\/sites\/601\/2017\/10\/MGM7669-1024x677.jpg\"><\/img>\n                                <\/div>\n                            <\/a>\n                        <\/div>\n                                        \n                                        \n                    \n                    <a class=\"noticias-widget-title d-block  m-0 \"  title=\"Cidade, campo e fotografia\" href=\"https:\/\/www.ufsm.br\/midias\/arco\/cidade-campo-e-fotografia\">\n                                                Cidade, campo e fotografia                    <\/a>\n                    \n                    \n                                        \n                                        \n                                        <\/div>\n                            <\/div>\n            <\/div>\n\t\t<\/div>\n\t\t\t\t<\/div>\n\t\t\t\t\t<\/div>\n\t\t<\/div>\n\t\t\t\t\t<\/div>\n\t\t<\/section>\n\t\t\t\t<\/div>\n\t\t","protected":false},"excerpt":{"rendered":"","protected":false},"author":32,"featured_media":0,"parent":0,"menu_order":0,"comment_status":"closed","ping_status":"closed","template":"","meta":{"footnotes":""},"categories":[],"tags":[],"class_list":["post-9184","page","type-page","status-publish","hentry"],"acf":[],"_links":{"self":[{"href":"https:\/\/www.ufsm.br\/midias\/arco\/wp-json\/wp\/v2\/pages\/9184","targetHints":{"allow":["GET"]}}],"collection":[{"href":"https:\/\/www.ufsm.br\/midias\/arco\/wp-json\/wp\/v2\/pages"}],"about":[{"href":"https:\/\/www.ufsm.br\/midias\/arco\/wp-json\/wp\/v2\/types\/page"}],"author":[{"embeddable":true,"href":"https:\/\/www.ufsm.br\/midias\/arco\/wp-json\/wp\/v2\/users\/32"}],"replies":[{"embeddable":true,"href":"https:\/\/www.ufsm.br\/midias\/arco\/wp-json\/wp\/v2\/comments?post=9184"}],"version-history":[{"count":0,"href":"https:\/\/www.ufsm.br\/midias\/arco\/wp-json\/wp\/v2\/pages\/9184\/revisions"}],"wp:attachment":[{"href":"https:\/\/www.ufsm.br\/midias\/arco\/wp-json\/wp\/v2\/media?parent=9184"}],"wp:term":[{"taxonomy":"category","embeddable":true,"href":"https:\/\/www.ufsm.br\/midias\/arco\/wp-json\/wp\/v2\/categories?post=9184"},{"taxonomy":"post_tag","embeddable":true,"href":"https:\/\/www.ufsm.br\/midias\/arco\/wp-json\/wp\/v2\/tags?post=9184"}],"curies":[{"name":"wp","href":"https:\/\/api.w.org\/{rel}","templated":true}]}}