{"id":9759,"date":"2023-09-13T12:13:50","date_gmt":"2023-09-13T15:13:50","guid":{"rendered":"https:\/\/www.ufsm.br\/midias\/arco\/?page_id=9759"},"modified":"2023-10-05T16:47:50","modified_gmt":"2023-10-05T19:47:50","slug":"13a-edicao","status":"publish","type":"page","link":"https:\/\/www.ufsm.br\/midias\/arco\/13a-edicao","title":{"rendered":"13\u00aa Edi\u00e7\u00e3o"},"content":{"rendered":"\t\t<div data-elementor-type=\"wp-page\" data-elementor-id=\"9759\" class=\"elementor elementor-9759\">\n\t\t\t\t\t\t<section class=\"elementor-section elementor-top-section elementor-element elementor-element-51a3601 elementor-section-boxed elementor-section-height-default elementor-section-height-default\" data-id=\"51a3601\" data-element_type=\"section\">\n\t\t\t\t\t\t<div class=\"elementor-container elementor-column-gap-default\">\n\t\t\t\t\t<div class=\"elementor-column elementor-col-100 elementor-top-column elementor-element elementor-element-7d8bafa\" data-id=\"7d8bafa\" data-element_type=\"column\">\n\t\t\t<div class=\"elementor-widget-wrap\">\n\t\t\t\t\t\t\t<\/div>\n\t\t<\/div>\n\t\t\t\t\t<\/div>\n\t\t<\/section>\n\t\t\t\t<section class=\"elementor-section elementor-top-section elementor-element elementor-element-db45c01 elementor-section-boxed elementor-section-height-default elementor-section-height-default\" data-id=\"db45c01\" data-element_type=\"section\" data-settings=\"{&quot;background_background&quot;:&quot;classic&quot;}\">\n\t\t\t\t\t\t<div class=\"elementor-container elementor-column-gap-default\">\n\t\t\t\t\t<div class=\"elementor-column elementor-col-50 elementor-top-column elementor-element elementor-element-3eb6eec\" data-id=\"3eb6eec\" data-element_type=\"column\" data-settings=\"{&quot;background_background&quot;:&quot;classic&quot;}\">\n\t\t\t<div class=\"elementor-widget-wrap elementor-element-populated\">\n\t\t\t\t\t\t<div class=\"elementor-element elementor-element-3f6da1b elementor-widget elementor-widget-spacer\" data-id=\"3f6da1b\" data-element_type=\"widget\" data-widget_type=\"spacer.default\">\n\t\t\t\t<div class=\"elementor-widget-container\">\n\t\t\t\t\t<div class=\"elementor-spacer\">\n\t\t\t<div class=\"elementor-spacer-inner\"><\/div>\n\t\t<\/div>\n\t\t\t\t<\/div>\n\t\t\t\t<\/div>\n\t\t\t\t\t<\/div>\n\t\t<\/div>\n\t\t\t\t<div class=\"elementor-column elementor-col-50 elementor-top-column elementor-element elementor-element-8e6c531\" data-id=\"8e6c531\" data-element_type=\"column\">\n\t\t\t<div class=\"elementor-widget-wrap elementor-element-populated\">\n\t\t\t\t\t\t<div class=\"elementor-element elementor-element-2807033 elementor-widget elementor-widget-text-editor\" data-id=\"2807033\" data-element_type=\"widget\" data-widget_type=\"text-editor.default\">\n\t\t\t\t<div class=\"elementor-widget-container\">\n\t\t\t\t\t\t\t<p><span style=\"font-size: 24px\"><b><img fetchpriority=\"high\" decoding=\"async\" class=\"alignnone wp-image-9762 size-medium\" src=\"https:\/\/www.ufsm.br\/app\/uploads\/sites\/601\/2023\/09\/13a-Arco-Impressa-Capa-Frente-Mudancas-Climaticas-100-223x300.jpg\" alt=\"\" width=\"223\" height=\"300\" srcset=\"https:\/\/www.ufsm.br\/app\/uploads\/sites\/601\/2023\/09\/13a-Arco-Impressa-Capa-Frente-Mudancas-Climaticas-100-223x300.jpg 223w, https:\/\/www.ufsm.br\/app\/uploads\/sites\/601\/2023\/09\/13a-Arco-Impressa-Capa-Frente-Mudancas-Climaticas-100.jpg 653w\" sizes=\"(max-width: 223px) 100vw, 223px\" \/><\/b><\/span><\/p>\n<p><span style=\"font-size: 24px\"><b>Mudan\u00e7as clim\u00e1ticas<\/b><\/span><\/p>\n<p><em>Impactos na produ\u00e7\u00e3o de alimentos, na sa\u00fade e na migra\u00e7\u00e3o.\u00a0<\/em><\/p>\n<p><strong><a href=\"https:\/\/www.ufsm.br\/midias\/arco\/expediente-13\">EXPEDIENTE<\/a><\/strong><\/p>\n<p style=\"width: 915px\"><strong><a href=\"https:\/\/www.ufsm.br\/midias\/arco\/carta-da-editora-13\">CARTA DA EDITORA<\/a><\/strong><\/p>\n<p style=\"width: 915px\"><a href=\"https:\/\/www.ufsm.br\/app\/uploads\/sites\/601\/2023\/09\/ARCO_13_Digital.pdf\"><strong>LEIA A 13\u00aa EDI\u00c7\u00c3O DA REVISTA ARCO EM PDF<\/strong><\/a><\/p>\t\t\t\t\t\t<\/div>\n\t\t\t\t<\/div>\n\t\t\t\t\t<\/div>\n\t\t<\/div>\n\t\t\t\t\t<\/div>\n\t\t<\/section>\n\t\t\t\t<section class=\"elementor-section elementor-top-section elementor-element elementor-element-0d64977 elementor-section-boxed elementor-section-height-default elementor-section-height-default\" data-id=\"0d64977\" data-element_type=\"section\">\n\t\t\t\t\t\t<div class=\"elementor-container elementor-column-gap-default\">\n\t\t\t\t\t<div class=\"elementor-column elementor-col-100 elementor-top-column elementor-element elementor-element-235a816\" data-id=\"235a816\" data-element_type=\"column\">\n\t\t\t<div class=\"elementor-widget-wrap elementor-element-populated\">\n\t\t\t\t\t\t<div class=\"elementor-element elementor-element-f56e81b elementor-widget elementor-widget-wp-widget-ufsm_noticias_widget\" data-id=\"f56e81b\" data-element_type=\"widget\" data-widget_type=\"wp-widget-ufsm_noticias_widget.default\">\n\t\t\t\t<div class=\"elementor-widget-container\">\n\t\t\t<div class='widget-noticias-inside'>\n                        <div class=\"row\">\n                                    <div class=\"col-12 col-lg-4 pb-4\">\n                                            <div class=\"noticias-widget-wrap\" style=\"height: 180px; overflow: hidden;\">\n                            <a title=\"\" href=\"https:\/\/www.ufsm.br\/midias\/arco\/pro-saude\">\n                                <span class=\"visually-hidden\">\n                                    Pr\u00f3-Sa\u00fade                                <\/span>\n                                <div class=\"noticias-widget-thumbs h-100\">\n                                    <img decoding=\"async\" class=\"object-fit-cover h-100 w-100\" alt=\"\" srcset=\"https:\/\/www.ufsm.br\/app\/uploads\/sites\/601\/2023\/09\/Pro-saude-Destaque-300x169.jpg 300w, https:\/\/www.ufsm.br\/app\/uploads\/sites\/601\/2023\/09\/Pro-saude-Destaque-1024x576.jpg 1024w, https:\/\/www.ufsm.br\/app\/uploads\/sites\/601\/2023\/09\/Pro-saude-Destaque-768x432.jpg 768w, https:\/\/www.ufsm.br\/app\/uploads\/sites\/601\/2023\/09\/Pro-saude-Destaque-1536x864.jpg 1536w, https:\/\/www.ufsm.br\/app\/uploads\/sites\/601\/2023\/09\/Pro-saude-Destaque.jpg 1920w\" src=\"https:\/\/www.ufsm.br\/app\/uploads\/sites\/601\/2023\/09\/Pro-saude-Destaque-1024x576.jpg\"><\/img>\n                                <\/div>\n                            <\/a>\n                        <\/div>\n                                        \n                                            <span class='categoria-publicacao-widget'>\n                            13\u00aa Edi\u00e7\u00e3o, Extenda                        <\/span>\n                        <br>\n                                        \n                    \n                    <a class=\"noticias-widget-title d-block  m-0 \"  title=\"Pr\u00f3-Sa\u00fade\" href=\"https:\/\/www.ufsm.br\/midias\/arco\/pro-saude\">\n                                                Pr\u00f3-Sa\u00fade                    <\/a>\n                    \n                                            <div class=\"noticias-widget-introtext\">\n                            Projeto da UFSM promove atividades f\u00edsicas gratuitas para a comunidade santa-mariense                        <\/div>\n                    \n                                        \n                                        \n                                        <\/div>\n                                    <div class=\"col-12 col-lg-4 pb-4\">\n                                            <div class=\"noticias-widget-wrap\" style=\"height: 180px; overflow: hidden;\">\n                            <a title=\"\" href=\"https:\/\/www.ufsm.br\/midias\/arco\/seguranca-alimentar-em-xeque\">\n                                <span class=\"visually-hidden\">\n                                    Dossi\u00ea Mudan\u00e7as Clim\u00e1ticas: Seguran\u00e7a alimentar em xeque                                <\/span>\n                                <div class=\"noticias-widget-thumbs h-100\">\n                                    <img decoding=\"async\" class=\"object-fit-cover h-100 w-100\" alt=\"\" srcset=\"https:\/\/www.ufsm.br\/app\/uploads\/sites\/601\/2023\/09\/Destaque-Seguranca-alimentar-em-xeque-300x169.jpg 300w, https:\/\/www.ufsm.br\/app\/uploads\/sites\/601\/2023\/09\/Destaque-Seguranca-alimentar-em-xeque-1024x576.jpg 1024w, https:\/\/www.ufsm.br\/app\/uploads\/sites\/601\/2023\/09\/Destaque-Seguranca-alimentar-em-xeque-768x432.jpg 768w, https:\/\/www.ufsm.br\/app\/uploads\/sites\/601\/2023\/09\/Destaque-Seguranca-alimentar-em-xeque-1536x864.jpg 1536w, https:\/\/www.ufsm.br\/app\/uploads\/sites\/601\/2023\/09\/Destaque-Seguranca-alimentar-em-xeque.jpg 1920w\" src=\"https:\/\/www.ufsm.br\/app\/uploads\/sites\/601\/2023\/09\/Destaque-Seguranca-alimentar-em-xeque-1024x576.jpg\"><\/img>\n                                <\/div>\n                            <\/a>\n                        <\/div>\n                                        \n                                            <span class='categoria-publicacao-widget'>\n                            13\u00aa Edi\u00e7\u00e3o, Dossi\u00ea UFSM                        <\/span>\n                        <br>\n                                        \n                    \n                    <a class=\"noticias-widget-title d-block  m-0 \"  title=\"Dossi\u00ea Mudan\u00e7as Clim\u00e1ticas: Seguran\u00e7a alimentar em xeque\" href=\"https:\/\/www.ufsm.br\/midias\/arco\/seguranca-alimentar-em-xeque\">\n                                                Dossi\u00ea Mudan\u00e7as Clim\u00e1ticas: Seguran\u00e7a alimentar em xeque                    <\/a>\n                    \n                                            <div class=\"noticias-widget-introtext\">\n                            Eventos clim\u00e1ticos extremos mais frequentes e intensos afetam a produ\u00e7\u00e3o mundial de comida e intensificam a inseguran\u00e7a alimentar em comunidades&hellip;                        <\/div>\n                    \n                                        \n                                        \n                                        <\/div>\n                                    <div class=\"col-12 col-lg-4 pb-4\">\n                                            <div class=\"noticias-widget-wrap\" style=\"height: 180px; overflow: hidden;\">\n                            <a title=\"\" href=\"https:\/\/www.ufsm.br\/midias\/arco\/o-passado-continuavivo-nas-lembrancas\">\n                                <span class=\"visually-hidden\">\n                                    O passado continua vivo nas lembran\u00e7as                                <\/span>\n                                <div class=\"noticias-widget-thumbs h-100\">\n                                    <img decoding=\"async\" class=\"object-fit-cover h-100 w-100\" alt=\"\" srcset=\"https:\/\/www.ufsm.br\/app\/uploads\/sites\/601\/2023\/09\/12-O-passado-continua-300x169.jpg 300w, https:\/\/www.ufsm.br\/app\/uploads\/sites\/601\/2023\/09\/12-O-passado-continua-1024x576.jpg 1024w, https:\/\/www.ufsm.br\/app\/uploads\/sites\/601\/2023\/09\/12-O-passado-continua-768x432.jpg 768w, https:\/\/www.ufsm.br\/app\/uploads\/sites\/601\/2023\/09\/12-O-passado-continua-1536x864.jpg 1536w, https:\/\/www.ufsm.br\/app\/uploads\/sites\/601\/2023\/09\/12-O-passado-continua.jpg 1920w\" src=\"https:\/\/www.ufsm.br\/app\/uploads\/sites\/601\/2023\/09\/12-O-passado-continua-1024x576.jpg\"><\/img>\n                                <\/div>\n                            <\/a>\n                        <\/div>\n                                        \n                                            <span class='categoria-publicacao-widget'>\n                            13\u00aa Edi\u00e7\u00e3o, Di\u00e1rio de campo                        <\/span>\n                        <br>\n                                        \n                    \n                    <a class=\"noticias-widget-title d-block  m-0 \"  title=\"O passado continua vivo nas lembran\u00e7as\" href=\"https:\/\/www.ufsm.br\/midias\/arco\/o-passado-continuavivo-nas-lembrancas\">\n                                                O passado continua vivo nas lembran\u00e7as                    <\/a>\n                    \n                                            <div class=\"noticias-widget-introtext\">\n                            Pesquisa etnogr\u00e1fica com descendentes de imigrantes italianos no Brasil e na It\u00e1lia mostra a import\u00e2ncia das narrativas                        <\/div>\n                    \n                                        \n                                        \n                                        <\/div>\n                            <\/div>\n                    <div class=\"row\">\n                                    <div class=\"col-12 col-lg-4 pb-4\">\n                                            <div class=\"noticias-widget-wrap\" style=\"height: 180px; overflow: hidden;\">\n                            <a title=\"\" href=\"https:\/\/www.ufsm.br\/midias\/arco\/da-custodia-a-penitencia-como-surgiram-as-prisoes\">\n                                <span class=\"visually-hidden\">\n                                    Da cust\u00f3dia \u00e0 penit\u00eancia: como surgiram as pris\u00f5es                                <\/span>\n                                <div class=\"noticias-widget-thumbs h-100\">\n                                    <img decoding=\"async\" class=\"object-fit-cover h-100 w-100\" alt=\"\" srcset=\"https:\/\/www.ufsm.br\/app\/uploads\/sites\/601\/2023\/09\/10-Como-surgiram-as-prisoes-300x169.jpg 300w, https:\/\/www.ufsm.br\/app\/uploads\/sites\/601\/2023\/09\/10-Como-surgiram-as-prisoes-1024x576.jpg 1024w, https:\/\/www.ufsm.br\/app\/uploads\/sites\/601\/2023\/09\/10-Como-surgiram-as-prisoes-768x432.jpg 768w, https:\/\/www.ufsm.br\/app\/uploads\/sites\/601\/2023\/09\/10-Como-surgiram-as-prisoes-1536x864.jpg 1536w, https:\/\/www.ufsm.br\/app\/uploads\/sites\/601\/2023\/09\/10-Como-surgiram-as-prisoes.jpg 1920w\" src=\"https:\/\/www.ufsm.br\/app\/uploads\/sites\/601\/2023\/09\/10-Como-surgiram-as-prisoes-1024x576.jpg\"><\/img>\n                                <\/div>\n                            <\/a>\n                        <\/div>\n                                        \n                                            <span class='categoria-publicacao-widget'>\n                            13\u00aa Edi\u00e7\u00e3o, Como Surgiu                        <\/span>\n                        <br>\n                                        \n                    \n                    <a class=\"noticias-widget-title d-block  m-0 \"  title=\"Da cust\u00f3dia \u00e0 penit\u00eancia: como surgiram as pris\u00f5es\" href=\"https:\/\/www.ufsm.br\/midias\/arco\/da-custodia-a-penitencia-como-surgiram-as-prisoes\">\n                                                Da cust\u00f3dia \u00e0 penit\u00eancia: como surgiram as pris\u00f5es                    <\/a>\n                    \n                                            <div class=\"noticias-widget-introtext\">\n                            A pris\u00e3o como forma de punir indiv\u00edduos surgiu na Idade M\u00e9dia, quando padres eram obrigados a se recolher em celas&hellip;                        <\/div>\n                    \n                                        \n                                        \n                                        <\/div>\n                                    <div class=\"col-12 col-lg-4 pb-4\">\n                                            <div class=\"noticias-widget-wrap\" style=\"height: 180px; overflow: hidden;\">\n                            <a title=\"\" href=\"https:\/\/www.ufsm.br\/midias\/arco\/voce-sabia-e-verdade-quevoce-sabia\">\n                                <span class=\"visually-hidden\">\n                                    VOC\u00ca SABIA? \u00c9 VERDADE QUE\u2026?                                <\/span>\n                                <div class=\"noticias-widget-thumbs h-100\">\n                                    <img decoding=\"async\" class=\"object-fit-cover h-100 w-100\" alt=\"\" srcset=\"https:\/\/www.ufsm.br\/app\/uploads\/sites\/601\/2023\/09\/13a-destaque-curiosidade-300x188.jpg 300w, https:\/\/www.ufsm.br\/app\/uploads\/sites\/601\/2023\/09\/13a-destaque-curiosidade-1024x643.jpg 1024w, https:\/\/www.ufsm.br\/app\/uploads\/sites\/601\/2023\/09\/13a-destaque-curiosidade-768x482.jpg 768w, https:\/\/www.ufsm.br\/app\/uploads\/sites\/601\/2023\/09\/13a-destaque-curiosidade-1536x964.jpg 1536w, https:\/\/www.ufsm.br\/app\/uploads\/sites\/601\/2023\/09\/13a-destaque-curiosidade.jpg 1720w\" src=\"https:\/\/www.ufsm.br\/app\/uploads\/sites\/601\/2023\/09\/13a-destaque-curiosidade-1024x643.jpg\"><\/img>\n                                <\/div>\n                            <\/a>\n                        <\/div>\n                                        \n                                            <span class='categoria-publicacao-widget'>\n                            13\u00aa Edi\u00e7\u00e3o, Curiosidades                        <\/span>\n                        <br>\n                                        \n                    \n                    <a class=\"noticias-widget-title d-block  m-0 \"  title=\"VOC\u00ca SABIA? \u00c9 VERDADE QUE\u2026?\" href=\"https:\/\/www.ufsm.br\/midias\/arco\/voce-sabia-e-verdade-quevoce-sabia\">\n                                                VOC\u00ca SABIA? \u00c9 VERDADE QUE\u2026?                    <\/a>\n                    \n                                            <div class=\"noticias-widget-introtext\">\n                            A cada edi\u00e7\u00e3o, a se\u00e7\u00e3o Curiosidades responde \u00e0quelas quest\u00f5es que voc\u00ea sempre quis saber se eram mitos ou verdades e&hellip;                        <\/div>\n                    \n                                        \n                                        \n                                        <\/div>\n                                    <div class=\"col-12 col-lg-4 pb-4\">\n                                            <div class=\"noticias-widget-wrap\" style=\"height: 180px; overflow: hidden;\">\n                            <a title=\"\" href=\"https:\/\/www.ufsm.br\/midias\/arco\/palhacas-na-universidade\">\n                                <span class=\"visually-hidden\">\n                                    Palha\u00e7as na universidade                                <\/span>\n                                <div class=\"noticias-widget-thumbs h-100\">\n                                    <img decoding=\"async\" class=\"object-fit-cover h-100 w-100\" alt=\"\" srcset=\"https:\/\/www.ufsm.br\/app\/uploads\/sites\/601\/2023\/09\/Destaque-Palhacas-na-universidade-300x169.jpg 300w, https:\/\/www.ufsm.br\/app\/uploads\/sites\/601\/2023\/09\/Destaque-Palhacas-na-universidade-1024x576.jpg 1024w, https:\/\/www.ufsm.br\/app\/uploads\/sites\/601\/2023\/09\/Destaque-Palhacas-na-universidade-768x432.jpg 768w, https:\/\/www.ufsm.br\/app\/uploads\/sites\/601\/2023\/09\/Destaque-Palhacas-na-universidade-1536x864.jpg 1536w, https:\/\/www.ufsm.br\/app\/uploads\/sites\/601\/2023\/09\/Destaque-Palhacas-na-universidade.jpg 1920w\" src=\"https:\/\/www.ufsm.br\/app\/uploads\/sites\/601\/2023\/09\/Destaque-Palhacas-na-universidade-1024x576.jpg\"><\/img>\n                                <\/div>\n                            <\/a>\n                        <\/div>\n                                        \n                                            <span class='categoria-publicacao-widget'>\n                            13\u00aa Edi\u00e7\u00e3o, Editora UFSM                        <\/span>\n                        <br>\n                                        \n                    \n                    <a class=\"noticias-widget-title d-block  m-0 \"  title=\"Palha\u00e7as na universidade\" href=\"https:\/\/www.ufsm.br\/midias\/arco\/palhacas-na-universidade\">\n                                                Palha\u00e7as na universidade                    <\/a>\n                    \n                                            <div class=\"noticias-widget-introtext\">\n                            Livro da Editora UFSM traz pesquisas sobre palha\u00e7aria feita por mulheres                        <\/div>\n                    \n                                        \n                                        \n                                        <\/div>\n                            <\/div>\n                    <div class=\"row\">\n                                    <div class=\"col-12 col-lg-4 pb-4\">\n                                            <div class=\"noticias-widget-wrap\" style=\"height: 180px; overflow: hidden;\">\n                            <a title=\"\" href=\"https:\/\/www.ufsm.br\/midias\/arco\/representatividade-negra-na-arte-gaucha\">\n                                <span class=\"visually-hidden\">\n                                    Representatividade negra na arte ga\u00facha                                <\/span>\n                                <div class=\"noticias-widget-thumbs h-100\">\n                                    <img decoding=\"async\" class=\"object-fit-cover h-100 w-100\" alt=\"\" srcset=\"https:\/\/www.ufsm.br\/app\/uploads\/sites\/601\/2023\/09\/Destaque-Representatividade-negra-na-arte-gaucha-300x169.jpg 300w, https:\/\/www.ufsm.br\/app\/uploads\/sites\/601\/2023\/09\/Destaque-Representatividade-negra-na-arte-gaucha-1024x576.jpg 1024w, https:\/\/www.ufsm.br\/app\/uploads\/sites\/601\/2023\/09\/Destaque-Representatividade-negra-na-arte-gaucha-768x432.jpg 768w, https:\/\/www.ufsm.br\/app\/uploads\/sites\/601\/2023\/09\/Destaque-Representatividade-negra-na-arte-gaucha-1536x864.jpg 1536w, https:\/\/www.ufsm.br\/app\/uploads\/sites\/601\/2023\/09\/Destaque-Representatividade-negra-na-arte-gaucha.jpg 1920w\" src=\"https:\/\/www.ufsm.br\/app\/uploads\/sites\/601\/2023\/09\/Destaque-Representatividade-negra-na-arte-gaucha-1024x576.jpg\"><\/img>\n                                <\/div>\n                            <\/a>\n                        <\/div>\n                                        \n                                            <span class='categoria-publicacao-widget'>\n                            13\u00aa Edi\u00e7\u00e3o, Ensaio                        <\/span>\n                        <br>\n                                        \n                    \n                    <a class=\"noticias-widget-title d-block  m-0 \"  title=\"Representatividade negra na arte ga\u00facha\" href=\"https:\/\/www.ufsm.br\/midias\/arco\/representatividade-negra-na-arte-gaucha\">\n                                                Representatividade negra na arte ga\u00facha                    <\/a>\n                    \n                                            <div class=\"noticias-widget-introtext\">\n                            Cultura rio-grandense \u00e9 ressignificada por meio da pintura em trabalho de conclus\u00e3o de curso na UFSM                        <\/div>\n                    \n                                        \n                                        \n                                        <\/div>\n                                    <div class=\"col-12 col-lg-4 pb-4\">\n                                            <div class=\"noticias-widget-wrap\" style=\"height: 180px; overflow: hidden;\">\n                            <a title=\"\" href=\"https:\/\/www.ufsm.br\/midias\/arco\/sobre-espelhos\">\n                                <span class=\"visually-hidden\">\n                                    Sobre espelhos                                <\/span>\n                                <div class=\"noticias-widget-thumbs h-100\">\n                                    <img decoding=\"async\" class=\"object-fit-cover h-100 w-100\" alt=\"\" srcset=\"https:\/\/www.ufsm.br\/app\/uploads\/sites\/601\/2023\/09\/Destaque-Escritos_13-300x169.jpg 300w, https:\/\/www.ufsm.br\/app\/uploads\/sites\/601\/2023\/09\/Destaque-Escritos_13-1024x576.jpg 1024w, https:\/\/www.ufsm.br\/app\/uploads\/sites\/601\/2023\/09\/Destaque-Escritos_13-768x432.jpg 768w, https:\/\/www.ufsm.br\/app\/uploads\/sites\/601\/2023\/09\/Destaque-Escritos_13-1536x864.jpg 1536w, https:\/\/www.ufsm.br\/app\/uploads\/sites\/601\/2023\/09\/Destaque-Escritos_13.jpg 1920w\" src=\"https:\/\/www.ufsm.br\/app\/uploads\/sites\/601\/2023\/09\/Destaque-Escritos_13-1024x576.jpg\"><\/img>\n                                <\/div>\n                            <\/a>\n                        <\/div>\n                                        \n                                            <span class='categoria-publicacao-widget'>\n                            13\u00aa Edi\u00e7\u00e3o, Escritos                        <\/span>\n                        <br>\n                                        \n                    \n                    <a class=\"noticias-widget-title d-block  m-0 \"  title=\"Sobre espelhos\" href=\"https:\/\/www.ufsm.br\/midias\/arco\/sobre-espelhos\">\n                                                Sobre espelhos                    <\/a>\n                    \n                                            <div class=\"noticias-widget-introtext\">\n                            Por Nikelen Witter*                        <\/div>\n                    \n                                        \n                                        \n                                        <\/div>\n                                    <div class=\"col-12 col-lg-4 pb-4\">\n                                            <div class=\"noticias-widget-wrap\" style=\"height: 180px; overflow: hidden;\">\n                            <a title=\"\" href=\"https:\/\/www.ufsm.br\/midias\/arco\/foi-um-rio-que-passou-em-minha-vida\">\n                                <span class=\"visually-hidden\">\n                                    Foi um rio que passou em minha vida                                <\/span>\n                                <div class=\"noticias-widget-thumbs h-100\">\n                                    <img decoding=\"async\" class=\"object-fit-cover h-100 w-100\" alt=\"\" srcset=\"https:\/\/www.ufsm.br\/app\/uploads\/sites\/601\/2023\/09\/Destaque-Foi-um-rio-que-passou-em-minha-vida-300x169.jpg 300w, https:\/\/www.ufsm.br\/app\/uploads\/sites\/601\/2023\/09\/Destaque-Foi-um-rio-que-passou-em-minha-vida-1024x576.jpg 1024w, https:\/\/www.ufsm.br\/app\/uploads\/sites\/601\/2023\/09\/Destaque-Foi-um-rio-que-passou-em-minha-vida-768x432.jpg 768w, https:\/\/www.ufsm.br\/app\/uploads\/sites\/601\/2023\/09\/Destaque-Foi-um-rio-que-passou-em-minha-vida-1536x864.jpg 1536w, https:\/\/www.ufsm.br\/app\/uploads\/sites\/601\/2023\/09\/Destaque-Foi-um-rio-que-passou-em-minha-vida.jpg 1920w\" src=\"https:\/\/www.ufsm.br\/app\/uploads\/sites\/601\/2023\/09\/Destaque-Foi-um-rio-que-passou-em-minha-vida-1024x576.jpg\"><\/img>\n                                <\/div>\n                            <\/a>\n                        <\/div>\n                                        \n                                            <span class='categoria-publicacao-widget'>\n                            13\u00aa Edi\u00e7\u00e3o, Quadrinhos                        <\/span>\n                        <br>\n                                        \n                    \n                    <a class=\"noticias-widget-title d-block  m-0 \"  title=\"Foi um rio que passou em minha vida\" href=\"https:\/\/www.ufsm.br\/midias\/arco\/foi-um-rio-que-passou-em-minha-vida\">\n                                                Foi um rio que passou em minha vida                    <\/a>\n                    \n                                            <div class=\"noticias-widget-introtext\">\n                            Reportagem: Caroline de Souza SilvaIlustra\u00e7\u00e3o e diagrama\u00e7\u00e3o: Luiz Figueir\u00f3                        <\/div>\n                    \n                                        \n                                        \n                                        <\/div>\n                            <\/div>\n                    <div class=\"row\">\n                                    <div class=\"col-12 col-lg-4 pb-4\">\n                                            <div class=\"noticias-widget-wrap\" style=\"height: 180px; overflow: hidden;\">\n                            <a title=\"\" href=\"https:\/\/www.ufsm.br\/midias\/arco\/inovacao-no-cultivo-demorangos-morangos\">\n                                <span class=\"visually-hidden\">\n                                    Inova\u00e7\u00e3o no cultivo de morangos                                <\/span>\n                                <div class=\"noticias-widget-thumbs h-100\">\n                                    <img decoding=\"async\" class=\"object-fit-cover h-100 w-100\" alt=\"\" srcset=\"https:\/\/www.ufsm.br\/app\/uploads\/sites\/601\/2023\/09\/Destaque-08-Inovacao-no-cultivo-de-morangos-300x188.jpg 300w, https:\/\/www.ufsm.br\/app\/uploads\/sites\/601\/2023\/09\/Destaque-08-Inovacao-no-cultivo-de-morangos-1024x643.jpg 1024w, https:\/\/www.ufsm.br\/app\/uploads\/sites\/601\/2023\/09\/Destaque-08-Inovacao-no-cultivo-de-morangos-768x482.jpg 768w, https:\/\/www.ufsm.br\/app\/uploads\/sites\/601\/2023\/09\/Destaque-08-Inovacao-no-cultivo-de-morangos-1536x964.jpg 1536w, https:\/\/www.ufsm.br\/app\/uploads\/sites\/601\/2023\/09\/Destaque-08-Inovacao-no-cultivo-de-morangos.jpg 1720w\" src=\"https:\/\/www.ufsm.br\/app\/uploads\/sites\/601\/2023\/09\/Destaque-08-Inovacao-no-cultivo-de-morangos-1024x643.jpg\"><\/img>\n                                <\/div>\n                            <\/a>\n                        <\/div>\n                                        \n                                            <span class='categoria-publicacao-widget'>\n                            13\u00aa Edi\u00e7\u00e3o, Nossas Inven\u00e7\u00f5es                        <\/span>\n                        <br>\n                                        \n                    \n                    <a class=\"noticias-widget-title d-block  m-0 \"  title=\"Inova\u00e7\u00e3o no cultivo de morangos\" href=\"https:\/\/www.ufsm.br\/midias\/arco\/inovacao-no-cultivo-demorangos-morangos\">\n                                                Inova\u00e7\u00e3o no cultivo de morangos                    <\/a>\n                    \n                                            <div class=\"noticias-widget-introtext\">\n                            Tecnologia patenteada pela UFSM possibilita produ\u00e7\u00e3o de mudas de morango com torr\u00e3o                        <\/div>\n                    \n                                        \n                                        \n                                        <\/div>\n                                    <div class=\"col-12 col-lg-4 pb-4\">\n                                            <div class=\"noticias-widget-wrap\" style=\"height: 180px; overflow: hidden;\">\n                            <a title=\"\" href=\"https:\/\/www.ufsm.br\/midias\/arco\/piloto-mais-que-automatico\">\n                                <span class=\"visually-hidden\">\n                                    Piloto mais que autom\u00e1tico                                <\/span>\n                                <div class=\"noticias-widget-thumbs h-100\">\n                                    <img decoding=\"async\" class=\"object-fit-cover h-100 w-100\" alt=\"\" srcset=\"https:\/\/www.ufsm.br\/app\/uploads\/sites\/601\/2023\/09\/Destaque-Piloto-mais-que-automatico-300x169.jpg 300w, https:\/\/www.ufsm.br\/app\/uploads\/sites\/601\/2023\/09\/Destaque-Piloto-mais-que-automatico-1024x576.jpg 1024w, https:\/\/www.ufsm.br\/app\/uploads\/sites\/601\/2023\/09\/Destaque-Piloto-mais-que-automatico-768x432.jpg 768w, https:\/\/www.ufsm.br\/app\/uploads\/sites\/601\/2023\/09\/Destaque-Piloto-mais-que-automatico-1536x864.jpg 1536w, https:\/\/www.ufsm.br\/app\/uploads\/sites\/601\/2023\/09\/Destaque-Piloto-mais-que-automatico.jpg 1920w\" src=\"https:\/\/www.ufsm.br\/app\/uploads\/sites\/601\/2023\/09\/Destaque-Piloto-mais-que-automatico-1024x576.jpg\"><\/img>\n                                <\/div>\n                            <\/a>\n                        <\/div>\n                                        \n                                            <span class='categoria-publicacao-widget'>\n                            13\u00aa Edi\u00e7\u00e3o, Tecnologia                        <\/span>\n                        <br>\n                                        \n                    \n                    <a class=\"noticias-widget-title d-block  m-0 \"  title=\"Piloto mais que autom\u00e1tico\" href=\"https:\/\/www.ufsm.br\/midias\/arco\/piloto-mais-que-automatico\">\n                                                Piloto mais que autom\u00e1tico                    <\/a>\n                    \n                                            <div class=\"noticias-widget-introtext\">\n                            UFSM realiza pesquisa pioneira com ve\u00edculos aut\u00f4nomos em miniatura                        <\/div>\n                    \n                                        \n                                        \n                                        <\/div>\n                                    <div class=\"col-12 col-lg-4 pb-4\">\n                                            <div class=\"noticias-widget-wrap\" style=\"height: 180px; overflow: hidden;\">\n                            <a title=\"\" href=\"https:\/\/www.ufsm.br\/midias\/arco\/o-futuro-da-economia-criativa-e-o-artista-digital\">\n                                <span class=\"visually-hidden\">\n                                    &#8220;O futuro da economia criativa \u00e9 o artista digital&#8221;                                <\/span>\n                                <div class=\"noticias-widget-thumbs h-100\">\n                                    <img decoding=\"async\" class=\"object-fit-cover h-100 w-100\" alt=\"\" srcset=\"https:\/\/www.ufsm.br\/app\/uploads\/sites\/601\/2023\/09\/Volver_13-300x169.jpg 300w, https:\/\/www.ufsm.br\/app\/uploads\/sites\/601\/2023\/09\/Volver_13-1024x576.jpg 1024w, https:\/\/www.ufsm.br\/app\/uploads\/sites\/601\/2023\/09\/Volver_13-768x432.jpg 768w, https:\/\/www.ufsm.br\/app\/uploads\/sites\/601\/2023\/09\/Volver_13-1536x864.jpg 1536w, https:\/\/www.ufsm.br\/app\/uploads\/sites\/601\/2023\/09\/Volver_13.jpg 1920w\" src=\"https:\/\/www.ufsm.br\/app\/uploads\/sites\/601\/2023\/09\/Volver_13-1024x576.jpg\"><\/img>\n                                <\/div>\n                            <\/a>\n                        <\/div>\n                                        \n                                            <span class='categoria-publicacao-widget'>\n                            13\u00aa Edi\u00e7\u00e3o, Volver                        <\/span>\n                        <br>\n                                        \n                    \n                    <a class=\"noticias-widget-title d-block  m-0 \"  title=\"&#8220;O futuro da economia criativa \u00e9 o artista digital&#8221;\" href=\"https:\/\/www.ufsm.br\/midias\/arco\/o-futuro-da-economia-criativa-e-o-artista-digital\">\n                                                &#8220;O futuro da economia criativa \u00e9 o artista digital&#8221;                    <\/a>\n                    \n                                            <div class=\"noticias-widget-introtext\">\n                            A artista visual e egressa da UFSM Giovanna Casimiro conta sua trajet\u00f3ria na \u00e1rea de arte e tecnologia                        <\/div>\n                    \n                                        \n                                        \n                                        <\/div>\n                            <\/div>\n                    <div class=\"row\">\n                                    <div class=\"col-12 col-lg-4 pb-4\">\n                                            <div class=\"noticias-widget-wrap\" style=\"height: 180px; overflow: hidden;\">\n                            <a title=\"\" href=\"https:\/\/www.ufsm.br\/midias\/arco\/deslocamentos-migratorios-forcados\">\n                                <span class=\"visually-hidden\">\n                                    Deslocamentos migrat\u00f3rios for\u00e7ados                                <\/span>\n                                <div class=\"noticias-widget-thumbs h-100\">\n                                    <img decoding=\"async\" class=\"object-fit-cover h-100 w-100\" alt=\"\" srcset=\"https:\/\/www.ufsm.br\/app\/uploads\/sites\/601\/2023\/09\/24-Destaque-deslocamentos-migratorios-forcados-300x169.jpg 300w, https:\/\/www.ufsm.br\/app\/uploads\/sites\/601\/2023\/09\/24-Destaque-deslocamentos-migratorios-forcados-1024x576.jpg 1024w, https:\/\/www.ufsm.br\/app\/uploads\/sites\/601\/2023\/09\/24-Destaque-deslocamentos-migratorios-forcados-768x432.jpg 768w, https:\/\/www.ufsm.br\/app\/uploads\/sites\/601\/2023\/09\/24-Destaque-deslocamentos-migratorios-forcados-1536x864.jpg 1536w, https:\/\/www.ufsm.br\/app\/uploads\/sites\/601\/2023\/09\/24-Destaque-deslocamentos-migratorios-forcados.jpg 1920w\" src=\"https:\/\/www.ufsm.br\/app\/uploads\/sites\/601\/2023\/09\/24-Destaque-deslocamentos-migratorios-forcados-1024x576.jpg\"><\/img>\n                                <\/div>\n                            <\/a>\n                        <\/div>\n                                        \n                                            <span class='categoria-publicacao-widget'>\n                            13\u00aa Edi\u00e7\u00e3o, Dossi\u00ea UFSM                        <\/span>\n                        <br>\n                                        \n                    \n                    <a class=\"noticias-widget-title d-block  m-0 \"  title=\"Deslocamentos migrat\u00f3rios for\u00e7ados\" href=\"https:\/\/www.ufsm.br\/midias\/arco\/deslocamentos-migratorios-forcados\">\n                                                Deslocamentos migrat\u00f3rios for\u00e7ados                    <\/a>\n                    \n                                            <div class=\"noticias-widget-introtext\">\n                            Relat\u00f3rio do Banco Mundial aponta que 216 milh\u00f5es de pessoas poder\u00e3o ser for\u00e7adas a sa\u00edrem de seus pa\u00edses at\u00e9 2050&hellip;                        <\/div>\n                    \n                                        \n                                        \n                                        <\/div>\n                                    <div class=\"col-12 col-lg-4 pb-4\">\n                                            <div class=\"noticias-widget-wrap\" style=\"height: 180px; overflow: hidden;\">\n                            <a title=\"\" href=\"https:\/\/www.ufsm.br\/midias\/arco\/advanced-farm-360-a-aplicacao-de-tecnologias-no-campo\">\n                                <span class=\"visually-hidden\">\n                                    Advanced Farm 360: a aplica\u00e7\u00e3o de tecnologias no campo                                <\/span>\n                                <div class=\"noticias-widget-thumbs h-100\">\n                                    <img decoding=\"async\" class=\"object-fit-cover h-100 w-100\" alt=\"\" srcset=\"https:\/\/www.ufsm.br\/app\/uploads\/sites\/601\/2023\/09\/Destaque-300x202.jpg 300w, https:\/\/www.ufsm.br\/app\/uploads\/sites\/601\/2023\/09\/Destaque-1024x690.jpg 1024w, https:\/\/www.ufsm.br\/app\/uploads\/sites\/601\/2023\/09\/Destaque-768x518.jpg 768w, https:\/\/www.ufsm.br\/app\/uploads\/sites\/601\/2023\/09\/Destaque-1536x1035.jpg 1536w, https:\/\/www.ufsm.br\/app\/uploads\/sites\/601\/2023\/09\/Destaque-272x182.jpg 272w, https:\/\/www.ufsm.br\/app\/uploads\/sites\/601\/2023\/09\/Destaque.jpg 1920w\" src=\"https:\/\/www.ufsm.br\/app\/uploads\/sites\/601\/2023\/09\/Destaque-1024x690.jpg\"><\/img>\n                                <\/div>\n                            <\/a>\n                        <\/div>\n                                        \n                                            <span class='categoria-publicacao-widget'>\n                            13\u00aa Edi\u00e7\u00e3o, Agricultura                        <\/span>\n                        <br>\n                                        \n                    \n                    <a class=\"noticias-widget-title d-block  m-0 \"  title=\"Advanced Farm 360: a aplica\u00e7\u00e3o de tecnologias no campo\" href=\"https:\/\/www.ufsm.br\/midias\/arco\/advanced-farm-360-a-aplicacao-de-tecnologias-no-campo\">\n                                                Advanced Farm 360: a aplica\u00e7\u00e3o de tecnologias no campo                    <\/a>\n                    \n                                            <div class=\"noticias-widget-introtext\">\n                            Projeto da UFSM busca desenvolver atividades agr\u00edcolas com o uso de tecnologias como drones, sat\u00e9lites, softwares e plataformas digitais                        <\/div>\n                    \n                                        \n                                        \n                                        <\/div>\n                                    <div class=\"col-12 col-lg-4 pb-4\">\n                                            <div class=\"noticias-widget-wrap\" style=\"height: 180px; overflow: hidden;\">\n                            <a title=\"\" href=\"https:\/\/www.ufsm.br\/midias\/arco\/estrangeiro-na-ufsm\">\n                                <span class=\"visually-hidden\">\n                                    Estrangeiro na UFSM                                <\/span>\n                                <div class=\"noticias-widget-thumbs h-100\">\n                                    <img decoding=\"async\" class=\"object-fit-cover h-100 w-100\" alt=\"\" srcset=\"https:\/\/www.ufsm.br\/app\/uploads\/sites\/601\/2023\/09\/Nicasio-Gouveia-300x169.jpg 300w, https:\/\/www.ufsm.br\/app\/uploads\/sites\/601\/2023\/09\/Nicasio-Gouveia-1024x576.jpg 1024w, https:\/\/www.ufsm.br\/app\/uploads\/sites\/601\/2023\/09\/Nicasio-Gouveia-768x432.jpg 768w, https:\/\/www.ufsm.br\/app\/uploads\/sites\/601\/2023\/09\/Nicasio-Gouveia-1536x864.jpg 1536w, https:\/\/www.ufsm.br\/app\/uploads\/sites\/601\/2023\/09\/Nicasio-Gouveia.jpg 1920w\" src=\"https:\/\/www.ufsm.br\/app\/uploads\/sites\/601\/2023\/09\/Nicasio-Gouveia-1024x576.jpg\"><\/img>\n                                <\/div>\n                            <\/a>\n                        <\/div>\n                                        \n                                            <span class='categoria-publicacao-widget'>\n                            13\u00aa Edi\u00e7\u00e3o, Recorda\u00e7\u00f5es                        <\/span>\n                        <br>\n                                        \n                    \n                    <a class=\"noticias-widget-title d-block  m-0 \"  title=\"Estrangeiro na UFSM\" href=\"https:\/\/www.ufsm.br\/midias\/arco\/estrangeiro-na-ufsm\">\n                                                Estrangeiro na UFSM                    <\/a>\n                    \n                                            <div class=\"noticias-widget-introtext\">\n                            Meu nome \u00e9 Nic\u00e1sio Gouveia, tenho 33 anos, e sou natural de Bolama, Guin\u00e9-Bissau, \u00c1frica. Desde a inf\u00e2ncia, meu maior&hellip;                        <\/div>\n                    \n                                        \n                                        \n                                        <\/div>\n                            <\/div>\n                    <div class=\"row\">\n                                    <div class=\"col-12 col-lg-4 pb-4\">\n                                            <div class=\"noticias-widget-wrap\" style=\"height: 180px; overflow: hidden;\">\n                            <a title=\"\" href=\"https:\/\/www.ufsm.br\/midias\/arco\/mudancas-climaticas-e-a-saude-humana\">\n                                <span class=\"visually-hidden\">\n                                    Mudan\u00e7as clim\u00e1ticas e a sa\u00fade humana                                <\/span>\n                                <div class=\"noticias-widget-thumbs h-100\">\n                                    <img decoding=\"async\" class=\"object-fit-cover h-100 w-100\" alt=\"\" srcset=\"https:\/\/www.ufsm.br\/app\/uploads\/sites\/601\/2023\/09\/Destaque-Mudancas-climaticas-e-a-saude-humana-300x169.jpg 300w, https:\/\/www.ufsm.br\/app\/uploads\/sites\/601\/2023\/09\/Destaque-Mudancas-climaticas-e-a-saude-humana-1024x576.jpg 1024w, https:\/\/www.ufsm.br\/app\/uploads\/sites\/601\/2023\/09\/Destaque-Mudancas-climaticas-e-a-saude-humana-768x432.jpg 768w, https:\/\/www.ufsm.br\/app\/uploads\/sites\/601\/2023\/09\/Destaque-Mudancas-climaticas-e-a-saude-humana-1536x864.jpg 1536w, https:\/\/www.ufsm.br\/app\/uploads\/sites\/601\/2023\/09\/Destaque-Mudancas-climaticas-e-a-saude-humana.jpg 1920w\" src=\"https:\/\/www.ufsm.br\/app\/uploads\/sites\/601\/2023\/09\/Destaque-Mudancas-climaticas-e-a-saude-humana-1024x576.jpg\"><\/img>\n                                <\/div>\n                            <\/a>\n                        <\/div>\n                                        \n                                            <span class='categoria-publicacao-widget'>\n                            13\u00aa Edi\u00e7\u00e3o, Dossi\u00ea UFSM                        <\/span>\n                        <br>\n                                        \n                    \n                    <a class=\"noticias-widget-title d-block  m-0 \"  title=\"Mudan\u00e7as clim\u00e1ticas e a sa\u00fade humana\" href=\"https:\/\/www.ufsm.br\/midias\/arco\/mudancas-climaticas-e-a-saude-humana\">\n                                                Mudan\u00e7as clim\u00e1ticas e a sa\u00fade humana                    <\/a>\n                    \n                                            <div class=\"noticias-widget-introtext\">\n                            Emerg\u00eancia do clima impacta no surgimento de novas doen\u00e7as e na piora das j\u00e1 existentesmais                        <\/div>\n                    \n                                        \n                                        \n                                        <\/div>\n                                    <div class=\"col-12 col-lg-4 pb-4\">\n                                            <div class=\"noticias-widget-wrap\" style=\"height: 180px; overflow: hidden;\">\n                            <a title=\"\" href=\"https:\/\/www.ufsm.br\/midias\/arco\/mudancas-climaticas\">\n                                <span class=\"visually-hidden\">\n                                    Mudan\u00e7as clim\u00e1ticas                                <\/span>\n                                <div class=\"noticias-widget-thumbs h-100\">\n                                    <img decoding=\"async\" class=\"object-fit-cover h-100 w-100\" alt=\"\" srcset=\"https:\/\/www.ufsm.br\/app\/uploads\/sites\/601\/2023\/09\/Destaque-Mudancas-climaticas-300x169.jpg 300w, https:\/\/www.ufsm.br\/app\/uploads\/sites\/601\/2023\/09\/Destaque-Mudancas-climaticas-1024x576.jpg 1024w, https:\/\/www.ufsm.br\/app\/uploads\/sites\/601\/2023\/09\/Destaque-Mudancas-climaticas-768x432.jpg 768w, https:\/\/www.ufsm.br\/app\/uploads\/sites\/601\/2023\/09\/Destaque-Mudancas-climaticas-1536x864.jpg 1536w, https:\/\/www.ufsm.br\/app\/uploads\/sites\/601\/2023\/09\/Destaque-Mudancas-climaticas.jpg 1920w\" src=\"https:\/\/www.ufsm.br\/app\/uploads\/sites\/601\/2023\/09\/Destaque-Mudancas-climaticas-1024x576.jpg\"><\/img>\n                                <\/div>\n                            <\/a>\n                        <\/div>\n                                        \n                                            <span class='categoria-publicacao-widget'>\n                            13\u00aa Edi\u00e7\u00e3o, Dossi\u00ea UFSM                        <\/span>\n                        <br>\n                                        \n                    \n                    <a class=\"noticias-widget-title d-block  m-0 \"  title=\"Mudan\u00e7as clim\u00e1ticas\" href=\"https:\/\/www.ufsm.br\/midias\/arco\/mudancas-climaticas\">\n                                                Mudan\u00e7as clim\u00e1ticas                    <\/a>\n                    \n                                            <div class=\"noticias-widget-introtext\">\n                            Em 2021, o estudo World Scientists\u2019 Warning of a Climate Emergency (Aviso dos Cientistas Mundiais sobre a Emerg\u00eancia Clim\u00e1tica, em&hellip;                        <\/div>\n                    \n                                        \n                                        \n                                        <\/div>\n                                    <div class=\"col-12 col-lg-4 pb-4\">\n                                            <div class=\"noticias-widget-wrap\" style=\"height: 180px; overflow: hidden;\">\n                            <a title=\"\" href=\"https:\/\/www.ufsm.br\/midias\/arco\/carta-da-editora-13\">\n                                <span class=\"visually-hidden\">\n                                    Carta da editora                                <\/span>\n                                <div class=\"noticias-widget-thumbs h-100\">\n                                    <img decoding=\"async\" class=\"object-fit-cover h-100 w-100\" alt=\"\" srcset=\"https:\/\/www.ufsm.br\/app\/uploads\/sites\/601\/2023\/09\/Destaque-Carta-do-Editor-300x169.jpg 300w, https:\/\/www.ufsm.br\/app\/uploads\/sites\/601\/2023\/09\/Destaque-Carta-do-Editor-1024x576.jpg 1024w, https:\/\/www.ufsm.br\/app\/uploads\/sites\/601\/2023\/09\/Destaque-Carta-do-Editor-768x432.jpg 768w, https:\/\/www.ufsm.br\/app\/uploads\/sites\/601\/2023\/09\/Destaque-Carta-do-Editor-1536x864.jpg 1536w, https:\/\/www.ufsm.br\/app\/uploads\/sites\/601\/2023\/09\/Destaque-Carta-do-Editor.jpg 1920w\" src=\"https:\/\/www.ufsm.br\/app\/uploads\/sites\/601\/2023\/09\/Destaque-Carta-do-Editor-1024x576.jpg\"><\/img>\n                                <\/div>\n                            <\/a>\n                        <\/div>\n                                        \n                                            <span class='categoria-publicacao-widget'>\n                            13\u00aa Edi\u00e7\u00e3o, Carta da Editora                        <\/span>\n                        <br>\n                                        \n                    \n                    <a class=\"noticias-widget-title d-block  m-0 \"  title=\"Carta da editora\" href=\"https:\/\/www.ufsm.br\/midias\/arco\/carta-da-editora-13\">\n                                                Carta da editora                    <\/a>\n                    \n                                            <div class=\"noticias-widget-introtext\">\n                            Temos muito para celebrar!&nbsp;Em 2023, a&nbsp;Arco completa 10 anos.&nbsp;Nessa d\u00e9cada, criamos e consolidamos um ve\u00edculo jornal\u00edstico institucional no qual a&hellip;                        <\/div>\n                    \n                                        \n                                        \n                                        <\/div>\n                            <\/div>\n            <\/div>\n\t\t<\/div>\n\t\t\t\t<\/div>\n\t\t\t\t\t<\/div>\n\t\t<\/div>\n\t\t\t\t\t<\/div>\n\t\t<\/section>\n\t\t\t\t<\/div>\n\t\t","protected":false},"excerpt":{"rendered":"<p>Mudan\u00e7as clim\u00e1ticas Impactos na produ\u00e7\u00e3o de alimentos, na sa\u00fade e na migra\u00e7\u00e3o.\u00a0 EXPEDIENTE CARTA DA EDITORA LEIA A 13\u00aa EDI\u00c7\u00c3O DA REVISTA ARCO EM PDF<\/p>\n","protected":false},"author":25,"featured_media":9874,"parent":0,"menu_order":0,"comment_status":"closed","ping_status":"closed","template":"","meta":{"footnotes":""},"categories":[],"tags":[5052,4268],"class_list":["post-9759","page","type-page","status-publish","has-post-thumbnail","hentry","tag-banner-home-ufsm-3","tag-banner-home-ufsm"],"acf":[],"_links":{"self":[{"href":"https:\/\/www.ufsm.br\/midias\/arco\/wp-json\/wp\/v2\/pages\/9759","targetHints":{"allow":["GET"]}}],"collection":[{"href":"https:\/\/www.ufsm.br\/midias\/arco\/wp-json\/wp\/v2\/pages"}],"about":[{"href":"https:\/\/www.ufsm.br\/midias\/arco\/wp-json\/wp\/v2\/types\/page"}],"author":[{"embeddable":true,"href":"https:\/\/www.ufsm.br\/midias\/arco\/wp-json\/wp\/v2\/users\/25"}],"replies":[{"embeddable":true,"href":"https:\/\/www.ufsm.br\/midias\/arco\/wp-json\/wp\/v2\/comments?post=9759"}],"version-history":[{"count":0,"href":"https:\/\/www.ufsm.br\/midias\/arco\/wp-json\/wp\/v2\/pages\/9759\/revisions"}],"wp:featuredmedia":[{"embeddable":true,"href":"https:\/\/www.ufsm.br\/midias\/arco\/wp-json\/wp\/v2\/media\/9874"}],"wp:attachment":[{"href":"https:\/\/www.ufsm.br\/midias\/arco\/wp-json\/wp\/v2\/media?parent=9759"}],"wp:term":[{"taxonomy":"category","embeddable":true,"href":"https:\/\/www.ufsm.br\/midias\/arco\/wp-json\/wp\/v2\/categories?post=9759"},{"taxonomy":"post_tag","embeddable":true,"href":"https:\/\/www.ufsm.br\/midias\/arco\/wp-json\/wp\/v2\/tags?post=9759"}],"curies":[{"name":"wp","href":"https:\/\/api.w.org\/{rel}","templated":true}]}}