{"id":5,"date":"2018-01-18T08:39:17","date_gmt":"2018-01-18T10:39:17","guid":{"rendered":"https:\/\/www.ufsm.br\/cursos\/graduacao\/nutricao\/12352\/?page_id=5"},"modified":"2023-07-16T22:49:46","modified_gmt":"2023-07-17T01:49:46","slug":"pagina-inicial","status":"publish","type":"page","link":"https:\/\/www.ufsm.br\/midias\/experimental\/agencia-da-hora\/","title":{"rendered":"P\u00e1gina Inicial"},"content":{"rendered":"\t\t<div data-elementor-type=\"wp-post\" data-elementor-id=\"5\" class=\"elementor elementor-5\">\n\t\t\t\t\t\t<section class=\"elementor-section elementor-top-section elementor-element elementor-element-e5bcc64 elementor-section-boxed elementor-section-height-default elementor-section-height-default\" data-id=\"e5bcc64\" data-element_type=\"section\">\n\t\t\t\t\t\t<div class=\"elementor-container elementor-column-gap-default\">\n\t\t\t\t\t<div class=\"elementor-column elementor-col-100 elementor-top-column elementor-element elementor-element-c09ac3d\" data-id=\"c09ac3d\" data-element_type=\"column\">\n\t\t\t<div class=\"elementor-widget-wrap elementor-element-populated\">\n\t\t\t\t\t\t<div class=\"elementor-element elementor-element-f15ce81 elementor-arrows-position-inside elementor-pagination-position-outside elementor-widget elementor-widget-image-carousel\" data-id=\"f15ce81\" data-element_type=\"widget\" data-settings=\"{&quot;navigation&quot;:&quot;both&quot;,&quot;autoplay&quot;:&quot;yes&quot;,&quot;pause_on_hover&quot;:&quot;yes&quot;,&quot;pause_on_interaction&quot;:&quot;yes&quot;,&quot;autoplay_speed&quot;:5000,&quot;infinite&quot;:&quot;yes&quot;,&quot;speed&quot;:500}\" data-widget_type=\"image-carousel.default\">\n\t\t\t\t<div class=\"elementor-widget-container\">\n\t\t\t\t\t<div class=\"elementor-image-carousel-wrapper swiper\" dir=\"ltr\">\n\t\t\t<div class=\"elementor-image-carousel swiper-wrapper\" aria-live=\"off\">\n\t\t\t\t\t\t\t\t<div class=\"swiper-slide\" role=\"group\" aria-roledescription=\"slide\" aria-label=\"1 of 1\"><a data-elementor-open-lightbox=\"yes\" data-elementor-lightbox-slideshow=\"f15ce81\" data-elementor-lightbox-title=\"capa do site\" data-e-action-hash=\"#elementor-action%3Aaction%3Dlightbox%26settings%3DeyJpZCI6IjE4NiIsInVybCI6Imh0dHBzOlwvXC93d3cudWZzbS5iclwvYXBwXC91cGxvYWRzXC9zaXRlc1wvODI1XC8yMDIwXC8wNVwvY2FwYS1kby1zaXRlLnBuZyIsInNsaWRlc2hvdyI6ImYxNWNlODEifQ%3D%3D\" href=\"https:\/\/www.ufsm.br\/midias\/experimental\/agencia-da-hora\/checagem-da-hora\/\" target=\"_blank\"><figure class=\"swiper-slide-inner\"><img decoding=\"async\" class=\"swiper-slide-image\" src=\"https:\/\/www.ufsm.br\/app\/uploads\/sites\/825\/2020\/05\/capa-do-site.png\" alt=\"banner com fundo preto com a frase &quot;agencia da hora no combate a desinforma\u00e7\u00e3o&quot; em branco, e, abaixo, o logotipo da ag\u00eancia da hora e o selo da UFSM contra o covid-19\" \/><figcaption class=\"elementor-image-carousel-caption\">Clique na imagem e acesse a a\u00e7\u00e3o da Ag\u00eancia da Hora no combate \u00e0 desinforma\u00e7\u00e3o<\/figcaption><\/figure><\/a><\/div>\t\t\t<\/div>\n\t\t\t\t\t<\/div>\n\t\t\t\t<\/div>\n\t\t\t\t<\/div>\n\t\t\t\t<div class=\"elementor-element elementor-element-9bf8518 elementor-widget elementor-widget-heading\" data-id=\"9bf8518\" data-element_type=\"widget\" data-widget_type=\"heading.default\">\n\t\t\t\t<div class=\"elementor-widget-container\">\n\t\t\t<h5 class=\"elementor-heading-title elementor-size-default\">Apresenta\u00e7\u00e3o<\/h5>\t\t<\/div>\n\t\t\t\t<\/div>\n\t\t\t\t\t<\/div>\n\t\t<\/div>\n\t\t\t\t\t<\/div>\n\t\t<\/section>\n\t\t\t\t<section class=\"elementor-section elementor-top-section elementor-element elementor-element-0ddec2a elementor-section-boxed elementor-section-height-default elementor-section-height-default\" data-id=\"0ddec2a\" data-element_type=\"section\">\n\t\t\t\t\t\t<div class=\"elementor-container elementor-column-gap-default\">\n\t\t\t\t\t<div class=\"elementor-column elementor-col-100 elementor-top-column elementor-element elementor-element-a4bc9af\" data-id=\"a4bc9af\" data-element_type=\"column\">\n\t\t\t<div class=\"elementor-widget-wrap elementor-element-populated\">\n\t\t\t\t\t\t<div class=\"elementor-element elementor-element-0b01c8b elementor-widget elementor-widget-text-editor\" data-id=\"0b01c8b\" data-element_type=\"widget\" data-widget_type=\"text-editor.default\">\n\t\t\t\t<div class=\"elementor-widget-container\">\n\t\t\t\t\t\t\t<p>A Ag\u00eancia da Hora \u00e9 um projeto do curso de Jornalismo da UFSM Campus Frederico Westphalen, desenvolvido desde 2007 como laborat\u00f3rio e projeto de extens\u00e3o.<\/p><p>A Ag\u00eancia nasceu em 2007 com a proposta de produzir conte\u00fado jornal\u00edstico multim\u00eddia para ser utilizado por meios de comunica\u00e7\u00e3o da regi\u00e3o do M\u00e9dio Alto Uruguai de forma gratuita, desde que respeitados os devidos cr\u00e9ditos e direitos de autoria, al\u00e9m de contribuir com a realiza\u00e7\u00e3o de conte\u00fados de qualidade para valorizar a regi\u00e3o.<\/p><p>\u00c9 um projeto de extens\u00e3o reconhecido pela UFSM e pelo Minist\u00e9rio da Educa\u00e7\u00e3o. J\u00e1 recebeu financiamento do FIEX e do PROEXT, garantindo bolsa de estudos para os estudantes e equipamentos para o curso de Jornalismo, e foi premiada como melhor ag\u00eancia experimental de jornalismo do pa\u00eds pela EXPOCOM.<\/p>\t\t\t\t\t\t<\/div>\n\t\t\t\t<\/div>\n\t\t\t\t\t<\/div>\n\t\t<\/div>\n\t\t\t\t\t<\/div>\n\t\t<\/section>\n\t\t\t\t<section class=\"elementor-section elementor-top-section elementor-element elementor-element-f6a61e1 elementor-section-boxed elementor-section-height-default elementor-section-height-default\" data-id=\"f6a61e1\" data-element_type=\"section\">\n\t\t\t\t\t\t<div class=\"elementor-container elementor-column-gap-default\">\n\t\t\t\t\t<div class=\"elementor-column elementor-col-100 elementor-top-column elementor-element elementor-element-81ce27f\" data-id=\"81ce27f\" data-element_type=\"column\">\n\t\t\t<div class=\"elementor-widget-wrap elementor-element-populated\">\n\t\t\t\t\t\t<div class=\"elementor-element elementor-element-8d1f660 elementor-widget elementor-widget-wp-widget-ufsm_noticias_widget\" data-id=\"8d1f660\" data-element_type=\"widget\" data-widget_type=\"wp-widget-ufsm_noticias_widget.default\">\n\t\t\t\t<div class=\"elementor-widget-container\">\n\t\t\t<h5 class='titulo-conteudos'>Not\u00edcias<\/h5><div class='widget-noticias-inside'>\n                        <div class=\"row\">\n                                    <div class=\"col-12 col-lg-4 pb-4\">\n                                            <div class=\"noticias-widget-wrap\" style=\"height: 250px; overflow: hidden;\">\n                            <a title=\"\" href=\"https:\/\/www.ufsm.br\/midias\/experimental\/agencia-da-hora\/2026\/09\/04\/palestra-hibrida-na-ufsm-fw-discute-o-futuro-do-jornalismo-e-das-relacoes-publicas-com-o-professor-otavio-daros\">\n                                <span class=\"visually-hidden\">\n                                    <strong>Palestra h\u00edbrida na UFSM-FW discute o futuro do Jornalismo e das Rela\u00e7\u00f5es P\u00fablicas com o professor Ot\u00e1vio Daros<\/strong>                                <\/span>\n                                <div class=\"noticias-widget-thumbs h-100\">\n                                    <img decoding=\"async\" class=\"object-fit-cover h-100 w-100\" alt=\"\" srcset=\"https:\/\/www.ufsm.br\/app\/uploads\/sites\/825\/2026\/09\/PHOTO-2026-09-04-10-03-00-300x200.jpg 300w, https:\/\/www.ufsm.br\/app\/uploads\/sites\/825\/2026\/09\/PHOTO-2026-09-04-10-03-00-1024x683.jpg 1024w, https:\/\/www.ufsm.br\/app\/uploads\/sites\/825\/2026\/09\/PHOTO-2026-09-04-10-03-00-768x512.jpg 768w, https:\/\/www.ufsm.br\/app\/uploads\/sites\/825\/2026\/09\/PHOTO-2026-09-04-10-03-00-1536x1024.jpg 1536w, https:\/\/www.ufsm.br\/app\/uploads\/sites\/825\/2026\/09\/PHOTO-2026-09-04-10-03-00-272x182.jpg 272w, https:\/\/www.ufsm.br\/app\/uploads\/sites\/825\/2026\/09\/PHOTO-2026-09-04-10-03-00.jpg 1600w\" src=\"https:\/\/www.ufsm.br\/app\/uploads\/sites\/825\/2026\/09\/PHOTO-2026-09-04-10-03-00-1024x683.jpg\"><\/img>\n                                <\/div>\n                            <\/a>\n                        <\/div>\n                                        \n                                        \n                    \n                    <a class=\"noticias-widget-title d-block  m-0 \"  title=\"<strong>Palestra h\u00edbrida na UFSM-FW discute o futuro do Jornalismo e das Rela\u00e7\u00f5es P\u00fablicas com o professor Ot\u00e1vio Daros<\/strong>\" href=\"https:\/\/www.ufsm.br\/midias\/experimental\/agencia-da-hora\/2026\/09\/04\/palestra-hibrida-na-ufsm-fw-discute-o-futuro-do-jornalismo-e-das-relacoes-publicas-com-o-professor-otavio-daros\">\n                                                <strong>Palestra h\u00edbrida na UFSM-FW discute o futuro do Jornalismo e das Rela\u00e7\u00f5es P\u00fablicas com o professor Ot\u00e1vio Daros<\/strong>                    <\/a>\n                    \n                                            <div class=\"noticias-widget-introtext\">\n                            Profissionais formados e em forma\u00e7\u00e3o debatem converg\u00eancias e diverg\u00eancias de atua\u00e7\u00e3o frente a evolu\u00e7\u00e3o do mercado comunicacional. Por: Emanuelle Friederichs&hellip;                        <\/div>\n                    \n                                        \n                                        \n                                            \n                                                    <div title=\"Publicado em 04\/09\/2026 \" class=\"data-publicacao-widget\">\n                                <i  class=\"far fa-clock\"><\/i>\n                                04\/09\/2026                             <\/div>\n                                                                <\/div>\n                                    <div class=\"col-12 col-lg-4 pb-4\">\n                                            <div class=\"noticias-widget-wrap\" style=\"height: 250px; overflow: hidden;\">\n                            <a title=\"\" href=\"https:\/\/www.ufsm.br\/midias\/experimental\/agencia-da-hora\/2026\/09\/01\/ufsm-fw-realiza-cerimonia-de-posse-do-diretorio-academico-de-comunicacao\">\n                                <span class=\"visually-hidden\">\n                                    <strong>UFSM-FW realiza cerim\u00f4nia de posse do Diret\u00f3rio Acad\u00eamico de Comunica\u00e7\u00e3o<\/strong>                                <\/span>\n                                <div class=\"noticias-widget-thumbs h-100\">\n                                    <img decoding=\"async\" class=\"object-fit-cover h-100 w-100\" alt=\"\" srcset=\"https:\/\/www.ufsm.br\/app\/uploads\/sites\/825\/2026\/09\/PHOTO-2026-09-01-18-16-25-300x225.jpg 300w, https:\/\/www.ufsm.br\/app\/uploads\/sites\/825\/2026\/09\/PHOTO-2026-09-01-18-16-25-1024x768.jpg 1024w, https:\/\/www.ufsm.br\/app\/uploads\/sites\/825\/2026\/09\/PHOTO-2026-09-01-18-16-25-768x576.jpg 768w, https:\/\/www.ufsm.br\/app\/uploads\/sites\/825\/2026\/09\/PHOTO-2026-09-01-18-16-25.jpg 1200w\" src=\"https:\/\/www.ufsm.br\/app\/uploads\/sites\/825\/2026\/09\/PHOTO-2026-09-01-18-16-25-1024x768.jpg\"><\/img>\n                                <\/div>\n                            <\/a>\n                        <\/div>\n                                        \n                                        \n                    \n                    <a class=\"noticias-widget-title d-block  m-0 \"  title=\"<strong>UFSM-FW realiza cerim\u00f4nia de posse do Diret\u00f3rio Acad\u00eamico de Comunica\u00e7\u00e3o<\/strong>\" href=\"https:\/\/www.ufsm.br\/midias\/experimental\/agencia-da-hora\/2026\/09\/01\/ufsm-fw-realiza-cerimonia-de-posse-do-diretorio-academico-de-comunicacao\">\n                                                <strong>UFSM-FW realiza cerim\u00f4nia de posse do Diret\u00f3rio Acad\u00eamico de Comunica\u00e7\u00e3o<\/strong>                    <\/a>\n                    \n                                            <div class=\"noticias-widget-introtext\">\n                            Com 29 votos, a Chapa Revolu\u00e7\u00e3o assume a nova gest\u00e3o do DACOM Tropic\u00e1lia e afirma o compromisso com a representa\u00e7\u00e3o&hellip;                        <\/div>\n                    \n                                        \n                                        \n                                            \n                                                    <div title=\"Publicado em 01\/09\/2026 \" class=\"data-publicacao-widget\">\n                                <i  class=\"far fa-clock\"><\/i>\n                                01\/09\/2026                             <\/div>\n                                                                <\/div>\n                                    <div class=\"col-12 col-lg-4 pb-4\">\n                                            <div class=\"noticias-widget-wrap\" style=\"height: 250px; overflow: hidden;\">\n                            <a title=\"\" href=\"https:\/\/www.ufsm.br\/midias\/experimental\/agencia-da-hora\/2026\/09\/01\/novo-sistema-de-estacionamento-rotativo-comeca-a-funcionar-nesta-terca-feira-em-frederico-westphalen\">\n                                <span class=\"visually-hidden\">\n                                    <strong>Novo sistema de estacionamento rotativo come\u00e7a a funcionar nesta ter\u00e7a-feira em Frederico Westphalen<\/strong>                                <\/span>\n                                <div class=\"noticias-widget-thumbs h-100\">\n                                    <img decoding=\"async\" class=\"object-fit-cover h-100 w-100\" alt=\"\" srcset=\"https:\/\/www.ufsm.br\/app\/uploads\/sites\/825\/2026\/09\/WhatsApp-Image-2026-09-01-at-16.10.49-300x225.jpeg 300w, https:\/\/www.ufsm.br\/app\/uploads\/sites\/825\/2026\/09\/WhatsApp-Image-2026-09-01-at-16.10.49-1024x768.jpeg 1024w, https:\/\/www.ufsm.br\/app\/uploads\/sites\/825\/2026\/09\/WhatsApp-Image-2026-09-01-at-16.10.49-768x576.jpeg 768w, https:\/\/www.ufsm.br\/app\/uploads\/sites\/825\/2026\/09\/WhatsApp-Image-2026-09-01-at-16.10.49-1536x1152.jpeg 1536w, https:\/\/www.ufsm.br\/app\/uploads\/sites\/825\/2026\/09\/WhatsApp-Image-2026-09-01-at-16.10.49.jpeg 1600w\" src=\"https:\/\/www.ufsm.br\/app\/uploads\/sites\/825\/2026\/09\/WhatsApp-Image-2026-09-01-at-16.10.49-1024x768.jpeg\"><\/img>\n                                <\/div>\n                            <\/a>\n                        <\/div>\n                                        \n                                        \n                    \n                    <a class=\"noticias-widget-title d-block  m-0 \"  title=\"<strong>Novo sistema de estacionamento rotativo come\u00e7a a funcionar nesta ter\u00e7a-feira em Frederico Westphalen<\/strong>\" href=\"https:\/\/www.ufsm.br\/midias\/experimental\/agencia-da-hora\/2026\/09\/01\/novo-sistema-de-estacionamento-rotativo-comeca-a-funcionar-nesta-terca-feira-em-frederico-westphalen\">\n                                                <strong>Novo sistema de estacionamento rotativo come\u00e7a a funcionar nesta ter\u00e7a-feira em Frederico Westphalen<\/strong>                    <\/a>\n                    \n                                            <div class=\"noticias-widget-introtext\">\n                            Servi\u00e7o conta com 67 parqu\u00edmetros, aplicativo para celular, tr\u00eas zonas de tarifa\u00e7\u00e3o e fiscaliza\u00e7\u00e3o automatizada. Por: Cristiele Braga e Scheila&hellip;                        <\/div>\n                    \n                                        \n                                        \n                                            \n                                                    <div title=\"Publicado em 01\/09\/2026 \" class=\"data-publicacao-widget\">\n                                <i  class=\"far fa-clock\"><\/i>\n                                01\/09\/2026                             <\/div>\n                                                                <\/div>\n                            <\/div>\n            <\/div>\n<div class=\"leia-mais p-1\">\n                <a href=\"https:\/\/www.ufsm.br\/midias\/experimental\/agencia-da-hora\/busca\/?q=&area=post&orderby=date&sites%5B%5D=378\">\n            LEIA MAIS            <span class=\"icon-box\">\n                <span class=\"bg-ufsm-widget-icon\">\n                    <i class=\"fas fa-chevron-right\" aria-hidden=\"true\"><\/i>\n                <\/span>\n            <\/span>\n        <\/a>\n    <\/div>\n\t\t<\/div>\n\t\t\t\t<\/div>\n\t\t\t\t\t<\/div>\n\t\t<\/div>\n\t\t\t\t\t<\/div>\n\t\t<\/section>\n\t\t\t\t<\/div>\n\t\t","protected":false},"excerpt":{"rendered":"<p>Clique na imagem e acesse a a\u00e7\u00e3o da Ag\u00eancia da Hora no combate \u00e0 desinforma\u00e7\u00e3o Apresenta\u00e7\u00e3o A Ag\u00eancia da Hora \u00e9 um projeto do curso de Jornalismo da UFSM Campus Frederico Westphalen, desenvolvido desde 2007 como laborat\u00f3rio e projeto de extens\u00e3o. A Ag\u00eancia nasceu em 2007 com a proposta de produzir conte\u00fado jornal\u00edstico multim\u00eddia para [&hellip;]<\/p>\n","protected":false},"author":8,"featured_media":0,"parent":0,"menu_order":0,"comment_status":"closed","ping_status":"closed","template":"","meta":{"episode_type":"","audio_file":"","cover_image":"","cover_image_id":"","duration":"","filesize":"","date_recorded":"","explicit":"","block":"","filesize_raw":"","footnotes":""},"categories":[],"tags":[],"class_list":["post-5","page","type-page","status-publish","hentry"],"acf":[],"_links":{"self":[{"href":"https:\/\/www.ufsm.br\/midias\/experimental\/agencia-da-hora\/wp-json\/wp\/v2\/pages\/5","targetHints":{"allow":["GET"]}}],"collection":[{"href":"https:\/\/www.ufsm.br\/midias\/experimental\/agencia-da-hora\/wp-json\/wp\/v2\/pages"}],"about":[{"href":"https:\/\/www.ufsm.br\/midias\/experimental\/agencia-da-hora\/wp-json\/wp\/v2\/types\/page"}],"author":[{"embeddable":true,"href":"https:\/\/www.ufsm.br\/midias\/experimental\/agencia-da-hora\/wp-json\/wp\/v2\/users\/8"}],"replies":[{"embeddable":true,"href":"https:\/\/www.ufsm.br\/midias\/experimental\/agencia-da-hora\/wp-json\/wp\/v2\/comments?post=5"}],"version-history":[{"count":0,"href":"https:\/\/www.ufsm.br\/midias\/experimental\/agencia-da-hora\/wp-json\/wp\/v2\/pages\/5\/revisions"}],"wp:attachment":[{"href":"https:\/\/www.ufsm.br\/midias\/experimental\/agencia-da-hora\/wp-json\/wp\/v2\/media?parent=5"}],"wp:term":[{"taxonomy":"category","embeddable":true,"href":"https:\/\/www.ufsm.br\/midias\/experimental\/agencia-da-hora\/wp-json\/wp\/v2\/categories?post=5"},{"taxonomy":"post_tag","embeddable":true,"href":"https:\/\/www.ufsm.br\/midias\/experimental\/agencia-da-hora\/wp-json\/wp\/v2\/tags?post=5"}],"curies":[{"name":"wp","href":"https:\/\/api.w.org\/{rel}","templated":true}]}}