{"id":3345,"date":"2020-02-06T10:29:53","date_gmt":"2020-02-06T13:29:53","guid":{"rendered":"https:\/\/www.ufsm.br\/midias\/experimental\/educom\/?page_id=3345"},"modified":"2020-02-06T10:31:22","modified_gmt":"2020-02-06T13:31:22","slug":"dissertacoes","status":"publish","type":"page","link":"https:\/\/www.ufsm.br\/midias\/experimental\/educom\/dissertacoes","title":{"rendered":"Disserta\u00e7\u00f5es"},"content":{"rendered":"\t\t<div data-elementor-type=\"wp-page\" data-elementor-id=\"3345\" class=\"elementor elementor-3345\">\n\t\t\t\t\t\t<section class=\"elementor-section elementor-top-section elementor-element elementor-element-fee61ca elementor-section-boxed elementor-section-height-default elementor-section-height-default\" data-id=\"fee61ca\" data-element_type=\"section\">\n\t\t\t\t\t\t<div class=\"elementor-container elementor-column-gap-default\">\n\t\t\t\t\t<div class=\"elementor-column elementor-col-100 elementor-top-column elementor-element elementor-element-0a349fb\" data-id=\"0a349fb\" data-element_type=\"column\">\n\t\t\t<div class=\"elementor-widget-wrap elementor-element-populated\">\n\t\t\t\t\t\t<div class=\"elementor-element elementor-element-d927c05 elementor-widget elementor-widget-text-editor\" data-id=\"d927c05\" data-element_type=\"widget\" data-widget_type=\"text-editor.default\">\n\t\t\t\t<div class=\"elementor-widget-container\">\n\t\t\t\t\t\t\t<p style=\"text-align: center\"><strong>Conclu\u00eddas<br \/><\/strong><\/p><p><strong>T\u00edtulo:\u00a0<\/strong>O livro e o Ax\u00e9, o Er\u00ea com Ganga Zumba: representa\u00e7\u00f5es afro-brasileiras na produ\u00e7\u00e3o editorial did\u00e1tica voltada \u00e0 Lei 10.639\/2003 e apropria\u00e7\u00e3o dos professores<strong><br \/>Autoria:\u00a0<\/strong>Fernanda de Ara\u00fajo Patrocinio<strong><br \/>Orienta\u00e7\u00e3o:\u00a0<\/strong>Prof\u00aa. Dr\u00aa. Rosane Rosa<strong><br \/>Defesa:\u00a0<\/strong>Mar\u00e7o\/2016\u00a0\u00a0\u00a0\u00a0\u00a0\u00a0<\/p><p><strong>T\u00edtulo:<\/strong>\u00a0Educa\u00e7\u00e3o Integral e o Paradigma da Educomunica\u00e7\u00e3o: um estudo sobre o Programa Mais Educa\u00e7\u00e3o nas Escolas de Santa Maria\/RS<br \/><strong>Autoria:<\/strong>\u00a0Maur\u00edcio Lavarda do Nascimento<br \/><strong>Orienta\u00e7\u00e3o:<\/strong>\u00a0Prof\u00aa. Dr\u00aa. Rosane Rosa<br \/><strong>Defesa:<\/strong>\u00a0Junho\/2015<\/p><p><strong>T\u00edtulo:\u00a0<\/strong>Identidade e Diferen\u00e7a no Projeto Cultural \u201cV\u00f4 Ven\u00e2ncio vai a Escola\u201d: produ\u00e7\u00e3o de significa\u00e7\u00f5es constru\u00eddas a partir do curta metragem \u201cLeonel p\u00e9 de Vento<br \/><strong>Autoria:<\/strong>\u00a0J\u00falia Munareto Leal<br \/><strong>Orienta\u00e7\u00e3o:<\/strong>\u00a0Prof\u00aa. Dr\u00aa. Rosane Rosa<br \/><strong>Defesa:<\/strong> fevereiro\/2013<br \/><strong><br \/>T\u00edtulo<\/strong>: Moda e m\u00fasica hip-hop: consumo e reapropria\u00e7\u00f5es de um movimento social<br \/><strong>Autoria<\/strong>: Camila da Silva Marques<br \/><strong>Orienta\u00e7\u00e3o:<\/strong>\u00a0Prof\u00aa. Dr\u00aa. Rosane Rosa<br \/><strong>Defesa<\/strong>: segundo semestre\/2013<\/p><p style=\"text-align: center\"><strong>Em andamento<\/strong><\/p><p><strong>T\u00edtulo:\u00a0<\/strong>Educomunica\u00e7\u00e3o e g\u00eanero: perspectivas e possibilidades<br \/><strong>Autoria:<\/strong>\u00a0Desire\u00e8 Ribas Fumagalli<br \/><strong>Orienta\u00e7\u00e3o:<\/strong>\u00a0Prof\u00aa. Dr\u00aa. Rosane Rosa<br \/><strong>Previs\u00e3o de defesa:<\/strong>\u00a0Dezembro\/ 2017<\/p><p><strong>T\u00edtulo:\u00a0<\/strong>Financiamento Coletivo em Redes de Projetos Educacionais: um estudo das plataformas colaborativas<br \/><strong>Autoria:<\/strong>\u00a0Ang\u00e9lica Fabiane Weise<br \/><strong>Orienta\u00e7\u00e3o:<\/strong>\u00a0Prof\u00aa. Dr\u00aa. Rosane Rosa<br \/><strong>Previs\u00e3o de defesa:<\/strong>\u00a0Julho\/ 2017<\/p><p><strong>T\u00edtulo:\u00a0<\/strong>As representa\u00e7\u00f5es do professor na m\u00eddia<br \/><strong>Autoria:<\/strong>\u00a0Araciele Maria Ketzer<br \/><strong>Orienta\u00e7\u00e3o:<\/strong>\u00a0Prof\u00aa. Dr\u00aa. Rosane Rosa<br \/><strong>Previs\u00e3o de defesa:<\/strong>\u00a0Mar\u00e7o\/ 2017<\/p>\t\t\t\t\t\t<\/div>\n\t\t\t\t<\/div>\n\t\t\t\t\t<\/div>\n\t\t<\/div>\n\t\t\t\t\t<\/div>\n\t\t<\/section>\n\t\t\t\t<\/div>\n\t\t","protected":false},"excerpt":{"rendered":"<p>Conclu\u00eddas T\u00edtulo:\u00a0O livro e o Ax\u00e9, o Er\u00ea com Ganga Zumba: representa\u00e7\u00f5es afro-brasileiras na produ\u00e7\u00e3o editorial did\u00e1tica voltada \u00e0 Lei 10.639\/2003 e apropria\u00e7\u00e3o dos professoresAutoria:\u00a0Fernanda de Ara\u00fajo PatrocinioOrienta\u00e7\u00e3o:\u00a0Prof\u00aa. Dr\u00aa. Rosane RosaDefesa:\u00a0Mar\u00e7o\/2016\u00a0\u00a0\u00a0\u00a0\u00a0\u00a0 T\u00edtulo:\u00a0Educa\u00e7\u00e3o Integral e o Paradigma da Educomunica\u00e7\u00e3o: um estudo sobre o Programa Mais Educa\u00e7\u00e3o nas Escolas de Santa Maria\/RSAutoria:\u00a0Maur\u00edcio Lavarda do NascimentoOrienta\u00e7\u00e3o:\u00a0Prof\u00aa. Dr\u00aa. Rosane [&hellip;]<\/p>\n","protected":false},"author":867,"featured_media":0,"parent":0,"menu_order":0,"comment_status":"closed","ping_status":"closed","template":"","meta":{"footnotes":""},"categories":[],"tags":[],"class_list":["post-3345","page","type-page","status-publish","hentry"],"acf":[],"_links":{"self":[{"href":"https:\/\/www.ufsm.br\/midias\/experimental\/educom\/wp-json\/wp\/v2\/pages\/3345","targetHints":{"allow":["GET"]}}],"collection":[{"href":"https:\/\/www.ufsm.br\/midias\/experimental\/educom\/wp-json\/wp\/v2\/pages"}],"about":[{"href":"https:\/\/www.ufsm.br\/midias\/experimental\/educom\/wp-json\/wp\/v2\/types\/page"}],"author":[{"embeddable":true,"href":"https:\/\/www.ufsm.br\/midias\/experimental\/educom\/wp-json\/wp\/v2\/users\/867"}],"replies":[{"embeddable":true,"href":"https:\/\/www.ufsm.br\/midias\/experimental\/educom\/wp-json\/wp\/v2\/comments?post=3345"}],"version-history":[{"count":0,"href":"https:\/\/www.ufsm.br\/midias\/experimental\/educom\/wp-json\/wp\/v2\/pages\/3345\/revisions"}],"wp:attachment":[{"href":"https:\/\/www.ufsm.br\/midias\/experimental\/educom\/wp-json\/wp\/v2\/media?parent=3345"}],"wp:term":[{"taxonomy":"category","embeddable":true,"href":"https:\/\/www.ufsm.br\/midias\/experimental\/educom\/wp-json\/wp\/v2\/categories?post=3345"},{"taxonomy":"post_tag","embeddable":true,"href":"https:\/\/www.ufsm.br\/midias\/experimental\/educom\/wp-json\/wp\/v2\/tags?post=3345"}],"curies":[{"name":"wp","href":"https:\/\/api.w.org\/{rel}","templated":true}]}}