{"id":3346,"date":"2020-02-06T10:31:51","date_gmt":"2020-02-06T13:31:51","guid":{"rendered":"https:\/\/www.ufsm.br\/midias\/experimental\/educom\/?page_id=3346"},"modified":"2020-02-06T10:33:07","modified_gmt":"2020-02-06T13:33:07","slug":"monografias","status":"publish","type":"page","link":"https:\/\/www.ufsm.br\/midias\/experimental\/educom\/monografias","title":{"rendered":"Monografias"},"content":{"rendered":"\t\t<div data-elementor-type=\"wp-page\" data-elementor-id=\"3346\" class=\"elementor elementor-3346\">\n\t\t\t\t\t\t<section class=\"elementor-section elementor-top-section elementor-element elementor-element-d881668 elementor-section-boxed elementor-section-height-default elementor-section-height-default\" data-id=\"d881668\" data-element_type=\"section\">\n\t\t\t\t\t\t<div class=\"elementor-container elementor-column-gap-default\">\n\t\t\t\t\t<div class=\"elementor-column elementor-col-100 elementor-top-column elementor-element elementor-element-7ca3f3a\" data-id=\"7ca3f3a\" data-element_type=\"column\">\n\t\t\t<div class=\"elementor-widget-wrap elementor-element-populated\">\n\t\t\t\t\t\t<div class=\"elementor-element elementor-element-6957279 elementor-widget elementor-widget-text-editor\" data-id=\"6957279\" data-element_type=\"widget\" data-widget_type=\"text-editor.default\">\n\t\t\t\t<div class=\"elementor-widget-container\">\n\t\t\t\t\t\t\t<p style=\"text-align: center\"><strong>ESPECIALIZA\u00c7\u00c3O<br \/><\/strong>(a partir de 2012)<\/p><p><strong>T\u00edtulo:<\/strong>\u00a0O Programa Ensino M\u00e9dio Inovador na perspectiva da educomunica\u00e7\u00e3o: estudo de caso da Escola Estadual de Educa\u00e7\u00e3o B\u00e1sica Eduardo Lopes da Rosa<br \/><strong>Autoria:<\/strong>\u00a0Luciane Brum<br \/><strong>Orienta\u00e7\u00e3o:<\/strong>\u00a0Prof\u00aa. Dr\u00aa. Rosane Rosa<br \/><strong>Defesa:<\/strong>\u00a02014\u00a0(em andamento)<br \/><br \/><strong>T\u00edtulo:<\/strong>\u00a0Um estudo sobre a media\u00e7\u00e3o tecnol\u00f3gica no atendimento educacional especializado das escolas p\u00fablicas estaduais de Bag\u00e9<br \/><strong>Autoria:<\/strong>\u00a0Elisiane Ferreira de Lima<br \/><strong>Orienta\u00e7\u00e3o:<\/strong>\u00a0Prof\u00aa. Dr\u00aa. Rosane Rosa<br \/><strong>Defesa:<\/strong> 2014<br \/><br \/><strong>T\u00edtulo:<\/strong>\u00a0Media\u00e7\u00e3o tecnol\u00f3gica no ensino da fisioterapia: objeto de aprendizagem para a ausculta pulomonar<br \/><strong>Autoria:<\/strong>\u00a0Aline Pereira Arruda<br \/><strong>Orienta\u00e7\u00e3o:<\/strong>\u00a0Prof\u00aa. Dr\u00aa. Rosane Rosa<br \/><strong>Defesa:\u00a0<\/strong>2014<br \/><br \/><strong>T\u00edtulo:\u00a0<\/strong>Intera\u00e7\u00e3o professor\/aluno mediada pelo audiovisual: uma an\u00e1lise do filme &#8220;Os Miser\u00e1veis&#8221;<br \/><strong>Autoria:\u00a0<\/strong>Gelba dos Santos Rosa<br \/><strong>Orienta\u00e7\u00e3o:\u00a0<\/strong>Prof\u00aa. Dr\u00aa. Rosane Rosa<br \/><strong>Defesa:\u00a0<\/strong>2012<strong><br \/><br \/>T\u00edtulo:<\/strong>\u00a0O processo de ensino-aprendizagem mediada pelo computador.<br \/><strong>Autoria:<\/strong>\u00a0Carmem Silva Rodrigues Pereira<br \/><strong>Orienta\u00e7\u00e3o:<\/strong>\u00a0Prof\u00aa. Dr\u00aa. Rosane Rosa<br \/><strong>Defesa:\u00a0<\/strong>2012<br \/><strong><br \/>T\u00edtulo:<\/strong>\u00a0A supervis\u00e3o pedag\u00f3gica e a apropria\u00e7\u00e3o das Tecnologias de Informa\u00e7\u00e3o e Comunica\u00e7\u00e3o.<br \/><strong>Autoria:<\/strong>\u00a0Clarissa Sim\u00f5es dos Santos Vaz<br \/><strong>Orienta\u00e7\u00e3o:<\/strong>\u00a0Prof\u00aa. Dr\u00aa. Rosane Rosa<br \/><strong>Defesa:\u00a0<\/strong>2012<br \/><br \/><strong>T\u00edtulo:<\/strong>\u00a0S\u00edtio do Le\u00e3ozinho: um objeto de aprendizagem para uma educa\u00e7\u00e3o interdisciplinar.<br \/><strong>Autoria:<\/strong>\u00a0Vera L\u00facia Vargas de Souza Kelling<br \/><strong>Orienta\u00e7\u00e3o:<\/strong>\u00a0Prof\u00aa. Dr\u00aa. Rosane Rosa<br \/><strong>Defesa:\u00a0<\/strong>2012<\/p><p>\u00a0<\/p>\t\t\t\t\t\t<\/div>\n\t\t\t\t<\/div>\n\t\t\t\t\t<\/div>\n\t\t<\/div>\n\t\t\t\t\t<\/div>\n\t\t<\/section>\n\t\t\t\t<section class=\"elementor-section elementor-top-section elementor-element elementor-element-4d92e2b elementor-section-boxed elementor-section-height-default elementor-section-height-default\" data-id=\"4d92e2b\" data-element_type=\"section\">\n\t\t\t\t\t\t<div class=\"elementor-container elementor-column-gap-default\">\n\t\t\t\t\t<div class=\"elementor-column elementor-col-100 elementor-top-column elementor-element elementor-element-b821c13\" data-id=\"b821c13\" data-element_type=\"column\">\n\t\t\t<div class=\"elementor-widget-wrap elementor-element-populated\">\n\t\t\t\t\t\t<div class=\"elementor-element elementor-element-8df054f elementor-widget elementor-widget-text-editor\" data-id=\"8df054f\" data-element_type=\"widget\" data-widget_type=\"text-editor.default\">\n\t\t\t\t<div class=\"elementor-widget-container\">\n\t\t\t\t\t\t\t<p style=\"text-align: center\"><strong>GRADUA\u00c7\u00c3O<br \/><\/strong>(a partir de 2012)<strong><br \/><\/strong><\/p><p><br \/><strong>T\u00edtulo:<\/strong>\u00a0Museu Comunit\u00e1rio Treze de Maio: O Ponto de Cultura Afro de Santa Maria<br \/><strong>Autoria:<\/strong>\u00a0Grazielle Fonseca<br \/><strong>Orienta\u00e7\u00e3o:<\/strong>\u00a0Prof\u00aa. Dr\u00aa. Rosane Rosa<br \/><strong>Defesa:\u00a0<\/strong>2013<br \/><br \/><strong>T\u00edtulo:<\/strong>\u00a0Edupublicidade: gest\u00e3o da comunica\u00e7\u00e3o por meio de ag\u00eancia experimental no ambiente escolar.<br \/><strong>Autoria:<\/strong>\u00a0Bruna Mussolin<br \/><strong>Orienta\u00e7\u00e3o:<\/strong>\u00a0Prof\u00aa. Dr\u00aa. Rosane Rosa<br \/><strong>Defesa:\u00a0<\/strong>2014<br \/><br \/><strong>T\u00edtulo:<\/strong>\u00a0Edupublicidade: gest\u00e3o da comunica\u00e7\u00e3o por meio de ag\u00eancia experimental no ambiente escolar.<br \/><strong>Autoria:<\/strong>\u00a0Bruna Mussolin<br \/><strong>Orienta\u00e7\u00e3o:<\/strong>\u00a0Prof\u00aa. Dr\u00aa. Rosane Rosa<br \/><strong>Defesa:\u00a0<\/strong>2014<br \/><br \/><strong>T\u00edtulo:<\/strong>\u00a0Educomunica\u00e7\u00e3o na escola: radionovela, uma experi\u00eancia com dramaturgia fant\u00e1stica<br \/><strong>Autoria:<\/strong>\u00a0Lucas Mann<br \/><strong>Orienta\u00e7\u00e3o:<\/strong>\u00a0Prof\u00aa. Dr\u00aa. Rosane Rosa<br \/><strong>Defesa:\u00a0<\/strong>2014<br \/><br \/><strong>T\u00edtulo:<\/strong>\u00a0O empoderamento comunicacional do p\u00fablico infanto-juvenil: um estudo de caso sobre a R\u00e1dio Escola Pe. Caetano<br \/><strong>Autoria:<\/strong>\u00a0Lucciane Elias<br \/><strong>Orienta\u00e7\u00e3o:<\/strong>\u00a0Prof\u00aa. Dr\u00aa. Rosane Rosa<br \/><strong>Defesa:\u00a0<\/strong>2014\u00a0(em andamento)<br \/><br \/><strong>T\u00edtulo:<\/strong>\u00a0Programa Mais Cultura nas Escolas P\u00fablicas de Santa Maria: um estudo sobre a inter e trans\/culturalidade<br \/><strong>Autoria:<\/strong>\u00a0Angela Sowa<br \/><strong>Orienta\u00e7\u00e3o:<\/strong>\u00a0Prof\u00aa. Dr\u00aa. Rosane Rosa<br \/><strong>Defesa:\u00a0<\/strong>2014 (em andamento)<\/p>\t\t\t\t\t\t<\/div>\n\t\t\t\t<\/div>\n\t\t\t\t\t<\/div>\n\t\t<\/div>\n\t\t\t\t\t<\/div>\n\t\t<\/section>\n\t\t\t\t<\/div>\n\t\t","protected":false},"excerpt":{"rendered":"<p>ESPECIALIZA\u00c7\u00c3O(a partir de 2012) T\u00edtulo:\u00a0O Programa Ensino M\u00e9dio Inovador na perspectiva da educomunica\u00e7\u00e3o: estudo de caso da Escola Estadual de Educa\u00e7\u00e3o B\u00e1sica Eduardo Lopes da RosaAutoria:\u00a0Luciane BrumOrienta\u00e7\u00e3o:\u00a0Prof\u00aa. Dr\u00aa. Rosane RosaDefesa:\u00a02014\u00a0(em andamento) T\u00edtulo:\u00a0Um estudo sobre a media\u00e7\u00e3o tecnol\u00f3gica no atendimento educacional especializado das escolas p\u00fablicas estaduais de Bag\u00e9Autoria:\u00a0Elisiane Ferreira de LimaOrienta\u00e7\u00e3o:\u00a0Prof\u00aa. Dr\u00aa. Rosane RosaDefesa: 2014 T\u00edtulo:\u00a0Media\u00e7\u00e3o [&hellip;]<\/p>\n","protected":false},"author":867,"featured_media":0,"parent":0,"menu_order":0,"comment_status":"closed","ping_status":"closed","template":"","meta":{"footnotes":""},"categories":[],"tags":[],"class_list":["post-3346","page","type-page","status-publish","hentry"],"acf":[],"_links":{"self":[{"href":"https:\/\/www.ufsm.br\/midias\/experimental\/educom\/wp-json\/wp\/v2\/pages\/3346","targetHints":{"allow":["GET"]}}],"collection":[{"href":"https:\/\/www.ufsm.br\/midias\/experimental\/educom\/wp-json\/wp\/v2\/pages"}],"about":[{"href":"https:\/\/www.ufsm.br\/midias\/experimental\/educom\/wp-json\/wp\/v2\/types\/page"}],"author":[{"embeddable":true,"href":"https:\/\/www.ufsm.br\/midias\/experimental\/educom\/wp-json\/wp\/v2\/users\/867"}],"replies":[{"embeddable":true,"href":"https:\/\/www.ufsm.br\/midias\/experimental\/educom\/wp-json\/wp\/v2\/comments?post=3346"}],"version-history":[{"count":0,"href":"https:\/\/www.ufsm.br\/midias\/experimental\/educom\/wp-json\/wp\/v2\/pages\/3346\/revisions"}],"wp:attachment":[{"href":"https:\/\/www.ufsm.br\/midias\/experimental\/educom\/wp-json\/wp\/v2\/media?parent=3346"}],"wp:term":[{"taxonomy":"category","embeddable":true,"href":"https:\/\/www.ufsm.br\/midias\/experimental\/educom\/wp-json\/wp\/v2\/categories?post=3346"},{"taxonomy":"post_tag","embeddable":true,"href":"https:\/\/www.ufsm.br\/midias\/experimental\/educom\/wp-json\/wp\/v2\/tags?post=3346"}],"curies":[{"name":"wp","href":"https:\/\/api.w.org\/{rel}","templated":true}]}}