{"id":3347,"date":"2020-02-06T10:34:52","date_gmt":"2020-02-06T13:34:52","guid":{"rendered":"https:\/\/www.ufsm.br\/midias\/experimental\/educom\/?page_id=3347"},"modified":"2020-02-06T10:37:29","modified_gmt":"2020-02-06T13:37:29","slug":"artigos","status":"publish","type":"page","link":"https:\/\/www.ufsm.br\/midias\/experimental\/educom\/artigos","title":{"rendered":"Artigos"},"content":{"rendered":"\t\t<div data-elementor-type=\"wp-page\" data-elementor-id=\"3347\" class=\"elementor elementor-3347\">\n\t\t\t\t\t\t<section class=\"elementor-section elementor-top-section elementor-element elementor-element-95b7503 elementor-section-boxed elementor-section-height-default elementor-section-height-default\" data-id=\"95b7503\" data-element_type=\"section\">\n\t\t\t\t\t\t<div class=\"elementor-container elementor-column-gap-default\">\n\t\t\t\t\t<div class=\"elementor-column elementor-col-100 elementor-top-column elementor-element elementor-element-96244ee\" data-id=\"96244ee\" data-element_type=\"column\">\n\t\t\t<div class=\"elementor-widget-wrap elementor-element-populated\">\n\t\t\t\t\t\t<div class=\"elementor-element elementor-element-73c044e elementor-widget elementor-widget-text-editor\" data-id=\"73c044e\" data-element_type=\"widget\" data-widget_type=\"text-editor.default\">\n\t\t\t\t<div class=\"elementor-widget-container\">\n\t\t\t\t\t\t\t<p style=\"text-align: center\"><strong>Publicados em peri\u00f3dicos<br \/><\/strong>(a partir de 2013)<\/p><p><strong>2014<\/strong><\/p><p>MARQUES, C. ; ROSA, R. \u00a0<a href=\"http:\/\/interin.utp.br\/index.php\/vol11\/article\/view\/297\" target=\"_blank\" rel=\"noopener\"><strong>M\u00eddia e Movimento Hip-Hop: Uma Rela\u00e7\u00e3o Pautada Por Tens\u00f5es e Conflitos.<\/strong><\/a>\u00a0Interin (UTP), v. 16, p. 1-16-16, 2014.<\/p><p><strong>2013<\/strong><\/p><p>ROSA, R. ; Munaretto, J.\u00a0<a href=\"http:\/\/www.mundodigital.unesp.br\/revista\/index.php\/comunicacaomidiatica\/article\/view\/306\" target=\"_blank\" rel=\"noopener\"><strong>O consumo do audiovisual na escola: significa\u00e7\u00f5es infantis sobre identidade e diferen\u00e7a.<\/strong><\/a>\u00a0Revista Comunica\u00e7\u00e3o Midi\u00e1tica, v. 8, p. 76-92, 2013.<\/p><p>MUNARETTO, J. ; MARQUES, C. ; MORO, C. ; ROSA, R. .\u00a0<a href=\"http:\/\/www.usp.br\/celacc\/ojs\/index.php\/extraprensa\/article\/viewArticle\/EPX12-a2\" target=\"_blank\" rel=\"noopener\"><strong>Igualdade, Alteridade e Pol\u00edticas P\u00fablicas Culturais.<\/strong>\u00a0<\/a>Extraprensa (USP), v. 1, p. 1-11, 2013.<\/p><p>LUCCAS, H. ; ROSA, R. ; FERNANDES, C.\u00a0<a href=\"http:\/\/revistaraic.files.wordpress.com\/2013\/10\/04-01-11-denis-lucas-190-a-2041.pdf\"><strong>Hist\u00f3ria em Quadrinhos na Educa\u00e7\u00e3o: reflex\u00f5es metodol\u00f3gicas.<\/strong><\/a>\u00a0Revista PANGEA, v. 4, p. 190-204, 2013.<\/p><p>MARQUES, C. ; ROSA, R.\u00a0<a href=\"http:\/\/www.insite.pro.br\/2013\/Outubro\/moda_comunicacao_reflexao.pdf\" target=\"_blank\" rel=\"noopener\"><strong>Moda e comunica\u00e7\u00e3o: uma reflex\u00e3o sobre o consumo de moda e a forma\u00e7\u00e3o de identidades das classes populares.<\/strong><\/a>\u00a0Tem\u00e1tica (Jo\u00e3o Pessoa. Online), v. IX, p. 1-14, 2013.<\/p><p><strong>2012<\/strong><\/p><p>FERREIRA, J. ; ROSA, R.\u00a0<a href=\"http:\/\/www.razonypalabra.org.mx\/N\/N79\/V79\/02_GarciaRosa_V79.pdf\" target=\"_blank\" rel=\"noopener\"><strong>A Identidade Empreendedora dos Cursos de Rela\u00e7\u00f5es P\u00fablicas da Regi\u00e3o Sul do Brasil.<\/strong><\/a>\u00a0Raz\u00f3n y Palabra, v. 79, p. 1-18, 2012.<\/p><p>MOMBELLI, Neli Fabiane ; ROSA, R.\u00a0<a href=\"http:\/\/www.razonypalabra.org.mx\/N\/N80\/M80\/14_FabianeRosa_M80.pdf\" target=\"_blank\" rel=\"noopener\"><strong>A Constru\u00e7\u00e3o de Identidades Juvenis por meio do Audiovisual: caso TV OVO.<\/strong><\/a>\u00a0Raz\u00f3n y Palabra, v. 80, p. 1-15, 2012.<\/p>\t\t\t\t\t\t<\/div>\n\t\t\t\t<\/div>\n\t\t\t\t\t<\/div>\n\t\t<\/div>\n\t\t\t\t\t<\/div>\n\t\t<\/section>\n\t\t\t\t<section class=\"elementor-section elementor-top-section elementor-element elementor-element-f48ee42 elementor-section-boxed elementor-section-height-default elementor-section-height-default\" data-id=\"f48ee42\" data-element_type=\"section\">\n\t\t\t\t\t\t<div class=\"elementor-container elementor-column-gap-default\">\n\t\t\t\t\t<div class=\"elementor-column elementor-col-100 elementor-top-column elementor-element elementor-element-e4596ec\" data-id=\"e4596ec\" data-element_type=\"column\">\n\t\t\t<div class=\"elementor-widget-wrap elementor-element-populated\">\n\t\t\t\t\t\t<div class=\"elementor-element elementor-element-ccb693b elementor-widget elementor-widget-text-editor\" data-id=\"ccb693b\" data-element_type=\"widget\" data-widget_type=\"text-editor.default\">\n\t\t\t\t<div class=\"elementor-widget-container\">\n\t\t\t\t\t\t\t<p style=\"text-align: center\"><strong>Publicados em congressos<br \/><\/strong>(a partir de 2013)<strong><br \/><\/strong><\/p><p><br \/>SOWA, A. ; ROSA, R.\u00a0<strong><a href=\"http:\/\/www.portalintercom.org.br\/anais\/sul2014\/resumos\/R40-1103-1.pdf\" target=\"_blank\" rel=\"noopener\">Programa Mais Cultura nas Escolas: desafios e possibilidades para a constru\u00e7\u00e3o de sujeitos inter\/transculturais.<\/a><\/strong>\u00a0In: Intercom Sul 29014, 2014, Palho\u00e7a. Intercom Sul, 2014.<br \/><br \/>LIMA, E. ; CORREA, H. ; DUARTE, NOELE ; ROSA, R.\u00a0<strong><a href=\"http:\/\/www.portalintercom.org.br\/anais\/sul2014\/resumos\/R40-1103-1.pdf\" target=\"_blank\" rel=\"noopener\">R\u00e1dio Fala Galera: Educomunica\u00e7\u00e3o e Cidadania na Escola.\u00a0<\/a><\/strong>In: II Encontro de Educomunica\u00e7\u00e3o da regi\u00e3o Sul &#8211; II Educom Sul, 2013, Ijui. II Educom Sul, 2013.<br \/><br \/>KELLING, V. L. V. S. ; ROSA, R.\u00a0<strong><a href=\"http:\/\/www.portalintercom.org.br\/anais\/sul2014\/resumos\/R40-1103-1.pdf\" target=\"_blank\" rel=\"noopener\">Objeto de aprendizagem para uma proposta pedag\u00f3gica interdisciplinar.\u00a0<\/a><\/strong>In: II Encontro de Educomunica\u00e7\u00e3o da regi\u00e3o Sul &#8211; II Educom Sul, 2013, Ijui. II Educom Sul, 2013.<br \/><br \/>SILVA, M.; ROSA, R. Educomunica\u00e7\u00e3o e interculturalismo: conflitos e negocia\u00e7\u00f5es em escolas de Santa Maria\/Ser Arai\/ MA. In: II Encontro de Educomunica\u00e7\u00e3o da regi\u00e3o Sul &#8211; II Educom Sul, 2013, Ijui. II Educom Sul, 2013.<br \/><br \/>SILVA, A. R. F. E. ; MUSSOLIN, B. F. D. ; ROSA, R.\u00a0<strong><a href=\"http:\/\/www.portalintercom.org.br\/anais\/sul2014\/resumos\/R40-1103-1.pdf\" target=\"_blank\" rel=\"noopener\">Radionovela nas escolas: abordagem de temas sociais.<\/a><\/strong>\u00a0In: II Encontro de Educomunica\u00e7\u00e3o da regi\u00e3o Sul &#8211; II Educom Sul, 2013, Ijui. II Educom Sul, 2013.<br \/><br \/>BARCELLOS, P. ; MARQUES, C. ; ROSA, R.\u00a0<strong><a href=\"http:\/\/www.portalintercom.org.br\/anais\/sul2014\/resumos\/R40-1103-1.pdf\" target=\"_blank\" rel=\"noopener\">Projeto Ciranda Cultural e a democratiza\u00e7\u00e3o da leitura no ambiente escolar.<\/a><\/strong>\u00a0In: II Encontro de Educomunica\u00e7\u00e3o da regi\u00e3o Sul &#8211; II Educom Sul, 2013, Ijui. II Educom Sul, 2013.<br \/><br \/>MUSSOLIN, B. F. D. ; ROSA, R.\u00a0<strong><a href=\"http:\/\/www.portalintercom.org.br\/anais\/sul2014\/resumos\/R40-1103-1.pdf\" target=\"_blank\" rel=\"noopener\">Edupublicidade: pr\u00e1ticas educomunicacionais atrav\u00e9s da publicidade.<\/a><\/strong>\u00a0In: II Encontro de Educomunica\u00e7\u00e3o da regi\u00e3o Sul &#8211; II Educom Sul, 2013, Ijui. II Educom Sul, 2013.<br \/><br \/>NASCIMENTO, M. L. ; ROSA, R.\u00a0<strong>\u00a0<a href=\"http:\/\/coral.ufsm.br\/sipecom\/2013\/wp-content\/uploads\/gravity_forms\/1-997169d8a192ed05af1de5bcf3ac7daa\/2013\/09\/artigo-voz-da-comunidade-SIPECOM.pdf\" target=\"_blank\" rel=\"noopener\">Protagonismo juvenil e a insurg\u00eancia de um discurso de dissenso: o espa\u00e7o, a voz e a vez da comunidade.<\/a><\/strong>. In: V Semin\u00e1rio Internacional de Pesquisa em Comunica\u00e7\u00e3o (SIPECOM), 2013, Santa Maria. Anais do Sipecom, 2013.<br \/><br \/>NASCIMENTO, M. L. ; ROSA, R.\u00a0<strong><a href=\"http:\/\/coral.ufsm.br\/congressodireito\/anais\/2012\/30.pdf\" target=\"_blank\" rel=\"noopener\">Cidadania comunicativa na Era Digital: o caso do jornal Voz da Comunidade.<\/a><\/strong>\u00a0In: I Congresso Internacional de Direito e Contemporaneidade, 2012, Santa Maria. Anais do I Congresso Internacional de Direito e Contemporaneidade, 2012. v. 1.<\/p>\t\t\t\t\t\t<\/div>\n\t\t\t\t<\/div>\n\t\t\t\t\t<\/div>\n\t\t<\/div>\n\t\t\t\t\t<\/div>\n\t\t<\/section>\n\t\t\t\t<\/div>\n\t\t","protected":false},"excerpt":{"rendered":"<p>Publicados em peri\u00f3dicos(a partir de 2013) 2014 MARQUES, C. ; ROSA, R. \u00a0M\u00eddia e Movimento Hip-Hop: Uma Rela\u00e7\u00e3o Pautada Por Tens\u00f5es e Conflitos.\u00a0Interin (UTP), v. 16, p. 1-16-16, 2014. 2013 ROSA, R. ; Munaretto, J.\u00a0O consumo do audiovisual na escola: significa\u00e7\u00f5es infantis sobre identidade e diferen\u00e7a.\u00a0Revista Comunica\u00e7\u00e3o Midi\u00e1tica, v. 8, p. 76-92, 2013. MUNARETTO, J. [&hellip;]<\/p>\n","protected":false},"author":867,"featured_media":0,"parent":0,"menu_order":0,"comment_status":"closed","ping_status":"closed","template":"","meta":{"footnotes":""},"categories":[],"tags":[],"class_list":["post-3347","page","type-page","status-publish","hentry"],"acf":[],"_links":{"self":[{"href":"https:\/\/www.ufsm.br\/midias\/experimental\/educom\/wp-json\/wp\/v2\/pages\/3347","targetHints":{"allow":["GET"]}}],"collection":[{"href":"https:\/\/www.ufsm.br\/midias\/experimental\/educom\/wp-json\/wp\/v2\/pages"}],"about":[{"href":"https:\/\/www.ufsm.br\/midias\/experimental\/educom\/wp-json\/wp\/v2\/types\/page"}],"author":[{"embeddable":true,"href":"https:\/\/www.ufsm.br\/midias\/experimental\/educom\/wp-json\/wp\/v2\/users\/867"}],"replies":[{"embeddable":true,"href":"https:\/\/www.ufsm.br\/midias\/experimental\/educom\/wp-json\/wp\/v2\/comments?post=3347"}],"version-history":[{"count":0,"href":"https:\/\/www.ufsm.br\/midias\/experimental\/educom\/wp-json\/wp\/v2\/pages\/3347\/revisions"}],"wp:attachment":[{"href":"https:\/\/www.ufsm.br\/midias\/experimental\/educom\/wp-json\/wp\/v2\/media?parent=3347"}],"wp:term":[{"taxonomy":"category","embeddable":true,"href":"https:\/\/www.ufsm.br\/midias\/experimental\/educom\/wp-json\/wp\/v2\/categories?post=3347"},{"taxonomy":"post_tag","embeddable":true,"href":"https:\/\/www.ufsm.br\/midias\/experimental\/educom\/wp-json\/wp\/v2\/tags?post=3347"}],"curies":[{"name":"wp","href":"https:\/\/api.w.org\/{rel}","templated":true}]}}