{"id":3368,"date":"2020-02-06T11:15:23","date_gmt":"2020-02-06T14:15:23","guid":{"rendered":"https:\/\/www.ufsm.br\/midias\/experimental\/educom\/?page_id=3368"},"modified":"2020-02-06T11:16:33","modified_gmt":"2020-02-06T14:16:33","slug":"educom-sul","status":"publish","type":"page","link":"https:\/\/www.ufsm.br\/midias\/experimental\/educom\/educom-sul","title":{"rendered":"Educom Sul"},"content":{"rendered":"\t\t<div data-elementor-type=\"wp-page\" data-elementor-id=\"3368\" class=\"elementor elementor-3368\">\n\t\t\t\t\t\t<section class=\"elementor-section elementor-top-section elementor-element elementor-element-cd687ee elementor-section-boxed elementor-section-height-default elementor-section-height-default\" data-id=\"cd687ee\" data-element_type=\"section\">\n\t\t\t\t\t\t<div class=\"elementor-container elementor-column-gap-default\">\n\t\t\t\t\t<div class=\"elementor-column elementor-col-100 elementor-top-column elementor-element elementor-element-ad7e047\" data-id=\"ad7e047\" data-element_type=\"column\">\n\t\t\t<div class=\"elementor-widget-wrap elementor-element-populated\">\n\t\t\t\t\t\t<div class=\"elementor-element elementor-element-013524c elementor-widget elementor-widget-text-editor\" data-id=\"013524c\" data-element_type=\"widget\" data-widget_type=\"text-editor.default\">\n\t\t\t\t<div class=\"elementor-widget-container\">\n\t\t\t\t\t\t\t<p>O Educom Sul tem como foco a educomunica\u00e7\u00e3o e os direitos humanos, propiciando um espa\u00e7o de debate sobre as diversas experi\u00eancias dessa \u00e1rea na Regi\u00e3o Sul, o que dever\u00e1 desencadear a\u00e7\u00f5es tamb\u00e9m posteriores em torno da cultura da paz, do resgate de valores humanos e participa\u00e7\u00e3o social que tenham como centro as crian\u00e7as, os adolescentes e os jovens. O evento \u00e9 aberto \u00e0 participa\u00e7\u00e3o de educadores, desde a educa\u00e7\u00e3o b\u00e1sica at\u00e9 o ensino superior, al\u00e9m de pesquisadores e profissionais da Educa\u00e7\u00e3o, Comunica\u00e7\u00e3o, Direito e \u00e1reas afins. Acredita-se que o di\u00e1logo a ser estabelecido fortalecer\u00e1 a postura educomunicativa e ampliar\u00e1 a reflex\u00e3o em torno dessa tem\u00e1tica nos ambientes de origem dos participantes.<\/p>\t\t\t\t\t\t<\/div>\n\t\t\t\t<\/div>\n\t\t\t\t\t<\/div>\n\t\t<\/div>\n\t\t\t\t\t<\/div>\n\t\t<\/section>\n\t\t\t\t<section class=\"elementor-section elementor-top-section elementor-element elementor-element-9ed6466 elementor-section-boxed elementor-section-height-default elementor-section-height-default\" data-id=\"9ed6466\" data-element_type=\"section\">\n\t\t\t\t\t\t<div class=\"elementor-container elementor-column-gap-default\">\n\t\t\t\t\t<div class=\"elementor-column elementor-col-100 elementor-top-column elementor-element elementor-element-2b4da76\" data-id=\"2b4da76\" data-element_type=\"column\">\n\t\t\t<div class=\"elementor-widget-wrap elementor-element-populated\">\n\t\t\t\t\t\t<div class=\"elementor-element elementor-element-3839c71 elementor-widget elementor-widget-text-editor\" data-id=\"3839c71\" data-element_type=\"widget\" data-widget_type=\"text-editor.default\">\n\t\t\t\t<div class=\"elementor-widget-container\">\n\t\t\t\t\t\t\t<p style=\"text-align: center\"><strong>OBJETIVOS<\/strong><\/p><div>&#8211; Desenvolver o conhecimento te\u00f3rico-pr\u00e1tico sobre a educomunica\u00e7\u00e3o e os direitos humanos e contribuir para a troca de experi\u00eancias e consolida\u00e7\u00e3o de projetos educomunicativos em rede na Regi\u00e3o Sul.<br \/><br \/>&#8211; Articular as pesquisas e pr\u00e1ticas educomunicacionais dos diferentes atores que contribuem para a qualifica\u00e7\u00e3o da educa\u00e7\u00e3o b\u00e1sica nos Estados do Rio Grande do Sul, Paran\u00e1 e Santa Catarina.<br \/><br \/>&#8211; Socializar e incentivar a pesquisa e a constru\u00e7\u00e3o de metodologias, estrat\u00e9gias e materiais did\u00e1ticos inovadores, visando \u00e0 melhoria das condi\u00e7\u00f5es de aprendizagem nas escolas p\u00fablicas da Regi\u00e3o Sul.<\/div><div>\u00a0<\/div>\t\t\t\t\t\t<\/div>\n\t\t\t\t<\/div>\n\t\t\t\t\t<\/div>\n\t\t<\/div>\n\t\t\t\t\t<\/div>\n\t\t<\/section>\n\t\t\t\t<section class=\"elementor-section elementor-top-section elementor-element elementor-element-21a9966 elementor-section-boxed elementor-section-height-default elementor-section-height-default\" data-id=\"21a9966\" data-element_type=\"section\">\n\t\t\t\t\t\t<div class=\"elementor-container elementor-column-gap-default\">\n\t\t\t\t\t<div class=\"elementor-column elementor-col-100 elementor-top-column elementor-element elementor-element-ce3b43a\" data-id=\"ce3b43a\" data-element_type=\"column\">\n\t\t\t<div class=\"elementor-widget-wrap elementor-element-populated\">\n\t\t\t\t\t\t<div class=\"elementor-element elementor-element-120527f elementor-widget elementor-widget-text-editor\" data-id=\"120527f\" data-element_type=\"widget\" data-widget_type=\"text-editor.default\">\n\t\t\t\t<div class=\"elementor-widget-container\">\n\t\t\t\t\t\t\t<p style=\"text-align: center\"><strong>Edi\u00e7\u00f5es anteriores<br \/><\/strong><\/p><div>I Educom Sul &#8211; Desafios e perspectivas<\/div><div><a href=\"http:\/\/educomsul.wordpress.com\/category\/educom-sul-2013\/\" target=\"_blank\" rel=\"noopener\">II Educom Sul &#8211; Educomunica\u00e7\u00e3o e Direitos Humanos<\/a><\/div>\t\t\t\t\t\t<\/div>\n\t\t\t\t<\/div>\n\t\t\t\t\t<\/div>\n\t\t<\/div>\n\t\t\t\t\t<\/div>\n\t\t<\/section>\n\t\t\t\t<\/div>\n\t\t","protected":false},"excerpt":{"rendered":"<p>O Educom Sul tem como foco a educomunica\u00e7\u00e3o e os direitos humanos, propiciando um espa\u00e7o de debate sobre as diversas experi\u00eancias dessa \u00e1rea na Regi\u00e3o Sul, o que dever\u00e1 desencadear a\u00e7\u00f5es tamb\u00e9m posteriores em torno da cultura da paz, do resgate de valores humanos e participa\u00e7\u00e3o social que tenham como centro as crian\u00e7as, os adolescentes [&hellip;]<\/p>\n","protected":false},"author":867,"featured_media":0,"parent":0,"menu_order":0,"comment_status":"closed","ping_status":"closed","template":"","meta":{"footnotes":""},"categories":[],"tags":[],"class_list":["post-3368","page","type-page","status-publish","hentry"],"acf":[],"_links":{"self":[{"href":"https:\/\/www.ufsm.br\/midias\/experimental\/educom\/wp-json\/wp\/v2\/pages\/3368","targetHints":{"allow":["GET"]}}],"collection":[{"href":"https:\/\/www.ufsm.br\/midias\/experimental\/educom\/wp-json\/wp\/v2\/pages"}],"about":[{"href":"https:\/\/www.ufsm.br\/midias\/experimental\/educom\/wp-json\/wp\/v2\/types\/page"}],"author":[{"embeddable":true,"href":"https:\/\/www.ufsm.br\/midias\/experimental\/educom\/wp-json\/wp\/v2\/users\/867"}],"replies":[{"embeddable":true,"href":"https:\/\/www.ufsm.br\/midias\/experimental\/educom\/wp-json\/wp\/v2\/comments?post=3368"}],"version-history":[{"count":0,"href":"https:\/\/www.ufsm.br\/midias\/experimental\/educom\/wp-json\/wp\/v2\/pages\/3368\/revisions"}],"wp:attachment":[{"href":"https:\/\/www.ufsm.br\/midias\/experimental\/educom\/wp-json\/wp\/v2\/media?parent=3368"}],"wp:term":[{"taxonomy":"category","embeddable":true,"href":"https:\/\/www.ufsm.br\/midias\/experimental\/educom\/wp-json\/wp\/v2\/categories?post=3368"},{"taxonomy":"post_tag","embeddable":true,"href":"https:\/\/www.ufsm.br\/midias\/experimental\/educom\/wp-json\/wp\/v2\/tags?post=3368"}],"curies":[{"name":"wp","href":"https:\/\/api.w.org\/{rel}","templated":true}]}}