{"id":7,"date":"2010-10-03T14:38:09","date_gmt":"2010-10-03T17:38:09","guid":{"rendered":"http:\/\/w3.ufsm.br\/revistatxt\/?page_id=7"},"modified":"2026-03-25T18:16:03","modified_gmt":"2026-03-25T21:16:03","slug":"equipe","status":"publish","type":"page","link":"https:\/\/www.ufsm.br\/midias\/experimental\/revistatxt\/equipe","title":{"rendered":"Equipe de reda\u00e7\u00e3o"},"content":{"rendered":"\t\t<div data-elementor-type=\"wp-page\" data-elementor-id=\"7\" class=\"elementor elementor-7\">\n\t\t\t\t\t\t<section class=\"elementor-section elementor-top-section elementor-element elementor-element-767cdbd elementor-section-boxed elementor-section-height-default elementor-section-height-default\" data-id=\"767cdbd\" data-element_type=\"section\">\n\t\t\t\t\t\t<div class=\"elementor-container elementor-column-gap-default\">\n\t\t\t\t\t<div class=\"elementor-column elementor-col-100 elementor-top-column elementor-element elementor-element-91bf89b\" data-id=\"91bf89b\" data-element_type=\"column\">\n\t\t\t<div class=\"elementor-widget-wrap elementor-element-populated\">\n\t\t\t\t\t\t<div class=\"elementor-element elementor-element-8cd916c elementor-widget elementor-widget-text-editor\" data-id=\"8cd916c\" data-element_type=\"widget\" data-widget_type=\"text-editor.default\">\n\t\t\t\t<div class=\"elementor-widget-container\">\n\t\t\t\t\t\t\t<h2><span style=\"font-size: 18pt\">Revista .TXT N.\u00ba 30<\/span><\/h2>\n<h2>Equipe de reda\u00e7\u00e3o<\/h2>\n<div><b>Edi\u00e7\u00e3o:<\/b><b><br \/><\/b><\/div>\n<p>Viviane Borelli<\/p>\n<p><b>Editores de produ\u00e7\u00e3o:<\/b><\/p>\n<p><span style=\"font-size: 12pt\">Amanda Borin Cabral e Ellen Schwade<\/span><\/p>\n<div><span style=\"font-size: 12pt\"><b>Rep\u00f3rteres:<\/b><\/span><\/div>\n<div>\u00a0Amanda Borin Cabral, Camille Silveira de Moraes, Clara Antonelo Basso, Ellen Schwade, Emilly Vargas Wacht, Fabiola Nicoletti, Felipe Trost Vasconcelos,\u00a0<span style=\"background-color: transparent;color: #000000;font-family: Arial, sans-serif;font-size: 11pt\">Ja\u00edne Kraetzig Cristofari, <\/span><span style=\"color: #000000;font-size: 1rem\">Jo\u00e3o Pedro Amaral, Jo\u00e3o Victor Barbat,\u00a0<\/span><span style=\"background-color: transparent;color: #000000;font-family: Arial, sans-serif;font-size: 11pt\">Joice Figueiredo Scherer, <\/span><span style=\"color: #000000;font-size: 1rem\">J\u00falia Zucchetto,\u00a0<\/span><span style=\"background-color: transparent;color: #000000;font-family: Arial, sans-serif;font-size: 11pt\">Kethelyn Rodrigues, Lav\u00ednia Freitas Coradini, Luana Borgmann, <\/span><span style=\"background-color: transparent;color: #000000;font-family: Arial, sans-serif;font-size: 11pt\">Luana Pereira, <\/span><span style=\"background-color: transparent;color: #000000;font-family: Arial, sans-serif;font-size: 11pt\">Maria Eduarda Camargo,<\/span><span style=\"font-family: Arial, sans-serif;color: #000000;font-size: 11pt;background-color: transparent\"> Matheus Bernardes, Matheus Lanzarin, <\/span><span style=\"font-family: Arial, sans-serif;color: #000000;font-size: 11pt;background-color: transparent\">Mathias Ilnicki Dalla Corte, <\/span><span style=\"background-color: transparent;color: #000000;font-family: Arial, sans-serif;font-size: 11pt\">Myreya de Oliveira Antunes, <\/span><span style=\"font-family: Arial, sans-serif;color: #000000;font-size: 11pt;background-color: transparent;text-align: justify\">Pedro Felipe de Almeida Toledo, <\/span><span style=\"font-family: Arial, sans-serif;color: #000000;font-size: 11pt;background-color: transparent;font-weight: bold;vertical-align: baseline\">\u00a0<\/span><span style=\"font-family: Arial, sans-serif;color: #000000;font-size: 11pt;background-color: transparent;vertical-align: baseline\">Pedro Marion Gon\u00e7alves, <\/span><span style=\"font-family: Arial, sans-serif;color: #000000;font-size: 11pt;background-color: transparent\">Ra\u00edssa\u00a0 Dietrich Teixeira, <\/span><span style=\"font-family: Arial, sans-serif;color: #000000;font-size: 11pt;background-color: transparent;vertical-align: baseline\">Renan <\/span><span style=\"font-family: Roboto, sans-serif;color: #000000;font-size: 10.5pt;background-color: transparent;vertical-align: baseline\">Garces de Oliveira, <\/span><span style=\"background-color: transparent;color: #000000;font-family: Arial, sans-serif;font-size: 11pt\">Tain\u00e1 De Carli Nascimento e Thomas Machado de Souza<\/span><\/div>\n<div>\u00a0<\/div>\n<div><span style=\"font-size: 12pt\"><b>Projeto Gr\u00e1fico:<\/b><\/span><\/div>\n<div>\u00a0Andreina Possn e Nathalia Esp\u00edndola<\/div>\n<div>\u00a0<\/div>\n<p><b>Doc\u00eancia Orientada:<\/b><\/p>\n<p><span style=\"font-size: 12pt\">Natalie Pereira Soares<\/span><\/p>\n<div><span style=\"background-color: transparent;color: #000000;font-family: Arial, sans-serif;font-size: 11pt;text-align: justify\"><span style=\"font-family: georgia, palatino, serif\"><b>Monitoria:<\/b><\/span><\/span><br \/><span style=\"background-color: transparent;color: #000000;font-family: Arial, sans-serif;font-size: 11pt;text-align: justify\"><span style=\"font-family: georgia, palatino, serif\"><b><br \/><\/b><\/span><\/span><\/div>\n<div><span style=\"color: #000000;font-size: 1rem\">Daniele Gabriel<\/span><\/div>\n<div>\u00a0<\/div>\n<div>\u00a0<span style=\"color: #000000;font-size: 16px;font-weight: bold\">Supervis\u00e3o de Diagrama\u00e7\u00e3o<\/span><span style=\"color: #000000;font-size: 16px\">:<\/span><\/div>\n<div>Rafael M. Bald<\/div>\n<div>\u00a0<\/div>\n<div>\u00a0<b>Diagrama\u00e7\u00e3o Final:<\/b><\/div>\n<div><b>\u00a0<\/b><\/div>\n<div>Pedro Marion Gon\u00e7alves e Emilly Vargas Wacht<\/div>\n<div>\u00a0<\/div>\n<p><b>Revis\u00e3o:<\/b><\/p>\n<p dir=\"ltr\" style=\"line-height: 1.38;text-align: justify;margin-top: 0pt;margin-bottom: 0pt\"><span style=\"font-size: 11pt;font-family: Arial,sans-serif;color: #000000;background-color: transparent;font-weight: 400;font-style: normal;font-variant: normal;text-decoration: none;vertical-align: baseline;white-space: pre-wrap\">Jo\u00e3o Pedro Amaral de Lima Oliveira, Tain\u00e1 De Carli Nascimento, Camille Silveira de Moraes, Kethelyn Rodrigues e J\u00falia Zucchetto<\/span><\/p>\n<p dir=\"ltr\" style=\"line-height: 1.38;text-align: justify;margin-top: 0pt;margin-bottom: 0pt\"><span style=\"font-size: 11pt;font-family: Arial,sans-serif;color: #000000;background-color: transparent;font-weight: 400;font-style: normal;font-variant: normal;text-decoration: none;vertical-align: baseline;white-space: pre-wrap\">\u00a0<\/span><\/p>\n<p dir=\"ltr\" style=\"line-height: 1.38;text-align: justify;margin-top: 0pt;margin-bottom: 0pt\"><span style=\"font-size: 11pt;font-family: Arial, sans-serif;color: #000000;background-color: transparent;font-style: normal;font-variant: normal;text-decoration: none;vertical-align: baseline;white-space: pre-wrap\"><b>Fotografia:<\/b><\/span><\/p>\n<p dir=\"ltr\" style=\"line-height: 1.38;text-align: justify;margin-top: 0pt;margin-bottom: 0pt\"><span style=\"font-size: 11pt;font-family: Arial, sans-serif;color: #000000;background-color: transparent;font-style: normal;font-variant: normal;text-decoration: none;vertical-align: baseline;white-space: pre-wrap\"><b>\u00a0<\/b><\/span><\/p>\n<p dir=\"ltr\" style=\"line-height: 1.38;text-align: justify;margin-top: 0pt;margin-bottom: 0pt\"><span style=\"font-size: 11pt;font-family: Arial,sans-serif;color: #000000;background-color: transparent;font-weight: 400;font-style: normal;font-variant: normal;text-decoration: none;vertical-align: baseline;white-space: pre-wrap\">Mathias Ilnicki Dalla Corte, Luana Pereira e Matheus Lanzarin e Lavinia Freitas Coradini<\/span><\/p>\n<p dir=\"ltr\" style=\"line-height: 1.38;text-align: justify;margin-top: 0pt;margin-bottom: 0pt\"><span style=\"font-size: 11pt;font-family: Arial,sans-serif;color: #000000;background-color: transparent;font-weight: 400;font-style: normal;font-variant: normal;text-decoration: none;vertical-align: baseline;white-space: pre-wrap\">\u00a0<\/span><\/p>\n<p dir=\"ltr\" style=\"line-height: 1.38;text-align: justify;margin-top: 0pt;margin-bottom: 0pt\"><span style=\"font-size: 11pt;font-family: Arial, sans-serif;color: #000000;background-color: transparent;font-style: normal;font-variant: normal;text-decoration: none;vertical-align: baseline;white-space: pre-wrap\"><b>Tratamento de Imagem:<\/b><\/span><\/p>\n<p dir=\"ltr\" style=\"line-height: 1.38;text-align: justify;margin-top: 0pt;margin-bottom: 0pt\"><span style=\"font-size: 11pt;font-family: Arial, sans-serif;color: #000000;background-color: transparent;font-style: normal;font-variant: normal;text-decoration: none;vertical-align: baseline;white-space: pre-wrap\"><b>\u00a0<\/b><\/span><\/p>\n<p dir=\"ltr\" style=\"line-height: 1.38;text-align: justify;margin-top: 0pt;margin-bottom: 0pt\"><span style=\"font-size: 11pt;font-family: Arial,sans-serif;color: #000000;background-color: transparent;font-weight: 400;font-style: normal;font-variant: normal;text-decoration: none;vertical-align: baseline;white-space: pre-wrap\">Felipe Trost Vasconcelos<\/span><\/p>\n<p dir=\"ltr\" style=\"line-height: 1.38;text-align: justify;margin-top: 0pt;margin-bottom: 0pt\"><span style=\"font-size: 11pt;font-family: Arial,sans-serif;color: #000000;background-color: transparent;font-weight: 400;font-style: normal;font-variant: normal;text-decoration: none;vertical-align: baseline;white-space: pre-wrap\">\u00a0<\/span><\/p>\n<p dir=\"ltr\" style=\"line-height: 1.38;text-align: justify;margin-top: 0pt;margin-bottom: 0pt\"><span style=\"font-size: 11pt;font-family: Arial, sans-serif;color: #000000;background-color: transparent;font-style: normal;font-variant: normal;text-decoration: none;vertical-align: baseline;white-space: pre-wrap\"><b>Divulga\u00e7\u00e3o:<\/b><\/span><\/p>\n<p dir=\"ltr\" style=\"line-height: 1.38;text-align: justify;margin-top: 0pt;margin-bottom: 0pt\"><span style=\"font-size: 11pt;font-family: Arial, sans-serif;color: #000000;background-color: transparent;font-style: normal;font-variant: normal;text-decoration: none;vertical-align: baseline;white-space: pre-wrap\"><b>\u00a0<\/b><\/span><\/p>\n<p dir=\"ltr\" style=\"line-height: 1.38;text-align: justify;margin-top: 0pt;margin-bottom: 0pt\">Jo\u00e3o Victor Barbat Barros, <span style=\"background-color: transparent;color: #000000;font-family: Arial, sans-serif;font-size: 11pt\">Clara Antonelo Basso e Ja\u00edne Kraetzig Cristofari<\/span><\/p>\n<p dir=\"ltr\" style=\"line-height: 1.38;text-align: justify;margin-top: 0pt;margin-bottom: 0pt\">\u00a0<\/p>\n<p dir=\"ltr\" style=\"line-height: 1.38;text-align: justify;margin-top: 0pt;margin-bottom: 0pt\"><b>Arte de Redes Sociais:<\/b><\/p>\n<p dir=\"ltr\" style=\"line-height: 1.38;text-align: justify;margin-top: 0pt;margin-bottom: 0pt\"><b>\u00a0<\/b><\/p>\n<p dir=\"ltr\" style=\"line-height: 1.38;text-align: justify;margin-top: 0pt;margin-bottom: 0pt\"><span style=\"font-size: 11pt;font-family: Arial,sans-serif;color: #000000;background-color: transparent;font-weight: 400;font-style: normal;font-variant: normal;text-decoration: none;vertical-align: baseline;white-space: pre-wrap\">Luana Borgmann, Matheus Bernardes e Pedro Felipe de Almeida Toledo<\/span><\/p>\n<p dir=\"ltr\" style=\"line-height: 1.38;text-align: justify;margin-top: 0pt;margin-bottom: 0pt\"><span style=\"font-size: 11pt;font-family: Arial,sans-serif;color: #000000;background-color: transparent;font-weight: 400;font-style: normal;font-variant: normal;text-decoration: none;vertical-align: baseline;white-space: pre-wrap\">\u00a0<\/span><\/p>\n<p dir=\"ltr\" style=\"line-height: 1.38;text-align: justify;margin-top: 0pt;margin-bottom: 0pt\"><span style=\"font-size: 11pt;font-family: Arial, sans-serif;color: #000000;background-color: transparent;font-style: normal;font-variant: normal;text-decoration: none;vertical-align: baseline;white-space: pre-wrap\"><b>Edi\u00e7\u00e3o on-line:<\/b><\/span><\/p>\n<p dir=\"ltr\" style=\"line-height: 1.38;text-align: justify;margin-top: 0pt;margin-bottom: 0pt\"><span style=\"font-size: 11pt;font-family: Arial, sans-serif;color: #000000;background-color: transparent;font-style: normal;font-variant: normal;text-decoration: none;vertical-align: baseline;white-space: pre-wrap\"><b>\u00a0<\/b><\/span><\/p>\n<p dir=\"ltr\" style=\"line-height: 1.38;text-align: justify;margin-top: 0pt;margin-bottom: 0pt\"><span style=\"font-size: 11pt;font-family: Arial, sans-serif;color: #000000;background-color: transparent;font-style: normal;font-variant: normal;text-decoration: none;vertical-align: baseline;white-space: pre-wrap\">Maria Eduarda Camargo, Myreya de Oliveira Antunes e Thomas Machado<\/span><\/p>\n<p dir=\"ltr\" style=\"line-height: 1.38;text-align: justify;margin-top: 0pt;margin-bottom: 0pt\"><span style=\"font-size: 11pt;font-family: Arial, sans-serif;color: #000000;background-color: transparent;font-style: normal;font-variant: normal;text-decoration: none;vertical-align: baseline;white-space: pre-wrap\">\u00a0<\/span><\/p>\n<p dir=\"ltr\" style=\"line-height: 1.38;text-align: justify;margin-top: 0pt;margin-bottom: 0pt\"><b>Descri\u00e7\u00e3o de Imagem:<\/b><\/p>\n<p dir=\"ltr\" style=\"line-height: 1.38;text-align: justify;margin-top: 0pt;margin-bottom: 0pt\"><b>\u00a0<\/b><\/p>\n<p dir=\"ltr\" style=\"line-height: 1.38;text-align: justify;margin-top: 0pt;margin-bottom: 0pt\"><span style=\"font-size: 11pt;font-family: Arial,sans-serif;color: #000000;background-color: transparent;font-weight: 400;font-style: normal;font-variant: normal;text-decoration: none;vertical-align: baseline;white-space: pre-wrap\">Fabiola Nicoletti e Joice Figueiredo Scherer (roteiro); Daniele Gabriel (supervis\u00e3o)<\/span><\/p>\n<p dir=\"ltr\" style=\"line-height: 1.38;text-align: justify;margin-top: 0pt;margin-bottom: 0pt\"><span style=\"font-size: 11pt;font-family: Arial,sans-serif;color: #000000;background-color: transparent;font-weight: 400;font-style: normal;font-variant: normal;text-decoration: none;vertical-align: baseline;white-space: pre-wrap\">\u00a0<\/span><\/p>\n<p dir=\"ltr\" style=\"line-height: 1.38;text-align: justify;margin-top: 0pt;margin-bottom: 0pt\"><span style=\"font-size: 11pt;font-family: Arial, sans-serif;color: #000000;background-color: transparent;font-style: normal;font-variant: normal;text-decoration: none;vertical-align: baseline;white-space: pre-wrap\"><b>Fotografia de Capa:<\/b><\/span><\/p>\n<p dir=\"ltr\" style=\"line-height: 1.38;text-align: justify;margin-top: 0pt;margin-bottom: 0pt\"><span style=\"font-size: 11pt;font-family: Arial, sans-serif;color: #000000;background-color: transparent;font-style: normal;font-variant: normal;text-decoration: none;vertical-align: baseline;white-space: pre-wrap\"><b>\u00a0<\/b><\/span><\/p>\n<p dir=\"ltr\" style=\"line-height: 1.38;text-align: justify;margin-top: 0pt;margin-bottom: 0pt\"><span style=\"font-size: 11pt;font-family: Arial, sans-serif;color: #000000;background-color: transparent;font-style: normal;font-variant: normal;text-decoration: none;vertical-align: baseline;white-space: pre-wrap\"><span style=\"font-size: 11pt;font-family: Arial, sans-serif;color: #000000;background-color: transparent;vertical-align: baseline\">Mathias Ilnicki Dalla Corte<\/span><b><\/b><\/span><\/p>\n<p dir=\"ltr\" style=\"line-height: 1.38;text-align: justify;margin-top: 0pt;margin-bottom: 0pt\"><span style=\"font-size: 11pt;font-family: Arial, sans-serif;color: #000000;background-color: transparent;font-style: normal;font-variant: normal;text-decoration: none;vertical-align: baseline;white-space: pre-wrap\"><span style=\"font-size: 11pt;font-family: Arial, sans-serif;color: #000000;background-color: transparent;vertical-align: baseline\">\u00a0<\/span><\/span><\/p>\n<p dir=\"ltr\" style=\"line-height: 1.38;text-align: justify;margin-top: 0pt;margin-bottom: 0pt\"><span style=\"font-size: 11pt;font-family: Arial, sans-serif;color: #000000;background-color: transparent;font-style: normal;font-variant: normal;text-decoration: none;vertical-align: baseline;white-space: pre-wrap\"><span style=\"font-size: 11pt;font-family: Arial, sans-serif;color: #000000;background-color: transparent;vertical-align: baseline\"><b>Arte de Capa:<\/b><\/span><\/span><\/p>\n<p dir=\"ltr\" style=\"line-height: 1.38;text-align: justify;margin-top: 0pt;margin-bottom: 0pt\"><span style=\"font-size: 11pt;font-family: Arial, sans-serif;color: #000000;background-color: transparent;font-style: normal;font-variant: normal;text-decoration: none;vertical-align: baseline;white-space: pre-wrap\"><span style=\"font-size: 11pt;font-family: Arial, sans-serif;color: #000000;background-color: transparent;vertical-align: baseline\"><b>\u00a0<\/b><\/span><\/span><\/p>\n<p dir=\"ltr\" style=\"line-height: 1.38;text-align: justify;margin-top: 0pt;margin-bottom: 0pt\"><span style=\"font-size: 11pt;font-family: Arial, sans-serif;color: #000000;background-color: transparent;font-style: normal;font-variant: normal;text-decoration: none;vertical-align: baseline;white-space: pre-wrap\"><span style=\"font-size: 11pt;font-family: Arial, sans-serif;color: #000000;background-color: transparent;vertical-align: baseline\">Pedro Pagnossin<\/span><\/span><\/p>\n<p dir=\"ltr\" style=\"line-height: 1.38;text-align: justify;margin-top: 0pt;margin-bottom: 0pt\"><b>\u00a0<\/b><\/p>\n<p dir=\"ltr\" style=\"line-height: 1.38;text-align: justify;margin-top: 0pt;margin-bottom: 0pt\"><b>Professora Respons\u00e1vel:<\/b><\/p>\n<p dir=\"ltr\" style=\"line-height: 1.38;text-align: justify;margin-top: 0pt;margin-bottom: 0pt\"><b>\u00a0<\/b><\/p>\n<p dir=\"ltr\" style=\"line-height: 1.38;text-align: justify;margin-top: 0pt;margin-bottom: 0pt\">Viviane Borelli<\/p>\n<p>\u00a0<\/p>\t\t\t\t\t\t<\/div>\n\t\t\t\t<\/div>\n\t\t\t\t\t<\/div>\n\t\t<\/div>\n\t\t\t\t\t<\/div>\n\t\t<\/section>\n\t\t\t\t<section class=\"elementor-section elementor-top-section elementor-element elementor-element-a42bff0 elementor-section-boxed elementor-section-height-default elementor-section-height-default\" data-id=\"a42bff0\" data-element_type=\"section\">\n\t\t\t\t\t\t<div class=\"elementor-container elementor-column-gap-default\">\n\t\t\t\t\t<div class=\"elementor-column elementor-col-100 elementor-top-column elementor-element elementor-element-eb6c480\" data-id=\"eb6c480\" data-element_type=\"column\">\n\t\t\t<div class=\"elementor-widget-wrap elementor-element-populated\">\n\t\t\t\t\t\t<div class=\"elementor-element elementor-element-3d70c85 elementor-widget elementor-widget-text-editor\" data-id=\"3d70c85\" data-element_type=\"widget\" data-widget_type=\"text-editor.default\">\n\t\t\t\t<div class=\"elementor-widget-container\">\n\t\t\t\t\t\t\t<h2><span style=\"font-size: 18pt\">Revista .TXT N.\u00ba 29<\/span><\/h2>\n<h2><span style=\"color: #000000;font-size: 2rem\">Equipe de reda\u00e7\u00e3o<\/span><\/h2>\n<div style=\"color: #000000;font-size: 16px\"><span style=\"font-weight: bolder\">Edi\u00e7\u00e3o:<\/span><span style=\"font-weight: bolder\"><br><\/span><\/div>\n<p style=\"color: #000000;font-size: 16px\">Viviane Borelli<\/p>\n<p style=\"color: #000000;font-size: 16px\"><span style=\"font-weight: bolder\">Editores de produ\u00e7\u00e3o:<\/span><\/p>\n<p style=\"color: #000000;font-size: 16px\">Jo\u00e3o Victor Souza e Alexandre La Bella<\/p>\n<p style=\"color: #000000;font-size: 16px\"><span style=\"font-weight: bolder\">Rep\u00f3rteres:<\/span><\/p>\n<p style=\"color: #000000;font-size: 16px\"><span style=\"font-size: 16px\">Ana Bacovis, Andrya Lima, Alexandre La Bella, Camila Castilho, Daniele Lopes, Eliandro Martins, Francine Castro, Gabriele Mendes, Giovana Chaves, Isadora Bortolotto, Jessica Mocellin, Jo\u00e3o Veigas, Jo\u00e3o Victor Souza, Luisa Soccal, Maria Luisa Amaral, Marina Brignol, Marina dos Santos, Nadine Guarize, Prisley Zuse, Rodrigo Aar\u00e3o e Tayline Alves.<\/span><\/p>\n<div style=\"color: #000000;font-size: 16px\"><span style=\"font-size: 12pt\"><span style=\"font-weight: bolder\">Projeto Gr\u00e1fico:<\/span><\/span><\/div>\n<div style=\"color: #000000;font-size: 16px\">Andreina Possan e Nathalia Esp\u00edndola<br><br><\/div>\n<p style=\"color: #000000;font-size: 16px\"><span style=\"font-weight: bolder\">Doc\u00eancia Orientada:<\/span><\/p>\n<p style=\"color: #000000;font-size: 16px\"><span style=\"font-size: 16px\">Samara Wobeto<\/span><\/p>\n<p style=\"color: #000000;font-size: 16px\"><span style=\"font-weight: bolder;background-color: transparent;text-align: justify\">Monitoria:<\/span><\/p>\n<p style=\"color: #000000;font-size: 16px\"><span style=\"font-size: 16px;text-align: justify\">Pedro Pereira&nbsp;<\/span><\/p>\n<div style=\"color: #000000;font-size: 16px\"><span style=\"color: #000000;font-size: 16px;font-weight: bold\">Supervis\u00e3o de Diagrama\u00e7\u00e3o<\/span><span style=\"color: #000000;font-size: 16px\">:<\/span><\/div>\n<div style=\"color: #000000;font-size: 16px\"><br><\/div>\n<div style=\"color: #000000;font-size: 16px\">Rafael M. Bald<br><span style=\"font-size: 16px\">&nbsp;<\/span><\/div>\n<div style=\"color: #000000;font-size: 16px\"><span style=\"font-weight: bolder\">Diagrama\u00e7\u00e3o Final:<\/span><\/div>\n<div style=\"color: #000000;font-size: 16px\"><span style=\"font-weight: bolder\">&nbsp;<\/span><br>Prisley Zuse e Daniele Lopes<\/div>\n<div style=\"color: #000000;font-size: 16px\"><span style=\"font-size: 16px\">&nbsp;<\/span><br><span style=\"font-weight: bolder\">Revis\u00e3o:<\/span><\/div>\n<p style=\"color: #000000;font-size: 16px\"><span style=\"background-color: transparent;font-family: Arial, sans-serif;font-size: 11pt;text-align: justify\">Marina Brignol, Rodrigo Aar\u00e3o, Tayline Alves e Camila Castilho&nbsp;<\/span><\/p>\n<p dir=\"ltr\" style=\"margin-bottom: 0pt;margin-top: 0pt;color: #000000;font-size: 16px;line-height: 1.38;text-align: justify\"><span style=\"font-family: Arial, sans-serif;color: #000000;font-size: 11pt;background-color: transparent;vertical-align: baseline\"><span style=\"font-weight: bolder\">Fotografia:<\/span><\/span><\/p>\n<p dir=\"ltr\" style=\"margin-bottom: 0pt;margin-top: 0pt;color: #000000;font-size: 16px;line-height: 1.38;text-align: justify\"><span style=\"font-family: Arial, sans-serif;color: #000000;font-size: 11pt;background-color: transparent;vertical-align: baseline\"><span style=\"font-weight: bolder\"><br><\/span><\/span><\/p>\n<p dir=\"ltr\" style=\"margin-bottom: 0pt;margin-top: 0pt;color: #000000;font-size: 16px;line-height: 1.38;text-align: justify\"><span style=\"font-family: Arial, sans-serif;color: #000000;font-size: 11pt;background-color: transparent;vertical-align: baseline\">Francine Castro, Jessica Mocellin, Giovana Chaves e Jo\u00e3o Agripino<\/span><span style=\"background-color: transparent;font-family: Arial, sans-serif;font-size: 11pt\">&nbsp;<\/span><\/p>\n<p dir=\"ltr\" style=\"margin-bottom: 0pt;margin-top: 0pt;color: #000000;font-size: 16px;line-height: 1.38;text-align: justify\"><span style=\"background-color: transparent;font-family: Arial, sans-serif;font-size: 11pt\"><br><\/span><\/p>\n<p dir=\"ltr\" style=\"margin-bottom: 0pt;margin-top: 0pt;color: #000000;font-size: 16px;line-height: 1.38;text-align: justify\"><span style=\"font-family: Arial, sans-serif;color: #000000;font-size: 11pt;background-color: transparent;vertical-align: baseline\"><span style=\"font-weight: bolder\">Tratamento de Imagem:<\/span><\/span><\/p>\n<p dir=\"ltr\" style=\"margin-bottom: 0pt;margin-top: 0pt;color: #000000;font-size: 16px;line-height: 1.38;text-align: justify\"><span style=\"font-family: Arial, sans-serif;color: #000000;font-size: 11pt;background-color: transparent;vertical-align: baseline\"><span style=\"font-weight: bolder\">&nbsp;<\/span><\/span><\/p>\n<p dir=\"ltr\" style=\"margin-bottom: 0pt;margin-top: 0pt;color: #000000;font-size: 16px;line-height: 1.38;text-align: justify\"><span style=\"font-family: Arial, sans-serif;color: #000000;font-size: 11pt;background-color: transparent;vertical-align: baseline\">Maria Luisa Amaral e Eliandro Martins<\/span><\/p>\n<p dir=\"ltr\" style=\"margin-bottom: 0pt;margin-top: 0pt;color: #000000;font-size: 16px;line-height: 1.38;text-align: justify\"><span style=\"background-color: transparent;font-family: Arial, sans-serif;font-size: 11pt\">&nbsp;<\/span><\/p>\n<p dir=\"ltr\" style=\"margin-bottom: 0pt;margin-top: 0pt;color: #000000;font-size: 16px;line-height: 1.38;text-align: justify\"><span style=\"font-family: Arial, sans-serif;color: #000000;font-size: 11pt;background-color: transparent;vertical-align: baseline\"><span style=\"font-weight: bolder\">Divulga\u00e7\u00e3o:<\/span><\/span><\/p>\n<p dir=\"ltr\" style=\"margin-bottom: 0pt;margin-top: 0pt;color: #000000;font-size: 16px;line-height: 1.38;text-align: justify\"><span style=\"font-family: Arial, sans-serif;color: #000000;font-size: 11pt;background-color: transparent;vertical-align: baseline\"><span style=\"font-weight: bolder\">&nbsp;<\/span><\/span><\/p>\n<p dir=\"ltr\" style=\"margin-bottom: 0pt;margin-top: 0pt;color: #000000;font-size: 16px;line-height: 1.38;text-align: justify\"><span>Nadine Guarize, Luisa Soccal e Isadora Bortolotto<\/span><\/p>\n<p dir=\"ltr\" style=\"margin-bottom: 0pt;margin-top: 0pt;color: #000000;font-size: 16px;line-height: 1.38;text-align: justify\"><span><br><\/span><\/p>\n<p dir=\"ltr\" style=\"margin-bottom: 0pt;margin-top: 0pt;color: #000000;font-size: 16px;line-height: 1.38;text-align: justify\"><span style=\"font-weight: bolder\">Arte de Redes Sociais:<\/span><\/p>\n<p dir=\"ltr\" style=\"margin-bottom: 0pt;margin-top: 0pt;color: #000000;font-size: 16px;line-height: 1.38;text-align: justify\"><span style=\"font-weight: bolder\">&nbsp;<\/span><\/p>\n<p dir=\"ltr\" style=\"margin-bottom: 0pt;margin-top: 0pt;color: #000000;font-size: 16px;line-height: 1.38;text-align: justify\"><span style=\"background-color: transparent;font-family: Arial, sans-serif;font-size: 11pt\">Ana Bacovis, Isadora Bortolotto e Gabriele Mendes<\/span><\/p>\n<p dir=\"ltr\" style=\"margin-bottom: 0pt;margin-top: 0pt;color: #000000;font-size: 16px;line-height: 1.38;text-align: justify\"><span style=\"background-color: transparent;font-family: Arial, sans-serif;font-size: 11pt\">&nbsp;<\/span><\/p>\n<p dir=\"ltr\" style=\"margin-bottom: 0pt;margin-top: 0pt;color: #000000;font-size: 16px;line-height: 1.38;text-align: justify\"><span style=\"font-family: Arial, sans-serif;color: #000000;font-size: 11pt;background-color: transparent;vertical-align: baseline\"><span style=\"font-weight: bolder\">Edi\u00e7\u00e3o on-line:<\/span><\/span><\/p>\n<p dir=\"ltr\" style=\"margin-bottom: 0pt;margin-top: 0pt;color: #000000;font-size: 16px;line-height: 1.38;text-align: justify\"><span style=\"font-family: Arial, sans-serif;color: #000000;font-size: 11pt;background-color: transparent;vertical-align: baseline\"><span style=\"font-weight: bolder\">&nbsp;<\/span><\/span><\/p>\n<p dir=\"ltr\" style=\"margin-bottom: 0pt;margin-top: 0pt;color: #000000;font-size: 16px;line-height: 1.38;text-align: justify\"><span style=\"background-color: transparent;font-family: Arial, sans-serif;font-size: 11pt\">Gabriele Mendes, Marina dos Santos e Andrya Lima<\/span><\/p>\n<p dir=\"ltr\" style=\"margin-bottom: 0pt;margin-top: 0pt;color: #000000;font-size: 16px;line-height: 1.38;text-align: justify\"><span style=\"background-color: transparent;font-family: Arial, sans-serif;font-size: 11pt\">&nbsp;<\/span><\/p>\n<p dir=\"ltr\" style=\"margin-bottom: 0pt;margin-top: 0pt;color: #000000;font-size: 16px;line-height: 1.38;text-align: justify\"><span style=\"font-weight: bolder\">Descri\u00e7\u00e3o de Imagem:<\/span><\/p>\n<p dir=\"ltr\" style=\"margin-bottom: 0pt;margin-top: 0pt;color: #000000;font-size: 16px;line-height: 1.38;text-align: justify\"><span style=\"font-weight: bolder\">&nbsp;<\/span><\/p>\n<p dir=\"ltr\" style=\"margin-bottom: 0pt;margin-top: 0pt;color: #000000;font-size: 16px;line-height: 1.38;text-align: justify\"><span style=\"background-color: transparent;font-family: Arial, sans-serif;font-size: 11pt\">Luiza Ventura e Daniele Gabriel (roteiro), Samara Wobeto (supervis\u00e3o)<\/span><\/p>\n<p dir=\"ltr\" style=\"margin-bottom: 0pt;margin-top: 0pt;color: #000000;font-size: 16px;line-height: 1.38;text-align: justify\"><span style=\"font-family: Arial, sans-serif;color: #000000;font-size: 11pt;background-color: transparent;vertical-align: baseline\">&nbsp;<\/span><\/p>\n<p dir=\"ltr\" style=\"margin-bottom: 0pt;margin-top: 0pt;color: #000000;font-size: 16px;line-height: 1.38;text-align: justify\"><span style=\"font-family: Arial, sans-serif;color: #000000;font-size: 11pt;background-color: transparent;vertical-align: baseline\"><span style=\"font-family: Arial, sans-serif;color: #000000;font-size: 11pt;background-color: transparent;vertical-align: baseline\"><span style=\"font-weight: bolder\">Arte de Capa:<\/span><\/span><\/span><\/p>\n<p dir=\"ltr\" style=\"margin-bottom: 0pt;margin-top: 0pt;color: #000000;font-size: 16px;line-height: 1.38;text-align: justify\"><span style=\"font-family: Arial, sans-serif;color: #000000;font-size: 11pt;background-color: transparent;vertical-align: baseline\"><span style=\"font-family: Arial, sans-serif;color: #000000;font-size: 11pt;background-color: transparent;vertical-align: baseline\"><span style=\"font-weight: bolder\">&nbsp;<\/span><\/span><\/span><\/p>\n<p dir=\"ltr\" style=\"margin-bottom: 0pt;margin-top: 0pt;color: #000000;font-size: 16px;line-height: 1.38;text-align: justify\"><span style=\"font-family: Arial, sans-serif;color: #000000;font-size: 11pt;background-color: transparent;vertical-align: baseline\">Pedro Pagnossin<\/span><\/p>\n<p dir=\"ltr\" style=\"margin-bottom: 0pt;margin-top: 0pt;color: #000000;font-size: 16px;line-height: 1.38;text-align: justify\"><span style=\"font-weight: bolder\">&nbsp;<\/span><\/p>\n<p dir=\"ltr\" style=\"margin-bottom: 0pt;margin-top: 0pt;color: #000000;font-size: 16px;line-height: 1.38;text-align: justify\"><span style=\"font-weight: bolder\">Professora Respons\u00e1vel:<\/span><\/p>\n<p dir=\"ltr\" style=\"margin-bottom: 0pt;margin-top: 0pt;color: #000000;font-size: 16px;line-height: 1.38;text-align: justify\"><span style=\"font-weight: bolder\">&nbsp;<\/span><\/p>\n<p dir=\"ltr\" style=\"margin-bottom: 0pt;margin-top: 0pt;color: #000000;font-size: 16px;line-height: 1.38;text-align: justify\">Viviane Borelli<\/p>\n<div><b>&nbsp;<\/b><\/div>\t\t\t\t\t\t<\/div>\n\t\t\t\t<\/div>\n\t\t\t\t\t<\/div>\n\t\t<\/div>\n\t\t\t\t\t<\/div>\n\t\t<\/section>\n\t\t\t\t<section class=\"elementor-section elementor-top-section elementor-element elementor-element-44cc50ba elementor-section-boxed elementor-section-height-default elementor-section-height-default\" data-id=\"44cc50ba\" data-element_type=\"section\">\n\t\t\t\t\t\t<div class=\"elementor-container elementor-column-gap-default\">\n\t\t\t\t\t<div class=\"elementor-column elementor-col-100 elementor-top-column elementor-element elementor-element-7d9bd857\" data-id=\"7d9bd857\" data-element_type=\"column\">\n\t\t\t<div class=\"elementor-widget-wrap elementor-element-populated\">\n\t\t\t\t\t\t<div class=\"elementor-element elementor-element-36bb0f9d elementor-widget elementor-widget-text-editor\" data-id=\"36bb0f9d\" data-element_type=\"widget\" data-widget_type=\"text-editor.default\">\n\t\t\t\t<div class=\"elementor-widget-container\">\n\t\t\t\t\t\t\t<h2>Revista .TXT N.\u00ba 28<\/h2>\n<h2>Equipe de reda\u00e7\u00e3o<\/h2>\n<p><b>Edi\u00e7\u00e3o<\/b>:<\/p>\n<p>Viviane Borelli.<\/p>\n<p><b>Editores de produ\u00e7\u00e3o<\/b>:<\/p>\n<p><span style=\"font-weight: 400\">Isadora Juliatto e Mariana Rodrigues<\/span><\/p>\n<p><b>Rep\u00f3rteres<\/b>:<\/p>\n<p><span style=\"font-weight: 400\">Amanda Pacheco, Arthur Camponogara, Gabriel Barros, Gabriela de Almeida, Giulia Maffi, Isadora Juliatto, J\u00falia Almeida, Luanna Karoline Moraes, Manuella Salem, Maria Francisca de Mello, Maria Fernanda Dias, Maria Eduarda Silva, Mariana Camargo, Mariana Rodrigues, Mariane Machado, Samara Debiasi, Rafael Reis, Rafael Rintzel, Vinicius Maeda, Vit\u00f3ria Sarturi, Yasmin Matos<\/span><\/p>\n<p><b>Projeto Gr\u00e1fico:<\/b><\/p>\n<p><span style=\"font-weight: 400\">Andreina Possan e Nath\u00e1lia Espindola (Adapta\u00e7\u00e3o e atualiza\u00e7\u00e3o)<\/span><\/p>\n<p><b>Doc\u00eancia Orientada:<\/b><\/p>\n<p>Samara Wobeto<\/p>\n<p><b>Monitoria:<\/b><\/p>\n<p><span style=\"font-size: revert;color: initial\">Thais Immig<\/span><\/p>\n<p><b>Supervis\u00e3o de Diagrama\u00e7\u00e3o<\/b>:<\/p>\n<p><span style=\"font-weight: 400\">Rafael M. Bald<\/span><\/p>\n<p><b>Diagrama\u00e7\u00e3o Final:<\/b><\/p>\n<p><span style=\"font-weight: 400\">Mariane Machado e Vinicius Maeda<\/span><\/p>\n<p><b style=\"font-size: revert;color: initial\">Revis\u00e3o<\/b><span style=\"font-size: revert;color: initial\">:<\/span><\/p>\n<p><span style=\"font-weight: 400\">Giulia Maffi, J\u00falia Almeida e Maria Eduarda Silva<\/span><\/p>\n<p><b>Fotografia:<\/b><\/p>\n<p><span style=\"font-weight: 400\">Gabriel Barros, Rafael Rintzel e Vit\u00f3ria Sarturi<\/span><\/p>\n<p><b>Tratamento de imagem<\/b>:<\/p>\n<p><span style=\"font-weight: 400\">Manuella Salem e Yasmin Matos<\/span><\/p>\n<p><strong>Divulga\u00e7\u00e3o<\/strong><\/p>\n<p><span style=\"font-weight: 400\">Gabriela de Almeida e Mariana Camargo<\/span><\/p>\n<p><b>Arte de Redes Sociais\u00a0<\/b><\/p>\n<p><span style=\"font-weight: 400\">Samara Debiasi e Yasmin Matos<\/span><\/p>\n<p><b>Edi\u00e7\u00e3o on-line<\/b>:<\/p>\n<p><span style=\"font-size: revert;color: initial\">Amanda Pacheco e Arthur Camponogara<\/span><\/p>\n<p><b style=\"font-size: revert;color: initial\">Descri\u00e7\u00e3o de Imagem<\/b><span style=\"font-size: revert;color: initial\">:<\/span><\/p>\n<p><span style=\"font-size: revert;color: initial\">Maria Francisca de Mello e Maria Fernanda Dias (roteiro), Samara Wobeto (supervis\u00e3o)<\/span><\/p>\n<p><b>Fotografia de capa<\/b>:<\/p>\n<p><span style=\"font-weight: 400\">Mariana Rodrigues<\/span><\/p>\n<p><b>Arte de Capa<\/b>:<\/p>\n<p><span style=\"font-weight: 400\">Igor Peres Cordeiro<\/span><\/p>\n<p><b>Professora respons\u00e1vel<\/b>:<\/p>\n<p>Viviane Borelli Mtb\/RS 8992.<\/p>\n<p>\u00a0<\/p>\n<hr \/>\n<h2>Revista .TXT N.\u00ba 27<\/h2>\n<h2>Equipe de reda\u00e7\u00e3o<\/h2>\n<p><b>Edi\u00e7\u00e3o<\/b>:<\/p>\n<p>Viviane Borelli.<\/p>\n<p><b>Editores de produ\u00e7\u00e3o<\/b>:<\/p>\n<p><span style=\"font-weight: 400\">Clarisse Amaral, Elisa Bedin, Gabriela Wohlenberg e Nicole Pasch.<\/span><\/p>\n<p><b>Rep\u00f3rteres<\/b>:<\/p>\n<p><span style=\"font-weight: 400\">Adriana Ossuna, Ana Luiza Dutra, Andreina Possan, Antonio Oliveira, Bruna Piedras, Camilly Barros, Chrisiele Nunes, Cristine Michelin, Clarisse Amaral, Elisa Bedin, Gabriel Escobar, Gabriela Leandro, Gabriela Wohlenberg, Henrique Knackfuss, Isadora Marques, Jo\u00e3o Pedro Santos, J\u00falia Ilha, J\u00falia Petenon, J\u00falia Weber, J\u00falia Xavier, Karla Essy, Kau\u00e3 Mello, Kemyllin Dutra, Laurent Keller, Lucas Senna, Lu\u00edsa Monteiro, Mariana Rodrigues, Nathalia Espindola, Nicole Pasch, Nicole Zanotto, Pedro Pereira, Tatiane Pauman.<\/span><\/p>\n<p><b>Revis\u00e3o<\/b>:<\/p>\n<p><span style=\"font-weight: 400\">Bruna Piedras, Gabriel Escobar, Henrique Knackfuss, J\u00falia Petenon, Laurent Keller, Lu\u00edsa Monteiro, Karla Essy e Kemyllin Dutra.<\/span><\/p>\n<p><b>Fotos<\/b>:<\/p>\n<p><span style=\"font-weight: 400\">Cristine Michelin, Felipe Ferreira, Gabriel Escobar, Isadora Marques, J\u00falia Petenon, Laurent Keller, Lu\u00edsa Monteiro e Pedro Vinicius de Souza. <\/span><\/p>\n<p><b>Tratamento de imagem<\/b>:<\/p>\n<p><span style=\"font-weight: 400\">Cristine Michelin.<\/span><\/p>\n<p><strong>Artes:<\/strong><\/p>\n<p><span style=\"font-weight: 400\">Ana Luiza Dutra e Nick Santos.<\/span><\/p>\n<p><b>Divulga\u00e7\u00e3o \/ Redes sociais<\/b>:<\/p>\n<p><span style=\"font-weight: 400\">Ana Luiza Dutra, Gabriela Wohlenberg, Gabriela Leandro, Jo\u00e3o Pedro Santos, J\u00falia Weber e Mariana Rodrigues.<\/span><\/p>\n<p><b>Edi\u00e7\u00e3o on-line<\/b>:<\/p>\n<p><span style=\"font-weight: 400\">Antonio Oliveira, Camilly Barros, Isadora Marques, Lucas Senna e Pedro Pereira.<\/span><\/p>\n<p><b>Acessibilidade<\/b>:<\/p>\n<p><span style=\"font-weight: 400\">J\u00falia Ilha, Karla Essy, Kau\u00e3 Mello e Tatiane Pauman.<\/span><\/p>\n<p><b>Doc\u00eancia orientada por Programa de P\u00f3s-Gradua\u00e7\u00e3o em Comunica\u00e7\u00e3o Midi\u00e1tica<\/b>:<\/p>\n<p><span style=\"font-weight: 400\">Karohelen Dias.<\/span><\/p>\n<p><strong>Monitoria volunt\u00e1ria 2022:<\/strong><\/p>\n<p><span style=\"font-weight: 400\">Milene Aparecida Eichelberger.<\/span><\/p>\n<p><b>Professora respons\u00e1vel<\/b>:<\/p>\n<p>Viviane Borelli Mtb\/RS 8992.<\/p>\n<h2>\u00a0<\/h2>\n<h2>Revista .TXT N.\u00ba 26<\/h2>\n<h2>Equipe de reda\u00e7\u00e3o<\/h2>\n<p><b>Edi\u00e7\u00e3o<\/b>:<\/p>\n<p>Viviane Borelli.<\/p>\n<p><b>Editores de produ\u00e7\u00e3o<\/b>:<\/p>\n<p>Gustavo Salin Nuh e Milene Aparecida Eichelberger.<\/p>\n<p><b>Rep\u00f3rteres<\/b>:<\/p>\n<p><span style=\"font-weight: 400\">Andr\u00e9 Hercolani, Bruno Bandeira Vargas, Cadiani Garcez, Camila Londero Souto, D\u00e9bora <\/span><span style=\"font-weight: 400\">Hundertmarck, <\/span><span style=\"font-weight: 400\">Felipe <\/span><span style=\"font-weight: 400\">Ferreira da Costa, <\/span><span style=\"font-weight: 400\">Giovana Zago, Gustavo Salin Nuh, Isabelle <\/span><span style=\"font-weight: 400\">Radtke Machado, <\/span><span style=\"font-weight: 400\">Maria Eduarda Baldin, Milene <\/span><span style=\"font-weight: 400\">Aparecida Eichelberger, <\/span><span style=\"font-weight: 400\">Nick Santos, <\/span><span style=\"font-weight: 400\">Pedro Vinicius de Souza, Stella Silveira e Willian Da Silva.<\/span><\/p>\n<p><b>Revis\u00e3o<\/b>:<\/p>\n<p><span style=\"font-weight: 400\">Andr\u00e9 Hercolani, Bruno Bandeira Vargas, Isabelle <\/span><span style=\"font-weight: 400\">Radtke Machado e<\/span><span style=\"font-weight: 400\"> Maria Eduarda Baldin.<\/span><\/p>\n<p><b>Fotos<\/b>:<\/p>\n<p><span style=\"font-weight: 400\">Pedro Vinicius de Souza.<\/span><\/p>\n<p><b>Tratamento de imagem<\/b>:<\/p>\n<p><span style=\"font-weight: 400\">Felipe <\/span><span style=\"font-weight: 400\">Ferreira da Costa.<\/span><\/p>\n<p><strong>Artes:<\/strong><\/p>\n<p>Giovana Zago e Nick Santos.<\/p>\n<p><b>Divulga\u00e7\u00e3o \/ Redes sociais<\/b>:<\/p>\n<p><span style=\"font-weight: 400\">Cadiani Garcez, D\u00e9bora <\/span><span style=\"font-weight: 400\">Hundertmarck e Giovana Zago.<\/span><\/p>\n<p><b>Edi\u00e7\u00e3o on-line<\/b>:<\/p>\n<p><span style=\"font-weight: 400\">D\u00e9bora <\/span><span style=\"font-weight: 400\">Hundertmarck,<\/span><span style=\"font-weight: 400\"> Milene <\/span><span style=\"font-weight: 400\">Aparecida Eichelberger, Pedro Vinicius de Souza e <\/span><span style=\"font-weight: 400\">Willian da Silva.<\/span><\/p>\n<p><b>Acessibilidade<\/b>:<\/p>\n<p><span style=\"font-weight: 400\">Camila Londero Souto.<\/span><\/p>\n<p><b>Doc\u00eancia orientada por Programa de P\u00f3s-Gradua\u00e7\u00e3o em Comunica\u00e7\u00e3o Midi\u00e1tica<\/b>:<\/p>\n<p><span style=\"font-weight: 400\">Eduardo Ruedell.<\/span><\/p>\n<p><strong>Monitoria pelo REDE 2021:<\/strong><\/p>\n<p>Lu\u00e3 Santos.<\/p>\n<p><b>Professora respons\u00e1vel<\/b>:<\/p>\n<p>Viviane Borelli Mtb\/RS 8992.<\/p>\n<h2>\u00a0<\/h2>\n<h2>Revista .TXT N.\u00ba 25<\/h2>\n<h2>Equipe de reda\u00e7\u00e3o<\/h2>\n<p><b>Edi\u00e7\u00e3o<\/b>:<\/p>\n<p>Viviane Borelli.<\/p>\n<p><b>Editores de produ\u00e7\u00e3o<\/b>:<\/p>\n<p>Caroline de Souza, Luan Romero, Lu\u00eds Gustavo dos Santos e Tha\u00eds Immig.<\/p>\n<p><b>Rep\u00f3rteres<\/b>:<\/p>\n<p>Alissa Oliveira, Bernardo Salcedo da Silva, Bianca Guimar\u00e3es, Bruno Lorenzi, Caroline de Souza, Eduarda Medeiros Paz, Fl\u00e1via Morishita, Gabrielle Pillon, Karoline Rosa, Let\u00edcia Almansa Klusener, Lu\u00eds Gustavo dos Santos, Luka de Andrade, Nathiele Pizzutti, Paula Colpo Apollinario, Rebeca Kroll, Tha\u00eds Immig e Vitor Zuccolo.<\/p>\n<p><b>Revis\u00e3o<\/b>:<\/p>\n<p>Eduarda Medeiros Paz e Rebeca Kroll.<\/p>\n<p><b>Revis\u00e3o para redes sociais<\/b>:<\/p>\n<p>Gabrielle Pillon.<\/p>\n<p><b>Tratamento de imagem<\/b>:<\/p>\n<p>Alissa Oliveira e Let\u00edcia Klusener.<\/p>\n<p><b>Divulga\u00e7\u00e3o \/ Redes sociais<\/b>:<\/p>\n<p>Karoline Rosa, Nathiele Pizzutti e Vitor Zuccolo.<\/p>\n<p><b>Edi\u00e7\u00e3o on-line<\/b>:<\/p>\n<p>Alissa Oliveira e Let\u00edcia Klusener.<\/p>\n<p><b>Roteiro de audiodescri\u00e7\u00e3o<\/b>:<\/p>\n<p>Paula Colpo Apollinario e Samara Wobeto.<\/p>\n<p><b>Doc\u00eancia orientada por Programa de P\u00f3s-Gradua\u00e7\u00e3o em Comunica\u00e7\u00e3o Midi\u00e1tica<\/b>:<\/p>\n<p>Luan Romero Mtb\/RS 19730.<\/p>\n<p><b>Professora respons\u00e1vel<\/b>:<\/p>\n<p>Viviane Borelli Mtb\/RS 8992.<\/p>\n<h2>Revista <span style=\"color: #ff9900\">.TXT<\/span> N.\u00ba 23<\/h2>\n<h2>Equipe de reda\u00e7\u00e3o<\/h2>\n<p><strong><br \/>Editores de Produ\u00e7\u00e3o:<\/strong><br \/>Gabriel Lanes de David<br \/>Laura Coelho de Almeida<br \/>Pablo Cabral Iglesias<br \/>Paola Jung<\/p>\n<p><strong>Coordenador de diagrama\u00e7\u00e3o:<br \/><\/strong>Dreyfus Gomez<\/p>\n<p><strong>Diagrama\u00e7\u00e3o da edi\u00e7\u00e3o impressa:<\/strong><br \/>Martina Pozzebon<br \/>Naiady Lima<br \/>Nath\u00e1lia Brum<br \/>Renata Rocha<\/p>\n<p><strong>Revis\u00e3o:<\/strong><br \/>Ana Clara Seberino<br \/>Eduarda Nen\u00ea da Costa<br \/>Juan Grings<br \/>Martina Benedetti Irigoyen<br \/>Poliana Corr\u00eaa<br \/>Vikt\u00f3ria Bulsing Powarchuk<\/p>\n<p><strong>Fotografia:<\/strong><br \/>\u00c1lvaro Bazana<br \/>Felipe Mikalauscas Bortoluzi<br \/>Iuri Simon<br \/>Laura Coelho de Almeida<br \/>Lu\u00e3 Santos<br \/>Nicole Carri\u00f3n<\/p>\n<p><strong>Divulga\u00e7\u00e3o:<\/strong><br \/>Bruna Meinen Feil<br \/>Katiana Campeol<br \/>Paulo C\u00e9sar Ferraz<br \/>Thamires Triendade<\/p>\n<p><strong>Edi\u00e7\u00e3o Online:<\/strong><br \/>Elo\u00edze Moraes<br \/>Jonas Freitas Faria<br \/>Jonatan Mombach<\/p>\n<p><strong>Acessibilidade:<br \/><\/strong><em id=\"__mceDel\" style=\"font-weight: 300\">Bruna Meinen Feil<br \/>Elo\u00edze Moraes<br \/>Nath\u00e1lia Brum<\/em><\/p>\n<p><strong>Professora Respons\u00e1vel:<\/strong><br \/>Viviane Borelli Mtb\/RS 8992<\/p>\n<!-- wp:separator --><hr class=\"wp-block-separator has-alpha-channel-opacity\" \/><!-- \/wp:separator -->\t\t\t\t\t\t<\/div>\n\t\t\t\t<\/div>\n\t\t\t\t\t<\/div>\n\t\t<\/div>\n\t\t\t\t\t<\/div>\n\t\t<\/section>\n\t\t\t\t<\/div>\n\t\t","protected":false},"excerpt":{"rendered":"<p>Revista .TXT N.\u00ba 30 Equipe de reda\u00e7\u00e3o Edi\u00e7\u00e3o: Viviane Borelli Editores de produ\u00e7\u00e3o: Amanda Borin Cabral e Ellen Schwade Rep\u00f3rteres: \u00a0Amanda Borin Cabral, Camille Silveira de Moraes, Clara Antonelo Basso, Ellen Schwade, Emilly Vargas Wacht, Fabiola Nicoletti, Felipe Trost Vasconcelos,\u00a0Ja\u00edne Kraetzig Cristofari, Jo\u00e3o Pedro Amaral, Jo\u00e3o Victor Barbat,\u00a0Joice Figueiredo Scherer, J\u00falia Zucchetto,\u00a0Kethelyn Rodrigues, Lav\u00ednia Freitas [&hellip;]<\/p>\n","protected":false},"author":25,"featured_media":0,"parent":0,"menu_order":0,"comment_status":"closed","ping_status":"closed","template":"","meta":{"footnotes":""},"categories":[],"tags":[],"class_list":["post-7","page","type-page","status-publish","hentry"],"acf":[],"_links":{"self":[{"href":"https:\/\/www.ufsm.br\/midias\/experimental\/revistatxt\/wp-json\/wp\/v2\/pages\/7","targetHints":{"allow":["GET"]}}],"collection":[{"href":"https:\/\/www.ufsm.br\/midias\/experimental\/revistatxt\/wp-json\/wp\/v2\/pages"}],"about":[{"href":"https:\/\/www.ufsm.br\/midias\/experimental\/revistatxt\/wp-json\/wp\/v2\/types\/page"}],"author":[{"embeddable":true,"href":"https:\/\/www.ufsm.br\/midias\/experimental\/revistatxt\/wp-json\/wp\/v2\/users\/25"}],"replies":[{"embeddable":true,"href":"https:\/\/www.ufsm.br\/midias\/experimental\/revistatxt\/wp-json\/wp\/v2\/comments?post=7"}],"version-history":[{"count":0,"href":"https:\/\/www.ufsm.br\/midias\/experimental\/revistatxt\/wp-json\/wp\/v2\/pages\/7\/revisions"}],"wp:attachment":[{"href":"https:\/\/www.ufsm.br\/midias\/experimental\/revistatxt\/wp-json\/wp\/v2\/media?parent=7"}],"wp:term":[{"taxonomy":"category","embeddable":true,"href":"https:\/\/www.ufsm.br\/midias\/experimental\/revistatxt\/wp-json\/wp\/v2\/categories?post=7"},{"taxonomy":"post_tag","embeddable":true,"href":"https:\/\/www.ufsm.br\/midias\/experimental\/revistatxt\/wp-json\/wp\/v2\/tags?post=7"}],"curies":[{"name":"wp","href":"https:\/\/api.w.org\/{rel}","templated":true}]}}