{"id":204,"date":"2020-03-04T10:32:47","date_gmt":"2020-03-04T13:32:47","guid":{"rendered":"https:\/\/www.ufsm.br\/midias\/tvcampus\/?page_id=204"},"modified":"2022-07-14T14:55:05","modified_gmt":"2022-07-14T17:55:05","slug":"tvc","status":"publish","type":"page","link":"https:\/\/www.ufsm.br\/midias\/tvcampus\/tvc","title":{"rendered":"TVC"},"content":{"rendered":"\t\t<div data-elementor-type=\"wp-page\" data-elementor-id=\"204\" class=\"elementor elementor-204\">\n\t\t\t\t\t\t<section class=\"elementor-section elementor-top-section elementor-element elementor-element-573978a elementor-section-boxed elementor-section-height-default elementor-section-height-default\" data-id=\"573978a\" data-element_type=\"section\">\n\t\t\t\t\t\t<div class=\"elementor-container elementor-column-gap-default\">\n\t\t\t\t\t\t<\/div>\n\t\t<\/section>\n\t\t\t\t<section class=\"elementor-section elementor-top-section elementor-element elementor-element-cb51a4b elementor-section-boxed elementor-section-height-default elementor-section-height-default\" data-id=\"cb51a4b\" data-element_type=\"section\">\n\t\t\t\t\t\t<div class=\"elementor-container elementor-column-gap-default\">\n\t\t\t\t\t<div class=\"elementor-column elementor-col-100 elementor-top-column elementor-element elementor-element-1060342\" data-id=\"1060342\" data-element_type=\"column\">\n\t\t\t<div class=\"elementor-widget-wrap elementor-element-populated\">\n\t\t\t\t\t\t<div class=\"elementor-element elementor-element-30875a8 elementor-widget elementor-widget-image\" data-id=\"30875a8\" data-element_type=\"widget\" data-widget_type=\"image.default\">\n\t\t\t\t<div class=\"elementor-widget-container\">\n\t\t\t\t\t\t\t\t\t\t\t\t\t<img decoding=\"async\" src=\"https:\/\/www.ufsm.br\/app\/uploads\/sites\/811\/elementor\/thumbs\/cartao_tvc-om2qumcxwcun4lhsgcizujcnf5ytmpuqbfb3x5q480.jpg\" title=\"cartao_tvc\" alt=\"cartao_tvc\" loading=\"lazy\" \/>\t\t\t\t\t\t\t\t\t\t\t\t\t<\/div>\n\t\t\t\t<\/div>\n\t\t\t\t\t<\/div>\n\t\t<\/div>\n\t\t\t\t\t<\/div>\n\t\t<\/section>\n\t\t\t\t<section class=\"elementor-section elementor-top-section elementor-element elementor-element-ea1eeeb elementor-section-boxed elementor-section-height-default elementor-section-height-default\" data-id=\"ea1eeeb\" data-element_type=\"section\">\n\t\t\t\t\t\t<div class=\"elementor-container elementor-column-gap-default\">\n\t\t\t\t\t<div class=\"elementor-column elementor-col-100 elementor-top-column elementor-element elementor-element-f4bea8f\" data-id=\"f4bea8f\" data-element_type=\"column\">\n\t\t\t<div class=\"elementor-widget-wrap elementor-element-populated\">\n\t\t\t\t\t\t<div class=\"elementor-element elementor-element-cd28503 elementor-widget elementor-widget-text-editor\" data-id=\"cd28503\" data-element_type=\"widget\" data-widget_type=\"text-editor.default\">\n\t\t\t\t<div class=\"elementor-widget-container\">\n\t\t\t\t\t\t\t<p>Programa jornal\u00edstico sobre os acontecimentos di\u00e1rios da institui\u00e7\u00e3o com giro de not\u00edcias, servi\u00e7o de divulga\u00e7\u00e3o e comunicados urgentes atrav\u00e9s de reportagens, notas e boletins.<\/p>\t\t\t\t\t\t<\/div>\n\t\t\t\t<\/div>\n\t\t\t\t\t<\/div>\n\t\t<\/div>\n\t\t\t\t\t<\/div>\n\t\t<\/section>\n\t\t\t\t<section class=\"elementor-section elementor-top-section elementor-element elementor-element-2cc0861 elementor-section-boxed elementor-section-height-default elementor-section-height-default\" data-id=\"2cc0861\" data-element_type=\"section\">\n\t\t\t\t\t\t<div class=\"elementor-container elementor-column-gap-default\">\n\t\t\t\t\t<div class=\"elementor-column elementor-col-100 elementor-top-column elementor-element elementor-element-20cd3f4\" data-id=\"20cd3f4\" data-element_type=\"column\">\n\t\t\t<div class=\"elementor-widget-wrap elementor-element-populated\">\n\t\t\t\t\t\t<div class=\"elementor-element elementor-element-c7a09d6 elementor-widget elementor-widget-text-editor\" data-id=\"c7a09d6\" data-element_type=\"widget\" data-widget_type=\"text-editor.default\">\n\t\t\t\t<div class=\"elementor-widget-container\">\n\t\t\t\t\t\t\t<h1 style=\"text-align: center\"><span style=\"font-size: 18pt\"><strong>Grade de Hor\u00e1rios<\/strong>\u00a0<\/span><\/h1><table class=\"table\"><tbody><tr><th><b>00:00:00\u00a0<\/b>:<\/th><td>Segunda<\/td><td>Ter\u00e7a<\/td><td>Quarta<\/td><td>Quinta<\/td><td>Sexta<\/td><td>&#8211;<\/td><td>&#8211;<\/td><\/tr><tr><th><b>01:30:00\u00a0<\/b>:<\/th><td>&#8211;<\/td><td>&#8211;<\/td><td>&#8211;<\/td><td>&#8211;<\/td><td>&#8211;<\/td><td>S\u00e1bado<\/td><td>&#8211;<\/td><\/tr><tr><th><b>08:00:00\u00a0<\/b>:<\/th><td>Segunda<\/td><td>Ter\u00e7a<\/td><td>&#8211;<\/td><td>Quinta<\/td><td>Sexta<\/td><td>&#8211;<\/td><td>&#8211;<\/td><\/tr><tr><th><b>09:00:00\u00a0<\/b>:<\/th><td>Segunda<\/td><td>Ter\u00e7a<\/td><td>Quarta<\/td><td>Quinta<\/td><td>Sexta<\/td><td>&#8211;<\/td><td>Domingo<\/td><\/tr><tr><th><b>12:00:00\u00a0<\/b>:<\/th><td>Segunda<\/td><td>Ter\u00e7a<\/td><td>Quarta<\/td><td>Quinta<\/td><td>Sexta<\/td><td>&#8211;<\/td><td>&#8211;<\/td><\/tr><tr><th><b>12:30:00\u00a0<\/b>:<\/th><td>&#8211;<\/td><td>&#8211;<\/td><td>&#8211;<\/td><td>&#8211;<\/td><td>&#8211;<\/td><td>&#8211;<\/td><td>Domingo<\/td><\/tr><tr><th><b>13:00:00\u00a0<\/b>:<\/th><td>&#8211;<\/td><td>&#8211;<\/td><td>&#8211;<\/td><td>&#8211;<\/td><td>&#8211;<\/td><td>S\u00e1bado<\/td><td>&#8211;<\/td><\/tr><tr><th><b>13:30:00\u00a0<\/b>:<\/th><td>Segunda<\/td><td>Ter\u00e7a<\/td><td>Quarta<\/td><td>Quinta<\/td><td>Sexta<\/td><td>&#8211;<\/td><td>&#8211;<\/td><\/tr><tr><th><b>16:00:00\u00a0<\/b>:<\/th><td>Segunda<\/td><td>Ter\u00e7a<\/td><td>Quarta<\/td><td>Quinta<\/td><td>Sexta<\/td><td>&#8211;<\/td><td>&#8211;<\/td><\/tr><tr><th><b>17:30:00\u00a0<\/b>:<\/th><td>Segunda<\/td><td>Ter\u00e7a<\/td><td>Quarta<\/td><td>Quinta<\/td><td>Sexta<\/td><td>&#8211;<\/td><td>&#8211;<\/td><\/tr><tr><th><b>20:00:00\u00a0<\/b>:<\/th><td>Segunda<\/td><td>Ter\u00e7a<\/td><td>Quarta<\/td><td>Quinta<\/td><td>Sexta<\/td><td>&#8211;<\/td><td>&#8211;<\/td><\/tr><tr><th><b>21:00:00\u00a0<\/b>:<\/th><td>&#8211;<\/td><td>&#8211;<\/td><td>&#8211;<\/td><td>&#8211;<\/td><td>&#8211;<\/td><td>&#8211;<\/td><td>Domingo<\/td><\/tr><tr><th><b>21:30:00\u00a0<\/b>:<\/th><td>Segunda<\/td><td>Ter\u00e7a<\/td><td>Quarta<\/td><td>Quinta<\/td><td>Sexta<\/td><td>&#8211;<\/td><td>&#8211;<\/td><\/tr><\/tbody><\/table>\t\t\t\t\t\t<\/div>\n\t\t\t\t<\/div>\n\t\t\t\t\t<\/div>\n\t\t<\/div>\n\t\t\t\t\t<\/div>\n\t\t<\/section>\n\t\t\t\t<section class=\"elementor-section elementor-top-section elementor-element elementor-element-5c1f075 elementor-section-boxed elementor-section-height-default elementor-section-height-default\" data-id=\"5c1f075\" data-element_type=\"section\">\n\t\t\t\t\t\t<div class=\"elementor-container elementor-column-gap-default\">\n\t\t\t\t\t<div class=\"elementor-column elementor-col-100 elementor-top-column elementor-element elementor-element-2cd4356\" data-id=\"2cd4356\" data-element_type=\"column\">\n\t\t\t<div class=\"elementor-widget-wrap elementor-element-populated\">\n\t\t\t\t\t\t<div class=\"elementor-element elementor-element-86fb91e elementor-widget elementor-widget-wp-widget-ufsm_noticias_widget\" data-id=\"86fb91e\" data-element_type=\"widget\" data-widget_type=\"wp-widget-ufsm_noticias_widget.default\">\n\t\t\t\t<div class=\"elementor-widget-container\">\n\t\t\t<div class='widget-noticias-inside'>\n                        <div class=\"row\">\n                                    <div class=\"col-12 col-lg-4 pb-4\">\n                                            <div class=\"noticias-widget-wrap\" style=\"height: 180px; overflow: hidden;\">\n                            <a title=\"\" href=\"https:\/\/www.ufsm.br\/midias\/tvcampus\/2024\/04\/18\/workshop-debate-diferentes-formas-de-nutricao-da-cultura-da-soja\">\n                                <span class=\"visually-hidden\">\n                                    Workshop debate diferentes formas de nutri\u00e7\u00e3o da cultura da soja                                <\/span>\n                                <div class=\"noticias-widget-thumbs h-100\">\n                                    <img decoding=\"async\" class=\"object-fit-cover h-100 w-100\" alt=\"\" srcset=\"https:\/\/www.ufsm.br\/app\/uploads\/sites\/811\/2024\/04\/capa-soja-300x169.jpg 300w, https:\/\/www.ufsm.br\/app\/uploads\/sites\/811\/2024\/04\/capa-soja-1024x576.jpg 1024w, https:\/\/www.ufsm.br\/app\/uploads\/sites\/811\/2024\/04\/capa-soja-768x432.jpg 768w, https:\/\/www.ufsm.br\/app\/uploads\/sites\/811\/2024\/04\/capa-soja-1536x864.jpg 1536w, https:\/\/www.ufsm.br\/app\/uploads\/sites\/811\/2024\/04\/capa-soja.jpg 1920w\" src=\"https:\/\/www.ufsm.br\/app\/uploads\/sites\/811\/2024\/04\/capa-soja-1024x576.jpg\"><\/img>\n                                <\/div>\n                            <\/a>\n                        <\/div>\n                                        \n                                        \n                    \n                    <a class=\"noticias-widget-title d-block  m-0 \"  title=\"Workshop debate diferentes formas de nutri\u00e7\u00e3o da cultura da soja\" href=\"https:\/\/www.ufsm.br\/midias\/tvcampus\/2024\/04\/18\/workshop-debate-diferentes-formas-de-nutricao-da-cultura-da-soja\">\n                                                Workshop debate diferentes formas de nutri\u00e7\u00e3o da cultura da soja                    <\/a>\n                    \n                    \n                                        \n                                        \n                                        <\/div>\n                                    <div class=\"col-12 col-lg-4 pb-4\">\n                                            <div class=\"noticias-widget-wrap\" style=\"height: 180px; overflow: hidden;\">\n                            <a title=\"\" href=\"https:\/\/www.ufsm.br\/midias\/tvcampus\/2024\/04\/08\/equipe-phenoglad-e-projeto-flores-para-todos-recebem-palestrantes-internacionais-na-ufsm\">\n                                <span class=\"visually-hidden\">\n                                    Equipe Phenoglad e Projeto Flores Para Todos recebem palestrantes internacionais na UFSM                                <\/span>\n                                <div class=\"noticias-widget-thumbs h-100\">\n                                    <img decoding=\"async\" class=\"object-fit-cover h-100 w-100\" alt=\"\" srcset=\"https:\/\/www.ufsm.br\/app\/uploads\/sites\/811\/2024\/04\/phenoglad-300x169.jpg 300w, https:\/\/www.ufsm.br\/app\/uploads\/sites\/811\/2024\/04\/phenoglad-1024x576.jpg 1024w, https:\/\/www.ufsm.br\/app\/uploads\/sites\/811\/2024\/04\/phenoglad-768x432.jpg 768w, https:\/\/www.ufsm.br\/app\/uploads\/sites\/811\/2024\/04\/phenoglad-1536x864.jpg 1536w, https:\/\/www.ufsm.br\/app\/uploads\/sites\/811\/2024\/04\/phenoglad.jpg 1920w\" src=\"https:\/\/www.ufsm.br\/app\/uploads\/sites\/811\/2024\/04\/phenoglad-1024x576.jpg\"><\/img>\n                                <\/div>\n                            <\/a>\n                        <\/div>\n                                        \n                                        \n                    \n                    <a class=\"noticias-widget-title d-block  m-0 \"  title=\"Equipe Phenoglad e Projeto Flores Para Todos recebem palestrantes internacionais na UFSM\" href=\"https:\/\/www.ufsm.br\/midias\/tvcampus\/2024\/04\/08\/equipe-phenoglad-e-projeto-flores-para-todos-recebem-palestrantes-internacionais-na-ufsm\">\n                                                Equipe Phenoglad e Projeto Flores Para Todos recebem palestrantes internacionais na UFSM                    <\/a>\n                    \n                    \n                                        \n                                        \n                                        <\/div>\n                                    <div class=\"col-12 col-lg-4 pb-4\">\n                                            <div class=\"noticias-widget-wrap\" style=\"height: 180px; overflow: hidden;\">\n                            <a title=\"\" href=\"https:\/\/www.ufsm.br\/midias\/tvcampus\/2024\/04\/02\/greve-dos-tecnico-administrativos-da-ufsm\">\n                                <span class=\"visually-hidden\">\n                                    Greve dos T\u00e9cnico-Administrativos da UFSM                                <\/span>\n                                <div class=\"noticias-widget-thumbs h-100\">\n                                    <img decoding=\"async\" class=\"object-fit-cover h-100 w-100\" alt=\"\" srcset=\"https:\/\/www.ufsm.br\/app\/uploads\/sites\/811\/2024\/04\/capa-greve-taes-ufsm-2024-300x169.jpg 300w, https:\/\/www.ufsm.br\/app\/uploads\/sites\/811\/2024\/04\/capa-greve-taes-ufsm-2024-1024x576.jpg 1024w, https:\/\/www.ufsm.br\/app\/uploads\/sites\/811\/2024\/04\/capa-greve-taes-ufsm-2024-768x432.jpg 768w, https:\/\/www.ufsm.br\/app\/uploads\/sites\/811\/2024\/04\/capa-greve-taes-ufsm-2024-1536x864.jpg 1536w, https:\/\/www.ufsm.br\/app\/uploads\/sites\/811\/2024\/04\/capa-greve-taes-ufsm-2024.jpg 1920w\" src=\"https:\/\/www.ufsm.br\/app\/uploads\/sites\/811\/2024\/04\/capa-greve-taes-ufsm-2024-1024x576.jpg\"><\/img>\n                                <\/div>\n                            <\/a>\n                        <\/div>\n                                        \n                                        \n                    \n                    <a class=\"noticias-widget-title d-block  m-0 \"  title=\"Greve dos T\u00e9cnico-Administrativos da UFSM\" href=\"https:\/\/www.ufsm.br\/midias\/tvcampus\/2024\/04\/02\/greve-dos-tecnico-administrativos-da-ufsm\">\n                                                Greve dos T\u00e9cnico-Administrativos da UFSM                    <\/a>\n                    \n                    \n                                        \n                                        \n                                        <\/div>\n                            <\/div>\n                    <div class=\"row\">\n                                    <div class=\"col-12 col-lg-4 pb-4\">\n                                            <div class=\"noticias-widget-wrap\" style=\"height: 180px; overflow: hidden;\">\n                            <a title=\"\" href=\"https:\/\/www.ufsm.br\/midias\/tvcampus\/2024\/03\/14\/alto-astral-e-muita-animacao-marcam-o-terceiro-dia-de-calurada-na-gare\">\n                                <span class=\"visually-hidden\">\n                                    Alto astral e muita anima\u00e7\u00e3o marcam o terceiro dia de Calurada na Gare                                <\/span>\n                                <div class=\"noticias-widget-thumbs h-100\">\n                                    <img decoding=\"async\" class=\"object-fit-cover h-100 w-100\" alt=\"\" srcset=\"https:\/\/www.ufsm.br\/app\/uploads\/sites\/811\/2024\/03\/calourada-2024-1-300x169.jpg 300w, https:\/\/www.ufsm.br\/app\/uploads\/sites\/811\/2024\/03\/calourada-2024-1-1024x576.jpg 1024w, https:\/\/www.ufsm.br\/app\/uploads\/sites\/811\/2024\/03\/calourada-2024-1-768x432.jpg 768w, https:\/\/www.ufsm.br\/app\/uploads\/sites\/811\/2024\/03\/calourada-2024-1-1536x864.jpg 1536w, https:\/\/www.ufsm.br\/app\/uploads\/sites\/811\/2024\/03\/calourada-2024-1.jpg 1920w\" src=\"https:\/\/www.ufsm.br\/app\/uploads\/sites\/811\/2024\/03\/calourada-2024-1-1024x576.jpg\"><\/img>\n                                <\/div>\n                            <\/a>\n                        <\/div>\n                                        \n                                        \n                    \n                    <a class=\"noticias-widget-title d-block  m-0 \"  title=\"Alto astral e muita anima\u00e7\u00e3o marcam o terceiro dia de Calurada na Gare\" href=\"https:\/\/www.ufsm.br\/midias\/tvcampus\/2024\/03\/14\/alto-astral-e-muita-animacao-marcam-o-terceiro-dia-de-calurada-na-gare\">\n                                                Alto astral e muita anima\u00e7\u00e3o marcam o terceiro dia de Calurada na Gare                    <\/a>\n                    \n                    \n                                        \n                                        \n                                        <\/div>\n                                    <div class=\"col-12 col-lg-4 pb-4\">\n                                            <div class=\"noticias-widget-wrap\" style=\"height: 180px; overflow: hidden;\">\n                            <a title=\"\" href=\"https:\/\/www.ufsm.br\/midias\/tvcampus\/2024\/03\/12\/ufsm-recebe-diversas-atracoes-na-volta-as-aulas\">\n                                <span class=\"visually-hidden\">\n                                    UFSM recebe diversas atra\u00e7\u00f5es na volta \u00e0s aulas                                <\/span>\n                                <div class=\"noticias-widget-thumbs h-100\">\n                                    <img decoding=\"async\" class=\"object-fit-cover h-100 w-100\" alt=\"\" srcset=\"https:\/\/www.ufsm.br\/app\/uploads\/sites\/811\/2024\/03\/recepcao-estudantil-ufsm-2024-capa-horizontal-300x169.jpg 300w, https:\/\/www.ufsm.br\/app\/uploads\/sites\/811\/2024\/03\/recepcao-estudantil-ufsm-2024-capa-horizontal-768x432.jpg 768w, https:\/\/www.ufsm.br\/app\/uploads\/sites\/811\/2024\/03\/recepcao-estudantil-ufsm-2024-capa-horizontal.jpg 1024w\" src=\"https:\/\/www.ufsm.br\/app\/uploads\/sites\/811\/2024\/03\/recepcao-estudantil-ufsm-2024-capa-horizontal.jpg\"><\/img>\n                                <\/div>\n                            <\/a>\n                        <\/div>\n                                        \n                                        \n                    \n                    <a class=\"noticias-widget-title d-block  m-0 \"  title=\"UFSM recebe diversas atra\u00e7\u00f5es na volta \u00e0s aulas\" href=\"https:\/\/www.ufsm.br\/midias\/tvcampus\/2024\/03\/12\/ufsm-recebe-diversas-atracoes-na-volta-as-aulas\">\n                                                UFSM recebe diversas atra\u00e7\u00f5es na volta \u00e0s aulas                    <\/a>\n                    \n                    \n                                        \n                                        \n                                        <\/div>\n                                    <div class=\"col-12 col-lg-4 pb-4\">\n                                            <div class=\"noticias-widget-wrap\" style=\"height: 180px; overflow: hidden;\">\n                            <a title=\"\" href=\"https:\/\/www.ufsm.br\/midias\/tvcampus\/2024\/03\/11\/dia-do-paleontologo-escavar-pesquisar-e-divulgar-ciencia\">\n                                <span class=\"visually-hidden\">\n                                    Dia do Paleont\u00f3logo: Escavar, pesquisar e divulgar ci\u00eancia                                <\/span>\n                                <div class=\"noticias-widget-thumbs h-100\">\n                                    <img decoding=\"async\" class=\"object-fit-cover h-100 w-100\" alt=\"\" srcset=\"https:\/\/www.ufsm.br\/app\/uploads\/sites\/811\/2024\/03\/capa-cappa-dia-do-paleontologo-ufsm-tv-campus-300x169.jpg 300w, https:\/\/www.ufsm.br\/app\/uploads\/sites\/811\/2024\/03\/capa-cappa-dia-do-paleontologo-ufsm-tv-campus-1024x576.jpg 1024w, https:\/\/www.ufsm.br\/app\/uploads\/sites\/811\/2024\/03\/capa-cappa-dia-do-paleontologo-ufsm-tv-campus-768x432.jpg 768w, https:\/\/www.ufsm.br\/app\/uploads\/sites\/811\/2024\/03\/capa-cappa-dia-do-paleontologo-ufsm-tv-campus-1536x864.jpg 1536w, https:\/\/www.ufsm.br\/app\/uploads\/sites\/811\/2024\/03\/capa-cappa-dia-do-paleontologo-ufsm-tv-campus.jpg 1920w\" src=\"https:\/\/www.ufsm.br\/app\/uploads\/sites\/811\/2024\/03\/capa-cappa-dia-do-paleontologo-ufsm-tv-campus-1024x576.jpg\"><\/img>\n                                <\/div>\n                            <\/a>\n                        <\/div>\n                                        \n                                        \n                    \n                    <a class=\"noticias-widget-title d-block  m-0 \"  title=\"Dia do Paleont\u00f3logo: Escavar, pesquisar e divulgar ci\u00eancia\" href=\"https:\/\/www.ufsm.br\/midias\/tvcampus\/2024\/03\/11\/dia-do-paleontologo-escavar-pesquisar-e-divulgar-ciencia\">\n                                                Dia do Paleont\u00f3logo: Escavar, pesquisar e divulgar ci\u00eancia                    <\/a>\n                    \n                    \n                                        \n                                        \n                                        <\/div>\n                            <\/div>\n                    <div class=\"row\">\n                                    <div class=\"col-12 col-lg-4 pb-4\">\n                                            <div class=\"noticias-widget-wrap\" style=\"height: 180px; overflow: hidden;\">\n                            <a title=\"\" href=\"https:\/\/www.ufsm.br\/midias\/tvcampus\/2024\/03\/05\/mamografia-prevencao-e-diagnostico-precoce-do-cancer-de-mama\">\n                                <span class=\"visually-hidden\">\n                                    Mamografia: preven\u00e7\u00e3o e diagn\u00f3stico precoce do c\u00e2ncer de mama                                <\/span>\n                                <div class=\"noticias-widget-thumbs h-100\">\n                                    <img decoding=\"async\" class=\"object-fit-cover h-100 w-100\" alt=\"\" srcset=\"https:\/\/www.ufsm.br\/app\/uploads\/sites\/811\/2024\/03\/mamografia-300x169.jpg 300w, https:\/\/www.ufsm.br\/app\/uploads\/sites\/811\/2024\/03\/mamografia-1024x576.jpg 1024w, https:\/\/www.ufsm.br\/app\/uploads\/sites\/811\/2024\/03\/mamografia-768x432.jpg 768w, https:\/\/www.ufsm.br\/app\/uploads\/sites\/811\/2024\/03\/mamografia-1536x864.jpg 1536w, https:\/\/www.ufsm.br\/app\/uploads\/sites\/811\/2024\/03\/mamografia.jpg 1920w\" src=\"https:\/\/www.ufsm.br\/app\/uploads\/sites\/811\/2024\/03\/mamografia-1024x576.jpg\"><\/img>\n                                <\/div>\n                            <\/a>\n                        <\/div>\n                                        \n                                        \n                    \n                    <a class=\"noticias-widget-title d-block  m-0 \"  title=\"Mamografia: preven\u00e7\u00e3o e diagn\u00f3stico precoce do c\u00e2ncer de mama\" href=\"https:\/\/www.ufsm.br\/midias\/tvcampus\/2024\/03\/05\/mamografia-prevencao-e-diagnostico-precoce-do-cancer-de-mama\">\n                                                Mamografia: preven\u00e7\u00e3o e diagn\u00f3stico precoce do c\u00e2ncer de mama                    <\/a>\n                    \n                    \n                                        \n                                        \n                                        <\/div>\n                                    <div class=\"col-12 col-lg-4 pb-4\">\n                                            <div class=\"noticias-widget-wrap\" style=\"height: 180px; overflow: hidden;\">\n                            <a title=\"\" href=\"https:\/\/www.ufsm.br\/midias\/tvcampus\/2022\/09\/26\/escola-de-equitacao-de-santa-maria-promove-equoterapia-e-hipismo\">\n                                <span class=\"visually-hidden\">\n                                    Escola de Equita\u00e7\u00e3o de Santa Maria promove equoterapia e hipismo                                <\/span>\n                                <div class=\"noticias-widget-thumbs h-100\">\n                                    <img decoding=\"async\" class=\"object-fit-cover h-100 w-100\" alt=\"\" srcset=\"https:\/\/www.ufsm.br\/app\/uploads\/sites\/811\/2022\/09\/equitacao_YT-300x169.jpg 300w, https:\/\/www.ufsm.br\/app\/uploads\/sites\/811\/2022\/09\/equitacao_YT-1024x576.jpg 1024w, https:\/\/www.ufsm.br\/app\/uploads\/sites\/811\/2022\/09\/equitacao_YT-768x432.jpg 768w, https:\/\/www.ufsm.br\/app\/uploads\/sites\/811\/2022\/09\/equitacao_YT-1536x864.jpg 1536w, https:\/\/www.ufsm.br\/app\/uploads\/sites\/811\/2022\/09\/equitacao_YT.jpg 1920w\" src=\"https:\/\/www.ufsm.br\/app\/uploads\/sites\/811\/2022\/09\/equitacao_YT-1024x576.jpg\"><\/img>\n                                <\/div>\n                            <\/a>\n                        <\/div>\n                                        \n                                        \n                    \n                    <a class=\"noticias-widget-title d-block  m-0 \"  title=\"Escola de Equita\u00e7\u00e3o de Santa Maria promove equoterapia e hipismo\" href=\"https:\/\/www.ufsm.br\/midias\/tvcampus\/2022\/09\/26\/escola-de-equitacao-de-santa-maria-promove-equoterapia-e-hipismo\">\n                                                Escola de Equita\u00e7\u00e3o de Santa Maria promove equoterapia e hipismo                    <\/a>\n                    \n                    \n                                        \n                                        \n                                        <\/div>\n                                    <div class=\"col-12 col-lg-4 pb-4\">\n                                            <div class=\"noticias-widget-wrap\" style=\"height: 180px; overflow: hidden;\">\n                            <a title=\"\" href=\"https:\/\/www.ufsm.br\/midias\/tvcampus\/2022\/09\/26\/ufsm-uma-das-20-melhores-universidades-do-brasil\">\n                                <span class=\"visually-hidden\">\n                                    UFSM: uma das 20 melhores universidades do Brasil                                <\/span>\n                                <div class=\"noticias-widget-thumbs h-100\">\n                                    <img decoding=\"async\" class=\"object-fit-cover h-100 w-100\" alt=\"\" srcset=\"https:\/\/www.ufsm.br\/app\/uploads\/sites\/811\/2022\/09\/Capa_videos_YT_e_FB_-_TVC-300x169.jpg 300w, https:\/\/www.ufsm.br\/app\/uploads\/sites\/811\/2022\/09\/Capa_videos_YT_e_FB_-_TVC-1024x576.jpg 1024w, https:\/\/www.ufsm.br\/app\/uploads\/sites\/811\/2022\/09\/Capa_videos_YT_e_FB_-_TVC-768x432.jpg 768w, https:\/\/www.ufsm.br\/app\/uploads\/sites\/811\/2022\/09\/Capa_videos_YT_e_FB_-_TVC-1536x864.jpg 1536w, https:\/\/www.ufsm.br\/app\/uploads\/sites\/811\/2022\/09\/Capa_videos_YT_e_FB_-_TVC.jpg 1920w\" src=\"https:\/\/www.ufsm.br\/app\/uploads\/sites\/811\/2022\/09\/Capa_videos_YT_e_FB_-_TVC-1024x576.jpg\"><\/img>\n                                <\/div>\n                            <\/a>\n                        <\/div>\n                                        \n                                        \n                    \n                    <a class=\"noticias-widget-title d-block  m-0 \"  title=\"UFSM: uma das 20 melhores universidades do Brasil\" href=\"https:\/\/www.ufsm.br\/midias\/tvcampus\/2022\/09\/26\/ufsm-uma-das-20-melhores-universidades-do-brasil\">\n                                                UFSM: uma das 20 melhores universidades do Brasil                    <\/a>\n                    \n                    \n                                        \n                                        \n                                        <\/div>\n                            <\/div>\n            <\/div>\n<div class=\"leia-mais p-1\">\n                <a href=\"https:\/\/www.ufsm.br\/midias\/tvcampus\/category\/tvc\/\">\n            Visualize Mais            <span class=\"icon-box\">\n                <span class=\"bg-ufsm-widget-icon\">\n                    <i class=\"fas fa-chevron-right\" aria-hidden=\"true\"><\/i>\n                <\/span>\n            <\/span>\n        <\/a>\n    <\/div>\n\t\t<\/div>\n\t\t\t\t<\/div>\n\t\t\t\t\t<\/div>\n\t\t<\/div>\n\t\t\t\t\t<\/div>\n\t\t<\/section>\n\t\t\t\t<\/div>\n\t\t","protected":false},"excerpt":{"rendered":"<p>Programa jornal\u00edstico sobre os acontecimentos di\u00e1rios da institui\u00e7\u00e3o com giro de not\u00edcias, servi\u00e7o de divulga\u00e7\u00e3o e comunicados urgentes atrav\u00e9s de reportagens, notas e boletins. Grade de Hor\u00e1rios\u00a0 00:00:00\u00a0: Segunda Ter\u00e7a Quarta Quinta Sexta &#8211; &#8211; 01:30:00\u00a0: &#8211; &#8211; &#8211; &#8211; &#8211; S\u00e1bado &#8211; 08:00:00\u00a0: Segunda Ter\u00e7a &#8211; Quinta Sexta &#8211; &#8211; 09:00:00\u00a0: Segunda Ter\u00e7a Quarta [&hellip;]<\/p>\n","protected":false},"author":2492,"featured_media":0,"parent":0,"menu_order":0,"comment_status":"closed","ping_status":"closed","template":"","meta":{"footnotes":""},"categories":[],"tags":[],"class_list":["post-204","page","type-page","status-publish","hentry"],"acf":[],"_links":{"self":[{"href":"https:\/\/www.ufsm.br\/midias\/tvcampus\/wp-json\/wp\/v2\/pages\/204","targetHints":{"allow":["GET"]}}],"collection":[{"href":"https:\/\/www.ufsm.br\/midias\/tvcampus\/wp-json\/wp\/v2\/pages"}],"about":[{"href":"https:\/\/www.ufsm.br\/midias\/tvcampus\/wp-json\/wp\/v2\/types\/page"}],"author":[{"embeddable":true,"href":"https:\/\/www.ufsm.br\/midias\/tvcampus\/wp-json\/wp\/v2\/users\/2492"}],"replies":[{"embeddable":true,"href":"https:\/\/www.ufsm.br\/midias\/tvcampus\/wp-json\/wp\/v2\/comments?post=204"}],"version-history":[{"count":0,"href":"https:\/\/www.ufsm.br\/midias\/tvcampus\/wp-json\/wp\/v2\/pages\/204\/revisions"}],"wp:attachment":[{"href":"https:\/\/www.ufsm.br\/midias\/tvcampus\/wp-json\/wp\/v2\/media?parent=204"}],"wp:term":[{"taxonomy":"category","embeddable":true,"href":"https:\/\/www.ufsm.br\/midias\/tvcampus\/wp-json\/wp\/v2\/categories?post=204"},{"taxonomy":"post_tag","embeddable":true,"href":"https:\/\/www.ufsm.br\/midias\/tvcampus\/wp-json\/wp\/v2\/tags?post=204"}],"curies":[{"name":"wp","href":"https:\/\/api.w.org\/{rel}","templated":true}]}}