{"id":220,"date":"2020-03-04T11:10:02","date_gmt":"2020-03-04T14:10:02","guid":{"rendered":"https:\/\/www.ufsm.br\/midias\/tvcampus\/?page_id=220"},"modified":"2020-12-14T16:35:42","modified_gmt":"2020-12-14T19:35:42","slug":"redeifes","status":"publish","type":"page","link":"https:\/\/www.ufsm.br\/midias\/tvcampus\/redeifes","title":{"rendered":"RedeIFES"},"content":{"rendered":"\t\t<div data-elementor-type=\"wp-page\" data-elementor-id=\"220\" class=\"elementor elementor-220\">\n\t\t\t\t\t\t<section class=\"elementor-section elementor-top-section elementor-element elementor-element-d457347 elementor-section-boxed elementor-section-height-default elementor-section-height-default\" data-id=\"d457347\" data-element_type=\"section\">\n\t\t\t\t\t\t<div class=\"elementor-container elementor-column-gap-default\">\n\t\t\t\t\t<div class=\"elementor-column elementor-col-100 elementor-top-column elementor-element elementor-element-3caa705\" data-id=\"3caa705\" data-element_type=\"column\">\n\t\t\t<div class=\"elementor-widget-wrap elementor-element-populated\">\n\t\t\t\t\t\t<div class=\"elementor-element elementor-element-4cdda14 elementor-widget elementor-widget-image\" data-id=\"4cdda14\" data-element_type=\"widget\" data-widget_type=\"image.default\">\n\t\t\t\t<div class=\"elementor-widget-container\">\n\t\t\t\t\t\t\t\t\t\t\t\t\t<img fetchpriority=\"high\" decoding=\"async\" width=\"768\" height=\"432\" src=\"https:\/\/www.ufsm.br\/app\/uploads\/sites\/811\/2020\/03\/cartao_redeifes_novo_rBYHyvF-768x432.jpg\" class=\"attachment-medium_large size-medium_large wp-image-221\" alt=\"\" srcset=\"https:\/\/www.ufsm.br\/app\/uploads\/sites\/811\/2020\/03\/cartao_redeifes_novo_rBYHyvF-768x432.jpg 768w, https:\/\/www.ufsm.br\/app\/uploads\/sites\/811\/2020\/03\/cartao_redeifes_novo_rBYHyvF-300x169.jpg 300w, https:\/\/www.ufsm.br\/app\/uploads\/sites\/811\/2020\/03\/cartao_redeifes_novo_rBYHyvF-1024x576.jpg 1024w, https:\/\/www.ufsm.br\/app\/uploads\/sites\/811\/2020\/03\/cartao_redeifes_novo_rBYHyvF-1536x864.jpg 1536w, https:\/\/www.ufsm.br\/app\/uploads\/sites\/811\/2020\/03\/cartao_redeifes_novo_rBYHyvF.jpg 1920w\" sizes=\"(max-width: 768px) 100vw, 768px\" \/>\t\t\t\t\t\t\t\t\t\t\t\t\t<\/div>\n\t\t\t\t<\/div>\n\t\t\t\t\t<\/div>\n\t\t<\/div>\n\t\t\t\t\t<\/div>\n\t\t<\/section>\n\t\t\t\t<section class=\"elementor-section elementor-top-section elementor-element elementor-element-6b85919 elementor-section-boxed elementor-section-height-default elementor-section-height-default\" data-id=\"6b85919\" data-element_type=\"section\">\n\t\t\t\t\t\t<div class=\"elementor-container elementor-column-gap-default\">\n\t\t\t\t\t<div class=\"elementor-column elementor-col-100 elementor-top-column elementor-element elementor-element-4947a63\" data-id=\"4947a63\" data-element_type=\"column\">\n\t\t\t<div class=\"elementor-widget-wrap elementor-element-populated\">\n\t\t\t\t\t\t<div class=\"elementor-element elementor-element-5c3b29d elementor-widget elementor-widget-text-editor\" data-id=\"5c3b29d\" data-element_type=\"widget\" data-widget_type=\"text-editor.default\">\n\t\t\t\t<div class=\"elementor-widget-container\">\n\t\t\t\t\t\t\t<p>O RedeIFES, programa da TV Campus mostra a produ\u00e7\u00e3o acad\u00eamica das institui\u00e7\u00f5es de ensino superior do Brasil.<\/p>\t\t\t\t\t\t<\/div>\n\t\t\t\t<\/div>\n\t\t\t\t\t<\/div>\n\t\t<\/div>\n\t\t\t\t\t<\/div>\n\t\t<\/section>\n\t\t\t\t<section class=\"elementor-section elementor-top-section elementor-element elementor-element-c797db0 elementor-section-boxed elementor-section-height-default elementor-section-height-default\" data-id=\"c797db0\" data-element_type=\"section\">\n\t\t\t\t\t\t<div class=\"elementor-container elementor-column-gap-default\">\n\t\t\t\t\t<div class=\"elementor-column elementor-col-100 elementor-top-column elementor-element elementor-element-443d222\" data-id=\"443d222\" data-element_type=\"column\">\n\t\t\t<div class=\"elementor-widget-wrap elementor-element-populated\">\n\t\t\t\t\t\t<div class=\"elementor-element elementor-element-f453211 elementor-widget elementor-widget-text-editor\" data-id=\"f453211\" data-element_type=\"widget\" data-widget_type=\"text-editor.default\">\n\t\t\t\t<div class=\"elementor-widget-container\">\n\t\t\t\t\t\t\t<p style=\"text-align: center\"><strong>Grade de Hor\u00e1rios<\/strong><\/p><table class=\"table\"><tbody><tr><th><b>00:30:00\u00a0<\/b>:<\/th><td>&#8211;<\/td><td>&#8211;<\/td><td>&#8211;<\/td><td>&#8211;<\/td><td>&#8211;<\/td><td>S\u00e1bado<\/td><td>&#8211;<\/td><\/tr><tr><th><b>01:00:00\u00a0<\/b>:<\/th><td>&#8211;<\/td><td>Ter\u00e7a<\/td><td>&#8211;<\/td><td>&#8211;<\/td><td>&#8211;<\/td><td>&#8211;<\/td><td>&#8211;<\/td><\/tr><tr><th><b>04:30:00\u00a0<\/b>:<\/th><td>&#8211;<\/td><td>&#8211;<\/td><td>&#8211;<\/td><td>Quinta<\/td><td>&#8211;<\/td><td>S\u00e1bado<\/td><td>&#8211;<\/td><\/tr><tr><th><b>05:00:00\u00a0<\/b>:<\/th><td>&#8211;<\/td><td>&#8211;<\/td><td>&#8211;<\/td><td>&#8211;<\/td><td>Sexta<\/td><td>&#8211;<\/td><td>&#8211;<\/td><\/tr><tr><th><b>05:30:00\u00a0<\/b>:<\/th><td>&#8211;<\/td><td>&#8211;<\/td><td>&#8211;<\/td><td>&#8211;<\/td><td>&#8211;<\/td><td>&#8211;<\/td><td>Domingo<\/td><\/tr><tr><th><b>08:30:00\u00a0<\/b>:<\/th><td>&#8211;<\/td><td>&#8211;<\/td><td>&#8211;<\/td><td>&#8211;<\/td><td>Sexta<\/td><td>&#8211;<\/td><td>&#8211;<\/td><\/tr><tr><th><b>09:00:00\u00a0<\/b>:<\/th><td>&#8211;<\/td><td>&#8211;<\/td><td>&#8211;<\/td><td>&#8211;<\/td><td>&#8211;<\/td><td>S\u00e1bado<\/td><td>&#8211;<\/td><\/tr><tr><th><b>12:30:00\u00a0<\/b>:<\/th><td>Segunda<\/td><td>&#8211;<\/td><td>&#8211;<\/td><td>&#8211;<\/td><td>&#8211;<\/td><td>&#8211;<\/td><td>&#8211;<\/td><\/tr><tr><th><b>13:00:00\u00a0<\/b>:<\/th><td>&#8211;<\/td><td>&#8211;<\/td><td>&#8211;<\/td><td>&#8211;<\/td><td>&#8211;<\/td><td>&#8211;<\/td><td>Domingo<\/td><\/tr><tr><th><b>16:30:00\u00a0<\/b>:<\/th><td>&#8211;<\/td><td>Ter\u00e7a<\/td><td>&#8211;<\/td><td>&#8211;<\/td><td>&#8211;<\/td><td>&#8211;<\/td><td>&#8211;<\/td><\/tr><tr><th><b>17:00:00\u00a0<\/b>:<\/th><td>&#8211;<\/td><td>&#8211;<\/td><td>&#8211;<\/td><td>&#8211;<\/td><td>&#8211;<\/td><td>S\u00e1bado<\/td><td>&#8211;<\/td><\/tr><tr><th><b>20:00:00\u00a0<\/b>:<\/th><td>&#8211;<\/td><td>&#8211;<\/td><td>&#8211;<\/td><td>&#8211;<\/td><td>&#8211;<\/td><td>S\u00e1bado<\/td><td>&#8211;<\/td><\/tr><tr><th><b>20:30:00\u00a0<\/b>:<\/th><td>&#8211;<\/td><td>Ter\u00e7a<\/td><td>&#8211;<\/td><td>&#8211;<\/td><td>&#8211;<\/td><td>&#8211;<\/td><td>&#8211;<\/td><\/tr><tr><th><b>21:00:00\u00a0<\/b>:<\/th><td>&#8211;<\/td><td>&#8211;<\/td><td>&#8211;<\/td><td>Quinta<\/td><td>&#8211;<\/td><td>&#8211;<\/td><td>&#8211;<\/td><\/tr><\/tbody><\/table>\t\t\t\t\t\t<\/div>\n\t\t\t\t<\/div>\n\t\t\t\t\t<\/div>\n\t\t<\/div>\n\t\t\t\t\t<\/div>\n\t\t<\/section>\n\t\t\t\t<section class=\"elementor-section elementor-top-section elementor-element elementor-element-bf9ffa7 elementor-section-boxed elementor-section-height-default elementor-section-height-default\" data-id=\"bf9ffa7\" data-element_type=\"section\">\n\t\t\t\t\t\t<div class=\"elementor-container elementor-column-gap-default\">\n\t\t\t\t\t<div class=\"elementor-column elementor-col-100 elementor-top-column elementor-element elementor-element-b6518c1\" data-id=\"b6518c1\" data-element_type=\"column\">\n\t\t\t<div class=\"elementor-widget-wrap elementor-element-populated\">\n\t\t\t\t\t\t<div class=\"elementor-element elementor-element-8820670 elementor-widget elementor-widget-wp-widget-ufsm_noticias_widget\" data-id=\"8820670\" data-element_type=\"widget\" data-widget_type=\"wp-widget-ufsm_noticias_widget.default\">\n\t\t\t\t<div class=\"elementor-widget-container\">\n\t\t\t<div class='widget-noticias-inside'>\n                        <div class=\"row\">\n                                    <div class=\"col-12 col-lg-4 pb-4\">\n                                            <div class=\"noticias-widget-wrap\" style=\"height: 180px; overflow: hidden;\">\n                            <a title=\"\" href=\"https:\/\/www.ufsm.br\/midias\/tvcampus\/2019\/12\/05\/rede-ifes-05-12-19-chamada\">\n                                <span class=\"visually-hidden\">\n                                    Rede IFES 05.12.19 &#8211; Chamada                                <\/span>\n                                <div class=\"noticias-widget-thumbs h-100\">\n                                    <img decoding=\"async\" class=\"object-fit-cover h-100 w-100\" alt=\"\" srcset=\"https:\/\/www.ufsm.br\/app\/uploads\/sites\/811\/2020\/03\/mqdefault-104-300x169.jpg 300w, https:\/\/www.ufsm.br\/app\/uploads\/sites\/811\/2020\/03\/mqdefault-104.jpg 320w\" src=\"https:\/\/www.ufsm.br\/app\/uploads\/sites\/811\/2020\/03\/mqdefault-104.jpg\"><\/img>\n                                <\/div>\n                            <\/a>\n                        <\/div>\n                                        \n                                        \n                    \n                    <a class=\"noticias-widget-title d-block  m-0 \"  title=\"Rede IFES 05.12.19 &#8211; Chamada\" href=\"https:\/\/www.ufsm.br\/midias\/tvcampus\/2019\/12\/05\/rede-ifes-05-12-19-chamada\">\n                                                Rede IFES 05.12.19 &#8211; Chamada                    <\/a>\n                    \n                    \n                                        \n                                        \n                                        <\/div>\n                                    <div class=\"col-12 col-lg-4 pb-4\">\n                                            <div class=\"noticias-widget-wrap\" style=\"height: 180px; overflow: hidden;\">\n                            <a title=\"\" href=\"https:\/\/www.ufsm.br\/midias\/tvcampus\/2019\/11\/21\/rede-ifes-21-11-19-chamada\">\n                                <span class=\"visually-hidden\">\n                                    Rede IFES 21.11.19 &#8211; Chamada                                <\/span>\n                                <div class=\"noticias-widget-thumbs h-100\">\n                                    <img decoding=\"async\" class=\"object-fit-cover h-100 w-100\" alt=\"\" srcset=\"https:\/\/www.ufsm.br\/app\/uploads\/sites\/811\/2020\/03\/mqdefault-1-6-300x169.jpg 300w, https:\/\/www.ufsm.br\/app\/uploads\/sites\/811\/2020\/03\/mqdefault-1-6.jpg 320w\" src=\"https:\/\/www.ufsm.br\/app\/uploads\/sites\/811\/2020\/03\/mqdefault-1-6.jpg\"><\/img>\n                                <\/div>\n                            <\/a>\n                        <\/div>\n                                        \n                                        \n                    \n                    <a class=\"noticias-widget-title d-block  m-0 \"  title=\"Rede IFES 21.11.19 &#8211; Chamada\" href=\"https:\/\/www.ufsm.br\/midias\/tvcampus\/2019\/11\/21\/rede-ifes-21-11-19-chamada\">\n                                                Rede IFES 21.11.19 &#8211; Chamada                    <\/a>\n                    \n                    \n                                        \n                                        \n                                        <\/div>\n                                    <div class=\"col-12 col-lg-4 pb-4\">\n                                            <div class=\"noticias-widget-wrap\" style=\"height: 180px; overflow: hidden;\">\n                            <a title=\"\" href=\"https:\/\/www.ufsm.br\/midias\/tvcampus\/2019\/11\/07\/rede-ifes-07-11-19-chamada\">\n                                <span class=\"visually-hidden\">\n                                    Rede IFES 07.11.19 &#8211; Chamada                                <\/span>\n                                <div class=\"noticias-widget-thumbs h-100\">\n                                    <img decoding=\"async\" class=\"object-fit-cover h-100 w-100\" alt=\"\" srcset=\"https:\/\/www.ufsm.br\/app\/uploads\/sites\/811\/2020\/03\/mqdefault-2-6-300x169.jpg 300w, https:\/\/www.ufsm.br\/app\/uploads\/sites\/811\/2020\/03\/mqdefault-2-6.jpg 320w\" src=\"https:\/\/www.ufsm.br\/app\/uploads\/sites\/811\/2020\/03\/mqdefault-2-6.jpg\"><\/img>\n                                <\/div>\n                            <\/a>\n                        <\/div>\n                                        \n                                        \n                    \n                    <a class=\"noticias-widget-title d-block  m-0 \"  title=\"Rede IFES 07.11.19 &#8211; Chamada\" href=\"https:\/\/www.ufsm.br\/midias\/tvcampus\/2019\/11\/07\/rede-ifes-07-11-19-chamada\">\n                                                Rede IFES 07.11.19 &#8211; Chamada                    <\/a>\n                    \n                    \n                                        \n                                        \n                                        <\/div>\n                            <\/div>\n                    <div class=\"row\">\n                                    <div class=\"col-12 col-lg-4 pb-4\">\n                                            <div class=\"noticias-widget-wrap\" style=\"height: 180px; overflow: hidden;\">\n                            <a title=\"\" href=\"https:\/\/www.ufsm.br\/midias\/tvcampus\/2019\/10\/24\/rede-ifes-24-10-19-chamada\">\n                                <span class=\"visually-hidden\">\n                                    Rede IFES 24.10.19 &#8211; Chamada                                <\/span>\n                                <div class=\"noticias-widget-thumbs h-100\">\n                                    <img decoding=\"async\" class=\"object-fit-cover h-100 w-100\" alt=\"\" srcset=\"https:\/\/www.ufsm.br\/app\/uploads\/sites\/811\/2020\/03\/mqdefault-3-5-300x169.jpg 300w, https:\/\/www.ufsm.br\/app\/uploads\/sites\/811\/2020\/03\/mqdefault-3-5.jpg 320w\" src=\"https:\/\/www.ufsm.br\/app\/uploads\/sites\/811\/2020\/03\/mqdefault-3-5.jpg\"><\/img>\n                                <\/div>\n                            <\/a>\n                        <\/div>\n                                        \n                                        \n                    \n                    <a class=\"noticias-widget-title d-block  m-0 \"  title=\"Rede IFES 24.10.19 &#8211; Chamada\" href=\"https:\/\/www.ufsm.br\/midias\/tvcampus\/2019\/10\/24\/rede-ifes-24-10-19-chamada\">\n                                                Rede IFES 24.10.19 &#8211; Chamada                    <\/a>\n                    \n                    \n                                        \n                                        \n                                        <\/div>\n                                    <div class=\"col-12 col-lg-4 pb-4\">\n                                            <div class=\"noticias-widget-wrap\" style=\"height: 180px; overflow: hidden;\">\n                            <a title=\"\" href=\"https:\/\/www.ufsm.br\/midias\/tvcampus\/2019\/10\/10\/rede-ifes-10-10-19-chamada\">\n                                <span class=\"visually-hidden\">\n                                    Rede IFES 10.10.19 &#8211; Chamada                                <\/span>\n                                <div class=\"noticias-widget-thumbs h-100\">\n                                    <img decoding=\"async\" class=\"object-fit-cover h-100 w-100\" alt=\"\" srcset=\"https:\/\/www.ufsm.br\/app\/uploads\/sites\/811\/2020\/03\/mqdefault-4-5-300x169.jpg 300w, https:\/\/www.ufsm.br\/app\/uploads\/sites\/811\/2020\/03\/mqdefault-4-5.jpg 320w\" src=\"https:\/\/www.ufsm.br\/app\/uploads\/sites\/811\/2020\/03\/mqdefault-4-5.jpg\"><\/img>\n                                <\/div>\n                            <\/a>\n                        <\/div>\n                                        \n                                        \n                    \n                    <a class=\"noticias-widget-title d-block  m-0 \"  title=\"Rede IFES 10.10.19 &#8211; Chamada\" href=\"https:\/\/www.ufsm.br\/midias\/tvcampus\/2019\/10\/10\/rede-ifes-10-10-19-chamada\">\n                                                Rede IFES 10.10.19 &#8211; Chamada                    <\/a>\n                    \n                    \n                                        \n                                        \n                                        <\/div>\n                                    <div class=\"col-12 col-lg-4 pb-4\">\n                                            <div class=\"noticias-widget-wrap\" style=\"height: 180px; overflow: hidden;\">\n                            <a title=\"\" href=\"https:\/\/www.ufsm.br\/midias\/tvcampus\/2019\/09\/26\/rede-ifes-26-09-19-chamada\">\n                                <span class=\"visually-hidden\">\n                                    Rede IFES 26.09.19 &#8211; Chamada                                <\/span>\n                                <div class=\"noticias-widget-thumbs h-100\">\n                                    <img decoding=\"async\" class=\"object-fit-cover h-100 w-100\" alt=\"\" srcset=\"https:\/\/www.ufsm.br\/app\/uploads\/sites\/811\/2020\/03\/mqdefault-5-5-300x169.jpg 300w, https:\/\/www.ufsm.br\/app\/uploads\/sites\/811\/2020\/03\/mqdefault-5-5.jpg 320w\" src=\"https:\/\/www.ufsm.br\/app\/uploads\/sites\/811\/2020\/03\/mqdefault-5-5.jpg\"><\/img>\n                                <\/div>\n                            <\/a>\n                        <\/div>\n                                        \n                                        \n                    \n                    <a class=\"noticias-widget-title d-block  m-0 \"  title=\"Rede IFES 26.09.19 &#8211; Chamada\" href=\"https:\/\/www.ufsm.br\/midias\/tvcampus\/2019\/09\/26\/rede-ifes-26-09-19-chamada\">\n                                                Rede IFES 26.09.19 &#8211; Chamada                    <\/a>\n                    \n                    \n                                        \n                                        \n                                        <\/div>\n                            <\/div>\n                    <div class=\"row\">\n                                    <div class=\"col-12 col-lg-4 pb-4\">\n                                            <div class=\"noticias-widget-wrap\" style=\"height: 180px; overflow: hidden;\">\n                            <a title=\"\" href=\"https:\/\/www.ufsm.br\/midias\/tvcampus\/2019\/09\/12\/rede-ifes-12-09-19-chamada\">\n                                <span class=\"visually-hidden\">\n                                    Rede IFES 12.09.19 &#8211; Chamada                                <\/span>\n                                <div class=\"noticias-widget-thumbs h-100\">\n                                    <img decoding=\"async\" class=\"object-fit-cover h-100 w-100\" alt=\"\" srcset=\"https:\/\/www.ufsm.br\/app\/uploads\/sites\/811\/2020\/03\/mqdefault-6-5-300x169.jpg 300w, https:\/\/www.ufsm.br\/app\/uploads\/sites\/811\/2020\/03\/mqdefault-6-5.jpg 320w\" src=\"https:\/\/www.ufsm.br\/app\/uploads\/sites\/811\/2020\/03\/mqdefault-6-5.jpg\"><\/img>\n                                <\/div>\n                            <\/a>\n                        <\/div>\n                                        \n                                        \n                    \n                    <a class=\"noticias-widget-title d-block  m-0 \"  title=\"Rede IFES 12.09.19 &#8211; Chamada\" href=\"https:\/\/www.ufsm.br\/midias\/tvcampus\/2019\/09\/12\/rede-ifes-12-09-19-chamada\">\n                                                Rede IFES 12.09.19 &#8211; Chamada                    <\/a>\n                    \n                    \n                                        \n                                        \n                                        <\/div>\n                                    <div class=\"col-12 col-lg-4 pb-4\">\n                                            <div class=\"noticias-widget-wrap\" style=\"height: 180px; overflow: hidden;\">\n                            <a title=\"\" href=\"https:\/\/www.ufsm.br\/midias\/tvcampus\/2019\/08\/29\/rede-ifes-29-08-19-chamada\">\n                                <span class=\"visually-hidden\">\n                                    Rede IFES 29.08.19 &#8211; Chamada                                <\/span>\n                                <div class=\"noticias-widget-thumbs h-100\">\n                                    <img decoding=\"async\" class=\"object-fit-cover h-100 w-100\" alt=\"\" srcset=\"https:\/\/www.ufsm.br\/app\/uploads\/sites\/811\/2020\/03\/mqdefault-7-5-300x169.jpg 300w, https:\/\/www.ufsm.br\/app\/uploads\/sites\/811\/2020\/03\/mqdefault-7-5.jpg 320w\" src=\"https:\/\/www.ufsm.br\/app\/uploads\/sites\/811\/2020\/03\/mqdefault-7-5.jpg\"><\/img>\n                                <\/div>\n                            <\/a>\n                        <\/div>\n                                        \n                                        \n                    \n                    <a class=\"noticias-widget-title d-block  m-0 \"  title=\"Rede IFES 29.08.19 &#8211; Chamada\" href=\"https:\/\/www.ufsm.br\/midias\/tvcampus\/2019\/08\/29\/rede-ifes-29-08-19-chamada\">\n                                                Rede IFES 29.08.19 &#8211; Chamada                    <\/a>\n                    \n                    \n                                        \n                                        \n                                        <\/div>\n                                    <div class=\"col-12 col-lg-4 pb-4\">\n                                            <div class=\"noticias-widget-wrap\" style=\"height: 180px; overflow: hidden;\">\n                            <a title=\"\" href=\"https:\/\/www.ufsm.br\/midias\/tvcampus\/2019\/08\/15\/rede-ifes-15-08-19-chamada\">\n                                <span class=\"visually-hidden\">\n                                    Rede IFES 15.08.19 &#8211; Chamada                                <\/span>\n                                <div class=\"noticias-widget-thumbs h-100\">\n                                    <img decoding=\"async\" class=\"object-fit-cover h-100 w-100\" alt=\"\" srcset=\"https:\/\/www.ufsm.br\/app\/uploads\/sites\/811\/2020\/03\/mqdefault-8-6-300x169.jpg 300w, https:\/\/www.ufsm.br\/app\/uploads\/sites\/811\/2020\/03\/mqdefault-8-6.jpg 320w\" src=\"https:\/\/www.ufsm.br\/app\/uploads\/sites\/811\/2020\/03\/mqdefault-8-6.jpg\"><\/img>\n                                <\/div>\n                            <\/a>\n                        <\/div>\n                                        \n                                        \n                    \n                    <a class=\"noticias-widget-title d-block  m-0 \"  title=\"Rede IFES 15.08.19 &#8211; Chamada\" href=\"https:\/\/www.ufsm.br\/midias\/tvcampus\/2019\/08\/15\/rede-ifes-15-08-19-chamada\">\n                                                Rede IFES 15.08.19 &#8211; Chamada                    <\/a>\n                    \n                    \n                                        \n                                        \n                                        <\/div>\n                            <\/div>\n            <\/div>\n<div class=\"leia-mais p-1\">\n                <a href=\"https:\/\/www.ufsm.br\/midias\/tvcampus\/category\/redelfes\/\">\n            VISUALIZE MAIS            <span class=\"icon-box\">\n                <span class=\"bg-ufsm-widget-icon\">\n                    <i class=\"fas fa-chevron-right\" aria-hidden=\"true\"><\/i>\n                <\/span>\n            <\/span>\n        <\/a>\n    <\/div>\n\t\t<\/div>\n\t\t\t\t<\/div>\n\t\t\t\t\t<\/div>\n\t\t<\/div>\n\t\t\t\t\t<\/div>\n\t\t<\/section>\n\t\t\t\t<\/div>\n\t\t","protected":false},"excerpt":{"rendered":"<p>O RedeIFES, programa da TV Campus mostra a produ\u00e7\u00e3o acad\u00eamica das institui\u00e7\u00f5es de ensino superior do Brasil. Grade de Hor\u00e1rios 00:30:00&nbsp;: &#8211; &#8211; &#8211; &#8211; &#8211; S\u00e1bado &#8211; 01:00:00&nbsp;: &#8211; Ter\u00e7a &#8211; &#8211; &#8211; &#8211; &#8211; 04:30:00&nbsp;: &#8211; &#8211; &#8211; Quinta &#8211; S\u00e1bado &#8211; 05:00:00&nbsp;: &#8211; &#8211; &#8211; &#8211; Sexta &#8211; &#8211; 05:30:00&nbsp;: &#8211; &#8211; [&hellip;]<\/p>\n","protected":false},"author":2492,"featured_media":0,"parent":0,"menu_order":0,"comment_status":"closed","ping_status":"closed","template":"","meta":{"footnotes":""},"categories":[],"tags":[],"class_list":["post-220","page","type-page","status-publish","hentry"],"acf":[],"_links":{"self":[{"href":"https:\/\/www.ufsm.br\/midias\/tvcampus\/wp-json\/wp\/v2\/pages\/220","targetHints":{"allow":["GET"]}}],"collection":[{"href":"https:\/\/www.ufsm.br\/midias\/tvcampus\/wp-json\/wp\/v2\/pages"}],"about":[{"href":"https:\/\/www.ufsm.br\/midias\/tvcampus\/wp-json\/wp\/v2\/types\/page"}],"author":[{"embeddable":true,"href":"https:\/\/www.ufsm.br\/midias\/tvcampus\/wp-json\/wp\/v2\/users\/2492"}],"replies":[{"embeddable":true,"href":"https:\/\/www.ufsm.br\/midias\/tvcampus\/wp-json\/wp\/v2\/comments?post=220"}],"version-history":[{"count":0,"href":"https:\/\/www.ufsm.br\/midias\/tvcampus\/wp-json\/wp\/v2\/pages\/220\/revisions"}],"wp:attachment":[{"href":"https:\/\/www.ufsm.br\/midias\/tvcampus\/wp-json\/wp\/v2\/media?parent=220"}],"wp:term":[{"taxonomy":"category","embeddable":true,"href":"https:\/\/www.ufsm.br\/midias\/tvcampus\/wp-json\/wp\/v2\/categories?post=220"},{"taxonomy":"post_tag","embeddable":true,"href":"https:\/\/www.ufsm.br\/midias\/tvcampus\/wp-json\/wp\/v2\/tags?post=220"}],"curies":[{"name":"wp","href":"https:\/\/api.w.org\/{rel}","templated":true}]}}