{"id":5,"date":"2018-01-18T08:39:17","date_gmt":"2018-01-18T10:39:17","guid":{"rendered":"https:\/\/www.ufsm.br\/cursos\/graduacao\/nutricao\/12352\/?page_id=5"},"modified":"2026-08-25T11:47:42","modified_gmt":"2026-08-25T14:47:42","slug":"pagina-inicial","status":"publish","type":"page","link":"https:\/\/www.ufsm.br\/museus\/arte-ciencia-tecnologia\/","title":{"rendered":"P\u00e1gina Inicial"},"content":{"rendered":"\t\t<div data-elementor-type=\"wp-post\" data-elementor-id=\"5\" class=\"elementor elementor-5\">\n\t\t\t\t\t\t<section class=\"elementor-section elementor-top-section elementor-element elementor-element-9312b39 elementor-section-boxed elementor-section-height-default elementor-section-height-default\" data-id=\"9312b39\" data-element_type=\"section\">\n\t\t\t\t\t\t<div class=\"elementor-container elementor-column-gap-default\">\n\t\t\t\t\t<div class=\"elementor-column elementor-col-100 elementor-top-column elementor-element elementor-element-d0da44c\" data-id=\"d0da44c\" data-element_type=\"column\">\n\t\t\t<div class=\"elementor-widget-wrap elementor-element-populated\">\n\t\t\t\t\t\t<div class=\"elementor-element elementor-element-a27c31c elementor-arrows-position-inside elementor-widget elementor-widget-image-carousel\" data-id=\"a27c31c\" data-element_type=\"widget\" data-settings=\"{&quot;slides_to_show&quot;:&quot;1&quot;,&quot;slides_to_show_tablet&quot;:&quot;1&quot;,&quot;slides_to_show_mobile&quot;:&quot;1&quot;,&quot;navigation&quot;:&quot;arrows&quot;,&quot;autoplay&quot;:&quot;yes&quot;,&quot;pause_on_hover&quot;:&quot;yes&quot;,&quot;pause_on_interaction&quot;:&quot;yes&quot;,&quot;autoplay_speed&quot;:5000,&quot;infinite&quot;:&quot;yes&quot;,&quot;effect&quot;:&quot;slide&quot;,&quot;speed&quot;:500}\" data-widget_type=\"image-carousel.default\">\n\t\t\t\t<div class=\"elementor-widget-container\">\n\t\t\t\t\t<div class=\"elementor-image-carousel-wrapper swiper\" dir=\"ltr\">\n\t\t\t<div class=\"elementor-image-carousel swiper-wrapper\" aria-live=\"off\">\n\t\t\t\t\t\t\t\t<div class=\"swiper-slide\" role=\"group\" aria-roledescription=\"slide\" aria-label=\"1 of 5\"><figure class=\"swiper-slide-inner\"><img decoding=\"async\" class=\"swiper-slide-image\" src=\"https:\/\/www.ufsm.br\/app\/uploads\/sites\/807\/2024\/05\/reforma-mact_2024-03-01.jpg\" alt=\"reforma-mact_2024-03-01\" \/><\/figure><\/div><div class=\"swiper-slide\" role=\"group\" aria-roledescription=\"slide\" aria-label=\"2 of 5\"><figure class=\"swiper-slide-inner\"><img decoding=\"async\" class=\"swiper-slide-image\" src=\"https:\/\/www.ufsm.br\/app\/uploads\/sites\/807\/2020\/02\/banners_site-13.jpg\" alt=\"banners_site-13\" \/><\/figure><\/div><div class=\"swiper-slide\" role=\"group\" aria-roledescription=\"slide\" aria-label=\"3 of 5\"><figure class=\"swiper-slide-inner\"><img decoding=\"async\" class=\"swiper-slide-image\" src=\"https:\/\/www.ufsm.br\/app\/uploads\/sites\/807\/2020\/02\/Layout_Banner_Site_Bioarte.jpg\" alt=\"Layout_Banner_Site_Bioarte\" \/><\/figure><\/div><div class=\"swiper-slide\" role=\"group\" aria-roledescription=\"slide\" aria-label=\"4 of 5\"><figure class=\"swiper-slide-inner\"><img decoding=\"async\" class=\"swiper-slide-image\" src=\"https:\/\/www.ufsm.br\/app\/uploads\/sites\/807\/2020\/02\/NeuroBioarte.jpg\" alt=\"NeuroBioarte\" \/><\/figure><\/div><div class=\"swiper-slide\" role=\"group\" aria-roledescription=\"slide\" aria-label=\"5 of 5\"><figure class=\"swiper-slide-inner\"><img decoding=\"async\" class=\"swiper-slide-image\" src=\"https:\/\/www.ufsm.br\/app\/uploads\/sites\/807\/2020\/02\/Banner_SiteMACT_ACAO2019.jpg\" alt=\"Banner_SiteMACT_ACAO2019\" \/><\/figure><\/div>\t\t\t<\/div>\n\t\t\t\t\t\t\t\t\t\t\t\t<div class=\"elementor-swiper-button elementor-swiper-button-prev\" role=\"button\" tabindex=\"0\">\n\t\t\t\t\t\t<i aria-hidden=\"true\" class=\"eicon-chevron-left\"><\/i>\t\t\t\t\t<\/div>\n\t\t\t\t\t<div class=\"elementor-swiper-button elementor-swiper-button-next\" role=\"button\" tabindex=\"0\">\n\t\t\t\t\t\t<i aria-hidden=\"true\" class=\"eicon-chevron-right\"><\/i>\t\t\t\t\t<\/div>\n\t\t\t\t\n\t\t\t\t\t\t\t\t\t<\/div>\n\t\t\t\t<\/div>\n\t\t\t\t<\/div>\n\t\t\t\t\t<\/div>\n\t\t<\/div>\n\t\t\t\t\t<\/div>\n\t\t<\/section>\n\t\t\t\t<section class=\"elementor-section elementor-top-section elementor-element elementor-element-b214b8c elementor-section-boxed elementor-section-height-default elementor-section-height-default\" data-id=\"b214b8c\" data-element_type=\"section\">\n\t\t\t\t\t\t<div class=\"elementor-container elementor-column-gap-default\">\n\t\t\t\t\t<div class=\"elementor-column elementor-col-66 elementor-top-column elementor-element elementor-element-2f3f84c\" data-id=\"2f3f84c\" data-element_type=\"column\">\n\t\t\t<div class=\"elementor-widget-wrap elementor-element-populated\">\n\t\t\t\t\t\t<div class=\"elementor-element elementor-element-2604ff4 elementor-tabs-view-horizontal elementor-widget elementor-widget-tabs\" data-id=\"2604ff4\" data-element_type=\"widget\" data-widget_type=\"tabs.default\">\n\t\t\t\t<div class=\"elementor-widget-container\">\n\t\t\t\t\t<div class=\"elementor-tabs\">\n\t\t\t<div class=\"elementor-tabs-wrapper\" role=\"tablist\" >\n\t\t\t\t\t\t\t\t\t<div id=\"elementor-tab-title-3981\" class=\"elementor-tab-title elementor-tab-desktop-title\" aria-selected=\"true\" data-tab=\"1\" role=\"tab\" tabindex=\"0\" aria-controls=\"elementor-tab-content-3981\" aria-expanded=\"false\">Apresenta\u00e7\u00e3o<\/div>\n\t\t\t\t\t\t\t\t\t<div id=\"elementor-tab-title-3982\" class=\"elementor-tab-title elementor-tab-desktop-title\" aria-selected=\"false\" data-tab=\"2\" role=\"tab\" tabindex=\"-1\" aria-controls=\"elementor-tab-content-3982\" aria-expanded=\"false\">Presentation<\/div>\n\t\t\t\t\t\t\t\t\t<div id=\"elementor-tab-title-3983\" class=\"elementor-tab-title elementor-tab-desktop-title\" aria-selected=\"false\" data-tab=\"3\" role=\"tab\" tabindex=\"-1\" aria-controls=\"elementor-tab-content-3983\" aria-expanded=\"false\">Presentaci\u00f3n<\/div>\n\t\t\t\t\t\t\t<\/div>\n\t\t\t<div class=\"elementor-tabs-content-wrapper\" role=\"tablist\" aria-orientation=\"vertical\">\n\t\t\t\t\t\t\t\t\t<div class=\"elementor-tab-title elementor-tab-mobile-title\" aria-selected=\"true\" data-tab=\"1\" role=\"tab\" tabindex=\"0\" aria-controls=\"elementor-tab-content-3981\" aria-expanded=\"false\">Apresenta\u00e7\u00e3o<\/div>\n\t\t\t\t\t<div id=\"elementor-tab-content-3981\" class=\"elementor-tab-content elementor-clearfix\" data-tab=\"1\" role=\"tabpanel\" aria-labelledby=\"elementor-tab-title-3981\" tabindex=\"0\" hidden=\"false\"><p>O espa\u00e7o f\u00edsico do MACT \u00e9 inaugurado oficialmente em 2021, no mezanino do Planet\u00e1rio da UFSM, com a coordena\u00e7\u00e3o e responsabilidade compartilhada das professoras Nara Cristina Santos (PPGART\/CAL), Maria Rosa Chitolina Schetinger (PPGBTOX e PPG Educa\u00e7\u00e3o em Ci\u00eancias\/CCNE) e Juliana Vizzotto (PPGCC\/CT). Resulta de um trabalho de mais de uma d\u00e9cada, idealizado em 2010 por duas docentes, quando coordenadoras de p\u00f3s-gradua\u00e7\u00e3o no PPGART\/CAL e PPGBTOX\/CCNE, respectivamente. Em 2011 elas registram o projeto Museu Interativo: Arte, Ci\u00eancia, Tecnologia e Patrim\u00f4nio Cultural (029758) que reuniu um grupo de professores pesquisadores de cinco programas de P\u00f3s-Gradua\u00e7\u00e3o da UFSM: Artes Visuais, Ci\u00eancias Sociais, Educa\u00e7\u00e3o em Ci\u00eancias, Inform\u00e1tica e Patrim\u00f4nio Cultural, para a primeira a\u00e7\u00e3o expositiva. Com o grupo, arquitetos e estudantes projetando um espa\u00e7o f\u00edsico para o museu que acabou n\u00e3o sendo aprovado a \u00e9poca. Naquele ano foi realizada a a\u00e7\u00e3o intitulada Museu Interativo: Arte, Ci\u00eancia, Tecnologia e Patrim\u00f4nio Cultural: Mata 200 milh\u00f5es de anos, no Museu de Arte de Santa Maria (MASM), reunindo artistas, cientistas, docentes e discentes de gradua\u00e7\u00e3o e p\u00f3s-gradua\u00e7\u00e3o das diferentes \u00e1reas.<\/p>\n<p>Com a falta de espa\u00e7o pr\u00f3prio, ainda em 2011, foi realizada a exposi\u00e7\u00e3o Museu Interativo\/Mata 200 milh\u00f5es de anos Anna Barros na Sala Cl\u00e1udio Carriconde\/CAL e MASM. A partir de 2013, as idealizadoras prop\u00f5em \u201ca\u00e7\u00f5es expositivas museais\u201d, como por exemplo Arte-Ci\u00eancia-Tecnologia: Sustentabilidade, que integrou a Mostra PROFITECS na UFSM.<\/p>\n<p>Em 2015 registram o projeto Museu Interativo: Arte \u2013 Ci\u00eancia e Tecnologia\/A\u00e7\u00e3o Neuroarte (039709) e em 2016 o NeuroArTE: Museu Itinerante de Neuroci\u00eancia, Arte e Tecnologia (042615), promovendo novas a\u00e7\u00f5es no CAL, outras no CEFD na UFSM, e na FURG. Neste mesmo ano a primeira a\u00e7\u00e3o vinculada ao Festival Arte Ci\u00eancia Tecnologia, a Neuroci\u00eancia e Arte, do FACTO 3.0. Desde 2017 o projeto Museu Arte-Ci\u00eancia-Tecnologia: A\u00e7\u00f5es Expositivas e Estrat\u00e9gias Museais (046365) consolida a marca MACT, atrav\u00e9s das a\u00e7\u00f5es Neuro Bioarte 2017, (Bio)Arte e Sustentabilidade 2018, Luz (Arte) e Sustentabilidade 2019, \u00c1gua e Sustentabilidade 2020, no CAL.<\/p>\n<p>E as atividades seguem em 2021 com projeto Museu Arte-Ci\u00eancia-Tecnologia: Transdisciplinaridade como Estrat\u00e9gia Curatorial, Expogr\u00e1fica e de Arquivo (055965), consolidando o MACT. Foram organizadas as exposi\u00e7\u00f5es Propaga\u00e7\u00e3o Digital: do in loco ao online 2021, do FACTORS 8.0 \u00c9 BIENALSUR;\u00a0Incertezas 2022, do FACTO 9 (nova nomenclatura do Festival Arte Ci\u00eancia Tecnologia); Natureza e Metamorfose 2023, do FACTO 10 \u00c9 BIENALSUR; Intelig\u00eancia Artificial e Arte Generativa 2024, do FACTO 11. Em 2024 \u00e9 registrado o projeto MACT \u2013 Museu Arte Ci\u00eancia Tecnologia: a transdisciplinaridade como abordagem de pesquisa po\u00e9tica e curatorial (063000). Com Interfaces de Futuros 2025, do FACTO 12 \u00c9 BIENALSUR, o festival passa a ser bienal, com nova edi\u00e7\u00e3o em 2027 e anos \u00edmpares subsequentes.<\/p>\n<p>Desde 2025, o museu tem como respons\u00e1veis os professores Fernando Codevilla (PPGART\/CAL), Raul Dotto Rosa (PPGART\/CAL)\u200b e a professora Cristina Landerdahl (DI\/CAL) na \u00e1rea de Artes; o professor Luiz Caldeira Brant de Tolentino Neto (PPGECQVS\/CCNE) na \u00e1rea das Ci\u00eancias; a professora Juliana Vizzotto (PPGCC\/CT) na \u00e1rea de Tecnologia; e as docentes idealizadoras, hoje aposentadas, Nara Cristina Santos e Maria Rosa Chitolina Schetinger seguem como conselheiras em\u00e9ritas.<\/p><\/div>\n\t\t\t\t\t\t\t\t\t<div class=\"elementor-tab-title elementor-tab-mobile-title\" aria-selected=\"false\" data-tab=\"2\" role=\"tab\" tabindex=\"-1\" aria-controls=\"elementor-tab-content-3982\" aria-expanded=\"false\">Presentation<\/div>\n\t\t\t\t\t<div id=\"elementor-tab-content-3982\" class=\"elementor-tab-content elementor-clearfix\" data-tab=\"2\" role=\"tabpanel\" aria-labelledby=\"elementor-tab-title-3982\" tabindex=\"0\" hidden=\"hidden\"><p>The physical space of MACT was officially inaugurated in 2021 on the mezzanine of the UFSM Planetarium, under the shared coordination and responsibility of professors Nara Cristina Santos (PPGART\/CAL), Maria Rosa Chitolina Schetinger (PPGBTOX and PPG Science Education\/CCNE), and Juliana Vizzotto (PPGCC\/CT). It is the result of over a decade of work, originally conceived in 2010 by two faculty members while they were serving as graduate program coordinators for PPGART\/CAL and PPGBTOX\/CCNE, respectively. In 2011, they registered the project &#8220;Interactive Museum: Art, Science, Technology, and Cultural Heritage&#8221; (029758), which brought together a group of professor-researchers from five UFSM graduate programs\u2014Visual Arts, Social Sciences, Science Education, Informatics, and Cultural Heritage\u2014for their first exhibition initiative. Working alongside the group were architects and students who designed a physical space for the museum, though the proposal was not approved at the time. That same year, an event titled &#8220;Interactive Museum: Art, Science, Technology, and Cultural Heritage: Mata 200 Million Years&#8221; was held at the Santa Maria Art Museum (MASM), bringing together artists, scientists, faculty, and undergraduate and graduate students from these various fields.<\/p>\n<p>Due to the lack of a dedicated venue, the exhibition &#8220;Interactive Museum\/Mata 200 Million Years: Anna Barros&#8221; was held in 2011 at the Cl\u00e1udio Carriconde Hall (CAL) and MASM. Starting in 2013, the initiators proposed &#8220;museum exhibition initiatives,&#8221; such as &#8220;Art-Science-Technology: Sustainability,&#8221; which was part of the PROFITECS showcase at UFSM. In 2015, the project &#8220;Interactive Museum: Art \u2013 Science and Technology\/NeuroArt Action&#8221; (039709) was registered, followed in 2016 by &#8220;NeuroArTE: Traveling Museum of Neuroscience, Art, and Technology&#8221; (042615), fostering new initiatives at CAL, as well as at CEFD (UFSM) and FURG. That same year saw the first activity linked to the Art-Science-Technology Festival (FACTO 3.0)\u2014specifically, &#8220;Neuroscience and Art.&#8221; Since 2017, the project &#8220;Art-Science-Technology Museum: Exhibition Initiatives and Museum Strategies&#8221; (046365) has consolidated the MACT brand through initiatives at CAL such as Neuro Bioart (2017), (Bio)Art and Sustainability (2018), Light (Art) and Sustainability (2019), and Water and Sustainability (2020).<\/p>\n<p>Activities continued into 2021 with the project *Art-Science-Technology Museum: Transdisciplinarity as a Curatorial, Exhibition, and Archival Strategy* (055965), consolidating the MACT. The following exhibitions were organized: *Digital Propagation: From In Situ to Online* (2021), part of FACTORS 8.0 IS BIENALSUR; *Uncertainties* (2022), part of FACTO 9 (the new name for the Art-Science-Technology Festival); *Nature and Metamorphosis* (2023), part of FACTO 10 IS BIENALSUR; and *Artificial Intelligence and Generative Art* (2024), part of FACTO 11. In 2024, the project *MACT \u2013 Art-Science-Technology Museum: Transdisciplinarity as a Poetic and Curatorial Research Approach* (063000) was registered. With *Future Interfaces* (2025)\u2014part of FACTO 12 IS BIENALSUR\u2014the festival transitioned to a biennial format, with the next edition scheduled for 2027 and subsequent odd-numbered years.<\/p>\n<p>Since 2025, the museum has been led by professors Fernando Codevilla (PPGART\/CAL), Raul Dotto Rosa (PPGART\/CAL), and Cristina Landerdahl (DI\/CAL) in the Arts area; Professor Luiz Caldeira Brant de Tolentino Neto (PPGECQVS\/CCNE) in the Sciences area; and Professor Juliana Vizzotto (PPGCC\/CT) in the Technology area. The founding faculty members\u2014Nara Cristina Santos and Maria Rosa Chitolina Schetinger, who are now retired\u2014continue to serve as emeritus advisors.<\/p><\/div>\n\t\t\t\t\t\t\t\t\t<div class=\"elementor-tab-title elementor-tab-mobile-title\" aria-selected=\"false\" data-tab=\"3\" role=\"tab\" tabindex=\"-1\" aria-controls=\"elementor-tab-content-3983\" aria-expanded=\"false\">Presentaci\u00f3n<\/div>\n\t\t\t\t\t<div id=\"elementor-tab-content-3983\" class=\"elementor-tab-content elementor-clearfix\" data-tab=\"3\" role=\"tabpanel\" aria-labelledby=\"elementor-tab-title-3983\" tabindex=\"0\" hidden=\"hidden\"><p>El espacio f\u00edsico del MACT se inaugur\u00f3 oficialmente en 2021, en el entrepiso del Planetario de la UFSM, bajo la coordinaci\u00f3n y responsabilidad compartida de las profesoras Nara Cristina Santos (PPGART\/CAL), Maria Rosa Chitolina Schetinger (PPGBTOX y PPG Educaci\u00f3n en Ciencias\/CCNE) y Juliana Vizzotto (PPGCC\/CT). Es el resultado de un trabajo de m\u00e1s de una d\u00e9cada, ideado en 2010 por dos docentes cuando coordinaban los programas de posgrado PPGART\/CAL y PPGBTOX\/CCNE, respectivamente. En 2011 registraron el proyecto &#8220;Museo Interactivo: Arte, Ciencia, Tecnolog\u00eda y Patrimonio Cultural&#8221; (029758), que reuni\u00f3 a un grupo de profesores investigadores de cinco programas de posgrado de la UFSM \u2014Artes Visuales, Ciencias Sociales, Educaci\u00f3n en Ciencias, Inform\u00e1tica y Patrimonio Cultural\u2014 para la primera iniciativa expositiva. Junto al grupo, arquitectos y estudiantes dise\u00f1aron un espacio f\u00edsico para el museo que, sin embargo, no fue aprobado en aquel momento. Ese mismo a\u00f1o se llev\u00f3 a cabo la actividad titulada &#8220;Museo Interactivo: Arte, Ciencia, Tecnolog\u00eda y Patrimonio Cultural: Mata 200 millones de a\u00f1os&#8221; en el Museo de Arte de Santa Maria (MASM), reuniendo a artistas, cient\u00edficos, docentes y estudiantes de grado y posgrado de las distintas \u00e1reas.<\/p>\n<p>Ante la falta de un espacio propio, tambi\u00e9n en 2011 se realiz\u00f3 la exposici\u00f3n &#8220;Museo Interactivo\/Mata 200 millones de a\u00f1os Anna Barros&#8221; en la Sala Cl\u00e1udio Carriconde (CAL) y en el MASM. A partir de 2013, las impulsoras del proyecto propusieron &#8220;acciones expositivas muse\u00edsticas&#8221;, como por ejemplo &#8220;Arte-Ciencia-Tecnolog\u00eda: Sostenibilidad&#8221;, que form\u00f3 parte de la Muestra PROFITECS en la UFSM. En 2015 registran el proyecto Museo Interactivo: Arte \u2013 Ciencia y Tecnolog\u00eda\/Acci\u00f3n Neuroarte (039709) y en 2016 el NeuroArTE: Museo Itinerante de Neurociencia, Arte y Tecnolog\u00eda (042615), promoviendo nuevas acciones en el CAL, otras en el CEFD de la UFSM y en la FURG. Ese mismo a\u00f1o se realiza la primera acci\u00f3n vinculada al Festival Arte Ciencia Tecnolog\u00eda \u2014Neurociencia y Arte\u2014 de FACTO 3.0. Desde 2017, el proyecto Museo Arte-Ciencia-Tecnolog\u00eda: Acciones Expositivas y Estrategias Museales (046365) consolida la marca MACT a trav\u00e9s de las acciones Neuro Bioarte 2017, (Bio)Arte y Sostenibilidad 2018, Luz (Arte) y Sostenibilidad 2019 y Agua y Sostenibilidad 2020, en el CAL.<\/p>\n<p>Las actividades contin\u00faan en 2021 con el proyecto Museo Arte-Ciencia-Tecnolog\u00eda: Transdisciplinariedad como Estrategia Curatorial, Expogr\u00e1fica y de Archivo (055965), consolidando el MACT. Se organizaron las exposiciones *Propagaci\u00f3n Digital: de lo presencial a lo virtual* (2021), de FACTORS 8.0 ES BIENALSUR; *Incertidumbres* (2022), de FACTO 9 (nueva denominaci\u00f3n del Festival Arte Ciencia Tecnolog\u00eda); *Naturaleza y Metamorfosis* (2023), de FACTO 10 ES BIENALSUR; e *Inteligencia Artificial y Arte Generativo* (2024), de FACTO 11. En 2024 se registra el proyecto MACT \u2013 Museo Arte Ciencia Tecnolog\u00eda: la transdisciplinariedad como enfoque de investigaci\u00f3n po\u00e9tica y curatorial (063000). Con *Interfaces de Futuros* (2025), de FACTO 12 ES BIENALSUR, el festival pasa a celebrarse con car\u00e1cter bienal, con una nueva edici\u00f3n en 2027 y en los a\u00f1os impares subsiguientes.<\/p>\n<p>Desde 2025, los responsables del museo son los profesores Fernando Codevilla (PPGART\/CAL), Raul Dotto Rosa (PPGART\/CAL) y la profesora Cristina Landerdahl (DI\/CAL) en el \u00e1rea de Artes; el profesor Luiz Caldeira Brant de Tolentino Neto (PPGECQVS\/CCNE) en el \u00e1rea de Ciencias; la profesora Juliana Vizzotto (PPGCC\/CT) en el \u00e1rea de Tecnolog\u00eda; y las docentes impulsoras del proyecto, hoy jubiladas, Nara Cristina Santos y Maria Rosa Chitolina Schetinger, contin\u00faan como consejeras em\u00e9ritas.<\/p><\/div>\n\t\t\t\t\t\t\t<\/div>\n\t\t<\/div>\n\t\t\t\t<\/div>\n\t\t\t\t<\/div>\n\t\t\t\t\t<\/div>\n\t\t<\/div>\n\t\t\t\t<div class=\"elementor-column elementor-col-33 elementor-top-column elementor-element elementor-element-66ba1d0\" data-id=\"66ba1d0\" data-element_type=\"column\">\n\t\t\t<div class=\"elementor-widget-wrap elementor-element-populated\">\n\t\t\t\t\t\t<div class=\"elementor-element elementor-element-724f69c elementor-widget elementor-widget-wp-widget-ufsm_noticias_widget\" data-id=\"724f69c\" data-element_type=\"widget\" data-widget_type=\"wp-widget-ufsm_noticias_widget.default\">\n\t\t\t\t<div class=\"elementor-widget-container\">\n\t\t\t<h5 class='titulo-conteudos'>Not\u00edcias<\/h5><div class='widget-noticias-inside'>\n                        <div class=\"row\">\n                                    <div class=\"col-12 col-lg-12 pb-4\">\n                                            <div class=\"noticias-widget-wrap\" style=\"height: 170px; overflow: hidden;\">\n                            <a title=\"\" href=\"https:\/\/www.ufsm.br\/museus\/arte-ciencia-tecnologia\/2026\/06\/03\/exposicao-sospechosas-acao-de-internacionalizacao-promovida-pelo-mact-ufsm\">\n                                <span class=\"visually-hidden\">\n                                    Exposi\u00e7\u00e3o\u00a0&#8220;SOSPECHOSAS&#8221;, a\u00e7\u00e3o de internacionaliza\u00e7\u00e3o promovida pelo MACT\/UFSM.                                <\/span>\n                                <div class=\"noticias-widget-thumbs h-100\">\n                                    <img decoding=\"async\" class=\"object-fit-cover h-100 w-100\" alt=\"\" srcset=\"https:\/\/www.ufsm.br\/app\/uploads\/sites\/807\/2026\/06\/destaque_001-300x143.jpg 300w, https:\/\/www.ufsm.br\/app\/uploads\/sites\/807\/2026\/06\/destaque_001-1024x488.jpg 1024w, https:\/\/www.ufsm.br\/app\/uploads\/sites\/807\/2026\/06\/destaque_001-768x366.jpg 768w, https:\/\/www.ufsm.br\/app\/uploads\/sites\/807\/2026\/06\/destaque_001.jpg 1080w\" src=\"https:\/\/www.ufsm.br\/app\/uploads\/sites\/807\/2026\/06\/destaque_001-1024x488.jpg\"><\/img>\n                                <\/div>\n                            <\/a>\n                        <\/div>\n                                        \n                                        \n                    \n                    <a class=\"noticias-widget-title d-block  m-0 \"  title=\"Exposi\u00e7\u00e3o\u00a0&#8220;SOSPECHOSAS&#8221;, a\u00e7\u00e3o de internacionaliza\u00e7\u00e3o promovida pelo MACT\/UFSM.\" href=\"https:\/\/www.ufsm.br\/museus\/arte-ciencia-tecnologia\/2026\/06\/03\/exposicao-sospechosas-acao-de-internacionalizacao-promovida-pelo-mact-ufsm\">\n                                                Exposi\u00e7\u00e3o\u00a0&#8220;SOSPECHOSAS&#8221;, a\u00e7\u00e3o de internacionaliza\u00e7\u00e3o promovida pelo MACT\/UFSM.                    <\/a>\n                    \n                                            <div class=\"noticias-widget-introtext\">\n                            \u00a0 A Embaixada do Brasil em Buenos Aires, em parceria com o MACT\/UFSM e outras institui\u00e7\u00f5es da Argentina e do Brasil, apresenta a exposi\u00e7\u00e3o\u00a0&#8220;Sospechosas&#8220;, da artista\u00a0Giselle Beiguelman (USP), aberta a partir de 04 de junho, em Buenos Aires. \u00a0 O&hellip;                        <\/div>\n                    \n                                        \n                                        \n                                            \n                                                    <div title=\"Publicado em 03\/06\/2026 \" class=\"data-publicacao-widget\">\n                                <i  class=\"far fa-clock\"><\/i>\n                                03\/06\/2026                             <\/div>\n                                                                <\/div>\n                            <\/div>\n            <\/div>\n\t\t<\/div>\n\t\t\t\t<\/div>\n\t\t\t\t<div class=\"elementor-element elementor-element-d9f0d3e elementor-shape-circle e-grid-align-right elementor-absolute elementor-grid-0 elementor-widget elementor-widget-social-icons\" data-id=\"d9f0d3e\" data-element_type=\"widget\" data-settings=\"{&quot;_position&quot;:&quot;absolute&quot;}\" data-widget_type=\"social-icons.default\">\n\t\t\t\t<div class=\"elementor-widget-container\">\n\t\t\t\t\t<div class=\"elementor-social-icons-wrapper elementor-grid\">\n\t\t\t\t\t\t\t<span class=\"elementor-grid-item\">\n\t\t\t\t\t<a class=\"elementor-icon elementor-social-icon elementor-social-icon-facebook elementor-animation-hang elementor-repeater-item-02fa68f\" href=\"https:\/\/www.facebook.com\/museuarteciencia\" target=\"_blank\">\n\t\t\t\t\t\t<span class=\"elementor-screen-only\">Facebook<\/span>\n\t\t\t\t\t\t<i class=\"fab fa-facebook\"><\/i>\t\t\t\t\t<\/a>\n\t\t\t\t<\/span>\n\t\t\t\t\t\t\t<span class=\"elementor-grid-item\">\n\t\t\t\t\t<a class=\"elementor-icon elementor-social-icon elementor-social-icon-instagram elementor-animation-hang elementor-repeater-item-1893793\" href=\"https:\/\/www.instagram.com\/mact.ufsm\/\" target=\"_blank\">\n\t\t\t\t\t\t<span class=\"elementor-screen-only\">Instagram<\/span>\n\t\t\t\t\t\t<i class=\"fab fa-instagram\"><\/i>\t\t\t\t\t<\/a>\n\t\t\t\t<\/span>\n\t\t\t\t\t<\/div>\n\t\t\t\t<\/div>\n\t\t\t\t<\/div>\n\t\t\t\t\t<\/div>\n\t\t<\/div>\n\t\t\t\t\t<\/div>\n\t\t<\/section>\n\t\t\t\t<section class=\"elementor-section elementor-top-section elementor-element elementor-element-43722f0 elementor-section-boxed elementor-section-height-default elementor-section-height-default\" data-id=\"43722f0\" data-element_type=\"section\">\n\t\t\t\t\t\t<div class=\"elementor-container elementor-column-gap-default\">\n\t\t\t\t\t<div class=\"elementor-column elementor-col-100 elementor-top-column elementor-element elementor-element-c9a3df5\" data-id=\"c9a3df5\" data-element_type=\"column\">\n\t\t\t<div class=\"elementor-widget-wrap elementor-element-populated\">\n\t\t\t\t\t\t<div class=\"elementor-element elementor-element-e1f69c6 elementor-widget elementor-widget-heading\" data-id=\"e1f69c6\" data-element_type=\"widget\" data-widget_type=\"heading.default\">\n\t\t\t\t<div class=\"elementor-widget-container\">\n\t\t\t<h5 class=\"elementor-heading-title elementor-size-default\">Agendamento das Visitas<\/h5>\t\t<\/div>\n\t\t\t\t<\/div>\n\t\t\t\t<div class=\"elementor-element elementor-element-c85e968 elementor-widget elementor-widget-text-editor\" data-id=\"c85e968\" data-element_type=\"widget\" data-widget_type=\"text-editor.default\">\n\t\t\t\t<div class=\"elementor-widget-container\">\n\t\t\t\t\t\t\t<p><strong>As visitas ao museu est\u00e3o suspensas em raz\u00e3o de obras de reforma que ocorrem no MACT, com previs\u00e3o de retorno das atividades no segundo semestre de 2026.<\/strong><\/p>\n<p>e-mail: mactmuseu@ufsm.br<\/p>\n<p>Hor\u00e1rios | <em>Em breve<\/em>.<\/p>\t\t\t\t\t\t<\/div>\n\t\t\t\t<\/div>\n\t\t\t\t\t<\/div>\n\t\t<\/div>\n\t\t\t\t\t<\/div>\n\t\t<\/section>\n\t\t\t\t<section class=\"elementor-section elementor-top-section elementor-element elementor-element-61bfd71 elementor-section-boxed elementor-section-height-default elementor-section-height-default\" data-id=\"61bfd71\" data-element_type=\"section\">\n\t\t\t\t\t\t<div class=\"elementor-container elementor-column-gap-default\">\n\t\t\t\t\t<div class=\"elementor-column elementor-col-100 elementor-top-column elementor-element elementor-element-8f85da7\" data-id=\"8f85da7\" data-element_type=\"column\">\n\t\t\t<div class=\"elementor-widget-wrap elementor-element-populated\">\n\t\t\t\t\t\t<div class=\"elementor-element elementor-element-150dd03 elementor-widget elementor-widget-heading\" data-id=\"150dd03\" data-element_type=\"widget\" data-widget_type=\"heading.default\">\n\t\t\t\t<div class=\"elementor-widget-container\">\n\t\t\t<h5 class=\"elementor-heading-title elementor-size-default\">Destaque<\/h5>\t\t<\/div>\n\t\t\t\t<\/div>\n\t\t\t\t<div class=\"elementor-element elementor-element-e203cc1 elementor-widget elementor-widget-text-editor\" data-id=\"e203cc1\" data-element_type=\"widget\" data-widget_type=\"text-editor.default\">\n\t\t\t\t<div class=\"elementor-widget-container\">\n\t\t\t\t\t\t\t<p style=\"text-align: justify\">O Museu Arte Ci\u00eancia Tecnologia (MACT) inaugura sua sede f\u00edsica em 20 de agosto de 2021, no mezanino do Planet\u00e1rio da Universidade Federal de Santa Maria (UFSM). O evento presencial, restrito \u00e0s autoridades, tem transmiss\u00e3o simult\u00e2nea na plataforma Farol. A cerim\u00f4nia conta com a participa\u00e7\u00e3o do Reitor da UFSM, Paulo Burmann; o Vice-Reitor da UFSM, Luciano Schuch; o Pr\u00f3-Reitor de Extens\u00e3o, Flavi Ferreira Lisboa Filho; a coordenadora de Cultura e Arte PRE, Vera Lucia Portinho Vianna; a coordenadora da Divis\u00e3o de Museus UFSM, Jaqueline Trentim Machado; o chefe do Planet\u00e1rio R\u00e9gis Augusto Albanese Diniz; as coordenadoras do MACT, Nara Cristina Santos (PPGART\/CAL), Maria Rosa Chitolina (PPGBTOx e PPGECQVS\/CCNE) e Juliana Vizzotto (PPGCC\/CT).<\/p>\n<p style=\"text-align: justify\">Para a inaugura\u00e7\u00e3o, o MACT recebe o Festival Arte Ci\u00eancia e Tecnologia, FACTORS 8.0 da UFSM, que integra a BIENALSUR\/Argentina. A exposi\u00e7\u00e3o de 23 a 27 de agosto de 2021, aborda a Propaga\u00e7\u00e3o Digital do In loco ao Online. Para isso conta com mostra IN LOCO no Planet\u00e1rio (n\u00e3o aberta para visita\u00e7\u00e3o, somente para registro, em fun\u00e7\u00e3o da pandemia) e ONLINE nas redes sociais. <a href=\"https:\/\/www.facebook.com\/museuarteciencia\" target=\"_blank\" rel=\"noopener\">Facebook: @museuarteciencia<\/a>, <a href=\"https:\/\/www.instagram.com\/mact.ufsm\/\" target=\"_blank\" rel=\"noopener\">Instagram: @mact.ufsm<\/a>, <a href=\"https:\/\/www.youtube.com\/channel\/UCw274rzHP9t7muJG9zAW_aw?view_as=subscriber\" target=\"_blank\" rel=\"noopener\">YouTube: LabartUFSM<\/a>.<\/p>\t\t\t\t\t\t<\/div>\n\t\t\t\t<\/div>\n\t\t\t\t\t<\/div>\n\t\t<\/div>\n\t\t\t\t\t<\/div>\n\t\t<\/section>\n\t\t\t\t<\/div>\n\t\t","protected":false},"excerpt":{"rendered":"<p>Apresenta\u00e7\u00e3o Presentation Presentaci\u00f3n Apresenta\u00e7\u00e3o O espa\u00e7o f\u00edsico do MACT \u00e9 inaugurado oficialmente em 2021, no mezanino do Planet\u00e1rio da UFSM, com a coordena\u00e7\u00e3o e responsabilidade compartilhada das professoras Nara Cristina Santos (PPGART\/CAL), Maria Rosa Chitolina Schetinger (PPGBTOX e PPG Educa\u00e7\u00e3o em Ci\u00eancias\/CCNE) e Juliana Vizzotto (PPGCC\/CT). Resulta de um trabalho de mais de uma d\u00e9cada, [&hellip;]<\/p>\n","protected":false},"author":1884,"featured_media":0,"parent":0,"menu_order":0,"comment_status":"closed","ping_status":"closed","template":"","meta":{"footnotes":""},"categories":[],"tags":[],"class_list":["post-5","page","type-page","status-publish","hentry"],"acf":[],"_links":{"self":[{"href":"https:\/\/www.ufsm.br\/museus\/arte-ciencia-tecnologia\/wp-json\/wp\/v2\/pages\/5","targetHints":{"allow":["GET"]}}],"collection":[{"href":"https:\/\/www.ufsm.br\/museus\/arte-ciencia-tecnologia\/wp-json\/wp\/v2\/pages"}],"about":[{"href":"https:\/\/www.ufsm.br\/museus\/arte-ciencia-tecnologia\/wp-json\/wp\/v2\/types\/page"}],"author":[{"embeddable":true,"href":"https:\/\/www.ufsm.br\/museus\/arte-ciencia-tecnologia\/wp-json\/wp\/v2\/users\/1884"}],"replies":[{"embeddable":true,"href":"https:\/\/www.ufsm.br\/museus\/arte-ciencia-tecnologia\/wp-json\/wp\/v2\/comments?post=5"}],"version-history":[{"count":0,"href":"https:\/\/www.ufsm.br\/museus\/arte-ciencia-tecnologia\/wp-json\/wp\/v2\/pages\/5\/revisions"}],"wp:attachment":[{"href":"https:\/\/www.ufsm.br\/museus\/arte-ciencia-tecnologia\/wp-json\/wp\/v2\/media?parent=5"}],"wp:term":[{"taxonomy":"category","embeddable":true,"href":"https:\/\/www.ufsm.br\/museus\/arte-ciencia-tecnologia\/wp-json\/wp\/v2\/categories?post=5"},{"taxonomy":"post_tag","embeddable":true,"href":"https:\/\/www.ufsm.br\/museus\/arte-ciencia-tecnologia\/wp-json\/wp\/v2\/tags?post=5"}],"curies":[{"name":"wp","href":"https:\/\/api.w.org\/{rel}","templated":true}]}}