{"id":216,"date":"2020-02-11T11:05:12","date_gmt":"2020-02-11T14:05:12","guid":{"rendered":"https:\/\/www.ufsm.br\/unidades-universitarias\/ccr\/msrs\/?page_id=216"},"modified":"2021-06-28T20:49:28","modified_gmt":"2021-06-28T23:49:28","slug":"relacao-solo-paisagem","status":"publish","type":"page","link":"https:\/\/www.ufsm.br\/museus\/msrs\/relacao-solo-paisagem","title":{"rendered":"Rela\u00e7\u00e3o Solo-Paisagem no RS"},"content":{"rendered":"\t\t<div data-elementor-type=\"wp-page\" data-elementor-id=\"216\" class=\"elementor elementor-216\">\n\t\t\t\t\t\t<section class=\"elementor-section elementor-top-section elementor-element elementor-element-94cd45d elementor-section-boxed elementor-section-height-default elementor-section-height-default\" data-id=\"94cd45d\" data-element_type=\"section\">\n\t\t\t\t\t\t<div class=\"elementor-container elementor-column-gap-default\">\n\t\t\t\t\t<div class=\"elementor-column elementor-col-100 elementor-top-column elementor-element elementor-element-4c5de7c\" data-id=\"4c5de7c\" data-element_type=\"column\">\n\t\t\t<div class=\"elementor-widget-wrap elementor-element-populated\">\n\t\t\t\t\t\t<div class=\"elementor-element elementor-element-d592e21 elementor-widget elementor-widget-text-editor\" data-id=\"d592e21\" data-element_type=\"widget\" data-widget_type=\"text-editor.default\">\n\t\t\t\t<div class=\"elementor-widget-container\">\n\t\t\t\t\t\t\t<p style=\"text-align: center\"><strong>Conhe\u00e7a a rela\u00e7\u00e3o dos solos com as diferentes superf\u00edcies geom\u00f3rficas do Rio Grande do Sul, conhecida como rela\u00e7\u00e3o solo-paisagem.<\/strong><\/p>\t\t\t\t\t\t<\/div>\n\t\t\t\t<\/div>\n\t\t\t\t\t<\/div>\n\t\t<\/div>\n\t\t\t\t\t<\/div>\n\t\t<\/section>\n\t\t\t\t<section class=\"elementor-section elementor-top-section elementor-element elementor-element-7057ec2 elementor-section-boxed elementor-section-height-default elementor-section-height-default\" data-id=\"7057ec2\" data-element_type=\"section\">\n\t\t\t\t\t\t<div class=\"elementor-container elementor-column-gap-default\">\n\t\t\t\t\t<div class=\"elementor-column elementor-col-100 elementor-top-column elementor-element elementor-element-f9defe8\" data-id=\"f9defe8\" data-element_type=\"column\">\n\t\t\t<div class=\"elementor-widget-wrap elementor-element-populated\">\n\t\t\t\t\t\t<div class=\"elementor-element elementor-element-13b97f3 elementor-widget elementor-widget-toggle\" data-id=\"13b97f3\" data-element_type=\"widget\" data-widget_type=\"toggle.default\">\n\t\t\t\t<div class=\"elementor-widget-container\">\n\t\t\t\t\t<div class=\"elementor-toggle\">\n\t\t\t\t\t\t\t<div class=\"elementor-toggle-item\">\n\t\t\t\t\t<div id=\"elementor-tab-title-2061\" class=\"elementor-tab-title\" data-tab=\"1\" role=\"button\" aria-controls=\"elementor-tab-content-2061\" aria-expanded=\"false\">\n\t\t\t\t\t\t\t\t\t\t\t\t<span class=\"elementor-toggle-icon elementor-toggle-icon-left\" aria-hidden=\"true\">\n\t\t\t\t\t\t\t\t\t\t\t\t\t\t\t<span class=\"elementor-toggle-icon-closed\"><i class=\"fas fa-caret-right\"><\/i><\/span>\n\t\t\t\t\t\t\t\t<span class=\"elementor-toggle-icon-opened\"><i class=\"elementor-toggle-icon-opened fas fa-caret-up\"><\/i><\/span>\n\t\t\t\t\t\t\t\t\t\t\t\t\t<\/span>\n\t\t\t\t\t\t\t\t\t\t\t\t<a class=\"elementor-toggle-title\" tabindex=\"0\">REGI\u00c3O DO PLANALTO<\/a>\n\t\t\t\t\t<\/div>\n\n\t\t\t\t\t<div id=\"elementor-tab-content-2061\" class=\"elementor-tab-content elementor-clearfix\" data-tab=\"1\" role=\"region\" aria-labelledby=\"elementor-tab-title-2061\"><p><strong>Solos do Noroeste do RS (Serra do Noroeste)<\/strong><\/p><p><img fetchpriority=\"high\" decoding=\"async\" class=\"aligncenter wp-image-993 size-large\" src=\"https:\/\/www.ufsm.br\/app\/uploads\/sites\/806\/2021\/06\/Catena-Norte-e-rebordo-RS-1024x651.jpg\" alt=\"\" width=\"1024\" height=\"651\" srcset=\"https:\/\/www.ufsm.br\/app\/uploads\/sites\/806\/2021\/06\/Catena-Norte-e-rebordo-RS-1024x651.jpg 1024w, https:\/\/www.ufsm.br\/app\/uploads\/sites\/806\/2021\/06\/Catena-Norte-e-rebordo-RS-300x191.jpg 300w, https:\/\/www.ufsm.br\/app\/uploads\/sites\/806\/2021\/06\/Catena-Norte-e-rebordo-RS-768x488.jpg 768w, https:\/\/www.ufsm.br\/app\/uploads\/sites\/806\/2021\/06\/Catena-Norte-e-rebordo-RS-1536x976.jpg 1536w, https:\/\/www.ufsm.br\/app\/uploads\/sites\/806\/2021\/06\/Catena-Norte-e-rebordo-RS.jpg 1920w\" sizes=\"(max-width: 1024px) 100vw, 1024px\" \/><\/p><p><strong>\u00a0Solos do Planalto do RS<\/strong><\/p><p><strong><img decoding=\"async\" class=\"aligncenter wp-image-994 size-large\" src=\"https:\/\/www.ufsm.br\/app\/uploads\/sites\/806\/2021\/06\/Catena-Planalto-RS-3-1024x670.jpg\" alt=\"\" width=\"1024\" height=\"670\" srcset=\"https:\/\/www.ufsm.br\/app\/uploads\/sites\/806\/2021\/06\/Catena-Planalto-RS-3-1024x670.jpg 1024w, https:\/\/www.ufsm.br\/app\/uploads\/sites\/806\/2021\/06\/Catena-Planalto-RS-3-300x196.jpg 300w, https:\/\/www.ufsm.br\/app\/uploads\/sites\/806\/2021\/06\/Catena-Planalto-RS-3-768x502.jpg 768w, https:\/\/www.ufsm.br\/app\/uploads\/sites\/806\/2021\/06\/Catena-Planalto-RS-3-1536x1005.jpg 1536w, https:\/\/www.ufsm.br\/app\/uploads\/sites\/806\/2021\/06\/Catena-Planalto-RS-3.jpg 1920w\" sizes=\"(max-width: 1024px) 100vw, 1024px\" \/><\/strong><\/p><p><strong>\u00a0Solos dos Campos de Cima da Serra do RS<\/strong><\/p><p><img decoding=\"async\" class=\"aligncenter wp-image-1001 size-large\" src=\"https:\/\/www.ufsm.br\/app\/uploads\/sites\/806\/2021\/06\/Paisagem-planalto-3-1024x757.jpg\" alt=\"\" width=\"1024\" height=\"757\" srcset=\"https:\/\/www.ufsm.br\/app\/uploads\/sites\/806\/2021\/06\/Paisagem-planalto-3-1024x757.jpg 1024w, https:\/\/www.ufsm.br\/app\/uploads\/sites\/806\/2021\/06\/Paisagem-planalto-3-300x222.jpg 300w, https:\/\/www.ufsm.br\/app\/uploads\/sites\/806\/2021\/06\/Paisagem-planalto-3-768x568.jpg 768w, https:\/\/www.ufsm.br\/app\/uploads\/sites\/806\/2021\/06\/Paisagem-planalto-3-1536x1135.jpg 1536w, https:\/\/www.ufsm.br\/app\/uploads\/sites\/806\/2021\/06\/Paisagem-planalto-3-2048x1514.jpg 2048w\" sizes=\"(max-width: 1024px) 100vw, 1024px\" \/><\/p><p><strong>\u00a0Solos das bordas dos c\u00e2nions do RS<\/strong><\/p><p><img loading=\"lazy\" decoding=\"async\" class=\"aligncenter wp-image-1000 size-large\" src=\"https:\/\/www.ufsm.br\/app\/uploads\/sites\/806\/2021\/06\/Paisagem-planalto-2-1024x768.jpg\" alt=\"\" width=\"1024\" height=\"768\" srcset=\"https:\/\/www.ufsm.br\/app\/uploads\/sites\/806\/2021\/06\/Paisagem-planalto-2-1024x768.jpg 1024w, https:\/\/www.ufsm.br\/app\/uploads\/sites\/806\/2021\/06\/Paisagem-planalto-2-300x225.jpg 300w, https:\/\/www.ufsm.br\/app\/uploads\/sites\/806\/2021\/06\/Paisagem-planalto-2-768x576.jpg 768w, https:\/\/www.ufsm.br\/app\/uploads\/sites\/806\/2021\/06\/Paisagem-planalto-2-1536x1152.jpg 1536w, https:\/\/www.ufsm.br\/app\/uploads\/sites\/806\/2021\/06\/Paisagem-planalto-2-2048x1536.jpg 2048w\" sizes=\"(max-width: 1024px) 100vw, 1024px\" \/><\/p><p><strong>\u00a0Solos da Serra Ga\u00facha<br \/><\/strong><\/p><p><img loading=\"lazy\" decoding=\"async\" class=\"aligncenter wp-image-1003 size-large\" src=\"https:\/\/www.ufsm.br\/app\/uploads\/sites\/806\/2021\/06\/Solos-Serra-Gaucha-1024x812.jpg\" alt=\"\" width=\"1024\" height=\"812\" srcset=\"https:\/\/www.ufsm.br\/app\/uploads\/sites\/806\/2021\/06\/Solos-Serra-Gaucha-1024x812.jpg 1024w, https:\/\/www.ufsm.br\/app\/uploads\/sites\/806\/2021\/06\/Solos-Serra-Gaucha-300x238.jpg 300w, https:\/\/www.ufsm.br\/app\/uploads\/sites\/806\/2021\/06\/Solos-Serra-Gaucha-768x609.jpg 768w, https:\/\/www.ufsm.br\/app\/uploads\/sites\/806\/2021\/06\/Solos-Serra-Gaucha-1536x1217.jpg 1536w, https:\/\/www.ufsm.br\/app\/uploads\/sites\/806\/2021\/06\/Solos-Serra-Gaucha.jpg 1957w\" sizes=\"(max-width: 1024px) 100vw, 1024px\" \/><\/p><\/div>\n\t\t\t\t<\/div>\n\t\t\t\t\t\t\t<div class=\"elementor-toggle-item\">\n\t\t\t\t\t<div id=\"elementor-tab-title-2062\" class=\"elementor-tab-title\" data-tab=\"2\" role=\"button\" aria-controls=\"elementor-tab-content-2062\" aria-expanded=\"false\">\n\t\t\t\t\t\t\t\t\t\t\t\t<span class=\"elementor-toggle-icon elementor-toggle-icon-left\" aria-hidden=\"true\">\n\t\t\t\t\t\t\t\t\t\t\t\t\t\t\t<span class=\"elementor-toggle-icon-closed\"><i class=\"fas fa-caret-right\"><\/i><\/span>\n\t\t\t\t\t\t\t\t<span class=\"elementor-toggle-icon-opened\"><i class=\"elementor-toggle-icon-opened fas fa-caret-up\"><\/i><\/span>\n\t\t\t\t\t\t\t\t\t\t\t\t\t<\/span>\n\t\t\t\t\t\t\t\t\t\t\t\t<a class=\"elementor-toggle-title\" tabindex=\"0\">REGI\u00c3O DA DEPRESS\u00c3O CENTRAL<\/a>\n\t\t\t\t\t<\/div>\n\n\t\t\t\t\t<div id=\"elementor-tab-content-2062\" class=\"elementor-tab-content elementor-clearfix\" data-tab=\"2\" role=\"region\" aria-labelledby=\"elementor-tab-title-2062\"><p><strong>Solos da Depress\u00e3o Central do RS<br \/><\/strong><\/p><p><img loading=\"lazy\" decoding=\"async\" class=\"aligncenter wp-image-992 size-large\" src=\"https:\/\/www.ufsm.br\/app\/uploads\/sites\/806\/2021\/06\/Catena-Depressao-RS-1024x670.jpg\" alt=\"\" width=\"1024\" height=\"670\" srcset=\"https:\/\/www.ufsm.br\/app\/uploads\/sites\/806\/2021\/06\/Catena-Depressao-RS-1024x670.jpg 1024w, https:\/\/www.ufsm.br\/app\/uploads\/sites\/806\/2021\/06\/Catena-Depressao-RS-300x196.jpg 300w, https:\/\/www.ufsm.br\/app\/uploads\/sites\/806\/2021\/06\/Catena-Depressao-RS-768x502.jpg 768w, https:\/\/www.ufsm.br\/app\/uploads\/sites\/806\/2021\/06\/Catena-Depressao-RS-1536x1005.jpg 1536w, https:\/\/www.ufsm.br\/app\/uploads\/sites\/806\/2021\/06\/Catena-Depressao-RS.jpg 1920w\" sizes=\"(max-width: 1024px) 100vw, 1024px\" \/><\/p><\/div>\n\t\t\t\t<\/div>\n\t\t\t\t\t\t\t<div class=\"elementor-toggle-item\">\n\t\t\t\t\t<div id=\"elementor-tab-title-2063\" class=\"elementor-tab-title\" data-tab=\"3\" role=\"button\" aria-controls=\"elementor-tab-content-2063\" aria-expanded=\"false\">\n\t\t\t\t\t\t\t\t\t\t\t\t<span class=\"elementor-toggle-icon elementor-toggle-icon-left\" aria-hidden=\"true\">\n\t\t\t\t\t\t\t\t\t\t\t\t\t\t\t<span class=\"elementor-toggle-icon-closed\"><i class=\"fas fa-caret-right\"><\/i><\/span>\n\t\t\t\t\t\t\t\t<span class=\"elementor-toggle-icon-opened\"><i class=\"elementor-toggle-icon-opened fas fa-caret-up\"><\/i><\/span>\n\t\t\t\t\t\t\t\t\t\t\t\t\t<\/span>\n\t\t\t\t\t\t\t\t\t\t\t\t<a class=\"elementor-toggle-title\" tabindex=\"0\">REGI\u00c3O DO LITORAL<\/a>\n\t\t\t\t\t<\/div>\n\n\t\t\t\t\t<div id=\"elementor-tab-content-2063\" class=\"elementor-tab-content elementor-clearfix\" data-tab=\"3\" role=\"region\" aria-labelledby=\"elementor-tab-title-2063\"><p><strong>Solos do Litoral Norte do RS<\/strong><\/p><p><img loading=\"lazy\" decoding=\"async\" class=\"aligncenter wp-image-999 size-large\" src=\"https:\/\/www.ufsm.br\/app\/uploads\/sites\/806\/2021\/06\/Paisagem-litoral-2-1024x692.jpg\" alt=\"\" width=\"1024\" height=\"692\" srcset=\"https:\/\/www.ufsm.br\/app\/uploads\/sites\/806\/2021\/06\/Paisagem-litoral-2-1024x692.jpg 1024w, https:\/\/www.ufsm.br\/app\/uploads\/sites\/806\/2021\/06\/Paisagem-litoral-2-300x203.jpg 300w, https:\/\/www.ufsm.br\/app\/uploads\/sites\/806\/2021\/06\/Paisagem-litoral-2-768x519.jpg 768w, https:\/\/www.ufsm.br\/app\/uploads\/sites\/806\/2021\/06\/Paisagem-litoral-2-1536x1038.jpg 1536w, https:\/\/www.ufsm.br\/app\/uploads\/sites\/806\/2021\/06\/Paisagem-litoral-2.jpg 1920w\" sizes=\"(max-width: 1024px) 100vw, 1024px\" \/><\/p><\/div>\n\t\t\t\t<\/div>\n\t\t\t\t\t\t\t<div class=\"elementor-toggle-item\">\n\t\t\t\t\t<div id=\"elementor-tab-title-2064\" class=\"elementor-tab-title\" data-tab=\"4\" role=\"button\" aria-controls=\"elementor-tab-content-2064\" aria-expanded=\"false\">\n\t\t\t\t\t\t\t\t\t\t\t\t<span class=\"elementor-toggle-icon elementor-toggle-icon-left\" aria-hidden=\"true\">\n\t\t\t\t\t\t\t\t\t\t\t\t\t\t\t<span class=\"elementor-toggle-icon-closed\"><i class=\"fas fa-caret-right\"><\/i><\/span>\n\t\t\t\t\t\t\t\t<span class=\"elementor-toggle-icon-opened\"><i class=\"elementor-toggle-icon-opened fas fa-caret-up\"><\/i><\/span>\n\t\t\t\t\t\t\t\t\t\t\t\t\t<\/span>\n\t\t\t\t\t\t\t\t\t\t\t\t<a class=\"elementor-toggle-title\" tabindex=\"0\">REGI\u00c3O DO ESCUDO CRISTALINO<\/a>\n\t\t\t\t\t<\/div>\n\n\t\t\t\t\t<div id=\"elementor-tab-content-2064\" class=\"elementor-tab-content elementor-clearfix\" data-tab=\"4\" role=\"region\" aria-labelledby=\"elementor-tab-title-2064\"><p><strong>Solos do Escudo Cristalino<br \/><\/strong><\/p><p><img loading=\"lazy\" decoding=\"async\" class=\"aligncenter wp-image-998 size-large\" src=\"https:\/\/www.ufsm.br\/app\/uploads\/sites\/806\/2021\/06\/Paisagem-escudo-leste-1024x679.jpg\" alt=\"\" width=\"1024\" height=\"679\" srcset=\"https:\/\/www.ufsm.br\/app\/uploads\/sites\/806\/2021\/06\/Paisagem-escudo-leste-1024x679.jpg 1024w, https:\/\/www.ufsm.br\/app\/uploads\/sites\/806\/2021\/06\/Paisagem-escudo-leste-300x199.jpg 300w, https:\/\/www.ufsm.br\/app\/uploads\/sites\/806\/2021\/06\/Paisagem-escudo-leste-768x509.jpg 768w, https:\/\/www.ufsm.br\/app\/uploads\/sites\/806\/2021\/06\/Paisagem-escudo-leste-1536x1018.jpg 1536w, https:\/\/www.ufsm.br\/app\/uploads\/sites\/806\/2021\/06\/Paisagem-escudo-leste.jpg 1920w\" sizes=\"(max-width: 1024px) 100vw, 1024px\" \/><\/p><\/div>\n\t\t\t\t<\/div>\n\t\t\t\t\t\t\t<div class=\"elementor-toggle-item\">\n\t\t\t\t\t<div id=\"elementor-tab-title-2065\" class=\"elementor-tab-title\" data-tab=\"5\" role=\"button\" aria-controls=\"elementor-tab-content-2065\" aria-expanded=\"false\">\n\t\t\t\t\t\t\t\t\t\t\t\t<span class=\"elementor-toggle-icon elementor-toggle-icon-left\" aria-hidden=\"true\">\n\t\t\t\t\t\t\t\t\t\t\t\t\t\t\t<span class=\"elementor-toggle-icon-closed\"><i class=\"fas fa-caret-right\"><\/i><\/span>\n\t\t\t\t\t\t\t\t<span class=\"elementor-toggle-icon-opened\"><i class=\"elementor-toggle-icon-opened fas fa-caret-up\"><\/i><\/span>\n\t\t\t\t\t\t\t\t\t\t\t\t\t<\/span>\n\t\t\t\t\t\t\t\t\t\t\t\t<a class=\"elementor-toggle-title\" tabindex=\"0\">REGI\u00c3O DA CAMPANHA<\/a>\n\t\t\t\t\t<\/div>\n\n\t\t\t\t\t<div id=\"elementor-tab-content-2065\" class=\"elementor-tab-content elementor-clearfix\" data-tab=\"5\" role=\"region\" aria-labelledby=\"elementor-tab-title-2065\"><p><strong>Solos da Campanha do RS (solos argilosos)<\/strong><\/p><p><strong>Substrato basalto<\/strong><\/p><p><img loading=\"lazy\" decoding=\"async\" class=\"aligncenter wp-image-997 size-large\" src=\"https:\/\/www.ufsm.br\/app\/uploads\/sites\/806\/2021\/06\/Paisagem-campanha-argilosa-1024x658.jpg\" alt=\"\" width=\"1024\" height=\"658\" srcset=\"https:\/\/www.ufsm.br\/app\/uploads\/sites\/806\/2021\/06\/Paisagem-campanha-argilosa-1024x658.jpg 1024w, https:\/\/www.ufsm.br\/app\/uploads\/sites\/806\/2021\/06\/Paisagem-campanha-argilosa-300x193.jpg 300w, https:\/\/www.ufsm.br\/app\/uploads\/sites\/806\/2021\/06\/Paisagem-campanha-argilosa-768x494.jpg 768w, https:\/\/www.ufsm.br\/app\/uploads\/sites\/806\/2021\/06\/Paisagem-campanha-argilosa-1536x987.jpg 1536w, https:\/\/www.ufsm.br\/app\/uploads\/sites\/806\/2021\/06\/Paisagem-campanha-argilosa.jpg 1920w\" sizes=\"(max-width: 1024px) 100vw, 1024px\" \/><\/p><p><strong>Substrato Sedimentos finos<\/strong><\/p><p><img loading=\"lazy\" decoding=\"async\" class=\"aligncenter wp-image-1002 size-large\" src=\"https:\/\/www.ufsm.br\/app\/uploads\/sites\/806\/2021\/06\/Solos-Centro-Sul-RS-1024x729.jpg\" alt=\"\" width=\"1024\" height=\"729\" srcset=\"https:\/\/www.ufsm.br\/app\/uploads\/sites\/806\/2021\/06\/Solos-Centro-Sul-RS-1024x729.jpg 1024w, https:\/\/www.ufsm.br\/app\/uploads\/sites\/806\/2021\/06\/Solos-Centro-Sul-RS-300x214.jpg 300w, https:\/\/www.ufsm.br\/app\/uploads\/sites\/806\/2021\/06\/Solos-Centro-Sul-RS-768x547.jpg 768w, https:\/\/www.ufsm.br\/app\/uploads\/sites\/806\/2021\/06\/Solos-Centro-Sul-RS-1536x1094.jpg 1536w, https:\/\/www.ufsm.br\/app\/uploads\/sites\/806\/2021\/06\/Solos-Centro-Sul-RS.jpg 1954w\" sizes=\"(max-width: 1024px) 100vw, 1024px\" \/><\/p><p><strong>Solos da Campanha do RS (solos arenosos)<\/strong><\/p><p><img loading=\"lazy\" decoding=\"async\" class=\"aligncenter wp-image-996 size-large\" src=\"https:\/\/www.ufsm.br\/app\/uploads\/sites\/806\/2021\/06\/Paisagem-campanha-arenosa-1024x702.jpg\" alt=\"\" width=\"1024\" height=\"702\" srcset=\"https:\/\/www.ufsm.br\/app\/uploads\/sites\/806\/2021\/06\/Paisagem-campanha-arenosa-1024x702.jpg 1024w, https:\/\/www.ufsm.br\/app\/uploads\/sites\/806\/2021\/06\/Paisagem-campanha-arenosa-300x206.jpg 300w, https:\/\/www.ufsm.br\/app\/uploads\/sites\/806\/2021\/06\/Paisagem-campanha-arenosa-768x527.jpg 768w, https:\/\/www.ufsm.br\/app\/uploads\/sites\/806\/2021\/06\/Paisagem-campanha-arenosa-1536x1054.jpg 1536w, https:\/\/www.ufsm.br\/app\/uploads\/sites\/806\/2021\/06\/Paisagem-campanha-arenosa.jpg 1920w\" sizes=\"(max-width: 1024px) 100vw, 1024px\" \/><\/p><p><img loading=\"lazy\" decoding=\"async\" class=\"aligncenter wp-image-995 size-large\" src=\"https:\/\/www.ufsm.br\/app\/uploads\/sites\/806\/2021\/06\/Paisagem-campanha-arenosa-2-1024x703.jpg\" alt=\"\" width=\"1024\" height=\"703\" srcset=\"https:\/\/www.ufsm.br\/app\/uploads\/sites\/806\/2021\/06\/Paisagem-campanha-arenosa-2-1024x703.jpg 1024w, https:\/\/www.ufsm.br\/app\/uploads\/sites\/806\/2021\/06\/Paisagem-campanha-arenosa-2-300x206.jpg 300w, https:\/\/www.ufsm.br\/app\/uploads\/sites\/806\/2021\/06\/Paisagem-campanha-arenosa-2-768x528.jpg 768w, https:\/\/www.ufsm.br\/app\/uploads\/sites\/806\/2021\/06\/Paisagem-campanha-arenosa-2-1536x1055.jpg 1536w, https:\/\/www.ufsm.br\/app\/uploads\/sites\/806\/2021\/06\/Paisagem-campanha-arenosa-2.jpg 1920w\" sizes=\"(max-width: 1024px) 100vw, 1024px\" \/><\/p><\/div>\n\t\t\t\t<\/div>\n\t\t\t\t\t\t\t\t<\/div>\n\t\t\t\t<\/div>\n\t\t\t\t<\/div>\n\t\t\t\t\t<\/div>\n\t\t<\/div>\n\t\t\t\t\t<\/div>\n\t\t<\/section>\n\t\t\t\t<\/div>\n\t\t","protected":false},"excerpt":{"rendered":"<p>Conhe\u00e7a a rela\u00e7\u00e3o dos solos com as diferentes superf\u00edcies geom\u00f3rficas do Rio Grande do Sul, conhecida como rela\u00e7\u00e3o solo-paisagem. REGI\u00c3O DO PLANALTO Solos do Noroeste do RS (Serra do Noroeste) \u00a0Solos do Planalto do RS \u00a0Solos dos Campos de Cima da Serra do RS \u00a0Solos das bordas dos c\u00e2nions do RS \u00a0Solos da Serra Ga\u00facha [&hellip;]<\/p>\n","protected":false},"author":867,"featured_media":0,"parent":0,"menu_order":0,"comment_status":"closed","ping_status":"closed","template":"","meta":{"footnotes":""},"categories":[],"tags":[],"class_list":["post-216","page","type-page","status-publish","hentry"],"acf":[],"_links":{"self":[{"href":"https:\/\/www.ufsm.br\/museus\/msrs\/wp-json\/wp\/v2\/pages\/216","targetHints":{"allow":["GET"]}}],"collection":[{"href":"https:\/\/www.ufsm.br\/museus\/msrs\/wp-json\/wp\/v2\/pages"}],"about":[{"href":"https:\/\/www.ufsm.br\/museus\/msrs\/wp-json\/wp\/v2\/types\/page"}],"author":[{"embeddable":true,"href":"https:\/\/www.ufsm.br\/museus\/msrs\/wp-json\/wp\/v2\/users\/867"}],"replies":[{"embeddable":true,"href":"https:\/\/www.ufsm.br\/museus\/msrs\/wp-json\/wp\/v2\/comments?post=216"}],"version-history":[{"count":0,"href":"https:\/\/www.ufsm.br\/museus\/msrs\/wp-json\/wp\/v2\/pages\/216\/revisions"}],"wp:attachment":[{"href":"https:\/\/www.ufsm.br\/museus\/msrs\/wp-json\/wp\/v2\/media?parent=216"}],"wp:term":[{"taxonomy":"category","embeddable":true,"href":"https:\/\/www.ufsm.br\/museus\/msrs\/wp-json\/wp\/v2\/categories?post=216"},{"taxonomy":"post_tag","embeddable":true,"href":"https:\/\/www.ufsm.br\/museus\/msrs\/wp-json\/wp\/v2\/tags?post=216"}],"curies":[{"name":"wp","href":"https:\/\/api.w.org\/{rel}","templated":true}]}}