{"id":143,"date":"2025-11-10T17:10:33","date_gmt":"2025-11-10T20:10:33","guid":{"rendered":"https:\/\/www.ufsm.br\/museus\/museu-do-conhecimento\/?page_id=143"},"modified":"2025-11-11T15:05:40","modified_gmt":"2025-11-11T18:05:40","slug":"galeria-do-museu","status":"publish","type":"page","link":"https:\/\/www.ufsm.br\/museus\/museu-do-conhecimento\/galeria-do-museu","title":{"rendered":"Galeria do Museu"},"content":{"rendered":"\t\t<div data-elementor-type=\"wp-page\" data-elementor-id=\"143\" class=\"elementor elementor-143\">\n\t\t\t\t\t\t<section class=\"elementor-section elementor-top-section elementor-element elementor-element-8da141a elementor-section-boxed elementor-section-height-default elementor-section-height-default\" data-id=\"8da141a\" data-element_type=\"section\">\n\t\t\t\t\t\t<div class=\"elementor-container elementor-column-gap-default\">\n\t\t\t\t\t<div class=\"elementor-column elementor-col-100 elementor-top-column elementor-element elementor-element-313481e\" data-id=\"313481e\" data-element_type=\"column\">\n\t\t\t<div class=\"elementor-widget-wrap elementor-element-populated\">\n\t\t\t\t\t\t<div class=\"elementor-element elementor-element-6368c67 elementor-arrows-position-outside elementor-pagination-position-outside elementor-widget elementor-widget-image-carousel\" data-id=\"6368c67\" data-element_type=\"widget\" data-settings=\"{&quot;slides_to_show&quot;:&quot;2&quot;,&quot;slides_to_scroll&quot;:&quot;2&quot;,&quot;image_spacing_custom&quot;:{&quot;unit&quot;:&quot;px&quot;,&quot;size&quot;:&quot;10&quot;,&quot;sizes&quot;:[]},&quot;navigation&quot;:&quot;both&quot;,&quot;autoplay&quot;:&quot;yes&quot;,&quot;pause_on_hover&quot;:&quot;yes&quot;,&quot;pause_on_interaction&quot;:&quot;yes&quot;,&quot;autoplay_speed&quot;:5000,&quot;infinite&quot;:&quot;yes&quot;,&quot;speed&quot;:500,&quot;image_spacing_custom_tablet&quot;:{&quot;unit&quot;:&quot;px&quot;,&quot;size&quot;:&quot;&quot;,&quot;sizes&quot;:[]},&quot;image_spacing_custom_mobile&quot;:{&quot;unit&quot;:&quot;px&quot;,&quot;size&quot;:&quot;&quot;,&quot;sizes&quot;:[]}}\" data-widget_type=\"image-carousel.default\">\n\t\t\t\t<div class=\"elementor-widget-container\">\n\t\t\t\t\t<div class=\"elementor-image-carousel-wrapper swiper\" dir=\"ltr\">\n\t\t\t<div class=\"elementor-image-carousel swiper-wrapper\" aria-live=\"off\">\n\t\t\t\t\t\t\t\t<div class=\"swiper-slide\" role=\"group\" aria-roledescription=\"slide\" aria-label=\"1 of 14\"><figure class=\"swiper-slide-inner\"><img decoding=\"async\" class=\"swiper-slide-image\" src=\"https:\/\/www.ufsm.br\/app\/uploads\/sites\/917\/2025\/10\/20251003_171347-e1760116653427-768x431.jpg\" alt=\"Ol\u00edmpiada Nacional de Filosofia, primeiro evento no Museu (03.10.2025)\" \/><figcaption class=\"elementor-image-carousel-caption\">Ol\u00edmpiada Nacional de Filosofia, primeiro evento no Museu (03.10.2025)<\/figcaption><\/figure><\/div><div class=\"swiper-slide\" role=\"group\" aria-roledescription=\"slide\" aria-label=\"2 of 14\"><figure class=\"swiper-slide-inner\"><img decoding=\"async\" class=\"swiper-slide-image\" src=\"https:\/\/www.ufsm.br\/app\/uploads\/sites\/917\/2025\/11\/Museu-do-Conhecimento-Entrega-de-Chaves-Foto-Bianca-23-768x432.jpg\" alt=\"Cerim\u00f4nia de Entrega de Chaves (24.10.2025)\" \/><figcaption class=\"elementor-image-carousel-caption\">Cerim\u00f4nia de Entrega de Chaves (24.10.2025)<\/figcaption><\/figure><\/div><div class=\"swiper-slide\" role=\"group\" aria-roledescription=\"slide\" aria-label=\"3 of 14\"><figure class=\"swiper-slide-inner\"><img decoding=\"async\" class=\"swiper-slide-image\" src=\"https:\/\/www.ufsm.br\/app\/uploads\/sites\/917\/2025\/11\/Museu-do-Conhecimento-Entrega-de-Chaves-Foto-Bianca-22-768x576.jpg\" alt=\"Sala Imersiva\" \/><figcaption class=\"elementor-image-carousel-caption\">Sala Imersiva<\/figcaption><\/figure><\/div><div class=\"swiper-slide\" role=\"group\" aria-roledescription=\"slide\" aria-label=\"4 of 14\"><figure class=\"swiper-slide-inner\"><img decoding=\"async\" class=\"swiper-slide-image\" src=\"https:\/\/www.ufsm.br\/app\/uploads\/sites\/917\/2025\/11\/Museu-do-Conhecimento-Entrega-de-Chaves-Foto-Bianca-21-768x432.jpg\" alt=\"Visitantes no \u00c1trio\" \/><figcaption class=\"elementor-image-carousel-caption\">Visitantes no \u00c1trio<\/figcaption><\/figure><\/div><div class=\"swiper-slide\" role=\"group\" aria-roledescription=\"slide\" aria-label=\"5 of 14\"><figure class=\"swiper-slide-inner\"><img decoding=\"async\" class=\"swiper-slide-image\" src=\"https:\/\/www.ufsm.br\/app\/uploads\/sites\/917\/2025\/11\/Museu-do-Conhecimento-Entrega-de-Chaves-Foto-Bianca-20-768x576.jpg\" alt=\"Exposi\u00e7\u00e3o Conclus\u00e3o da Tese de Daffny\" \/><figcaption class=\"elementor-image-carousel-caption\">Exposi\u00e7\u00e3o Conclus\u00e3o da Tese de Daffny <\/figcaption><\/figure><\/div><div class=\"swiper-slide\" role=\"group\" aria-roledescription=\"slide\" aria-label=\"6 of 14\"><figure class=\"swiper-slide-inner\"><img decoding=\"async\" class=\"swiper-slide-image\" src=\"https:\/\/www.ufsm.br\/app\/uploads\/sites\/917\/2025\/11\/Museu-do-Conhecimento-Entrega-de-Chaves-Foto-Bianca-16-768x576.jpg\" alt=\"Sala de Palestra (24.10.2025)\" \/><figcaption class=\"elementor-image-carousel-caption\">Sala de Palestra (24.10.2025)<\/figcaption><\/figure><\/div><div class=\"swiper-slide\" role=\"group\" aria-roledescription=\"slide\" aria-label=\"7 of 14\"><figure class=\"swiper-slide-inner\"><img decoding=\"async\" class=\"swiper-slide-image\" src=\"https:\/\/www.ufsm.br\/app\/uploads\/sites\/917\/2025\/11\/Museu-do-Conhecimento-Entrega-de-Chaves-Foto-Bianca-17-768x432.jpg\" alt=\"Cerim\u00f4nia de Entrega de Chaves (24.10.2025)\" \/><figcaption class=\"elementor-image-carousel-caption\">Cerim\u00f4nia de Entrega de Chaves (24.10.2025)<\/figcaption><\/figure><\/div><div class=\"swiper-slide\" role=\"group\" aria-roledescription=\"slide\" aria-label=\"8 of 14\"><figure class=\"swiper-slide-inner\"><img decoding=\"async\" class=\"swiper-slide-image\" src=\"https:\/\/www.ufsm.br\/app\/uploads\/sites\/917\/2025\/11\/Museu-do-Conhecimento-Entrega-de-Chaves-Foto-Bianca-15-768x432.jpg\" alt=\"Professora coordenadora Cl\u00e1udia Bellochio\" \/><figcaption class=\"elementor-image-carousel-caption\">Professora coordenadora Cl\u00e1udia Bellochio<\/figcaption><\/figure><\/div><div class=\"swiper-slide\" role=\"group\" aria-roledescription=\"slide\" aria-label=\"9 of 14\"><figure class=\"swiper-slide-inner\"><img decoding=\"async\" class=\"swiper-slide-image\" src=\"https:\/\/www.ufsm.br\/app\/uploads\/sites\/917\/2025\/11\/Museu-do-Conhecimento-Entrega-de-Chaves-Foto-Bianca-14-768x432.jpg\" alt=\"Cerim\u00f4nia de Entrega de Chaves (24.10.2025)\" \/><figcaption class=\"elementor-image-carousel-caption\">Cerim\u00f4nia de Entrega de Chaves (24.10.2025)<\/figcaption><\/figure><\/div><div class=\"swiper-slide\" role=\"group\" aria-roledescription=\"slide\" aria-label=\"10 of 14\"><figure class=\"swiper-slide-inner\"><img decoding=\"async\" class=\"swiper-slide-image\" src=\"https:\/\/www.ufsm.br\/app\/uploads\/sites\/917\/2025\/11\/Museu-do-Conhecimento-Entrega-de-Chaves-Foto-Bianca-13-768x576.jpg\" alt=\"Intera\u00e7\u00e3o com os totens\" \/><figcaption class=\"elementor-image-carousel-caption\">Intera\u00e7\u00e3o com os totens<\/figcaption><\/figure><\/div><div class=\"swiper-slide\" role=\"group\" aria-roledescription=\"slide\" aria-label=\"11 of 14\"><figure class=\"swiper-slide-inner\"><img decoding=\"async\" class=\"swiper-slide-image\" src=\"https:\/\/www.ufsm.br\/app\/uploads\/sites\/917\/2025\/11\/Museu-do-Conhecimento-Entrega-de-Chaves-Foto-Bianca-10-768x576.jpg\" alt=\"Sala de Palestra\" \/><figcaption class=\"elementor-image-carousel-caption\">Sala de Palestra<\/figcaption><\/figure><\/div><div class=\"swiper-slide\" role=\"group\" aria-roledescription=\"slide\" aria-label=\"12 of 14\"><figure class=\"swiper-slide-inner\"><img decoding=\"async\" class=\"swiper-slide-image\" src=\"https:\/\/www.ufsm.br\/app\/uploads\/sites\/917\/2025\/10\/Dulce-e1760116607312-768x416.jpg\" alt=\"Palestra Estado do Conhecimento: que bicho \u00e9 esse na pesquisa cient\u00edfica? (23.09.2025)\" \/><figcaption class=\"elementor-image-carousel-caption\">Palestra Estado do Conhecimento: que bicho \u00e9 esse na pesquisa cient\u00edfica? (23.09.2025)<\/figcaption><\/figure><\/div><div class=\"swiper-slide\" role=\"group\" aria-roledescription=\"slide\" aria-label=\"13 of 14\"><figure class=\"swiper-slide-inner\"><img decoding=\"async\" class=\"swiper-slide-image\" src=\"https:\/\/www.ufsm.br\/app\/uploads\/sites\/917\/2025\/11\/museu-frontal-1-768x432.jpg\" alt=\"Museu em contru\u00e7\u00e3o\" \/><figcaption class=\"elementor-image-carousel-caption\">Museu em contru\u00e7\u00e3o<\/figcaption><\/figure><\/div><div class=\"swiper-slide\" role=\"group\" aria-roledescription=\"slide\" aria-label=\"14 of 14\"><figure class=\"swiper-slide-inner\"><img decoding=\"async\" class=\"swiper-slide-image\" src=\"https:\/\/www.ufsm.br\/app\/uploads\/sites\/917\/2025\/11\/Museu-do-Conhecimento-Entrega-de-Chaves-Foto-Bianca-11-3-768x432.jpg\" alt=\"Totem digital \u00e9 usado como suporte para exposi\u00e7\u00f5es\" \/><figcaption class=\"elementor-image-carousel-caption\">Totem digital \u00e9 usado como suporte para exposi\u00e7\u00f5es<\/figcaption><\/figure><\/div>\t\t\t<\/div>\n\t\t\t\t\t\t\t\t\t\t\t\t<div class=\"elementor-swiper-button elementor-swiper-button-prev\" role=\"button\" tabindex=\"0\">\n\t\t\t\t\t\t<i aria-hidden=\"true\" class=\"eicon-chevron-left\"><\/i>\t\t\t\t\t<\/div>\n\t\t\t\t\t<div class=\"elementor-swiper-button elementor-swiper-button-next\" role=\"button\" tabindex=\"0\">\n\t\t\t\t\t\t<i aria-hidden=\"true\" class=\"eicon-chevron-right\"><\/i>\t\t\t\t\t<\/div>\n\t\t\t\t\n\t\t\t\t\t\t\t\t\t<div class=\"swiper-pagination\"><\/div>\n\t\t\t\t\t\t\t\t\t<\/div>\n\t\t\t\t<\/div>\n\t\t\t\t<\/div>\n\t\t\t\t\t<\/div>\n\t\t<\/div>\n\t\t\t\t\t<\/div>\n\t\t<\/section>\n\t\t\t\t<section class=\"elementor-section elementor-top-section elementor-element elementor-element-8a62421 elementor-section-boxed elementor-section-height-default elementor-section-height-default\" data-id=\"8a62421\" data-element_type=\"section\">\n\t\t\t\t\t\t<div class=\"elementor-container elementor-column-gap-default\">\n\t\t\t\t\t<div class=\"elementor-column elementor-col-100 elementor-top-column elementor-element elementor-element-4d52768\" data-id=\"4d52768\" data-element_type=\"column\">\n\t\t\t<div class=\"elementor-widget-wrap elementor-element-populated\">\n\t\t\t\t\t\t<div class=\"elementor-element elementor-element-48ddb82 elementor-widget elementor-widget-spacer\" data-id=\"48ddb82\" data-element_type=\"widget\" data-widget_type=\"spacer.default\">\n\t\t\t\t<div class=\"elementor-widget-container\">\n\t\t\t\t\t<div class=\"elementor-spacer\">\n\t\t\t<div class=\"elementor-spacer-inner\"><\/div>\n\t\t<\/div>\n\t\t\t\t<\/div>\n\t\t\t\t<\/div>\n\t\t\t\t\t<\/div>\n\t\t<\/div>\n\t\t\t\t\t<\/div>\n\t\t<\/section>\n\t\t\t\t<\/div>\n\t\t","protected":false},"excerpt":{"rendered":"<p>Ol\u00edmpiada Nacional de Filosofia, primeiro evento no Museu (03.10.2025) Cerim\u00f4nia de Entrega de Chaves (24.10.2025) Sala Imersiva Visitantes no \u00c1trio Exposi\u00e7\u00e3o Conclus\u00e3o da Tese de Daffny Sala de Palestra (24.10.2025) Cerim\u00f4nia de Entrega de Chaves (24.10.2025) Professora coordenadora Cl\u00e1udia Bellochio Cerim\u00f4nia de Entrega de Chaves (24.10.2025) Intera\u00e7\u00e3o com os totens Sala de Palestra Palestra Estado [&hellip;]<\/p>\n","protected":false},"author":9022,"featured_media":0,"parent":0,"menu_order":0,"comment_status":"closed","ping_status":"closed","template":"","meta":{"footnotes":""},"categories":[],"tags":[],"class_list":["post-143","page","type-page","status-publish","hentry"],"acf":[],"_links":{"self":[{"href":"https:\/\/www.ufsm.br\/museus\/museu-do-conhecimento\/wp-json\/wp\/v2\/pages\/143","targetHints":{"allow":["GET"]}}],"collection":[{"href":"https:\/\/www.ufsm.br\/museus\/museu-do-conhecimento\/wp-json\/wp\/v2\/pages"}],"about":[{"href":"https:\/\/www.ufsm.br\/museus\/museu-do-conhecimento\/wp-json\/wp\/v2\/types\/page"}],"author":[{"embeddable":true,"href":"https:\/\/www.ufsm.br\/museus\/museu-do-conhecimento\/wp-json\/wp\/v2\/users\/9022"}],"replies":[{"embeddable":true,"href":"https:\/\/www.ufsm.br\/museus\/museu-do-conhecimento\/wp-json\/wp\/v2\/comments?post=143"}],"version-history":[{"count":0,"href":"https:\/\/www.ufsm.br\/museus\/museu-do-conhecimento\/wp-json\/wp\/v2\/pages\/143\/revisions"}],"wp:attachment":[{"href":"https:\/\/www.ufsm.br\/museus\/museu-do-conhecimento\/wp-json\/wp\/v2\/media?parent=143"}],"wp:term":[{"taxonomy":"category","embeddable":true,"href":"https:\/\/www.ufsm.br\/museus\/museu-do-conhecimento\/wp-json\/wp\/v2\/categories?post=143"},{"taxonomy":"post_tag","embeddable":true,"href":"https:\/\/www.ufsm.br\/museus\/museu-do-conhecimento\/wp-json\/wp\/v2\/tags?post=143"}],"curies":[{"name":"wp","href":"https:\/\/api.w.org\/{rel}","templated":true}]}}