{"id":7,"date":"2018-08-24T13:00:29","date_gmt":"2018-08-24T16:00:29","guid":{"rendered":"https:\/\/www.ufsm.br\/orgaos-executivos\/dcf\/?page_id=7"},"modified":"2024-07-02T10:26:46","modified_gmt":"2024-07-02T13:26:46","slug":"sobre","status":"publish","type":"page","link":"https:\/\/www.ufsm.br\/orgaos-executivos\/dcf\/sobre","title":{"rendered":"Sobre"},"content":{"rendered":"\t\t<div data-elementor-type=\"wp-post\" data-elementor-id=\"7\" class=\"elementor elementor-7\">\n\t\t\t\t\t\t<section class=\"elementor-section elementor-top-section elementor-element elementor-element-3d09ba84 elementor-section-boxed elementor-section-height-default elementor-section-height-default\" data-id=\"3d09ba84\" data-element_type=\"section\">\n\t\t\t\t\t\t<div class=\"elementor-container elementor-column-gap-default\">\n\t\t\t\t\t<div class=\"elementor-column elementor-col-100 elementor-top-column elementor-element elementor-element-305c97d0\" data-id=\"305c97d0\" data-element_type=\"column\">\n\t\t\t<div class=\"elementor-widget-wrap elementor-element-populated\">\n\t\t\t\t\t\t<div class=\"elementor-element elementor-element-35f72f0a elementor-widget elementor-widget-text-editor\" data-id=\"35f72f0a\" data-element_type=\"widget\" data-widget_type=\"text-editor.default\">\n\t\t\t\t<div class=\"elementor-widget-container\">\n\t\t\t\t\t\t\t<p><span style=\"font-weight: 400;font-family: verdana, geneva, sans-serif;color: #000000\">O Departamento de Contabilidade e Finan\u00e7as (DCF) \u00e9 uma unidade subordinada \u00e0 Pr\u00f3-Reitoria de Administra\u00e7\u00e3o (PRA) e tem por finalidade a execu\u00e7\u00e3o, o assessoramento, supervis\u00e3o, orienta\u00e7\u00e3o, avalia\u00e7\u00e3o, controle e coordena\u00e7\u00e3o nas \u00e1reas or\u00e7ament\u00e1ria, financeira e patrimonial, da Universidade Federal de Santa Maria, no Campus de Santa Maria e suas Unidades Universit\u00e1rias em Silveira Martins, Cachoeira do Sul, Frederico Westphalen e Palmeira das Miss\u00f5es.<\/span><\/p><p><span style=\"font-family: verdana, geneva, sans-serif;color: #000000\"><strong>Miss\u00e3o<\/strong><\/span><\/p><p><span style=\"font-family: verdana, geneva, sans-serif;color: #000000\">Realizar o controle e evidencia\u00e7\u00e3o dos atos e fatos administrativos que refletem a gest\u00e3o or\u00e7ament\u00e1ria, financeira e patrimonial da institui\u00e7\u00e3o, de modo a contribuir para o planejamento, tomada de decis\u00f5es, e transpar\u00eancia das a\u00e7\u00f5es governamentais, levando em contas as normas, os princ\u00edpios da administra\u00e7\u00e3o p\u00fablica e da contabilidade aplicada ao setor p\u00fablico.<\/span><\/p><p><span style=\"font-family: verdana, geneva, sans-serif;color: #000000\"><strong>Vis\u00e3o<\/strong><\/span><\/p><p><span style=\"font-family: verdana, geneva, sans-serif;color: #000000\">Ser reconhecido pela excel\u00eancia em servi\u00e7os cont\u00e1beis pautados na legalidade, \u00e9tica e responsabilidade.<\/span><\/p><p><strong><span style=\"font-family: verdana, geneva, sans-serif;color: #000000\">Valores<\/span><\/strong><\/p><p><span style=\"font-family: verdana, geneva, sans-serif;color: #000000\">\u00c9tica;<\/span><\/p><p><span style=\"font-family: verdana, geneva, sans-serif;color: #000000\">Valoriza\u00e7\u00e3o das pessoas;<\/span><\/p><p><span style=\"font-family: verdana, geneva, sans-serif;color: #000000\">Observ\u00e2ncia aos Princ\u00edpios da Administra\u00e7\u00e3o P\u00fablica;<\/span><\/p><p><span style=\"font-family: verdana, geneva, sans-serif;color: #000000\">Transpar\u00eancia;<\/span><\/p><p><span style=\"font-family: verdana, geneva, sans-serif;color: #000000\">Inova\u00e7\u00e3o.<\/span><\/p>\t\t\t\t\t\t<\/div>\n\t\t\t\t<\/div>\n\t\t\t\t\t<\/div>\n\t\t<\/div>\n\t\t\t\t\t<\/div>\n\t\t<\/section>\n\t\t\t\t<section class=\"elementor-section elementor-top-section elementor-element elementor-element-29cdeb7 elementor-section-boxed elementor-section-height-default elementor-section-height-default\" data-id=\"29cdeb7\" data-element_type=\"section\">\n\t\t\t\t\t\t<div class=\"elementor-container elementor-column-gap-default\">\n\t\t\t\t\t<div class=\"elementor-column elementor-col-100 elementor-top-column elementor-element elementor-element-b287101\" data-id=\"b287101\" data-element_type=\"column\">\n\t\t\t<div class=\"elementor-widget-wrap elementor-element-populated\">\n\t\t\t\t\t\t<div class=\"elementor-element elementor-element-5007557 elementor-widget elementor-widget-heading\" data-id=\"5007557\" data-element_type=\"widget\" data-widget_type=\"heading.default\">\n\t\t\t\t<div class=\"elementor-widget-container\">\n\t\t\t<h5 class=\"elementor-heading-title elementor-size-default\">Atividades desenvolvidas:<\/h5>\t\t<\/div>\n\t\t\t\t<\/div>\n\t\t\t\t\t<\/div>\n\t\t<\/div>\n\t\t\t\t\t<\/div>\n\t\t<\/section>\n\t\t\t\t<section class=\"elementor-section elementor-top-section elementor-element elementor-element-39cf090 elementor-section-boxed elementor-section-height-default elementor-section-height-default\" data-id=\"39cf090\" data-element_type=\"section\">\n\t\t\t\t\t\t<div class=\"elementor-container elementor-column-gap-default\">\n\t\t\t\t\t<div class=\"elementor-column elementor-col-100 elementor-top-column elementor-element elementor-element-4438f0a\" data-id=\"4438f0a\" data-element_type=\"column\">\n\t\t\t<div class=\"elementor-widget-wrap elementor-element-populated\">\n\t\t\t\t\t\t<div class=\"elementor-element elementor-element-203a429 elementor-widget elementor-widget-text-editor\" data-id=\"203a429\" data-element_type=\"widget\" data-widget_type=\"text-editor.default\">\n\t\t\t\t<div class=\"elementor-widget-container\">\n\t\t\t\t\t\t\t<p><span style=\"font-weight: 400;font-family: verdana, geneva, sans-serif;color: #000000\">De acordo com Regimento Geral da Universidade, aprovado na 421\u00aa sess\u00e3o do Conselho Universit\u00e1rio, Art. 42, em 09 de novembro de 1988 e publicado no Di\u00e1rio Oficial da Uni\u00e3o em 02 de janeiro de 1989, o DCF tem como atribui\u00e7\u00e3o:<\/span><\/p><ul><li><span style=\"font-weight: 400;font-family: verdana, geneva, sans-serif;color: #000000;font-size: 12pt\">An\u00e1lise e emiss\u00e3o de empenhos;<\/span><\/li><li><span style=\"font-weight: 400;font-family: verdana, geneva, sans-serif;color: #000000;font-size: 12pt\">Processamento das etapas de: emiss\u00e3o, liquida\u00e7\u00e3o e pagamento das despesas, no Sistema de Administra\u00e7\u00e3o Financeira do Governo Federal &#8211; SIAFI;<\/span><\/li><li><span style=\"font-weight: 400;font-family: verdana, geneva, sans-serif;color: #000000;font-size: 12pt\">Execu\u00e7\u00e3o financeira de contratos;<\/span><\/li><li><span style=\"font-weight: 400;font-family: verdana, geneva, sans-serif;color: #000000;font-size: 12pt\">An\u00e1lise e controle de Suprimento de Fundos;<\/span><\/li><li><span style=\"font-weight: 400;font-family: verdana, geneva, sans-serif;color: #000000;font-size: 12pt\">Execu\u00e7\u00e3o or\u00e7ament\u00e1ria e financeira das despesas, tais como: bolsas estudantis, servi\u00e7os prestados por pessoas f\u00edsicas e jur\u00eddicas, compras, conv\u00eanios e folha de pagamento;<\/span><\/li><li><span style=\"font-weight: 400;font-family: verdana, geneva, sans-serif;color: #000000;font-size: 12pt\">An\u00e1lise e controle de presta\u00e7\u00f5es de contas de di\u00e1rias, suprimento de fundos, conv\u00eanios, lan\u00e7amentos da receita;<\/span><\/li><li><span style=\"font-weight: 400;font-family: verdana, geneva, sans-serif;color: #000000;font-size: 12pt\">Controle da regularidade fiscal junto aos \u00f3rg\u00e3os federais, estaduais, municipais e outros;<\/span><\/li><li><span style=\"font-weight: 400;font-family: verdana, geneva, sans-serif;color: #000000;font-size: 12pt\">Participa\u00e7\u00e3o no processo de elabora\u00e7\u00e3o da presta\u00e7\u00e3o de contas anual da UFSM, e encaminhamento da mesma aos \u00f3rg\u00e3os superiores da Institui\u00e7\u00e3o para aprova\u00e7\u00e3o e ap\u00f3s, aos \u00f3rg\u00e3os de Controle Interno do Minist\u00e9rio da Educa\u00e7\u00e3o (MEC) e Controle Externo (TCU e CGU).<\/span><\/li><\/ul>\t\t\t\t\t\t<\/div>\n\t\t\t\t<\/div>\n\t\t\t\t\t<\/div>\n\t\t<\/div>\n\t\t\t\t\t<\/div>\n\t\t<\/section>\n\t\t\t\t<\/div>\n\t\t","protected":false},"excerpt":{"rendered":"<p>O Departamento de Contabilidade e Finan\u00e7as (DCF) \u00e9 uma unidade subordinada \u00e0 Pr\u00f3-Reitoria de Administra\u00e7\u00e3o (PRA) e tem por finalidade a execu\u00e7\u00e3o, o assessoramento, supervis\u00e3o, orienta\u00e7\u00e3o, avalia\u00e7\u00e3o, controle e coordena\u00e7\u00e3o nas \u00e1reas or\u00e7ament\u00e1ria, financeira e patrimonial, da Universidade Federal de Santa Maria, no Campus de Santa Maria e suas Unidades Universit\u00e1rias em Silveira Martins, Cachoeira [&hellip;]<\/p>\n","protected":false},"author":117,"featured_media":0,"parent":0,"menu_order":0,"comment_status":"closed","ping_status":"closed","template":"","meta":{"footnotes":""},"categories":[],"tags":[],"class_list":["post-7","page","type-page","status-publish","hentry"],"acf":[],"_links":{"self":[{"href":"https:\/\/www.ufsm.br\/orgaos-executivos\/dcf\/wp-json\/wp\/v2\/pages\/7","targetHints":{"allow":["GET"]}}],"collection":[{"href":"https:\/\/www.ufsm.br\/orgaos-executivos\/dcf\/wp-json\/wp\/v2\/pages"}],"about":[{"href":"https:\/\/www.ufsm.br\/orgaos-executivos\/dcf\/wp-json\/wp\/v2\/types\/page"}],"author":[{"embeddable":true,"href":"https:\/\/www.ufsm.br\/orgaos-executivos\/dcf\/wp-json\/wp\/v2\/users\/117"}],"replies":[{"embeddable":true,"href":"https:\/\/www.ufsm.br\/orgaos-executivos\/dcf\/wp-json\/wp\/v2\/comments?post=7"}],"version-history":[{"count":0,"href":"https:\/\/www.ufsm.br\/orgaos-executivos\/dcf\/wp-json\/wp\/v2\/pages\/7\/revisions"}],"wp:attachment":[{"href":"https:\/\/www.ufsm.br\/orgaos-executivos\/dcf\/wp-json\/wp\/v2\/media?parent=7"}],"wp:term":[{"taxonomy":"category","embeddable":true,"href":"https:\/\/www.ufsm.br\/orgaos-executivos\/dcf\/wp-json\/wp\/v2\/categories?post=7"},{"taxonomy":"post_tag","embeddable":true,"href":"https:\/\/www.ufsm.br\/orgaos-executivos\/dcf\/wp-json\/wp\/v2\/tags?post=7"}],"curies":[{"name":"wp","href":"https:\/\/api.w.org\/{rel}","templated":true}]}}