{"id":31469,"date":"2018-08-22T14:51:41","date_gmt":"2018-08-22T17:51:41","guid":{"rendered":"https:\/\/www.ufsm.br\/orgaos-executivos\/demapa\/?page_id=31469"},"modified":"2023-01-12T16:30:47","modified_gmt":"2023-01-12T19:30:47","slug":"licitacoes","status":"publish","type":"page","link":"https:\/\/www.ufsm.br\/orgaos-executivos\/demapa\/licitacoes","title":{"rendered":"Licita\u00e7\u00f5es e Dispensa Eletr\u00f4nica"},"content":{"rendered":"\t\t<div data-elementor-type=\"wp-post\" data-elementor-id=\"31469\" class=\"elementor elementor-31469\">\n\t\t\t\t\t\t<section class=\"elementor-section elementor-top-section elementor-element elementor-element-09f54b4 elementor-section-boxed elementor-section-height-default elementor-section-height-default\" data-id=\"09f54b4\" data-element_type=\"section\">\n\t\t\t\t\t\t<div class=\"elementor-container elementor-column-gap-default\">\n\t\t\t\t\t<div class=\"elementor-column elementor-col-100 elementor-top-column elementor-element elementor-element-8d3e128\" data-id=\"8d3e128\" data-element_type=\"column\">\n\t\t\t<div class=\"elementor-widget-wrap elementor-element-populated\">\n\t\t\t\t\t\t<div class=\"elementor-element elementor-element-99cf7c3 elementor-widget elementor-widget-wp-widget-ufsm_editais_widget\" data-id=\"99cf7c3\" data-element_type=\"widget\" data-widget_type=\"wp-widget-ufsm_editais_widget.default\">\n\t\t\t\t<div class=\"elementor-widget-container\">\n\t\t\t<h2 class='titulo-conteudos'>Licita\u00e7\u00f5es ordenadas pela data de abertura<\/h2><div class='row'>\n            <div class=\"col-lg-12 px-3 pb-3\">\n            \n                        \n            <a title=\"90007\/2024 - \u201cProjeto AgroBest \u2013 Avalia\u00e7\u00e3o de processos, insumos e produtos em sistemas integrados de produ\u00e7\u00e3o agropecu\u00e1ria\u201d do Laborat\u00f3rio de Bovinocultura de Corte, doravante denominado LBC.\" href=\"https:\/\/www.ufsm.br\/orgaos-executivos\/demapa\/editais\/90007-2024-3\">\n                <span class=\"titulo-publicacao-widget\"><strong>Chamada P\u00fablica<\/strong> - 90007\/2024 - \u201cProjeto AgroBest \u2013 Avalia\u00e7\u00e3o de processos, insumos e produtos em sistemas integrados de produ\u00e7\u00e3o agropecu\u00e1ria\u201d do Laborat\u00f3rio de Bovinocultura de Corte, doravante denominado LBC.<\/span>\n                <br>\n            <\/a>\n\n                        \n                                            \n                 \n                    <div title=\"Data de abertura: 13\/11\/2024 \" class=\"data-publicacao-widget\"><i  class=\"fa fa-calendar\"><\/i> Data de abertura: 01\/09\/2029<\/div>\n                                \n        <\/div>\n            <div class=\"col-lg-12 px-3 pb-3\">\n            \n                        \n            <a title=\"386\/2026 - Contrata\u00e7\u00e3o de empresa especializada para gerenciamento, controle e fornecimento de manuten\u00e7\u00e3o preventiva e corretiva, com fornecimento de m\u00e3o de obra, pe\u00e7as e acess\u00f3rios, para atender a frota da UFSM, m\u00e1quinas\/equipamentos e aos geradores de energia el\u00e9trica (gasolina ou diesel), por meio de sistema informatizado vinculado \u00e0 rede credenciada de oficinas.\" href=\"https:\/\/www.ufsm.br\/orgaos-executivos\/demapa\/editais\/386-2026\">\n                <span class=\"titulo-publicacao-widget\"><strong>Preg\u00e3o Eletr\u00f4nico<\/strong> - 386\/2026 - Contrata\u00e7\u00e3o de empresa especializada para gerenciamento, controle e fornecimento de manuten\u00e7\u00e3o preventiva e corretiva, com fornecimento de m\u00e3o de obra, pe\u00e7as e acess\u00f3rios, para atender a frota da UFSM, m\u00e1quinas\/equipamentos e aos geradores de energia el\u00e9trica (gasolina ou&hellip;<\/span>\n                <br>\n            <\/a>\n\n                        \n                                            \n                 \n                    <div title=\"Data de abertura: 31\/08\/2026 \" class=\"data-publicacao-widget\"><i  class=\"fa fa-calendar\"><\/i> Data de abertura: 15\/09\/2026<\/div>\n                                \n        <\/div>\n            <div class=\"col-lg-12 px-3 pb-3\">\n            \n                        \n            <a title=\"046\/2026 - Registro de pre\u00e7os a aquisi\u00e7\u00e3o de ferramentas, ferragens em geral, EPIS agropecu\u00e1rios e materiais para irriga\u00e7\u00e3o, pneus para diversos setores da UFSM.de Campus de Santa Maria da Universidade Federal de Santa Maria \u2013 UFSM.\" href=\"https:\/\/www.ufsm.br\/orgaos-executivos\/demapa\/editais\/046-2026\">\n                <span class=\"titulo-publicacao-widget\"><strong>Preg\u00e3o Eletr\u00f4nico<\/strong> - 046\/2026 - Registro de pre\u00e7os a aquisi\u00e7\u00e3o de ferramentas, ferragens em geral, EPIS agropecu\u00e1rios e materiais para irriga\u00e7\u00e3o, pneus para diversos setores da UFSM.de Campus de Santa Maria da Universidade Federal de Santa Maria \u2013 UFSM.<\/span>\n                <br>\n            <\/a>\n\n                        \n                                            \n                 \n                    <div title=\"Data de abertura: 01\/09\/2026 \" class=\"data-publicacao-widget\"><i  class=\"fa fa-calendar\"><\/i> Data de abertura: 14\/09\/2026<\/div>\n                                \n        <\/div>\n            <div class=\"col-lg-12 px-3 pb-3\">\n            \n                        \n            <a title=\"380\/2026 - Registro de pre\u00e7os a aquisi\u00e7\u00e3o de produtos qu\u00edmicos, agropecu\u00e1rios e medicamentos veterin\u00e1rios para diversos setores da UFSM, Campus de Santa Maria da Universidade Federal de Santa Maria \u2013 UFSM.\" href=\"https:\/\/www.ufsm.br\/orgaos-executivos\/demapa\/editais\/380-2026\">\n                <span class=\"titulo-publicacao-widget\"><strong>Preg\u00e3o Eletr\u00f4nico<\/strong> - 380\/2026 - Registro de pre\u00e7os a aquisi\u00e7\u00e3o de produtos qu\u00edmicos, agropecu\u00e1rios e medicamentos veterin\u00e1rios para diversos setores da UFSM, Campus de Santa Maria da Universidade Federal de Santa Maria \u2013 UFSM.<\/span>\n                <br>\n            <\/a>\n\n                        \n                                            \n                 \n                    <div title=\"Data de abertura: 31\/08\/2026 \" class=\"data-publicacao-widget\"><i  class=\"fa fa-calendar\"><\/i> Data de abertura: 14\/09\/2026<\/div>\n                                \n        <\/div>\n            <div class=\"col-lg-12 px-3 pb-3\">\n            \n                        \n            <a title=\"394\/2026 - Contrata\u00e7\u00e3o de servi\u00e7os de arbitragem para a 6\u00aa copa dos servidores da UFSM.\" href=\"https:\/\/www.ufsm.br\/orgaos-executivos\/demapa\/editais\/394-2026\">\n                <span class=\"titulo-publicacao-widget\"><strong>Dispensa Eletr\u00f4nica<\/strong> - 394\/2026 - Contrata\u00e7\u00e3o de servi\u00e7os de arbitragem para a 6\u00aa copa dos servidores da UFSM.<\/span>\n                <br>\n            <\/a>\n\n                        \n                                            \n                 \n                    <div title=\"Data de abertura: 31\/08\/2026 \" class=\"data-publicacao-widget\"><i  class=\"fa fa-calendar\"><\/i> Data de abertura: 10\/09\/2026<\/div>\n                                \n        <\/div>\n            <div class=\"col-lg-12 px-3 pb-3\">\n            \n                        \n            <a title=\"113\/2026 - Registro de pre\u00e7os para a aquisi\u00e7\u00e3o de equipamentos diversos (destilador, centr\u00edfuga, balan\u00e7a, compressor de ar, etc.), destinados ao Centro de Ci\u00eancias Rurais\/CCR e Col\u00e9gio Pol\u00edt\u00e9cnico da Universidade Federal de Santa Maria \u2013 UFSM.\" href=\"https:\/\/www.ufsm.br\/orgaos-executivos\/demapa\/editais\/113-2026\">\n                <span class=\"titulo-publicacao-widget\"><strong>Preg\u00e3o Eletr\u00f4nico<\/strong> - 113\/2026 - Registro de pre\u00e7os para a aquisi\u00e7\u00e3o de equipamentos diversos (destilador, centr\u00edfuga, balan\u00e7a, compressor de ar, etc.), destinados ao Centro de Ci\u00eancias Rurais\/CCR e Col\u00e9gio Pol\u00edt\u00e9cnico da Universidade Federal de Santa Maria \u2013 UFSM.<\/span>\n                <br>\n            <\/a>\n\n                        \n                                            \n                 \n                    <div title=\"Data de abertura: 26\/08\/2026 \" class=\"data-publicacao-widget\"><i  class=\"fa fa-calendar\"><\/i> Data de abertura: 09\/09\/2026<\/div>\n                                \n        <\/div>\n            <div class=\"col-lg-12 px-3 pb-3\">\n            \n                        \n            <a title=\"369\/2026 - Registro de pre\u00e7os para aquisi\u00e7\u00e3o de insumos para a Imprensa Universit\u00e1ria da UFSM.\" href=\"https:\/\/www.ufsm.br\/orgaos-executivos\/demapa\/editais\/369-2026\">\n                <span class=\"titulo-publicacao-widget\"><strong>Preg\u00e3o Eletr\u00f4nico<\/strong> - 369\/2026 - Registro de pre\u00e7os para aquisi\u00e7\u00e3o de insumos para a Imprensa Universit\u00e1ria da UFSM.<\/span>\n                <br>\n            <\/a>\n\n                        \n                                            \n                 \n                    <div title=\"Data de abertura: 27\/08\/2026 \" class=\"data-publicacao-widget\"><i  class=\"fa fa-calendar\"><\/i> Data de abertura: 09\/09\/2026<\/div>\n                                \n        <\/div>\n            <div class=\"col-lg-12 px-3 pb-3\">\n            \n                        \n            <a title=\"379\/2026 - CONCORR\u00caNCIA - Constru\u00e7\u00e3o do reservat\u00f3rio de \u00e1gua do Col\u00e9gio Polit\u00e9cnico, no Setor Bovinocultura, com as Coordenadas geogr\u00e1ficas -29.730111, -53.755500, situado na \u00e1rea nova do Campus Sede da UFSM.\" href=\"https:\/\/www.ufsm.br\/orgaos-executivos\/demapa\/editais\/379-2026\">\n                <span class=\"titulo-publicacao-widget\"><strong>Preg\u00e3o Eletr\u00f4nico<\/strong> - 379\/2026 - CONCORR\u00caNCIA - Constru\u00e7\u00e3o do reservat\u00f3rio de \u00e1gua do Col\u00e9gio Polit\u00e9cnico, no Setor Bovinocultura, com as Coordenadas geogr\u00e1ficas -29.730111, -53.755500, situado na \u00e1rea nova do Campus Sede da UFSM.<\/span>\n                <br>\n            <\/a>\n\n                        \n                                            \n                 \n                    <div title=\"Data de abertura: 24\/08\/2026 \" class=\"data-publicacao-widget\"><i  class=\"fa fa-calendar\"><\/i> Data de abertura: 08\/09\/2026<\/div>\n                                \n        <\/div>\n            <div class=\"col-lg-12 px-3 pb-3\">\n            \n                        \n            <a title=\"061\/2026 - Registro de pre\u00e7os para aquisi\u00e7\u00e3o de mobili\u00e1rios em geral para diversos setores da UFSM (banco para pra\u00e7a ou jardim, bancada de granito, etc).\" href=\"https:\/\/www.ufsm.br\/orgaos-executivos\/demapa\/editais\/061-2026\">\n                <span class=\"titulo-publicacao-widget\"><strong>Preg\u00e3o Eletr\u00f4nico<\/strong> - 061\/2026 - Registro de pre\u00e7os para aquisi\u00e7\u00e3o de mobili\u00e1rios em geral para diversos setores da UFSM (banco para pra\u00e7a ou jardim, bancada de granito, etc).<\/span>\n                <br>\n            <\/a>\n\n                        \n                                            \n                 \n                    <div title=\"Data de abertura: 25\/08\/2026 \" class=\"data-publicacao-widget\"><i  class=\"fa fa-calendar\"><\/i> Data de abertura: 04\/09\/2026<\/div>\n                                \n        <\/div>\n            <div class=\"col-lg-12 px-3 pb-3\">\n            \n                        \n            <a title=\"354\/2026 - CONCORR\u00caNCIA - Reforma do Terra\u00e7o do Pr\u00e9dio 44J CCR\/UFSM, incluindo a Sala de Reuni\u00f5es\/Treinamentos, com \u00e1rea total de 130,00 m\u00b2, situado no Campus, Camobi, Santa Maria - RS.\" href=\"https:\/\/www.ufsm.br\/orgaos-executivos\/demapa\/editais\/354-2026\">\n                <span class=\"titulo-publicacao-widget\"><strong>Preg\u00e3o Eletr\u00f4nico<\/strong> - 354\/2026 - CONCORR\u00caNCIA - Reforma do Terra\u00e7o do Pr\u00e9dio 44J CCR\/UFSM, incluindo a Sala de Reuni\u00f5es\/Treinamentos, com \u00e1rea total de 130,00 m\u00b2, situado no Campus, Camobi, Santa Maria - RS.<\/span>\n                <br>\n            <\/a>\n\n                        \n                                            \n                 \n                    <div title=\"Data de abertura: 20\/08\/2026 \" class=\"data-publicacao-widget\"><i  class=\"fa fa-calendar\"><\/i> Data de abertura: 03\/09\/2026<\/div>\n                                \n        <\/div>\n            <div class=\"col-lg-12 px-3 pb-3\">\n            \n                        \n            <a title=\"148\/2026 - Registro de pre\u00e7os para aquisi\u00e7\u00e3o de roupeiro e de beliches sob medida para a Pr\u00f3-Reitoria de Assuntos Estudantis - PRAE\/UFSM.\" href=\"https:\/\/www.ufsm.br\/orgaos-executivos\/demapa\/editais\/148-2026\">\n                <span class=\"titulo-publicacao-widget\"><strong>Preg\u00e3o Eletr\u00f4nico<\/strong> - 148\/2026 - Registro de pre\u00e7os para aquisi\u00e7\u00e3o de roupeiro e de beliches sob medida para a Pr\u00f3-Reitoria de Assuntos Estudantis - PRAE\/UFSM.<\/span>\n                <br>\n            <\/a>\n\n                        \n                                            \n                 \n                    <div title=\"Data de abertura: 24\/08\/2026 \" class=\"data-publicacao-widget\"><i  class=\"fa fa-calendar\"><\/i> Data de abertura: 03\/09\/2026<\/div>\n                                \n        <\/div>\n            <div class=\"col-lg-12 px-3 pb-3\">\n            \n                        \n            <a title=\"390\/2026 - Aquisi\u00e7\u00e3o de Placa Eletr\u00f4nica de comando cadeira KaVo Unik.\" href=\"https:\/\/www.ufsm.br\/orgaos-executivos\/demapa\/editais\/390-2026\">\n                <span class=\"titulo-publicacao-widget\"><strong>Dispensa Eletr\u00f4nica<\/strong> - 390\/2026 - Aquisi\u00e7\u00e3o de Placa Eletr\u00f4nica de comando cadeira KaVo Unik.<\/span>\n                <br>\n            <\/a>\n\n                        \n                                            \n                 \n                    <div title=\"Data de abertura: 28\/08\/2026 \" class=\"data-publicacao-widget\"><i  class=\"fa fa-calendar\"><\/i> Data de abertura: 03\/09\/2026<\/div>\n                                \n        <\/div>\n            <div class=\"col-lg-12 px-3 pb-3\">\n            \n                        \n            <a title=\"037\/2026 - Registro de pre\u00e7os para aquisi\u00e7\u00e3o de mobili\u00e1rios administrativos (mesas, gaveteiros, arm\u00e1rios, longarinas, etc.) destinados a todos os campi da UFSM.\" href=\"https:\/\/www.ufsm.br\/orgaos-executivos\/demapa\/editais\/037-2026\">\n                <span class=\"titulo-publicacao-widget\"><strong>Preg\u00e3o Eletr\u00f4nico<\/strong> - 037\/2026 - Registro de pre\u00e7os para aquisi\u00e7\u00e3o de mobili\u00e1rios administrativos (mesas, gaveteiros, arm\u00e1rios, longarinas, etc.) destinados a todos os campi da UFSM.<\/span>\n                <br>\n            <\/a>\n\n                        \n                                            \n                 \n                    <div title=\"Data de abertura: 21\/08\/2026 \" class=\"data-publicacao-widget\"><i  class=\"fa fa-calendar\"><\/i> Data de abertura: 02\/09\/2026<\/div>\n                                \n        <\/div>\n            <div class=\"col-lg-12 px-3 pb-3\">\n            \n                        \n            <a title=\"056\/2026 - Registro de pre\u00e7os a aquisi\u00e7\u00e3o de gases para diversos setores da UFSM, nos campi de Santa Maria\/RS e Cachoeira do Sul\/RS.\" href=\"https:\/\/www.ufsm.br\/orgaos-executivos\/demapa\/editais\/056-2026\">\n                <span class=\"titulo-publicacao-widget\"><strong>Preg\u00e3o Eletr\u00f4nico<\/strong> - 056\/2026 - Registro de pre\u00e7os a aquisi\u00e7\u00e3o de gases para diversos setores da UFSM, nos campi de Santa Maria\/RS e Cachoeira do Sul\/RS.<\/span>\n                <br>\n            <\/a>\n\n                        \n                                            \n                 \n                    <div title=\"Data de abertura: 18\/08\/2026 \" class=\"data-publicacao-widget\"><i  class=\"fa fa-calendar\"><\/i> Data de abertura: 01\/09\/2026<\/div>\n                                \n        <\/div>\n            <div class=\"col-lg-12 px-3 pb-3\">\n            \n                        \n            <a title=\"081\/2026 - Registro de pre\u00e7os a Aquisi\u00e7\u00e3o de Servi\u00e7os de Pessoa Jur\u00eddica com o objetivo de proporcionar treinamento e capacita\u00e7\u00e3o (te\u00f3rico e pr\u00e1tico) na \u00e1rea de Sa\u00fade e Seguran\u00e7a do Trabalho destinados ao Col\u00e9gio T\u00e9cnico Industrial \u2013 CTISM\/UFSM.\" href=\"https:\/\/www.ufsm.br\/orgaos-executivos\/demapa\/editais\/081-2026\">\n                <span class=\"titulo-publicacao-widget\"><strong>Preg\u00e3o Eletr\u00f4nico<\/strong> - 081\/2026 - Registro de pre\u00e7os a Aquisi\u00e7\u00e3o de Servi\u00e7os de Pessoa Jur\u00eddica com o objetivo de proporcionar treinamento e capacita\u00e7\u00e3o (te\u00f3rico e pr\u00e1tico) na \u00e1rea de Sa\u00fade e Seguran\u00e7a do Trabalho destinados ao Col\u00e9gio T\u00e9cnico Industrial \u2013 CTISM\/UFSM.<\/span>\n                <br>\n            <\/a>\n\n                        \n                                            \n                 \n                    <div title=\"Data de abertura: 17\/08\/2026 \" class=\"data-publicacao-widget\"><i  class=\"fa fa-calendar\"><\/i> Data de abertura: 31\/08\/2026<\/div>\n                                \n        <\/div>\n            <div class=\"col-lg-12 px-3 pb-3\">\n            \n                        \n            <a title=\"372\/2026 - Contrata\u00e7\u00e3o de empresa especializada na presta\u00e7\u00e3o de servi\u00e7os continuados de cargos de motoristas e cargos de apoio para manuten\u00e7\u00e3o de ve\u00edculos, com dedica\u00e7\u00e3o exclusiva de m\u00e3o-de-obra, para as unidades da Universidade Federal de Santa Maria, localizadas em Santa Maria\/RS, Frederico Westphalen\/RS, Palmeira das Miss\u00f5es\/RS, Silveira Martins\/RS e Cachoeira do Sul\/RS\" href=\"https:\/\/www.ufsm.br\/orgaos-executivos\/demapa\/editais\/372-2026\">\n                <span class=\"titulo-publicacao-widget\"><strong>Preg\u00e3o Eletr\u00f4nico<\/strong> - 372\/2026 - Contrata\u00e7\u00e3o de empresa especializada na presta\u00e7\u00e3o de servi\u00e7os continuados de cargos de motoristas e cargos de apoio para manuten\u00e7\u00e3o de ve\u00edculos, com dedica\u00e7\u00e3o exclusiva de m\u00e3o-de-obra, para as unidades da Universidade Federal de Santa Maria, localizadas em Santa&hellip;<\/span>\n                <br>\n            <\/a>\n\n                        \n                                            \n                 \n                    <div title=\"Data de abertura: 19\/08\/2026 \" class=\"data-publicacao-widget\"><i  class=\"fa fa-calendar\"><\/i> Data de abertura: 28\/08\/2026<\/div>\n                                \n        <\/div>\n            <div class=\"col-lg-12 px-3 pb-3\">\n            \n                        \n            <a title=\"360\/2026 - Registro de pre\u00e7os para aquisi\u00e7\u00e3o de ingredientes e insumos para alimenta\u00e7\u00e3o animal (ra\u00e7\u00e3o para ovinos, equinos, suplementos vitam\u00ednicos, farelo de soja, et.), destinados a diversos setores da UFSM.\" href=\"https:\/\/www.ufsm.br\/orgaos-executivos\/demapa\/editais\/360-2026\">\n                <span class=\"titulo-publicacao-widget\"><strong>Preg\u00e3o Eletr\u00f4nico<\/strong> - 360\/2026 - Registro de pre\u00e7os para aquisi\u00e7\u00e3o de ingredientes e insumos para alimenta\u00e7\u00e3o animal (ra\u00e7\u00e3o para ovinos, equinos, suplementos vitam\u00ednicos, farelo de soja, et.), destinados a diversos setores da UFSM.<\/span>\n                <br>\n            <\/a>\n\n                        \n                                            \n                 \n                    <div title=\"Data de abertura: 17\/08\/2026 \" class=\"data-publicacao-widget\"><i  class=\"fa fa-calendar\"><\/i> Data de abertura: 27\/08\/2026<\/div>\n                                \n        <\/div>\n            <div class=\"col-lg-12 px-3 pb-3\">\n            \n                        \n            <a title=\"105\/2026 - Registro de Pre\u00e7os para Aquisi\u00e7\u00e3o de g\u00e1s GLP em botij\u00f5es de 13kg, 20kg e 45kg, em formato de vale g\u00e1s, botij\u00f5es e kit de v\u00e1lvula destinados aos campi da UFSM de Santa Maria\/RS, Frederico Westphalen\/RS e Palmeira das Miss\u00f5es\/RS.\" href=\"https:\/\/www.ufsm.br\/orgaos-executivos\/demapa\/editais\/105-2026\">\n                <span class=\"titulo-publicacao-widget\"><strong>Preg\u00e3o Eletr\u00f4nico<\/strong> - 105\/2026 - Registro de Pre\u00e7os para Aquisi\u00e7\u00e3o de g\u00e1s GLP em botij\u00f5es de 13kg, 20kg e 45kg, em formato de vale g\u00e1s, botij\u00f5es e kit de v\u00e1lvula destinados aos campi da UFSM de Santa Maria\/RS, Frederico Westphalen\/RS e Palmeira das&hellip;<\/span>\n                <br>\n            <\/a>\n\n                        \n                                            \n                 \n                    <div title=\"Data de abertura: 14\/08\/2026 \" class=\"data-publicacao-widget\"><i  class=\"fa fa-calendar\"><\/i> Data de abertura: 26\/08\/2026<\/div>\n                                \n        <\/div>\n            <div class=\"col-lg-12 px-3 pb-3\">\n            \n                        \n            <a title=\"099\/2026 - Registro de pre\u00e7os para aquisi\u00e7\u00e3o de materiais diversos de consumo para o Almoxarifado Central da UFSM.\" href=\"https:\/\/www.ufsm.br\/orgaos-executivos\/demapa\/editais\/099-2026\">\n                <span class=\"titulo-publicacao-widget\"><strong>Preg\u00e3o Eletr\u00f4nico<\/strong> - 099\/2026 - Registro de pre\u00e7os para aquisi\u00e7\u00e3o de materiais diversos de consumo para o Almoxarifado Central da UFSM.<\/span>\n                <br>\n            <\/a>\n\n                        \n                                            \n                 \n                    <div title=\"Data de abertura: 12\/08\/2026 \" class=\"data-publicacao-widget\"><i  class=\"fa fa-calendar\"><\/i> Data de abertura: 25\/08\/2026<\/div>\n                                \n        <\/div>\n            <div class=\"col-lg-12 px-3 pb-3\">\n            \n                        \n            <a title=\"346\/2026 - Registro de Pre\u00e7os para aquisi\u00e7\u00e3o de materiais de consumo personalizados (camiseta, rel\u00f3gio de parede, botton, painel, bandeira de vento etc.) para diversos setores da UFSM.\" href=\"https:\/\/www.ufsm.br\/orgaos-executivos\/demapa\/editais\/346-2026\">\n                <span class=\"titulo-publicacao-widget\"><strong>Preg\u00e3o Eletr\u00f4nico<\/strong> - 346\/2026 - Registro de Pre\u00e7os para aquisi\u00e7\u00e3o de materiais de consumo personalizados (camiseta, rel\u00f3gio de parede, botton, painel, bandeira de vento etc.) para diversos setores da UFSM.<\/span>\n                <br>\n            <\/a>\n\n                        \n                                            \n                 \n                    <div title=\"Data de abertura: 12\/08\/2026 \" class=\"data-publicacao-widget\"><i  class=\"fa fa-calendar\"><\/i> Data de abertura: 25\/08\/2026<\/div>\n                                \n        <\/div>\n            <div class=\"col-lg-12 px-3 pb-3\">\n            \n                        \n            <a title=\"101\/2026 - Registro de pre\u00e7os para aquisi\u00e7\u00e3o de material Hidr\u00e1ulico para o Almoxarifado Central da UFSM (lou\u00e7a sanit\u00e1ria, filtros para bebedouros, cobertor para transporte de carga, etc.)\" href=\"https:\/\/www.ufsm.br\/orgaos-executivos\/demapa\/editais\/101-2026\">\n                <span class=\"titulo-publicacao-widget\"><strong>Preg\u00e3o Eletr\u00f4nico<\/strong> - 101\/2026 - Registro de pre\u00e7os para aquisi\u00e7\u00e3o de material Hidr\u00e1ulico para o Almoxarifado Central da UFSM (lou\u00e7a sanit\u00e1ria, filtros para bebedouros, cobertor para transporte de carga, etc.)<\/span>\n                <br>\n            <\/a>\n\n                        \n                                            \n                 \n                    <div title=\"Data de abertura: 12\/08\/2026 \" class=\"data-publicacao-widget\"><i  class=\"fa fa-calendar\"><\/i> Data de abertura: 24\/08\/2026<\/div>\n                                \n        <\/div>\n            <div class=\"col-lg-12 px-3 pb-3\">\n            \n                        \n            <a title=\"104\/2026 - Registro de pre\u00e7os a aquisi\u00e7\u00e3o de materiais el\u00e9tricos e l\u00e2mpadas, destinados ao Almoxarifado Central da UFSM, Campus Sede em Santa Maria\/RS\" href=\"https:\/\/www.ufsm.br\/orgaos-executivos\/demapa\/editais\/104-2026\">\n                <span class=\"titulo-publicacao-widget\"><strong>Preg\u00e3o Eletr\u00f4nico<\/strong> - 104\/2026 - Registro de pre\u00e7os a aquisi\u00e7\u00e3o de materiais el\u00e9tricos e l\u00e2mpadas, destinados ao Almoxarifado Central da UFSM, Campus Sede em Santa Maria\/RS<\/span>\n                <br>\n            <\/a>\n\n                        \n                                            \n                 \n                    <div title=\"Data de abertura: 12\/08\/2026 \" class=\"data-publicacao-widget\"><i  class=\"fa fa-calendar\"><\/i> Data de abertura: 24\/08\/2026<\/div>\n                                \n        <\/div>\n            <div class=\"col-lg-12 px-3 pb-3\">\n            \n                        \n            <a title=\"03\/2026 - Chamada P\u00fablica - cadastro interessados em promover e apoiar Viva Campus UFSM-PM - Campus de Palmeira das Miss\u00f5es\" href=\"https:\/\/www.ufsm.br\/orgaos-executivos\/demapa\/editais\/003-2026\">\n                <span class=\"titulo-publicacao-widget\"><strong>Chamada P\u00fablica<\/strong> - 03\/2026 - Chamada P\u00fablica - cadastro interessados em promover e apoiar Viva Campus UFSM-PM - Campus de Palmeira das Miss\u00f5es<\/span>\n                <br>\n            <\/a>\n\n                        \n                                            \n                 \n                    <div title=\"Data de abertura: 26\/08\/2026 \" class=\"data-publicacao-widget\"><i  class=\"fa fa-calendar\"><\/i> Data de abertura: 21\/08\/2026<\/div>\n                                \n        <\/div>\n            <div class=\"col-lg-12 px-3 pb-3\">\n            \n                        \n            <a title=\"316\/2026 - CONCORR\u00caNCIA - Servi\u00e7os de Execu\u00e7\u00e3o da instala\u00e7\u00e3o das bombas de calor destinadas ao aquecimento das piscinas t\u00e9rmicas no Campus Sedes da Universidade Federal de Santa Maria (UFSM)\" href=\"https:\/\/www.ufsm.br\/orgaos-executivos\/demapa\/editais\/316-2026\">\n                <span class=\"titulo-publicacao-widget\"><strong>Preg\u00e3o Eletr\u00f4nico<\/strong> - 316\/2026 - CONCORR\u00caNCIA - Servi\u00e7os de Execu\u00e7\u00e3o da instala\u00e7\u00e3o das bombas de calor destinadas ao aquecimento das piscinas t\u00e9rmicas no Campus Sedes da Universidade Federal de Santa Maria (UFSM)<\/span>\n                <br>\n            <\/a>\n\n                        \n                                            \n                 \n                    <div title=\"Data de abertura: 07\/08\/2026 \" class=\"data-publicacao-widget\"><i  class=\"fa fa-calendar\"><\/i> Data de abertura: 21\/08\/2026<\/div>\n                                \n        <\/div>\n            <div class=\"col-lg-12 px-3 pb-3\">\n            \n                        \n            <a title=\"373\/2026 - Aquisi\u00e7\u00e3o de Cart\u00e3o Fio Dental personalizado para o Nucleo de Atendimento Odontol\u00f3gico ao Estudante - PRAE\/UFSM\" href=\"https:\/\/www.ufsm.br\/orgaos-executivos\/demapa\/editais\/373-2026\">\n                <span class=\"titulo-publicacao-widget\"><strong>Dispensa Eletr\u00f4nica<\/strong> - 373\/2026 - Aquisi\u00e7\u00e3o de Cart\u00e3o Fio Dental personalizado para o Nucleo de Atendimento Odontol\u00f3gico ao Estudante - PRAE\/UFSM<\/span>\n                <br>\n            <\/a>\n\n                        \n                                            \n                 \n                    <div title=\"Data de abertura: 28\/08\/2026 \" class=\"data-publicacao-widget\"><i  class=\"fa fa-calendar\"><\/i> Data de abertura: 20\/08\/2026<\/div>\n                                \n        <\/div>\n            <div class=\"col-lg-12 px-3 pb-3\">\n            \n                        \n            <a title=\"98\/2026 - Preg\u00e3o Eletr\u00f4nico - Registro de pre\u00e7os para aquisi\u00e7\u00e3o de ferramentas, material agropecu\u00e1rio e material de pintura destinado ao Almoxarifado Central da UFSM.\" href=\"https:\/\/www.ufsm.br\/orgaos-executivos\/demapa\/editais\/098-2026\">\n                <span class=\"titulo-publicacao-widget\"><strong>Preg\u00e3o Eletr\u00f4nico<\/strong> - 98\/2026 - Preg\u00e3o Eletr\u00f4nico - Registro de pre\u00e7os para aquisi\u00e7\u00e3o de ferramentas, material agropecu\u00e1rio e material de pintura destinado ao Almoxarifado Central da UFSM.<\/span>\n                <br>\n            <\/a>\n\n                        \n                                            \n                 \n                    <div title=\"Data de abertura: 05\/08\/2026 \" class=\"data-publicacao-widget\"><i  class=\"fa fa-calendar\"><\/i> Data de abertura: 18\/08\/2026<\/div>\n                                \n        <\/div>\n            <div class=\"col-lg-12 px-3 pb-3\">\n            \n                        \n            <a title=\"329\/2026 - Preg\u00e3o Eletr\u00f4nico - Registro de pre\u00e7os para aquisi\u00e7\u00e3o de materiais de consumo, destinados ao Col\u00e9gio T\u00e9cnico Industrial, Campus de Santa Maria da Universidade Federal de Santa Maria \u2013 UFSM.\" href=\"https:\/\/www.ufsm.br\/orgaos-executivos\/demapa\/editais\/329-2026\">\n                <span class=\"titulo-publicacao-widget\"><strong>Preg\u00e3o Eletr\u00f4nico<\/strong> - 329\/2026 - Preg\u00e3o Eletr\u00f4nico - Registro de pre\u00e7os para aquisi\u00e7\u00e3o de materiais de consumo, destinados ao Col\u00e9gio T\u00e9cnico Industrial, Campus de Santa Maria da Universidade Federal de Santa Maria \u2013 UFSM.<\/span>\n                <br>\n            <\/a>\n\n                        \n                                            \n                 \n                    <div title=\"Data de abertura: 03\/08\/2026 \" class=\"data-publicacao-widget\"><i  class=\"fa fa-calendar\"><\/i> Data de abertura: 17\/08\/2026<\/div>\n                                \n        <\/div>\n            <div class=\"col-lg-12 px-3 pb-3\">\n            \n                        \n            <a title=\"338\/2026 - Preg\u00e3o Eletr\u00f4nico - Registro de pre\u00e7os a aquisi\u00e7\u00e3o de Material de expediente (bandeira, caixa organizadora, fita adesiva, placa de isopor, chaleira el\u00e9trica, et.), destinados ao Almoxarifado Central e Centro de Tecnologia da UFSM.\" href=\"https:\/\/www.ufsm.br\/orgaos-executivos\/demapa\/editais\/338-2026\">\n                <span class=\"titulo-publicacao-widget\"><strong>Preg\u00e3o Eletr\u00f4nico<\/strong> - 338\/2026 - Preg\u00e3o Eletr\u00f4nico - Registro de pre\u00e7os a aquisi\u00e7\u00e3o de Material de expediente (bandeira, caixa organizadora, fita adesiva, placa de isopor, chaleira el\u00e9trica, et.), destinados ao Almoxarifado Central e Centro de Tecnologia da UFSM.<\/span>\n                <br>\n            <\/a>\n\n                        \n                                            \n                 \n                    <div title=\"Data de abertura: 03\/08\/2026 \" class=\"data-publicacao-widget\"><i  class=\"fa fa-calendar\"><\/i> Data de abertura: 14\/08\/2026<\/div>\n                                \n        <\/div>\n            <div class=\"col-lg-12 px-3 pb-3\">\n            \n                        \n            <a title=\"311\/2026 - CONCORR\u00caNCIA - Constru\u00e7\u00e3o do reservat\u00f3rio de \u00e1gua do Col\u00e9gio Polit\u00e9cnico, situado na \u00e1rea nova do Campus Sede da UFSM.\" href=\"https:\/\/www.ufsm.br\/orgaos-executivos\/demapa\/editais\/311-2026\">\n                <span class=\"titulo-publicacao-widget\"><strong>Preg\u00e3o Eletr\u00f4nico<\/strong> - 311\/2026 - CONCORR\u00caNCIA - Constru\u00e7\u00e3o do reservat\u00f3rio de \u00e1gua do Col\u00e9gio Polit\u00e9cnico, situado na \u00e1rea nova do Campus Sede da UFSM.<\/span>\n                <br>\n            <\/a>\n\n                        \n                                            \n                 \n                    <div title=\"Data de abertura: 29\/07\/2026 \" class=\"data-publicacao-widget\"><i  class=\"fa fa-calendar\"><\/i> Data de abertura: 13\/08\/2026<\/div>\n                                \n        <\/div>\n            <div class=\"col-lg-12 px-3 pb-3\">\n            \n                        \n            <a title=\"189\/2026 - Preg\u00e3o Eletr\u00f4nico - Registro de pre\u00e7os para aquisi\u00e7\u00e3o de equipamentos diversos e de laborat\u00f3rios (yoke eletromagn\u00e9tico, lavadoura de roupas, impressora t\u00e9rmica, switchs, \u00f3culos de realidade virtual, lixadeira, morsa, mult\u00edmetro, compressor, banco de ensaio, c\u00e2mera de videomonitoramento, equipamento de videoconfer\u00eancia, esta\u00e7\u00e3o de soldas, etc), destinado ao Col\u00e9gio T\u00e9cnico Industrial - CTISM da Universidade Federal de Santa Maria \u2013 UFSM.\" href=\"https:\/\/www.ufsm.br\/orgaos-executivos\/demapa\/editais\/189-2026\">\n                <span class=\"titulo-publicacao-widget\"><strong>Preg\u00e3o Eletr\u00f4nico<\/strong> - 189\/2026 - Preg\u00e3o Eletr\u00f4nico - Registro de pre\u00e7os para aquisi\u00e7\u00e3o de equipamentos diversos e de laborat\u00f3rios (yoke eletromagn\u00e9tico, lavadoura de roupas, impressora t\u00e9rmica, switchs, \u00f3culos de realidade virtual, lixadeira, morsa, mult\u00edmetro, compressor, banco de ensaio, c\u00e2mera de videomonitoramento, equipamento de&hellip;<\/span>\n                <br>\n            <\/a>\n\n                        \n                                            \n                 \n                    <div title=\"Data de abertura: 29\/07\/2026 \" class=\"data-publicacao-widget\"><i  class=\"fa fa-calendar\"><\/i> Data de abertura: 12\/08\/2026<\/div>\n                                \n        <\/div>\n    <\/div>\n<div class=\"leia-mais p-1\">\n                <a href=\"https:\/\/www.ufsm.br\/orgaos-executivos\/demapa\/busca\/?q=&sites%5B%5D=352&orderby=date&order=DESC&perpage=15&area=editais&tipo_edital=licitacao\">\n            Todas as licita\u00e7\u00f5es            <span class=\"icon-box\">\n                <span class=\"bg-ufsm-widget-icon\">\n                    <i class=\"fas fa-chevron-right\" aria-hidden=\"true\"><\/i>\n                <\/span>\n            <\/span>\n        <\/a>\n    <\/div>\n\t\t<\/div>\n\t\t\t\t<\/div>\n\t\t\t\t\t<\/div>\n\t\t<\/div>\n\t\t\t\t\t<\/div>\n\t\t<\/section>\n\t\t\t\t<\/div>\n\t\t","protected":false},"excerpt":{"rendered":"","protected":false},"author":26,"featured_media":0,"parent":0,"menu_order":0,"comment_status":"closed","ping_status":"closed","template":"","meta":{"footnotes":""},"categories":[],"tags":[],"class_list":["post-31469","page","type-page","status-publish","hentry"],"acf":[],"_links":{"self":[{"href":"https:\/\/www.ufsm.br\/orgaos-executivos\/demapa\/wp-json\/wp\/v2\/pages\/31469","targetHints":{"allow":["GET"]}}],"collection":[{"href":"https:\/\/www.ufsm.br\/orgaos-executivos\/demapa\/wp-json\/wp\/v2\/pages"}],"about":[{"href":"https:\/\/www.ufsm.br\/orgaos-executivos\/demapa\/wp-json\/wp\/v2\/types\/page"}],"author":[{"embeddable":true,"href":"https:\/\/www.ufsm.br\/orgaos-executivos\/demapa\/wp-json\/wp\/v2\/users\/26"}],"replies":[{"embeddable":true,"href":"https:\/\/www.ufsm.br\/orgaos-executivos\/demapa\/wp-json\/wp\/v2\/comments?post=31469"}],"version-history":[{"count":0,"href":"https:\/\/www.ufsm.br\/orgaos-executivos\/demapa\/wp-json\/wp\/v2\/pages\/31469\/revisions"}],"wp:attachment":[{"href":"https:\/\/www.ufsm.br\/orgaos-executivos\/demapa\/wp-json\/wp\/v2\/media?parent=31469"}],"wp:term":[{"taxonomy":"category","embeddable":true,"href":"https:\/\/www.ufsm.br\/orgaos-executivos\/demapa\/wp-json\/wp\/v2\/categories?post=31469"},{"taxonomy":"post_tag","embeddable":true,"href":"https:\/\/www.ufsm.br\/orgaos-executivos\/demapa\/wp-json\/wp\/v2\/tags?post=31469"}],"curies":[{"name":"wp","href":"https:\/\/api.w.org\/{rel}","templated":true}]}}