{"id":208,"date":"2026-08-10T14:32:17","date_gmt":"2026-08-10T17:32:17","guid":{"rendered":"https:\/\/www.ufsm.br\/orgaos-suplementares\/dga\/?page_id=208"},"modified":"2026-08-13T14:31:43","modified_gmt":"2026-08-13T17:31:43","slug":"atelie-ambiental","status":"publish","type":"page","link":"https:\/\/www.ufsm.br\/orgaos-suplementares\/dga\/atelie-ambiental","title":{"rendered":"ATELI\u00ca AMBIENTAL\u00a0"},"content":{"rendered":"\t\t<div data-elementor-type=\"wp-page\" data-elementor-id=\"208\" class=\"elementor elementor-208\">\n\t\t\t\t\t\t<section class=\"elementor-section elementor-top-section elementor-element elementor-element-ffd1b10 elementor-section-boxed elementor-section-height-default elementor-section-height-default\" data-id=\"ffd1b10\" data-element_type=\"section\">\n\t\t\t\t\t\t<div class=\"elementor-container elementor-column-gap-default\">\n\t\t\t\t\t<div class=\"elementor-column elementor-col-100 elementor-top-column elementor-element elementor-element-f5989e0\" data-id=\"f5989e0\" data-element_type=\"column\">\n\t\t\t<div class=\"elementor-widget-wrap elementor-element-populated\">\n\t\t\t\t\t\t<div class=\"elementor-element elementor-element-9f020fc elementor-widget elementor-widget-text-editor\" data-id=\"9f020fc\" data-element_type=\"widget\" data-widget_type=\"text-editor.default\">\n\t\t\t\t<div class=\"elementor-widget-container\">\n\t\t\t\t\t\t\t<p class=\"isSelectedEnd\">O <strong>Ateli\u00ea Ambiental<\/strong> \u00e9 um espa\u00e7o idealizado pelo <strong>Comit\u00ea Ambiental<\/strong> em parceria com o <a href=\"https:\/\/www.ufsm.br\/pro-reitorias\/prae\/setor-de-atendimento-integral-ao-estudante-satie\">Setor de Aten\u00e7\u00e3o Integral ao Estudante (SATIE)<\/a>, da <a href=\"https:\/\/www.ufsm.br\/pro-reitorias\/prae\">Pr\u00f3-Reitoria de Assuntos Estudantis<\/a>, e com a <a href=\"https:\/\/www.ufsm.br\/orgaos-suplementares\/dga\">Diretoria de Gest\u00e3o Ambiental<\/a> da UFSM.<\/p><p>O Ateli\u00ea promove oficinas criativas com a premissa da reutiliza\u00e7\u00e3o dos materiais recicl\u00e1veis recebidos via <a href=\"https:\/\/www.ufsm.br\/orgaos-suplementares\/dga?page_id=205\">Escambo<\/a>, aliando a pr\u00e1tica artesanal ao cuidado socioambiental.<\/p>\t\t\t\t\t\t<\/div>\n\t\t\t\t<\/div>\n\t\t\t\t\t<\/div>\n\t\t<\/div>\n\t\t\t\t\t<\/div>\n\t\t<\/section>\n\t\t\t\t<section class=\"elementor-section elementor-top-section elementor-element elementor-element-4902f81 elementor-section-boxed elementor-section-height-default elementor-section-height-default\" data-id=\"4902f81\" data-element_type=\"section\">\n\t\t\t\t\t\t<div class=\"elementor-container elementor-column-gap-default\">\n\t\t\t\t\t<div class=\"elementor-column elementor-col-100 elementor-top-column elementor-element elementor-element-4a8f66f\" data-id=\"4a8f66f\" data-element_type=\"column\">\n\t\t\t<div class=\"elementor-widget-wrap elementor-element-populated\">\n\t\t\t\t\t\t<div class=\"elementor-element elementor-element-0e5ff42 elementor-widget elementor-widget-heading\" data-id=\"0e5ff42\" data-element_type=\"widget\" data-widget_type=\"heading.default\">\n\t\t\t\t<div class=\"elementor-widget-container\">\n\t\t\t<h1 class=\"elementor-heading-title elementor-size-default\">Oficinas<\/h1>\t\t<\/div>\n\t\t\t\t<\/div>\n\t\t\t\t\t<\/div>\n\t\t<\/div>\n\t\t\t\t\t<\/div>\n\t\t<\/section>\n\t\t\t\t<section class=\"elementor-section elementor-top-section elementor-element elementor-element-4d11220 elementor-section-boxed elementor-section-height-default elementor-section-height-default\" data-id=\"4d11220\" data-element_type=\"section\">\n\t\t\t\t\t\t<div class=\"elementor-container elementor-column-gap-default\">\n\t\t\t\t\t<div class=\"elementor-column elementor-col-33 elementor-top-column elementor-element elementor-element-cd02528\" data-id=\"cd02528\" data-element_type=\"column\">\n\t\t\t<div class=\"elementor-widget-wrap elementor-element-populated\">\n\t\t\t\t\t\t<div class=\"elementor-element elementor-element-117e1d5 elementor-widget elementor-widget-heading\" data-id=\"117e1d5\" data-element_type=\"widget\" data-widget_type=\"heading.default\">\n\t\t\t\t<div class=\"elementor-widget-container\">\n\t\t\t<h5 class=\"elementor-heading-title elementor-size-default\">Jardinagem<\/h5>\t\t<\/div>\n\t\t\t\t<\/div>\n\t\t\t\t\t<\/div>\n\t\t<\/div>\n\t\t\t\t<div class=\"elementor-column elementor-col-33 elementor-top-column elementor-element elementor-element-6e720e8\" data-id=\"6e720e8\" data-element_type=\"column\">\n\t\t\t<div class=\"elementor-widget-wrap elementor-element-populated\">\n\t\t\t\t\t\t<div class=\"elementor-element elementor-element-b08b918 elementor-widget elementor-widget-heading\" data-id=\"b08b918\" data-element_type=\"widget\" data-widget_type=\"heading.default\">\n\t\t\t\t<div class=\"elementor-widget-container\">\n\t\t\t<h5 class=\"elementor-heading-title elementor-size-default\">Costura criativa e manualidades<\/h5>\t\t<\/div>\n\t\t\t\t<\/div>\n\t\t\t\t\t<\/div>\n\t\t<\/div>\n\t\t\t\t<div class=\"elementor-column elementor-col-33 elementor-top-column elementor-element elementor-element-a4ce28b\" data-id=\"a4ce28b\" data-element_type=\"column\">\n\t\t\t<div class=\"elementor-widget-wrap elementor-element-populated\">\n\t\t\t\t\t\t<div class=\"elementor-element elementor-element-21834a1 elementor-widget elementor-widget-heading\" data-id=\"21834a1\" data-element_type=\"widget\" data-widget_type=\"heading.default\">\n\t\t\t\t<div class=\"elementor-widget-container\">\n\t\t\t<h5 class=\"elementor-heading-title elementor-size-default\">Outras propostas<\/h5>\t\t<\/div>\n\t\t\t\t<\/div>\n\t\t\t\t\t<\/div>\n\t\t<\/div>\n\t\t\t\t\t<\/div>\n\t\t<\/section>\n\t\t\t\t<section class=\"elementor-section elementor-top-section elementor-element elementor-element-a0f84ee elementor-section-boxed elementor-section-height-default elementor-section-height-default\" data-id=\"a0f84ee\" data-element_type=\"section\">\n\t\t\t\t\t\t<div class=\"elementor-container elementor-column-gap-default\">\n\t\t\t\t\t<div class=\"elementor-column elementor-col-33 elementor-top-column elementor-element elementor-element-aea7e6a\" data-id=\"aea7e6a\" data-element_type=\"column\">\n\t\t\t<div class=\"elementor-widget-wrap elementor-element-populated\">\n\t\t\t\t\t\t<div class=\"elementor-element elementor-element-385db79 elementor-widget elementor-widget-text-editor\" data-id=\"385db79\" data-element_type=\"widget\" data-widget_type=\"text-editor.default\">\n\t\t\t\t<div class=\"elementor-widget-container\">\n\t\t\t\t\t\t\t<p>Oficinas com troca de conhecimentos desde o plantio at\u00e9 o manejo de plantas ornamentais e medicinais.<\/p>\t\t\t\t\t\t<\/div>\n\t\t\t\t<\/div>\n\t\t\t\t\t<\/div>\n\t\t<\/div>\n\t\t\t\t<div class=\"elementor-column elementor-col-33 elementor-top-column elementor-element elementor-element-806d0b2\" data-id=\"806d0b2\" data-element_type=\"column\">\n\t\t\t<div class=\"elementor-widget-wrap elementor-element-populated\">\n\t\t\t\t\t\t<div class=\"elementor-element elementor-element-f9b7bd0 elementor-widget elementor-widget-text-editor\" data-id=\"f9b7bd0\" data-element_type=\"widget\" data-widget_type=\"text-editor.default\">\n\t\t\t\t<div class=\"elementor-widget-container\">\n\t\t\t\t\t\t\t<p>Atividades com confec\u00e7\u00e3o de produtos de autocuidado e bem-estar.<\/p>\t\t\t\t\t\t<\/div>\n\t\t\t\t<\/div>\n\t\t\t\t\t<\/div>\n\t\t<\/div>\n\t\t\t\t<div class=\"elementor-column elementor-col-33 elementor-top-column elementor-element elementor-element-7d534e8\" data-id=\"7d534e8\" data-element_type=\"column\">\n\t\t\t<div class=\"elementor-widget-wrap elementor-element-populated\">\n\t\t\t\t\t\t<div class=\"elementor-element elementor-element-e62f7a9 elementor-widget elementor-widget-text-editor\" data-id=\"e62f7a9\" data-element_type=\"widget\" data-widget_type=\"text-editor.default\">\n\t\t\t\t<div class=\"elementor-widget-container\">\n\t\t\t\t\t\t\t<p>Atividades apreciadas pelos participantes, como observa\u00e7\u00e3o e identifica\u00e7\u00e3o da avifauna do campus.<\/p>\t\t\t\t\t\t<\/div>\n\t\t\t\t<\/div>\n\t\t\t\t\t<\/div>\n\t\t<\/div>\n\t\t\t\t\t<\/div>\n\t\t<\/section>\n\t\t\t\t<section class=\"elementor-section elementor-top-section elementor-element elementor-element-6eb6c3a elementor-section-boxed elementor-section-height-default elementor-section-height-default\" data-id=\"6eb6c3a\" data-element_type=\"section\">\n\t\t\t\t\t\t<div class=\"elementor-container elementor-column-gap-default\">\n\t\t\t\t\t<div class=\"elementor-column elementor-col-100 elementor-top-column elementor-element elementor-element-402b69a\" data-id=\"402b69a\" data-element_type=\"column\">\n\t\t\t<div class=\"elementor-widget-wrap elementor-element-populated\">\n\t\t\t\t\t\t<div class=\"elementor-element elementor-element-130f4d8 elementor-widget elementor-widget-image\" data-id=\"130f4d8\" data-element_type=\"widget\" data-widget_type=\"image.default\">\n\t\t\t\t<div class=\"elementor-widget-container\">\n\t\t\t\t\t\t\t\t\t\t\t\t\t<img fetchpriority=\"high\" decoding=\"async\" width=\"1024\" height=\"572\" src=\"https:\/\/www.ufsm.br\/app\/uploads\/sites\/991\/2026\/08\/Atelie-Ambiental-Editado-1024x572.jpg\" class=\"attachment-large size-large wp-image-209\" alt=\"\" srcset=\"https:\/\/www.ufsm.br\/app\/uploads\/sites\/991\/2026\/08\/Atelie-Ambiental-Editado-1024x572.jpg 1024w, https:\/\/www.ufsm.br\/app\/uploads\/sites\/991\/2026\/08\/Atelie-Ambiental-Editado-300x167.jpg 300w, https:\/\/www.ufsm.br\/app\/uploads\/sites\/991\/2026\/08\/Atelie-Ambiental-Editado-768x429.jpg 768w, https:\/\/www.ufsm.br\/app\/uploads\/sites\/991\/2026\/08\/Atelie-Ambiental-Editado.jpg 1376w\" sizes=\"(max-width: 1024px) 100vw, 1024px\" \/>\t\t\t\t\t\t\t\t\t\t\t\t\t<\/div>\n\t\t\t\t<\/div>\n\t\t\t\t<div class=\"elementor-element elementor-element-6c443bd elementor-widget elementor-widget-text-editor\" data-id=\"6c443bd\" data-element_type=\"widget\" data-widget_type=\"text-editor.default\">\n\t\t\t\t<div class=\"elementor-widget-container\">\n\t\t\t\t\t\t\t<p><span style=\"font-size: 12pt;font-family: &#039;Times New Roman&#039;, serif;color: #000000;background-color: transparent;font-variant: normal;vertical-align: baseline;white-space: pre-wrap\">As oficinas s\u00e3o abertas \u00e0 toda a comunidade acad\u00eamica atrav\u00e9s de inscri\u00e7\u00e3o pr\u00e9via disponibilizada semanalmente nas redes sociais do Comit\u00ea Ambiental<\/span><span style=\"color: #000000;font-size: 1rem\"><span style=\"font-size: 12pt;font-family: &#039;Times New Roman&#039;, serif;color: #000000;background-color: transparent;font-variant: normal;vertical-align: baseline;white-space: pre-wrap\">.<\/span><\/span><\/p><p><span style=\"color: #000000;font-size: 1rem\"><span style=\"font-size: 12pt;font-family: &#039;Times New Roman&#039;, serif;color: #000000;background-color: transparent;font-variant: normal;vertical-align: baseline;white-space: pre-wrap\">O grupo tamb\u00e9m oferece palestras e oficinas em outros espa\u00e7os da UFSM e comunidade local mediante disponibilidade de agenda e demandas dos grupos interessados. <\/span><\/span><span style=\"font-family: &#039;Times New Roman&#039;, serif;color: #000000;font-size: 12pt;background-color: transparent;text-indent: 35.4pt;font-variant: normal;vertical-align: baseline;white-space: pre-wrap\">Para agendamentos, entrar em contato pelo e-mail <\/span><span style=\"color: #3366ff\"><a style=\"font-size: 1rem;text-indent: 35.4pt;color: #3366ff\" href=\"mailto:comite.ambientalufsm2024@gmail.com\"><span style=\"font-size: 12pt;font-family: &#039;Times New Roman&#039;, serif;background-color: transparent;font-variant: normal;text-decoration: underline;vertical-align: baseline;white-space: pre-wrap\">comite.ambientalufsm2024@gmail.com<\/span><\/a><span style=\"font-family: &#039;Times New Roman&#039;, serif;font-size: 12pt;background-color: transparent;text-indent: 35.4pt;font-variant: normal;vertical-align: baseline;white-space: pre-wrap\">.\u00a0<\/span><\/span><\/p><p><span style=\"color: #000000;font-size: 16px;text-align: start;white-space: pre-wrap\">As oficinas acontecem nas sextas-feiras pela manh\u00e3, das 8h30 \u00e0s 12h, em escala quinzenal. As propostas ser\u00e3o divulgadas todas as semanas atrav\u00e9s dos <a href=\"https:\/\/www.instagram.com\/ca.ufsm\/\">nossos canais de comunica\u00e7\u00e3o.<\/a><\/span><\/p>\t\t\t\t\t\t<\/div>\n\t\t\t\t<\/div>\n\t\t\t\t\t<\/div>\n\t\t<\/div>\n\t\t\t\t\t<\/div>\n\t\t<\/section>\n\t\t\t\t<\/div>\n\t\t","protected":false},"excerpt":{"rendered":"<p>O Ateli\u00ea Ambiental \u00e9 um espa\u00e7o idealizado pelo Comit\u00ea Ambiental em parceria com o Setor de Aten\u00e7\u00e3o Integral ao Estudante (SATIE), da Pr\u00f3-Reitoria de Assuntos Estudantis, e com a Diretoria de Gest\u00e3o Ambiental da UFSM. O Ateli\u00ea promove oficinas criativas com a premissa da reutiliza\u00e7\u00e3o dos materiais recicl\u00e1veis recebidos via Escambo, aliando a pr\u00e1tica artesanal [&hellip;]<\/p>\n","protected":false},"author":9605,"featured_media":0,"parent":0,"menu_order":0,"comment_status":"closed","ping_status":"closed","template":"","meta":{"footnotes":""},"categories":[],"tags":[],"class_list":["post-208","page","type-page","status-publish","hentry"],"acf":[],"_links":{"self":[{"href":"https:\/\/www.ufsm.br\/orgaos-suplementares\/dga\/wp-json\/wp\/v2\/pages\/208","targetHints":{"allow":["GET"]}}],"collection":[{"href":"https:\/\/www.ufsm.br\/orgaos-suplementares\/dga\/wp-json\/wp\/v2\/pages"}],"about":[{"href":"https:\/\/www.ufsm.br\/orgaos-suplementares\/dga\/wp-json\/wp\/v2\/types\/page"}],"author":[{"embeddable":true,"href":"https:\/\/www.ufsm.br\/orgaos-suplementares\/dga\/wp-json\/wp\/v2\/users\/9605"}],"replies":[{"embeddable":true,"href":"https:\/\/www.ufsm.br\/orgaos-suplementares\/dga\/wp-json\/wp\/v2\/comments?post=208"}],"version-history":[{"count":0,"href":"https:\/\/www.ufsm.br\/orgaos-suplementares\/dga\/wp-json\/wp\/v2\/pages\/208\/revisions"}],"wp:attachment":[{"href":"https:\/\/www.ufsm.br\/orgaos-suplementares\/dga\/wp-json\/wp\/v2\/media?parent=208"}],"wp:term":[{"taxonomy":"category","embeddable":true,"href":"https:\/\/www.ufsm.br\/orgaos-suplementares\/dga\/wp-json\/wp\/v2\/categories?post=208"},{"taxonomy":"post_tag","embeddable":true,"href":"https:\/\/www.ufsm.br\/orgaos-suplementares\/dga\/wp-json\/wp\/v2\/tags?post=208"}],"curies":[{"name":"wp","href":"https:\/\/api.w.org\/{rel}","templated":true}]}}