{"id":21,"date":"2026-04-08T08:42:15","date_gmt":"2026-04-08T11:42:15","guid":{"rendered":"https:\/\/www.ufsm.br\/orgaos-suplementares\/dga\/?page_id=21"},"modified":"2026-07-22T12:24:25","modified_gmt":"2026-07-22T15:24:25","slug":"equipe","status":"publish","type":"page","link":"https:\/\/www.ufsm.br\/orgaos-suplementares\/dga\/equipe","title":{"rendered":"Equipe"},"content":{"rendered":"\t\t<div data-elementor-type=\"wp-page\" data-elementor-id=\"21\" class=\"elementor elementor-21\">\n\t\t\t\t\t\t<section class=\"elementor-section elementor-top-section elementor-element elementor-element-e3cf960 elementor-section-boxed elementor-section-height-default elementor-section-height-default\" data-id=\"e3cf960\" data-element_type=\"section\">\n\t\t\t\t\t\t<div class=\"elementor-container elementor-column-gap-default\">\n\t\t\t\t\t<div class=\"elementor-column elementor-col-100 elementor-top-column elementor-element elementor-element-4bb77af\" data-id=\"4bb77af\" data-element_type=\"column\">\n\t\t\t<div class=\"elementor-widget-wrap elementor-element-populated\">\n\t\t\t\t\t\t<div class=\"elementor-element elementor-element-b70fc68 elementor-widget elementor-widget-text-editor\" data-id=\"b70fc68\" data-element_type=\"widget\" data-widget_type=\"text-editor.default\">\n\t\t\t\t<div class=\"elementor-widget-container\">\n\t\t\t\t\t\t\t<ul class=\"list-unstyled\">\n<li class=\"mb-3\">\n<h5>DIRETORIA DE GEST\u00c3O AMBIENTAL<\/h5>\n<ul class=\"list-unstyled\">\n<li class=\"my-3\"><strong class=\"h4 mb-2 text-capitalize\">Josita Soares Monteiro<\/strong><br><ul class=\"list-unstyled\">\n<li>Assessor de Gest\u00e3o Ambiental<\/li>\n<li class=\"text-capitalize\">professor do magist\u00e9rio superior<\/li><\/ul><\/li><li class=\"my-3\"><ul class=\"list-unstyled\">\n<\/ul>\n<\/li>\n<\/ul>\n<\/li>\n<li class=\"mb-3\">\n<h5>SETOR DE ACOMPANHAMENTO ADMINISTRATIVO E OR\u00c7AMENT\u00c1RIO (SAAO\/DGA)<\/h5>\n<ul class=\"list-unstyled\">\n<li class=\"my-3\"><strong class=\"h4 mb-2 text-capitalize\">Elzon Cassio Rippel<\/strong><br><ul class=\"list-unstyled\">\n<li>Chefe de Setor<\/li>\n<li class=\"text-capitalize\">assistente em administra\u00e7\u00e3o<\/li>\n<\/ul>\n<\/li>\n<\/ul>\n<\/li>\n<li class=\"mb-3\">\n<ul class=\"list-unstyled\">\n<li class=\"my-3\">\n<ul class=\"list-unstyled\">\n<\/ul>\n<\/li>\n<\/ul>\n<\/li>\n<li class=\"mb-3\">\n<h5>N\u00daCLEO DE LICENCIAMENTO AMBIENTAL E SANEAMENTO (NLAS\/DGA)<\/h5>\n<ul class=\"list-unstyled\">\n<li class=\"my-3\"><strong class=\"h4 mb-2 text-capitalize\">R\u00e9gis Villanova Longhi<\/strong><br><ul class=\"list-unstyled\">\n<li>Chefe de Setor<\/li>\n<li class=\"text-capitalize\">Engenheiro Florestal<\/li>\n<\/ul>\n<\/li>\n<li class=\"my-3\"><strong class=\"h4 mb-2 text-capitalize\">Nicolli Reck<\/strong><br><ul class=\"list-unstyled\">\n<li class=\"text-capitalize\">engenheiro Sanitarista &amp; Ambiental<\/li>\n<\/ul>\n<\/li>\n<li class=\"my-3\"><strong class=\"h4 mb-2 text-capitalize\">Vinicius Kuchinski<\/strong><br><ul class=\"list-unstyled\">\n<li class=\"text-capitalize\">Engenheiro Civil<\/li>\n<\/ul>\n<\/li>\n<li class=\"my-3\">\n<ul class=\"list-unstyled\">\n<\/ul>\n<\/li>\n<\/ul>\n<\/li>\n<li class=\"mb-3\">\n<h5>SETOR DE RES\u00cdDUOS E PRODUTOS QU\u00cdMICOS (SRPQ\/DGA)<\/h5>\n<ul class=\"list-unstyled\">\n<li class=\"my-3\"><strong class=\"h4 mb-2 text-capitalize\">Marcela bromberger Soquetta<\/strong><br><ul class=\"list-unstyled\">\n<li>Chefe de Setor<\/li>\n<li class=\"text-capitalize\">assistente de laborat\u00f3rio<\/li>\n<\/ul>\n<\/li>\n<li class=\"my-3\"><strong class=\"h4 mb-2 text-capitalize\">Tiago Bessega<\/strong><br><ul class=\"list-unstyled\">\n<li>Qu\u00edmico<\/li>\n<\/ul>\n<\/li>\n<li class=\"my-3\"><strong class=\"h4 mb-2 text-capitalize\">Rafaela Mozzaquatro Gai<\/strong><br><ul class=\"list-unstyled\">\n<li class=\"text-capitalize\">T\u00e9cnico de Laborat\u00f3rio<\/li>\n<\/ul>\n<\/li>\n<li class=\"my-3\"><strong class=\"h4 mb-2 text-capitalize\">Upiragibe Vinicius Pinheiro<\/strong><br><ul class=\"list-unstyled\">\n<li class=\"text-capitalize\">Engenheiro Qu\u00edmico<\/li>\n<\/ul>\n<\/li>\n<li class=\"my-3\"><br><\/li><\/ul><\/li><li class=\"mb-3\"><ul class=\"list-unstyled\"><li class=\"my-3\"><ul class=\"list-unstyled\">\n<\/ul>\n<\/li>\n<\/ul>\n<\/li>\n<\/ul>\t\t\t\t\t\t<\/div>\n\t\t\t\t<\/div>\n\t\t\t\t\t<\/div>\n\t\t<\/div>\n\t\t\t\t\t<\/div>\n\t\t<\/section>\n\t\t\t\t<\/div>\n\t\t","protected":false},"excerpt":{"rendered":"<p>DIRETORIA DE GEST\u00c3O AMBIENTAL Josita Soares Monteiro Assessor de Gest\u00e3o Ambiental professor do magist\u00e9rio superior SETOR DE ACOMPANHAMENTO ADMINISTRATIVO E OR\u00c7AMENT\u00c1RIO (SAAO\/DGA) Elzon Cassio Rippel Chefe de Setor assistente em administra\u00e7\u00e3o N\u00daCLEO DE LICENCIAMENTO AMBIENTAL E SANEAMENTO (NLAS\/DGA) R\u00e9gis Villanova Longhi Chefe de Setor Engenheiro Florestal Nicolli Reck engenheiro Sanitarista &amp; Ambiental Vinicius Kuchinski Engenheiro [&hellip;]<\/p>\n","protected":false},"author":278,"featured_media":0,"parent":0,"menu_order":0,"comment_status":"closed","ping_status":"closed","template":"","meta":{"footnotes":""},"categories":[],"tags":[],"class_list":["post-21","page","type-page","status-publish","hentry"],"acf":[],"_links":{"self":[{"href":"https:\/\/www.ufsm.br\/orgaos-suplementares\/dga\/wp-json\/wp\/v2\/pages\/21","targetHints":{"allow":["GET"]}}],"collection":[{"href":"https:\/\/www.ufsm.br\/orgaos-suplementares\/dga\/wp-json\/wp\/v2\/pages"}],"about":[{"href":"https:\/\/www.ufsm.br\/orgaos-suplementares\/dga\/wp-json\/wp\/v2\/types\/page"}],"author":[{"embeddable":true,"href":"https:\/\/www.ufsm.br\/orgaos-suplementares\/dga\/wp-json\/wp\/v2\/users\/278"}],"replies":[{"embeddable":true,"href":"https:\/\/www.ufsm.br\/orgaos-suplementares\/dga\/wp-json\/wp\/v2\/comments?post=21"}],"version-history":[{"count":0,"href":"https:\/\/www.ufsm.br\/orgaos-suplementares\/dga\/wp-json\/wp\/v2\/pages\/21\/revisions"}],"wp:attachment":[{"href":"https:\/\/www.ufsm.br\/orgaos-suplementares\/dga\/wp-json\/wp\/v2\/media?parent=21"}],"wp:term":[{"taxonomy":"category","embeddable":true,"href":"https:\/\/www.ufsm.br\/orgaos-suplementares\/dga\/wp-json\/wp\/v2\/categories?post=21"},{"taxonomy":"post_tag","embeddable":true,"href":"https:\/\/www.ufsm.br\/orgaos-suplementares\/dga\/wp-json\/wp\/v2\/tags?post=21"}],"curies":[{"name":"wp","href":"https:\/\/api.w.org\/{rel}","templated":true}]}}