{"id":3605,"date":"2026-09-02T10:39:36","date_gmt":"2026-09-02T13:39:36","guid":{"rendered":"https:\/\/www.ufsm.br\/orgaos-suplementares\/dti\/?page_id=3605"},"modified":"2026-09-02T10:43:24","modified_gmt":"2026-09-02T13:43:24","slug":"coordenadoria-de-transformacao-digital-sistemas-e-informacoes-ctsi","status":"publish","type":"page","link":"https:\/\/www.ufsm.br\/orgaos-suplementares\/dti\/coordenadoria-de-transformacao-digital-sistemas-e-informacoes-ctsi","title":{"rendered":"Coordenadoria de Transforma\u00e7\u00e3o Digital, Sistemas e Informa\u00e7\u00f5es (CTSI)"},"content":{"rendered":"\t\t<div data-elementor-type=\"wp-page\" data-elementor-id=\"3605\" class=\"elementor elementor-3605\">\n\t\t\t\t\t\t<section class=\"elementor-section elementor-top-section elementor-element elementor-element-9c350ad elementor-section-boxed elementor-section-height-default elementor-section-height-default\" data-id=\"9c350ad\" data-element_type=\"section\">\n\t\t\t\t\t\t<div class=\"elementor-container elementor-column-gap-default\">\n\t\t\t\t\t<div class=\"elementor-column elementor-col-100 elementor-top-column elementor-element elementor-element-89201cd\" data-id=\"89201cd\" data-element_type=\"column\">\n\t\t\t<div class=\"elementor-widget-wrap elementor-element-populated\">\n\t\t\t\t\t\t<div class=\"elementor-element elementor-element-9a5db34 elementor-widget elementor-widget-text-editor\" data-id=\"9a5db34\" data-element_type=\"widget\" data-widget_type=\"text-editor.default\">\n\t\t\t\t<div class=\"elementor-widget-container\">\n\t\t\t\t\t\t\t<p>A Coordenadoria de Transforma\u00e7\u00e3o Digital, Sistemas e Informa\u00e7\u00f5es (CTSI) planeja, coordena e supervisiona o desenvolvimento, a manuten\u00e7\u00e3o e a evolu\u00e7\u00e3o dos sistemas institucionais, e promove a transforma\u00e7\u00e3o digital da Universidade em todo o seu ciclo \u2014 diagn\u00f3stico, planejamento, implementa\u00e7\u00e3o e sustenta\u00e7\u00e3o. Define diretrizes e padr\u00f5es para desenvolvimento e integra\u00e7\u00e3o de sistemas, apoia a tomada de decis\u00e3o por meio de dados estrat\u00e9gicos e promove o uso \u00e9tico da intelig\u00eancia artificial, em conformidade com a LGPD. Re\u00fane o Nuprod, a DDI (com a subdivis\u00e3o SIS) e o NTDI (com a subdivis\u00e3o Sidata).<\/p>\t\t\t\t\t\t<\/div>\n\t\t\t\t<\/div>\n\t\t\t\t\t<\/div>\n\t\t<\/div>\n\t\t\t\t\t<\/div>\n\t\t<\/section>\n\t\t\t\t<section class=\"elementor-section elementor-top-section elementor-element elementor-element-8a2149d elementor-section-boxed elementor-section-height-default elementor-section-height-default\" data-id=\"8a2149d\" data-element_type=\"section\">\n\t\t\t\t\t\t<div class=\"elementor-container elementor-column-gap-default\">\n\t\t\t\t\t<div class=\"elementor-column elementor-col-100 elementor-top-column elementor-element elementor-element-c4b56ad\" data-id=\"c4b56ad\" data-element_type=\"column\">\n\t\t\t<div class=\"elementor-widget-wrap elementor-element-populated\">\n\t\t\t\t\t\t<div class=\"elementor-element elementor-element-07b6817 elementor-widget elementor-widget-heading\" data-id=\"07b6817\" data-element_type=\"widget\" data-widget_type=\"heading.default\">\n\t\t\t\t<div class=\"elementor-widget-container\">\n\t\t\t<h2 class=\"elementor-heading-title elementor-size-default\">Subunidades da CTSI<\/h2>\t\t<\/div>\n\t\t\t\t<\/div>\n\t\t\t\t\t<\/div>\n\t\t<\/div>\n\t\t\t\t\t<\/div>\n\t\t<\/section>\n\t\t\t\t<section class=\"elementor-section elementor-top-section elementor-element elementor-element-26651de elementor-section-boxed elementor-section-height-default elementor-section-height-default\" data-id=\"26651de\" data-element_type=\"section\">\n\t\t\t\t\t\t<div class=\"elementor-container elementor-column-gap-default\">\n\t\t\t\t\t<div class=\"elementor-column elementor-col-100 elementor-top-column elementor-element elementor-element-79e69a7\" data-id=\"79e69a7\" data-element_type=\"column\">\n\t\t\t<div class=\"elementor-widget-wrap elementor-element-populated\">\n\t\t\t\t\t\t<div class=\"elementor-element elementor-element-e2ca4c1 elementor-widget elementor-widget-heading\" data-id=\"e2ca4c1\" data-element_type=\"widget\" data-widget_type=\"heading.default\">\n\t\t\t\t<div class=\"elementor-widget-container\">\n\t\t\t<h3 class=\"elementor-heading-title elementor-size-default\">N\u00facleo de Gest\u00e3o de Produtos (Nuprod)  <\/h3>\t\t<\/div>\n\t\t\t\t<\/div>\n\t\t\t\t\t<\/div>\n\t\t<\/div>\n\t\t\t\t\t<\/div>\n\t\t<\/section>\n\t\t\t\t<section class=\"elementor-section elementor-top-section elementor-element elementor-element-6ae1996 elementor-section-boxed elementor-section-height-default elementor-section-height-default\" data-id=\"6ae1996\" data-element_type=\"section\">\n\t\t\t\t\t\t<div class=\"elementor-container elementor-column-gap-default\">\n\t\t\t\t\t<div class=\"elementor-column elementor-col-100 elementor-top-column elementor-element elementor-element-d5fae96\" data-id=\"d5fae96\" data-element_type=\"column\">\n\t\t\t<div class=\"elementor-widget-wrap elementor-element-populated\">\n\t\t\t\t\t\t<div class=\"elementor-element elementor-element-1d806d2 elementor-widget elementor-widget-text-editor\" data-id=\"1d806d2\" data-element_type=\"widget\" data-widget_type=\"text-editor.default\">\n\t\t\t\t<div class=\"elementor-widget-container\">\n\t\t\t\t\t\t\t<p class=\"p1\">Gerencia o portf\u00f3lio de produtos digitais institucionais ao longo de todo o seu ciclo de vida. Atua como elo entre as \u00e1reas usu\u00e1rias e a equipe de desenvolvimento, identifica e prioriza demandas, apoia a defini\u00e7\u00e3o de requisitos e regras de neg\u00f3cio, coordena o atendimento especializado de segundo n\u00edvel e acompanha a implanta\u00e7\u00e3o de novas funcionalidades, produzindo documenta\u00e7\u00e3o e orienta\u00e7\u00f5es de uso.<\/p>\t\t\t\t\t\t<\/div>\n\t\t\t\t<\/div>\n\t\t\t\t\t<\/div>\n\t\t<\/div>\n\t\t\t\t\t<\/div>\n\t\t<\/section>\n\t\t\t\t<section class=\"elementor-section elementor-top-section elementor-element elementor-element-675ce87 elementor-section-boxed elementor-section-height-default elementor-section-height-default\" data-id=\"675ce87\" data-element_type=\"section\">\n\t\t\t\t\t\t<div class=\"elementor-container elementor-column-gap-default\">\n\t\t\t\t\t<div class=\"elementor-column elementor-col-100 elementor-top-column elementor-element elementor-element-0b34e7d\" data-id=\"0b34e7d\" data-element_type=\"column\">\n\t\t\t<div class=\"elementor-widget-wrap elementor-element-populated\">\n\t\t\t\t\t\t<div class=\"elementor-element elementor-element-5e05092 elementor-widget elementor-widget-heading\" data-id=\"5e05092\" data-element_type=\"widget\" data-widget_type=\"heading.default\">\n\t\t\t\t<div class=\"elementor-widget-container\">\n\t\t\t<h3 class=\"elementor-heading-title elementor-size-default\">Divis\u00e3o de Desenvolvimento e Integra\u00e7\u00f5es (DDI)<\/h3>\t\t<\/div>\n\t\t\t\t<\/div>\n\t\t\t\t\t<\/div>\n\t\t<\/div>\n\t\t\t\t\t<\/div>\n\t\t<\/section>\n\t\t\t\t<section class=\"elementor-section elementor-top-section elementor-element elementor-element-f1556ad elementor-section-boxed elementor-section-height-default elementor-section-height-default\" data-id=\"f1556ad\" data-element_type=\"section\">\n\t\t\t\t\t\t<div class=\"elementor-container elementor-column-gap-default\">\n\t\t\t\t\t<div class=\"elementor-column elementor-col-100 elementor-top-column elementor-element elementor-element-162d951\" data-id=\"162d951\" data-element_type=\"column\">\n\t\t\t<div class=\"elementor-widget-wrap elementor-element-populated\">\n\t\t\t\t\t\t<div class=\"elementor-element elementor-element-86375fb elementor-widget elementor-widget-text-editor\" data-id=\"86375fb\" data-element_type=\"widget\" data-widget_type=\"text-editor.default\">\n\t\t\t\t<div class=\"elementor-widget-container\">\n\t\t\t\t\t\t\t<p class=\"p1\">Desenvolve e mant\u00e9m os sistemas institucionais \u2014 desktop, web, mobile e s\u00edtios \u2014, garantindo sua continuidade e evolu\u00e7\u00e3o. Realiza integra\u00e7\u00f5es entre sistemas pr\u00f3prios, sistemas estruturantes do governo federal e solu\u00e7\u00f5es de terceiros, assegura padr\u00f5es de seguran\u00e7a, interoperabilidade e desempenho, e mant\u00e9m a documenta\u00e7\u00e3o t\u00e9cnica das solu\u00e7\u00f5es.<\/p>\t\t\t\t\t\t<\/div>\n\t\t\t\t<\/div>\n\t\t\t\t\t<\/div>\n\t\t<\/div>\n\t\t\t\t\t<\/div>\n\t\t<\/section>\n\t\t\t\t<section class=\"elementor-section elementor-top-section elementor-element elementor-element-078689b elementor-section-boxed elementor-section-height-default elementor-section-height-default\" data-id=\"078689b\" data-element_type=\"section\">\n\t\t\t\t\t\t<div class=\"elementor-container elementor-column-gap-default\">\n\t\t\t\t\t<div class=\"elementor-column elementor-col-100 elementor-top-column elementor-element elementor-element-231a0ad\" data-id=\"231a0ad\" data-element_type=\"column\">\n\t\t\t<div class=\"elementor-widget-wrap elementor-element-populated\">\n\t\t\t\t\t\t<div class=\"elementor-element elementor-element-8008b0d elementor-widget elementor-widget-heading\" data-id=\"8008b0d\" data-element_type=\"widget\" data-widget_type=\"heading.default\">\n\t\t\t\t<div class=\"elementor-widget-container\">\n\t\t\t<h3 class=\"elementor-heading-title elementor-size-default\">Subdivis\u00e3o de Infraestrutura de Software (SIS) <\/h3>\t\t<\/div>\n\t\t\t\t<\/div>\n\t\t\t\t\t<\/div>\n\t\t<\/div>\n\t\t\t\t\t<\/div>\n\t\t<\/section>\n\t\t\t\t<section class=\"elementor-section elementor-top-section elementor-element elementor-element-323f1a1 elementor-section-boxed elementor-section-height-default elementor-section-height-default\" data-id=\"323f1a1\" data-element_type=\"section\">\n\t\t\t\t\t\t<div class=\"elementor-container elementor-column-gap-default\">\n\t\t\t\t\t<div class=\"elementor-column elementor-col-100 elementor-top-column elementor-element elementor-element-ba15cee\" data-id=\"ba15cee\" data-element_type=\"column\">\n\t\t\t<div class=\"elementor-widget-wrap elementor-element-populated\">\n\t\t\t\t\t\t<div class=\"elementor-element elementor-element-5d255d7 elementor-widget elementor-widget-text-editor\" data-id=\"5d255d7\" data-element_type=\"widget\" data-widget_type=\"text-editor.default\">\n\t\t\t\t<div class=\"elementor-widget-container\">\n\t\t\t\t\t\t\t<p class=\"p1\">Define e mant\u00e9m a arquitetura de refer\u00eancia de software, integra\u00e7\u00f5es e dados da institui\u00e7\u00e3o, estabelecendo padr\u00f5es tecnol\u00f3gicos e crit\u00e9rios de interoperabilidade. Implementa pr\u00e1ticas de integra\u00e7\u00e3o e entrega cont\u00ednuas (DevOps) e de infraestrutura como c\u00f3digo (IaC), administra os bancos de dados institucionais e os ambientes de desenvolvimento, homologa\u00e7\u00e3o e produ\u00e7\u00e3o, e gerencia as rotinas de backup e os artefatos de seguran\u00e7a desses ambientes.<\/p>\t\t\t\t\t\t<\/div>\n\t\t\t\t<\/div>\n\t\t\t\t\t<\/div>\n\t\t<\/div>\n\t\t\t\t\t<\/div>\n\t\t<\/section>\n\t\t\t\t<section class=\"elementor-section elementor-top-section elementor-element elementor-element-1c05a3e elementor-section-boxed elementor-section-height-default elementor-section-height-default\" data-id=\"1c05a3e\" data-element_type=\"section\">\n\t\t\t\t\t\t<div class=\"elementor-container elementor-column-gap-default\">\n\t\t\t\t\t<div class=\"elementor-column elementor-col-100 elementor-top-column elementor-element elementor-element-6763163\" data-id=\"6763163\" data-element_type=\"column\">\n\t\t\t<div class=\"elementor-widget-wrap elementor-element-populated\">\n\t\t\t\t\t\t<div class=\"elementor-element elementor-element-ae33ad5 elementor-widget elementor-widget-heading\" data-id=\"ae33ad5\" data-element_type=\"widget\" data-widget_type=\"heading.default\">\n\t\t\t\t<div class=\"elementor-widget-container\">\n\t\t\t<h3 class=\"elementor-heading-title elementor-size-default\">N\u00facleo de Transforma\u00e7\u00e3o Digital e Intelig\u00eancia de Dados (NTDI) <\/h3>\t\t<\/div>\n\t\t\t\t<\/div>\n\t\t\t\t\t<\/div>\n\t\t<\/div>\n\t\t\t\t\t<\/div>\n\t\t<\/section>\n\t\t\t\t<section class=\"elementor-section elementor-top-section elementor-element elementor-element-41f871e elementor-section-boxed elementor-section-height-default elementor-section-height-default\" data-id=\"41f871e\" data-element_type=\"section\">\n\t\t\t\t\t\t<div class=\"elementor-container elementor-column-gap-default\">\n\t\t\t\t\t<div class=\"elementor-column elementor-col-100 elementor-top-column elementor-element elementor-element-e3ef099\" data-id=\"e3ef099\" data-element_type=\"column\">\n\t\t\t<div class=\"elementor-widget-wrap elementor-element-populated\">\n\t\t\t\t\t\t<div class=\"elementor-element elementor-element-f54a254 elementor-widget elementor-widget-text-editor\" data-id=\"f54a254\" data-element_type=\"widget\" data-widget_type=\"text-editor.default\">\n\t\t\t\t<div class=\"elementor-widget-container\">\n\t\t\t\t\t\t\t<p class=\"p1\">Atua como escrit\u00f3rio institucional de transforma\u00e7\u00e3o digital da UFSM. Em articula\u00e7\u00e3o com as unidades de planejamento e gest\u00e3o de processos, identifica e prioriza os processos a serem transformados, conduz o redesenho e a simplifica\u00e7\u00e3o dos servi\u00e7os digitais e coordena a Pol\u00edtica de Governan\u00e7a de Dados e Intelig\u00eancia Artificial da Universidade, promovendo a cultura orientada a dados.<\/p>\t\t\t\t\t\t<\/div>\n\t\t\t\t<\/div>\n\t\t\t\t\t<\/div>\n\t\t<\/div>\n\t\t\t\t\t<\/div>\n\t\t<\/section>\n\t\t\t\t<section class=\"elementor-section elementor-top-section elementor-element elementor-element-952c2bd elementor-section-boxed elementor-section-height-default elementor-section-height-default\" data-id=\"952c2bd\" data-element_type=\"section\">\n\t\t\t\t\t\t<div class=\"elementor-container elementor-column-gap-default\">\n\t\t\t\t\t<div class=\"elementor-column elementor-col-100 elementor-top-column elementor-element elementor-element-6975fdd\" data-id=\"6975fdd\" data-element_type=\"column\">\n\t\t\t<div class=\"elementor-widget-wrap elementor-element-populated\">\n\t\t\t\t\t\t<div class=\"elementor-element elementor-element-a42f2dc elementor-widget elementor-widget-heading\" data-id=\"a42f2dc\" data-element_type=\"widget\" data-widget_type=\"heading.default\">\n\t\t\t\t<div class=\"elementor-widget-container\">\n\t\t\t<h3 class=\"elementor-heading-title elementor-size-default\">Subdivis\u00e3o de Intelig\u00eancia de Dados (Sidata)  <\/h3>\t\t<\/div>\n\t\t\t\t<\/div>\n\t\t\t\t\t<\/div>\n\t\t<\/div>\n\t\t\t\t\t<\/div>\n\t\t<\/section>\n\t\t\t\t<section class=\"elementor-section elementor-top-section elementor-element elementor-element-2f6d3c7 elementor-section-boxed elementor-section-height-default elementor-section-height-default\" data-id=\"2f6d3c7\" data-element_type=\"section\">\n\t\t\t\t\t\t<div class=\"elementor-container elementor-column-gap-default\">\n\t\t\t\t\t<div class=\"elementor-column elementor-col-100 elementor-top-column elementor-element elementor-element-4be537e\" data-id=\"4be537e\" data-element_type=\"column\">\n\t\t\t<div class=\"elementor-widget-wrap elementor-element-populated\">\n\t\t\t\t\t\t<div class=\"elementor-element elementor-element-621d653 elementor-widget elementor-widget-text-editor\" data-id=\"621d653\" data-element_type=\"widget\" data-widget_type=\"text-editor.default\">\n\t\t\t\t<div class=\"elementor-widget-container\">\n\t\t\t\t\t\t\t<p class=\"p1\">Desenvolve pain\u00e9is anal\u00edticos (dashboards), indicadores e an\u00e1lises estrat\u00e9gicas para apoio \u00e0 gest\u00e3o, incluindo modelos de machine learning e pipelines de dados. Subsidia a presta\u00e7\u00e3o de contas aos \u00f3rg\u00e3os de controle (MEC, TCU), apoia a coleta de dados para rankings e avalia\u00e7\u00f5es externas e implementa pr\u00e1ticas de governan\u00e7a de dados \u2014 cataloga\u00e7\u00e3o, qualidade e ciclo de vida \u2014, promovendo o uso respons\u00e1vel e transparente de algoritmos.<\/p>\t\t\t\t\t\t<\/div>\n\t\t\t\t<\/div>\n\t\t\t\t\t<\/div>\n\t\t<\/div>\n\t\t\t\t\t<\/div>\n\t\t<\/section>\n\t\t\t\t<\/div>\n\t\t","protected":false},"excerpt":{"rendered":"<p>A Coordenadoria de Transforma\u00e7\u00e3o Digital, Sistemas e Informa\u00e7\u00f5es (CTSI) planeja, coordena e supervisiona o desenvolvimento, a manuten\u00e7\u00e3o e a evolu\u00e7\u00e3o dos sistemas institucionais, e promove a transforma\u00e7\u00e3o digital da Universidade em todo o seu ciclo \u2014 diagn\u00f3stico, planejamento, implementa\u00e7\u00e3o e sustenta\u00e7\u00e3o. Define diretrizes e padr\u00f5es para desenvolvimento e integra\u00e7\u00e3o de sistemas, apoia a tomada de [&hellip;]<\/p>\n","protected":false},"author":27,"featured_media":0,"parent":0,"menu_order":0,"comment_status":"closed","ping_status":"closed","template":"","meta":{"footnotes":""},"categories":[],"tags":[],"class_list":["post-3605","page","type-page","status-publish","hentry"],"acf":[],"_links":{"self":[{"href":"https:\/\/www.ufsm.br\/orgaos-suplementares\/dti\/wp-json\/wp\/v2\/pages\/3605","targetHints":{"allow":["GET"]}}],"collection":[{"href":"https:\/\/www.ufsm.br\/orgaos-suplementares\/dti\/wp-json\/wp\/v2\/pages"}],"about":[{"href":"https:\/\/www.ufsm.br\/orgaos-suplementares\/dti\/wp-json\/wp\/v2\/types\/page"}],"author":[{"embeddable":true,"href":"https:\/\/www.ufsm.br\/orgaos-suplementares\/dti\/wp-json\/wp\/v2\/users\/27"}],"replies":[{"embeddable":true,"href":"https:\/\/www.ufsm.br\/orgaos-suplementares\/dti\/wp-json\/wp\/v2\/comments?post=3605"}],"version-history":[{"count":0,"href":"https:\/\/www.ufsm.br\/orgaos-suplementares\/dti\/wp-json\/wp\/v2\/pages\/3605\/revisions"}],"wp:attachment":[{"href":"https:\/\/www.ufsm.br\/orgaos-suplementares\/dti\/wp-json\/wp\/v2\/media?parent=3605"}],"wp:term":[{"taxonomy":"category","embeddable":true,"href":"https:\/\/www.ufsm.br\/orgaos-suplementares\/dti\/wp-json\/wp\/v2\/categories?post=3605"},{"taxonomy":"post_tag","embeddable":true,"href":"https:\/\/www.ufsm.br\/orgaos-suplementares\/dti\/wp-json\/wp\/v2\/tags?post=3605"}],"curies":[{"name":"wp","href":"https:\/\/api.w.org\/{rel}","templated":true}]}}