{"id":97,"date":"2018-09-14T15:07:24","date_gmt":"2018-09-14T18:07:24","guid":{"rendered":"https:\/\/www.ufsm.br\/outros-orgaos\/cc\/?page_id=97"},"modified":"2024-02-21T10:55:45","modified_gmt":"2024-02-21T13:55:45","slug":"informacoes-tecnicas","status":"publish","type":"page","link":"https:\/\/www.ufsm.br\/outros-orgaos\/cc\/informacoes-tecnicas","title":{"rendered":"Informa\u00e7\u00f5es T\u00e9cnicas"},"content":{"rendered":"<h5><\/h5>\n<h5><\/h5>\n<h5><span style=\"color: #000000\">Sala de Espet\u00e1culos<\/span><\/h5>\n<p style=\"text-align: justify\"><span style=\"color: #000000\">A largura de boca de cena \u00e9 de 17m, com altura de de 9m. A profundidade do palco \u00e9 de 19m, a altura do urdimento \u00e9 de30 m &#8211; um dos maiores do pa\u00eds, distribu\u00eddos num palco com \u00e1rea de 359,6 m\u00b2.<\/span><\/p>\n<h5><span style=\"color: #000000\">Foyer Principal<\/span><\/h5>\n<p><span style=\"color: #000000\">O foyer da entrada principal e do mezanino em seus 1,2 mil m<sup>2<\/sup>, com disponibilidade para receber exposi\u00e7\u00f5es e vernissages.<\/span><\/p>\n<h5><span style=\"color: #000000\">Foyer do Mezanino<\/span><\/h5>\n<p><span style=\"color: #000000\">O Foyer mezanino ocupa 685 m\u00b2 na parte superior, sendo um espa\u00e7o oportuno para abrigar exposi\u00e7\u00f5es, conta com duas salas de apoio para eventos.<\/span><\/p>\n<p style=\"text-align: justify\">Teatro com 1.171 lugares sentados, sendo 352 lugares na \u00e1rea do mezanino e 819 na \u00e1rea da plateia, al\u00e9m dos espa\u00e7os especiais:<\/p>\n<table style=\"border-collapse: collapse;width: 100%\">\n<tbody>\n<tr style=\"height: 24px\">\n<td style=\"height: 24px;width: 36.8932%\"><strong>Lugares<\/strong><\/td>\n<td style=\"height: 24px;width: 18.123%\"><strong>Plateia Alta<\/strong><\/td>\n<td style=\"height: 24px;width: 20.3883%\"><strong>Plateia Baixa<\/strong><\/td>\n<td style=\"height: 24px;width: 15.6958%\"><strong>Mezanino<\/strong><\/td>\n<td style=\"height: 24px;width: 8.73786%\"><strong>Total<\/strong><\/td>\n<\/tr>\n<tr style=\"height: 24px\">\n<td style=\"height: 24px;width: 36.8932%\"><strong>Convencional<\/strong><\/td>\n<td style=\"height: 24px;width: 18.123%\">451<\/td>\n<td style=\"height: 24px;width: 20.3883%\">334<\/td>\n<td style=\"height: 24px;width: 15.6958%\">350<\/td>\n<td style=\"height: 24px;width: 8.73786%\">1.135<\/td>\n<\/tr>\n<tr style=\"height: 24px\">\n<td style=\"height: 24px;width: 36.8932%\"><strong>Pessoas com defici\u00eancia*<\/strong><\/td>\n<td style=\"height: 24px;width: 18.123%\">14<\/td>\n<td style=\"height: 24px;width: 20.3883%\">0<\/td>\n<td style=\"height: 24px;width: 15.6958%\">0<\/td>\n<td style=\"height: 24px;width: 8.73786%\">14<\/td>\n<\/tr>\n<tr style=\"height: 24px\">\n<td style=\"height: 24px;width: 36.8932%\"><strong>Mobilidade reduzida<\/strong><\/td>\n<td style=\"height: 24px;width: 18.123%\">10<\/td>\n<td style=\"height: 24px;width: 20.3883%\">0<\/td>\n<td style=\"height: 24px;width: 15.6958%\">0<\/td>\n<td style=\"height: 24px;width: 8.73786%\">10<\/td>\n<\/tr>\n<tr style=\"height: 24px\">\n<td style=\"height: 24px;width: 36.8932%\"><strong>Obesos<\/strong><\/td>\n<td style=\"height: 24px;width: 18.123%\">8<\/td>\n<td style=\"height: 24px;width: 20.3883%\">2<\/td>\n<td style=\"height: 24px;width: 15.6958%\">2<\/td>\n<td style=\"height: 24px;width: 8.73786%\">12<\/td>\n<\/tr>\n<tr style=\"height: 24px\">\n<td style=\"height: 24px;width: 36.8932%\"><strong>Total<\/strong><\/td>\n<td style=\"height: 24px;width: 18.123%\"><em>483<\/em><\/td>\n<td style=\"height: 24px;width: 20.3883%\"><em>336<\/em><\/td>\n<td style=\"height: 24px;width: 15.6958%\"><em>352<\/em><\/td>\n<td style=\"height: 24px;width: 8.73786%\"><em>1.171<\/em><\/td>\n<\/tr>\n<\/tbody>\n<\/table>\n<h6 align=\"justify\">*O teatro possui 14 espa\u00e7os para acomodar cadeiras de rodas, localizadas na plateia alta (espa\u00e7o logo ao entrar na plateia, junto \u00e0 fileira X de assentos). Os frequentadores do Centro de Conven\u00e7\u00f5es podem acessar ao Foyer Mezanino (hall do mezanino) atrav\u00e9s de escadas e de um elevador localizado no hall principal, por\u00e9m n\u00e3o h\u00e1 assentos especiais na plateia do mezanino.<\/h6>\n<h1 style=\"text-align: center\"><a href=\"https:\/\/www.ufsm.br\/app\/uploads\/sites\/403\/2020\/09\/Plateia_CC-UFSM.pdf\"><em>Para acessar ao mapa da Plateia em PDF, clique aqui.<\/em><\/a><\/h1>\n<h5><\/h5>\n<h5><\/h5>\n<p style=\"text-align: justify\">\n<p style=\"text-align: justify\">\n","protected":false},"excerpt":{"rendered":"<p>Sala de Espet\u00e1culos A largura de boca de cena \u00e9 de 17m, com altura de de 9m. A profundidade do palco \u00e9 de 19m, a altura do urdimento \u00e9 de30 m &#8211; um dos maiores do pa\u00eds, distribu\u00eddos num palco com \u00e1rea de 359,6 m\u00b2. Foyer Principal O foyer da entrada principal e do mezanino [&hellip;]<\/p>\n","protected":false},"author":124,"featured_media":577,"parent":0,"menu_order":0,"comment_status":"closed","ping_status":"closed","template":"","meta":{"footnotes":""},"categories":[13],"tags":[],"class_list":["post-97","page","type-page","status-publish","has-post-thumbnail","hentry","category-banner-principal"],"acf":[],"_links":{"self":[{"href":"https:\/\/www.ufsm.br\/outros-orgaos\/cc\/wp-json\/wp\/v2\/pages\/97","targetHints":{"allow":["GET"]}}],"collection":[{"href":"https:\/\/www.ufsm.br\/outros-orgaos\/cc\/wp-json\/wp\/v2\/pages"}],"about":[{"href":"https:\/\/www.ufsm.br\/outros-orgaos\/cc\/wp-json\/wp\/v2\/types\/page"}],"author":[{"embeddable":true,"href":"https:\/\/www.ufsm.br\/outros-orgaos\/cc\/wp-json\/wp\/v2\/users\/124"}],"replies":[{"embeddable":true,"href":"https:\/\/www.ufsm.br\/outros-orgaos\/cc\/wp-json\/wp\/v2\/comments?post=97"}],"version-history":[{"count":0,"href":"https:\/\/www.ufsm.br\/outros-orgaos\/cc\/wp-json\/wp\/v2\/pages\/97\/revisions"}],"wp:featuredmedia":[{"embeddable":true,"href":"https:\/\/www.ufsm.br\/outros-orgaos\/cc\/wp-json\/wp\/v2\/media\/577"}],"wp:attachment":[{"href":"https:\/\/www.ufsm.br\/outros-orgaos\/cc\/wp-json\/wp\/v2\/media?parent=97"}],"wp:term":[{"taxonomy":"category","embeddable":true,"href":"https:\/\/www.ufsm.br\/outros-orgaos\/cc\/wp-json\/wp\/v2\/categories?post=97"},{"taxonomy":"post_tag","embeddable":true,"href":"https:\/\/www.ufsm.br\/outros-orgaos\/cc\/wp-json\/wp\/v2\/tags?post=97"}],"curies":[{"name":"wp","href":"https:\/\/api.w.org\/{rel}","templated":true}]}}