{"id":97,"date":"2018-09-14T15:07:24","date_gmt":"2018-09-14T18:07:24","guid":{"rendered":"https:\/\/www.ufsm.br\/outros-orgaos\/cc\/?page_id=97"},"modified":"2026-08-31T10:15:10","modified_gmt":"2026-08-31T13:15:10","slug":"informacoes-tecnicas","status":"publish","type":"page","link":"https:\/\/www.ufsm.br\/outros-orgaos\/cc\/informacoes-tecnicas","title":{"rendered":"Informa\u00e7\u00f5es T\u00e9cnicas"},"content":{"rendered":"<h5><span style=\"color: #000000\">Sala de Espet\u00e1culos<\/span><\/h5>\n<p style=\"text-align: justify\"><span style=\"color: #000000\">A largura de boca de cena \u00e9 de 17m, com altura de de 9m. A profundidade do palco \u00e9 de 19m, a altura do urdimento \u00e9 de 30m &#8211; um dos maiores do pa\u00eds, distribu\u00eddos num palco com \u00e1rea de 359,6 m\u00b2.<\/span><\/p>\n<h5><span style=\"color: #000000\">Foyer Principal<\/span><\/h5>\n<p><span style=\"color: #000000\">O foyer da entrada principal e do mezanino em seus 1,2 mil m<sup>2<\/sup>, com disponibilidade para receber exposi\u00e7\u00f5es e vernissages.<\/span><\/p>\n<h5><span style=\"color: #000000\">Foyer do Mezanino<\/span><\/h5>\n<p><span style=\"color: #000000\">O Foyer mezanino ocupa 685 m\u00b2 na parte superior, sendo um espa\u00e7o oportuno para abrigar exposi\u00e7\u00f5es, conta com duas salas de apoio para eventos.<\/span><\/p>\n<p style=\"text-align: justify\">Teatro com 1.171 lugares sentados, sendo 352 lugares na \u00e1rea do mezanino e 819 na \u00e1rea da plateia, al\u00e9m dos espa\u00e7os especiais:<\/p>\n<table style=\"border-collapse: collapse;width: 100%\">\n<tbody>\n<tr style=\"height: 24px\">\n<td style=\"height: 24px;width: 36.8932%\"><strong>Lugares<\/strong><\/td>\n<td style=\"height: 24px;width: 18.123%\"><strong>Plateia Alta<\/strong><\/td>\n<td style=\"height: 24px;width: 20.3883%\"><strong>Plateia Baixa<\/strong><\/td>\n<td style=\"height: 24px;width: 15.6958%\"><strong>Mezanino<\/strong><\/td>\n<td style=\"height: 24px;width: 8.73786%\"><strong>Total<\/strong><\/td>\n<\/tr>\n<tr style=\"height: 24px\">\n<td style=\"height: 24px;width: 36.8932%\"><strong>Convencional<\/strong><\/td>\n<td style=\"height: 24px;width: 18.123%\">451<\/td>\n<td style=\"height: 24px;width: 20.3883%\">334<\/td>\n<td style=\"height: 24px;width: 15.6958%\">350<\/td>\n<td style=\"height: 24px;width: 8.73786%\">1.135<\/td>\n<\/tr>\n<tr style=\"height: 24px\">\n<td style=\"height: 24px;width: 36.8932%\"><strong>Pessoas com defici\u00eancia*<\/strong><\/td>\n<td style=\"height: 24px;width: 18.123%\">14<\/td>\n<td style=\"height: 24px;width: 20.3883%\">0<\/td>\n<td style=\"height: 24px;width: 15.6958%\">0<\/td>\n<td style=\"height: 24px;width: 8.73786%\">14<\/td>\n<\/tr>\n<tr style=\"height: 24px\">\n<td style=\"height: 24px;width: 36.8932%\"><strong>Mobilidade reduzida<\/strong><\/td>\n<td style=\"height: 24px;width: 18.123%\">10<\/td>\n<td style=\"height: 24px;width: 20.3883%\">0<\/td>\n<td style=\"height: 24px;width: 15.6958%\">0<\/td>\n<td style=\"height: 24px;width: 8.73786%\">10<\/td>\n<\/tr>\n<tr style=\"height: 24px\">\n<td style=\"height: 24px;width: 36.8932%\"><strong>Obesos<\/strong><\/td>\n<td style=\"height: 24px;width: 18.123%\">8<\/td>\n<td style=\"height: 24px;width: 20.3883%\">2<\/td>\n<td style=\"height: 24px;width: 15.6958%\">2<\/td>\n<td style=\"height: 24px;width: 8.73786%\">12<\/td>\n<\/tr>\n<tr style=\"height: 24px\">\n<td style=\"height: 24px;width: 36.8932%\"><strong>Total<\/strong><\/td>\n<td style=\"height: 24px;width: 18.123%\"><em>483<\/em><\/td>\n<td style=\"height: 24px;width: 20.3883%\"><em>336<\/em><\/td>\n<td style=\"height: 24px;width: 15.6958%\"><em>352<\/em><\/td>\n<td style=\"height: 24px;width: 8.73786%\"><em>1.171<\/em><\/td>\n<\/tr>\n<\/tbody>\n<\/table>\n<h6 align=\"justify\">*O teatro possui 14 espa\u00e7os para acomodar cadeiras de rodas, localizados <strong>apenas<\/strong> na plateia alta (espa\u00e7o logo ao entrar na plateia, junto \u00e0 fileira X de assentos). Os frequentadores do Centro de Conven\u00e7\u00f5es podem acessar ao Foyer Mezanino (hall do mezanino) atrav\u00e9s de escadas e de um elevador localizado no hall principal, por\u00e9m n\u00e3o h\u00e1 assentos especiais na plateia do mezanino.<\/h6>\n<h4 style=\"text-align: center\"><a href=\"https:\/\/www.ufsm.br\/app\/uploads\/sites\/403\/2020\/09\/Plateia_CC-UFSM.pdf\" target=\"_blank\" rel=\"noopener\"><em>Para acessar ao mapa da Plateia em PDF, clique aqui.<\/em><\/a><\/h4>\n<h5>\u00a0<\/h5>\n<hr \/>\n<p style=\"text-align: justify\">\n\n\n<h2 class=\"wp-block-heading\">Infraestrutura e Rider T\u00e9cnico<\/h2>\n\n\n<p><strong>Dimens\u00f5es do Palco:<\/strong><br \/>Largura de boca de cena: 17m<br \/>Altura de boca de cena: 9m<br \/>Profundidade do palco: 19m<br \/>Altura do urdimento: 30m<br \/>\u00c1rea de palco: 359,6 m\u00b2<\/p>\n<p><strong>Equipamentos de Palco:<\/strong><br \/>Piso em madeira<br \/>12 faixas de lin\u00f3leo (14m x 1,4m) preto brilhoso para dan\u00e7a<br \/>Cortina nobre em veludo com lambrequim<br \/>Rotunda com 19m de largura x 9m de altura<br \/>Tela de proje\u00e7\u00e3o com 9,5m de largura x 7m de altura<br \/>Ciclorama em material 100% PVC com 19m de largura x 9m de altura<br \/>7 Bambolinas em veludo de 19m x 3m<br \/>14 Reguladores verticais (pernas m\u00f3veis em veludo preto)<br \/>17 Varas de suspens\u00e3o para cen\u00e1rio, pernas e bambolinas<br \/>7 Varas de ilumina\u00e7\u00e3o<br \/>16 M\u00f3dulos pratic\u00e1veis 2m x 1m com p\u00e9s regul\u00e1veis 35 a 50cm<br \/>8 M\u00f3dulos pratic\u00e1veis 2m x 1m com p\u00e9s regul\u00e1veis 40 a 60cm<br \/>1 Andaime tipo torre \u2013 8m.<\/p>\n<p><strong>Instrumento<\/strong><br \/>1 Piano de cauda Steinway &amp; Sons \u2013 2,74 m de comprimento <em>(mediante autoriza\u00e7\u00e3o\/contrata\u00e7\u00e3o pr\u00e9via)<\/em><\/p>\n<p><strong>Ilumina\u00e7\u00e3o:<\/strong><br \/>1 Mesa de comando digital para ilumina\u00e7\u00e3o marca ETC, modelo ColorSource 40. Caracter\u00edsticas: 40 controles e monitor LCD de leitura embutidos;<br \/>8 M\u00f3dulos de dimmer digital para cenotecnia e ilumina\u00e7\u00e3o c\u00eanica marca CBI Ilumina\u00e7\u00e3o. Caracter\u00edsticas: 1000 w;<br \/>2 Distribuidor DMX marca CBI Ilumina\u00e7\u00e3o, modelo s008. Caracter\u00edsticas: power; <br \/>1 M\u00e1quina de fuma\u00e7a marca PLS, modelo F-1500 DMX, capacidade 2,5l;<br \/>4 Refletores elipsoidais zoom 25\u00b0&gt;50\u00b0, 750w, marca ETC;<br \/>5 Refletores elipsoidais 36\u00b0, 750w \u2013 marca ETC, modelo 750 source four (refletor elipsoidal 360\u00ba);<br \/>14 Refletores plano convexos, 1000w marca Tellem;<br \/>10 Refletores set lights, 1000w, marca: Tellem;<br \/>6 Refletores fresneis, 1000w, marca: Tellem;<br \/>20 Projetores par led marca Infinity, modelo IF-1810;<br \/>10 Projetores par 64, 1000w, marca: CBI;<br \/>3 Moving heads marca ProLight\u00a0<\/p>\n<p><strong>\u00c1udio &#8211; \u00e1rea do p\u00fablico:<\/strong><br \/>1 Mixer de \u00e1udio digital de 56 canais (40\u00d716), com fan out 80 canais, com interface, marca Soundcraft, modelo SI Impact e com acess\u00f3rios: interface de expans\u00e3o\/conex\u00f5es de \u00e1udio mixer, marca Soundcraft, modelo Stage Box 16 expansion;<br \/>1 Mesa de \u00e1udio com comando digital marca Behringer, modelo X32;<br \/>12 Caixas de som ac\u00fasticas array frontal \u201ddireita\/esquerda\u201d marca FZ;<br \/>4 Caixas de som ac\u00fasticas array balc\u00e3o-delay \u201ddireita\/esquerda\u201d marca FZ, modelo J08a;<br \/>4 Caixas de som ac\u00fasticas frontal sub grave marca FZ, modelo FZ-sub-218a;<br \/>4 Caixas de som ac\u00fasticas frontal (front field) marca FZ, modelo fz 205;<br \/>2 Caixas de som ac\u00fasticas sub grave marca FZ, modelo FZ 115;<br \/>1 Processador de \u00e1udio digital marca BSS Audio Soundweb London BLU-100<br \/>1 Amplificador de \u00e1udio, marca Sansara eletr\u00f4nica, modelo SL 600 line aplifier;<br \/>8 Microfones vocal de m\u00e3o din\u00e2micos, marca Shure, modelo SM58;<br \/>5 Microfones de m\u00e3o din\u00e2micos marca Shure, modelo SM57;<br \/>4 Microfones condensadores cardioides de pequeno diafragma, marca Shure, modelo PGA81;<br \/>2 Microfones de m\u00e3o din\u00e2micos, marca Shure, modelo Beta 58;<br \/>4 Microfones de m\u00e3o sem fios (microfone + base) marca Shure, modelo BLX4-J10, contendo 1 microfone de m\u00e3o sem fio marca Shure, modelo SM58BLX2;\u00a0<br \/>4 Microfones de m\u00e3o sem fio (microfone + base) marca AKG, modelo: SR 45;<br \/>5 Microfones auriculares condensador sem fio, marca Shure, modelo BLX14BR\/P-31-J10;<br \/>5 Microfones auriculares condensador sem fio, marca Shure, modelo BLX14BR\/SM-31-M15;<br \/>8 Microfones polar cardioide, marca AudioTec<br \/>2 Microfones polar cardioide, condensador, marca AKG C214<br \/>24 Pedestais para microfone marca RMV;<br \/>7 Pedestais de mesa articulado para microfone, marca Vector;<br \/>4 Direct box ativos, marca Behringer, modelo Ultra DI \u2013 DI 100;<br \/>1 CD player profissional marca Denon;<\/p>\n<p><strong>\u00c1udio &#8211; Monitora\u00e7\u00e3o do palco:<br \/><\/strong>6 Caixas de som ac\u00fastica &#8220;retorno de palco&#8221; &#8211; marca FZ, modelo 102 AZ;<br \/>2 Caixa de som ac\u00fastica &#8220;retorno de palco side fill&#8221; \u2013 marca FZ, modelo 102 HPA 96;<\/p>\n<p>V\u00eddeo &#8211; \u00c1rea do p\u00fablico:<br \/>1 V\u00eddeo projetor digital marca Panasonic, modelo PT-EZ570, com controle remoto, 5 mil l\u00famens;<br \/>1 C\u00e2mera PTZ tipo v\u00eddeo-confer\u00eancia marca Samsung, modelo PTZ HD com controle remoto;<br \/>1 Leitor DVD\/Blue Ray, marca Sony modelo 4k UHD Upscale;<\/p>\n<p><strong>V\u00eddeo &#8211; outros equipamentos:<br \/><\/strong>1 Projetor Epson PowerLite X39 3500 l\u00famens<br \/>1 Projetor Epson PowerLite W39 3500 l\u00famens<br \/>1 Mesa de corte &#8220;switcher&#8221; marca Blackmagic, modelo ATEM Mini Pro<br \/>2 Extensores HDMI modelo RJ45<\/p>\n<p><strong>Outros Recursos:<\/strong><br \/>Sistema de Ar-condicionado<br \/>Equipe de Recep\u00e7\u00e3o<br \/>Wi-fi<\/p>","protected":false},"excerpt":{"rendered":"<p>Sala de Espet\u00e1culos A largura de boca de cena \u00e9 de 17m, com altura de de 9m. A profundidade do palco \u00e9 de 19m, a altura do urdimento \u00e9 de 30m &#8211; um dos maiores do pa\u00eds, distribu\u00eddos num palco com \u00e1rea de 359,6 m\u00b2. Foyer Principal O foyer da entrada principal e do mezanino [&hellip;]<\/p>\n","protected":false},"author":124,"featured_media":577,"parent":0,"menu_order":0,"comment_status":"closed","ping_status":"closed","template":"","meta":{"footnotes":""},"categories":[13],"tags":[],"class_list":["post-97","page","type-page","status-publish","has-post-thumbnail","hentry","category-banner-principal"],"acf":[],"_links":{"self":[{"href":"https:\/\/www.ufsm.br\/outros-orgaos\/cc\/wp-json\/wp\/v2\/pages\/97","targetHints":{"allow":["GET"]}}],"collection":[{"href":"https:\/\/www.ufsm.br\/outros-orgaos\/cc\/wp-json\/wp\/v2\/pages"}],"about":[{"href":"https:\/\/www.ufsm.br\/outros-orgaos\/cc\/wp-json\/wp\/v2\/types\/page"}],"author":[{"embeddable":true,"href":"https:\/\/www.ufsm.br\/outros-orgaos\/cc\/wp-json\/wp\/v2\/users\/124"}],"replies":[{"embeddable":true,"href":"https:\/\/www.ufsm.br\/outros-orgaos\/cc\/wp-json\/wp\/v2\/comments?post=97"}],"version-history":[{"count":0,"href":"https:\/\/www.ufsm.br\/outros-orgaos\/cc\/wp-json\/wp\/v2\/pages\/97\/revisions"}],"wp:featuredmedia":[{"embeddable":true,"href":"https:\/\/www.ufsm.br\/outros-orgaos\/cc\/wp-json\/wp\/v2\/media\/577"}],"wp:attachment":[{"href":"https:\/\/www.ufsm.br\/outros-orgaos\/cc\/wp-json\/wp\/v2\/media?parent=97"}],"wp:term":[{"taxonomy":"category","embeddable":true,"href":"https:\/\/www.ufsm.br\/outros-orgaos\/cc\/wp-json\/wp\/v2\/categories?post=97"},{"taxonomy":"post_tag","embeddable":true,"href":"https:\/\/www.ufsm.br\/outros-orgaos\/cc\/wp-json\/wp\/v2\/tags?post=97"}],"curies":[{"name":"wp","href":"https:\/\/api.w.org\/{rel}","templated":true}]}}