{"id":39,"date":"2018-07-10T17:24:02","date_gmt":"2018-07-10T20:24:02","guid":{"rendered":"https:\/\/www.ufsm.br\/pro-reitorias\/cebtt\/?page_id=39"},"modified":"2025-12-30T11:41:30","modified_gmt":"2025-12-30T14:41:30","slug":"equipe","status":"publish","type":"page","link":"https:\/\/www.ufsm.br\/outros-orgaos\/cebtt\/equipe","title":{"rendered":"Equipe"},"content":{"rendered":"\t\t<div data-elementor-type=\"wp-post\" data-elementor-id=\"39\" class=\"elementor elementor-39\">\n\t\t\t\t\t\t<section class=\"elementor-section elementor-top-section elementor-element elementor-element-9fc0691 elementor-section-boxed elementor-section-height-default elementor-section-height-default\" data-id=\"9fc0691\" data-element_type=\"section\">\n\t\t\t\t\t\t<div class=\"elementor-container elementor-column-gap-default\">\n\t\t\t\t\t<div class=\"elementor-column elementor-col-100 elementor-top-column elementor-element elementor-element-08bd497\" data-id=\"08bd497\" data-element_type=\"column\">\n\t\t\t<div class=\"elementor-widget-wrap elementor-element-populated\">\n\t\t\t\t\t\t<div class=\"elementor-element elementor-element-cdee40a elementor-widget elementor-widget-heading\" data-id=\"cdee40a\" data-element_type=\"widget\" data-widget_type=\"heading.default\">\n\t\t\t\t<div class=\"elementor-widget-container\">\n\t\t\t<h5 class=\"elementor-heading-title elementor-size-default\">COORDENADORIA DE EDUCA\u00c7\u00c3O B\u00c1SICA, T\u00c9CNICA E TECNOL\u00d3GICA<\/h5>\t\t<\/div>\n\t\t\t\t<\/div>\n\t\t\t\t<div class=\"elementor-element elementor-element-8244bf2 elementor-widget elementor-widget-text-editor\" data-id=\"8244bf2\" data-element_type=\"widget\" data-widget_type=\"text-editor.default\">\n\t\t\t\t<div class=\"elementor-widget-container\">\n\t\t\t\t\t\t\t<h4><span style=\"font-size: 12pt\">Em vac\u00e2ncia<\/span><\/h4><div><span style=\"font-size: 12pt\">Coordenador de \u00c1reas<\/span><br \/>Professor do Ensino B\u00e1sico, T\u00e9cnico e Tecnol\u00f3gico<\/div>\t\t\t\t\t\t<\/div>\n\t\t\t\t<\/div>\n\t\t\t\t\t<\/div>\n\t\t<\/div>\n\t\t\t\t\t<\/div>\n\t\t<\/section>\n\t\t\t\t<section class=\"elementor-section elementor-top-section elementor-element elementor-element-ad848f6 elementor-section-boxed elementor-section-height-default elementor-section-height-default\" data-id=\"ad848f6\" data-element_type=\"section\">\n\t\t\t\t\t\t<div class=\"elementor-container elementor-column-gap-default\">\n\t\t\t\t\t<div class=\"elementor-column elementor-col-100 elementor-top-column elementor-element elementor-element-1a7e909\" data-id=\"1a7e909\" data-element_type=\"column\">\n\t\t\t<div class=\"elementor-widget-wrap elementor-element-populated\">\n\t\t\t\t\t\t<div class=\"elementor-element elementor-element-bd8275c elementor-widget elementor-widget-heading\" data-id=\"bd8275c\" data-element_type=\"widget\" data-widget_type=\"heading.default\">\n\t\t\t\t<div class=\"elementor-widget-container\">\n\t\t\t<h5 class=\"elementor-heading-title elementor-size-default\">SECRETARIA DE APOIO DA CEBTT<\/h5>\t\t<\/div>\n\t\t\t\t<\/div>\n\t\t\t\t<div class=\"elementor-element elementor-element-1607c13 elementor-widget elementor-widget-text-editor\" data-id=\"1607c13\" data-element_type=\"widget\" data-widget_type=\"text-editor.default\">\n\t\t\t\t<div class=\"elementor-widget-container\">\n\t\t\t\t\t\t\t<h4><span style=\"font-size: 12pt\">Em vac\u00e2ncia<\/span><\/h4><div><span style=\"font-size: 12pt\">Vice-coordenador de \u00c1reas<\/span><br \/>Professor do Magist\u00e9rio Superior<\/div>\t\t\t\t\t\t<\/div>\n\t\t\t\t<\/div>\n\t\t\t\t<div class=\"elementor-element elementor-element-94bbd86 elementor-widget elementor-widget-spacer\" data-id=\"94bbd86\" data-element_type=\"widget\" data-widget_type=\"spacer.default\">\n\t\t\t\t<div class=\"elementor-widget-container\">\n\t\t\t\t\t<div class=\"elementor-spacer\">\n\t\t\t<div class=\"elementor-spacer-inner\"><\/div>\n\t\t<\/div>\n\t\t\t\t<\/div>\n\t\t\t\t<\/div>\n\t\t\t\t<div class=\"elementor-element elementor-element-5bcf229 elementor-widget elementor-widget-text-editor\" data-id=\"5bcf229\" data-element_type=\"widget\" data-widget_type=\"text-editor.default\">\n\t\t\t\t<div class=\"elementor-widget-container\">\n\t\t\t\t\t\t\t<h4><span style=\"font-size: 12pt\">Em vac\u00e2ncia<\/span><\/h4><div><span style=\"font-size: 12pt\">Secret\u00e1ria Administrativa<\/span><br \/><span style=\"font-size: 12pt\">Secret\u00e1ria Executivo<\/span><\/div>\t\t\t\t\t\t<\/div>\n\t\t\t\t<\/div>\n\t\t\t\t\t<\/div>\n\t\t<\/div>\n\t\t\t\t\t<\/div>\n\t\t<\/section>\n\t\t\t\t<\/div>\n\t\t","protected":false},"excerpt":{"rendered":"<p>COORDENADORIA DE EDUCA\u00c7\u00c3O B\u00c1SICA, T\u00c9CNICA E TECNOL\u00d3GICA Em vac\u00e2ncia Coordenador de \u00c1reasProfessor do Ensino B\u00e1sico, T\u00e9cnico e Tecnol\u00f3gico SECRETARIA DE APOIO DA CEBTT Em vac\u00e2ncia Vice-coordenador de \u00c1reasProfessor do Magist\u00e9rio Superior Em vac\u00e2ncia Secret\u00e1ria AdministrativaSecret\u00e1ria Executivo<\/p>\n","protected":false},"author":8,"featured_media":0,"parent":0,"menu_order":0,"comment_status":"closed","ping_status":"closed","template":"","meta":{"footnotes":""},"categories":[],"tags":[],"class_list":["post-39","page","type-page","status-publish","hentry"],"acf":[],"_links":{"self":[{"href":"https:\/\/www.ufsm.br\/outros-orgaos\/cebtt\/wp-json\/wp\/v2\/pages\/39","targetHints":{"allow":["GET"]}}],"collection":[{"href":"https:\/\/www.ufsm.br\/outros-orgaos\/cebtt\/wp-json\/wp\/v2\/pages"}],"about":[{"href":"https:\/\/www.ufsm.br\/outros-orgaos\/cebtt\/wp-json\/wp\/v2\/types\/page"}],"author":[{"embeddable":true,"href":"https:\/\/www.ufsm.br\/outros-orgaos\/cebtt\/wp-json\/wp\/v2\/users\/8"}],"replies":[{"embeddable":true,"href":"https:\/\/www.ufsm.br\/outros-orgaos\/cebtt\/wp-json\/wp\/v2\/comments?post=39"}],"version-history":[{"count":0,"href":"https:\/\/www.ufsm.br\/outros-orgaos\/cebtt\/wp-json\/wp\/v2\/pages\/39\/revisions"}],"wp:attachment":[{"href":"https:\/\/www.ufsm.br\/outros-orgaos\/cebtt\/wp-json\/wp\/v2\/media?parent=39"}],"wp:term":[{"taxonomy":"category","embeddable":true,"href":"https:\/\/www.ufsm.br\/outros-orgaos\/cebtt\/wp-json\/wp\/v2\/categories?post=39"},{"taxonomy":"post_tag","embeddable":true,"href":"https:\/\/www.ufsm.br\/outros-orgaos\/cebtt\/wp-json\/wp\/v2\/tags?post=39"}],"curies":[{"name":"wp","href":"https:\/\/api.w.org\/{rel}","templated":true}]}}