{"id":1696,"date":"2024-03-15T22:04:12","date_gmt":"2024-03-16T01:04:12","guid":{"rendered":"https:\/\/www.ufsm.br\/pet\/ciencia-da-computacao\/?page_id=1696"},"modified":"2024-03-27T08:26:16","modified_gmt":"2024-03-27T11:26:16","slug":"historia-do-pet-cc","status":"publish","type":"page","link":"https:\/\/www.ufsm.br\/pet\/ciencia-da-computacao\/historia-do-pet-cc","title":{"rendered":"Hist\u00f3ria do PET-CC"},"content":{"rendered":"\t\t<div data-elementor-type=\"wp-page\" data-elementor-id=\"1696\" class=\"elementor elementor-1696\">\n\t\t\t\t\t\t<section class=\"elementor-section elementor-top-section elementor-element elementor-element-808a9b2 elementor-section-boxed elementor-section-height-default elementor-section-height-default\" data-id=\"808a9b2\" data-element_type=\"section\">\n\t\t\t\t\t\t<div class=\"elementor-container elementor-column-gap-default\">\n\t\t\t\t\t<div class=\"elementor-column elementor-col-100 elementor-top-column elementor-element elementor-element-e4b3298\" data-id=\"e4b3298\" data-element_type=\"column\">\n\t\t\t<div class=\"elementor-widget-wrap elementor-element-populated\">\n\t\t\t\t\t\t<div class=\"elementor-element elementor-element-5e5f0e9 elementor-widget elementor-widget-text-editor\" data-id=\"5e5f0e9\" data-element_type=\"widget\" data-widget_type=\"text-editor.default\">\n\t\t\t\t<div class=\"elementor-widget-container\">\n\t\t\t\t\t\t\t<p><span style=\"font-weight: 400;text-indent: 30px\">O PET Inform\u00e1tica, que em seu prim\u00f3rdio era chamado de Programa Especial de Treinamento, teve seu in\u00edcio em agosto de 1994. Os professores que implantaram o programa foram Felipe M\u00fcller, Marcos D&#8217;Ornellas e Cl\u00e1udio Lobato (professores do quadro docente do curso de Inform\u00e1tica da UFSM) e logo a primeira sele\u00e7\u00e3o de bolsistas ocorreu onde foram selecionados quatro alunos para ingressar no grupo. No ano seguinte, outros quatro alunos foram selecionados para o programa e, em 1996, com a entrada de mais quatro alunos, o PET Inform\u00e1tica come\u00e7ou a consolidar-se como um grupo forte e coeso.<\/span><\/p><p><span style=\"font-weight: 400;text-indent: 30px\">Em 1997, os primeiros alunos a entrar no PET Inform\u00e1tica formaram-se e a primeira sele\u00e7\u00e3o de substitui\u00e7\u00e3o de bolsistas ocorreu. Neste mesmo ano, o grupo passou a receber o reconhecimento do corpo discente do curso, conforme avalia\u00e7\u00f5es da \u00e9poca.<\/span><\/p><p><span style=\"font-weight: 400;text-indent: 30px\">Em 1998, ocorreram cortes de verbas para os grupos de todo o Brasil e muitos integrantes foram at\u00e9 Bras\u00edlia marchar contra os cortes em uma mobiliza\u00e7\u00e3o nacional. Ainda neste ano, o PET Inform\u00e1tica juntamente com o Diret\u00f3rio Acad\u00eamico da Inform\u00e1tica (DAINFO) idealizaram e organizaram a I Semana Acad\u00eamica do Curso de Inform\u00e1tica (I SACI) que dura at\u00e9 os dias de hoje com o nome de Semana Academia da Inform\u00e1tica.<\/span><\/p><p><span style=\"font-weight: 400;text-indent: 30px\">No ano 2000, o Curso de Inform\u00e1tica assumiu o nome de Curso de Bacharelado em Ci\u00eancia da Computa\u00e7\u00e3o. Com isso, o PET Inform\u00e1tica foi renomeado para PET Ci\u00eancia da Computa\u00e7\u00e3o (PET-CC), para manter a coer\u00eancia com o novo nome do curso. Isto se deu devido a divis\u00e3o dos cursos de Inform\u00e1tica em n\u00edvel nacional para os cursos de Ci\u00eancia da Computa\u00e7\u00e3o, Sistemas de Informa\u00e7\u00e3o, Engenharia da Computa\u00e7\u00e3o e Licenciatura em Computa\u00e7\u00e3o.\u00a0<\/span><\/p><p><span style=\"font-weight: 400;text-indent: 30px\">Em 2009, o PET-CC foi o idealizador do projeto Clube de Programa\u00e7\u00e3o de Santa Maria, que visava ensinar linguagens de programa\u00e7\u00e3o para alunos do Ensino M\u00e9dio. Este projeto tinha como principal caracter\u00edstica aumentar o ingresso de alunos no Curso de Ci\u00eancia da Computa\u00e7\u00e3o. Atividades como essa sempre estiveram presentes no grupo, desde sua cria\u00e7\u00e3o, como a intitulada \u201cacesso a computa\u00e7\u00e3o por mais pessoas\u201d, onde o foco era a alfabetiza\u00e7\u00e3o digital.<\/span><\/p><p><span style=\"font-weight: 400;text-indent: 30px\">Em 2014, ocorreu na Universidade Federal de Santa Maria o XIX ENAPET, que \u00e9 o encontro nacional dos grupos PET de todo Brasil. O PET-CC auxiliou na organiza\u00e7\u00e3o do evento juntamente com todos os outros grupos da UFSM. No mesmo ano, o grupo viajou para Porto Alegre a fim de conhecer outras institui\u00e7\u00f5es de ensino superior e um grupo PET da Pontif\u00edcia Universidade Cat\u00f3lica do Rio Grande do Sul (PUCRS).<\/span><\/p><p><span style=\"font-weight: 400;text-indent: 30px\">Desde sua cria\u00e7\u00e3o, o grupo PET-CC j\u00e1 contou com 5 tutores, sendo o primeiro o professor Felipe Martins Muller, que participou do grupo entre os anos de 1994 at\u00e9 1999, ano em que a professora Oni Reassilvia de Almeida Oliveira Sichonany assumiu a tutoria. Ap\u00f3s sua sa\u00edda em 2007, a professora Andr\u00e9a Schwertner Char\u00e3o liderou o grupo at\u00e9 2010. O professor Marcos Cordeiro d\u2019Ornellas participou como tutor entre os anos de 2010 \u00e0 2014.\u00a0<\/span><\/p><p><span style=\"font-weight: 400;text-indent: 30px\">Atualmente, o tutor do grupo \u00e9 o professor Giovani Rubert Librelotto, desde o in\u00edcio de 2015. Durante esses 21 anos, j\u00e1 passaram pelo grupo mais de 110 alunos, entre eles est\u00e1 a ex-tutora do PET-SI, Deise de Brum Saccol, que participou como petiana durante os anos de 1995 \u00e0 1999. Al\u00e9m dela, outros ex-petianos s\u00e3o atualmente professores na UFSM, em cursos como Ci\u00eancia da Computa\u00e7\u00e3o, Sistemas de Informa\u00e7\u00e3o e Arquivologia, bem como no Programa de P\u00f3s-Gradua\u00e7\u00e3o em Inform\u00e1tica desta e de outras institui\u00e7\u00f5es.<\/span><\/p>\t\t\t\t\t\t<\/div>\n\t\t\t\t<\/div>\n\t\t\t\t\t<\/div>\n\t\t<\/div>\n\t\t\t\t\t<\/div>\n\t\t<\/section>\n\t\t\t\t<section class=\"elementor-section elementor-top-section elementor-element elementor-element-36818db elementor-section-boxed elementor-section-height-default elementor-section-height-default\" data-id=\"36818db\" data-element_type=\"section\">\n\t\t\t\t\t\t<div class=\"elementor-container elementor-column-gap-default\">\n\t\t\t\t\t<div class=\"elementor-column elementor-col-100 elementor-top-column elementor-element elementor-element-7aa8773\" data-id=\"7aa8773\" data-element_type=\"column\">\n\t\t\t<div class=\"elementor-widget-wrap elementor-element-populated\">\n\t\t\t\t\t\t<div class=\"elementor-element elementor-element-a71af66 e-transform elementor-widget elementor-widget-text-editor\" data-id=\"a71af66\" data-element_type=\"widget\" data-settings=\"{&quot;_transform_scale_effect&quot;:{&quot;unit&quot;:&quot;px&quot;,&quot;size&quot;:&quot;1&quot;,&quot;sizes&quot;:[]},&quot;_transform_scale_effect_tablet&quot;:{&quot;unit&quot;:&quot;px&quot;,&quot;size&quot;:&quot;&quot;,&quot;sizes&quot;:[]},&quot;_transform_scale_effect_mobile&quot;:{&quot;unit&quot;:&quot;px&quot;,&quot;size&quot;:&quot;&quot;,&quot;sizes&quot;:[]}}\" data-widget_type=\"text-editor.default\">\n\t\t\t\t<div class=\"elementor-widget-container\">\n\t\t\t\t\t\t\t<h2 style=\"text-align: center\">Revisores do hist\u00f3rico do PET-CC realizado em 2015:<\/h2><p><span style=\"font-weight: 400\">Giovani Rubert Librelotto, Alcides Gon\u00e7alves Lopes Junior, Brenda Salenave Santana, Eric Tomas Zancanaro, Flavio Paulus Franzin, Gabriel Costa Backes, Guilherme de Freitas Gaiardo, Guilherme Peripolli dos Santos, Jhillian Bianchi, Leonardo de Abreu Schmidt, Lucas Gon\u00e7alves Bonilla, Lucas Saibt Real, Paulo Vinicius Cardoso, Rafael Holzschuh de Araujo, Ricardo Silveira Rodrigues, R\u00f4mulo Marconato Stringhini, Vinicius Fulber Garcia.<\/span><\/p>\t\t\t\t\t\t<\/div>\n\t\t\t\t<\/div>\n\t\t\t\t\t<\/div>\n\t\t<\/div>\n\t\t\t\t\t<\/div>\n\t\t<\/section>\n\t\t\t\t<section class=\"elementor-section elementor-top-section elementor-element elementor-element-90d39bd elementor-section-boxed elementor-section-height-default elementor-section-height-default\" data-id=\"90d39bd\" data-element_type=\"section\">\n\t\t\t\t\t\t<div class=\"elementor-container elementor-column-gap-default\">\n\t\t\t\t\t<div class=\"elementor-column elementor-col-100 elementor-top-column elementor-element elementor-element-60298c5\" data-id=\"60298c5\" data-element_type=\"column\">\n\t\t\t<div class=\"elementor-widget-wrap elementor-element-populated\">\n\t\t\t\t\t\t<div class=\"elementor-element elementor-element-9e1cc04 elementor-widget elementor-widget-text-editor\" data-id=\"9e1cc04\" data-element_type=\"widget\" data-widget_type=\"text-editor.default\">\n\t\t\t\t<div class=\"elementor-widget-container\">\n\t\t\t\t\t\t\t<p style=\"text-align: center\"><strong>Fotos do PET-CC<\/strong><\/p>\t\t\t\t\t\t<\/div>\n\t\t\t\t<\/div>\n\t\t\t\t<div class=\"elementor-element elementor-element-a1e4652 elementor-arrows-position-inside elementor-pagination-position-outside elementor-widget elementor-widget-image-carousel\" data-id=\"a1e4652\" data-element_type=\"widget\" data-settings=\"{&quot;navigation&quot;:&quot;both&quot;,&quot;autoplay&quot;:&quot;yes&quot;,&quot;pause_on_hover&quot;:&quot;yes&quot;,&quot;pause_on_interaction&quot;:&quot;yes&quot;,&quot;autoplay_speed&quot;:5000,&quot;infinite&quot;:&quot;yes&quot;,&quot;speed&quot;:500}\" data-widget_type=\"image-carousel.default\">\n\t\t\t\t<div class=\"elementor-widget-container\">\n\t\t\t\t\t<div class=\"elementor-image-carousel-wrapper swiper\" dir=\"ltr\">\n\t\t\t<div class=\"elementor-image-carousel swiper-wrapper\" aria-live=\"off\">\n\t\t\t\t\t\t\t\t<div class=\"swiper-slide\" role=\"group\" aria-roledescription=\"slide\" aria-label=\"1 of 8\"><figure class=\"swiper-slide-inner\"><img decoding=\"async\" class=\"swiper-slide-image\" src=\"https:\/\/www.ufsm.br\/app\/uploads\/sites\/786\/2024\/03\/PET-CC-foto1-300x225.jpg\" alt=\"PET-CC em 2015\" \/><figcaption class=\"elementor-image-carousel-caption\">PET-CC em 2015<\/figcaption><\/figure><\/div><div class=\"swiper-slide\" role=\"group\" aria-roledescription=\"slide\" aria-label=\"2 of 8\"><figure class=\"swiper-slide-inner\"><img decoding=\"async\" class=\"swiper-slide-image\" src=\"https:\/\/www.ufsm.br\/app\/uploads\/sites\/786\/2024\/03\/PET-CC-foto2-300x175.jpg\" alt=\"PET-CC em 1997\" \/><figcaption class=\"elementor-image-carousel-caption\">PET-CC em 1997<\/figcaption><\/figure><\/div><div class=\"swiper-slide\" role=\"group\" aria-roledescription=\"slide\" aria-label=\"3 of 8\"><figure class=\"swiper-slide-inner\"><img decoding=\"async\" class=\"swiper-slide-image\" src=\"https:\/\/www.ufsm.br\/app\/uploads\/sites\/786\/2024\/03\/PET-CC-foto4-300x225.jpg\" alt=\"PET-CC em 2008\" \/><figcaption class=\"elementor-image-carousel-caption\">PET-CC em 2008<\/figcaption><\/figure><\/div><div class=\"swiper-slide\" role=\"group\" aria-roledescription=\"slide\" aria-label=\"4 of 8\"><figure class=\"swiper-slide-inner\"><img decoding=\"async\" class=\"swiper-slide-image\" src=\"https:\/\/www.ufsm.br\/app\/uploads\/sites\/786\/2024\/03\/PET-CC-foto5-300x225.jpg\" alt=\"Visita do PET-CC \u00e0 Tecnopuc, em 2012.\" \/><figcaption class=\"elementor-image-carousel-caption\">Visita do PET-CC \u00e0 Tecnopuc, em 2012.<\/figcaption><\/figure><\/div><div class=\"swiper-slide\" role=\"group\" aria-roledescription=\"slide\" aria-label=\"5 of 8\"><figure class=\"swiper-slide-inner\"><img decoding=\"async\" class=\"swiper-slide-image\" src=\"https:\/\/www.ufsm.br\/app\/uploads\/sites\/786\/2024\/03\/PET-CC-foto6-168x300.jpg\" alt=\"PET-CC no Enapet 2014, em Santa Maria.\" \/><figcaption class=\"elementor-image-carousel-caption\">PET-CC no Enapet 2014, em Santa Maria.<\/figcaption><\/figure><\/div><div class=\"swiper-slide\" role=\"group\" aria-roledescription=\"slide\" aria-label=\"6 of 8\"><figure class=\"swiper-slide-inner\"><img decoding=\"async\" class=\"swiper-slide-image\" src=\"https:\/\/www.ufsm.br\/app\/uploads\/sites\/786\/2024\/03\/PET-CC-foto8-300x225.jpg\" alt=\"Apresenta\u00e7\u00e3o de trabalhos do PET-CC em evento, em 2013.\" \/><figcaption class=\"elementor-image-carousel-caption\">Apresenta\u00e7\u00e3o de trabalhos do PET-CC em evento, em 2013.<\/figcaption><\/figure><\/div><div class=\"swiper-slide\" role=\"group\" aria-roledescription=\"slide\" aria-label=\"7 of 8\"><figure class=\"swiper-slide-inner\"><img decoding=\"async\" class=\"swiper-slide-image\" src=\"https:\/\/www.ufsm.br\/app\/uploads\/sites\/786\/2024\/03\/PET-CC-foto7-300x225.jpg\" alt=\"Petianos do PET-CC em uma atividade de extens\u00e3o, em 2012.\" \/><figcaption class=\"elementor-image-carousel-caption\">Petianos do PET-CC em uma atividade de extens\u00e3o, em 2012.<\/figcaption><\/figure><\/div><div class=\"swiper-slide\" role=\"group\" aria-roledescription=\"slide\" aria-label=\"8 of 8\"><figure class=\"swiper-slide-inner\"><img decoding=\"async\" class=\"swiper-slide-image\" src=\"https:\/\/www.ufsm.br\/app\/uploads\/sites\/786\/2024\/03\/PET-CC-foto3-300x169.jpg\" alt=\"Visita do PET-CC \u00e0 incubadora tecnol\u00f3gica da UFRGS em 2014.\" \/><figcaption class=\"elementor-image-carousel-caption\">Visita do PET-CC \u00e0 incubadora tecnol\u00f3gica da UFRGS em 2014.<\/figcaption><\/figure><\/div>\t\t\t<\/div>\n\t\t\t\t\t\t\t\t\t\t\t\t<div class=\"elementor-swiper-button elementor-swiper-button-prev\" role=\"button\" tabindex=\"0\">\n\t\t\t\t\t\t<i aria-hidden=\"true\" class=\"eicon-chevron-left\"><\/i>\t\t\t\t\t<\/div>\n\t\t\t\t\t<div class=\"elementor-swiper-button elementor-swiper-button-next\" role=\"button\" tabindex=\"0\">\n\t\t\t\t\t\t<i aria-hidden=\"true\" class=\"eicon-chevron-right\"><\/i>\t\t\t\t\t<\/div>\n\t\t\t\t\n\t\t\t\t\t\t\t\t\t<div class=\"swiper-pagination\"><\/div>\n\t\t\t\t\t\t\t\t\t<\/div>\n\t\t\t\t<\/div>\n\t\t\t\t<\/div>\n\t\t\t\t\t<\/div>\n\t\t<\/div>\n\t\t\t\t\t<\/div>\n\t\t<\/section>\n\t\t\t\t<\/div>\n\t\t","protected":false},"excerpt":{"rendered":"<p>O PET Inform\u00e1tica, que em seu prim\u00f3rdio era chamado de Programa Especial de Treinamento, teve seu in\u00edcio em agosto de 1994. Os professores que implantaram o programa foram Felipe M\u00fcller, Marcos D&#8217;Ornellas e Cl\u00e1udio Lobato (professores do quadro docente do curso de Inform\u00e1tica da UFSM) e logo a primeira sele\u00e7\u00e3o de bolsistas ocorreu onde foram [&hellip;]<\/p>\n","protected":false},"author":4036,"featured_media":0,"parent":0,"menu_order":0,"comment_status":"closed","ping_status":"closed","template":"","meta":{"footnotes":""},"categories":[85],"tags":[],"class_list":["post-1696","page","type-page","status-publish","hentry","category-estrutura"],"acf":[],"_links":{"self":[{"href":"https:\/\/www.ufsm.br\/pet\/ciencia-da-computacao\/wp-json\/wp\/v2\/pages\/1696","targetHints":{"allow":["GET"]}}],"collection":[{"href":"https:\/\/www.ufsm.br\/pet\/ciencia-da-computacao\/wp-json\/wp\/v2\/pages"}],"about":[{"href":"https:\/\/www.ufsm.br\/pet\/ciencia-da-computacao\/wp-json\/wp\/v2\/types\/page"}],"author":[{"embeddable":true,"href":"https:\/\/www.ufsm.br\/pet\/ciencia-da-computacao\/wp-json\/wp\/v2\/users\/4036"}],"replies":[{"embeddable":true,"href":"https:\/\/www.ufsm.br\/pet\/ciencia-da-computacao\/wp-json\/wp\/v2\/comments?post=1696"}],"version-history":[{"count":0,"href":"https:\/\/www.ufsm.br\/pet\/ciencia-da-computacao\/wp-json\/wp\/v2\/pages\/1696\/revisions"}],"wp:attachment":[{"href":"https:\/\/www.ufsm.br\/pet\/ciencia-da-computacao\/wp-json\/wp\/v2\/media?parent=1696"}],"wp:term":[{"taxonomy":"category","embeddable":true,"href":"https:\/\/www.ufsm.br\/pet\/ciencia-da-computacao\/wp-json\/wp\/v2\/categories?post=1696"},{"taxonomy":"post_tag","embeddable":true,"href":"https:\/\/www.ufsm.br\/pet\/ciencia-da-computacao\/wp-json\/wp\/v2\/tags?post=1696"}],"curies":[{"name":"wp","href":"https:\/\/api.w.org\/{rel}","templated":true}]}}