{"id":1918,"date":"2025-01-19T13:08:27","date_gmt":"2025-01-19T16:08:27","guid":{"rendered":"https:\/\/www.ufsm.br\/pet\/ciencia-da-computacao\/?page_id=1918"},"modified":"2025-01-22T18:14:40","modified_gmt":"2025-01-22T21:14:40","slug":"memorial","status":"publish","type":"page","link":"https:\/\/www.ufsm.br\/pet\/ciencia-da-computacao\/memorial","title":{"rendered":"Memorial de Egressos do Curso de Ci\u00eancia da Computa\u00e7\u00e3o"},"content":{"rendered":"\t\t<div data-elementor-type=\"wp-page\" data-elementor-id=\"1918\" class=\"elementor elementor-1918\">\n\t\t\t\t\t\t<section class=\"elementor-section elementor-top-section elementor-element elementor-element-8dfd24e elementor-section-boxed elementor-section-height-default elementor-section-height-default\" data-id=\"8dfd24e\" data-element_type=\"section\">\n\t\t\t\t\t\t<div class=\"elementor-container elementor-column-gap-default\">\n\t\t\t\t\t<div class=\"elementor-column elementor-col-100 elementor-top-column elementor-element elementor-element-96f1d12\" data-id=\"96f1d12\" data-element_type=\"column\">\n\t\t\t<div class=\"elementor-widget-wrap elementor-element-populated\">\n\t\t\t\t\t\t<div class=\"elementor-element elementor-element-412039e elementor-widget elementor-widget-accordion\" data-id=\"412039e\" data-element_type=\"widget\" data-widget_type=\"accordion.default\">\n\t\t\t\t<div class=\"elementor-widget-container\">\n\t\t\t\t\t<div class=\"elementor-accordion\">\n\t\t\t\t\t\t\t<div class=\"elementor-accordion-item\">\n\t\t\t\t\t<div id=\"elementor-tab-title-6821\" class=\"elementor-tab-title\" data-tab=\"1\" role=\"button\" aria-controls=\"elementor-tab-content-6821\" aria-expanded=\"false\">\n\t\t\t\t\t\t\t\t\t\t\t\t<a class=\"elementor-accordion-title\" tabindex=\"0\">I Turma de Inform\u00e1tica (1993)<\/a>\n\t\t\t\t\t<\/div>\n\t\t\t\t\t<div id=\"elementor-tab-content-6821\" class=\"elementor-tab-content elementor-clearfix\" data-tab=\"1\" role=\"region\" aria-labelledby=\"elementor-tab-title-6821\"><p><b>Patrona:\u00a0<\/b>Nilza L. V. Zampieri<\/p><p><b>Paraninfo:<\/b>\u00a0Cl\u00e1udio Rocha Lobato<\/p><p><b>Professores homenageados:<\/b><\/p><table style=\"width: 142pt\" border=\"0\" width=\"189\" cellspacing=\"0\" cellpadding=\"0\"><colgroup> <col style=\"width: 142pt\" width=\"189\" \/> <\/colgroup><tbody><tr style=\"height: 13.2pt\"><td class=\"xl65\" style=\"height: 13.2pt;width: 142pt\" width=\"189\" height=\"18\">Benhur de Oliveira Stein<\/td><\/tr><tr style=\"height: 13.2pt\"><td class=\"xl65\" style=\"height: 13.2pt\" height=\"18\">F\u00e1bio Ant\u00f4nio Baldissera<\/td><\/tr><tr style=\"height: 13.2pt\"><td class=\"xl65\" style=\"height: 13.2pt\" height=\"18\">Felipe Martins M\u00fcller<\/td><\/tr><tr style=\"height: 13.2pt\"><td class=\"xl65\" style=\"height: 13.2pt\" height=\"18\">Francisco Amaral Wendt<\/td><\/tr><tr style=\"height: 13.2pt\"><td class=\"xl65\" style=\"height: 13.2pt\" height=\"18\">Iara Augustin<\/td><\/tr><tr style=\"height: 13.2pt\"><td class=\"xl65\" style=\"height: 13.2pt\" height=\"18\">Jo\u00e3o Baptista dos Santso Martins<\/td><\/tr><tr style=\"height: 13.2pt\"><td class=\"xl65\" style=\"height: 13.2pt\" height=\"18\">Jo\u00e3o Carlos Damasceno Lima<\/td><\/tr><tr style=\"height: 13.2pt\"><td class=\"xl65\" style=\"height: 13.2pt\" height=\"18\">Marcelo Pasin<\/td><\/tr><tr style=\"height: 13.2pt\"><td class=\"xl65\" style=\"height: 13.2pt\" height=\"18\">Marcos C. d&#8217;Ornellas<\/td><\/tr><tr style=\"height: 13.2pt\"><td class=\"xl65\" style=\"height: 13.2pt\" height=\"18\">Oni R. de A. O. Sichonamy<\/td><\/tr><\/tbody><\/table><p><b style=\"font-size: 1rem\">\u00a0<\/b><\/p><p><b style=\"font-size: 1rem\">Formados:<\/b><\/p><table style=\"width: 179pt\" border=\"0\" width=\"239\" cellspacing=\"0\" cellpadding=\"0\"><colgroup> <col style=\"width: 179pt\" width=\"239\" \/> <\/colgroup><tbody><tr style=\"height: 13.2pt\"><td class=\"xl65\" style=\"height: 13.2pt;width: 179pt\" width=\"239\" height=\"18\">Adrian Jos\u00e9 Magnabosco<\/td><\/tr><tr style=\"height: 13.2pt\"><td class=\"xl65\" style=\"height: 13.2pt\" height=\"18\">Alexandre C. de Albuquerque<\/td><\/tr><tr style=\"height: 13.2pt\"><td class=\"xl65\" style=\"height: 13.2pt\" height=\"18\">Alexandre Porto Debeluck<\/td><\/tr><tr style=\"height: 13.2pt\"><td class=\"xl65\" style=\"height: 13.2pt\" height=\"18\">Andr\u00e9 Amestrek das Trevas Jr.<\/td><\/tr><tr style=\"height: 13.2pt\"><td class=\"xl65\" style=\"height: 13.2pt\" height=\"18\">Andr\u00e9a Schwertner Char\u00e3o<\/td><\/tr><tr style=\"height: 13.2pt\"><td class=\"xl65\" style=\"height: 13.2pt\" height=\"18\">Leandro dos Santos Coelho<\/td><\/tr><tr style=\"height: 13.2pt\"><td class=\"xl65\" style=\"height: 13.2pt\" height=\"18\">Leandro R. Camboim da Silveira<\/td><\/tr><tr style=\"height: 13.2pt\"><td class=\"xl65\" style=\"height: 13.2pt\" height=\"18\">Gustavo Zanini Kantorski<\/td><\/tr><tr style=\"height: 13.2pt\"><td class=\"xl65\" style=\"height: 13.2pt\" height=\"18\">Em\u00edlio C. dos Santos Fialho<\/td><\/tr><tr style=\"height: 13.2pt\"><td class=\"xl65\" style=\"height: 13.2pt\" height=\"18\">Egeu Eduardo Berni Soares<\/td><\/tr><tr style=\"height: 13.2pt\"><td class=\"xl65\" style=\"height: 13.2pt\" height=\"18\">Luciane Fontoura Hollerbach<\/td><\/tr><tr style=\"height: 13.2pt\"><td class=\"xl65\" style=\"height: 13.2pt\" height=\"18\">Luiz Augusto Cerezer<\/td><\/tr><tr style=\"height: 13.2pt\"><td class=\"xl65\" style=\"height: 13.2pt\" height=\"18\">Lu\u00edsa Furtado M. da Costa<\/td><\/tr><tr style=\"height: 13.2pt\"><td class=\"xl65\" style=\"height: 13.2pt\" height=\"18\">Marcelo Tiezerin<\/td><\/tr><tr style=\"height: 13.2pt\"><td class=\"xl65\" style=\"height: 13.2pt\" height=\"18\">M\u00e1rcio D&#8217;\u00e1vila Scheibler<\/td><\/tr><tr style=\"height: 13.2pt\"><td class=\"xl65\" style=\"height: 13.2pt\" height=\"18\">Marcos Fernandes de Souza<\/td><\/tr><tr style=\"height: 13.2pt\"><td class=\"xl65\" style=\"height: 13.2pt\" height=\"18\">Mar\u00edlia Trevisan Stein<\/td><\/tr><tr style=\"height: 13.2pt\"><td class=\"xl65\" style=\"height: 13.2pt\" height=\"18\">Patr\u00edcia Dotto Machado<\/td><\/tr><tr style=\"height: 13.2pt\"><td class=\"xl65\" style=\"height: 13.2pt\" height=\"18\">Paulo Roberto Teixeira Fiche<\/td><\/tr><tr style=\"height: 13.2pt\"><td class=\"xl65\" style=\"height: 13.2pt\" height=\"18\">R\u00e9gis Saul Becker<\/td><\/tr><tr style=\"height: 13.2pt\"><td class=\"xl65\" style=\"height: 13.2pt\" height=\"18\">Rita de C\u00e1ssia Pivetta Machado<\/td><\/tr><\/tbody><\/table><\/div>\n\t\t\t\t<\/div>\n\t\t\t\t\t\t\t<div class=\"elementor-accordion-item\">\n\t\t\t\t\t<div id=\"elementor-tab-title-6822\" class=\"elementor-tab-title\" data-tab=\"2\" role=\"button\" aria-controls=\"elementor-tab-content-6822\" aria-expanded=\"false\">\n\t\t\t\t\t\t\t\t\t\t\t\t<a class=\"elementor-accordion-title\" tabindex=\"0\">II Turma de Inform\u00e1tica (1995)<\/a>\n\t\t\t\t\t<\/div>\n\t\t\t\t\t<div id=\"elementor-tab-content-6822\" class=\"elementor-tab-content elementor-clearfix\" data-tab=\"2\" role=\"region\" aria-labelledby=\"elementor-tab-title-6822\"><p><b>Patrono:\u00a0<\/b>Raul Cereta Nunes<\/p><p><b>Paraninfa:\u00a0<\/b>Iara Augustin<\/p><p><b>Professores Homenageados:<\/b><\/p><table style=\"width: 142pt\" border=\"0\" width=\"189\" cellspacing=\"0\" cellpadding=\"0\"><colgroup> <col style=\"width: 142pt\" width=\"189\" \/> <\/colgroup><tbody><tr style=\"height: 13.2pt\"><td style=\"height: 13.2pt;width: 142pt\" width=\"189\" height=\"18\">N\u00fabia Vargas Marafiga<\/td><\/tr><tr style=\"height: 13.2pt\"><td style=\"height: 13.2pt\" height=\"18\">Marcos C. d&#8217;Ornellas<\/td><\/tr><tr style=\"height: 13.2pt\"><td style=\"height: 13.2pt\" height=\"18\">Francisco Amaral Wendt<\/td><\/tr><tr style=\"height: 13.2pt\"><td style=\"height: 13.2pt\" height=\"18\">Jo\u00e3o Carlos Damasceno Lima<\/td><\/tr><tr style=\"height: 13.2pt\"><td style=\"height: 13.2pt\" height=\"18\">Oni R. de A. O. Sichonamy<\/td><\/tr><tr style=\"height: 13.2pt\"><td style=\"height: 13.2pt\" height=\"18\">Nilza L. V. Zampieri<\/td><\/tr><tr style=\"height: 13.2pt\"><td style=\"height: 13.2pt\" height=\"18\">Cl\u00e1udio Rocha Lobato<\/td><\/tr><tr style=\"height: 13.2pt\"><td style=\"height: 13.2pt\" height=\"18\">Felipe Martins M\u00fcller<\/td><\/tr><\/tbody><\/table><p><b>Formados:<\/b><\/p><table style=\"width: 179pt\" border=\"0\" width=\"239\" cellspacing=\"0\" cellpadding=\"0\"><colgroup> <col style=\"width: 179pt\" width=\"239\" \/> <\/colgroup><tbody><tr style=\"height: 13.2pt\"><td class=\"xl65\" style=\"height: 13.2pt;width: 179pt\" width=\"239\" height=\"18\">Adriano Weber Scheeren<\/td><\/tr><tr style=\"height: 13.2pt\"><td class=\"xl65\" style=\"height: 13.2pt\" height=\"18\">Ant\u00f4nio Marcos de O. C\u00e2ndia<\/td><\/tr><tr style=\"height: 13.2pt\"><td class=\"xl65\" style=\"height: 13.2pt\" height=\"18\">Carmen M. Guidini<\/td><\/tr><tr style=\"height: 13.2pt\"><td class=\"xl65\" style=\"height: 13.2pt\" height=\"18\">Celmar Oliveira Corr\u00eaa<\/td><\/tr><tr style=\"height: 13.2pt\"><td class=\"xl65\" style=\"height: 13.2pt\" height=\"18\">Cleandro Flores de Gasperi<\/td><\/tr><tr style=\"height: 13.2pt\"><td class=\"xl65\" style=\"height: 13.2pt\" height=\"18\">Fabiana Saldanha Tamiosso<\/td><\/tr><tr style=\"height: 13.2pt\"><td class=\"xl65\" style=\"height: 13.2pt\" height=\"18\">Jean Carlo de Bairros<\/td><\/tr><tr style=\"height: 13.2pt\"><td class=\"xl65\" style=\"height: 13.2pt\" height=\"18\">Luciano Ferreira<\/td><\/tr><tr style=\"height: 13.2pt\"><td class=\"xl65\" style=\"height: 13.2pt\" height=\"18\">Marcia Pasin<\/td><\/tr><tr style=\"height: 13.2pt\"><td class=\"xl65\" style=\"height: 13.2pt\" height=\"18\">Marcelo Aita Riss<\/td><\/tr><tr style=\"height: 13.2pt\"><td class=\"xl65\" style=\"height: 13.2pt\" height=\"18\">Marcelo de A. Fortes<\/td><\/tr><tr style=\"height: 13.2pt\"><td class=\"xl65\" style=\"height: 13.2pt\" height=\"18\">Mariane M. Moraes<\/td><\/tr><tr style=\"height: 13.2pt\"><td class=\"xl65\" style=\"height: 13.2pt\" height=\"18\">Rafael Eduardo Kempp<\/td><\/tr><tr style=\"height: 13.2pt\"><td class=\"xl65\" style=\"height: 13.2pt\" height=\"18\">Rafael Saldanha Campello<\/td><\/tr><tr style=\"height: 13.2pt\"><td class=\"xl65\" style=\"height: 13.2pt\" height=\"18\">Sibelius dis Santos Segala<\/td><\/tr><tr style=\"height: 13.2pt\"><td class=\"xl65\" style=\"height: 13.2pt\" height=\"18\">Silvano Bolfono Dias<\/td><\/tr><\/tbody><\/table><\/div>\n\t\t\t\t<\/div>\n\t\t\t\t\t\t\t<div class=\"elementor-accordion-item\">\n\t\t\t\t\t<div id=\"elementor-tab-title-6823\" class=\"elementor-tab-title\" data-tab=\"3\" role=\"button\" aria-controls=\"elementor-tab-content-6823\" aria-expanded=\"false\">\n\t\t\t\t\t\t\t\t\t\t\t\t<a class=\"elementor-accordion-title\" tabindex=\"0\">III Turma de Inform\u00e1tica (1996)<\/a>\n\t\t\t\t\t<\/div>\n\t\t\t\t\t<div id=\"elementor-tab-content-6823\" class=\"elementor-tab-content elementor-clearfix\" data-tab=\"3\" role=\"region\" aria-labelledby=\"elementor-tab-title-6823\"><p><b>Patrono:<\/b>\u00a0Jo\u00e3o Carlos Damasceno Lima<\/p><p><b>Paraninfo:<\/b>\u00a0Felipe Martins M\u00fcller<\/p><p><b>Professores Homenageados:<\/b><\/p><table style=\"width: 142pt\" border=\"0\" width=\"189\" cellspacing=\"0\" cellpadding=\"0\"><colgroup> <col style=\"width: 142pt\" width=\"189\" \/> <\/colgroup><tbody><tr style=\"height: 13.2pt\"><td style=\"height: 13.2pt;width: 142pt\" width=\"189\" height=\"18\">Cl\u00e1udio Rocha Lobato<\/td><\/tr><tr style=\"height: 13.2pt\"><td style=\"height: 13.2pt\" height=\"18\">Francisco Amaral Wendt<\/td><\/tr><tr style=\"height: 13.2pt\"><td style=\"height: 13.2pt\" height=\"18\">Iara Augustin<\/td><\/tr><tr style=\"height: 13.2pt\"><td style=\"height: 13.2pt\" height=\"18\">Raul Ceretta Nunes<\/td><\/tr><\/tbody><\/table><p><b>\u00a0<\/b><\/p><p><b>Formados:<\/b><\/p><table style=\"width: 179pt\" border=\"0\" width=\"239\" cellspacing=\"0\" cellpadding=\"0\"><colgroup> <col style=\"width: 179pt\" width=\"239\" \/> <\/colgroup><tbody><tr style=\"height: 13.2pt\"><td style=\"height: 13.2pt;width: 179pt\" width=\"239\" height=\"18\">Andre Zanki Cordenonsi<\/td><\/tr><tr style=\"height: 13.2pt\"><td style=\"height: 13.2pt\" height=\"18\">Cesar Leonhardt<\/td><\/tr><tr style=\"height: 13.2pt\"><td style=\"height: 13.2pt\" height=\"18\">Christian L\u00fcdtke<\/td><\/tr><tr style=\"height: 13.2pt\"><td style=\"height: 13.2pt\" height=\"18\">Daniela Trevisan<\/td><\/tr><tr style=\"height: 13.2pt\"><td style=\"height: 13.2pt\" height=\"18\">Fabia Vian Scheibler<\/td><\/tr><tr style=\"height: 13.2pt\"><td style=\"height: 13.2pt\" height=\"18\">Fabr\u00edcio Andr\u00e9 Rubin<\/td><\/tr><tr style=\"height: 13.2pt\"><td style=\"height: 13.2pt\" height=\"18\">Guilherme Dhein<\/td><\/tr><tr style=\"height: 13.2pt\"><td style=\"height: 13.2pt\" height=\"18\">Henrique Schetinger Filho<\/td><\/tr><tr style=\"height: 13.2pt\"><td style=\"height: 13.2pt\" height=\"18\">Lara Vanusca T. Goulart<\/td><\/tr><tr style=\"height: 13.2pt\"><td style=\"height: 13.2pt\" height=\"18\">Leandro Buss Becker<\/td><\/tr><tr style=\"height: 13.2pt\"><td style=\"height: 13.2pt\" height=\"18\">Let\u00edcia Carvalho Pivetta<\/td><\/tr><tr style=\"height: 13.2pt\"><td style=\"height: 13.2pt\" height=\"18\">Lisandra Vielmo Manzoni<\/td><\/tr><tr style=\"height: 13.2pt\"><td style=\"height: 13.2pt\" height=\"18\">Mairon G. Bathaglini<\/td><\/tr><tr style=\"height: 13.2pt\"><td style=\"height: 13.2pt\" height=\"18\">Marcelo Dalla Rosa<\/td><\/tr><tr style=\"height: 13.2pt\"><td style=\"height: 13.2pt\" height=\"18\">Marcelo Lopes Kroth<\/td><\/tr><tr style=\"height: 13.2pt\"><td style=\"height: 13.2pt\" height=\"18\">Marcelo Stroschein<\/td><\/tr><tr style=\"height: 13.2pt\"><td style=\"height: 13.2pt\" height=\"18\">Marcos G\u00fcndel<\/td><\/tr><tr style=\"height: 13.2pt\"><td style=\"height: 13.2pt\" height=\"18\">Marcos V. Milan Maciel<\/td><\/tr><tr style=\"height: 13.2pt\"><td style=\"height: 13.2pt\" height=\"18\">Ot\u00e1vio da Rocha Xavier<\/td><\/tr><tr style=\"height: 13.2pt\"><td style=\"height: 13.2pt\" height=\"18\">Riovani D. Albuquerque<\/td><\/tr><tr style=\"height: 13.2pt\"><td style=\"height: 13.2pt\" height=\"18\">Rog\u00e9rio S. dos Santos<\/td><\/tr><\/tbody><\/table><\/div>\n\t\t\t\t<\/div>\n\t\t\t\t\t\t\t<div class=\"elementor-accordion-item\">\n\t\t\t\t\t<div id=\"elementor-tab-title-6824\" class=\"elementor-tab-title\" data-tab=\"4\" role=\"button\" aria-controls=\"elementor-tab-content-6824\" aria-expanded=\"false\">\n\t\t\t\t\t\t\t\t\t\t\t\t<a class=\"elementor-accordion-title\" tabindex=\"0\">IV Turma de Inform\u00e1tica (1998)<\/a>\n\t\t\t\t\t<\/div>\n\t\t\t\t\t<div id=\"elementor-tab-content-6824\" class=\"elementor-tab-content elementor-clearfix\" data-tab=\"4\" role=\"region\" aria-labelledby=\"elementor-tab-title-6824\"><p><b>Patrona:<\/b>\u00a0Iara Augustin<\/p><p><b>Paraninfo:\u00a0<\/b>Felipe Martins M\u00fcller<\/p><p><b>Professores homenageados:<\/b><\/p><table style=\"width: 142pt\" border=\"0\" width=\"189\" cellspacing=\"0\" cellpadding=\"0\"><colgroup> <col style=\"width: 142pt\" width=\"189\" \/> <\/colgroup><tbody><tr style=\"height: 13.2pt\"><td style=\"height: 13.2pt;width: 142pt\" width=\"189\" height=\"18\">Rosecl\u00e9a Duarte Medina<\/td><\/tr><tr style=\"height: 13.2pt\"><td style=\"height: 13.2pt\" height=\"18\">Nilza L. V. Zampieri<\/td><\/tr><tr style=\"height: 13.2pt\"><td style=\"height: 13.2pt\" height=\"18\">Raul Ceretta Nunes<\/td><\/tr><tr style=\"height: 13.2pt\"><td style=\"height: 13.2pt\" height=\"18\">Francisco Amaral Wendt<\/td><\/tr><tr style=\"height: 13.2pt\"><td style=\"height: 13.2pt\" height=\"18\">Jo\u00e3o Carlos Damasceno Lima<\/td><\/tr><tr style=\"height: 13.2pt\"><td style=\"height: 13.2pt\" height=\"18\">Cl\u00e1udio Rocha Lobato<\/td><\/tr><\/tbody><\/table><p><b>Formados:<\/b><\/p><table style=\"width: 179pt\" border=\"0\" width=\"239\" cellspacing=\"0\" cellpadding=\"0\"><colgroup> <col style=\"width: 179pt\" width=\"239\" \/> <\/colgroup><tbody><tr style=\"height: 13.2pt\"><td style=\"height: 13.2pt;width: 179pt\" width=\"239\" height=\"18\">Ant\u00f4nio Carlos P. de Azambuja<\/td><\/tr><tr style=\"height: 13.2pt\"><td style=\"height: 13.2pt\" height=\"18\">Beatriz Ribeiro Azolin<\/td><\/tr><tr style=\"height: 13.2pt\"><td style=\"height: 13.2pt\" height=\"18\">Cesar Tadeu Pozzer<\/td><\/tr><tr style=\"height: 13.2pt\"><td style=\"height: 13.2pt\" height=\"18\">Edson Perontoni<\/td><\/tr><tr style=\"height: 13.2pt\"><td style=\"height: 13.2pt\" height=\"18\">Emerson N. Ribeiro<\/td><\/tr><tr style=\"height: 13.2pt\"><td style=\"height: 13.2pt\" height=\"18\">Jeferson Botelho do Amaral<\/td><\/tr><tr style=\"height: 13.2pt\"><td style=\"height: 13.2pt\" height=\"18\">Lenise Cristina Geiss<\/td><\/tr><tr style=\"height: 13.2pt\"><td style=\"height: 13.2pt\" height=\"18\">Luciana Salete Buriol<\/td><\/tr><tr style=\"height: 13.2pt\"><td style=\"height: 13.2pt\" height=\"18\">Luis Fernando Pollo<\/td><\/tr><tr style=\"height: 13.2pt\"><td style=\"height: 13.2pt\" height=\"18\">Manuele Kirsch Pinheiro<\/td><\/tr><tr style=\"height: 13.2pt\"><td style=\"height: 13.2pt\" height=\"18\">Rafael Felkl Barchet<\/td><\/tr><tr style=\"height: 13.2pt\"><td style=\"height: 13.2pt\" height=\"18\">Silvia de Castro Bertagnolli<\/td><\/tr><tr style=\"height: 13.2pt\"><td style=\"height: 13.2pt\" height=\"18\">Simone Portella Fernandes<\/td><\/tr><\/tbody><\/table><\/div>\n\t\t\t\t<\/div>\n\t\t\t\t\t\t\t<div class=\"elementor-accordion-item\">\n\t\t\t\t\t<div id=\"elementor-tab-title-6825\" class=\"elementor-tab-title\" data-tab=\"5\" role=\"button\" aria-controls=\"elementor-tab-content-6825\" aria-expanded=\"false\">\n\t\t\t\t\t\t\t\t\t\t\t\t<a class=\"elementor-accordion-title\" tabindex=\"0\">V Turma de Inform\u00e1tica (1998)<\/a>\n\t\t\t\t\t<\/div>\n\t\t\t\t\t<div id=\"elementor-tab-content-6825\" class=\"elementor-tab-content elementor-clearfix\" data-tab=\"5\" role=\"region\" aria-labelledby=\"elementor-tab-title-6825\"><p><b>Patrona:<\/b>\u00a0Iara Augustin<\/p><p><b>Paraninfa:<\/b>\u00a0Rosecl\u00e9a Duarte Medina<\/p><p><b>Professores homenageados:<\/b><\/p><table style=\"width: 142pt\" border=\"0\" width=\"189\" cellspacing=\"0\" cellpadding=\"0\"><colgroup> <col style=\"width: 142pt\" width=\"189\" \/> <\/colgroup><tbody><tr style=\"height: 13.2pt\"><td style=\"height: 13.2pt;width: 142pt\" width=\"189\" height=\"18\">Cl\u00e1udio Rocha Lobato<\/td><\/tr><tr style=\"height: 13.2pt\"><td style=\"height: 13.2pt\" height=\"18\">Marcelo Pasin<\/td><\/tr><tr style=\"height: 13.2pt\"><td style=\"height: 13.2pt\" height=\"18\">Oni R. de A. O. Sichonamy<\/td><\/tr><tr style=\"height: 13.2pt\"><td style=\"height: 13.2pt\" height=\"18\">Felipe Martins M\u00fcller<\/td><\/tr><tr style=\"height: 13.2pt\"><td style=\"height: 13.2pt\" height=\"18\">Raul Ceretta Nunes<\/td><\/tr><tr style=\"height: 13.2pt\"><td style=\"height: 13.2pt\" height=\"18\">Rafael Port da Rocha<\/td><\/tr><\/tbody><\/table><p><b>Formados:<\/b><\/p><table style=\"width: 179pt\" border=\"0\" width=\"239\" cellspacing=\"0\" cellpadding=\"0\"><colgroup> <col style=\"width: 179pt\" width=\"239\" \/> <\/colgroup><tbody><tr style=\"height: 13.2pt\"><td style=\"height: 13.2pt;width: 179pt\" width=\"239\" height=\"18\">Adair Jos\u00e9 Wathier<\/td><\/tr><tr style=\"height: 13.2pt\"><td style=\"height: 13.2pt\" height=\"18\">Alisson Em\u00edlio Friedrich<\/td><\/tr><tr style=\"height: 13.2pt\"><td style=\"height: 13.2pt\" height=\"18\">Cassio Jos\u00e9 Motta Moreira<\/td><\/tr><tr style=\"height: 13.2pt\"><td style=\"height: 13.2pt\" height=\"18\">Christian Feltrin Flores<\/td><\/tr><tr style=\"height: 13.2pt\"><td style=\"height: 13.2pt\" height=\"18\">Deise de Brum Saccol<\/td><\/tr><tr style=\"height: 13.2pt\"><td style=\"height: 13.2pt\" height=\"18\">Edgar Alo\u00edsio Berger<\/td><\/tr><tr style=\"height: 13.2pt\"><td style=\"height: 13.2pt\" height=\"18\">Eliandra dos Santos Bolzan<\/td><\/tr><tr style=\"height: 13.2pt\"><td style=\"height: 13.2pt\" height=\"18\">F\u00e1bio Renato Geiss<\/td><\/tr><tr style=\"height: 13.2pt\"><td style=\"height: 13.2pt\" height=\"18\">Liane Coeli<\/td><\/tr><tr style=\"height: 13.2pt\"><td style=\"height: 13.2pt\" height=\"18\">Luciano Moreira Burkhard<\/td><\/tr><tr style=\"height: 13.2pt\"><td style=\"height: 13.2pt\" height=\"18\">Luiz Angelo B. Estefanel<\/td><\/tr><tr style=\"height: 13.2pt\"><td style=\"height: 13.2pt\" height=\"18\">Luiz Augusto Cararo<\/td><\/tr><tr style=\"height: 13.2pt\"><td style=\"height: 13.2pt\" height=\"18\">Marcelo Lenz<\/td><\/tr><tr style=\"height: 13.2pt\"><td style=\"height: 13.2pt\" height=\"18\">Marcelo Trevisan<\/td><\/tr><tr style=\"height: 13.2pt\"><td style=\"height: 13.2pt\" height=\"18\">Maria Teresa Medronha Prola<\/td><\/tr><tr style=\"height: 13.2pt\"><td style=\"height: 13.2pt\" height=\"18\">Maur\u00edcio Gorski Trevisan<\/td><\/tr><tr style=\"height: 13.2pt\"><td style=\"height: 13.2pt\" height=\"18\">Paulo C\u00e9sar Pozzatti<\/td><\/tr><tr style=\"height: 13.2pt\"><td style=\"height: 13.2pt\" height=\"18\">Raquel Cordeiro da Silva<\/td><\/tr><tr style=\"height: 13.2pt\"><td style=\"height: 13.2pt\" height=\"18\">Renata de Moraes Trindade<\/td><\/tr><tr style=\"height: 13.2pt\"><td style=\"height: 13.2pt\" height=\"18\">Silvia Pozzebon<\/td><\/tr><tr style=\"height: 13.2pt\"><td style=\"height: 13.2pt\" height=\"18\">Tatiane Jesus de Campos<\/td><\/tr><\/tbody><\/table><\/div>\n\t\t\t\t<\/div>\n\t\t\t\t\t\t\t<div class=\"elementor-accordion-item\">\n\t\t\t\t\t<div id=\"elementor-tab-title-6826\" class=\"elementor-tab-title\" data-tab=\"6\" role=\"button\" aria-controls=\"elementor-tab-content-6826\" aria-expanded=\"false\">\n\t\t\t\t\t\t\t\t\t\t\t\t<a class=\"elementor-accordion-title\" tabindex=\"0\">VI Turma de Inform\u00e1tica (2000)<\/a>\n\t\t\t\t\t<\/div>\n\t\t\t\t\t<div id=\"elementor-tab-content-6826\" class=\"elementor-tab-content elementor-clearfix\" data-tab=\"6\" role=\"region\" aria-labelledby=\"elementor-tab-title-6826\"><p><b>Patrono:\u00a0<\/b>Jo\u00e3o Carlos Damasceno Lima<\/p><p><b>Paraninfo:<\/b>\u00a0Cl\u00e1udio Rocha Lobato<\/p><p><b>Professores homenageados:\u00a0<\/b><\/p><table style=\"width: 142pt\" border=\"0\" width=\"189\" cellspacing=\"0\" cellpadding=\"0\"><colgroup> <col style=\"width: 142pt\" width=\"189\" \/> <\/colgroup><tbody><tr style=\"height: 13.2pt\"><td style=\"height: 13.2pt;width: 142pt\" width=\"189\" height=\"18\">Nilza L. V. Zampieri<\/td><\/tr><tr style=\"height: 13.2pt\"><td style=\"height: 13.2pt\" height=\"18\">Andr\u00e9 Luiz Aita<\/td><\/tr><tr style=\"height: 13.2pt\"><td style=\"height: 13.2pt\" height=\"18\">Ant\u00f4nio Marcos de O. C\u00e2ndia<\/td><\/tr><tr style=\"height: 13.2pt\"><td style=\"height: 13.2pt\" height=\"18\">Iara Augustin<\/td><\/tr><tr style=\"height: 13.2pt\"><td style=\"height: 13.2pt\" height=\"18\">Atelmo Alo\u00edsio Bald<\/td><\/tr><tr style=\"height: 13.2pt\"><td style=\"height: 13.2pt\" height=\"18\">Felipe Martins M\u00fcller<\/td><\/tr><tr style=\"height: 13.2pt\"><td style=\"height: 13.2pt\" height=\"18\">Marcelo Pasin<\/td><\/tr><tr style=\"height: 13.2pt\"><td style=\"height: 13.2pt\" height=\"18\">Rafael Port da Rocha<\/td><\/tr><tr style=\"height: 13.2pt\"><td style=\"height: 13.2pt\" height=\"18\">Orimar Ant\u00f4nio Batistel<\/td><\/tr><\/tbody><\/table><p><b>Formados:<\/b><\/p><table style=\"width: 179pt\" border=\"0\" width=\"239\" cellspacing=\"0\" cellpadding=\"0\"><colgroup> <col style=\"width: 179pt\" width=\"239\" \/> <\/colgroup><tbody><tr style=\"height: 13.2pt\"><td style=\"height: 13.2pt;width: 179pt\" width=\"239\" height=\"18\">Carla Moema Hartstein<\/td><\/tr><tr style=\"height: 13.2pt\"><td style=\"height: 13.2pt\" height=\"18\">Celio Trois<\/td><\/tr><tr style=\"height: 13.2pt\"><td style=\"height: 13.2pt\" height=\"18\">Cleber Felisberto de Andrade<\/td><\/tr><tr style=\"height: 13.2pt\"><td style=\"height: 13.2pt\" height=\"18\">Eder Nicoletti Mathias<\/td><\/tr><tr style=\"height: 13.2pt\"><td style=\"height: 13.2pt\" height=\"18\">Edgardo Gustavo Fern\u00e1ndez<\/td><\/tr><tr style=\"height: 13.2pt\"><td style=\"height: 13.2pt\" height=\"18\">Elizandro Garcia Roos<\/td><\/tr><tr style=\"height: 13.2pt\"><td style=\"height: 13.2pt\" height=\"18\">Fernando Pires Barbosa<\/td><\/tr><tr style=\"height: 13.2pt\"><td style=\"height: 13.2pt\" height=\"18\">Glaidson Guerra<\/td><\/tr><tr style=\"height: 13.2pt\"><td style=\"height: 13.2pt\" height=\"18\">Gon\u00e7alo Canabarro de Moraes<\/td><\/tr><tr style=\"height: 13.2pt\"><td style=\"height: 13.2pt\" height=\"18\">J\u00falio Ricardo Silveira<\/td><\/tr><tr style=\"height: 13.2pt\"><td style=\"height: 13.2pt\" height=\"18\">Leandro M\u00e1rcio da Rosa<\/td><\/tr><tr style=\"height: 13.2pt\"><td style=\"height: 13.2pt\" height=\"18\">M\u00e1dson Witte da Silva<\/td><\/tr><tr style=\"height: 13.2pt\"><td style=\"height: 13.2pt\" height=\"18\">Marcelo Cezar Pinto<\/td><\/tr><tr style=\"height: 13.2pt\"><td style=\"height: 13.2pt\" height=\"18\">Marcos Didonet del Fabro<\/td><\/tr><tr style=\"height: 13.2pt\"><td style=\"height: 13.2pt\" height=\"18\">Mauro Garcia Angonesi<\/td><\/tr><tr style=\"height: 13.2pt\"><td style=\"height: 13.2pt\" height=\"18\">Rosiclei A. C. Lauermann<\/td><\/tr><tr style=\"height: 13.2pt\"><td style=\"height: 13.2pt\" height=\"18\">Vanessa Gindri Vieira<\/td><\/tr><tr style=\"height: 13.2pt\"><td style=\"height: 13.2pt\" height=\"18\">Vin\u00edcius Jacques Garcia<\/td><\/tr><\/tbody><\/table><\/div>\n\t\t\t\t<\/div>\n\t\t\t\t\t\t\t<div class=\"elementor-accordion-item\">\n\t\t\t\t\t<div id=\"elementor-tab-title-6827\" class=\"elementor-tab-title\" data-tab=\"7\" role=\"button\" aria-controls=\"elementor-tab-content-6827\" aria-expanded=\"false\">\n\t\t\t\t\t\t\t\t\t\t\t\t<a class=\"elementor-accordion-title\" tabindex=\"0\">VII Turma  de Ci\u00eancia da Computa\u00e7\u00e3o (2001)<\/a>\n\t\t\t\t\t<\/div>\n\t\t\t\t\t<div id=\"elementor-tab-content-6827\" class=\"elementor-tab-content elementor-clearfix\" data-tab=\"7\" role=\"region\" aria-labelledby=\"elementor-tab-title-6827\"><p><b>Patrono:<\/b>\u00a0Benhur de Oliveira Stein<\/p><p><b>Paraninfo:<\/b>\u00a0Jo\u00e3o Carlos Damasceno Lima<\/p><p><b>Professores homenageados:<\/b><\/p><table style=\"width: 142pt\" border=\"0\" width=\"189\" cellspacing=\"0\" cellpadding=\"0\"><colgroup> <col style=\"width: 142pt\" width=\"189\" \/> <\/colgroup><tbody><tr style=\"height: 13.2pt\"><td style=\"height: 13.2pt;width: 142pt\" width=\"189\" height=\"18\">Nilza L. V. Zampieri<\/td><\/tr><tr style=\"height: 13.2pt\"><td style=\"height: 13.2pt\" height=\"18\">Andr\u00e9 Luiz Aita<\/td><\/tr><tr style=\"height: 13.2pt\"><td style=\"height: 13.2pt\" height=\"18\">Ant\u00f4nio Marcos de O. C\u00e2ndia<\/td><\/tr><tr style=\"height: 13.2pt\"><td style=\"height: 13.2pt\" height=\"18\">Iara Augustin<\/td><\/tr><tr style=\"height: 13.2pt\"><td style=\"height: 13.2pt\" height=\"18\">Atelmo Alo\u00edsio Bald<\/td><\/tr><tr style=\"height: 13.2pt\"><td style=\"height: 13.2pt\" height=\"18\">Felipe Martins M\u00fcller<\/td><\/tr><tr style=\"height: 13.2pt\"><td style=\"height: 13.2pt\" height=\"18\">Marcelo Pasin<\/td><\/tr><tr style=\"height: 13.2pt\"><td style=\"height: 13.2pt\" height=\"18\">Rafael Port da Rocha<\/td><\/tr><tr style=\"height: 13.2pt\"><td style=\"height: 13.2pt\" height=\"18\">Cl\u00e1udio Rocha Lobato<\/td><\/tr><tr style=\"height: 13.2pt\"><td style=\"height: 13.2pt\" height=\"18\">Oni R. de A. O. Sichonamy<\/td><\/tr><\/tbody><\/table><p><b>Formados:<\/b><\/p><table style=\"width: 179pt\" border=\"0\" width=\"239\" cellspacing=\"0\" cellpadding=\"0\"><colgroup> <col style=\"width: 179pt\" width=\"239\" \/> <\/colgroup><tbody><tr style=\"height: 13.2pt\"><td style=\"height: 13.2pt;width: 179pt\" width=\"239\" height=\"18\">Alexander P. de Freitas<\/td><\/tr><tr style=\"height: 13.2pt\"><td style=\"height: 13.2pt\" height=\"18\">Amanda Meincke Melo<\/td><\/tr><tr style=\"height: 13.2pt\"><td style=\"height: 13.2pt\" height=\"18\">Andreia Farencena Vieiro<\/td><\/tr><tr style=\"height: 13.2pt\"><td style=\"height: 13.2pt\" height=\"18\">Andrigo Spall Gomes<\/td><\/tr><tr style=\"height: 13.2pt\"><td style=\"height: 13.2pt\" height=\"18\">Bruno Cunha Moleta<\/td><\/tr><tr style=\"height: 13.2pt\"><td style=\"height: 13.2pt\" height=\"18\">Cristiano Moraes da Silva<\/td><\/tr><tr style=\"height: 13.2pt\"><td style=\"height: 13.2pt\" height=\"18\">Diogo Luiz Montagner<\/td><\/tr><tr style=\"height: 13.2pt\"><td style=\"height: 13.2pt\" height=\"18\">Fabiana de Mello Dutra<\/td><\/tr><tr style=\"height: 13.2pt\"><td style=\"height: 13.2pt\" height=\"18\">Giana Lucca<\/td><\/tr><tr style=\"height: 13.2pt\"><td style=\"height: 13.2pt\" height=\"18\">Giuliano Dall&#8217;Agnol<\/td><\/tr><tr style=\"height: 13.2pt\"><td style=\"height: 13.2pt\" height=\"18\">Iuri Gustavo de Brito<\/td><\/tr><tr style=\"height: 13.2pt\"><td style=\"height: 13.2pt\" height=\"18\">Jos\u00e9 Germano Haab<\/td><\/tr><tr style=\"height: 13.2pt\"><td style=\"height: 13.2pt\" height=\"18\">Leonardo B. Schenkel<\/td><\/tr><tr style=\"height: 13.2pt\"><td style=\"height: 13.2pt\" height=\"18\">Lucia Maria de Souza<\/td><\/tr><tr style=\"height: 13.2pt\"><td style=\"height: 13.2pt\" height=\"18\">Luciana Mesquita Belleza<\/td><\/tr><tr style=\"height: 13.2pt\"><td style=\"height: 13.2pt\" height=\"18\">Luis Felipe Salin Monteiro<\/td><\/tr><tr style=\"height: 13.2pt\"><td style=\"height: 13.2pt\" height=\"18\">Mariana K. Bortoluzzi<\/td><\/tr><tr style=\"height: 13.2pt\"><td style=\"height: 13.2pt\" height=\"18\">Marisa Munaretto Amaral<\/td><\/tr><tr style=\"height: 13.2pt\"><td style=\"height: 13.2pt\" height=\"18\">Michelle Bonella<\/td><\/tr><tr style=\"height: 13.2pt\"><td style=\"height: 13.2pt\" height=\"18\">Pablo Costa Beber<\/td><\/tr><tr style=\"height: 13.2pt\"><td style=\"height: 13.2pt\" height=\"18\">Pedro Martins dos Santos<\/td><\/tr><\/tbody><\/table><\/div>\n\t\t\t\t<\/div>\n\t\t\t\t\t\t\t<div class=\"elementor-accordion-item\">\n\t\t\t\t\t<div id=\"elementor-tab-title-6828\" class=\"elementor-tab-title\" data-tab=\"8\" role=\"button\" aria-controls=\"elementor-tab-content-6828\" aria-expanded=\"false\">\n\t\t\t\t\t\t\t\t\t\t\t\t<a class=\"elementor-accordion-title\" tabindex=\"0\">VIII Turma de Ci\u00eancia da Computa\u00e7\u00e3o (2002)<\/a>\n\t\t\t\t\t<\/div>\n\t\t\t\t\t<div id=\"elementor-tab-content-6828\" class=\"elementor-tab-content elementor-clearfix\" data-tab=\"8\" role=\"region\" aria-labelledby=\"elementor-tab-title-6828\"><p><b>Patrono:<\/b>\u00a0Benhur de Oliveira Stein<\/p><p><b>Paraninfo:<\/b>\u00a0Marcelo Pasin<\/p><p><b>Professores homenageados:<\/b><\/p><table style=\"width: 142pt\" border=\"0\" width=\"189\" cellspacing=\"0\" cellpadding=\"0\"><colgroup> <col style=\"width: 142pt\" width=\"189\" \/> <\/colgroup><tbody><tr style=\"height: 13.2pt\"><td style=\"height: 13.2pt;width: 142pt\" width=\"189\" height=\"18\">Ant\u00f4nio Marcos de O. C\u00e2ndia<\/td><\/tr><tr style=\"height: 13.2pt\"><td style=\"height: 13.2pt\" height=\"18\">Cl\u00e1udio Rocha Lobato<\/td><\/tr><tr style=\"height: 13.2pt\"><td style=\"height: 13.2pt\" height=\"18\">Jo\u00e3o Carlos Damasceno Lima<\/td><\/tr><tr style=\"height: 13.2pt\"><td style=\"height: 13.2pt\" height=\"18\">Oni R. de A. O. Sichonamy<\/td><\/tr><tr style=\"height: 13.2pt\"><td style=\"height: 13.2pt\" height=\"18\">Rafael Port da Rocha<\/td><\/tr><\/tbody><\/table><p><b>Formados:<\/b><\/p><table style=\"width: 179pt\" border=\"0\" width=\"239\" cellspacing=\"0\" cellpadding=\"0\"><colgroup> <col style=\"width: 179pt\" width=\"239\" \/> <\/colgroup><tbody><tr style=\"height: 13.2pt\"><td style=\"height: 13.2pt;width: 179pt\" width=\"239\" height=\"18\">Alex Marin<\/td><\/tr><tr style=\"height: 13.2pt\"><td style=\"height: 13.2pt\" height=\"18\">Andr\u00e9 Luiz Brand\u00e3o<\/td><\/tr><tr style=\"height: 13.2pt\"><td style=\"height: 13.2pt\" height=\"18\">Ant\u00f4nio C. Schneider Beck Filho<\/td><\/tr><tr style=\"height: 13.2pt\"><td style=\"height: 13.2pt\" height=\"18\">Baltazar Fra\u00e7\u00e3o Schirmer<\/td><\/tr><tr style=\"height: 13.2pt\"><td style=\"height: 13.2pt\" height=\"18\">C\u00e1ssio da Pieva Ehlers<\/td><\/tr><tr style=\"height: 13.2pt\"><td style=\"height: 13.2pt\" height=\"18\">Daniela Saccol Peranconi<\/td><\/tr><tr style=\"height: 13.2pt\"><td style=\"height: 13.2pt\" height=\"18\">Elisane Medianeira Maraschin<\/td><\/tr><tr style=\"height: 13.2pt\"><td style=\"height: 13.2pt\" height=\"18\">Everaldo Trilha Camargo<\/td><\/tr><tr style=\"height: 13.2pt\"><td style=\"height: 13.2pt\" height=\"18\">Francielli Quatrin Piccinin<\/td><\/tr><tr style=\"height: 13.2pt\"><td style=\"height: 13.2pt\" height=\"18\">Jo\u00e3o Luis Prauchner<\/td><\/tr><tr style=\"height: 13.2pt\"><td style=\"height: 13.2pt\" height=\"18\">Louren\u00e7o Basso<\/td><\/tr><tr style=\"height: 13.2pt\"><td style=\"height: 13.2pt\" height=\"18\">Luiz Rodrigo Copetti<\/td><\/tr><tr style=\"height: 13.2pt\"><td style=\"height: 13.2pt\" height=\"18\">M\u00e1rcia Cristina Cera<\/td><\/tr><tr style=\"height: 13.2pt\"><td style=\"height: 13.2pt\" height=\"18\">Patr\u00edcia da Silva Barrero<\/td><\/tr><tr style=\"height: 13.2pt\"><td style=\"height: 13.2pt\" height=\"18\">Patr\u00edcia Eisman<\/td><\/tr><tr style=\"height: 13.2pt\"><td style=\"height: 13.2pt\" height=\"18\">Wagner Ourique de Morais<\/td><\/tr><\/tbody><\/table><\/div>\n\t\t\t\t<\/div>\n\t\t\t\t\t\t\t<div class=\"elementor-accordion-item\">\n\t\t\t\t\t<div id=\"elementor-tab-title-6829\" class=\"elementor-tab-title\" data-tab=\"9\" role=\"button\" aria-controls=\"elementor-tab-content-6829\" aria-expanded=\"false\">\n\t\t\t\t\t\t\t\t\t\t\t\t<a class=\"elementor-accordion-title\" tabindex=\"0\">IX Turma de Ci\u00eancia da Computa\u00e7\u00e3o (2003)<\/a>\n\t\t\t\t\t<\/div>\n\t\t\t\t\t<div id=\"elementor-tab-content-6829\" class=\"elementor-tab-content elementor-clearfix\" data-tab=\"9\" role=\"region\" aria-labelledby=\"elementor-tab-title-6829\"><p><b>Patrono:<\/b>\u00a0Benhur de Oliveira Stein<\/p><p><b>Paraninfo:\u00a0<\/b>Marcelo Pasin<\/p><p><b>Professores homenageados:<\/b><\/p><table style=\"width: 142pt\" border=\"0\" width=\"189\" cellspacing=\"0\" cellpadding=\"0\"><colgroup> <col style=\"width: 142pt\" width=\"189\" \/> <\/colgroup><tbody><tr style=\"height: 13.2pt\"><td style=\"height: 13.2pt;width: 142pt\" width=\"189\" height=\"18\">Felipe Martins M\u00fcller<\/td><\/tr><tr style=\"height: 13.2pt\"><td style=\"height: 13.2pt\" height=\"18\">Cl\u00e1udio Rocha Lobato<\/td><\/tr><tr style=\"height: 13.2pt\"><td style=\"height: 13.2pt\" height=\"18\">Jo\u00e3o Carlos Damasceno Lima<\/td><\/tr><tr style=\"height: 13.2pt\"><td style=\"height: 13.2pt\" height=\"18\">Rafael Port da Rocha<\/td><\/tr><tr style=\"height: 13.2pt\"><td style=\"height: 13.2pt\" height=\"18\">Marcos Cordeiro D&#8217;Ornellas<\/td><\/tr><tr style=\"height: 13.2pt\"><td style=\"height: 13.2pt\" height=\"18\">Nilza L. V. Zampieri<\/td><\/tr><\/tbody><\/table><p><b>Formados:<\/b><\/p><table style=\"width: 179pt\" border=\"0\" width=\"239\" cellspacing=\"0\" cellpadding=\"0\"><colgroup> <col style=\"width: 179pt\" width=\"239\" \/> <\/colgroup><tbody><tr style=\"height: 13.2pt\"><td style=\"height: 13.2pt;width: 179pt\" width=\"239\" height=\"18\">Daniel Ordob\u00e1s Bortol\u00e1s<\/td><\/tr><tr style=\"height: 13.2pt\"><td style=\"height: 13.2pt\" height=\"18\">F\u00e1bio Natanael Kepler<\/td><\/tr><tr style=\"height: 13.2pt\"><td style=\"height: 13.2pt\" height=\"18\">Fabr\u00edcio de Reuter Sperandio<\/td><\/tr><tr style=\"height: 13.2pt\"><td style=\"height: 13.2pt\" height=\"18\">Gabriela Jacques da Silva<\/td><\/tr><tr style=\"height: 13.2pt\"><td style=\"height: 13.2pt\" height=\"18\">H\u00e9lio Ant\u00f4nio Miranda da Silva<\/td><\/tr><tr style=\"height: 13.2pt\"><td style=\"height: 13.2pt\" height=\"18\">Joedilson Braga de Azevedo<\/td><\/tr><tr style=\"height: 13.2pt\"><td style=\"height: 13.2pt\" height=\"18\">Lucas Mello Schnorr<\/td><\/tr><tr style=\"height: 13.2pt\"><td style=\"height: 13.2pt\" height=\"18\">Maicon Guerra Bathaglini<\/td><\/tr><tr style=\"height: 13.2pt\"><td style=\"height: 13.2pt\" height=\"18\">Marcelo Edgar B\u00f6ck<\/td><\/tr><tr style=\"height: 13.2pt\"><td style=\"height: 13.2pt\" height=\"18\">Rafael da Rosa Righi<\/td><\/tr><tr style=\"height: 13.2pt\"><td style=\"height: 13.2pt\" height=\"18\">Rodrigo da Rosa Righi<\/td><\/tr><tr style=\"height: 13.2pt\"><td style=\"height: 13.2pt\" height=\"18\">Rodrigo Dellinghausen<\/td><\/tr><tr style=\"height: 13.2pt\"><td style=\"height: 13.2pt\" height=\"18\">Rudolfo de Bitencourt Pauli<\/td><\/tr><tr style=\"height: 13.2pt\"><td style=\"height: 13.2pt\" height=\"18\">Tiago Fiorezi<\/td><\/tr><\/tbody><\/table><\/div>\n\t\t\t\t<\/div>\n\t\t\t\t\t\t\t<div class=\"elementor-accordion-item\">\n\t\t\t\t\t<div id=\"elementor-tab-title-68210\" class=\"elementor-tab-title\" data-tab=\"10\" role=\"button\" aria-controls=\"elementor-tab-content-68210\" aria-expanded=\"false\">\n\t\t\t\t\t\t\t\t\t\t\t\t<a class=\"elementor-accordion-title\" tabindex=\"0\">X Turma de Ci\u00eancia da Computa\u00e7\u00e3o (2004\/1)<\/a>\n\t\t\t\t\t<\/div>\n\t\t\t\t\t<div id=\"elementor-tab-content-68210\" class=\"elementor-tab-content elementor-clearfix\" data-tab=\"10\" role=\"region\" aria-labelledby=\"elementor-tab-title-68210\"><p><b>Patrona:<\/b>\u00a0Oni R. de A. O. Sichonamy<\/p><p><b>Paraninfo:\u00a0<\/b>Felipe Martins M\u00fcller<\/p><p><b>Professores homenageados:<\/b><\/p><table style=\"width: 142pt\" border=\"0\" width=\"189\" cellspacing=\"0\" cellpadding=\"0\"><colgroup> <col style=\"width: 142pt\" width=\"189\" \/> <\/colgroup><tbody><tr style=\"height: 13.2pt\"><td style=\"height: 13.2pt;width: 142pt\" width=\"189\" height=\"18\">Benhur de Oliveira Stein<\/td><\/tr><tr style=\"height: 13.2pt\"><td style=\"height: 13.2pt\" height=\"18\">Ant\u00f4nio Marcos de O. C\u00e2ndia<\/td><\/tr><tr style=\"height: 13.2pt\"><td style=\"height: 13.2pt\" height=\"18\">Raul Ceretta Nunes<\/td><\/tr><tr style=\"height: 13.2pt\"><td style=\"height: 13.2pt\" height=\"18\">Rafael Port da Rocha<\/td><\/tr><\/tbody><\/table><p><b>Formados:<\/b><\/p><table style=\"width: 179pt\" border=\"0\" width=\"239\" cellspacing=\"0\" cellpadding=\"0\"><colgroup> <col style=\"width: 179pt\" width=\"239\" \/> <\/colgroup><tbody><tr style=\"height: 13.2pt\"><td style=\"height: 13.2pt;width: 179pt\" width=\"239\" height=\"18\">Adriana Farias de Medeiros<\/td><\/tr><tr style=\"height: 13.2pt\"><td style=\"height: 13.2pt\" height=\"18\">Anderson Nascimento Miranda<\/td><\/tr><tr style=\"height: 13.2pt\"><td style=\"height: 13.2pt\" height=\"18\">Donald Gramkow<\/td><\/tr><tr style=\"height: 13.2pt\"><td style=\"height: 13.2pt\" height=\"18\">Everton Hermann<\/td><\/tr><tr style=\"height: 13.2pt\"><td style=\"height: 13.2pt\" height=\"18\">Fabian Madeira Saldanha<\/td><\/tr><tr style=\"height: 13.2pt\"><td style=\"height: 13.2pt\" height=\"18\">Leonardo Alves Machado<\/td><\/tr><tr style=\"height: 13.2pt\"><td style=\"height: 13.2pt\" height=\"18\">Marcus Aurelius Cordenunsi Saldanha<\/td><\/tr><tr style=\"height: 13.2pt\"><td style=\"height: 13.2pt\" height=\"18\">Rafael Milbradt<\/td><\/tr><tr style=\"height: 13.2pt\"><td style=\"height: 13.2pt\" height=\"18\">William Righi<\/td><\/tr><\/tbody><\/table><\/div>\n\t\t\t\t<\/div>\n\t\t\t\t\t\t\t<div class=\"elementor-accordion-item\">\n\t\t\t\t\t<div id=\"elementor-tab-title-68211\" class=\"elementor-tab-title\" data-tab=\"11\" role=\"button\" aria-controls=\"elementor-tab-content-68211\" aria-expanded=\"false\">\n\t\t\t\t\t\t\t\t\t\t\t\t<a class=\"elementor-accordion-title\" tabindex=\"0\">XI Turma de Ci\u00eancia da Computa\u00e7\u00e3o (2004\/2)<\/a>\n\t\t\t\t\t<\/div>\n\t\t\t\t\t<div id=\"elementor-tab-content-68211\" class=\"elementor-tab-content elementor-clearfix\" data-tab=\"11\" role=\"region\" aria-labelledby=\"elementor-tab-title-68211\"><p><b>Patrono:<\/b>\u00a0Felipe Martins M\u00fcller<\/p><p><b>Paraninfo:\u00a0<\/b>Marcelo Pasin<\/p><p><b>Professores homenageados:\u00a0<\/b><\/p><table style=\"width: 142pt\" border=\"0\" width=\"189\" cellspacing=\"0\" cellpadding=\"0\"><colgroup> <col style=\"width: 142pt\" width=\"189\" \/> <\/colgroup><tbody><tr style=\"height: 13.2pt\"><td style=\"height: 13.2pt;width: 142pt\" width=\"189\" height=\"18\">Benhur de Oliveira Stein<\/td><\/tr><tr style=\"height: 13.2pt\"><td style=\"height: 13.2pt\" height=\"18\">Jo\u00e3o Carlos Damasceno Lima<\/td><\/tr><tr style=\"height: 13.2pt\"><td style=\"height: 13.2pt\" height=\"18\">Raul Ceretta Nunes<\/td><\/tr><tr style=\"height: 13.2pt\"><td style=\"height: 13.2pt\" height=\"18\">Oni R. de A. O. Sichonamy<\/td><\/tr><tr style=\"height: 13.2pt\"><td style=\"height: 13.2pt\" height=\"18\">Iara Augustin<\/td><\/tr><tr style=\"height: 13.2pt\"><td style=\"height: 13.2pt\" height=\"18\">Marcos Cordeiro D&#8217;Ornellas<\/td><\/tr><\/tbody><\/table><p><b>Formados:<\/b><\/p><table style=\"width: 179pt\" border=\"0\" width=\"239\" cellspacing=\"0\" cellpadding=\"0\"><colgroup> <col style=\"width: 179pt\" width=\"239\" \/> <\/colgroup><tbody><tr style=\"height: 13.2pt\"><td style=\"height: 13.2pt;width: 179pt\" width=\"239\" height=\"18\">Augusto Ordob\u00e1s Bortol\u00e1s<\/td><\/tr><tr style=\"height: 13.2pt\"><td style=\"height: 13.2pt\" height=\"18\">Cl\u00e1udio Schepke<\/td><\/tr><tr style=\"height: 13.2pt\"><td style=\"height: 13.2pt\" height=\"18\">Eduardo Lima de Oliveira<\/td><\/tr><tr style=\"height: 13.2pt\"><td style=\"height: 13.2pt\" height=\"18\">Eliseu Celestino Schopf<\/td><\/tr><tr style=\"height: 13.2pt\"><td style=\"height: 13.2pt\" height=\"18\">Gabrielle Dias Freitas<\/td><\/tr><tr style=\"height: 13.2pt\"><td style=\"height: 13.2pt\" height=\"18\">Grasiela Peccini<\/td><\/tr><tr style=\"height: 13.2pt\"><td style=\"height: 13.2pt\" height=\"18\">Luzandro Candido Tietbohl<\/td><\/tr><tr style=\"height: 13.2pt\"><td style=\"height: 13.2pt\" height=\"18\">Marcos V. Bittencourt de Souza<\/td><\/tr><tr style=\"height: 13.2pt\"><td style=\"height: 13.2pt\" height=\"18\">Marcus Lucas da Silva<\/td><\/tr><tr style=\"height: 13.2pt\"><td style=\"height: 13.2pt\" height=\"18\">M\u00f4nica Marcuzzo<\/td><\/tr><tr style=\"height: 13.2pt\"><td style=\"height: 13.2pt\" height=\"18\">Pablo Furlan da Silva<\/td><\/tr><tr style=\"height: 13.2pt\"><td style=\"height: 13.2pt\" height=\"18\">Rosana Perazzolo Disconzi<\/td><\/tr><\/tbody><\/table><\/div>\n\t\t\t\t<\/div>\n\t\t\t\t\t\t\t<div class=\"elementor-accordion-item\">\n\t\t\t\t\t<div id=\"elementor-tab-title-68212\" class=\"elementor-tab-title\" data-tab=\"12\" role=\"button\" aria-controls=\"elementor-tab-content-68212\" aria-expanded=\"false\">\n\t\t\t\t\t\t\t\t\t\t\t\t<a class=\"elementor-accordion-title\" tabindex=\"0\">XII Turma de Ci\u00eancia da Computa\u00e7\u00e3o (2005)<\/a>\n\t\t\t\t\t<\/div>\n\t\t\t\t\t<div id=\"elementor-tab-content-68212\" class=\"elementor-tab-content elementor-clearfix\" data-tab=\"12\" role=\"region\" aria-labelledby=\"elementor-tab-title-68212\"><p><b>Patrono:<\/b>\u00a0Benhur de Oliveira Stein<\/p><p><b>Paraninfo:<\/b>\u00a0Jo\u00e3o Carlos Damasceno Lima<\/p><p><b>Professores homenageados:<\/b><\/p><table style=\"width: 142pt\" border=\"0\" width=\"189\" cellspacing=\"0\" cellpadding=\"0\"><colgroup> <col style=\"width: 142pt\" width=\"189\" \/> <\/colgroup><tbody><tr style=\"height: 13.2pt\"><td style=\"height: 13.2pt;width: 142pt\" width=\"189\" height=\"18\">Felipe Martins M\u00fcller<\/td><\/tr><tr style=\"height: 13.2pt\"><td style=\"height: 13.2pt\" height=\"18\">Raul Ceretta Nunes<\/td><\/tr><tr style=\"height: 13.2pt\"><td style=\"height: 13.2pt\" height=\"18\">Andr\u00e9a S. Char\u00e3o<\/td><\/tr><tr style=\"height: 13.2pt\"><td style=\"height: 13.2pt\" height=\"18\">Ant\u00f4nio Marcos de O. C\u00e2ndia<\/td><\/tr><tr style=\"height: 13.2pt\"><td style=\"height: 13.2pt\" height=\"18\">Iara Augustin<\/td><\/tr><tr style=\"height: 13.2pt\"><td style=\"height: 13.2pt\" height=\"18\">Marcelo Pasin<\/td><\/tr><\/tbody><\/table><p><b>Formados:<\/b><\/p><table style=\"width: 179pt\" border=\"0\" width=\"239\" cellspacing=\"0\" cellpadding=\"0\"><colgroup> <col style=\"width: 179pt\" width=\"239\" \/> <\/colgroup><tbody><tr style=\"height: 13.2pt\"><td style=\"height: 13.2pt;width: 179pt\" width=\"239\" height=\"18\">Cesar Augusto Guerra de Souza<\/td><\/tr><tr style=\"height: 13.2pt\"><td style=\"height: 13.2pt\" height=\"18\">Crist\u00f3v\u00e3o do Nascimento Wrasse<\/td><\/tr><tr style=\"height: 13.2pt\"><td style=\"height: 13.2pt\" height=\"18\">Daniel Biasoli<\/td><\/tr><tr style=\"height: 13.2pt\"><td style=\"height: 13.2pt\" height=\"18\">Edmar Pessoa Ara\u00fajo Neto<\/td><\/tr><tr style=\"height: 13.2pt\"><td style=\"height: 13.2pt\" height=\"18\">Elton Nicoletti Mathias<\/td><\/tr><tr style=\"height: 13.2pt\"><td style=\"height: 13.2pt\" height=\"18\">Geovani Ricardo Wiedenhoft<\/td><\/tr><tr style=\"height: 13.2pt\"><td style=\"height: 13.2pt\" height=\"18\">Henrique Vicentini<\/td><\/tr><tr style=\"height: 13.2pt\"><td style=\"height: 13.2pt\" height=\"18\">Juliano Foletto Reckziegel<\/td><\/tr><tr style=\"height: 13.2pt\"><td style=\"height: 13.2pt\" height=\"18\">Marcelo Veiga Neves<\/td><\/tr><tr style=\"height: 13.2pt\"><td style=\"height: 13.2pt\" height=\"18\">Mateus Beck Rutzig<\/td><\/tr><tr style=\"height: 13.2pt\"><td style=\"height: 13.2pt\" height=\"18\">Rafael Kempfer<\/td><\/tr><tr style=\"height: 13.2pt\"><td style=\"height: 13.2pt\" height=\"18\">Rafael Pereira Pires<\/td><\/tr><tr style=\"height: 13.2pt\"><td style=\"height: 13.2pt\" height=\"18\">Ricardo Miotto Redin<\/td><\/tr><tr style=\"height: 13.2pt\"><td style=\"height: 13.2pt\" height=\"18\">Rubens Cesar Belusso<\/td><\/tr><\/tbody><\/table><\/div>\n\t\t\t\t<\/div>\n\t\t\t\t\t\t\t<div class=\"elementor-accordion-item\">\n\t\t\t\t\t<div id=\"elementor-tab-title-68213\" class=\"elementor-tab-title\" data-tab=\"13\" role=\"button\" aria-controls=\"elementor-tab-content-68213\" aria-expanded=\"false\">\n\t\t\t\t\t\t\t\t\t\t\t\t<a class=\"elementor-accordion-title\" tabindex=\"0\">XIII Turma de Ci\u00eancia da Computa\u00e7\u00e3o (2006)<\/a>\n\t\t\t\t\t<\/div>\n\t\t\t\t\t<div id=\"elementor-tab-content-68213\" class=\"elementor-tab-content elementor-clearfix\" data-tab=\"13\" role=\"region\" aria-labelledby=\"elementor-tab-title-68213\"><p><b>Patrono:\u00a0<\/b>Benhur de Oliveira Stein<\/p><p><b>Paraninfa:\u00a0<\/b>Iara Augustin<\/p><p><b>Professores homenageados:<\/b><\/p><table style=\"width: 142pt\" border=\"0\" width=\"189\" cellspacing=\"0\" cellpadding=\"0\"><colgroup> <col style=\"width: 142pt\" width=\"189\" \/> <\/colgroup><tbody><tr style=\"height: 13.2pt\"><td style=\"height: 13.2pt;width: 142pt\" width=\"189\" height=\"18\">Jo\u00e3o Carlos Damasceno Lima<\/td><\/tr><tr style=\"height: 13.2pt\"><td style=\"height: 13.2pt\" height=\"18\">Raul Ceretta Nunes<\/td><\/tr><tr style=\"height: 13.2pt\"><td style=\"height: 13.2pt\" height=\"18\">Andr\u00e9a S. Char\u00e3o<\/td><\/tr><tr style=\"height: 13.2pt\"><td style=\"height: 13.2pt\" height=\"18\">Marcelo Pasin<\/td><\/tr><\/tbody><\/table><p><b>Formados:<\/b><\/p><table style=\"width: 179pt\" border=\"0\" width=\"239\" cellspacing=\"0\" cellpadding=\"0\"><colgroup> <col style=\"width: 179pt\" width=\"239\" \/> <\/colgroup><tbody><tr style=\"height: 13.2pt\"><td style=\"height: 13.2pt;width: 179pt\" width=\"239\" height=\"18\">Afonso R. de F. Martins Filho<\/td><\/tr><tr style=\"height: 13.2pt\"><td style=\"height: 13.2pt\" height=\"18\">Cleiton Cechin<\/td><\/tr><tr style=\"height: 13.2pt\"><td style=\"height: 13.2pt\" height=\"18\">Diego Rinas Adiers<\/td><\/tr><tr style=\"height: 13.2pt\"><td style=\"height: 13.2pt\" height=\"18\">Eduardo Maikel M\u00fcller<\/td><\/tr><tr style=\"height: 13.2pt\"><td style=\"height: 13.2pt\" height=\"18\">F\u00e1bio Lorenzi da Silva<\/td><\/tr><tr style=\"height: 13.2pt\"><td style=\"height: 13.2pt\" height=\"18\">Fernando Bevilacqua<\/td><\/tr><tr style=\"height: 13.2pt\"><td style=\"height: 13.2pt\" height=\"18\">Giovani Gracioli<\/td><\/tr><tr style=\"height: 13.2pt\"><td style=\"height: 13.2pt\" height=\"18\">Giuliano Geraldo L. Ferreira<\/td><\/tr><tr style=\"height: 13.2pt\"><td style=\"height: 13.2pt\" height=\"18\">Guilherme Pi\u00eagas Koslovski<\/td><\/tr><tr style=\"height: 13.2pt\"><td style=\"height: 13.2pt\" height=\"18\">Jeferson Ornelas Wendt<\/td><\/tr><tr style=\"height: 13.2pt\"><td style=\"height: 13.2pt\" height=\"18\">Jo\u00e3o Vicente Ferreira Lima<\/td><\/tr><tr style=\"height: 13.2pt\"><td style=\"height: 13.2pt\" height=\"18\">Leandro de Almeida Rodrigues<\/td><\/tr><tr style=\"height: 13.2pt\"><td style=\"height: 13.2pt\" height=\"18\">Leandro Isa\u00edas Lucca<\/td><\/tr><tr style=\"height: 13.2pt\"><td style=\"height: 13.2pt\" height=\"18\">Leando Sacchet<\/td><\/tr><tr style=\"height: 13.2pt\"><td style=\"height: 13.2pt\" height=\"18\">Leonardo Crauss Daronco<\/td><\/tr><tr style=\"height: 13.2pt\"><td style=\"height: 13.2pt\" height=\"18\">Rafael Keller Tesser<\/td><\/tr><tr style=\"height: 13.2pt\"><td style=\"height: 13.2pt\" height=\"18\">Ricardo Donato Iop<\/td><\/tr><tr style=\"height: 13.2pt\"><td style=\"height: 13.2pt\" height=\"18\">Tiago Ant\u00f4nio Rizzeti<\/td><\/tr><tr style=\"height: 13.2pt\"><td style=\"height: 13.2pt\" height=\"18\">Tiago Scheid<\/td><\/tr><\/tbody><\/table><\/div>\n\t\t\t\t<\/div>\n\t\t\t\t\t\t\t<div class=\"elementor-accordion-item\">\n\t\t\t\t\t<div id=\"elementor-tab-title-68214\" class=\"elementor-tab-title\" data-tab=\"14\" role=\"button\" aria-controls=\"elementor-tab-content-68214\" aria-expanded=\"false\">\n\t\t\t\t\t\t\t\t\t\t\t\t<a class=\"elementor-accordion-title\" tabindex=\"0\">XIV Turma de Ci\u00eancia da Computa\u00e7\u00e3o (2008\/1)<\/a>\n\t\t\t\t\t<\/div>\n\t\t\t\t\t<div id=\"elementor-tab-content-68214\" class=\"elementor-tab-content elementor-clearfix\" data-tab=\"14\" role=\"region\" aria-labelledby=\"elementor-tab-title-68214\"><p><b>Patrono:<\/b>\u00a0Jo\u00e3o Carlos Damasceno Lima<\/p><p><b>Paraninfa:<\/b>\u00a0\u00a0Andr\u00e9a S. Char\u00e3o<\/p><p><b>Professores homenageados:<\/b><\/p><table style=\"width: 142pt\" border=\"0\" width=\"189\" cellspacing=\"0\" cellpadding=\"0\"><colgroup> <col style=\"width: 142pt\" width=\"189\" \/> <\/colgroup><tbody><tr style=\"height: 13.2pt\"><td style=\"height: 13.2pt;width: 142pt\" width=\"189\" height=\"18\">Benhur de Oliveira Stein<\/td><\/tr><tr style=\"height: 13.2pt\"><td style=\"height: 13.2pt\" height=\"18\">Raul Ceretta Nunes<\/td><\/tr><tr style=\"height: 13.2pt\"><td style=\"height: 13.2pt\" height=\"18\">Marcelo Pasin<\/td><\/tr><tr style=\"height: 13.2pt\"><td style=\"height: 13.2pt\" height=\"18\">Ant\u00f4nio Marcos de O. C\u00e2ndia<\/td><\/tr><tr style=\"height: 13.2pt\"><td style=\"height: 13.2pt\" height=\"18\">Iara Augustin<\/td><\/tr><\/tbody><\/table><p><b>\u00a0<\/b><\/p><p><b>Formados:<\/b><\/p><table style=\"width: 179pt\" border=\"0\" width=\"239\" cellspacing=\"0\" cellpadding=\"0\"><colgroup> <col style=\"width: 179pt\" width=\"239\" \/> <\/colgroup><tbody><tr style=\"height: 13.2pt\"><td style=\"height: 13.2pt;width: 179pt\" width=\"239\" height=\"18\">Augusto Reinoldo Friedrich<\/td><\/tr><tr style=\"height: 13.2pt\"><td style=\"height: 13.2pt\" height=\"18\">Caroline Fighera Vicentini<\/td><\/tr><tr style=\"height: 13.2pt\"><td style=\"height: 13.2pt\" height=\"18\">C\u00e1ssio Forgiarini Martins<\/td><\/tr><tr style=\"height: 13.2pt\"><td style=\"height: 13.2pt\" height=\"18\">Cristiano Cortez da Rocha<\/td><\/tr><tr style=\"height: 13.2pt\"><td style=\"height: 13.2pt\" height=\"18\">Daniel Michelon de Carli<\/td><\/tr><tr style=\"height: 13.2pt\"><td style=\"height: 13.2pt\" height=\"18\">Diego Mostardeiro Friedrich<\/td><\/tr><tr style=\"height: 13.2pt\"><td style=\"height: 13.2pt\" height=\"18\">Diego Silva dos Santos<\/td><\/tr><tr style=\"height: 13.2pt\"><td style=\"height: 13.2pt\" height=\"18\">Douglas Machado Monteiro<\/td><\/tr><tr style=\"height: 13.2pt\"><td style=\"height: 13.2pt\" height=\"18\">Eduardo Spolaor Mazzanti<\/td><\/tr><tr style=\"height: 13.2pt\"><td style=\"height: 13.2pt\" height=\"18\">Guilherme Linck<\/td><\/tr><tr style=\"height: 13.2pt\"><td style=\"height: 13.2pt\" height=\"18\">Jean Carlo Albiero Berni<\/td><\/tr><tr style=\"height: 13.2pt\"><td style=\"height: 13.2pt\" height=\"18\">Leandro Ramos de Oliveira<\/td><\/tr><tr style=\"height: 13.2pt\"><td style=\"height: 13.2pt\" height=\"18\">Liane Santiago Cafarate<\/td><\/tr><tr style=\"height: 13.2pt\"><td style=\"height: 13.2pt\" height=\"18\">M\u00e1rcio Pariese Boufleur<\/td><\/tr><tr style=\"height: 13.2pt\"><td style=\"height: 13.2pt\" height=\"18\">Mar\u00edlia Guterres Ferreira<\/td><\/tr><tr style=\"height: 13.2pt\"><td style=\"height: 13.2pt\" height=\"18\">Matheus Anversa Viera<\/td><\/tr><tr style=\"height: 13.2pt\"><td style=\"height: 13.2pt\" height=\"18\">Miguel Angelo Baggio<\/td><\/tr><tr style=\"height: 13.2pt\"><td style=\"height: 13.2pt\" height=\"18\">Patrick Pivotto Viera<\/td><\/tr><tr style=\"height: 13.2pt\"><td style=\"height: 13.2pt\" height=\"18\">Roben Castagna Lunardi<\/td><\/tr><tr style=\"height: 13.2pt\"><td style=\"height: 13.2pt\" height=\"18\">Rodolfo Leffa de Oliveira<\/td><\/tr><tr style=\"height: 13.2pt\"><td style=\"height: 13.2pt\" height=\"18\">Rodrigo Dewes<\/td><\/tr><tr style=\"height: 13.2pt\"><td style=\"height: 13.2pt\" height=\"18\">Ronaldo Canofre Mariano dos<br \/>Santos<\/td><\/tr><tr style=\"height: 13.2pt\"><td style=\"height: 13.2pt\" height=\"18\">Tiago de Albuquerque Reis<\/td><\/tr><tr style=\"height: 13.2pt\"><td style=\"height: 13.2pt\" height=\"18\">Valdir Stumm Junior<\/td><\/tr><\/tbody><\/table><\/div>\n\t\t\t\t<\/div>\n\t\t\t\t\t\t\t<div class=\"elementor-accordion-item\">\n\t\t\t\t\t<div id=\"elementor-tab-title-68215\" class=\"elementor-tab-title\" data-tab=\"15\" role=\"button\" aria-controls=\"elementor-tab-content-68215\" aria-expanded=\"false\">\n\t\t\t\t\t\t\t\t\t\t\t\t<a class=\"elementor-accordion-title\" tabindex=\"0\">XV Turma de Ci\u00eancia da Computa\u00e7\u00e3o (2008\/2)<\/a>\n\t\t\t\t\t<\/div>\n\t\t\t\t\t<div id=\"elementor-tab-content-68215\" class=\"elementor-tab-content elementor-clearfix\" data-tab=\"15\" role=\"region\" aria-labelledby=\"elementor-tab-title-68215\"><p><b>Patrona:<\/b>\u00a0Andr\u00e9a S. Char\u00e3o<\/p><p><b>Paraninfo:\u00a0<\/b>Cesar Tadeu Pozzer<\/p><p><b>Professores homenageados:<\/b><\/p><table style=\"width: 142pt\" border=\"0\" width=\"189\" cellspacing=\"0\" cellpadding=\"0\"><colgroup> <col style=\"width: 142pt\" width=\"189\" \/> <\/colgroup><tbody><tr style=\"height: 13.2pt\"><td style=\"height: 13.2pt;width: 142pt\" width=\"189\" height=\"18\">Benhur de Oliveira Stein<\/td><\/tr><tr style=\"height: 13.2pt\"><td style=\"height: 13.2pt\" height=\"18\">Raul Ceretta Nunes<\/td><\/tr><tr style=\"height: 13.2pt\"><td style=\"height: 13.2pt\" height=\"18\">Jo\u00e3o Carlos Damasceno Lima<\/td><\/tr><tr style=\"height: 13.2pt\"><td style=\"height: 13.2pt\" height=\"18\">Oni R. de A. O. Sichonamy<\/td><\/tr><tr style=\"height: 13.2pt\"><td style=\"height: 13.2pt\" height=\"18\">Ant\u00f4nio Marcos de O. C\u00e2ndia<\/td><\/tr><\/tbody><\/table><p><b>Formados:<\/b><\/p><table style=\"width: 179pt\" border=\"0\" width=\"239\" cellspacing=\"0\" cellpadding=\"0\"><colgroup> <col style=\"width: 179pt\" width=\"239\" \/> <\/colgroup><tbody><tr style=\"height: 13.2pt\"><td style=\"height: 13.2pt;width: 179pt\" width=\"239\" height=\"18\">Alexander F. do Rego<\/td><\/tr><tr style=\"height: 13.2pt\"><td style=\"height: 13.2pt\" height=\"18\">Alexandro Klein dos Santos<\/td><\/tr><tr style=\"height: 13.2pt\"><td style=\"height: 13.2pt\" height=\"18\">Bruno de Carvalho de Christo<\/td><\/tr><tr style=\"height: 13.2pt\"><td style=\"height: 13.2pt\" height=\"18\">Bruno Lopes Dalmazo<\/td><\/tr><tr style=\"height: 13.2pt\"><td style=\"height: 13.2pt\" height=\"18\">Fabr\u00edcio Coradini Piovesan<\/td><\/tr><tr style=\"height: 13.2pt\"><td style=\"height: 13.2pt\" height=\"18\">Francisco H. L\u00fcder Ripoli<\/td><\/tr><tr style=\"height: 13.2pt\"><td style=\"height: 13.2pt\" height=\"18\">Guilherme Lorenzoni Algarve<\/td><\/tr><tr style=\"height: 13.2pt\"><td style=\"height: 13.2pt\" height=\"18\">Ivan Alexandre Paiz Tierno<\/td><\/tr><tr style=\"height: 13.2pt\"><td style=\"height: 13.2pt\" height=\"18\">Jo\u00e3o Ant\u00f4nio Fogliatto<\/td><\/tr><tr style=\"height: 13.2pt\"><td style=\"height: 13.2pt\" height=\"18\">Juliano da Costa<\/td><\/tr><tr style=\"height: 13.2pt\"><td style=\"height: 13.2pt\" height=\"18\">Suzana Amaral Sabgoi<\/td><\/tr><\/tbody><\/table><\/div>\n\t\t\t\t<\/div>\n\t\t\t\t\t\t\t<div class=\"elementor-accordion-item\">\n\t\t\t\t\t<div id=\"elementor-tab-title-68216\" class=\"elementor-tab-title\" data-tab=\"16\" role=\"button\" aria-controls=\"elementor-tab-content-68216\" aria-expanded=\"false\">\n\t\t\t\t\t\t\t\t\t\t\t\t<a class=\"elementor-accordion-title\" tabindex=\"0\">XVI Turma de Ci\u00eancia da Computa\u00e7\u00e3o (2009)<\/a>\n\t\t\t\t\t<\/div>\n\t\t\t\t\t<div id=\"elementor-tab-content-68216\" class=\"elementor-tab-content elementor-clearfix\" data-tab=\"16\" role=\"region\" aria-labelledby=\"elementor-tab-title-68216\"><p><b>Patrono:<\/b>\u00a0Benhur de Oliveira Stein<\/p><p><b>Paraninfo:<\/b>\u00a0Cesar Tadeu Pozzer<\/p><p><b>Professores homenageados:<\/b><\/p><table style=\"width: 142pt\" border=\"0\" width=\"189\" cellspacing=\"0\" cellpadding=\"0\"><colgroup> <col style=\"width: 142pt\" width=\"189\" \/> <\/colgroup><tbody><tr style=\"height: 13.2pt\"><td style=\"height: 13.2pt;width: 142pt\" width=\"189\" height=\"18\">Andr\u00e9a S. Char\u00e3o<\/td><\/tr><tr style=\"height: 13.2pt\"><td style=\"height: 13.2pt\" height=\"18\">Raul Ceretta Nunes<\/td><\/tr><tr style=\"height: 13.2pt\"><td style=\"height: 13.2pt\" height=\"18\">Jo\u00e3o Carlos Damasceno Lima<\/td><\/tr><tr style=\"height: 13.2pt\"><td style=\"height: 13.2pt\" height=\"18\">Iara Augustin<\/td><\/tr><tr style=\"height: 13.2pt\"><td style=\"height: 13.2pt\" height=\"18\">Ant\u00f4nio Marcos de O. C\u00e2ndia<\/td><\/tr><\/tbody><\/table><p><b>Formados:<\/b><\/p><table style=\"width: 179pt\" border=\"0\" width=\"239\" cellspacing=\"0\" cellpadding=\"0\"><colgroup> <col style=\"width: 179pt\" width=\"239\" \/> <\/colgroup><tbody><tr style=\"height: 13.2pt\"><td class=\"xl65\" style=\"height: 13.2pt;width: 179pt\" width=\"239\" height=\"18\">Adler Hoff Schmidt<\/td><\/tr><tr style=\"height: 13.2pt\"><td class=\"xl65\" style=\"height: 13.2pt\" height=\"18\">Bruno Gallina Apel<\/td><\/tr><tr style=\"height: 13.2pt\"><td class=\"xl65\" style=\"height: 13.2pt\" height=\"18\">Carlos R. R\u00f6hrig da Costa<\/td><\/tr><tr style=\"height: 13.2pt\"><td class=\"xl65\" style=\"height: 13.2pt\" height=\"18\">Cristiano Albiero Berni<\/td><\/tr><tr style=\"height: 13.2pt\"><td class=\"xl65\" style=\"height: 13.2pt\" height=\"18\">Eduardo Ceretta Dalla Favera<\/td><\/tr><tr style=\"height: 13.2pt\"><td class=\"xl65\" style=\"height: 13.2pt\" height=\"18\">Gustavo Foletto Mora<\/td><\/tr><tr style=\"height: 13.2pt\"><td class=\"xl65\" style=\"height: 13.2pt\" height=\"18\">Gustavo Risseti<\/td><\/tr><tr style=\"height: 13.2pt\"><td class=\"xl65\" style=\"height: 13.2pt\" height=\"18\">Henrique Moraes Ramos<\/td><\/tr><tr style=\"height: 13.2pt\"><td class=\"xl65\" style=\"height: 13.2pt\" height=\"18\">Jess\u00e9 Moura da Silva<\/td><\/tr><tr style=\"height: 13.2pt\"><td class=\"xl65\" style=\"height: 13.2pt\" height=\"18\">J\u00f4nathan Luiz da Silveira Alves<\/td><\/tr><tr style=\"height: 13.2pt\"><td class=\"xl65\" style=\"height: 13.2pt\" height=\"18\">Leandro Hernandes M\u00e2nica<\/td><\/tr><tr style=\"height: 13.2pt\"><td class=\"xl65\" style=\"height: 13.2pt\" height=\"18\">Rodrigo Dias Flores<\/td><\/tr><tr style=\"height: 13.2pt\"><td class=\"xl65\" style=\"height: 13.2pt\" height=\"18\">Rodrigo Exterck\u00f6tter Tj\u00e4der<\/td><\/tr><tr style=\"height: 13.2pt\"><td class=\"xl65\" style=\"height: 13.2pt\" height=\"18\">Vinicius Costa Azevedo<\/td><\/tr><tr style=\"height: 13.2pt\"><td class=\"xl65\" style=\"height: 13.2pt\" height=\"18\">Vinicius Vielmo Cogo<\/td><\/tr><tr style=\"height: 13.2pt\"><td class=\"xl65\" style=\"height: 13.2pt\" height=\"18\">Vitor Conrado Farias Gomes<\/td><\/tr><\/tbody><\/table><\/div>\n\t\t\t\t<\/div>\n\t\t\t\t\t\t\t<div class=\"elementor-accordion-item\">\n\t\t\t\t\t<div id=\"elementor-tab-title-68217\" class=\"elementor-tab-title\" data-tab=\"17\" role=\"button\" aria-controls=\"elementor-tab-content-68217\" aria-expanded=\"false\">\n\t\t\t\t\t\t\t\t\t\t\t\t<a class=\"elementor-accordion-title\" tabindex=\"0\">XVII Turma de Ci\u00eancia da Computa\u00e7\u00e3o (2010)<\/a>\n\t\t\t\t\t<\/div>\n\t\t\t\t\t<div id=\"elementor-tab-content-68217\" class=\"elementor-tab-content elementor-clearfix\" data-tab=\"17\" role=\"region\" aria-labelledby=\"elementor-tab-title-68217\"><p><b>Patrono:\u00a0<\/b>Benhur de Oliveira Stein<\/p><p><b>Paraninfa:\u00a0<\/b>Andr\u00e9a S. Char\u00e3o<\/p><p><b>Professores homenageados:<\/b><\/p><table style=\"width: 142pt\" border=\"0\" width=\"189\" cellspacing=\"0\" cellpadding=\"0\"><colgroup> <col style=\"width: 142pt\" width=\"189\" \/> <\/colgroup><tbody><tr style=\"height: 13.2pt\"><td style=\"height: 13.2pt;width: 142pt\" width=\"189\" height=\"18\">Cesar Tadeu Pozzer<\/td><\/tr><tr style=\"height: 13.2pt\"><td style=\"height: 13.2pt\" height=\"18\">Raul Ceretta Nunes<\/td><\/tr><tr style=\"height: 13.2pt\"><td style=\"height: 13.2pt\" height=\"18\">Jo\u00e3o Carlos Damasceno Lima<\/td><\/tr><tr style=\"height: 13.2pt\"><td style=\"height: 13.2pt\" height=\"18\">Iara Augustin<\/td><\/tr><tr style=\"height: 13.2pt\"><td style=\"height: 13.2pt\" height=\"18\">Marcia Pasin<\/td><\/tr><\/tbody><\/table><p><b>Formados:<\/b><\/p><table style=\"width: 179pt\" border=\"0\" width=\"239\" cellspacing=\"0\" cellpadding=\"0\"><colgroup> <col style=\"width: 179pt\" width=\"239\" \/> <\/colgroup><tbody><tr style=\"height: 13.2pt\"><td style=\"height: 13.2pt;width: 179pt\" width=\"239\" height=\"18\">Adriano Pereira<\/td><\/tr><tr style=\"height: 13.2pt\"><td style=\"height: 13.2pt\" height=\"18\">Andr\u00e9 Lucio Hahn<\/td><\/tr><tr style=\"height: 13.2pt\"><td style=\"height: 13.2pt\" height=\"18\">\u00c1rton Pereira Dorneles<\/td><\/tr><tr style=\"height: 13.2pt\"><td style=\"height: 13.2pt\" height=\"18\">Bruno Crestani Calegaro<\/td><\/tr><tr style=\"height: 13.2pt\"><td style=\"height: 13.2pt\" height=\"18\">Celito Muck Felipetto<\/td><\/tr><tr style=\"height: 13.2pt\"><td style=\"height: 13.2pt\" height=\"18\">F\u00e1bio Weber Albiero<\/td><\/tr><tr style=\"height: 13.2pt\"><td style=\"height: 13.2pt\" height=\"18\">Gustavo Pereira Guerra<\/td><\/tr><tr style=\"height: 13.2pt\"><td style=\"height: 13.2pt\" height=\"18\">Jorge Luiz Titoneli Pinto Filho<\/td><\/tr><tr style=\"height: 13.2pt\"><td style=\"height: 13.2pt\" height=\"18\">Larissa Rodrigues Lautert<\/td><\/tr><tr style=\"height: 13.2pt\"><td style=\"height: 13.2pt\" height=\"18\">Lucas Antunes Tambara<\/td><\/tr><tr style=\"height: 13.2pt\"><td style=\"height: 13.2pt\" height=\"18\">Luciano Palmeiro Minuzzi<\/td><\/tr><tr style=\"height: 13.2pt\"><td style=\"height: 13.2pt\" height=\"18\">Tobias de Campos Andrade<\/td><\/tr><tr style=\"height: 13.2pt\"><td style=\"height: 13.2pt\" height=\"18\">Vitor Chitolina Schetinger<\/td><\/tr><tr style=\"height: 13.2pt\"><td style=\"height: 13.2pt\" height=\"18\">Vin\u00edcius Garcia Pinto<\/td><\/tr><tr style=\"height: 13.2pt\"><td style=\"height: 13.2pt\" height=\"18\">Vin\u00edcius Michel Gottin<\/td><\/tr><tr style=\"height: 13.2pt\"><td style=\"height: 13.2pt\" height=\"18\">William do Nascimento Guareschi<\/td><\/tr><\/tbody><\/table><\/div>\n\t\t\t\t<\/div>\n\t\t\t\t\t\t\t<div class=\"elementor-accordion-item\">\n\t\t\t\t\t<div id=\"elementor-tab-title-68218\" class=\"elementor-tab-title\" data-tab=\"18\" role=\"button\" aria-controls=\"elementor-tab-content-68218\" aria-expanded=\"false\">\n\t\t\t\t\t\t\t\t\t\t\t\t<a class=\"elementor-accordion-title\" tabindex=\"0\">XVIII Turma de Ci\u00eancia da Computa\u00e7\u00e3o (2011)<\/a>\n\t\t\t\t\t<\/div>\n\t\t\t\t\t<div id=\"elementor-tab-content-68218\" class=\"elementor-tab-content elementor-clearfix\" data-tab=\"18\" role=\"region\" aria-labelledby=\"elementor-tab-title-68218\"><p><b>Patrono:\u00a0<\/b>Benhur de Oliveira Stein<\/p><p><b>Paraninfo:\u00a0<\/b>Cesar Tadeu Pozzer<\/p><p><b>Professores homenageados:<\/b><\/p><table style=\"width: 142pt\" border=\"0\" width=\"189\" cellspacing=\"0\" cellpadding=\"0\"><colgroup> <col style=\"width: 142pt\" width=\"189\" \/> <\/colgroup><tbody><tr style=\"height: 13.2pt\"><td style=\"height: 13.2pt;width: 142pt\" width=\"189\" height=\"18\">Marcelo Yutaka Noguti<\/td><\/tr><tr style=\"height: 13.2pt\"><td style=\"height: 13.2pt\" height=\"18\">Juliana Kaizer Vizzotto<\/td><\/tr><tr style=\"height: 13.2pt\"><td style=\"height: 13.2pt\" height=\"18\">Lisandra Manzoni Fontoura<\/td><\/tr><\/tbody><\/table><p><b>Formados:<\/b><\/p><table style=\"width: 179pt\" border=\"0\" width=\"239\" cellspacing=\"0\" cellpadding=\"0\"><colgroup> <col style=\"width: 179pt\" width=\"239\" \/> <\/colgroup><tbody><tr style=\"height: 13.2pt\"><td style=\"height: 13.2pt;width: 179pt\" width=\"239\" height=\"18\">Andr\u00e9 Grahl Pereira<\/td><\/tr><tr style=\"height: 13.2pt\"><td style=\"height: 13.2pt\" height=\"18\">Bernardo Henz<\/td><\/tr><tr style=\"height: 13.2pt\"><td style=\"height: 13.2pt\" height=\"18\">Bruno Rezende Laranjeira<\/td><\/tr><tr style=\"height: 13.2pt\"><td style=\"height: 13.2pt\" height=\"18\">Carine Wontroba<\/td><\/tr><tr style=\"height: 13.2pt\"><td style=\"height: 13.2pt\" height=\"18\">C\u00edcero Augusto de Lara Pahins<\/td><\/tr><tr style=\"height: 13.2pt\"><td style=\"height: 13.2pt\" height=\"18\">Cristiano Reis dos Santos<\/td><\/tr><tr style=\"height: 13.2pt\"><td style=\"height: 13.2pt\" height=\"18\">Douglas Negrini<\/td><\/tr><tr style=\"height: 13.2pt\"><td style=\"height: 13.2pt\" height=\"18\">Edison Josias Quaiatto<\/td><\/tr><tr style=\"height: 13.2pt\"><td style=\"height: 13.2pt\" height=\"18\">Felipe Gabriel Arend<\/td><\/tr><tr style=\"height: 13.2pt\"><td style=\"height: 13.2pt\" height=\"18\">Frederico Artur Limberger<\/td><\/tr><tr style=\"height: 13.2pt\"><td style=\"height: 13.2pt\" height=\"18\">Guilherme Gon\u00e7alves Schardong<\/td><\/tr><tr style=\"height: 13.2pt\"><td style=\"height: 13.2pt\" height=\"18\">Luis Fernando Zaltron<\/td><\/tr><tr style=\"height: 13.2pt\"><td style=\"height: 13.2pt\" height=\"18\">Matheus Koehler Zanella<\/td><\/tr><tr style=\"height: 13.2pt\"><td style=\"height: 13.2pt\" height=\"18\">Miriam Pizzatto Colpo<\/td><\/tr><tr style=\"height: 13.2pt\"><td style=\"height: 13.2pt\" height=\"18\">Pablo Lima Flores<\/td><\/tr><\/tbody><\/table><\/div>\n\t\t\t\t<\/div>\n\t\t\t\t\t\t\t<div class=\"elementor-accordion-item\">\n\t\t\t\t\t<div id=\"elementor-tab-title-68219\" class=\"elementor-tab-title\" data-tab=\"19\" role=\"button\" aria-controls=\"elementor-tab-content-68219\" aria-expanded=\"false\">\n\t\t\t\t\t\t\t\t\t\t\t\t<a class=\"elementor-accordion-title\" tabindex=\"0\">XIX Turma de Ci\u00eancia da Computa\u00e7\u00e3o (2013)<\/a>\n\t\t\t\t\t<\/div>\n\t\t\t\t\t<div id=\"elementor-tab-content-68219\" class=\"elementor-tab-content elementor-clearfix\" data-tab=\"19\" role=\"region\" aria-labelledby=\"elementor-tab-title-68219\"><p><b>Patrona:<\/b>\u00a0Andr\u00e9a S. Char\u00e3o<\/p><p><b>Paraninfo:\u00a0<\/b>Benhur de Oliveira Stein<\/p><p><b>Professores homenageados:<\/b><\/p><table style=\"width: 142pt\" border=\"0\" width=\"189\" cellspacing=\"0\" cellpadding=\"0\"><colgroup> <col style=\"width: 142pt\" width=\"189\" \/> <\/colgroup><tbody><tr style=\"height: 13.2pt\"><td style=\"height: 13.2pt;width: 142pt\" width=\"189\" height=\"18\">Cesar Tadeu Pozzer<\/td><\/tr><tr style=\"height: 13.2pt\"><td style=\"height: 13.2pt\" height=\"18\">Patr\u00edcia P. de Ara\u00fajo Barcelos<\/td><\/tr><tr style=\"height: 13.2pt\"><td style=\"height: 13.2pt\" height=\"18\">Deise de Brum Saccol<\/td><\/tr><\/tbody><\/table><p><b>\u00a0<\/b><\/p><p><b>Formados:<\/b><\/p><table style=\"width: 179pt\" border=\"0\" width=\"239\" cellspacing=\"0\" cellpadding=\"0\"><colgroup> <col style=\"width: 179pt\" width=\"239\" \/> <\/colgroup><tbody><tr style=\"height: 13.2pt\"><td style=\"height: 13.2pt;width: 179pt\" width=\"239\" height=\"18\">Artur Ferreira Brum<\/td><\/tr><tr style=\"height: 13.2pt\"><td style=\"height: 13.2pt\" height=\"18\">Breno Simonetti Portella<\/td><\/tr><tr style=\"height: 13.2pt\"><td style=\"height: 13.2pt\" height=\"18\">Bruno Romero de Azevedo<\/td><\/tr><tr style=\"height: 13.2pt\"><td style=\"height: 13.2pt\" height=\"18\">Diego Jo\u00e3o Cargnin<\/td><\/tr><tr style=\"height: 13.2pt\"><td style=\"height: 13.2pt\" height=\"18\">Fabiano Romero de Azevedo<\/td><\/tr><tr style=\"height: 13.2pt\"><td style=\"height: 13.2pt\" height=\"18\">Gabriel Kist Brusius<\/td><\/tr><tr style=\"height: 13.2pt\"><td style=\"height: 13.2pt\" height=\"18\">Guilherme Albrecht Kruel de Andrade<\/td><\/tr><tr style=\"height: 13.2pt\"><td style=\"height: 13.2pt\" height=\"18\">Ivan Isa\u00edas Friess<\/td><\/tr><tr style=\"height: 13.2pt\"><td style=\"height: 13.2pt\" height=\"18\">Lamarck Ribas Heinsch<\/td><\/tr><tr style=\"height: 13.2pt\"><td style=\"height: 13.2pt\" height=\"18\">Leonardo Quatrin Campagnolo<\/td><\/tr><tr style=\"height: 13.2pt\"><td style=\"height: 13.2pt\" height=\"18\">Marcelo Arrais Porto<\/td><\/tr><tr style=\"height: 13.2pt\"><td style=\"height: 13.2pt\" height=\"18\">Marcos Ant\u00f4nio de Oliveira Junior<\/td><\/tr><tr style=\"height: 13.2pt\"><td style=\"height: 13.2pt\" height=\"18\">Matheus Miller de Campos Viana<\/td><\/tr><tr style=\"height: 13.2pt\"><td style=\"height: 13.2pt\" height=\"18\">Mauro G. de Assump\u00e7\u00e3o Marinho<\/td><\/tr><tr style=\"height: 13.2pt\"><td style=\"height: 13.2pt\" height=\"18\">Paulo G. Roehrs Filho<\/td><\/tr><tr style=\"height: 13.2pt\"><td style=\"height: 13.2pt\" height=\"18\">Sandro Lemos Oliveira<\/td><\/tr><\/tbody><\/table><\/div>\n\t\t\t\t<\/div>\n\t\t\t\t\t\t\t<div class=\"elementor-accordion-item\">\n\t\t\t\t\t<div id=\"elementor-tab-title-68220\" class=\"elementor-tab-title\" data-tab=\"20\" role=\"button\" aria-controls=\"elementor-tab-content-68220\" aria-expanded=\"false\">\n\t\t\t\t\t\t\t\t\t\t\t\t<a class=\"elementor-accordion-title\" tabindex=\"0\">XX Turma de Ci\u00eancia da Computa\u00e7\u00e3o (2013)<\/a>\n\t\t\t\t\t<\/div>\n\t\t\t\t\t<div id=\"elementor-tab-content-68220\" class=\"elementor-tab-content elementor-clearfix\" data-tab=\"20\" role=\"region\" aria-labelledby=\"elementor-tab-title-68220\"><p><b>Patrona:<\/b>\u00a0Andr\u00e9a S. Char\u00e3o<\/p><p><b>Paraninfa:\u00a0<\/b>Marcia Pasin<\/p><p><b>Professores homenageados:<\/b><\/p><table style=\"width: 142pt\" border=\"0\" width=\"189\" cellspacing=\"0\" cellpadding=\"0\"><colgroup> <col style=\"width: 142pt\" width=\"189\" \/> <\/colgroup><tbody><tr style=\"height: 13.2pt\"><td style=\"height: 13.2pt;width: 142pt\" width=\"189\" height=\"18\">Cesar<br \/>Tadeu Pozzer<\/td><\/tr><tr style=\"height: 13.2pt\"><td style=\"height: 13.2pt\" height=\"18\">Juliana Kaizer Vizzotto<\/td><\/tr><tr style=\"height: 13.2pt\"><td style=\"height: 13.2pt\" height=\"18\">Giovani Librelotto<\/td><\/tr><tr style=\"height: 13.2pt\"><td style=\"height: 13.2pt\" height=\"18\">Benhur de Oliveira Stein<\/td><\/tr><tr style=\"height: 13.2pt\"><td style=\"height: 13.2pt\" height=\"18\">Ana Wink<\/td><\/tr><\/tbody><\/table><p><b>Formados:<\/b><\/p><table style=\"width: 179pt\" border=\"0\" width=\"239\" cellspacing=\"0\" cellpadding=\"0\"><colgroup> <col style=\"width: 179pt\" width=\"239\" \/> <\/colgroup><tbody><tr style=\"height: 13.2pt\"><td style=\"height: 13.2pt;width: 179pt\" width=\"239\" height=\"18\">Emmanuel Katende Dinanga<\/td><\/tr><tr style=\"height: 13.2pt\"><td style=\"height: 13.2pt\" height=\"18\">Felipe Santos Silva<\/td><\/tr><tr style=\"height: 13.2pt\"><td style=\"height: 13.2pt\" height=\"18\">Guilherme Weigert Cassales<\/td><\/tr><tr style=\"height: 13.2pt\"><td style=\"height: 13.2pt\" height=\"18\">J\u00falio Cesar Vieira<\/td><\/tr><tr style=\"height: 13.2pt\"><td style=\"height: 13.2pt\" height=\"18\">Luiz Felipe Netto<\/td><\/tr><tr style=\"height: 13.2pt\"><td style=\"height: 13.2pt\" height=\"18\">Luiz Jos\u00e9 Schirmer Silva<\/td><\/tr><tr style=\"height: 13.2pt\"><td style=\"height: 13.2pt\" height=\"18\">Pablo Dalsasso<\/td><\/tr><tr style=\"height: 13.2pt\"><td style=\"height: 13.2pt\" height=\"18\">Pablo Bizzi Mahmud<\/td><\/tr><tr style=\"height: 13.2pt\"><td style=\"height: 13.2pt\" height=\"18\">Thiago L. Trugillo da Silveira<\/td><\/tr><tr style=\"height: 13.2pt\"><td style=\"height: 13.2pt\" height=\"18\">Tiago Boelter Mizdal<\/td><\/tr><tr style=\"height: 13.2pt\"><td style=\"height: 13.2pt\" height=\"18\">Vin\u00edcius Aquino Rodrigues<\/td><\/tr><\/tbody><\/table><\/div>\n\t\t\t\t<\/div>\n\t\t\t\t\t\t\t<div class=\"elementor-accordion-item\">\n\t\t\t\t\t<div id=\"elementor-tab-title-68221\" class=\"elementor-tab-title\" data-tab=\"21\" role=\"button\" aria-controls=\"elementor-tab-content-68221\" aria-expanded=\"false\">\n\t\t\t\t\t\t\t\t\t\t\t\t<a class=\"elementor-accordion-title\" tabindex=\"0\">XXI Turma de Ci\u00eancia da Computa\u00e7\u00e3o (2014)<\/a>\n\t\t\t\t\t<\/div>\n\t\t\t\t\t<div id=\"elementor-tab-content-68221\" class=\"elementor-tab-content elementor-clearfix\" data-tab=\"21\" role=\"region\" aria-labelledby=\"elementor-tab-title-68221\"><p><b>Patrona:<\/b>\u00a0Andr\u00e9a S. Char\u00e3o<\/p><p><b>Paraninfo:\u00a0<\/b>Giovani Librelotto<\/p><p><b>Professores homenageados:<\/b><\/p><table style=\"width: 142pt\" border=\"0\" width=\"189\" cellspacing=\"0\" cellpadding=\"0\"><colgroup> <col style=\"width: 142pt\" width=\"189\" \/> <\/colgroup><tbody><tr style=\"height: 13.2pt\"><td style=\"height: 13.2pt;width: 142pt\" width=\"189\" height=\"18\">Eduardo Kessler Piveta<\/td><\/tr><tr style=\"height: 13.2pt\"><td style=\"height: 13.2pt\" height=\"18\">Juliana Kaizer Vizzotto<\/td><\/tr><tr style=\"height: 13.2pt\"><td style=\"height: 13.2pt\" height=\"18\">Raul Ceretta Nunes<\/td><\/tr><\/tbody><\/table><p><span style=\"font-weight: var( --e-global-typography-text-font-weight )\">\u00a0<\/span><\/p><p><b>Formados:<\/b><\/p><table style=\"width: 179pt\" border=\"0\" width=\"239\" cellspacing=\"0\" cellpadding=\"0\"><colgroup> <col style=\"width: 179pt\" width=\"239\" \/> <\/colgroup><tbody><tr style=\"height: 13.2pt\"><td style=\"height: 13.2pt;width: 179pt\" width=\"239\" height=\"18\">Eder John Scheid<\/td><\/tr><tr style=\"height: 13.2pt\"><td style=\"height: 13.2pt\" height=\"18\">Felipe Pedrozo Maia<\/td><\/tr><tr style=\"height: 13.2pt\"><td style=\"height: 13.2pt\" height=\"18\">Fernando Weber Albiero<\/td><\/tr><tr style=\"height: 13.2pt\"><td style=\"height: 13.2pt\" height=\"18\">Gustavo Agostini Devitte<\/td><\/tr><tr style=\"height: 13.2pt\"><td style=\"height: 13.2pt\" height=\"18\">J\u00e9ssica F\u00e9lix Mouta<\/td><\/tr><tr style=\"height: 13.2pt\"><td style=\"height: 13.2pt\" height=\"18\">Ot\u00e1vio Rodrigues Machado<\/td><\/tr><tr style=\"height: 13.2pt\"><td style=\"height: 13.2pt\" height=\"18\">Rafael A. Kreutz<\/td><\/tr><tr style=\"height: 13.2pt\"><td style=\"height: 13.2pt\" height=\"18\">Ricardo Luiz Paul<\/td><\/tr><tr style=\"height: 13.2pt\"><td style=\"height: 13.2pt\" height=\"18\">Rubens Andreas Sautter<\/td><\/tr><tr style=\"height: 13.2pt\"><td style=\"height: 13.2pt\" height=\"18\">Vanderlan Dupont de Oliveira<\/td><\/tr><\/tbody><\/table><p><span style=\"font-weight: var( --e-global-typography-text-font-weight )\">\u00a0<\/span><\/p><\/div>\n\t\t\t\t<\/div>\n\t\t\t\t\t\t\t<div class=\"elementor-accordion-item\">\n\t\t\t\t\t<div id=\"elementor-tab-title-68222\" class=\"elementor-tab-title\" data-tab=\"22\" role=\"button\" aria-controls=\"elementor-tab-content-68222\" aria-expanded=\"false\">\n\t\t\t\t\t\t\t\t\t\t\t\t<a class=\"elementor-accordion-title\" tabindex=\"0\">XXII Turma de Ci\u00eancia da Computa\u00e7\u00e3o (2015)<\/a>\n\t\t\t\t\t<\/div>\n\t\t\t\t\t<div id=\"elementor-tab-content-68222\" class=\"elementor-tab-content elementor-clearfix\" data-tab=\"22\" role=\"region\" aria-labelledby=\"elementor-tab-title-68222\"><p><b>Patrona:<\/b>\u00a0Andr\u00e9a S. Char\u00e3o<\/p><p><b>Paraninfo:\u00a0<\/b>Giovani Librelotto<\/p><p><b>Professores homenageados:<\/b><\/p><table style=\"width: 142pt\" border=\"0\" width=\"189\" cellspacing=\"0\" cellpadding=\"0\"><colgroup> <col style=\"width: 142pt\" width=\"189\" \/> <\/colgroup><tbody><tr style=\"height: 13.2pt\"><td style=\"height: 13.2pt;width: 142pt\" width=\"189\" height=\"18\">Cesar Tadeu Pozzer<\/td><\/tr><tr style=\"height: 13.2pt\"><td style=\"height: 13.2pt\" height=\"18\">Ana Winck<\/td><\/tr><tr style=\"height: 13.2pt\"><td style=\"height: 13.2pt\" height=\"18\">Marcia Pasin<\/td><\/tr><\/tbody><\/table><p><b>Formados:<\/b><\/p><table style=\"width: 179pt\" border=\"0\" width=\"239\" cellspacing=\"0\" cellpadding=\"0\"><colgroup> <col style=\"width: 179pt\" width=\"239\" \/> <\/colgroup><tbody><tr style=\"height: 13.2pt\"><td class=\"xl65\" style=\"height: 13.2pt;width: 179pt\" width=\"239\" height=\"18\">Aderson de Carvalho<\/td><\/tr><tr style=\"height: 13.2pt\"><td style=\"height: 13.2pt\" height=\"18\">Alex Thomas Almeida Frasson<\/td><\/tr><tr style=\"height: 13.2pt\"><td style=\"height: 13.2pt\" height=\"18\">Eduardo Luis Lemos<\/td><\/tr><tr style=\"height: 13.2pt\"><td style=\"height: 13.2pt\" height=\"18\">Eric Tom\u00e1s Zancanaro<\/td><\/tr><tr style=\"height: 13.2pt\"><td style=\"height: 13.2pt\" height=\"18\">Guilherme Freitas Hoffmann<\/td><\/tr><tr style=\"height: 13.2pt\"><td style=\"height: 13.2pt\" height=\"18\">Guilherme Recchi Cardozo<\/td><\/tr><tr style=\"height: 13.2pt\"><td style=\"height: 13.2pt\" height=\"18\">Isadora Vasconcellos e Souza<\/td><\/tr><tr style=\"height: 13.2pt\"><td style=\"height: 13.2pt\" height=\"18\">J\u00e9ssica Augusti Bonini<\/td><\/tr><tr style=\"height: 13.2pt\"><td style=\"height: 13.2pt\" height=\"18\">Kevin Vin\u00edcius Teixeira Costa<\/td><\/tr><tr style=\"height: 13.2pt\"><td style=\"height: 13.2pt\" height=\"18\">Liza Lunardi Lemos<\/td><\/tr><tr style=\"height: 13.2pt\"><td style=\"height: 13.2pt\" height=\"18\">Luis Henrique Carvalho Rosa<\/td><\/tr><tr style=\"height: 13.2pt\"><td style=\"height: 13.2pt\" height=\"18\">Ot\u00e1vio Migliavacca Madalosso<\/td><\/tr><tr style=\"height: 13.2pt\"><td style=\"height: 13.2pt\" height=\"18\">Tiago Augusto Engel<\/td><\/tr><\/tbody><\/table><\/div>\n\t\t\t\t<\/div>\n\t\t\t\t\t\t\t<div class=\"elementor-accordion-item\">\n\t\t\t\t\t<div id=\"elementor-tab-title-68223\" class=\"elementor-tab-title\" data-tab=\"23\" role=\"button\" aria-controls=\"elementor-tab-content-68223\" aria-expanded=\"false\">\n\t\t\t\t\t\t\t\t\t\t\t\t<a class=\"elementor-accordion-title\" tabindex=\"0\">XXIII Turma de Ci\u00eancia da Computa\u00e7\u00e3o (2016\/1)<\/a>\n\t\t\t\t\t<\/div>\n\t\t\t\t\t<div id=\"elementor-tab-content-68223\" class=\"elementor-tab-content elementor-clearfix\" data-tab=\"23\" role=\"region\" aria-labelledby=\"elementor-tab-title-68223\"><p><b>Patrono:\u00a0<\/b>Eduardo Kessler Piveta<\/p><p><b>Paraninfa:<\/b>\u00a0Ana Winck<\/p><p><b>Professores homenageados:<\/b><\/p><table style=\"width: 142pt\" border=\"0\" width=\"189\" cellspacing=\"0\" cellpadding=\"0\"><colgroup> <col style=\"width: 142pt\" width=\"189\" \/> <\/colgroup><tbody><tr style=\"height: 13.2pt\"><td style=\"height: 13.2pt;width: 142pt\" width=\"189\" height=\"18\">Deise de Brum Saccol<\/td><\/tr><tr style=\"height: 13.2pt\"><td style=\"height: 13.2pt\" height=\"18\">Giliane Bernardi<\/td><\/tr><tr style=\"height: 13.2pt\"><td style=\"height: 13.2pt\" height=\"18\">Giovani Librelotto<\/td><\/tr><tr style=\"height: 13.2pt\"><td style=\"height: 13.2pt\" height=\"18\">Jo\u00e3o C. Damasceno Lima<\/td><\/tr><\/tbody><\/table><p><b>Formados:<\/b><\/p><table style=\"width: 179pt\" border=\"0\" width=\"239\" cellspacing=\"0\" cellpadding=\"0\"><tbody><tr style=\"height: 13.2pt\"><td class=\"xl65\" style=\"height: 13.2pt;width: 179pt\" width=\"239\" height=\"18\">Fernando Fa\u00e9<\/td><\/tr><\/tbody><\/table><\/div>\n\t\t\t\t<\/div>\n\t\t\t\t\t\t\t<div class=\"elementor-accordion-item\">\n\t\t\t\t\t<div id=\"elementor-tab-title-68224\" class=\"elementor-tab-title\" data-tab=\"24\" role=\"button\" aria-controls=\"elementor-tab-content-68224\" aria-expanded=\"false\">\n\t\t\t\t\t\t\t\t\t\t\t\t<a class=\"elementor-accordion-title\" tabindex=\"0\">XXIV Turma de Ci\u00eancia da Computa\u00e7\u00e3o (2016\/2)<\/a>\n\t\t\t\t\t<\/div>\n\t\t\t\t\t<div id=\"elementor-tab-content-68224\" class=\"elementor-tab-content elementor-clearfix\" data-tab=\"24\" role=\"region\" aria-labelledby=\"elementor-tab-title-68224\"><p><b>Patrono:\u00a0<\/b>S\u00e9rgio L. Sardi Mergen<\/p><p><b>Paraninfa:\u00a0<\/b>Marcia Pasin<\/p><p><b>Professores homenageados:<\/b><\/p><table style=\"width: 142pt\" border=\"0\" width=\"189\" cellspacing=\"0\" cellpadding=\"0\"><colgroup> <col style=\"width: 142pt\" width=\"189\" \/> <\/colgroup><tbody><tr style=\"height: 13.2pt\"><td style=\"height: 13.2pt;width: 142pt\" width=\"189\" height=\"18\">Juliana Kaizer Vizzotto<\/td><\/tr><tr style=\"height: 13.2pt\"><td style=\"height: 13.2pt\" height=\"18\">Cesar Tadeu Pozzer<\/td><\/tr><tr style=\"height: 13.2pt\"><td style=\"height: 13.2pt\" height=\"18\">Giovani Librelotto<\/td><\/tr><\/tbody><\/table><p><b>Formados:<\/b><\/p><table style=\"width: 179pt\" border=\"0\" width=\"239\" cellspacing=\"0\" cellpadding=\"0\"><colgroup> <col style=\"width: 179pt\" width=\"239\" \/> <\/colgroup><tbody><tr style=\"height: 13.2pt\"><td style=\"height: 13.2pt;width: 179pt\" width=\"239\" height=\"18\">Alcides G. Lopes Junior<\/td><\/tr><tr style=\"height: 13.2pt\"><td style=\"height: 13.2pt\" height=\"18\">Andreus Pinheiro Barbieri<\/td><\/tr><tr style=\"height: 13.2pt\"><td style=\"height: 13.2pt\" height=\"18\">Giane Alessio Binotto<\/td><\/tr><tr style=\"height: 13.2pt\"><td style=\"height: 13.2pt\" height=\"18\">Guilherme Miollo<\/td><\/tr><tr style=\"height: 13.2pt\"><td style=\"height: 13.2pt\" height=\"18\">Lucas Saibt Real<\/td><\/tr><tr style=\"height: 13.2pt\"><td style=\"height: 13.2pt\" height=\"18\">Matheus Garay Trindade<\/td><\/tr><tr style=\"height: 13.2pt\"><td style=\"height: 13.2pt\" height=\"18\">Paulo M. Cardoso<\/td><\/tr><tr style=\"height: 13.2pt\"><td style=\"height: 13.2pt\" height=\"18\">Ricardo Silveira Rodrigues<\/td><\/tr><tr style=\"height: 13.2pt\"><td style=\"height: 13.2pt\" height=\"18\">Vin\u00edcius Fulber Garcia<\/td><\/tr><tr style=\"height: 13.2pt\"><td style=\"height: 13.2pt\" height=\"18\">Vitor Peixoto Menezes<\/td><\/tr><\/tbody><\/table><\/div>\n\t\t\t\t<\/div>\n\t\t\t\t\t\t\t<div class=\"elementor-accordion-item\">\n\t\t\t\t\t<div id=\"elementor-tab-title-68225\" class=\"elementor-tab-title\" data-tab=\"25\" role=\"button\" aria-controls=\"elementor-tab-content-68225\" aria-expanded=\"false\">\n\t\t\t\t\t\t\t\t\t\t\t\t<a class=\"elementor-accordion-title\" tabindex=\"0\">XXV Turma de Ci\u00eancia da Computa\u00e7\u00e3o (2017)<\/a>\n\t\t\t\t\t<\/div>\n\t\t\t\t\t<div id=\"elementor-tab-content-68225\" class=\"elementor-tab-content elementor-clearfix\" data-tab=\"25\" role=\"region\" aria-labelledby=\"elementor-tab-title-68225\"><p><b>Patrono:\u00a0<\/b>S\u00e9rgio L. Sardi Mergen<\/p><p><b>Paraninfa:<\/b>\u00a0Marcia Pasin<\/p><p><b>Professores homenageados:<\/b><\/p><table style=\"width: 142pt\" border=\"0\" width=\"189\" cellspacing=\"0\" cellpadding=\"0\"><colgroup> <col style=\"width: 142pt\" width=\"189\" \/> <\/colgroup><tbody><tr style=\"height: 13.2pt\"><td style=\"height: 13.2pt;width: 142pt\" width=\"189\" height=\"18\">Andrea S. Char\u00e3o<\/td><\/tr><tr style=\"height: 13.2pt\"><td style=\"height: 13.2pt\" height=\"18\">Cesar Tadeu Pozzer<\/td><\/tr><tr style=\"height: 13.2pt\"><td style=\"height: 13.2pt\" height=\"18\">Patr\u00edcia P. de Ara\u00fajo Barcelos<\/td><\/tr><tr style=\"height: 13.2pt\"><td style=\"height: 13.2pt\" height=\"18\">Carlos Raniery Paula dos Santos<\/td><\/tr><\/tbody><\/table><p><b>Formados:<\/b><\/p><table style=\"width: 179pt\" border=\"0\" width=\"239\" cellspacing=\"0\" cellpadding=\"0\"><colgroup> <col style=\"width: 179pt\" width=\"239\" \/> <\/colgroup><tbody><tr style=\"height: 13.2pt\"><td style=\"height: 13.2pt;width: 179pt\" width=\"239\" height=\"18\">Brenda Salenave Santana<\/td><\/tr><tr style=\"height: 13.2pt\"><td style=\"height: 13.2pt\" height=\"18\">Fl\u00e1vio Paulus Franzin<\/td><\/tr><tr style=\"height: 13.2pt\"><td style=\"height: 13.2pt\" height=\"18\">Guilherme de Freitas Gaiardo<\/td><\/tr><tr style=\"height: 13.2pt\"><td style=\"height: 13.2pt\" height=\"18\">Jhillian Bianchi<\/td><\/tr><tr style=\"height: 13.2pt\"><td style=\"height: 13.2pt\" height=\"18\">Leonardo de Abreu Schmidt<\/td><\/tr><tr style=\"height: 13.2pt\"><td style=\"height: 13.2pt\" height=\"18\">Lu\u00edsa Perin Lucca<\/td><\/tr><tr style=\"height: 13.2pt\"><td style=\"height: 13.2pt\" height=\"18\">Maur\u00edcio Matter Donato<\/td><\/tr><tr style=\"height: 13.2pt\"><td style=\"height: 13.2pt\" height=\"18\">Pedro Langbecker Lima<\/td><\/tr><tr style=\"height: 13.2pt\"><td style=\"height: 13.2pt\" height=\"18\">Rafael Gauna Trindade<\/td><\/tr><\/tbody><\/table><\/div>\n\t\t\t\t<\/div>\n\t\t\t\t\t\t\t<div class=\"elementor-accordion-item\">\n\t\t\t\t\t<div id=\"elementor-tab-title-68226\" class=\"elementor-tab-title\" data-tab=\"26\" role=\"button\" aria-controls=\"elementor-tab-content-68226\" aria-expanded=\"false\">\n\t\t\t\t\t\t\t\t\t\t\t\t<a class=\"elementor-accordion-title\" tabindex=\"0\">XXVI Turma de Ci\u00eancia da Computa\u00e7\u00e3o (2018)<\/a>\n\t\t\t\t\t<\/div>\n\t\t\t\t\t<div id=\"elementor-tab-content-68226\" class=\"elementor-tab-content elementor-clearfix\" data-tab=\"26\" role=\"region\" aria-labelledby=\"elementor-tab-title-68226\"><p><b>Patrono:<\/b>\u00a0S\u00e9rgio L. Sardi Mergen<\/p><p><b>Paraninfa:<\/b>\u00a0Patr\u00edcia P. de Ara\u00fajo Barcelos<\/p><p><b>Professores homenageados:<\/b><\/p><table style=\"width: 142pt\" border=\"0\" width=\"189\" cellspacing=\"0\" cellpadding=\"0\"><colgroup> <col style=\"width: 142pt\" width=\"189\" \/> <\/colgroup><tbody><tr style=\"height: 13.2pt\"><td style=\"height: 13.2pt;width: 142pt\" width=\"189\" height=\"18\">Andrea S. Char\u00e3o<\/td><\/tr><tr style=\"height: 13.2pt\"><td style=\"height: 13.2pt\" height=\"18\">Giovani Librelotto<\/td><\/tr><\/tbody><\/table><p><b>Formados:<\/b><\/p><table style=\"width: 179pt\" border=\"0\" width=\"239\" cellspacing=\"0\" cellpadding=\"0\"><colgroup> <col style=\"width: 179pt\" width=\"239\" \/> <\/colgroup><tbody><tr style=\"height: 13.2pt\"><td style=\"height: 13.2pt;width: 179pt\" width=\"239\" height=\"18\">Augusto Moro<\/td><\/tr><tr style=\"height: 13.2pt\"><td style=\"height: 13.2pt\" height=\"18\">Bruno Torres do Nascimento<\/td><\/tr><tr style=\"height: 13.2pt\"><td style=\"height: 13.2pt\" height=\"18\">Lucas Fereira da Silva<\/td><\/tr><tr style=\"height: 13.2pt\"><td style=\"height: 13.2pt\" height=\"18\">Ot\u00e1vio Oliveira Deon<\/td><\/tr><\/tbody><\/table><\/div>\n\t\t\t\t<\/div>\n\t\t\t\t\t\t\t<div class=\"elementor-accordion-item\">\n\t\t\t\t\t<div id=\"elementor-tab-title-68227\" class=\"elementor-tab-title\" data-tab=\"27\" role=\"button\" aria-controls=\"elementor-tab-content-68227\" aria-expanded=\"false\">\n\t\t\t\t\t\t\t\t\t\t\t\t<a class=\"elementor-accordion-title\" tabindex=\"0\">XXVII Turma de Ci\u00eancia da Computa\u00e7\u00e3o (2019)<\/a>\n\t\t\t\t\t<\/div>\n\t\t\t\t\t<div id=\"elementor-tab-content-68227\" class=\"elementor-tab-content elementor-clearfix\" data-tab=\"27\" role=\"region\" aria-labelledby=\"elementor-tab-title-68227\"><p><b>Patrono:<\/b>\u00a0Raul Ceretta Nunes<\/p><p><b>Professores homenageados:<\/b><\/p><table style=\"width: 142pt\" border=\"0\" width=\"189\" cellspacing=\"0\" cellpadding=\"0\"><colgroup> <col style=\"width: 142pt\" width=\"189\" \/> <\/colgroup><tbody><tr style=\"height: 13.2pt\"><td style=\"height: 13.2pt;width: 142pt\" width=\"189\" height=\"18\">Matheus Beck Rutzig<\/td><\/tr><tr style=\"height: 13.2pt\"><td style=\"height: 13.2pt\" height=\"18\">Jo\u00e3o Vicente F Lima<\/td><\/tr><tr style=\"height: 13.2pt\"><td style=\"height: 13.2pt\" height=\"18\">Celio Trois<\/td><\/tr><tr style=\"height: 13.2pt\"><td style=\"height: 13.2pt\" height=\"18\">Giovani Rubert Librelotto<\/td><\/tr><\/tbody><\/table><p><span style=\"font-weight: var( --e-global-typography-text-font-weight )\">\u00a0<\/span><\/p><p><b>Formados:<\/b><\/p><table style=\"width: 179pt\" border=\"0\" width=\"239\" cellspacing=\"0\" cellpadding=\"0\"><colgroup> <col style=\"width: 179pt\" width=\"239\" \/> <\/colgroup><tbody><tr style=\"height: 13.2pt\"><td style=\"height: 13.2pt;width: 179pt\" width=\"239\" height=\"18\">Adrian Kaminski dos Santos<\/td><\/tr><tr style=\"height: 13.2pt\"><td style=\"height: 13.2pt\" height=\"18\">Ana Luisa Veroneze Sol\u00f3rzano<\/td><\/tr><tr style=\"height: 13.2pt\"><td style=\"height: 13.2pt\" height=\"18\">Bernardo Brugnara Soccal<\/td><\/tr><tr style=\"height: 13.2pt\"><td style=\"height: 13.2pt\" height=\"18\">Caroline Chagas<\/td><\/tr><tr style=\"height: 13.2pt\"><td style=\"height: 13.2pt\" height=\"18\">Cassiano Andrei Dias da Silveira Schneider<\/td><\/tr><tr style=\"height: 13.2pt\"><td style=\"height: 13.2pt\" height=\"18\">Daniel Matheus Doebber<\/td><\/tr><tr style=\"height: 13.2pt\"><td style=\"height: 13.2pt\" height=\"18\">Diogo Busanello Cerda<\/td><\/tr><tr style=\"height: 13.2pt\"><td style=\"height: 13.2pt\" height=\"18\">Eduardo Rafael Hirt<\/td><\/tr><tr style=\"height: 13.2pt\"><td style=\"height: 13.2pt\" height=\"18\">Francisco Tassinari Fajardo<\/td><\/tr><tr style=\"height: 13.2pt\"><td style=\"height: 13.2pt\" height=\"18\">Gabriel Cardoso dos Santos<\/td><\/tr><tr style=\"height: 13.2pt\"><td style=\"height: 13.2pt\" height=\"18\">Lucas Micol Policarpo<\/td><\/tr><tr style=\"height: 13.2pt\"><td style=\"height: 13.2pt\" height=\"18\">Victor Marquezini Fernandes<\/td><\/tr><tr style=\"height: 13.2pt\"><td style=\"height: 13.2pt\" height=\"18\">Vin\u00edcius Mateus Dreifke<\/td><\/tr><tr style=\"height: 13.2pt\"><td style=\"height: 13.2pt\" height=\"18\">Vin\u00edcius Teixeira<\/td><\/tr><\/tbody><\/table><\/div>\n\t\t\t\t<\/div>\n\t\t\t\t\t\t\t<div class=\"elementor-accordion-item\">\n\t\t\t\t\t<div id=\"elementor-tab-title-68228\" class=\"elementor-tab-title\" data-tab=\"28\" role=\"button\" aria-controls=\"elementor-tab-content-68228\" aria-expanded=\"false\">\n\t\t\t\t\t\t\t\t\t\t\t\t<a class=\"elementor-accordion-title\" tabindex=\"0\">XXVIII Turma de Ci\u00eancia da Computa\u00e7\u00e3o (2021\/1)<\/a>\n\t\t\t\t\t<\/div>\n\t\t\t\t\t<div id=\"elementor-tab-content-68228\" class=\"elementor-tab-content elementor-clearfix\" data-tab=\"28\" role=\"region\" aria-labelledby=\"elementor-tab-title-68228\"><p><b>Patrono:\u00a0<\/b>Giovani Rubert Librelotto<\/p><p><b>Paraninfa:<\/b>\u00a0Andrea Schwertner Char\u00e3o<\/p><p><b>Professores homenageados:<\/b><\/p><table style=\"width: 142pt\" border=\"0\" width=\"189\" cellspacing=\"0\" cellpadding=\"0\"><colgroup> <col style=\"width: 142pt\" width=\"189\" \/> <\/colgroup><tbody><tr style=\"height: 13.2pt\"><td style=\"height: 13.2pt;width: 142pt\" width=\"189\" height=\"18\">Patricia Pitthan Barcelos<\/td><\/tr><tr style=\"height: 13.2pt\"><td style=\"height: 13.2pt\" height=\"18\">Mateus Beck Rutzig<\/td><\/tr><tr style=\"height: 13.2pt\"><td style=\"height: 13.2pt\" height=\"18\">Rejane Kin<\/td><\/tr><\/tbody><\/table><p><b>\u00a0<\/b><\/p><p><b>Formados:<\/b><\/p><table style=\"width: 179pt\" border=\"0\" width=\"239\" cellspacing=\"0\" cellpadding=\"0\"><colgroup> <col style=\"width: 179pt\" width=\"239\" \/> <\/colgroup><tbody><tr style=\"height: 13.2pt\"><td style=\"height: 13.2pt;width: 179pt\" width=\"239\" height=\"18\">Andr\u00e9 Luciano Rakowski<\/td><\/tr><tr style=\"height: 13.2pt\"><td style=\"height: 13.2pt\" height=\"18\">Bruno da Silva Alves<\/td><\/tr><tr style=\"height: 13.2pt\"><td style=\"height: 13.2pt\" height=\"18\">Carla de Oliveira Barden<\/td><\/tr><tr style=\"height: 13.2pt\"><td style=\"height: 13.2pt\" height=\"18\">Deivis Costa Pereira<\/td><\/tr><tr style=\"height: 13.2pt\"><td style=\"height: 13.2pt\" height=\"18\">Fernando Paim da Silva<\/td><\/tr><tr style=\"height: 13.2pt\"><td style=\"height: 13.2pt\" height=\"18\">Frederico Hansel dos Santos Gassen<\/td><\/tr><tr style=\"height: 13.2pt\"><td style=\"height: 13.2pt\" height=\"18\">Gustavo Arrua Fantinel<\/td><\/tr><tr style=\"height: 13.2pt\"><td style=\"height: 13.2pt\" height=\"18\">Jo\u00e3o Gon\u00e7alves Machado<\/td><\/tr><tr style=\"height: 13.2pt\"><td style=\"height: 13.2pt\" height=\"18\">Lana Bertoldo Rossato<\/td><\/tr><tr style=\"height: 13.2pt\"><td style=\"height: 13.2pt\" height=\"18\">Mariano Dorneles de Freitas<\/td><\/tr><tr style=\"height: 13.2pt\"><td style=\"height: 13.2pt\" height=\"18\">Maur\u00edcio Vielmo Schmaedeck<\/td><\/tr><tr style=\"height: 13.2pt\"><td style=\"height: 13.2pt\" height=\"18\">Natan Luiz Paetzhold Berwaldt<\/td><\/tr><tr style=\"height: 13.2pt\"><td style=\"height: 13.2pt\" height=\"18\">Rafael Vales Bettker<\/td><\/tr><tr style=\"height: 13.2pt\"><td style=\"height: 13.2pt\" height=\"18\">William Felipe de Almeida<\/td><\/tr><\/tbody><\/table><\/div>\n\t\t\t\t<\/div>\n\t\t\t\t\t\t\t<div class=\"elementor-accordion-item\">\n\t\t\t\t\t<div id=\"elementor-tab-title-68229\" class=\"elementor-tab-title\" data-tab=\"29\" role=\"button\" aria-controls=\"elementor-tab-content-68229\" aria-expanded=\"false\">\n\t\t\t\t\t\t\t\t\t\t\t\t<a class=\"elementor-accordion-title\" tabindex=\"0\">XXIX Turma de Ci\u00eancia da Computa\u00e7\u00e3o (2021\/2)<\/a>\n\t\t\t\t\t<\/div>\n\t\t\t\t\t<div id=\"elementor-tab-content-68229\" class=\"elementor-tab-content elementor-clearfix\" data-tab=\"29\" role=\"region\" aria-labelledby=\"elementor-tab-title-68229\"><p><b>Paraninfo:<\/b>\u00a0Giovani Rubert Librelotto<\/p><p><b>Formados:<\/b><\/p><table style=\"width: 179pt\" border=\"0\" width=\"239\" cellspacing=\"0\" cellpadding=\"0\"><colgroup> <col style=\"width: 179pt\" width=\"239\" \/> <\/colgroup><tbody><tr style=\"height: 13.2pt\"><td style=\"height: 13.2pt;width: 179pt\" width=\"239\" height=\"18\">Roberto Nisxota Menegais<\/td><\/tr><tr style=\"height: 13.2pt\"><td style=\"height: 13.2pt\" height=\"18\">Rodrigo Pincolini Amaral<\/td><\/tr><tr style=\"height: 13.2pt\"><td style=\"height: 13.2pt\" height=\"18\">Thiago Bellotti Pavin<\/td><\/tr><tr style=\"height: 13.2pt\"><td style=\"height: 13.2pt\" height=\"18\">Guilherme Pompeu Bastos<\/td><\/tr><tr style=\"height: 13.2pt\"><td style=\"height: 13.2pt\" height=\"18\">William Da Silva Wiethan<\/td><\/tr><tr style=\"height: 13.2pt\"><td style=\"height: 13.2pt\" height=\"18\">Augusto Gai Dal&#8217;asta<\/td><\/tr><tr style=\"height: 13.2pt\"><td style=\"height: 13.2pt\" height=\"18\">Eduardo Jank Mossmann<\/td><\/tr><tr style=\"height: 13.2pt\"><td style=\"height: 13.2pt\" height=\"18\">Francielle Vasconcellos Pereira<\/td><\/tr><tr style=\"height: 13.2pt\"><td style=\"height: 13.2pt\" height=\"18\">Gabriel Tobias Fuhr<\/td><\/tr><tr style=\"height: 26.4pt\"><td style=\"height: 26.4pt;width: 179pt\" width=\"239\" height=\"35\">Henrique Becker Brum<\/td><\/tr><tr style=\"height: 13.2pt\"><td style=\"height: 13.2pt\" height=\"18\">Jo\u00e3o Gabriel Da Cunha Schittler<\/td><\/tr><tr style=\"height: 13.2pt\"><td style=\"height: 13.2pt\" height=\"18\">Jo\u00e3o V\u00edctor Bolsson Marques<\/td><\/tr><tr style=\"height: 13.2pt\"><td style=\"height: 13.2pt\" height=\"18\">Lorenzo Schwertner Kaufmann<\/td><\/tr><tr style=\"height: 13.2pt\"><td style=\"height: 13.2pt\" height=\"18\">Luiz Felipe Lehmen Lersch<\/td><\/tr><tr style=\"height: 13.2pt\"><td style=\"height: 13.2pt\" height=\"18\">Paulo Saicoski Sarkis<\/td><\/tr><tr style=\"height: 13.2pt\"><td style=\"height: 13.2pt\" height=\"18\">Rafael Pavani Guimaraes<\/td><\/tr><tr style=\"height: 13.2pt\"><td style=\"height: 13.2pt\" height=\"18\">Ren\u00e9 Gargano Ferrari<\/td><\/tr><tr style=\"height: 13.2pt\"><td style=\"height: 13.2pt\" height=\"18\">Talles Siqueira Ceolin<\/td><\/tr><\/tbody><\/table><\/div>\n\t\t\t\t<\/div>\n\t\t\t\t\t\t\t<div class=\"elementor-accordion-item\">\n\t\t\t\t\t<div id=\"elementor-tab-title-68230\" class=\"elementor-tab-title\" data-tab=\"30\" role=\"button\" aria-controls=\"elementor-tab-content-68230\" aria-expanded=\"false\">\n\t\t\t\t\t\t\t\t\t\t\t\t<a class=\"elementor-accordion-title\" tabindex=\"0\"> XXX Turma de Ci\u00eancia da Computa\u00e7\u00e3o (2022\/1)<\/a>\n\t\t\t\t\t<\/div>\n\t\t\t\t\t<div id=\"elementor-tab-content-68230\" class=\"elementor-tab-content elementor-clearfix\" data-tab=\"30\" role=\"region\" aria-labelledby=\"elementor-tab-title-68230\"><p><b>Formados:<\/b><\/p><table style=\"width: 179pt\" border=\"0\" width=\"239\" cellspacing=\"0\" cellpadding=\"0\"><colgroup> <col style=\"width: 179pt\" width=\"239\" \/> <\/colgroup><tbody><tr style=\"height: 13.2pt\"><td class=\"xl65\" style=\"height: 13.2pt;width: 179pt\" width=\"239\" height=\"18\">Adonai Gabriel Loreto Peres Gon\u00e7alves<\/td><\/tr><tr style=\"height: 13.2pt\"><td class=\"xl65\" style=\"height: 13.2pt\" height=\"18\">D\u00eanes Vargas Teixeira<\/td><\/tr><tr style=\"height: 13.2pt\"><td class=\"xl65\" style=\"height: 13.2pt\" height=\"18\">Juliano Leonardo Soares<\/td><\/tr><tr style=\"height: 13.2pt\"><td class=\"xl65\" style=\"height: 13.2pt\" height=\"18\">William Felipe De Almeida Borges<\/td><\/tr><\/tbody><\/table><\/div>\n\t\t\t\t<\/div>\n\t\t\t\t\t\t\t<div class=\"elementor-accordion-item\">\n\t\t\t\t\t<div id=\"elementor-tab-title-68231\" class=\"elementor-tab-title\" data-tab=\"31\" role=\"button\" aria-controls=\"elementor-tab-content-68231\" aria-expanded=\"false\">\n\t\t\t\t\t\t\t\t\t\t\t\t<a class=\"elementor-accordion-title\" tabindex=\"0\">XXXI Turma de Ci\u00eancia da Computa\u00e7\u00e3o (2022\/2)<\/a>\n\t\t\t\t\t<\/div>\n\t\t\t\t\t<div id=\"elementor-tab-content-68231\" class=\"elementor-tab-content elementor-clearfix\" data-tab=\"31\" role=\"region\" aria-labelledby=\"elementor-tab-title-68231\"><p><b>Patrono:<\/b>\u00a0S\u00e9rgio Mergen<\/p><p><b>Paraninfa:<\/b>\u00a0Lisandra Manzoni Fontoura<\/p><p><b>Professores homenageados:<\/b><\/p><table style=\"width: 142pt\" border=\"0\" width=\"189\" cellspacing=\"0\" cellpadding=\"0\"><colgroup> <col style=\"width: 142pt\" width=\"189\" \/> <\/colgroup><tbody><tr style=\"height: 13.2pt\"><td style=\"height: 13.2pt;width: 142pt\" width=\"189\" height=\"18\">Joaquim V. Carvalho Assun\u00e7\u00e3o<\/td><\/tr><tr style=\"height: 13.2pt\"><td style=\"height: 13.2pt\" height=\"18\">Andrea S. Char\u00e3o<\/td><\/tr><tr style=\"height: 13.2pt\"><td style=\"height: 13.2pt\" height=\"18\">Giliane Bernardi<\/td><\/tr><\/tbody><\/table><p><span style=\"font-weight: var( --e-global-typography-text-font-weight )\">\u00a0<\/span><\/p><p><b>Formados:<\/b><\/p><table style=\"width: 179pt\" border=\"0\" width=\"239\" cellspacing=\"0\" cellpadding=\"0\"><colgroup> <col style=\"width: 179pt\" width=\"239\" \/> <\/colgroup><tbody><tr style=\"height: 13.2pt\"><td style=\"height: 13.2pt;width: 179pt\" width=\"239\" height=\"18\">Pedro Henrique Vestena Rossato<\/td><\/tr><tr style=\"height: 13.2pt\"><td style=\"height: 13.2pt\" height=\"18\">Pedro Leonel Teixeira Fernandes<\/td><\/tr><\/tbody><\/table><\/div>\n\t\t\t\t<\/div>\n\t\t\t\t\t\t\t<div class=\"elementor-accordion-item\">\n\t\t\t\t\t<div id=\"elementor-tab-title-68232\" class=\"elementor-tab-title\" data-tab=\"32\" role=\"button\" aria-controls=\"elementor-tab-content-68232\" aria-expanded=\"false\">\n\t\t\t\t\t\t\t\t\t\t\t\t<a class=\"elementor-accordion-title\" tabindex=\"0\">XXXII Turma de Ci\u00eancia da Computa\u00e7\u00e3o (2023\/1)<\/a>\n\t\t\t\t\t<\/div>\n\t\t\t\t\t<div id=\"elementor-tab-content-68232\" class=\"elementor-tab-content elementor-clearfix\" data-tab=\"32\" role=\"region\" aria-labelledby=\"elementor-tab-title-68232\"><p><b>Patrona:\u00a0<\/b>Lisandra Manzoni Fontoura<\/p><p><b>Paraninfo:\u00a0<\/b>Giovani Rubert Librelotto<\/p><p><b>Professores homenageados:<\/b><\/p><table style=\"width: 142pt\" border=\"0\" width=\"189\" cellspacing=\"0\" cellpadding=\"0\"><colgroup> <col style=\"width: 142pt\" width=\"189\" \/> <\/colgroup><tbody><tr style=\"height: 13.2pt\"><td style=\"height: 13.2pt;width: 142pt\" width=\"189\" height=\"18\">S\u00e9rgio Mergen<\/td><\/tr><tr style=\"height: 13.2pt\"><td style=\"height: 13.2pt\" height=\"18\">Raul C. Nunes<\/td><\/tr><\/tbody><\/table><p><span style=\"font-weight: var( --e-global-typography-text-font-weight )\">\u00a0<\/span><\/p><p><b>Formados:<\/b><\/p><table style=\"width: 179pt\" border=\"0\" width=\"239\" cellspacing=\"0\" cellpadding=\"0\"><colgroup> <col style=\"width: 179pt\" width=\"239\" \/> <\/colgroup><tbody><tr style=\"height: 13.2pt\"><td style=\"height: 13.2pt;width: 179pt\" width=\"239\" height=\"18\">Bruno Gottlieb<\/td><\/tr><tr style=\"height: 13.2pt\"><td style=\"height: 13.2pt\" height=\"18\">Gabriel Haddad Vieira<\/td><\/tr><tr style=\"height: 13.2pt\"><td style=\"height: 13.2pt\" height=\"18\">Luigi Perotti Souza<\/td><\/tr><\/tbody><\/table><\/div>\n\t\t\t\t<\/div>\n\t\t\t\t\t\t\t<div class=\"elementor-accordion-item\">\n\t\t\t\t\t<div id=\"elementor-tab-title-68233\" class=\"elementor-tab-title\" data-tab=\"33\" role=\"button\" aria-controls=\"elementor-tab-content-68233\" aria-expanded=\"false\">\n\t\t\t\t\t\t\t\t\t\t\t\t<a class=\"elementor-accordion-title\" tabindex=\"0\">XXXIII Turma de Ci\u00eancia da Computa\u00e7\u00e3o (2023\/2)<\/a>\n\t\t\t\t\t<\/div>\n\t\t\t\t\t<div id=\"elementor-tab-content-68233\" class=\"elementor-tab-content elementor-clearfix\" data-tab=\"33\" role=\"region\" aria-labelledby=\"elementor-tab-title-68233\"><p><b>Patrono:\u00a0<\/b>S\u00e9rgio Mergen<\/p><p><b>Paraninfo:<\/b>\u00a0Giovani Rubert Librelotto<\/p><p><b>Professores homenageados:<\/b><\/p><table style=\"width: 142pt\" border=\"0\" width=\"189\" cellspacing=\"0\" cellpadding=\"0\"><tbody><tr style=\"height: 13.2pt\"><td style=\"height: 13.2pt;width: 142pt\" width=\"189\" height=\"18\">Andrea S. Char\u00e3o<\/td><\/tr><\/tbody><\/table><p><b>Formados:<\/b><\/p><table style=\"width: 179pt\" border=\"0\" width=\"239\" cellspacing=\"0\" cellpadding=\"0\"><colgroup> <col style=\"width: 179pt\" width=\"239\" \/> <\/colgroup><tbody><tr style=\"height: 13.2pt\"><td style=\"height: 13.2pt;width: 179pt\" width=\"239\" height=\"18\">Bertrand Vagner Xaubet<\/td><\/tr><tr style=\"height: 13.2pt\"><td style=\"height: 13.2pt\" height=\"18\">Gabriel Di Domenico<\/td><\/tr><tr style=\"height: 13.2pt\"><td style=\"height: 13.2pt\" height=\"18\">Guilherme Pretto<\/td><\/tr><tr style=\"height: 13.2pt\"><td style=\"height: 13.2pt\" height=\"18\">Jo\u00e3o V\u00edtor Forgearini Beltrame<\/td><\/tr><tr style=\"height: 13.2pt\"><td style=\"height: 13.2pt\" height=\"18\">Samuel Matias Finkler<\/td><\/tr><tr style=\"height: 13.2pt\"><td style=\"height: 13.2pt\" height=\"18\">Thiago Sordi<\/td><\/tr><\/tbody><\/table><\/div>\n\t\t\t\t<\/div>\n\t\t\t\t\t\t\t<div class=\"elementor-accordion-item\">\n\t\t\t\t\t<div id=\"elementor-tab-title-68234\" class=\"elementor-tab-title\" data-tab=\"34\" role=\"button\" aria-controls=\"elementor-tab-content-68234\" aria-expanded=\"false\">\n\t\t\t\t\t\t\t\t\t\t\t\t<a class=\"elementor-accordion-title\" tabindex=\"0\">XXXIV Turma de Ci\u00eancia da Computa\u00e7\u00e3o (2024\/1)<\/a>\n\t\t\t\t\t<\/div>\n\t\t\t\t\t<div id=\"elementor-tab-content-68234\" class=\"elementor-tab-content elementor-clearfix\" data-tab=\"34\" role=\"region\" aria-labelledby=\"elementor-tab-title-68234\"><p><b>Patrono:<\/b>\u00a0Giovani Rubert Librelotto<\/p><p><b>Paraninfo: <\/b>Carlos Raniery Paula dos Santos<\/p><p><b>Professores homenageados:<\/b><\/p><table style=\"width: 142pt\" border=\"0\" width=\"189\" cellspacing=\"0\" cellpadding=\"0\"><colgroup> <col style=\"width: 142pt\" width=\"189\" \/> <\/colgroup><tbody><tr style=\"height: 13.2pt\"><td style=\"height: 13.2pt;width: 142pt\" width=\"189\" height=\"18\">S\u00e9rgio Mergen<\/td><\/tr><tr style=\"height: 13.2pt\"><td style=\"height: 13.2pt\" height=\"18\">Benhur de Oliveira Stein<\/td><\/tr><tr style=\"height: 13.2pt\"><td style=\"height: 13.2pt\" height=\"18\">Giliane Bernardi<\/td><\/tr><\/tbody><\/table><p><b>Formados:\u00a0<\/b><\/p><table style=\"width: 179pt\" border=\"0\" width=\"239\" cellspacing=\"0\" cellpadding=\"0\"><colgroup> <col style=\"width: 179pt\" width=\"239\" \/> <\/colgroup><tbody><tr style=\"height: 13.2pt\"><td class=\"xl65\" style=\"height: 13.2pt;width: 179pt\" width=\"239\" height=\"18\">Andriza Maria Da Cunha Campanhol<\/td><\/tr><tr style=\"height: 13.2pt\"><td class=\"xl65\" style=\"height: 13.2pt\" height=\"18\">Henrique Liesenfeld Krever<\/td><\/tr><tr style=\"height: 13.2pt\"><td class=\"xl65\" style=\"height: 13.2pt\" height=\"18\">Jo\u00e3o Gabriel Fritsch<\/td><\/tr><tr style=\"height: 13.2pt\"><td class=\"xl65\" style=\"height: 13.2pt\" height=\"18\">Juliano De Mello Pasa<\/td><\/tr><tr style=\"height: 13.2pt\"><td class=\"xl65\" style=\"height: 13.2pt\" height=\"18\">Nat\u00e3 Ismael Schmitt<\/td><\/tr><tr style=\"height: 13.2pt\"><td class=\"xl65\" style=\"height: 13.2pt\" height=\"18\">Nikolas Machado Corr\u00eaa<\/td><\/tr><tr style=\"height: 13.2pt\"><td class=\"xl65\" style=\"height: 13.2pt\" height=\"18\">Pedro Melo Carvalho<\/td><\/tr><tr style=\"height: 26.4pt\"><td class=\"xl66\" style=\"height: 26.4pt;width: 179pt\" width=\"239\" height=\"35\">Renan De Siqueira Cecchin<\/td><\/tr><\/tbody><\/table><\/div>\n\t\t\t\t<\/div>\n\t\t\t\t\t\t\t<div class=\"elementor-accordion-item\">\n\t\t\t\t\t<div id=\"elementor-tab-title-68235\" class=\"elementor-tab-title\" data-tab=\"35\" role=\"button\" aria-controls=\"elementor-tab-content-68235\" aria-expanded=\"false\">\n\t\t\t\t\t\t\t\t\t\t\t\t<a class=\"elementor-accordion-title\" tabindex=\"0\">XXXV Turma de Ci\u00eancia da Computa\u00e7\u00e3o (2024\/2)<\/a>\n\t\t\t\t\t<\/div>\n\t\t\t\t\t<div id=\"elementor-tab-content-68235\" class=\"elementor-tab-content elementor-clearfix\" data-tab=\"35\" role=\"region\" aria-labelledby=\"elementor-tab-title-68235\"><p><b>Patrono:<\/b> Carlos Raniery Paula dos Santos<\/p><p><b>Paraninfo: <\/b>Giovani Rubert Librelotto<\/p><p><b>Professores homenageados:<\/b><\/p><table style=\"border-collapse: collapse;width: 100%\"><tbody><tr><td style=\"width: 100%\">Sergio Luis Sardi Mergen<\/td><\/tr><tr><td style=\"width: 100%\">Andrea Schwertner Char\u00e3o<\/td><\/tr><\/tbody><\/table><p><b>Formados:\u00a0<\/b><\/p><table dir=\"ltr\" border=\"1\" cellspacing=\"0\" cellpadding=\"0\" data-sheets-root=\"1\" data-sheets-baot=\"1\"><colgroup> <col width=\"209\" \/><\/colgroup><tbody><tr><td>Augusto Pagnossim Frigo<\/td><\/tr><tr><td>Gabriel Luiz Garbossa<\/td><\/tr><tr><td>Jo\u00e3o Octavio Barros Silva<\/td><\/tr><tr><td>Eduardo Adriano Fritzen<\/td><\/tr><tr><td>Gabriel Vin\u00edcius Heisler<\/td><\/tr><tr><td>Gilson Garcia da Silva Junior<\/td><\/tr><tr><td>Gustavo Machado de Freitas<\/td><\/tr><tr><td>Henrique Rodrigues da Silva<\/td><\/tr><tr><td>Jo\u00e3o Carlos Zucchi<\/td><\/tr><tr><td>Josiane Cristine Aggens<\/td><\/tr><tr><td>Leonardo Aita de Oliveira Militz<\/td><\/tr><tr><td>Luana Ferreira Oliveira<\/td><\/tr><tr><td>Mauro Roberto Machado Trevisan<\/td><\/tr><tr><td>Ramon Godoy Izidoro<\/td><\/tr><tr><td>Raul Steinmetz<\/td><\/tr><tr><td>Tiago\u00a0Ribeiro\u00a0Chagas<\/td><\/tr><\/tbody><\/table><\/div>\n\t\t\t\t<\/div>\n\t\t\t\t\t\t\t\t<\/div>\n\t\t\t\t<\/div>\n\t\t\t\t<\/div>\n\t\t\t\t\t<\/div>\n\t\t<\/div>\n\t\t\t\t\t<\/div>\n\t\t<\/section>\n\t\t\t\t<\/div>\n\t\t","protected":false},"excerpt":{"rendered":"<p>I Turma de Inform\u00e1tica (1993) Patrona:\u00a0Nilza L. V. Zampieri Paraninfo:\u00a0Cl\u00e1udio Rocha Lobato Professores homenageados: Benhur de Oliveira Stein F\u00e1bio Ant\u00f4nio Baldissera Felipe Martins M\u00fcller Francisco Amaral Wendt Iara Augustin Jo\u00e3o Baptista dos Santso Martins Jo\u00e3o Carlos Damasceno Lima Marcelo Pasin Marcos C. d&#8217;Ornellas Oni R. de A. O. Sichonamy \u00a0 Formados: Adrian Jos\u00e9 Magnabosco Alexandre [&hellip;]<\/p>\n","protected":false},"author":6761,"featured_media":0,"parent":0,"menu_order":0,"comment_status":"closed","ping_status":"closed","template":"","meta":{"footnotes":""},"categories":[],"tags":[],"class_list":["post-1918","page","type-page","status-publish","hentry"],"acf":[],"_links":{"self":[{"href":"https:\/\/www.ufsm.br\/pet\/ciencia-da-computacao\/wp-json\/wp\/v2\/pages\/1918","targetHints":{"allow":["GET"]}}],"collection":[{"href":"https:\/\/www.ufsm.br\/pet\/ciencia-da-computacao\/wp-json\/wp\/v2\/pages"}],"about":[{"href":"https:\/\/www.ufsm.br\/pet\/ciencia-da-computacao\/wp-json\/wp\/v2\/types\/page"}],"author":[{"embeddable":true,"href":"https:\/\/www.ufsm.br\/pet\/ciencia-da-computacao\/wp-json\/wp\/v2\/users\/6761"}],"replies":[{"embeddable":true,"href":"https:\/\/www.ufsm.br\/pet\/ciencia-da-computacao\/wp-json\/wp\/v2\/comments?post=1918"}],"version-history":[{"count":0,"href":"https:\/\/www.ufsm.br\/pet\/ciencia-da-computacao\/wp-json\/wp\/v2\/pages\/1918\/revisions"}],"wp:attachment":[{"href":"https:\/\/www.ufsm.br\/pet\/ciencia-da-computacao\/wp-json\/wp\/v2\/media?parent=1918"}],"wp:term":[{"taxonomy":"category","embeddable":true,"href":"https:\/\/www.ufsm.br\/pet\/ciencia-da-computacao\/wp-json\/wp\/v2\/categories?post=1918"},{"taxonomy":"post_tag","embeddable":true,"href":"https:\/\/www.ufsm.br\/pet\/ciencia-da-computacao\/wp-json\/wp\/v2\/tags?post=1918"}],"curies":[{"name":"wp","href":"https:\/\/api.w.org\/{rel}","templated":true}]}}