{"id":794,"date":"2022-07-10T00:31:13","date_gmt":"2022-07-10T03:31:13","guid":{"rendered":"https:\/\/www.ufsm.br\/pet\/ciencia-da-computacao\/?page_id=794"},"modified":"2023-05-10T16:29:47","modified_gmt":"2023-05-10T19:29:47","slug":"sobre-nos","status":"publish","type":"page","link":"https:\/\/www.ufsm.br\/pet\/ciencia-da-computacao\/sobre-nos","title":{"rendered":""},"content":{"rendered":"\n<figure class=\"wp-block-image size-full is-resized\"><img fetchpriority=\"high\" decoding=\"async\" src=\"https:\/\/www.ufsm.br\/app\/uploads\/sites\/786\/2023\/04\/VIALACTEA.jpg\" alt=\"\" class=\"wp-image-1287\" width=\"768\" height=\"333\" srcset=\"https:\/\/www.ufsm.br\/app\/uploads\/sites\/786\/2023\/04\/VIALACTEA.jpg 1024w, https:\/\/www.ufsm.br\/app\/uploads\/sites\/786\/2023\/04\/VIALACTEA-300x130.jpg 300w, https:\/\/www.ufsm.br\/app\/uploads\/sites\/786\/2023\/04\/VIALACTEA-768x333.jpg 768w\" sizes=\"(max-width: 768px) 100vw, 768px\" \/><\/figure>\n\n\n\n<p><\/p>\n\n\n\n<p class=\"has-medium-font-size\">Esta tecnologia educativa \u00e9 produto de uma tese de doutorado desenvolvida na linha de pesquisa \u201cPr\u00e1ticas de seguran\u00e7a alimentar e nutricional\u201d do Grupo de Pesquisa Cuidado \u00e0 Sa\u00fade das Pessoas, Fam\u00edlias e Sociedade, do Programa de P\u00f3s-Gradua\u00e7\u00e3o em Enfermagem da Universidade Federal de Santa Maria.<\/p>\n\n\n\n<figure class=\"wp-block-image size-full is-resized\"><img decoding=\"async\" src=\"https:\/\/www.ufsm.br\/app\/uploads\/sites\/786\/2023\/04\/cabecalho-12.jpg\" alt=\"\" class=\"wp-image-1283\" width=\"346\" height=\"66\" srcset=\"https:\/\/www.ufsm.br\/app\/uploads\/sites\/786\/2023\/04\/cabecalho-12.jpg 691w, https:\/\/www.ufsm.br\/app\/uploads\/sites\/786\/2023\/04\/cabecalho-12-300x57.jpg 300w\" sizes=\"(max-width: 346px) 100vw, 346px\" \/><\/figure>\n\n\n\n<p class=\"has-large-font-size\"><strong>Cr\u00e9ditos<\/strong><\/p>\n\n\n\n<p class=\"has-medium-font-size\"><strong>Autoras:<\/strong><\/p>\n\n\n\n<p class=\"has-medium-font-size\">Mar\u00edlia Alessandra Bick<\/p>\n\n\n\n<p class=\"has-medium-font-size\">Cristiane Cardoso de Paula<\/p>\n\n\n\n<p class=\"has-medium-font-size\"><strong>Ilustra\u00e7\u00f5es:<\/strong><\/p>\n\n\n\n<p class=\"has-medium-font-size\">Matheus Tanuri Pascotini<\/p>\n\n\n\n<p class=\"has-medium-font-size\"><strong>Programa\u00e7\u00e3o do <em>website<\/em>:<\/strong><\/p>\n\n\n\n<p class=\"has-medium-font-size\">Giovani Rubert Librelotto<\/p>\n\n\n\n<p class=\"has-medium-font-size\">Gilson Garcia da Silva J\u00fanior<\/p>\n\n\n\n<p class=\"has-medium-font-size\">Luiz Henrique Chesani<\/p>\n\n\n\n<p class=\"has-medium-font-size\">Gregori Dallanora Rubin<\/p>\n\n\n\n<p class=\"has-medium-font-size\"><strong>Equipe de revis\u00e3o textual:<\/strong><\/p>\n\n\n\n<p class=\"has-medium-font-size\">Let\u00edcia de Mello Padoin<\/p>\n\n\n\n<p class=\"has-medium-font-size\">Isabele Corr\u00eaa Vasconcelos Fontes Pereira<\/p>\n\n\n\n<p class=\"has-medium-font-size\"><strong>Equipe de adequa\u00e7\u00e3o a NBCAL &#8211; <\/strong>Norma Brasileira de Comercializa\u00e7\u00e3o de Alimentos para Lactentes e Crian\u00e7as de Primeira Inf\u00e2ncia, Bicos, Chupetas e Mamadeiras:<\/p>\n\n\n\n<p class=\"has-medium-font-size\">Celina Valderez Feij\u00f3 Kohler <\/p>\n\n\n\n<p class=\"has-medium-font-size\">Fabiola Frezza Andriola<\/p>\n\n\n\n<p class=\"has-medium-font-size\"><strong>Comit\u00ea de especialistas de avalia\u00e7\u00e3o da tecnologia:<\/strong><\/p>\n\n\n\n<p class=\"has-medium-font-size\">Aline Cammarano Ribeiro<\/p>\n\n\n\n<p class=\"has-medium-font-size\">Bruna Dedavid da Rocha<\/p>\n\n\n\n<p class=\"has-medium-font-size\">Bruna Pase Zanon<\/p>\n\n\n\n<p class=\"has-medium-font-size\">Camila Nunes Barreto<\/p>\n\n\n\n<p class=\"has-medium-font-size\">Celina Valderez Feijo Kohler<\/p>\n\n\n\n<p class=\"has-medium-font-size\">Fernanda Amorim de Morais Nascimento Braga<\/p>\n\n\n\n<p class=\"has-medium-font-size\">Fernanda Fernandes Fonseca<\/p>\n\n\n\n<p class=\"has-medium-font-size\">Franceliane Jobim Benedetti<\/p>\n\n\n\n<p class=\"has-medium-font-size\">Greisse Viero da Silva Leal<\/p>\n\n\n\n<p class=\"has-medium-font-size\">Helissa de Oliveira Mendon\u00e7a Moreira<\/p>\n\n\n\n<p class=\"has-medium-font-size\">In\u00eas Rugani Ribeiro de Castro<\/p>\n\n\n\n<p class=\"has-medium-font-size\">Ivone Evangelista Cabral<\/p>\n\n\n\n<p class=\"has-medium-font-size\">Joseph Dimas de Oliveira<\/p>\n\n\n\n<p class=\"has-medium-font-size\">Juliana Martins Oliveira<\/p>\n\n\n\n<p class=\"has-medium-font-size\">Luiza Cremonese<\/p>\n\n\n\n<p class=\"has-medium-font-size\">Maclaine de Oliveira Roos<\/p>\n\n\n\n<p class=\"has-medium-font-size\">Maisa Beltrame Pedroso<\/p>\n\n\n\n<p class=\"has-medium-font-size\">Marceli Zamboni Bertoncello<\/p>\n\n\n\n<p class=\"has-medium-font-size\">Maria Clara da Silva Valad\u00e3o<\/p>\n\n\n\n<p class=\"has-medium-font-size\">Neila Santini de Souza<\/p>\n\n\n\n<p class=\"has-medium-font-size\">Raquel Einloft Kleinubing<\/p>\n\n\n\n<p class=\"has-medium-font-size\">Renata de Moura Bubadu\u00e9<\/p>\n\n\n\n<p class=\"has-medium-font-size\">Rosane Cordeiro Burla de Aguiar<\/p>\n\n\n\n<p class=\"has-medium-font-size\">Silvia Cristina Farias<\/p>\n\n\n\n<p class=\"has-medium-font-size\">Stela Maris de Mello Padoin<\/p>\n\n\n\n<p class=\"has-medium-font-size\">Tamiris Ferreira Pacheco<\/p>\n\n\n\n<p class=\"has-medium-font-size\">Tassiane Ferreira Langendorf<\/p>\n\n\n\n<p class=\"has-medium-font-size\">Vanessa Ramos Kirsten<\/p>\n\n\n\n<p class=\"has-medium-font-size\"><strong>Esta tecnologia educativa possui registro de obra:<\/strong><\/p>\n\n\n\n<figure class=\"wp-block-image size-full\"><img decoding=\"async\" width=\"165\" height=\"375\" src=\"https:\/\/www.ufsm.br\/app\/uploads\/sites\/786\/2023\/05\/vialacteadocregistro.pdf20230510_191605_pt.jpg\" alt=\"\" class=\"wp-image-1329\" srcset=\"https:\/\/www.ufsm.br\/app\/uploads\/sites\/786\/2023\/05\/vialacteadocregistro.pdf20230510_191605_pt.jpg 165w, https:\/\/www.ufsm.br\/app\/uploads\/sites\/786\/2023\/05\/vialacteadocregistro.pdf20230510_191605_pt-132x300.jpg 132w\" sizes=\"(max-width: 165px) 100vw, 165px\" \/><\/figure>\n\n\n\n<p class=\"has-medium-font-size\"><strong>O projeto de pesquisa que gerou este produto tecnol\u00f3gico recebeu 1\u00ba lugar no pr\u00eamio&nbsp;no concurso de pesquisas cient\u00edficas e artigos de inova\u00e7\u00e3o \u201cMultiplicando experi\u00eancias e estrat\u00e9gias&nbsp;sustent\u00e1veis de alimenta\u00e7\u00e3o e nutri\u00e7\u00e3o do Brasil\u201d,&nbsp;concedido pelo Centro de Excel\u00eancia contra a Fome \u2013 Programa Mundial de Alimentos \u2013 ONU.<\/strong><\/p>\n\n\n\n<p><img loading=\"lazy\" decoding=\"async\" width=\"494\" height=\"166\" class=\"wp-image-1285\" style=\"width: 300px\" src=\"https:\/\/www.ufsm.br\/app\/uploads\/sites\/786\/2023\/04\/LogoCentroPortugues.jpg\" alt=\"\" srcset=\"https:\/\/www.ufsm.br\/app\/uploads\/sites\/786\/2023\/04\/LogoCentroPortugues.jpg 494w, https:\/\/www.ufsm.br\/app\/uploads\/sites\/786\/2023\/04\/LogoCentroPortugues-300x101.jpg 300w\" sizes=\"(max-width: 494px) 100vw, 494px\" \/><\/p>\n\n\n\n<p class=\"has-medium-font-size\"><strong>Esta tecnologia foi desenvolvida em projeto de pesquisa que contou com apoio de ag\u00eancias de fomento<\/strong>:<\/p>\n\n\n\n<figure class=\"wp-block-image size-large is-resized\"><img loading=\"lazy\" decoding=\"async\" src=\"https:\/\/www.ufsm.br\/app\/uploads\/sites\/786\/2023\/04\/cabecalho-13-1024x100.jpg\" alt=\"\" class=\"wp-image-1284\" width=\"512\" height=\"50\" srcset=\"https:\/\/www.ufsm.br\/app\/uploads\/sites\/786\/2023\/04\/cabecalho-13-1024x100.jpg 1024w, https:\/\/www.ufsm.br\/app\/uploads\/sites\/786\/2023\/04\/cabecalho-13-300x29.jpg 300w, https:\/\/www.ufsm.br\/app\/uploads\/sites\/786\/2023\/04\/cabecalho-13-768x75.jpg 768w, https:\/\/www.ufsm.br\/app\/uploads\/sites\/786\/2023\/04\/cabecalho-13.jpg 1082w\" sizes=\"(max-width: 512px) 100vw, 512px\" \/><\/figure>\n\n\n\n<div class=\"wp-block-buttons is-content-justification-center is-layout-flex wp-container-core-buttons-is-layout-16018d1d wp-block-buttons-is-layout-flex\">\n<div class=\"wp-block-button\"><a class=\"wp-block-button__link wp-element-button\" href=\"https:\/\/www.ufsm.br\/pet\/ciencia-da-computacao\/alimentacao-lactea\/\">Retornar para P\u00e1gina Inicial<\/a><\/div>\n<\/div>\n","protected":false},"excerpt":{"rendered":"<p>Esta tecnologia educativa \u00e9 produto de uma tese de doutorado desenvolvida na linha de pesquisa \u201cPr\u00e1ticas de seguran\u00e7a alimentar e nutricional\u201d do Grupo de Pesquisa Cuidado \u00e0 Sa\u00fade das Pessoas, Fam\u00edlias e Sociedade, do Programa de P\u00f3s-Gradua\u00e7\u00e3o em Enfermagem da Universidade Federal de Santa Maria. Cr\u00e9ditos Autoras: Mar\u00edlia Alessandra Bick Cristiane Cardoso de Paula Ilustra\u00e7\u00f5es: [&hellip;]<\/p>\n","protected":false},"author":4885,"featured_media":0,"parent":0,"menu_order":0,"comment_status":"closed","ping_status":"closed","template":"","meta":{"footnotes":""},"categories":[],"tags":[],"class_list":["post-794","page","type-page","status-publish","hentry"],"acf":[],"_links":{"self":[{"href":"https:\/\/www.ufsm.br\/pet\/ciencia-da-computacao\/wp-json\/wp\/v2\/pages\/794","targetHints":{"allow":["GET"]}}],"collection":[{"href":"https:\/\/www.ufsm.br\/pet\/ciencia-da-computacao\/wp-json\/wp\/v2\/pages"}],"about":[{"href":"https:\/\/www.ufsm.br\/pet\/ciencia-da-computacao\/wp-json\/wp\/v2\/types\/page"}],"author":[{"embeddable":true,"href":"https:\/\/www.ufsm.br\/pet\/ciencia-da-computacao\/wp-json\/wp\/v2\/users\/4885"}],"replies":[{"embeddable":true,"href":"https:\/\/www.ufsm.br\/pet\/ciencia-da-computacao\/wp-json\/wp\/v2\/comments?post=794"}],"version-history":[{"count":0,"href":"https:\/\/www.ufsm.br\/pet\/ciencia-da-computacao\/wp-json\/wp\/v2\/pages\/794\/revisions"}],"wp:attachment":[{"href":"https:\/\/www.ufsm.br\/pet\/ciencia-da-computacao\/wp-json\/wp\/v2\/media?parent=794"}],"wp:term":[{"taxonomy":"category","embeddable":true,"href":"https:\/\/www.ufsm.br\/pet\/ciencia-da-computacao\/wp-json\/wp\/v2\/categories?post=794"},{"taxonomy":"post_tag","embeddable":true,"href":"https:\/\/www.ufsm.br\/pet\/ciencia-da-computacao\/wp-json\/wp\/v2\/tags?post=794"}],"curies":[{"name":"wp","href":"https:\/\/api.w.org\/{rel}","templated":true}]}}